{"id":99798,"date":"2024-04-29T17:06:35","date_gmt":"2024-04-29T15:06:35","guid":{"rendered":"https:\/\/letrame.com\/catalogo\/producto\/monasterio-de-nuestra-senora-de-la-candelaria\/"},"modified":"2024-07-29T15:28:11","modified_gmt":"2024-07-29T13:28:11","slug":"monasterio-de-nuestra-senora-de-la-candelaria","status":"publish","type":"product","link":"https:\/\/letrame.com\/catalogo\/producto\/monasterio-de-nuestra-senora-de-la-candelaria\/","title":{"rendered":"Monasterio de nuestra se\u00f1ora de la candelaria"},"content":{"rendered":"<p>ISBN:\u00a09788411818117<br \/>\nT\u00edtulo:_MONASTERIO DE NUESTRA SE\u00d1ORA DE LA CANDELARIA<br \/>\nFecha:_2023<br \/>\nP\u00e1ginas:\u00a0210<br \/>\nSINOPSIS<br \/>\nEl Monasterio de Nuestra Se\u00f1ora de la Candelaria en la colina Popa de la Galera situado en la m\u00e1gica Cartagena de Indias, Colombia (declarada por la UNESCO en 1984 Patrimonio Hist\u00f3rico y Cultural de la Humanidad), es visto por los locales y visitantes con un halo de misterio, desde su fundaci\u00f3n en 1606 a 1607, conjuntamente por fray Vicente Mallol y fray Alonso Garc\u00eda Paredes y hasta nuestros d\u00edas.<\/p>\n<p>Drama, fiesta y m\u00edstica agustiniana se conjugan, y como en un \u00e9xtasis se cierne sobre \u00e9l la figura cimera de San Agust\u00edn de Hipona (354-430) doctor de la Iglesia Cat\u00f3lica; iniciando este portento la historia de la Comunidad de los Agustinos.<\/p>\n<p>Espa\u00f1a y Suram\u00e9rica, en especial el Nuevo Reino de Granada (actual Colombia), son los escenarios de esta saga. Cinco siglos de historia se afianzan en Santa Cruz de la Popa y desfilan entonces la realidad y la leyenda. Un museo, un claustro, un santuario. Un Retablo esplendoroso y deslumbrante que sin duda compite a nivel mundial con las m\u00e1s reconocidas obras de arte religioso.<\/p>\n<p>La Popa de la Galera fue testigo de excepci\u00f3n en acontecimientos b\u00e9licos, as\u00ed como tambi\u00e9n de la presencia de personajes importantes: San Pedro Claver, Sir Edward Vernon, El Bar\u00f3n de Pointis, Alexander Von Humboldt\u2026 y el Libertador Sim\u00f3n Bol\u00edvar. Se sorprender\u00e1n que ingleses, franceses, alemanes&#8230; y venezolanos fueron protagonistas de esta historia.<\/p>\n<p>Querido lector te subyugar\u00e1 todo; y las muchas fotograf\u00edas a color que van recreando la trama, pero, y \u00bfLa Cumbia?&#8230; \u00bfQu\u00e9 es eso?<br \/>\nTe invitamos a desentra\u00f1ar el misterio.<\/p>\n","protected":false},"excerpt":{"rendered":"<p>ISBN:\u00a09788411818117<br \/>\nSINOPSIS<br \/>\nEl Monasterio de Nuestra Se\u00f1ora de la Candelaria en la colina Popa de la Galera situado en la m\u00e1gica Cartagena de Indias, Colombia (declarada por la UNESCO en 1984 Patrimonio Hist\u00f3rico y Cultural de la Humanidad), es visto por los locales y visitantes con un halo de misterio, desde su fundaci\u00f3n en 1606 a 1607, conjuntamente por fray Vicente Mallol y fray Alonso Garc\u00eda Paredes y hasta nuestros d\u00edas.<\/p>\n<p>Drama, fiesta y m\u00edstica agustiniana se conjugan, y como en un \u00e9xtasis se cierne sobre \u00e9l la figura cimera de San Agust\u00edn de Hipona (354-430) doctor de la Iglesia Cat\u00f3lica; iniciando este portento la historia de la Comunidad de los Agustinos.<\/p>\n<p>Espa\u00f1a y Suram\u00e9rica, en especial el Nuevo Reino de Granada (actual Colombia), son los escenarios de esta saga. Cinco siglos de historia se afianzan en Santa Cruz de la Popa y desfilan entonces la realidad y la leyenda. Un museo, un claustro, un santuario. Un Retablo esplendoroso y deslumbrante que sin duda compite a nivel mundial con las m\u00e1s reconocidas obras de arte religioso.<\/p>\n<p>La Popa de la Galera fue testigo de excepci\u00f3n en acontecimientos b\u00e9licos, as\u00ed como tambi\u00e9n de la presencia de personajes importantes: San Pedro Claver, Sir Edward Vernon, El Bar\u00f3n de Pointis, Alexander Von Humboldt\u2026 y el Libertador Sim\u00f3n Bol\u00edvar. Se sorprender\u00e1n que ingleses, franceses, alemanes&#8230; y venezolanos fueron protagonistas de esta historia.<\/p>\n<p>Querido lector te subyugar\u00e1 todo; y las muchas fotograf\u00edas a color que van recreando la trama, pero, y \u00bfLa Cumbia?&#8230; \u00bfQu\u00e9 es eso?<br \/>\nTe invitamos a desentra\u00f1ar el misterio.<\/p>\n","protected":false},"featured_media":99799,"comment_status":"closed","ping_status":"closed","template":"","meta":{"_acf_changed":false},"libro":[],"product_brand":[],"product_cat":[62],"product_tag":[],"class_list":{"0":"post-99798","1":"product","2":"type-product","3":"status-publish","4":"has-post-thumbnail","6":"product_cat-historico","8":"first","9":"instock","10":"product-type-simple"},"acf":{"autor":[78032,78034],"enlace_de_compra":"https:\/\/amzn.to\/3zqfIz1"},"yoast_head":"<!-- This site is optimized with the Yoast SEO plugin v27.4 - https:\/\/yoast.com\/product\/yoast-seo-wordpress\/ -->\n<title>Monasterio de nuestra se\u00f1ora de la candelaria - Catalogo | Letrame Grupo Editorial<\/title>\n<meta name=\"robots\" content=\"index, follow, max-snippet:-1, max-image-preview:large, max-video-preview:-1\" \/>\n<link rel=\"canonical\" href=\"https:\/\/letrame.com\/catalogo\/producto\/monasterio-de-nuestra-senora-de-la-candelaria\/\" \/>\n<meta property=\"og:locale\" content=\"es_ES\" \/>\n<meta property=\"og:type\" content=\"article\" \/>\n<meta property=\"og:title\" content=\"Monasterio de nuestra se\u00f1ora de la candelaria - Catalogo | Letrame Grupo Editorial\" \/>\n<meta property=\"og:description\" content=\"ISBN:\u00a09788411818117 SINOPSIS El Monasterio de Nuestra Se\u00f1ora de la Candelaria en la colina Popa de la Galera situado en la m\u00e1gica Cartagena de Indias, Colombia (declarada por la UNESCO en 1984 Patrimonio Hist\u00f3rico y Cultural de la Humanidad), es visto por los locales y visitantes con un halo de misterio, desde su fundaci\u00f3n en 1606 a 1607, conjuntamente por fray Vicente Mallol y fray Alonso Garc\u00eda Paredes y hasta nuestros d\u00edas.  Drama, fiesta y m\u00edstica agustiniana se conjugan, y como en un \u00e9xtasis se cierne sobre \u00e9l la figura cimera de San Agust\u00edn de Hipona (354-430) doctor de la Iglesia Cat\u00f3lica; iniciando este portento la historia de la Comunidad de los Agustinos.  Espa\u00f1a y Suram\u00e9rica, en especial el Nuevo Reino de Granada (actual Colombia), son los escenarios de esta saga. Cinco siglos de historia se afianzan en Santa Cruz de la Popa y desfilan entonces la realidad y la leyenda. Un museo, un claustro, un santuario. Un Retablo esplendoroso y deslumbrante que sin duda compite a nivel mundial con las m\u00e1s reconocidas obras de arte religioso.  La Popa de la Galera fue testigo de excepci\u00f3n en acontecimientos b\u00e9licos, as\u00ed como tambi\u00e9n de la presencia de personajes importantes: San Pedro Claver, Sir Edward Vernon, El Bar\u00f3n de Pointis, Alexander Von Humboldt\u2026 y el Libertador Sim\u00f3n Bol\u00edvar. Se sorprender\u00e1n que ingleses, franceses, alemanes... y venezolanos fueron protagonistas de esta historia.  Querido lector te subyugar\u00e1 todo; y las muchas fotograf\u00edas a color que van recreando la trama, pero, y \u00bfLa Cumbia?... \u00bfQu\u00e9 es eso? Te invitamos a desentra\u00f1ar el misterio.\" \/>\n<meta property=\"og:url\" content=\"https:\/\/letrame.com\/catalogo\/producto\/monasterio-de-nuestra-senora-de-la-candelaria\/\" \/>\n<meta property=\"og:site_name\" content=\"Catalogo | Letrame Grupo Editorial\" \/>\n<meta property=\"article:modified_time\" content=\"2024-07-29T13:28:11+00:00\" \/>\n<meta property=\"og:image\" content=\"https:\/\/letrame.com\/catalogo\/wp-content\/uploads\/2024\/04\/webp_monasterio_11mm-compressed-scaled-1.jpg\" \/>\n\t<meta property=\"og:image:width\" content=\"1813\" \/>\n\t<meta property=\"og:image:height\" content=\"2560\" \/>\n\t<meta property=\"og:image:type\" content=\"image\/jpeg\" \/>\n<meta name=\"twitter:card\" content=\"summary_large_image\" \/>\n<meta name=\"twitter:label1\" content=\"Tiempo de lectura\" \/>\n\t<meta name=\"twitter:data1\" content=\"2 minutos\" \/>\n<script type=\"application\/ld+json\" class=\"yoast-schema-graph\">{\"@context\":\"https:\\\/\\\/schema.org\",\"@graph\":[{\"@type\":\"WebPage\",\"@id\":\"https:\\\/\\\/letrame.com\\\/catalogo\\\/producto\\\/monasterio-de-nuestra-senora-de-la-candelaria\\\/\",\"url\":\"https:\\\/\\\/letrame.com\\\/catalogo\\\/producto\\\/monasterio-de-nuestra-senora-de-la-candelaria\\\/\",\"name\":\"Monasterio de nuestra se\u00f1ora de la candelaria - Catalogo | Letrame Grupo Editorial\",\"isPartOf\":{\"@id\":\"https:\\\/\\\/letrame.com\\\/catalogo\\\/#website\"},\"primaryImageOfPage\":{\"@id\":\"https:\\\/\\\/letrame.com\\\/catalogo\\\/producto\\\/monasterio-de-nuestra-senora-de-la-candelaria\\\/#primaryimage\"},\"image\":{\"@id\":\"https:\\\/\\\/letrame.com\\\/catalogo\\\/producto\\\/monasterio-de-nuestra-senora-de-la-candelaria\\\/#primaryimage\"},\"thumbnailUrl\":\"https:\\\/\\\/letrame.com\\\/catalogo\\\/wp-content\\\/uploads\\\/2024\\\/04\\\/webp_monasterio_11mm-compressed-scaled-1.jpg\",\"datePublished\":\"2024-04-29T15:06:35+00:00\",\"dateModified\":\"2024-07-29T13:28:11+00:00\",\"breadcrumb\":{\"@id\":\"https:\\\/\\\/letrame.com\\\/catalogo\\\/producto\\\/monasterio-de-nuestra-senora-de-la-candelaria\\\/#breadcrumb\"},\"inLanguage\":\"es\",\"potentialAction\":[{\"@type\":\"ReadAction\",\"target\":[\"https:\\\/\\\/letrame.com\\\/catalogo\\\/producto\\\/monasterio-de-nuestra-senora-de-la-candelaria\\\/\"]}]},{\"@type\":\"ImageObject\",\"inLanguage\":\"es\",\"@id\":\"https:\\\/\\\/letrame.com\\\/catalogo\\\/producto\\\/monasterio-de-nuestra-senora-de-la-candelaria\\\/#primaryimage\",\"url\":\"https:\\\/\\\/letrame.com\\\/catalogo\\\/wp-content\\\/uploads\\\/2024\\\/04\\\/webp_monasterio_11mm-compressed-scaled-1.jpg\",\"contentUrl\":\"https:\\\/\\\/letrame.com\\\/catalogo\\\/wp-content\\\/uploads\\\/2024\\\/04\\\/webp_monasterio_11mm-compressed-scaled-1.jpg\",\"width\":1813,\"height\":2560},{\"@type\":\"BreadcrumbList\",\"@id\":\"https:\\\/\\\/letrame.com\\\/catalogo\\\/producto\\\/monasterio-de-nuestra-senora-de-la-candelaria\\\/#breadcrumb\",\"itemListElement\":[{\"@type\":\"ListItem\",\"position\":1,\"name\":\"Portada\",\"item\":\"https:\\\/\\\/letrame.com\\\/catalogo\\\/\"},{\"@type\":\"ListItem\",\"position\":2,\"name\":\"Cat\u00e1logo\",\"item\":\"https:\\\/\\\/letrame.com\\\/catalogo\\\/\"},{\"@type\":\"ListItem\",\"position\":3,\"name\":\"Monasterio de nuestra se\u00f1ora de la candelaria\"}]},{\"@type\":\"WebSite\",\"@id\":\"https:\\\/\\\/letrame.com\\\/catalogo\\\/#website\",\"url\":\"https:\\\/\\\/letrame.com\\\/catalogo\\\/\",\"name\":\"Catalogo | Letrame Grupo Editorial\",\"description\":\"\",\"publisher\":{\"@id\":\"https:\\\/\\\/letrame.com\\\/catalogo\\\/#organization\"},\"potentialAction\":[{\"@type\":\"SearchAction\",\"target\":{\"@type\":\"EntryPoint\",\"urlTemplate\":\"https:\\\/\\\/letrame.com\\\/catalogo\\\/?s={search_term_string}\"},\"query-input\":{\"@type\":\"PropertyValueSpecification\",\"valueRequired\":true,\"valueName\":\"search_term_string\"}}],\"inLanguage\":\"es\"},{\"@type\":\"Organization\",\"@id\":\"https:\\\/\\\/letrame.com\\\/catalogo\\\/#organization\",\"name\":\"Catalogo | Letrame Grupo Editorial\",\"url\":\"https:\\\/\\\/letrame.com\\\/catalogo\\\/\",\"logo\":{\"@type\":\"ImageObject\",\"inLanguage\":\"es\",\"@id\":\"https:\\\/\\\/letrame.com\\\/catalogo\\\/#\\\/schema\\\/logo\\\/image\\\/\",\"url\":\"https:\\\/\\\/letrame.com\\\/catalogo\\\/wp-content\\\/uploads\\\/2024\\\/03\\\/logo2.webp\",\"contentUrl\":\"https:\\\/\\\/letrame.com\\\/catalogo\\\/wp-content\\\/uploads\\\/2024\\\/03\\\/logo2.webp\",\"width\":394,\"height\":128,\"caption\":\"Catalogo | Letrame Grupo Editorial\"},\"image\":{\"@id\":\"https:\\\/\\\/letrame.com\\\/catalogo\\\/#\\\/schema\\\/logo\\\/image\\\/\"}}]}<\/script>\n<!-- \/ Yoast SEO plugin. -->","yoast_head_json":{"title":"Monasterio de nuestra se\u00f1ora de la candelaria - Catalogo | Letrame Grupo Editorial","robots":{"index":"index","follow":"follow","max-snippet":"max-snippet:-1","max-image-preview":"max-image-preview:large","max-video-preview":"max-video-preview:-1"},"canonical":"https:\/\/letrame.com\/catalogo\/producto\/monasterio-de-nuestra-senora-de-la-candelaria\/","og_locale":"es_ES","og_type":"article","og_title":"Monasterio de nuestra se\u00f1ora de la candelaria - Catalogo | Letrame Grupo Editorial","og_description":"ISBN:\u00a09788411818117 SINOPSIS El Monasterio de Nuestra Se\u00f1ora de la Candelaria en la colina Popa de la Galera situado en la m\u00e1gica Cartagena de Indias, Colombia (declarada por la UNESCO en 1984 Patrimonio Hist\u00f3rico y Cultural de la Humanidad), es visto por los locales y visitantes con un halo de misterio, desde su fundaci\u00f3n en 1606 a 1607, conjuntamente por fray Vicente Mallol y fray Alonso Garc\u00eda Paredes y hasta nuestros d\u00edas.  Drama, fiesta y m\u00edstica agustiniana se conjugan, y como en un \u00e9xtasis se cierne sobre \u00e9l la figura cimera de San Agust\u00edn de Hipona (354-430) doctor de la Iglesia Cat\u00f3lica; iniciando este portento la historia de la Comunidad de los Agustinos.  Espa\u00f1a y Suram\u00e9rica, en especial el Nuevo Reino de Granada (actual Colombia), son los escenarios de esta saga. Cinco siglos de historia se afianzan en Santa Cruz de la Popa y desfilan entonces la realidad y la leyenda. Un museo, un claustro, un santuario. Un Retablo esplendoroso y deslumbrante que sin duda compite a nivel mundial con las m\u00e1s reconocidas obras de arte religioso.  La Popa de la Galera fue testigo de excepci\u00f3n en acontecimientos b\u00e9licos, as\u00ed como tambi\u00e9n de la presencia de personajes importantes: San Pedro Claver, Sir Edward Vernon, El Bar\u00f3n de Pointis, Alexander Von Humboldt\u2026 y el Libertador Sim\u00f3n Bol\u00edvar. Se sorprender\u00e1n que ingleses, franceses, alemanes... y venezolanos fueron protagonistas de esta historia.  Querido lector te subyugar\u00e1 todo; y las muchas fotograf\u00edas a color que van recreando la trama, pero, y \u00bfLa Cumbia?... \u00bfQu\u00e9 es eso? Te invitamos a desentra\u00f1ar el misterio.","og_url":"https:\/\/letrame.com\/catalogo\/producto\/monasterio-de-nuestra-senora-de-la-candelaria\/","og_site_name":"Catalogo | Letrame Grupo Editorial","article_modified_time":"2024-07-29T13:28:11+00:00","og_image":[{"width":1813,"height":2560,"url":"https:\/\/letrame.com\/catalogo\/wp-content\/uploads\/2024\/04\/webp_monasterio_11mm-compressed-scaled-1.jpg","type":"image\/jpeg"}],"twitter_card":"summary_large_image","twitter_misc":{"Tiempo de lectura":"2 minutos"},"schema":{"@context":"https:\/\/schema.org","@graph":[{"@type":"WebPage","@id":"https:\/\/letrame.com\/catalogo\/producto\/monasterio-de-nuestra-senora-de-la-candelaria\/","url":"https:\/\/letrame.com\/catalogo\/producto\/monasterio-de-nuestra-senora-de-la-candelaria\/","name":"Monasterio de nuestra se\u00f1ora de la candelaria - Catalogo | Letrame Grupo Editorial","isPartOf":{"@id":"https:\/\/letrame.com\/catalogo\/#website"},"primaryImageOfPage":{"@id":"https:\/\/letrame.com\/catalogo\/producto\/monasterio-de-nuestra-senora-de-la-candelaria\/#primaryimage"},"image":{"@id":"https:\/\/letrame.com\/catalogo\/producto\/monasterio-de-nuestra-senora-de-la-candelaria\/#primaryimage"},"thumbnailUrl":"https:\/\/letrame.com\/catalogo\/wp-content\/uploads\/2024\/04\/webp_monasterio_11mm-compressed-scaled-1.jpg","datePublished":"2024-04-29T15:06:35+00:00","dateModified":"2024-07-29T13:28:11+00:00","breadcrumb":{"@id":"https:\/\/letrame.com\/catalogo\/producto\/monasterio-de-nuestra-senora-de-la-candelaria\/#breadcrumb"},"inLanguage":"es","potentialAction":[{"@type":"ReadAction","target":["https:\/\/letrame.com\/catalogo\/producto\/monasterio-de-nuestra-senora-de-la-candelaria\/"]}]},{"@type":"ImageObject","inLanguage":"es","@id":"https:\/\/letrame.com\/catalogo\/producto\/monasterio-de-nuestra-senora-de-la-candelaria\/#primaryimage","url":"https:\/\/letrame.com\/catalogo\/wp-content\/uploads\/2024\/04\/webp_monasterio_11mm-compressed-scaled-1.jpg","contentUrl":"https:\/\/letrame.com\/catalogo\/wp-content\/uploads\/2024\/04\/webp_monasterio_11mm-compressed-scaled-1.jpg","width":1813,"height":2560},{"@type":"BreadcrumbList","@id":"https:\/\/letrame.com\/catalogo\/producto\/monasterio-de-nuestra-senora-de-la-candelaria\/#breadcrumb","itemListElement":[{"@type":"ListItem","position":1,"name":"Portada","item":"https:\/\/letrame.com\/catalogo\/"},{"@type":"ListItem","position":2,"name":"Cat\u00e1logo","item":"https:\/\/letrame.com\/catalogo\/"},{"@type":"ListItem","position":3,"name":"Monasterio de nuestra se\u00f1ora de la candelaria"}]},{"@type":"WebSite","@id":"https:\/\/letrame.com\/catalogo\/#website","url":"https:\/\/letrame.com\/catalogo\/","name":"Catalogo | Letrame Grupo Editorial","description":"","publisher":{"@id":"https:\/\/letrame.com\/catalogo\/#organization"},"potentialAction":[{"@type":"SearchAction","target":{"@type":"EntryPoint","urlTemplate":"https:\/\/letrame.com\/catalogo\/?s={search_term_string}"},"query-input":{"@type":"PropertyValueSpecification","valueRequired":true,"valueName":"search_term_string"}}],"inLanguage":"es"},{"@type":"Organization","@id":"https:\/\/letrame.com\/catalogo\/#organization","name":"Catalogo | Letrame Grupo Editorial","url":"https:\/\/letrame.com\/catalogo\/","logo":{"@type":"ImageObject","inLanguage":"es","@id":"https:\/\/letrame.com\/catalogo\/#\/schema\/logo\/image\/","url":"https:\/\/letrame.com\/catalogo\/wp-content\/uploads\/2024\/03\/logo2.webp","contentUrl":"https:\/\/letrame.com\/catalogo\/wp-content\/uploads\/2024\/03\/logo2.webp","width":394,"height":128,"caption":"Catalogo | Letrame Grupo Editorial"},"image":{"@id":"https:\/\/letrame.com\/catalogo\/#\/schema\/logo\/image\/"}}]}},"_links":{"self":[{"href":"https:\/\/letrame.com\/catalogo\/wp-json\/wp\/v2\/product\/99798","targetHints":{"allow":["GET"]}}],"collection":[{"href":"https:\/\/letrame.com\/catalogo\/wp-json\/wp\/v2\/product"}],"about":[{"href":"https:\/\/letrame.com\/catalogo\/wp-json\/wp\/v2\/types\/product"}],"replies":[{"embeddable":true,"href":"https:\/\/letrame.com\/catalogo\/wp-json\/wp\/v2\/comments?post=99798"}],"acf:post":[{"embeddable":true,"href":"https:\/\/letrame.com\/catalogo\/wp-json\/wp\/v2\/author_book\/78034"},{"embeddable":true,"href":"https:\/\/letrame.com\/catalogo\/wp-json\/wp\/v2\/author_book\/78032"}],"wp:featuredmedia":[{"embeddable":true,"href":"https:\/\/letrame.com\/catalogo\/wp-json\/wp\/v2\/media\/99799"}],"wp:attachment":[{"href":"https:\/\/letrame.com\/catalogo\/wp-json\/wp\/v2\/media?parent=99798"}],"wp:term":[{"taxonomy":"libro","embeddable":true,"href":"https:\/\/letrame.com\/catalogo\/wp-json\/wp\/v2\/libro?post=99798"},{"taxonomy":"product_brand","embeddable":true,"href":"https:\/\/letrame.com\/catalogo\/wp-json\/wp\/v2\/product_brand?post=99798"},{"taxonomy":"product_cat","embeddable":true,"href":"https:\/\/letrame.com\/catalogo\/wp-json\/wp\/v2\/product_cat?post=99798"},{"taxonomy":"product_tag","embeddable":true,"href":"https:\/\/letrame.com\/catalogo\/wp-json\/wp\/v2\/product_tag?post=99798"}],"curies":[{"name":"wp","href":"https:\/\/api.w.org\/{rel}","templated":true}]}}