{"id":99702,"date":"2024-04-29T16:55:49","date_gmt":"2024-04-29T14:55:49","guid":{"rendered":"https:\/\/letrame.com\/catalogo\/producto\/tras-las-caras-del-poliedro\/"},"modified":"2024-04-29T16:56:00","modified_gmt":"2024-04-29T14:56:00","slug":"tras-las-caras-del-poliedro","status":"publish","type":"product","link":"https:\/\/letrame.com\/catalogo\/producto\/tras-las-caras-del-poliedro\/","title":{"rendered":"Tras las caras del poliedro"},"content":{"rendered":"<p>ISBN:\u00a09788411815512<br \/>\nT\u00edtulo:_Tras las caras del poliedro<br \/>\nFecha:_2023<br \/>\nP\u00e1ginas:\u00a0254<br \/>\nSINOPSIS<br \/>\n\u00bfRecuerdas el sabor de los dulces de tu infancia? \u00bfTe acuerdas del aroma del perfume de tu abuela? \u00bfO la melod\u00eda de la primera canci\u00f3n que grabaste de la radio?<br \/>\nTras el repentino fallecimiento de su abuela, la joven Mall\u00e9n recibe como herencia las llaves de Maison Coursan. Al abrir la puerta, un c\u00famulo de emociones en forma de recuerdos la lleva de nuevo a los veranos de su infancia en un lugar en el que nada es lo que parece. Recuerdos de toda una vida, la suya y la de los habitantes de aquella mansi\u00f3n a los que no lleg\u00f3 a conocer, pero que siempre estuvieron presentes.<br \/>\nUna historia de conexiones personales que van m\u00e1s all\u00e1 de la vida, una aventura personal construida a base de evocaciones, vivencias y v\u00ednculos.<\/p>\n","protected":false},"excerpt":{"rendered":"<p>ISBN:\u00a09788411815512<\/p>\n<p>SINOPSIS<br \/>\n\u00bfRecuerdas el sabor de los dulces de tu infancia? \u00bfTe acuerdas del aroma del perfume de tu abuela? \u00bfO la melod\u00eda de la primera canci\u00f3n que grabaste de la radio?<br \/>\nTras el repentino fallecimiento de su abuela, la joven Mall\u00e9n recibe como herencia las llaves de Maison Coursan. Al abrir la puerta, un c\u00famulo de emociones en forma de recuerdos la lleva de nuevo a los veranos de su infancia en un lugar en el que nada es lo que parece. Recuerdos de toda una vida, la suya y la de los habitantes de aquella mansi\u00f3n a los que no lleg\u00f3 a conocer, pero que siempre estuvieron presentes.<br \/>\nUna historia de conexiones personales que van m\u00e1s all\u00e1 de la vida, una aventura personal construida a base de evocaciones, vivencias y v\u00ednculos.<\/p>\n","protected":false},"featured_media":99703,"comment_status":"closed","ping_status":"open","template":"","meta":{"_acf_changed":false},"libro":[],"product_brand":[],"product_cat":[59],"product_tag":[],"class_list":{"0":"post-99702","1":"product","2":"type-product","3":"status-publish","4":"has-post-thumbnail","6":"product_cat-memorias","8":"first","9":"instock","10":"product-type-simple"},"acf":{"autor":[77971],"enlace_de_compra":"https:\/\/www.amazon.es\/Tras-las-caras-del-poliedro\/dp\/841181551X"},"yoast_head":"<!-- This site is optimized with the Yoast SEO plugin v27.4 - https:\/\/yoast.com\/product\/yoast-seo-wordpress\/ -->\n<title>Tras las caras del poliedro - Catalogo | Letrame Grupo Editorial<\/title>\n<meta name=\"robots\" content=\"index, follow, max-snippet:-1, max-image-preview:large, max-video-preview:-1\" \/>\n<link rel=\"canonical\" href=\"https:\/\/letrame.com\/catalogo\/producto\/tras-las-caras-del-poliedro\/\" \/>\n<meta property=\"og:locale\" content=\"es_ES\" \/>\n<meta property=\"og:type\" content=\"article\" \/>\n<meta property=\"og:title\" content=\"Tras las caras del poliedro - Catalogo | Letrame Grupo Editorial\" \/>\n<meta property=\"og:description\" content=\"ISBN:\u00a09788411815512 SINOPSIS \u00bfRecuerdas el sabor de los dulces de tu infancia? \u00bfTe acuerdas del aroma del perfume de tu abuela? \u00bfO la melod\u00eda de la primera canci\u00f3n que grabaste de la radio? Tras el repentino fallecimiento de su abuela, la joven Mall\u00e9n recibe como herencia las llaves de Maison Coursan. Al abrir la puerta, un c\u00famulo de emociones en forma de recuerdos la lleva de nuevo a los veranos de su infancia en un lugar en el que nada es lo que parece. Recuerdos de toda una vida, la suya y la de los habitantes de aquella mansi\u00f3n a los que no lleg\u00f3 a conocer, pero que siempre estuvieron presentes. Una historia de conexiones personales que van m\u00e1s all\u00e1 de la vida, una aventura personal construida a base de evocaciones, vivencias y v\u00ednculos.\" \/>\n<meta property=\"og:url\" content=\"https:\/\/letrame.com\/catalogo\/producto\/tras-las-caras-del-poliedro\/\" \/>\n<meta property=\"og:site_name\" content=\"Catalogo | Letrame Grupo Editorial\" \/>\n<meta property=\"article:modified_time\" content=\"2024-04-29T14:56:00+00:00\" \/>\n<meta property=\"og:image\" content=\"https:\/\/letrame.com\/catalogo\/wp-content\/uploads\/2024\/04\/webportada_traslascaras_1279mm-compressed-scaled-1.jpg\" \/>\n\t<meta property=\"og:image:width\" content=\"1746\" \/>\n\t<meta property=\"og:image:height\" content=\"2560\" \/>\n\t<meta property=\"og:image:type\" content=\"image\/jpeg\" \/>\n<meta name=\"twitter:card\" content=\"summary_large_image\" \/>\n<meta name=\"twitter:label1\" content=\"Tiempo de lectura\" \/>\n\t<meta name=\"twitter:data1\" content=\"1 minuto\" \/>\n<script type=\"application\/ld+json\" class=\"yoast-schema-graph\">{\"@context\":\"https:\\\/\\\/schema.org\",\"@graph\":[{\"@type\":\"WebPage\",\"@id\":\"https:\\\/\\\/letrame.com\\\/catalogo\\\/producto\\\/tras-las-caras-del-poliedro\\\/\",\"url\":\"https:\\\/\\\/letrame.com\\\/catalogo\\\/producto\\\/tras-las-caras-del-poliedro\\\/\",\"name\":\"Tras las caras del poliedro - Catalogo | Letrame Grupo Editorial\",\"isPartOf\":{\"@id\":\"https:\\\/\\\/letrame.com\\\/catalogo\\\/#website\"},\"primaryImageOfPage\":{\"@id\":\"https:\\\/\\\/letrame.com\\\/catalogo\\\/producto\\\/tras-las-caras-del-poliedro\\\/#primaryimage\"},\"image\":{\"@id\":\"https:\\\/\\\/letrame.com\\\/catalogo\\\/producto\\\/tras-las-caras-del-poliedro\\\/#primaryimage\"},\"thumbnailUrl\":\"https:\\\/\\\/letrame.com\\\/catalogo\\\/wp-content\\\/uploads\\\/2024\\\/04\\\/webportada_traslascaras_1279mm-compressed-scaled-1.jpg\",\"datePublished\":\"2024-04-29T14:55:49+00:00\",\"dateModified\":\"2024-04-29T14:56:00+00:00\",\"breadcrumb\":{\"@id\":\"https:\\\/\\\/letrame.com\\\/catalogo\\\/producto\\\/tras-las-caras-del-poliedro\\\/#breadcrumb\"},\"inLanguage\":\"es\",\"potentialAction\":[{\"@type\":\"ReadAction\",\"target\":[\"https:\\\/\\\/letrame.com\\\/catalogo\\\/producto\\\/tras-las-caras-del-poliedro\\\/\"]}]},{\"@type\":\"ImageObject\",\"inLanguage\":\"es\",\"@id\":\"https:\\\/\\\/letrame.com\\\/catalogo\\\/producto\\\/tras-las-caras-del-poliedro\\\/#primaryimage\",\"url\":\"https:\\\/\\\/letrame.com\\\/catalogo\\\/wp-content\\\/uploads\\\/2024\\\/04\\\/webportada_traslascaras_1279mm-compressed-scaled-1.jpg\",\"contentUrl\":\"https:\\\/\\\/letrame.com\\\/catalogo\\\/wp-content\\\/uploads\\\/2024\\\/04\\\/webportada_traslascaras_1279mm-compressed-scaled-1.jpg\",\"width\":1746,\"height\":2560},{\"@type\":\"BreadcrumbList\",\"@id\":\"https:\\\/\\\/letrame.com\\\/catalogo\\\/producto\\\/tras-las-caras-del-poliedro\\\/#breadcrumb\",\"itemListElement\":[{\"@type\":\"ListItem\",\"position\":1,\"name\":\"Portada\",\"item\":\"https:\\\/\\\/letrame.com\\\/catalogo\\\/\"},{\"@type\":\"ListItem\",\"position\":2,\"name\":\"Cat\u00e1logo\",\"item\":\"https:\\\/\\\/letrame.com\\\/catalogo\\\/\"},{\"@type\":\"ListItem\",\"position\":3,\"name\":\"Tras las caras del poliedro\"}]},{\"@type\":\"WebSite\",\"@id\":\"https:\\\/\\\/letrame.com\\\/catalogo\\\/#website\",\"url\":\"https:\\\/\\\/letrame.com\\\/catalogo\\\/\",\"name\":\"Catalogo | Letrame Grupo Editorial\",\"description\":\"\",\"publisher\":{\"@id\":\"https:\\\/\\\/letrame.com\\\/catalogo\\\/#organization\"},\"potentialAction\":[{\"@type\":\"SearchAction\",\"target\":{\"@type\":\"EntryPoint\",\"urlTemplate\":\"https:\\\/\\\/letrame.com\\\/catalogo\\\/?s={search_term_string}\"},\"query-input\":{\"@type\":\"PropertyValueSpecification\",\"valueRequired\":true,\"valueName\":\"search_term_string\"}}],\"inLanguage\":\"es\"},{\"@type\":\"Organization\",\"@id\":\"https:\\\/\\\/letrame.com\\\/catalogo\\\/#organization\",\"name\":\"Catalogo | Letrame Grupo Editorial\",\"url\":\"https:\\\/\\\/letrame.com\\\/catalogo\\\/\",\"logo\":{\"@type\":\"ImageObject\",\"inLanguage\":\"es\",\"@id\":\"https:\\\/\\\/letrame.com\\\/catalogo\\\/#\\\/schema\\\/logo\\\/image\\\/\",\"url\":\"https:\\\/\\\/letrame.com\\\/catalogo\\\/wp-content\\\/uploads\\\/2024\\\/03\\\/logo2.webp\",\"contentUrl\":\"https:\\\/\\\/letrame.com\\\/catalogo\\\/wp-content\\\/uploads\\\/2024\\\/03\\\/logo2.webp\",\"width\":394,\"height\":128,\"caption\":\"Catalogo | Letrame Grupo Editorial\"},\"image\":{\"@id\":\"https:\\\/\\\/letrame.com\\\/catalogo\\\/#\\\/schema\\\/logo\\\/image\\\/\"}}]}<\/script>\n<!-- \/ Yoast SEO plugin. -->","yoast_head_json":{"title":"Tras las caras del poliedro - Catalogo | Letrame Grupo Editorial","robots":{"index":"index","follow":"follow","max-snippet":"max-snippet:-1","max-image-preview":"max-image-preview:large","max-video-preview":"max-video-preview:-1"},"canonical":"https:\/\/letrame.com\/catalogo\/producto\/tras-las-caras-del-poliedro\/","og_locale":"es_ES","og_type":"article","og_title":"Tras las caras del poliedro - Catalogo | Letrame Grupo Editorial","og_description":"ISBN:\u00a09788411815512 SINOPSIS \u00bfRecuerdas el sabor de los dulces de tu infancia? \u00bfTe acuerdas del aroma del perfume de tu abuela? \u00bfO la melod\u00eda de la primera canci\u00f3n que grabaste de la radio? Tras el repentino fallecimiento de su abuela, la joven Mall\u00e9n recibe como herencia las llaves de Maison Coursan. Al abrir la puerta, un c\u00famulo de emociones en forma de recuerdos la lleva de nuevo a los veranos de su infancia en un lugar en el que nada es lo que parece. Recuerdos de toda una vida, la suya y la de los habitantes de aquella mansi\u00f3n a los que no lleg\u00f3 a conocer, pero que siempre estuvieron presentes. Una historia de conexiones personales que van m\u00e1s all\u00e1 de la vida, una aventura personal construida a base de evocaciones, vivencias y v\u00ednculos.","og_url":"https:\/\/letrame.com\/catalogo\/producto\/tras-las-caras-del-poliedro\/","og_site_name":"Catalogo | Letrame Grupo Editorial","article_modified_time":"2024-04-29T14:56:00+00:00","og_image":[{"width":1746,"height":2560,"url":"https:\/\/letrame.com\/catalogo\/wp-content\/uploads\/2024\/04\/webportada_traslascaras_1279mm-compressed-scaled-1.jpg","type":"image\/jpeg"}],"twitter_card":"summary_large_image","twitter_misc":{"Tiempo de lectura":"1 minuto"},"schema":{"@context":"https:\/\/schema.org","@graph":[{"@type":"WebPage","@id":"https:\/\/letrame.com\/catalogo\/producto\/tras-las-caras-del-poliedro\/","url":"https:\/\/letrame.com\/catalogo\/producto\/tras-las-caras-del-poliedro\/","name":"Tras las caras del poliedro - Catalogo | Letrame Grupo Editorial","isPartOf":{"@id":"https:\/\/letrame.com\/catalogo\/#website"},"primaryImageOfPage":{"@id":"https:\/\/letrame.com\/catalogo\/producto\/tras-las-caras-del-poliedro\/#primaryimage"},"image":{"@id":"https:\/\/letrame.com\/catalogo\/producto\/tras-las-caras-del-poliedro\/#primaryimage"},"thumbnailUrl":"https:\/\/letrame.com\/catalogo\/wp-content\/uploads\/2024\/04\/webportada_traslascaras_1279mm-compressed-scaled-1.jpg","datePublished":"2024-04-29T14:55:49+00:00","dateModified":"2024-04-29T14:56:00+00:00","breadcrumb":{"@id":"https:\/\/letrame.com\/catalogo\/producto\/tras-las-caras-del-poliedro\/#breadcrumb"},"inLanguage":"es","potentialAction":[{"@type":"ReadAction","target":["https:\/\/letrame.com\/catalogo\/producto\/tras-las-caras-del-poliedro\/"]}]},{"@type":"ImageObject","inLanguage":"es","@id":"https:\/\/letrame.com\/catalogo\/producto\/tras-las-caras-del-poliedro\/#primaryimage","url":"https:\/\/letrame.com\/catalogo\/wp-content\/uploads\/2024\/04\/webportada_traslascaras_1279mm-compressed-scaled-1.jpg","contentUrl":"https:\/\/letrame.com\/catalogo\/wp-content\/uploads\/2024\/04\/webportada_traslascaras_1279mm-compressed-scaled-1.jpg","width":1746,"height":2560},{"@type":"BreadcrumbList","@id":"https:\/\/letrame.com\/catalogo\/producto\/tras-las-caras-del-poliedro\/#breadcrumb","itemListElement":[{"@type":"ListItem","position":1,"name":"Portada","item":"https:\/\/letrame.com\/catalogo\/"},{"@type":"ListItem","position":2,"name":"Cat\u00e1logo","item":"https:\/\/letrame.com\/catalogo\/"},{"@type":"ListItem","position":3,"name":"Tras las caras del poliedro"}]},{"@type":"WebSite","@id":"https:\/\/letrame.com\/catalogo\/#website","url":"https:\/\/letrame.com\/catalogo\/","name":"Catalogo | Letrame Grupo Editorial","description":"","publisher":{"@id":"https:\/\/letrame.com\/catalogo\/#organization"},"potentialAction":[{"@type":"SearchAction","target":{"@type":"EntryPoint","urlTemplate":"https:\/\/letrame.com\/catalogo\/?s={search_term_string}"},"query-input":{"@type":"PropertyValueSpecification","valueRequired":true,"valueName":"search_term_string"}}],"inLanguage":"es"},{"@type":"Organization","@id":"https:\/\/letrame.com\/catalogo\/#organization","name":"Catalogo | Letrame Grupo Editorial","url":"https:\/\/letrame.com\/catalogo\/","logo":{"@type":"ImageObject","inLanguage":"es","@id":"https:\/\/letrame.com\/catalogo\/#\/schema\/logo\/image\/","url":"https:\/\/letrame.com\/catalogo\/wp-content\/uploads\/2024\/03\/logo2.webp","contentUrl":"https:\/\/letrame.com\/catalogo\/wp-content\/uploads\/2024\/03\/logo2.webp","width":394,"height":128,"caption":"Catalogo | Letrame Grupo Editorial"},"image":{"@id":"https:\/\/letrame.com\/catalogo\/#\/schema\/logo\/image\/"}}]}},"_links":{"self":[{"href":"https:\/\/letrame.com\/catalogo\/wp-json\/wp\/v2\/product\/99702","targetHints":{"allow":["GET"]}}],"collection":[{"href":"https:\/\/letrame.com\/catalogo\/wp-json\/wp\/v2\/product"}],"about":[{"href":"https:\/\/letrame.com\/catalogo\/wp-json\/wp\/v2\/types\/product"}],"replies":[{"embeddable":true,"href":"https:\/\/letrame.com\/catalogo\/wp-json\/wp\/v2\/comments?post=99702"}],"acf:post":[{"embeddable":true,"href":"https:\/\/letrame.com\/catalogo\/wp-json\/wp\/v2\/author_book\/77971"}],"wp:featuredmedia":[{"embeddable":true,"href":"https:\/\/letrame.com\/catalogo\/wp-json\/wp\/v2\/media\/99703"}],"wp:attachment":[{"href":"https:\/\/letrame.com\/catalogo\/wp-json\/wp\/v2\/media?parent=99702"}],"wp:term":[{"taxonomy":"libro","embeddable":true,"href":"https:\/\/letrame.com\/catalogo\/wp-json\/wp\/v2\/libro?post=99702"},{"taxonomy":"product_brand","embeddable":true,"href":"https:\/\/letrame.com\/catalogo\/wp-json\/wp\/v2\/product_brand?post=99702"},{"taxonomy":"product_cat","embeddable":true,"href":"https:\/\/letrame.com\/catalogo\/wp-json\/wp\/v2\/product_cat?post=99702"},{"taxonomy":"product_tag","embeddable":true,"href":"https:\/\/letrame.com\/catalogo\/wp-json\/wp\/v2\/product_tag?post=99702"}],"curies":[{"name":"wp","href":"https:\/\/api.w.org\/{rel}","templated":true}]}}