{"id":99686,"date":"2024-04-29T16:53:56","date_gmt":"2024-04-29T14:53:56","guid":{"rendered":"https:\/\/letrame.com\/catalogo\/producto\/si-tu-no-vuelves\/"},"modified":"2024-08-01T11:57:17","modified_gmt":"2024-08-01T09:57:17","slug":"si-tu-no-vuelves","status":"publish","type":"product","link":"https:\/\/letrame.com\/catalogo\/producto\/si-tu-no-vuelves\/","title":{"rendered":"Si t\u00fa no vuelves"},"content":{"rendered":"<p>ISBN:\u00a09788411818629<br \/>\nT\u00edtulo:_SI T\u00da NO VUELVES<br \/>\nFecha:_2023-2024<br \/>\nP\u00e1ginas:\u00a0480<br \/>\nSINOPSIS<br \/>\nJulia y Jorge, una madre y un hijo, dos seres unidos por una conexi\u00f3n especial. Una historia de amor, dolor, ternura y esperanza. Acomp\u00e1\u00f1alos por el viaje de una vida convulsa, rota, en ocasiones por el odio y ego\u00edsmo ajenos a ellos. Hazlos parte de ti y ti\u00e9ndeles tu mano.<\/p>\n<p>C\u00f3mo se esfuerza Julia por tener una vida normal a pesar de sobrellevar a un marido que lejos de sumar en su vida, resta. El joven Jorge que, si ya de por s\u00ed es complicado vivir en una familia desestructurada, adem\u00e1s debe lidiar con un enemigo inevitable, un compa\u00f1ero de clase que vuelca toda su ira en \u00e9l, siendo v\u00edctima de acoso escolar.<\/p>\n<p>A pesar de todos los terribles sucesos para ambos, la fuerza que poseen y los peque\u00f1os maravillosos momentos que les dar\u00e1 la vida acompa\u00f1ar\u00e1n con una sonrisa a esta bonita historia.<\/p>\n<p>Un relato que est\u00e1 basado en hechos reales, que te har\u00e1 reflexionar, te ayudar\u00e1 a lidiar con tu rutina y tu vida en mayor o menor grado, y no te dejar\u00e1 indiferente.<\/p>\n<p>Con las ventas de este libro se colabora con la Asociaci\u00f3n Isabela, en ayuda a menores v\u00edctimas de cualquier tipo de violencia.<\/p>\n","protected":false},"excerpt":{"rendered":"<p>ISBN:\u00a09788411818629<\/p>\n<p>SINOPSIS<br \/>\nJulia y Jorge, una madre y un hijo, dos seres unidos por una conexi\u00f3n especial. Una historia de amor, dolor, ternura y esperanza. Acomp\u00e1\u00f1alos por el viaje de una vida convulsa, rota, en ocasiones por el odio y ego\u00edsmo ajenos a ellos. Hazlos parte de ti y ti\u00e9ndeles tu mano.<br \/>\nC\u00f3mo se esfuerza Julia por tener una vida normal a pesar de sobrellevar a un marido que lejos de sumar en su vida, resta. El joven Jorge que, si ya de por s\u00ed es complicado vivir en una familia desestructurada, adem\u00e1s debe lidiar con un enemigo inevitable, un compa\u00f1ero de clase que vuelca toda su ira en \u00e9l, siendo v\u00edctima de acoso escolar.<br \/>\nA pesar de todos los terribles sucesos para ambos, la fuerza que poseen y los peque\u00f1os maravillosos momentos que les dar\u00e1 la vida acompa\u00f1ar\u00e1n con una sonrisa a esta bonita historia.<br \/>\nUn relato que est\u00e1 basado en hechos reales, que te har\u00e1 reflexionar, te ayudar\u00e1 a lidiar con tu rutina y tu vida en mayor o menor grado, y no te dejar\u00e1 indiferente.<br \/>\nCon las ventas de este libro se colabora con la Asociaci\u00f3n Isabela, en ayuda a menores v\u00edctimas de cualquier tipo de violencia.<\/p>\n","protected":false},"featured_media":104647,"comment_status":"closed","ping_status":"closed","template":"","meta":{"_acf_changed":false},"libro":[],"product_brand":[],"product_cat":[31],"product_tag":[],"class_list":{"0":"post-99686","1":"product","2":"type-product","3":"status-publish","4":"has-post-thumbnail","6":"product_cat-autobiografia","8":"first","9":"instock","10":"product-type-simple"},"acf":{"autor":[77963],"enlace_de_compra":"https:\/\/amzn.to\/3WFGLzg"},"yoast_head":"<!-- This site is optimized with the Yoast SEO plugin v27.4 - https:\/\/yoast.com\/product\/yoast-seo-wordpress\/ -->\n<title>Si t\u00fa no vuelves - Catalogo | Letrame Grupo Editorial<\/title>\n<meta name=\"robots\" content=\"index, follow, max-snippet:-1, max-image-preview:large, max-video-preview:-1\" \/>\n<link rel=\"canonical\" href=\"https:\/\/letrame.com\/catalogo\/producto\/si-tu-no-vuelves\/\" \/>\n<meta property=\"og:locale\" content=\"es_ES\" \/>\n<meta property=\"og:type\" content=\"article\" \/>\n<meta property=\"og:title\" content=\"Si t\u00fa no vuelves - Catalogo | Letrame Grupo Editorial\" \/>\n<meta property=\"og:description\" content=\"ISBN:\u00a09788411818629  SINOPSIS Julia y Jorge, una madre y un hijo, dos seres unidos por una conexi\u00f3n especial. Una historia de amor, dolor, ternura y esperanza. Acomp\u00e1\u00f1alos por el viaje de una vida convulsa, rota, en ocasiones por el odio y ego\u00edsmo ajenos a ellos. Hazlos parte de ti y ti\u00e9ndeles tu mano. C\u00f3mo se esfuerza Julia por tener una vida normal a pesar de sobrellevar a un marido que lejos de sumar en su vida, resta. El joven Jorge que, si ya de por s\u00ed es complicado vivir en una familia desestructurada, adem\u00e1s debe lidiar con un enemigo inevitable, un compa\u00f1ero de clase que vuelca toda su ira en \u00e9l, siendo v\u00edctima de acoso escolar. A pesar de todos los terribles sucesos para ambos, la fuerza que poseen y los peque\u00f1os maravillosos momentos que les dar\u00e1 la vida acompa\u00f1ar\u00e1n con una sonrisa a esta bonita historia. Un relato que est\u00e1 basado en hechos reales, que te har\u00e1 reflexionar, te ayudar\u00e1 a lidiar con tu rutina y tu vida en mayor o menor grado, y no te dejar\u00e1 indiferente. Con las ventas de este libro se colabora con la Asociaci\u00f3n Isabela, en ayuda a menores v\u00edctimas de cualquier tipo de violencia.\" \/>\n<meta property=\"og:url\" content=\"https:\/\/letrame.com\/catalogo\/producto\/si-tu-no-vuelves\/\" \/>\n<meta property=\"og:site_name\" content=\"Catalogo | Letrame Grupo Editorial\" \/>\n<meta property=\"article:modified_time\" content=\"2024-08-01T09:57:17+00:00\" \/>\n<meta property=\"og:image\" content=\"https:\/\/letrame.com\/catalogo\/wp-content\/uploads\/2024\/04\/2edi_portada_tapadura_situnovuelves-compressed-scaled-compressed.jpg\" \/>\n\t<meta property=\"og:image:width\" content=\"1690\" \/>\n\t<meta property=\"og:image:height\" content=\"2560\" \/>\n\t<meta property=\"og:image:type\" content=\"image\/jpeg\" \/>\n<meta name=\"twitter:card\" content=\"summary_large_image\" \/>\n<meta name=\"twitter:label1\" content=\"Tiempo de lectura\" \/>\n\t<meta name=\"twitter:data1\" content=\"2 minutos\" \/>\n<script type=\"application\/ld+json\" class=\"yoast-schema-graph\">{\"@context\":\"https:\\\/\\\/schema.org\",\"@graph\":[{\"@type\":\"WebPage\",\"@id\":\"https:\\\/\\\/letrame.com\\\/catalogo\\\/producto\\\/si-tu-no-vuelves\\\/\",\"url\":\"https:\\\/\\\/letrame.com\\\/catalogo\\\/producto\\\/si-tu-no-vuelves\\\/\",\"name\":\"Si t\u00fa no vuelves - Catalogo | Letrame Grupo Editorial\",\"isPartOf\":{\"@id\":\"https:\\\/\\\/letrame.com\\\/catalogo\\\/#website\"},\"primaryImageOfPage\":{\"@id\":\"https:\\\/\\\/letrame.com\\\/catalogo\\\/producto\\\/si-tu-no-vuelves\\\/#primaryimage\"},\"image\":{\"@id\":\"https:\\\/\\\/letrame.com\\\/catalogo\\\/producto\\\/si-tu-no-vuelves\\\/#primaryimage\"},\"thumbnailUrl\":\"https:\\\/\\\/letrame.com\\\/catalogo\\\/wp-content\\\/uploads\\\/2024\\\/04\\\/2edi_portada_tapadura_situnovuelves-compressed-scaled-compressed.jpg\",\"datePublished\":\"2024-04-29T14:53:56+00:00\",\"dateModified\":\"2024-08-01T09:57:17+00:00\",\"breadcrumb\":{\"@id\":\"https:\\\/\\\/letrame.com\\\/catalogo\\\/producto\\\/si-tu-no-vuelves\\\/#breadcrumb\"},\"inLanguage\":\"es\",\"potentialAction\":[{\"@type\":\"ReadAction\",\"target\":[\"https:\\\/\\\/letrame.com\\\/catalogo\\\/producto\\\/si-tu-no-vuelves\\\/\"]}]},{\"@type\":\"ImageObject\",\"inLanguage\":\"es\",\"@id\":\"https:\\\/\\\/letrame.com\\\/catalogo\\\/producto\\\/si-tu-no-vuelves\\\/#primaryimage\",\"url\":\"https:\\\/\\\/letrame.com\\\/catalogo\\\/wp-content\\\/uploads\\\/2024\\\/04\\\/2edi_portada_tapadura_situnovuelves-compressed-scaled-compressed.jpg\",\"contentUrl\":\"https:\\\/\\\/letrame.com\\\/catalogo\\\/wp-content\\\/uploads\\\/2024\\\/04\\\/2edi_portada_tapadura_situnovuelves-compressed-scaled-compressed.jpg\",\"width\":1690,\"height\":2560},{\"@type\":\"BreadcrumbList\",\"@id\":\"https:\\\/\\\/letrame.com\\\/catalogo\\\/producto\\\/si-tu-no-vuelves\\\/#breadcrumb\",\"itemListElement\":[{\"@type\":\"ListItem\",\"position\":1,\"name\":\"Portada\",\"item\":\"https:\\\/\\\/letrame.com\\\/catalogo\\\/\"},{\"@type\":\"ListItem\",\"position\":2,\"name\":\"Cat\u00e1logo\",\"item\":\"https:\\\/\\\/letrame.com\\\/catalogo\\\/\"},{\"@type\":\"ListItem\",\"position\":3,\"name\":\"Si t\u00fa no vuelves\"}]},{\"@type\":\"WebSite\",\"@id\":\"https:\\\/\\\/letrame.com\\\/catalogo\\\/#website\",\"url\":\"https:\\\/\\\/letrame.com\\\/catalogo\\\/\",\"name\":\"Catalogo | Letrame Grupo Editorial\",\"description\":\"\",\"publisher\":{\"@id\":\"https:\\\/\\\/letrame.com\\\/catalogo\\\/#organization\"},\"potentialAction\":[{\"@type\":\"SearchAction\",\"target\":{\"@type\":\"EntryPoint\",\"urlTemplate\":\"https:\\\/\\\/letrame.com\\\/catalogo\\\/?s={search_term_string}\"},\"query-input\":{\"@type\":\"PropertyValueSpecification\",\"valueRequired\":true,\"valueName\":\"search_term_string\"}}],\"inLanguage\":\"es\"},{\"@type\":\"Organization\",\"@id\":\"https:\\\/\\\/letrame.com\\\/catalogo\\\/#organization\",\"name\":\"Catalogo | Letrame Grupo Editorial\",\"url\":\"https:\\\/\\\/letrame.com\\\/catalogo\\\/\",\"logo\":{\"@type\":\"ImageObject\",\"inLanguage\":\"es\",\"@id\":\"https:\\\/\\\/letrame.com\\\/catalogo\\\/#\\\/schema\\\/logo\\\/image\\\/\",\"url\":\"https:\\\/\\\/letrame.com\\\/catalogo\\\/wp-content\\\/uploads\\\/2024\\\/03\\\/logo2.webp\",\"contentUrl\":\"https:\\\/\\\/letrame.com\\\/catalogo\\\/wp-content\\\/uploads\\\/2024\\\/03\\\/logo2.webp\",\"width\":394,\"height\":128,\"caption\":\"Catalogo | Letrame Grupo Editorial\"},\"image\":{\"@id\":\"https:\\\/\\\/letrame.com\\\/catalogo\\\/#\\\/schema\\\/logo\\\/image\\\/\"}}]}<\/script>\n<!-- \/ Yoast SEO plugin. -->","yoast_head_json":{"title":"Si t\u00fa no vuelves - Catalogo | Letrame Grupo Editorial","robots":{"index":"index","follow":"follow","max-snippet":"max-snippet:-1","max-image-preview":"max-image-preview:large","max-video-preview":"max-video-preview:-1"},"canonical":"https:\/\/letrame.com\/catalogo\/producto\/si-tu-no-vuelves\/","og_locale":"es_ES","og_type":"article","og_title":"Si t\u00fa no vuelves - Catalogo | Letrame Grupo Editorial","og_description":"ISBN:\u00a09788411818629  SINOPSIS Julia y Jorge, una madre y un hijo, dos seres unidos por una conexi\u00f3n especial. Una historia de amor, dolor, ternura y esperanza. Acomp\u00e1\u00f1alos por el viaje de una vida convulsa, rota, en ocasiones por el odio y ego\u00edsmo ajenos a ellos. Hazlos parte de ti y ti\u00e9ndeles tu mano. C\u00f3mo se esfuerza Julia por tener una vida normal a pesar de sobrellevar a un marido que lejos de sumar en su vida, resta. El joven Jorge que, si ya de por s\u00ed es complicado vivir en una familia desestructurada, adem\u00e1s debe lidiar con un enemigo inevitable, un compa\u00f1ero de clase que vuelca toda su ira en \u00e9l, siendo v\u00edctima de acoso escolar. A pesar de todos los terribles sucesos para ambos, la fuerza que poseen y los peque\u00f1os maravillosos momentos que les dar\u00e1 la vida acompa\u00f1ar\u00e1n con una sonrisa a esta bonita historia. Un relato que est\u00e1 basado en hechos reales, que te har\u00e1 reflexionar, te ayudar\u00e1 a lidiar con tu rutina y tu vida en mayor o menor grado, y no te dejar\u00e1 indiferente. Con las ventas de este libro se colabora con la Asociaci\u00f3n Isabela, en ayuda a menores v\u00edctimas de cualquier tipo de violencia.","og_url":"https:\/\/letrame.com\/catalogo\/producto\/si-tu-no-vuelves\/","og_site_name":"Catalogo | Letrame Grupo Editorial","article_modified_time":"2024-08-01T09:57:17+00:00","og_image":[{"width":1690,"height":2560,"url":"https:\/\/letrame.com\/catalogo\/wp-content\/uploads\/2024\/04\/2edi_portada_tapadura_situnovuelves-compressed-scaled-compressed.jpg","type":"image\/jpeg"}],"twitter_card":"summary_large_image","twitter_misc":{"Tiempo de lectura":"2 minutos"},"schema":{"@context":"https:\/\/schema.org","@graph":[{"@type":"WebPage","@id":"https:\/\/letrame.com\/catalogo\/producto\/si-tu-no-vuelves\/","url":"https:\/\/letrame.com\/catalogo\/producto\/si-tu-no-vuelves\/","name":"Si t\u00fa no vuelves - Catalogo | Letrame Grupo Editorial","isPartOf":{"@id":"https:\/\/letrame.com\/catalogo\/#website"},"primaryImageOfPage":{"@id":"https:\/\/letrame.com\/catalogo\/producto\/si-tu-no-vuelves\/#primaryimage"},"image":{"@id":"https:\/\/letrame.com\/catalogo\/producto\/si-tu-no-vuelves\/#primaryimage"},"thumbnailUrl":"https:\/\/letrame.com\/catalogo\/wp-content\/uploads\/2024\/04\/2edi_portada_tapadura_situnovuelves-compressed-scaled-compressed.jpg","datePublished":"2024-04-29T14:53:56+00:00","dateModified":"2024-08-01T09:57:17+00:00","breadcrumb":{"@id":"https:\/\/letrame.com\/catalogo\/producto\/si-tu-no-vuelves\/#breadcrumb"},"inLanguage":"es","potentialAction":[{"@type":"ReadAction","target":["https:\/\/letrame.com\/catalogo\/producto\/si-tu-no-vuelves\/"]}]},{"@type":"ImageObject","inLanguage":"es","@id":"https:\/\/letrame.com\/catalogo\/producto\/si-tu-no-vuelves\/#primaryimage","url":"https:\/\/letrame.com\/catalogo\/wp-content\/uploads\/2024\/04\/2edi_portada_tapadura_situnovuelves-compressed-scaled-compressed.jpg","contentUrl":"https:\/\/letrame.com\/catalogo\/wp-content\/uploads\/2024\/04\/2edi_portada_tapadura_situnovuelves-compressed-scaled-compressed.jpg","width":1690,"height":2560},{"@type":"BreadcrumbList","@id":"https:\/\/letrame.com\/catalogo\/producto\/si-tu-no-vuelves\/#breadcrumb","itemListElement":[{"@type":"ListItem","position":1,"name":"Portada","item":"https:\/\/letrame.com\/catalogo\/"},{"@type":"ListItem","position":2,"name":"Cat\u00e1logo","item":"https:\/\/letrame.com\/catalogo\/"},{"@type":"ListItem","position":3,"name":"Si t\u00fa no vuelves"}]},{"@type":"WebSite","@id":"https:\/\/letrame.com\/catalogo\/#website","url":"https:\/\/letrame.com\/catalogo\/","name":"Catalogo | Letrame Grupo Editorial","description":"","publisher":{"@id":"https:\/\/letrame.com\/catalogo\/#organization"},"potentialAction":[{"@type":"SearchAction","target":{"@type":"EntryPoint","urlTemplate":"https:\/\/letrame.com\/catalogo\/?s={search_term_string}"},"query-input":{"@type":"PropertyValueSpecification","valueRequired":true,"valueName":"search_term_string"}}],"inLanguage":"es"},{"@type":"Organization","@id":"https:\/\/letrame.com\/catalogo\/#organization","name":"Catalogo | Letrame Grupo Editorial","url":"https:\/\/letrame.com\/catalogo\/","logo":{"@type":"ImageObject","inLanguage":"es","@id":"https:\/\/letrame.com\/catalogo\/#\/schema\/logo\/image\/","url":"https:\/\/letrame.com\/catalogo\/wp-content\/uploads\/2024\/03\/logo2.webp","contentUrl":"https:\/\/letrame.com\/catalogo\/wp-content\/uploads\/2024\/03\/logo2.webp","width":394,"height":128,"caption":"Catalogo | Letrame Grupo Editorial"},"image":{"@id":"https:\/\/letrame.com\/catalogo\/#\/schema\/logo\/image\/"}}]}},"_links":{"self":[{"href":"https:\/\/letrame.com\/catalogo\/wp-json\/wp\/v2\/product\/99686","targetHints":{"allow":["GET"]}}],"collection":[{"href":"https:\/\/letrame.com\/catalogo\/wp-json\/wp\/v2\/product"}],"about":[{"href":"https:\/\/letrame.com\/catalogo\/wp-json\/wp\/v2\/types\/product"}],"replies":[{"embeddable":true,"href":"https:\/\/letrame.com\/catalogo\/wp-json\/wp\/v2\/comments?post=99686"}],"acf:post":[{"embeddable":true,"href":"https:\/\/letrame.com\/catalogo\/wp-json\/wp\/v2\/author_book\/77963"}],"wp:featuredmedia":[{"embeddable":true,"href":"https:\/\/letrame.com\/catalogo\/wp-json\/wp\/v2\/media\/104647"}],"wp:attachment":[{"href":"https:\/\/letrame.com\/catalogo\/wp-json\/wp\/v2\/media?parent=99686"}],"wp:term":[{"taxonomy":"libro","embeddable":true,"href":"https:\/\/letrame.com\/catalogo\/wp-json\/wp\/v2\/libro?post=99686"},{"taxonomy":"product_brand","embeddable":true,"href":"https:\/\/letrame.com\/catalogo\/wp-json\/wp\/v2\/product_brand?post=99686"},{"taxonomy":"product_cat","embeddable":true,"href":"https:\/\/letrame.com\/catalogo\/wp-json\/wp\/v2\/product_cat?post=99686"},{"taxonomy":"product_tag","embeddable":true,"href":"https:\/\/letrame.com\/catalogo\/wp-json\/wp\/v2\/product_tag?post=99686"}],"curies":[{"name":"wp","href":"https:\/\/api.w.org\/{rel}","templated":true}]}}