{"id":99640,"date":"2024-04-29T16:48:29","date_gmt":"2024-04-29T14:48:29","guid":{"rendered":"https:\/\/letrame.com\/catalogo\/producto\/99640\/"},"modified":"2024-06-04T16:06:00","modified_gmt":"2024-06-04T14:06:00","slug":"99640","status":"publish","type":"product","link":"https:\/\/letrame.com\/catalogo\/producto\/99640\/","title":{"rendered":"Una vida con car\u00e1cter"},"content":{"rendered":"<p class=\"p1\">ISBN: 978-84-1181-832-2<\/p>\n<p class=\"p1\">T\u00edtulo: <b>UNA VIDA <\/b><b>CON CAR\u00c1CTER<\/b><\/p>\n<p class=\"p1\">Fecha: 2023<br \/>\nP\u00e1ginas: 156<\/p>\n<p class=\"p1\">SINOPSIS<\/p>\n<p>Mi obra presenta una narraci\u00f3n personal, que aborda distintas etapas de mi vida. Brinda emocionalidad y autenticidad con las que podr\u00e1s involucrarte visualizando los diferentes escenarios presentes de mi historia, as\u00ed tendr\u00e1s una genial comprensi\u00f3n y empat\u00eda hac\u00eda mis experiencias.<\/p>\n<p>Te encontrar\u00e1s con el uso de met\u00e1foras figurativas para transmitir un significado creativo, po\u00e9tico, profundo y un valor filos\u00f3fico. Te invito a pensar en temas como la vida, la muerte y la fortaleza personal.<\/p>\n<p>Adem\u00e1s, cada texto busca inspirar y transmitir aprendizaje, dejando una impresi\u00f3n agradable y positiva para el lector.<\/p>\n<p><em>Una vida con car\u00e1cter<\/em> te llevar\u00e1 a entender que la fe sin obras est\u00e1 muerta, ver\u00e1s un mega futuro lleno de ideas y acciones donde vas a:<\/p>\n<ol>\n<li>Contemplar la vida de una manera diferente.<\/li>\n<li>Desarrollar habilidades y descubrir talentos ocultos.<\/li>\n<li>Inferir y reconocer los nuevos tiempos.<\/li>\n<li>Volver a so\u00f1ar.<\/li>\n<li>Conocer qu\u00e9 es el car\u00e1cter y a dominarlo.<\/li>\n<li>Escuchar y obedecer la voz de tu coraz\u00f3n.<\/li>\n<li>Alcanzar una fortaleza mental indestructible.<\/li>\n<\/ol>\n","protected":false},"excerpt":{"rendered":"<p class=\"p1\">ISBN: 978-84-1181-832-2<\/p>\n<p class=\"p1\">SINOPSIS<\/p>\n<p>Mi obra presenta una narraci\u00f3n personal, que aborda distintas etapas de mi vida. Brinda emocionalidad y autenticidad con las que podr\u00e1s involucrarte visualizando los diferentes escenarios presentes de mi historia, as\u00ed tendr\u00e1s una genial comprensi\u00f3n y empat\u00eda hac\u00eda mis experiencias.<\/p>\n<p>Te encontrar\u00e1s con el uso de met\u00e1foras figurativas para transmitir un significado creativo, po\u00e9tico, profundo y un valor filos\u00f3fico. Te invito a pensar en temas como la vida, la muerte y la fortaleza personal.<\/p>\n<p>Adem\u00e1s, cada texto busca inspirar y transmitir aprendizaje, dejando una impresi\u00f3n agradable y positiva para el lector.<\/p>\n<p><em>Una vida con car\u00e1cter<\/em> te llevar\u00e1 a entender que la fe sin obras est\u00e1 muerta, ver\u00e1s un mega futuro lleno de ideas y acciones donde vas a:<\/p>\n<ol>\n<li>Contemplar la vida de una manera diferente.<\/li>\n<li>Desarrollar habilidades y descubrir talentos ocultos.<\/li>\n<li>Inferir y reconocer los nuevos tiempos.<\/li>\n<li>Volver a so\u00f1ar.<\/li>\n<li>Conocer qu\u00e9 es el car\u00e1cter y a dominarlo.<\/li>\n<li>Escuchar y obedecer la voz de tu coraz\u00f3n.<\/li>\n<li>Alcanzar una fortaleza mental indestructible.<\/li>\n<\/ol>\n<p>&nbsp;<\/p>\n<p class=\"p1\">\n","protected":false},"featured_media":99641,"comment_status":"closed","ping_status":"closed","template":"","meta":{"_acf_changed":false},"libro":[],"product_brand":[],"product_cat":[31],"product_tag":[],"class_list":{"0":"post-99640","1":"product","2":"type-product","3":"status-publish","4":"has-post-thumbnail","6":"product_cat-autobiografia","8":"first","9":"instock","10":"product-type-simple"},"acf":{"autor":[77930],"enlace_de_compra":"https:\/\/www.casadellibro.com\/libro-una-vida-con-caracter\/9788411818322\/15864672"},"yoast_head":"<!-- This site is optimized with the Yoast SEO plugin v27.4 - https:\/\/yoast.com\/product\/yoast-seo-wordpress\/ -->\n<title>Una vida con car\u00e1cter - Catalogo | Letrame Grupo Editorial<\/title>\n<meta name=\"robots\" content=\"index, follow, max-snippet:-1, max-image-preview:large, max-video-preview:-1\" \/>\n<link rel=\"canonical\" href=\"https:\/\/letrame.com\/catalogo\/producto\/99640\/\" \/>\n<meta property=\"og:locale\" content=\"es_ES\" \/>\n<meta property=\"og:type\" content=\"article\" \/>\n<meta property=\"og:title\" content=\"Una vida con car\u00e1cter - Catalogo | Letrame Grupo Editorial\" \/>\n<meta property=\"og:description\" content=\"ISBN: 978-84-1181-832-2 SINOPSIS Mi obra presenta una narraci\u00f3n personal, que aborda distintas etapas de mi vida. Brinda emocionalidad y autenticidad con las que podr\u00e1s involucrarte visualizando los diferentes escenarios presentes de mi historia, as\u00ed tendr\u00e1s una genial comprensi\u00f3n y empat\u00eda hac\u00eda mis experiencias.  Te encontrar\u00e1s con el uso de met\u00e1foras figurativas para transmitir un significado creativo, po\u00e9tico, profundo y un valor filos\u00f3fico. Te invito a pensar en temas como la vida, la muerte y la fortaleza personal.  Adem\u00e1s, cada texto busca inspirar y transmitir aprendizaje, dejando una impresi\u00f3n agradable y positiva para el lector.  Una vida con car\u00e1cter te llevar\u00e1 a entender que la fe sin obras est\u00e1 muerta, ver\u00e1s un mega futuro lleno de ideas y acciones donde vas a:   Contemplar la vida de una manera diferente.  Desarrollar habilidades y descubrir talentos ocultos.  Inferir y reconocer los nuevos tiempos.  Volver a so\u00f1ar.  Conocer qu\u00e9 es el car\u00e1cter y a dominarlo.  Escuchar y obedecer la voz de tu coraz\u00f3n.  Alcanzar una fortaleza mental indestructible.  &nbsp;\" \/>\n<meta property=\"og:url\" content=\"https:\/\/letrame.com\/catalogo\/producto\/99640\/\" \/>\n<meta property=\"og:site_name\" content=\"Catalogo | Letrame Grupo Editorial\" \/>\n<meta property=\"article:modified_time\" content=\"2024-06-04T14:06:00+00:00\" \/>\n<meta property=\"og:image\" content=\"https:\/\/letrame.com\/catalogo\/wp-content\/uploads\/2024\/04\/webp_unavidaconcaracter_827mm-compressed.jpg\" \/>\n\t<meta property=\"og:image:width\" content=\"1772\" \/>\n\t<meta property=\"og:image:height\" content=\"2480\" \/>\n\t<meta property=\"og:image:type\" content=\"image\/jpeg\" \/>\n<meta name=\"twitter:card\" content=\"summary_large_image\" \/>\n<meta name=\"twitter:label1\" content=\"Tiempo de lectura\" \/>\n\t<meta name=\"twitter:data1\" content=\"1 minuto\" \/>\n<script type=\"application\/ld+json\" class=\"yoast-schema-graph\">{\"@context\":\"https:\\\/\\\/schema.org\",\"@graph\":[{\"@type\":\"WebPage\",\"@id\":\"https:\\\/\\\/letrame.com\\\/catalogo\\\/producto\\\/99640\\\/\",\"url\":\"https:\\\/\\\/letrame.com\\\/catalogo\\\/producto\\\/99640\\\/\",\"name\":\"Una vida con car\u00e1cter - Catalogo | Letrame Grupo Editorial\",\"isPartOf\":{\"@id\":\"https:\\\/\\\/letrame.com\\\/catalogo\\\/#website\"},\"primaryImageOfPage\":{\"@id\":\"https:\\\/\\\/letrame.com\\\/catalogo\\\/producto\\\/99640\\\/#primaryimage\"},\"image\":{\"@id\":\"https:\\\/\\\/letrame.com\\\/catalogo\\\/producto\\\/99640\\\/#primaryimage\"},\"thumbnailUrl\":\"https:\\\/\\\/letrame.com\\\/catalogo\\\/wp-content\\\/uploads\\\/2024\\\/04\\\/webp_unavidaconcaracter_827mm-compressed.jpg\",\"datePublished\":\"2024-04-29T14:48:29+00:00\",\"dateModified\":\"2024-06-04T14:06:00+00:00\",\"breadcrumb\":{\"@id\":\"https:\\\/\\\/letrame.com\\\/catalogo\\\/producto\\\/99640\\\/#breadcrumb\"},\"inLanguage\":\"es\",\"potentialAction\":[{\"@type\":\"ReadAction\",\"target\":[\"https:\\\/\\\/letrame.com\\\/catalogo\\\/producto\\\/99640\\\/\"]}]},{\"@type\":\"ImageObject\",\"inLanguage\":\"es\",\"@id\":\"https:\\\/\\\/letrame.com\\\/catalogo\\\/producto\\\/99640\\\/#primaryimage\",\"url\":\"https:\\\/\\\/letrame.com\\\/catalogo\\\/wp-content\\\/uploads\\\/2024\\\/04\\\/webp_unavidaconcaracter_827mm-compressed.jpg\",\"contentUrl\":\"https:\\\/\\\/letrame.com\\\/catalogo\\\/wp-content\\\/uploads\\\/2024\\\/04\\\/webp_unavidaconcaracter_827mm-compressed.jpg\",\"width\":1772,\"height\":2480},{\"@type\":\"BreadcrumbList\",\"@id\":\"https:\\\/\\\/letrame.com\\\/catalogo\\\/producto\\\/99640\\\/#breadcrumb\",\"itemListElement\":[{\"@type\":\"ListItem\",\"position\":1,\"name\":\"Portada\",\"item\":\"https:\\\/\\\/letrame.com\\\/catalogo\\\/\"},{\"@type\":\"ListItem\",\"position\":2,\"name\":\"Cat\u00e1logo\",\"item\":\"https:\\\/\\\/letrame.com\\\/catalogo\\\/\"},{\"@type\":\"ListItem\",\"position\":3,\"name\":\"Una vida con car\u00e1cter\"}]},{\"@type\":\"WebSite\",\"@id\":\"https:\\\/\\\/letrame.com\\\/catalogo\\\/#website\",\"url\":\"https:\\\/\\\/letrame.com\\\/catalogo\\\/\",\"name\":\"Catalogo | Letrame Grupo Editorial\",\"description\":\"\",\"publisher\":{\"@id\":\"https:\\\/\\\/letrame.com\\\/catalogo\\\/#organization\"},\"potentialAction\":[{\"@type\":\"SearchAction\",\"target\":{\"@type\":\"EntryPoint\",\"urlTemplate\":\"https:\\\/\\\/letrame.com\\\/catalogo\\\/?s={search_term_string}\"},\"query-input\":{\"@type\":\"PropertyValueSpecification\",\"valueRequired\":true,\"valueName\":\"search_term_string\"}}],\"inLanguage\":\"es\"},{\"@type\":\"Organization\",\"@id\":\"https:\\\/\\\/letrame.com\\\/catalogo\\\/#organization\",\"name\":\"Catalogo | Letrame Grupo Editorial\",\"url\":\"https:\\\/\\\/letrame.com\\\/catalogo\\\/\",\"logo\":{\"@type\":\"ImageObject\",\"inLanguage\":\"es\",\"@id\":\"https:\\\/\\\/letrame.com\\\/catalogo\\\/#\\\/schema\\\/logo\\\/image\\\/\",\"url\":\"https:\\\/\\\/letrame.com\\\/catalogo\\\/wp-content\\\/uploads\\\/2024\\\/03\\\/logo2.webp\",\"contentUrl\":\"https:\\\/\\\/letrame.com\\\/catalogo\\\/wp-content\\\/uploads\\\/2024\\\/03\\\/logo2.webp\",\"width\":394,\"height\":128,\"caption\":\"Catalogo | Letrame Grupo Editorial\"},\"image\":{\"@id\":\"https:\\\/\\\/letrame.com\\\/catalogo\\\/#\\\/schema\\\/logo\\\/image\\\/\"}}]}<\/script>\n<!-- \/ Yoast SEO plugin. -->","yoast_head_json":{"title":"Una vida con car\u00e1cter - Catalogo | Letrame Grupo Editorial","robots":{"index":"index","follow":"follow","max-snippet":"max-snippet:-1","max-image-preview":"max-image-preview:large","max-video-preview":"max-video-preview:-1"},"canonical":"https:\/\/letrame.com\/catalogo\/producto\/99640\/","og_locale":"es_ES","og_type":"article","og_title":"Una vida con car\u00e1cter - Catalogo | Letrame Grupo Editorial","og_description":"ISBN: 978-84-1181-832-2 SINOPSIS Mi obra presenta una narraci\u00f3n personal, que aborda distintas etapas de mi vida. Brinda emocionalidad y autenticidad con las que podr\u00e1s involucrarte visualizando los diferentes escenarios presentes de mi historia, as\u00ed tendr\u00e1s una genial comprensi\u00f3n y empat\u00eda hac\u00eda mis experiencias.  Te encontrar\u00e1s con el uso de met\u00e1foras figurativas para transmitir un significado creativo, po\u00e9tico, profundo y un valor filos\u00f3fico. Te invito a pensar en temas como la vida, la muerte y la fortaleza personal.  Adem\u00e1s, cada texto busca inspirar y transmitir aprendizaje, dejando una impresi\u00f3n agradable y positiva para el lector.  Una vida con car\u00e1cter te llevar\u00e1 a entender que la fe sin obras est\u00e1 muerta, ver\u00e1s un mega futuro lleno de ideas y acciones donde vas a:   Contemplar la vida de una manera diferente.  Desarrollar habilidades y descubrir talentos ocultos.  Inferir y reconocer los nuevos tiempos.  Volver a so\u00f1ar.  Conocer qu\u00e9 es el car\u00e1cter y a dominarlo.  Escuchar y obedecer la voz de tu coraz\u00f3n.  Alcanzar una fortaleza mental indestructible.  &nbsp;","og_url":"https:\/\/letrame.com\/catalogo\/producto\/99640\/","og_site_name":"Catalogo | Letrame Grupo Editorial","article_modified_time":"2024-06-04T14:06:00+00:00","og_image":[{"width":1772,"height":2480,"url":"https:\/\/letrame.com\/catalogo\/wp-content\/uploads\/2024\/04\/webp_unavidaconcaracter_827mm-compressed.jpg","type":"image\/jpeg"}],"twitter_card":"summary_large_image","twitter_misc":{"Tiempo de lectura":"1 minuto"},"schema":{"@context":"https:\/\/schema.org","@graph":[{"@type":"WebPage","@id":"https:\/\/letrame.com\/catalogo\/producto\/99640\/","url":"https:\/\/letrame.com\/catalogo\/producto\/99640\/","name":"Una vida con car\u00e1cter - Catalogo | Letrame Grupo Editorial","isPartOf":{"@id":"https:\/\/letrame.com\/catalogo\/#website"},"primaryImageOfPage":{"@id":"https:\/\/letrame.com\/catalogo\/producto\/99640\/#primaryimage"},"image":{"@id":"https:\/\/letrame.com\/catalogo\/producto\/99640\/#primaryimage"},"thumbnailUrl":"https:\/\/letrame.com\/catalogo\/wp-content\/uploads\/2024\/04\/webp_unavidaconcaracter_827mm-compressed.jpg","datePublished":"2024-04-29T14:48:29+00:00","dateModified":"2024-06-04T14:06:00+00:00","breadcrumb":{"@id":"https:\/\/letrame.com\/catalogo\/producto\/99640\/#breadcrumb"},"inLanguage":"es","potentialAction":[{"@type":"ReadAction","target":["https:\/\/letrame.com\/catalogo\/producto\/99640\/"]}]},{"@type":"ImageObject","inLanguage":"es","@id":"https:\/\/letrame.com\/catalogo\/producto\/99640\/#primaryimage","url":"https:\/\/letrame.com\/catalogo\/wp-content\/uploads\/2024\/04\/webp_unavidaconcaracter_827mm-compressed.jpg","contentUrl":"https:\/\/letrame.com\/catalogo\/wp-content\/uploads\/2024\/04\/webp_unavidaconcaracter_827mm-compressed.jpg","width":1772,"height":2480},{"@type":"BreadcrumbList","@id":"https:\/\/letrame.com\/catalogo\/producto\/99640\/#breadcrumb","itemListElement":[{"@type":"ListItem","position":1,"name":"Portada","item":"https:\/\/letrame.com\/catalogo\/"},{"@type":"ListItem","position":2,"name":"Cat\u00e1logo","item":"https:\/\/letrame.com\/catalogo\/"},{"@type":"ListItem","position":3,"name":"Una vida con car\u00e1cter"}]},{"@type":"WebSite","@id":"https:\/\/letrame.com\/catalogo\/#website","url":"https:\/\/letrame.com\/catalogo\/","name":"Catalogo | Letrame Grupo Editorial","description":"","publisher":{"@id":"https:\/\/letrame.com\/catalogo\/#organization"},"potentialAction":[{"@type":"SearchAction","target":{"@type":"EntryPoint","urlTemplate":"https:\/\/letrame.com\/catalogo\/?s={search_term_string}"},"query-input":{"@type":"PropertyValueSpecification","valueRequired":true,"valueName":"search_term_string"}}],"inLanguage":"es"},{"@type":"Organization","@id":"https:\/\/letrame.com\/catalogo\/#organization","name":"Catalogo | Letrame Grupo Editorial","url":"https:\/\/letrame.com\/catalogo\/","logo":{"@type":"ImageObject","inLanguage":"es","@id":"https:\/\/letrame.com\/catalogo\/#\/schema\/logo\/image\/","url":"https:\/\/letrame.com\/catalogo\/wp-content\/uploads\/2024\/03\/logo2.webp","contentUrl":"https:\/\/letrame.com\/catalogo\/wp-content\/uploads\/2024\/03\/logo2.webp","width":394,"height":128,"caption":"Catalogo | Letrame Grupo Editorial"},"image":{"@id":"https:\/\/letrame.com\/catalogo\/#\/schema\/logo\/image\/"}}]}},"_links":{"self":[{"href":"https:\/\/letrame.com\/catalogo\/wp-json\/wp\/v2\/product\/99640","targetHints":{"allow":["GET"]}}],"collection":[{"href":"https:\/\/letrame.com\/catalogo\/wp-json\/wp\/v2\/product"}],"about":[{"href":"https:\/\/letrame.com\/catalogo\/wp-json\/wp\/v2\/types\/product"}],"replies":[{"embeddable":true,"href":"https:\/\/letrame.com\/catalogo\/wp-json\/wp\/v2\/comments?post=99640"}],"acf:post":[{"embeddable":true,"href":"https:\/\/letrame.com\/catalogo\/wp-json\/wp\/v2\/author_book\/77930"}],"wp:featuredmedia":[{"embeddable":true,"href":"https:\/\/letrame.com\/catalogo\/wp-json\/wp\/v2\/media\/99641"}],"wp:attachment":[{"href":"https:\/\/letrame.com\/catalogo\/wp-json\/wp\/v2\/media?parent=99640"}],"wp:term":[{"taxonomy":"libro","embeddable":true,"href":"https:\/\/letrame.com\/catalogo\/wp-json\/wp\/v2\/libro?post=99640"},{"taxonomy":"product_brand","embeddable":true,"href":"https:\/\/letrame.com\/catalogo\/wp-json\/wp\/v2\/product_brand?post=99640"},{"taxonomy":"product_cat","embeddable":true,"href":"https:\/\/letrame.com\/catalogo\/wp-json\/wp\/v2\/product_cat?post=99640"},{"taxonomy":"product_tag","embeddable":true,"href":"https:\/\/letrame.com\/catalogo\/wp-json\/wp\/v2\/product_tag?post=99640"}],"curies":[{"name":"wp","href":"https:\/\/api.w.org\/{rel}","templated":true}]}}