{"id":99605,"date":"2024-04-29T16:43:10","date_gmt":"2024-04-29T14:43:10","guid":{"rendered":"https:\/\/letrame.com\/catalogo\/producto\/el-misterio-de-belen\/"},"modified":"2024-04-29T16:43:25","modified_gmt":"2024-04-29T14:43:25","slug":"el-misterio-de-belen","status":"publish","type":"product","link":"https:\/\/letrame.com\/catalogo\/producto\/el-misterio-de-belen\/","title":{"rendered":"El misterio de Bel\u00e9n"},"content":{"rendered":"<p>ISBN: 978-84-1181-484-3<br \/>\nT\u00edtulo:_El misterio de Bel\u00e9n<br \/>\nFecha:_2023<br \/>\nP\u00e1ginas:\u00a0142<br \/>\nSINOPSIS<br \/>\nDespu\u00e9s de la cena de Noche Buena unos nietos le piden a su abuela que les relate una historia, sent\u00edan nostalgia de sus a\u00f1os infantiles cuando su abuela les contaba cuentos antes de irse a la cama.  Su abuela motivada por el ambiente navide\u00f1o decide relatarles una historia que tenga que ver con el origen de la Navidad.  Un tema que sus nietos desconocen completamente.  Su abuela, sabiendo que sus nietos no tienen ninguna instrucci\u00f3n religiosa, considera que es el momento oportuno para iniciarlos en el conocimiento de Dios y se decanta por la historia de la venida al mundo del Mes\u00edas.<br \/>\nEsta historia apasion\u00f3 tanto a sus nietos que le rogaron a su abuela que quer\u00edan saber m\u00e1s, pero su abuela estaba fatigada y no pudo contarla de una sola vez, por lo cual dividi\u00f3 la historia en tres partes, las cuales fue contando de un a\u00f1o para otro hasta completarla.  Al final del relato sus nietos se quedaron profundamente emocionados y recompensaron a su abuela con su amor.<\/p>\n","protected":false},"excerpt":{"rendered":"<p>ISBN: 978-84-1181-484-3<\/p>\n<p>SINOPSIS<br \/>\nDespu\u00e9s de la cena de Noche Buena unos nietos le piden a su abuela que les relate una historia, sent\u00edan nostalgia de sus a\u00f1os infantiles cuando su abuela les contaba cuentos antes de irse a la cama. Su abuela motivada por el ambiente navide\u00f1o decide relatarles una historia que tenga que ver con el origen de la Navidad. Un tema que sus nietos desconocen completamente. Su abuela, sabiendo que sus nietos no tienen ninguna instrucci\u00f3n religiosa, considera que es el momento oportuno para iniciarlos en el conocimiento de Dios y se decanta por la historia de la venida al mundo del Mes\u00edas.<br \/>\nEsta historia apasion\u00f3 tanto a sus nietos que le rogaron a su abuela que quer\u00edan saber m\u00e1s, pero su abuela estaba fatigada y no pudo contarla de una sola vez, por lo cual dividi\u00f3 la historia en tres partes, las cuales fue contando de un a\u00f1o para otro hasta completarla. Al final del relato sus nietos se quedaron profundamente emocionados y recompensaron a su abuela con su amor.<\/p>\n","protected":false},"featured_media":99606,"comment_status":"closed","ping_status":"open","template":"","meta":{"_acf_changed":false},"libro":[],"product_brand":[],"product_cat":[31,33],"product_tag":[],"class_list":{"0":"post-99605","1":"product","2":"type-product","3":"status-publish","4":"has-post-thumbnail","6":"product_cat-autobiografia","7":"product_cat-cuento","9":"first","10":"instock","11":"product-type-simple"},"acf":{"autor":[77899],"enlace_de_compra":"https:\/\/www.amazon.es\/dp\/841181484X"},"yoast_head":"<!-- This site is optimized with the Yoast SEO plugin v27.4 - https:\/\/yoast.com\/product\/yoast-seo-wordpress\/ -->\n<title>El misterio de Bel\u00e9n - Catalogo | Letrame Grupo Editorial<\/title>\n<meta name=\"robots\" content=\"index, follow, max-snippet:-1, max-image-preview:large, max-video-preview:-1\" \/>\n<link rel=\"canonical\" href=\"https:\/\/letrame.com\/catalogo\/producto\/el-misterio-de-belen\/\" \/>\n<meta property=\"og:locale\" content=\"es_ES\" \/>\n<meta property=\"og:type\" content=\"article\" \/>\n<meta property=\"og:title\" content=\"El misterio de Bel\u00e9n - Catalogo | Letrame Grupo Editorial\" \/>\n<meta property=\"og:description\" content=\"ISBN: 978-84-1181-484-3 SINOPSIS Despu\u00e9s de la cena de Noche Buena unos nietos le piden a su abuela que les relate una historia, sent\u00edan nostalgia de sus a\u00f1os infantiles cuando su abuela les contaba cuentos antes de irse a la cama. Su abuela motivada por el ambiente navide\u00f1o decide relatarles una historia que tenga que ver con el origen de la Navidad. Un tema que sus nietos desconocen completamente. Su abuela, sabiendo que sus nietos no tienen ninguna instrucci\u00f3n religiosa, considera que es el momento oportuno para iniciarlos en el conocimiento de Dios y se decanta por la historia de la venida al mundo del Mes\u00edas. Esta historia apasion\u00f3 tanto a sus nietos que le rogaron a su abuela que quer\u00edan saber m\u00e1s, pero su abuela estaba fatigada y no pudo contarla de una sola vez, por lo cual dividi\u00f3 la historia en tres partes, las cuales fue contando de un a\u00f1o para otro hasta completarla. Al final del relato sus nietos se quedaron profundamente emocionados y recompensaron a su abuela con su amor.\" \/>\n<meta property=\"og:url\" content=\"https:\/\/letrame.com\/catalogo\/producto\/el-misterio-de-belen\/\" \/>\n<meta property=\"og:site_name\" content=\"Catalogo | Letrame Grupo Editorial\" \/>\n<meta property=\"article:modified_time\" content=\"2024-04-29T14:43:25+00:00\" \/>\n<meta property=\"og:image\" content=\"https:\/\/letrame.com\/catalogo\/wp-content\/uploads\/2024\/04\/webportada_elmisteriodebelen_768mm-min-scaled-1.jpg\" \/>\n\t<meta property=\"og:image:width\" content=\"1813\" \/>\n\t<meta property=\"og:image:height\" content=\"2560\" \/>\n\t<meta property=\"og:image:type\" content=\"image\/jpeg\" \/>\n<meta name=\"twitter:card\" content=\"summary_large_image\" \/>\n<meta name=\"twitter:label1\" content=\"Tiempo de lectura\" \/>\n\t<meta name=\"twitter:data1\" content=\"1 minuto\" \/>\n<script type=\"application\/ld+json\" class=\"yoast-schema-graph\">{\"@context\":\"https:\\\/\\\/schema.org\",\"@graph\":[{\"@type\":\"WebPage\",\"@id\":\"https:\\\/\\\/letrame.com\\\/catalogo\\\/producto\\\/el-misterio-de-belen\\\/\",\"url\":\"https:\\\/\\\/letrame.com\\\/catalogo\\\/producto\\\/el-misterio-de-belen\\\/\",\"name\":\"El misterio de Bel\u00e9n - Catalogo | Letrame Grupo Editorial\",\"isPartOf\":{\"@id\":\"https:\\\/\\\/letrame.com\\\/catalogo\\\/#website\"},\"primaryImageOfPage\":{\"@id\":\"https:\\\/\\\/letrame.com\\\/catalogo\\\/producto\\\/el-misterio-de-belen\\\/#primaryimage\"},\"image\":{\"@id\":\"https:\\\/\\\/letrame.com\\\/catalogo\\\/producto\\\/el-misterio-de-belen\\\/#primaryimage\"},\"thumbnailUrl\":\"https:\\\/\\\/letrame.com\\\/catalogo\\\/wp-content\\\/uploads\\\/2024\\\/04\\\/webportada_elmisteriodebelen_768mm-min-scaled-1.jpg\",\"datePublished\":\"2024-04-29T14:43:10+00:00\",\"dateModified\":\"2024-04-29T14:43:25+00:00\",\"breadcrumb\":{\"@id\":\"https:\\\/\\\/letrame.com\\\/catalogo\\\/producto\\\/el-misterio-de-belen\\\/#breadcrumb\"},\"inLanguage\":\"es\",\"potentialAction\":[{\"@type\":\"ReadAction\",\"target\":[\"https:\\\/\\\/letrame.com\\\/catalogo\\\/producto\\\/el-misterio-de-belen\\\/\"]}]},{\"@type\":\"ImageObject\",\"inLanguage\":\"es\",\"@id\":\"https:\\\/\\\/letrame.com\\\/catalogo\\\/producto\\\/el-misterio-de-belen\\\/#primaryimage\",\"url\":\"https:\\\/\\\/letrame.com\\\/catalogo\\\/wp-content\\\/uploads\\\/2024\\\/04\\\/webportada_elmisteriodebelen_768mm-min-scaled-1.jpg\",\"contentUrl\":\"https:\\\/\\\/letrame.com\\\/catalogo\\\/wp-content\\\/uploads\\\/2024\\\/04\\\/webportada_elmisteriodebelen_768mm-min-scaled-1.jpg\",\"width\":1813,\"height\":2560},{\"@type\":\"BreadcrumbList\",\"@id\":\"https:\\\/\\\/letrame.com\\\/catalogo\\\/producto\\\/el-misterio-de-belen\\\/#breadcrumb\",\"itemListElement\":[{\"@type\":\"ListItem\",\"position\":1,\"name\":\"Portada\",\"item\":\"https:\\\/\\\/letrame.com\\\/catalogo\\\/\"},{\"@type\":\"ListItem\",\"position\":2,\"name\":\"Cat\u00e1logo\",\"item\":\"https:\\\/\\\/letrame.com\\\/catalogo\\\/\"},{\"@type\":\"ListItem\",\"position\":3,\"name\":\"El misterio de Bel\u00e9n\"}]},{\"@type\":\"WebSite\",\"@id\":\"https:\\\/\\\/letrame.com\\\/catalogo\\\/#website\",\"url\":\"https:\\\/\\\/letrame.com\\\/catalogo\\\/\",\"name\":\"Catalogo | Letrame Grupo Editorial\",\"description\":\"\",\"publisher\":{\"@id\":\"https:\\\/\\\/letrame.com\\\/catalogo\\\/#organization\"},\"potentialAction\":[{\"@type\":\"SearchAction\",\"target\":{\"@type\":\"EntryPoint\",\"urlTemplate\":\"https:\\\/\\\/letrame.com\\\/catalogo\\\/?s={search_term_string}\"},\"query-input\":{\"@type\":\"PropertyValueSpecification\",\"valueRequired\":true,\"valueName\":\"search_term_string\"}}],\"inLanguage\":\"es\"},{\"@type\":\"Organization\",\"@id\":\"https:\\\/\\\/letrame.com\\\/catalogo\\\/#organization\",\"name\":\"Catalogo | Letrame Grupo Editorial\",\"url\":\"https:\\\/\\\/letrame.com\\\/catalogo\\\/\",\"logo\":{\"@type\":\"ImageObject\",\"inLanguage\":\"es\",\"@id\":\"https:\\\/\\\/letrame.com\\\/catalogo\\\/#\\\/schema\\\/logo\\\/image\\\/\",\"url\":\"https:\\\/\\\/letrame.com\\\/catalogo\\\/wp-content\\\/uploads\\\/2024\\\/03\\\/logo2.webp\",\"contentUrl\":\"https:\\\/\\\/letrame.com\\\/catalogo\\\/wp-content\\\/uploads\\\/2024\\\/03\\\/logo2.webp\",\"width\":394,\"height\":128,\"caption\":\"Catalogo | Letrame Grupo Editorial\"},\"image\":{\"@id\":\"https:\\\/\\\/letrame.com\\\/catalogo\\\/#\\\/schema\\\/logo\\\/image\\\/\"}}]}<\/script>\n<!-- \/ Yoast SEO plugin. -->","yoast_head_json":{"title":"El misterio de Bel\u00e9n - Catalogo | Letrame Grupo Editorial","robots":{"index":"index","follow":"follow","max-snippet":"max-snippet:-1","max-image-preview":"max-image-preview:large","max-video-preview":"max-video-preview:-1"},"canonical":"https:\/\/letrame.com\/catalogo\/producto\/el-misterio-de-belen\/","og_locale":"es_ES","og_type":"article","og_title":"El misterio de Bel\u00e9n - Catalogo | Letrame Grupo Editorial","og_description":"ISBN: 978-84-1181-484-3 SINOPSIS Despu\u00e9s de la cena de Noche Buena unos nietos le piden a su abuela que les relate una historia, sent\u00edan nostalgia de sus a\u00f1os infantiles cuando su abuela les contaba cuentos antes de irse a la cama. Su abuela motivada por el ambiente navide\u00f1o decide relatarles una historia que tenga que ver con el origen de la Navidad. Un tema que sus nietos desconocen completamente. Su abuela, sabiendo que sus nietos no tienen ninguna instrucci\u00f3n religiosa, considera que es el momento oportuno para iniciarlos en el conocimiento de Dios y se decanta por la historia de la venida al mundo del Mes\u00edas. Esta historia apasion\u00f3 tanto a sus nietos que le rogaron a su abuela que quer\u00edan saber m\u00e1s, pero su abuela estaba fatigada y no pudo contarla de una sola vez, por lo cual dividi\u00f3 la historia en tres partes, las cuales fue contando de un a\u00f1o para otro hasta completarla. Al final del relato sus nietos se quedaron profundamente emocionados y recompensaron a su abuela con su amor.","og_url":"https:\/\/letrame.com\/catalogo\/producto\/el-misterio-de-belen\/","og_site_name":"Catalogo | Letrame Grupo Editorial","article_modified_time":"2024-04-29T14:43:25+00:00","og_image":[{"width":1813,"height":2560,"url":"https:\/\/letrame.com\/catalogo\/wp-content\/uploads\/2024\/04\/webportada_elmisteriodebelen_768mm-min-scaled-1.jpg","type":"image\/jpeg"}],"twitter_card":"summary_large_image","twitter_misc":{"Tiempo de lectura":"1 minuto"},"schema":{"@context":"https:\/\/schema.org","@graph":[{"@type":"WebPage","@id":"https:\/\/letrame.com\/catalogo\/producto\/el-misterio-de-belen\/","url":"https:\/\/letrame.com\/catalogo\/producto\/el-misterio-de-belen\/","name":"El misterio de Bel\u00e9n - Catalogo | Letrame Grupo Editorial","isPartOf":{"@id":"https:\/\/letrame.com\/catalogo\/#website"},"primaryImageOfPage":{"@id":"https:\/\/letrame.com\/catalogo\/producto\/el-misterio-de-belen\/#primaryimage"},"image":{"@id":"https:\/\/letrame.com\/catalogo\/producto\/el-misterio-de-belen\/#primaryimage"},"thumbnailUrl":"https:\/\/letrame.com\/catalogo\/wp-content\/uploads\/2024\/04\/webportada_elmisteriodebelen_768mm-min-scaled-1.jpg","datePublished":"2024-04-29T14:43:10+00:00","dateModified":"2024-04-29T14:43:25+00:00","breadcrumb":{"@id":"https:\/\/letrame.com\/catalogo\/producto\/el-misterio-de-belen\/#breadcrumb"},"inLanguage":"es","potentialAction":[{"@type":"ReadAction","target":["https:\/\/letrame.com\/catalogo\/producto\/el-misterio-de-belen\/"]}]},{"@type":"ImageObject","inLanguage":"es","@id":"https:\/\/letrame.com\/catalogo\/producto\/el-misterio-de-belen\/#primaryimage","url":"https:\/\/letrame.com\/catalogo\/wp-content\/uploads\/2024\/04\/webportada_elmisteriodebelen_768mm-min-scaled-1.jpg","contentUrl":"https:\/\/letrame.com\/catalogo\/wp-content\/uploads\/2024\/04\/webportada_elmisteriodebelen_768mm-min-scaled-1.jpg","width":1813,"height":2560},{"@type":"BreadcrumbList","@id":"https:\/\/letrame.com\/catalogo\/producto\/el-misterio-de-belen\/#breadcrumb","itemListElement":[{"@type":"ListItem","position":1,"name":"Portada","item":"https:\/\/letrame.com\/catalogo\/"},{"@type":"ListItem","position":2,"name":"Cat\u00e1logo","item":"https:\/\/letrame.com\/catalogo\/"},{"@type":"ListItem","position":3,"name":"El misterio de Bel\u00e9n"}]},{"@type":"WebSite","@id":"https:\/\/letrame.com\/catalogo\/#website","url":"https:\/\/letrame.com\/catalogo\/","name":"Catalogo | Letrame Grupo Editorial","description":"","publisher":{"@id":"https:\/\/letrame.com\/catalogo\/#organization"},"potentialAction":[{"@type":"SearchAction","target":{"@type":"EntryPoint","urlTemplate":"https:\/\/letrame.com\/catalogo\/?s={search_term_string}"},"query-input":{"@type":"PropertyValueSpecification","valueRequired":true,"valueName":"search_term_string"}}],"inLanguage":"es"},{"@type":"Organization","@id":"https:\/\/letrame.com\/catalogo\/#organization","name":"Catalogo | Letrame Grupo Editorial","url":"https:\/\/letrame.com\/catalogo\/","logo":{"@type":"ImageObject","inLanguage":"es","@id":"https:\/\/letrame.com\/catalogo\/#\/schema\/logo\/image\/","url":"https:\/\/letrame.com\/catalogo\/wp-content\/uploads\/2024\/03\/logo2.webp","contentUrl":"https:\/\/letrame.com\/catalogo\/wp-content\/uploads\/2024\/03\/logo2.webp","width":394,"height":128,"caption":"Catalogo | Letrame Grupo Editorial"},"image":{"@id":"https:\/\/letrame.com\/catalogo\/#\/schema\/logo\/image\/"}}]}},"_links":{"self":[{"href":"https:\/\/letrame.com\/catalogo\/wp-json\/wp\/v2\/product\/99605","targetHints":{"allow":["GET"]}}],"collection":[{"href":"https:\/\/letrame.com\/catalogo\/wp-json\/wp\/v2\/product"}],"about":[{"href":"https:\/\/letrame.com\/catalogo\/wp-json\/wp\/v2\/types\/product"}],"replies":[{"embeddable":true,"href":"https:\/\/letrame.com\/catalogo\/wp-json\/wp\/v2\/comments?post=99605"}],"acf:post":[{"embeddable":true,"href":"https:\/\/letrame.com\/catalogo\/wp-json\/wp\/v2\/author_book\/77899"}],"wp:featuredmedia":[{"embeddable":true,"href":"https:\/\/letrame.com\/catalogo\/wp-json\/wp\/v2\/media\/99606"}],"wp:attachment":[{"href":"https:\/\/letrame.com\/catalogo\/wp-json\/wp\/v2\/media?parent=99605"}],"wp:term":[{"taxonomy":"libro","embeddable":true,"href":"https:\/\/letrame.com\/catalogo\/wp-json\/wp\/v2\/libro?post=99605"},{"taxonomy":"product_brand","embeddable":true,"href":"https:\/\/letrame.com\/catalogo\/wp-json\/wp\/v2\/product_brand?post=99605"},{"taxonomy":"product_cat","embeddable":true,"href":"https:\/\/letrame.com\/catalogo\/wp-json\/wp\/v2\/product_cat?post=99605"},{"taxonomy":"product_tag","embeddable":true,"href":"https:\/\/letrame.com\/catalogo\/wp-json\/wp\/v2\/product_tag?post=99605"}],"curies":[{"name":"wp","href":"https:\/\/api.w.org\/{rel}","templated":true}]}}