{"id":99585,"date":"2024-04-29T16:40:16","date_gmt":"2024-04-29T14:40:16","guid":{"rendered":"https:\/\/letrame.com\/catalogo\/producto\/donde-mis-alas-me-lleven\/"},"modified":"2024-07-30T09:27:51","modified_gmt":"2024-07-30T07:27:51","slug":"donde-mis-alas-me-lleven","status":"publish","type":"product","link":"https:\/\/letrame.com\/catalogo\/producto\/donde-mis-alas-me-lleven\/","title":{"rendered":"Donde mis alas me lleven"},"content":{"rendered":"<p>ISBN:\u00a0978-84-1181-486-7<\/p>\n<p>T\u00edtulo: Donde mis alas me lleven<br \/>\nFecha:_2023<br \/>\nP\u00e1ginas:\u00a0278<\/p>\n<p>SINOPSIS<\/p>\n<p>El dolor es inevitable, pero transitarlo en soledad es una elecci\u00f3n.<br \/>\nOlivia, una mujer de 41 a\u00f1os que, tras experimentar una desgarradora ruptura amorosa, transita un profundo duelo a lo largo de doce etapas.<br \/>\nLa suya es una apasionante y conmovedora historia de superaci\u00f3n personal, a trav\u00e9s de la cual la autora nos invita a acompa\u00f1arla por el camino del duelo, sumergi\u00e9ndonos en un proceso de autodescubrimiento para que aprendamos a transformar todo ese dolor, del que huimos, en amor.<\/p>\n<p>Donde mis alas me lleven es una obra que destaca por su intensidad emocional, su estilo po\u00e9tico y su capacidad para abordar temas universales como el amor, la p\u00e9rdida y el crecimiento personal.<br \/>\nUn testimonio tan \u00edntimo como generoso, de profunda transformaci\u00f3n, donde descubrir\u00e1s como la atenci\u00f3n plena (mindfulness) y la meditaci\u00f3n te ayudar\u00e1n a atravesar todo tipo de p\u00e9rdidas para que finalmente consigas, al igual que Olivia, sanar, desplegar tus alas y conectar con todo tu potencial.<\/p>\n","protected":false},"excerpt":{"rendered":"<p>ISBN:\u00a0978-84-1181-486-7<\/p>\n<p>SINOPSIS<\/p>\n<p>El dolor es inevitable, pero transitarlo en soledad es una elecci\u00f3n.<br \/>\nOlivia, una mujer de 41 a\u00f1os que, tras experimentar una desgarradora ruptura amorosa, transita un profundo duelo a lo largo de doce etapas.<br \/>\nLa suya es una apasionante y conmovedora historia de superaci\u00f3n personal, a trav\u00e9s de la cual la autora nos invita a acompa\u00f1arla por el camino del duelo, sumergi\u00e9ndonos en un proceso de autodescubrimiento para que aprendamos a transformar todo ese dolor, del que huimos, en amor.<\/p>\n<p>Donde mis alas me lleven es una obra que destaca por su intensidad emocional, su estilo po\u00e9tico y su capacidad para abordar temas universales como el amor, la p\u00e9rdida y el crecimiento personal.<br \/>\nUn testimonio tan \u00edntimo como generoso, de profunda transformaci\u00f3n, donde descubrir\u00e1s como la atenci\u00f3n plena (mindfulness) y la meditaci\u00f3n te ayudar\u00e1n a atravesar todo tipo de p\u00e9rdidas para que finalmente consigas, al igual que Olivia, sanar, desplegar tus alas y conectar con todo tu potencial.<\/p>\n","protected":false},"featured_media":99586,"comment_status":"closed","ping_status":"closed","template":"","meta":{"_acf_changed":false},"libro":[],"product_brand":[],"product_cat":[16,26],"product_tag":[],"class_list":{"0":"post-99585","1":"product","2":"type-product","3":"status-publish","4":"has-post-thumbnail","6":"product_cat-novela","7":"product_cat-sin-categoria","9":"first","10":"instock","11":"product-type-simple"},"acf":{"autor":[77883],"enlace_de_compra":"https:\/\/amzn.to\/4d1Ld0W"},"yoast_head":"<!-- This site is optimized with the Yoast SEO plugin v27.4 - https:\/\/yoast.com\/product\/yoast-seo-wordpress\/ -->\n<title>Donde mis alas me lleven - Catalogo | Letrame Grupo Editorial<\/title>\n<meta name=\"robots\" content=\"index, follow, max-snippet:-1, max-image-preview:large, max-video-preview:-1\" \/>\n<link rel=\"canonical\" href=\"https:\/\/letrame.com\/catalogo\/producto\/donde-mis-alas-me-lleven\/\" \/>\n<meta property=\"og:locale\" content=\"es_ES\" \/>\n<meta property=\"og:type\" content=\"article\" \/>\n<meta property=\"og:title\" content=\"Donde mis alas me lleven - Catalogo | Letrame Grupo Editorial\" \/>\n<meta property=\"og:description\" content=\"ISBN:\u00a0978-84-1181-486-7  SINOPSIS  El dolor es inevitable, pero transitarlo en soledad es una elecci\u00f3n. Olivia, una mujer de 41 a\u00f1os que, tras experimentar una desgarradora ruptura amorosa, transita un profundo duelo a lo largo de doce etapas. La suya es una apasionante y conmovedora historia de superaci\u00f3n personal, a trav\u00e9s de la cual la autora nos invita a acompa\u00f1arla por el camino del duelo, sumergi\u00e9ndonos en un proceso de autodescubrimiento para que aprendamos a transformar todo ese dolor, del que huimos, en amor.  Donde mis alas me lleven es una obra que destaca por su intensidad emocional, su estilo po\u00e9tico y su capacidad para abordar temas universales como el amor, la p\u00e9rdida y el crecimiento personal. Un testimonio tan \u00edntimo como generoso, de profunda transformaci\u00f3n, donde descubrir\u00e1s como la atenci\u00f3n plena (mindfulness) y la meditaci\u00f3n te ayudar\u00e1n a atravesar todo tipo de p\u00e9rdidas para que finalmente consigas, al igual que Olivia, sanar, desplegar tus alas y conectar con todo tu potencial.\" \/>\n<meta property=\"og:url\" content=\"https:\/\/letrame.com\/catalogo\/producto\/donde-mis-alas-me-lleven\/\" \/>\n<meta property=\"og:site_name\" content=\"Catalogo | Letrame Grupo Editorial\" \/>\n<meta property=\"article:modified_time\" content=\"2024-07-30T07:27:51+00:00\" \/>\n<meta property=\"og:image\" content=\"https:\/\/letrame.com\/catalogo\/wp-content\/uploads\/2024\/04\/webportada_dondemisalas_15mm-compressed-scaled-1.jpg\" \/>\n\t<meta property=\"og:image:width\" content=\"1746\" \/>\n\t<meta property=\"og:image:height\" content=\"2560\" \/>\n\t<meta property=\"og:image:type\" content=\"image\/jpeg\" \/>\n<meta name=\"twitter:card\" content=\"summary_large_image\" \/>\n<meta name=\"twitter:label1\" content=\"Tiempo de lectura\" \/>\n\t<meta name=\"twitter:data1\" content=\"1 minuto\" \/>\n<script type=\"application\/ld+json\" class=\"yoast-schema-graph\">{\"@context\":\"https:\\\/\\\/schema.org\",\"@graph\":[{\"@type\":\"WebPage\",\"@id\":\"https:\\\/\\\/letrame.com\\\/catalogo\\\/producto\\\/donde-mis-alas-me-lleven\\\/\",\"url\":\"https:\\\/\\\/letrame.com\\\/catalogo\\\/producto\\\/donde-mis-alas-me-lleven\\\/\",\"name\":\"Donde mis alas me lleven - Catalogo | Letrame Grupo Editorial\",\"isPartOf\":{\"@id\":\"https:\\\/\\\/letrame.com\\\/catalogo\\\/#website\"},\"primaryImageOfPage\":{\"@id\":\"https:\\\/\\\/letrame.com\\\/catalogo\\\/producto\\\/donde-mis-alas-me-lleven\\\/#primaryimage\"},\"image\":{\"@id\":\"https:\\\/\\\/letrame.com\\\/catalogo\\\/producto\\\/donde-mis-alas-me-lleven\\\/#primaryimage\"},\"thumbnailUrl\":\"https:\\\/\\\/letrame.com\\\/catalogo\\\/wp-content\\\/uploads\\\/2024\\\/04\\\/webportada_dondemisalas_15mm-compressed-scaled-1.jpg\",\"datePublished\":\"2024-04-29T14:40:16+00:00\",\"dateModified\":\"2024-07-30T07:27:51+00:00\",\"breadcrumb\":{\"@id\":\"https:\\\/\\\/letrame.com\\\/catalogo\\\/producto\\\/donde-mis-alas-me-lleven\\\/#breadcrumb\"},\"inLanguage\":\"es\",\"potentialAction\":[{\"@type\":\"ReadAction\",\"target\":[\"https:\\\/\\\/letrame.com\\\/catalogo\\\/producto\\\/donde-mis-alas-me-lleven\\\/\"]}]},{\"@type\":\"ImageObject\",\"inLanguage\":\"es\",\"@id\":\"https:\\\/\\\/letrame.com\\\/catalogo\\\/producto\\\/donde-mis-alas-me-lleven\\\/#primaryimage\",\"url\":\"https:\\\/\\\/letrame.com\\\/catalogo\\\/wp-content\\\/uploads\\\/2024\\\/04\\\/webportada_dondemisalas_15mm-compressed-scaled-1.jpg\",\"contentUrl\":\"https:\\\/\\\/letrame.com\\\/catalogo\\\/wp-content\\\/uploads\\\/2024\\\/04\\\/webportada_dondemisalas_15mm-compressed-scaled-1.jpg\",\"width\":1746,\"height\":2560},{\"@type\":\"BreadcrumbList\",\"@id\":\"https:\\\/\\\/letrame.com\\\/catalogo\\\/producto\\\/donde-mis-alas-me-lleven\\\/#breadcrumb\",\"itemListElement\":[{\"@type\":\"ListItem\",\"position\":1,\"name\":\"Portada\",\"item\":\"https:\\\/\\\/letrame.com\\\/catalogo\\\/\"},{\"@type\":\"ListItem\",\"position\":2,\"name\":\"Cat\u00e1logo\",\"item\":\"https:\\\/\\\/letrame.com\\\/catalogo\\\/\"},{\"@type\":\"ListItem\",\"position\":3,\"name\":\"Donde mis alas me lleven\"}]},{\"@type\":\"WebSite\",\"@id\":\"https:\\\/\\\/letrame.com\\\/catalogo\\\/#website\",\"url\":\"https:\\\/\\\/letrame.com\\\/catalogo\\\/\",\"name\":\"Catalogo | Letrame Grupo Editorial\",\"description\":\"\",\"publisher\":{\"@id\":\"https:\\\/\\\/letrame.com\\\/catalogo\\\/#organization\"},\"potentialAction\":[{\"@type\":\"SearchAction\",\"target\":{\"@type\":\"EntryPoint\",\"urlTemplate\":\"https:\\\/\\\/letrame.com\\\/catalogo\\\/?s={search_term_string}\"},\"query-input\":{\"@type\":\"PropertyValueSpecification\",\"valueRequired\":true,\"valueName\":\"search_term_string\"}}],\"inLanguage\":\"es\"},{\"@type\":\"Organization\",\"@id\":\"https:\\\/\\\/letrame.com\\\/catalogo\\\/#organization\",\"name\":\"Catalogo | Letrame Grupo Editorial\",\"url\":\"https:\\\/\\\/letrame.com\\\/catalogo\\\/\",\"logo\":{\"@type\":\"ImageObject\",\"inLanguage\":\"es\",\"@id\":\"https:\\\/\\\/letrame.com\\\/catalogo\\\/#\\\/schema\\\/logo\\\/image\\\/\",\"url\":\"https:\\\/\\\/letrame.com\\\/catalogo\\\/wp-content\\\/uploads\\\/2024\\\/03\\\/logo2.webp\",\"contentUrl\":\"https:\\\/\\\/letrame.com\\\/catalogo\\\/wp-content\\\/uploads\\\/2024\\\/03\\\/logo2.webp\",\"width\":394,\"height\":128,\"caption\":\"Catalogo | Letrame Grupo Editorial\"},\"image\":{\"@id\":\"https:\\\/\\\/letrame.com\\\/catalogo\\\/#\\\/schema\\\/logo\\\/image\\\/\"}}]}<\/script>\n<!-- \/ Yoast SEO plugin. -->","yoast_head_json":{"title":"Donde mis alas me lleven - Catalogo | Letrame Grupo Editorial","robots":{"index":"index","follow":"follow","max-snippet":"max-snippet:-1","max-image-preview":"max-image-preview:large","max-video-preview":"max-video-preview:-1"},"canonical":"https:\/\/letrame.com\/catalogo\/producto\/donde-mis-alas-me-lleven\/","og_locale":"es_ES","og_type":"article","og_title":"Donde mis alas me lleven - Catalogo | Letrame Grupo Editorial","og_description":"ISBN:\u00a0978-84-1181-486-7  SINOPSIS  El dolor es inevitable, pero transitarlo en soledad es una elecci\u00f3n. Olivia, una mujer de 41 a\u00f1os que, tras experimentar una desgarradora ruptura amorosa, transita un profundo duelo a lo largo de doce etapas. La suya es una apasionante y conmovedora historia de superaci\u00f3n personal, a trav\u00e9s de la cual la autora nos invita a acompa\u00f1arla por el camino del duelo, sumergi\u00e9ndonos en un proceso de autodescubrimiento para que aprendamos a transformar todo ese dolor, del que huimos, en amor.  Donde mis alas me lleven es una obra que destaca por su intensidad emocional, su estilo po\u00e9tico y su capacidad para abordar temas universales como el amor, la p\u00e9rdida y el crecimiento personal. Un testimonio tan \u00edntimo como generoso, de profunda transformaci\u00f3n, donde descubrir\u00e1s como la atenci\u00f3n plena (mindfulness) y la meditaci\u00f3n te ayudar\u00e1n a atravesar todo tipo de p\u00e9rdidas para que finalmente consigas, al igual que Olivia, sanar, desplegar tus alas y conectar con todo tu potencial.","og_url":"https:\/\/letrame.com\/catalogo\/producto\/donde-mis-alas-me-lleven\/","og_site_name":"Catalogo | Letrame Grupo Editorial","article_modified_time":"2024-07-30T07:27:51+00:00","og_image":[{"width":1746,"height":2560,"url":"https:\/\/letrame.com\/catalogo\/wp-content\/uploads\/2024\/04\/webportada_dondemisalas_15mm-compressed-scaled-1.jpg","type":"image\/jpeg"}],"twitter_card":"summary_large_image","twitter_misc":{"Tiempo de lectura":"1 minuto"},"schema":{"@context":"https:\/\/schema.org","@graph":[{"@type":"WebPage","@id":"https:\/\/letrame.com\/catalogo\/producto\/donde-mis-alas-me-lleven\/","url":"https:\/\/letrame.com\/catalogo\/producto\/donde-mis-alas-me-lleven\/","name":"Donde mis alas me lleven - Catalogo | Letrame Grupo Editorial","isPartOf":{"@id":"https:\/\/letrame.com\/catalogo\/#website"},"primaryImageOfPage":{"@id":"https:\/\/letrame.com\/catalogo\/producto\/donde-mis-alas-me-lleven\/#primaryimage"},"image":{"@id":"https:\/\/letrame.com\/catalogo\/producto\/donde-mis-alas-me-lleven\/#primaryimage"},"thumbnailUrl":"https:\/\/letrame.com\/catalogo\/wp-content\/uploads\/2024\/04\/webportada_dondemisalas_15mm-compressed-scaled-1.jpg","datePublished":"2024-04-29T14:40:16+00:00","dateModified":"2024-07-30T07:27:51+00:00","breadcrumb":{"@id":"https:\/\/letrame.com\/catalogo\/producto\/donde-mis-alas-me-lleven\/#breadcrumb"},"inLanguage":"es","potentialAction":[{"@type":"ReadAction","target":["https:\/\/letrame.com\/catalogo\/producto\/donde-mis-alas-me-lleven\/"]}]},{"@type":"ImageObject","inLanguage":"es","@id":"https:\/\/letrame.com\/catalogo\/producto\/donde-mis-alas-me-lleven\/#primaryimage","url":"https:\/\/letrame.com\/catalogo\/wp-content\/uploads\/2024\/04\/webportada_dondemisalas_15mm-compressed-scaled-1.jpg","contentUrl":"https:\/\/letrame.com\/catalogo\/wp-content\/uploads\/2024\/04\/webportada_dondemisalas_15mm-compressed-scaled-1.jpg","width":1746,"height":2560},{"@type":"BreadcrumbList","@id":"https:\/\/letrame.com\/catalogo\/producto\/donde-mis-alas-me-lleven\/#breadcrumb","itemListElement":[{"@type":"ListItem","position":1,"name":"Portada","item":"https:\/\/letrame.com\/catalogo\/"},{"@type":"ListItem","position":2,"name":"Cat\u00e1logo","item":"https:\/\/letrame.com\/catalogo\/"},{"@type":"ListItem","position":3,"name":"Donde mis alas me lleven"}]},{"@type":"WebSite","@id":"https:\/\/letrame.com\/catalogo\/#website","url":"https:\/\/letrame.com\/catalogo\/","name":"Catalogo | Letrame Grupo Editorial","description":"","publisher":{"@id":"https:\/\/letrame.com\/catalogo\/#organization"},"potentialAction":[{"@type":"SearchAction","target":{"@type":"EntryPoint","urlTemplate":"https:\/\/letrame.com\/catalogo\/?s={search_term_string}"},"query-input":{"@type":"PropertyValueSpecification","valueRequired":true,"valueName":"search_term_string"}}],"inLanguage":"es"},{"@type":"Organization","@id":"https:\/\/letrame.com\/catalogo\/#organization","name":"Catalogo | Letrame Grupo Editorial","url":"https:\/\/letrame.com\/catalogo\/","logo":{"@type":"ImageObject","inLanguage":"es","@id":"https:\/\/letrame.com\/catalogo\/#\/schema\/logo\/image\/","url":"https:\/\/letrame.com\/catalogo\/wp-content\/uploads\/2024\/03\/logo2.webp","contentUrl":"https:\/\/letrame.com\/catalogo\/wp-content\/uploads\/2024\/03\/logo2.webp","width":394,"height":128,"caption":"Catalogo | Letrame Grupo Editorial"},"image":{"@id":"https:\/\/letrame.com\/catalogo\/#\/schema\/logo\/image\/"}}]}},"_links":{"self":[{"href":"https:\/\/letrame.com\/catalogo\/wp-json\/wp\/v2\/product\/99585","targetHints":{"allow":["GET"]}}],"collection":[{"href":"https:\/\/letrame.com\/catalogo\/wp-json\/wp\/v2\/product"}],"about":[{"href":"https:\/\/letrame.com\/catalogo\/wp-json\/wp\/v2\/types\/product"}],"replies":[{"embeddable":true,"href":"https:\/\/letrame.com\/catalogo\/wp-json\/wp\/v2\/comments?post=99585"}],"acf:post":[{"embeddable":true,"href":"https:\/\/letrame.com\/catalogo\/wp-json\/wp\/v2\/author_book\/77883"}],"wp:featuredmedia":[{"embeddable":true,"href":"https:\/\/letrame.com\/catalogo\/wp-json\/wp\/v2\/media\/99586"}],"wp:attachment":[{"href":"https:\/\/letrame.com\/catalogo\/wp-json\/wp\/v2\/media?parent=99585"}],"wp:term":[{"taxonomy":"libro","embeddable":true,"href":"https:\/\/letrame.com\/catalogo\/wp-json\/wp\/v2\/libro?post=99585"},{"taxonomy":"product_brand","embeddable":true,"href":"https:\/\/letrame.com\/catalogo\/wp-json\/wp\/v2\/product_brand?post=99585"},{"taxonomy":"product_cat","embeddable":true,"href":"https:\/\/letrame.com\/catalogo\/wp-json\/wp\/v2\/product_cat?post=99585"},{"taxonomy":"product_tag","embeddable":true,"href":"https:\/\/letrame.com\/catalogo\/wp-json\/wp\/v2\/product_tag?post=99585"}],"curies":[{"name":"wp","href":"https:\/\/api.w.org\/{rel}","templated":true}]}}