{"id":99566,"date":"2024-04-29T16:38:21","date_gmt":"2024-04-29T14:38:21","guid":{"rendered":"https:\/\/letrame.com\/catalogo\/producto\/entre-rios\/"},"modified":"2024-04-29T16:38:35","modified_gmt":"2024-04-29T14:38:35","slug":"entre-rios","status":"publish","type":"product","link":"https:\/\/letrame.com\/catalogo\/producto\/entre-rios\/","title":{"rendered":"Entre r\u00edos"},"content":{"rendered":"<p><strong>ISBN<\/strong>: 978-84-1181-539-0<\/p>\n<p><strong>T\u00edtulo<\/strong>: Entre r\u00edos<br \/>\n<strong>Fecha<\/strong>: 2023<br \/>\n<strong>P\u00e1ginas<\/strong>: 500<\/p>\n<p><strong>SINOPSIS<\/strong><\/p>\n<p>A finales de setiembre de 1833 muere Fernando VII, entrando en vigor la Pragm\u00e1tica Sanci\u00f3n que permit\u00eda reinar a su hija Isabel. El seis de octubre de este a\u00f1o, en Tricio, un peque\u00f1o pueblo de la Rioja en las cercan\u00edas de N\u00e1jera, el brigadier don Santos Ladr\u00f3n de Cegama proclama rey de Espa\u00f1a a don Carlos Mar\u00eda Isidro de Borb\u00f3n, t\u00edo de Isabel, dando lugar al inicio de una cruel guerra civil: la primera guerra carlista, una de las varias que ti\u00f1eron de sangre el pa\u00eds.<\/p>\n<p>Juan Ruiz, hijo del herrero de Oqu\u00e9ruri, se ve inmerso en esa guerra obligado a luchar en el bando carlista para aliviar las presiones sobre su familia. A su padre, en el pueblo, los gerifaltes y algunos convecinos no le hab\u00edan perdonado la afrenta de que se enrolara como herrero militar en el ej\u00e9rcito brit\u00e1nico de Lord Wellington, que por aquel entonces luchaba contra el ej\u00e9rcito imperial de Napole\u00f3n por las tierras hispanas y participar\u00e1 en la batalla de Vitoria.<\/p>\n<p>Tras una infancia feliz y una educaci\u00f3n inusual, Juan vive las vicisitudes de una guerra cruel. Tras el abrazo de Vergara en agosto de 1839 lleg\u00f3 el fin de las hostilidades en el frente del norte. Despu\u00e9s de verse repudiado y sin trabajo, Juan y sus camaradas se ven obligados a caer en el bandolerismo para poder sobrevivir. Perseguido y acosado por la milicia y el\u00a0\u00ab<em>Desalmao\u00bb,<\/em>\u00a0no parece vislumbrarse un horizonte di\u00e1fano para Juan.<\/p>\n<p>Es un relato de tiempos de alegr\u00edas, de tristezas, de dolor, de amores; siguiendo la huella de un dije con la cruz de San Andr\u00e9s y enmarcado por el curso de tantos r\u00edos: el Tir\u00f3n, el Ebro, el riachuelo del molino, el r\u00edo Salado, el r\u00edo Ega, el r\u00edo Oria\u2026 Una \u00e9poca convulsa reflejada en las aguas de los r\u00edos.<\/p>\n","protected":false},"excerpt":{"rendered":"<p><strong>ISBN<\/strong>: 978-84-1181-539-0<\/p>\n<p><strong>SINOPSIS<\/strong><\/p>\n<p>A finales de setiembre de 1833 muere Fernando VII, entrando en vigor la Pragm\u00e1tica Sanci\u00f3n que permit\u00eda reinar a su hija Isabel. El seis de octubre de este a\u00f1o, en Tricio, un peque\u00f1o pueblo de la Rioja en las cercan\u00edas de N\u00e1jera, el brigadier don Santos Ladr\u00f3n de Cegama proclama rey de Espa\u00f1a a don Carlos Mar\u00eda Isidro de Borb\u00f3n, t\u00edo de Isabel, dando lugar al inicio de una cruel guerra civil: la primera guerra carlista, una de las varias que ti\u00f1eron de sangre el pa\u00eds.<\/p>\n<p>Juan Ruiz, hijo del herrero de Oqu\u00e9ruri, se ve inmerso en esa guerra obligado a luchar en el bando carlista para aliviar las presiones sobre su familia. A su padre, en el pueblo, los gerifaltes y algunos convecinos no le hab\u00edan perdonado la afrenta de que se enrolara como herrero militar en el ej\u00e9rcito brit\u00e1nico de Lord Wellington, que por aquel entonces luchaba contra el ej\u00e9rcito imperial de Napole\u00f3n por las tierras hispanas y participar\u00e1 en la batalla de Vitoria.<\/p>\n<p>Tras una infancia feliz y una educaci\u00f3n inusual, Juan vive las vicisitudes de una guerra cruel. Tras el abrazo de Vergara en agosto de 1839 lleg\u00f3 el fin de las hostilidades en el frente del norte. Despu\u00e9s de verse repudiado y sin trabajo, Juan y sus camaradas se ven obligados a caer en el bandolerismo para poder sobrevivir. Perseguido y acosado por la milicia y el\u00a0\u00ab<em>Desalmao\u00bb,<\/em>\u00a0no parece vislumbrarse un horizonte di\u00e1fano para Juan.<\/p>\n<p>Es un relato de tiempos de alegr\u00edas, de tristezas, de dolor, de amores; siguiendo la huella de un dije con la cruz de San Andr\u00e9s y enmarcado por el curso de tantos r\u00edos: el Tir\u00f3n, el Ebro, el riachuelo del molino, el r\u00edo Salado, el r\u00edo Ega, el r\u00edo Oria\u2026 Una \u00e9poca convulsa reflejada en las aguas de los r\u00edos.<\/p>\n","protected":false},"featured_media":99567,"comment_status":"closed","ping_status":"open","template":"","meta":{"_acf_changed":false},"libro":[],"product_brand":[],"product_cat":[26],"product_tag":[],"class_list":{"0":"post-99566","1":"product","2":"type-product","3":"status-publish","4":"has-post-thumbnail","6":"product_cat-sin-categoria","8":"first","9":"instock","10":"product-type-simple"},"acf":{"autor":[77866],"enlace_de_compra":""},"yoast_head":"<!-- This site is optimized with the Yoast SEO plugin v27.4 - https:\/\/yoast.com\/product\/yoast-seo-wordpress\/ -->\n<title>Entre r\u00edos - Catalogo | Letrame Grupo Editorial<\/title>\n<meta name=\"robots\" content=\"index, follow, max-snippet:-1, max-image-preview:large, max-video-preview:-1\" \/>\n<link rel=\"canonical\" href=\"https:\/\/letrame.com\/catalogo\/producto\/entre-rios\/\" \/>\n<meta property=\"og:locale\" content=\"es_ES\" \/>\n<meta property=\"og:type\" content=\"article\" \/>\n<meta property=\"og:title\" content=\"Entre r\u00edos - Catalogo | Letrame Grupo Editorial\" \/>\n<meta property=\"og:description\" content=\"ISBN: 978-84-1181-539-0 SINOPSIS A finales de setiembre de 1833 muere Fernando VII, entrando en vigor la Pragm\u00e1tica Sanci\u00f3n que permit\u00eda reinar a su hija Isabel. El seis de octubre de este a\u00f1o, en Tricio, un peque\u00f1o pueblo de la Rioja en las cercan\u00edas de N\u00e1jera, el brigadier don Santos Ladr\u00f3n de Cegama proclama rey de Espa\u00f1a a don Carlos Mar\u00eda Isidro de Borb\u00f3n, t\u00edo de Isabel, dando lugar al inicio de una cruel guerra civil: la primera guerra carlista, una de las varias que ti\u00f1eron de sangre el pa\u00eds. Juan Ruiz, hijo del herrero de Oqu\u00e9ruri, se ve inmerso en esa guerra obligado a luchar en el bando carlista para aliviar las presiones sobre su familia. A su padre, en el pueblo, los gerifaltes y algunos convecinos no le hab\u00edan perdonado la afrenta de que se enrolara como herrero militar en el ej\u00e9rcito brit\u00e1nico de Lord Wellington, que por aquel entonces luchaba contra el ej\u00e9rcito imperial de Napole\u00f3n por las tierras hispanas y participar\u00e1 en la batalla de Vitoria. Tras una infancia feliz y una educaci\u00f3n inusual, Juan vive las vicisitudes de una guerra cruel. Tras el abrazo de Vergara en agosto de 1839 lleg\u00f3 el fin de las hostilidades en el frente del norte. Despu\u00e9s de verse repudiado y sin trabajo, Juan y sus camaradas se ven obligados a caer en el bandolerismo para poder sobrevivir. Perseguido y acosado por la milicia y el\u00a0\u00abDesalmao\u00bb,\u00a0no parece vislumbrarse un horizonte di\u00e1fano para Juan. Es un relato de tiempos de alegr\u00edas, de tristezas, de dolor, de amores; siguiendo la huella de un dije con la cruz de San Andr\u00e9s y enmarcado por el curso de tantos r\u00edos: el Tir\u00f3n, el Ebro, el riachuelo del molino, el r\u00edo Salado, el r\u00edo Ega, el r\u00edo Oria\u2026 Una \u00e9poca convulsa reflejada en las aguas de los r\u00edos.\" \/>\n<meta property=\"og:url\" content=\"https:\/\/letrame.com\/catalogo\/producto\/entre-rios\/\" \/>\n<meta property=\"og:site_name\" content=\"Catalogo | Letrame Grupo Editorial\" \/>\n<meta property=\"article:modified_time\" content=\"2024-04-29T14:38:35+00:00\" \/>\n<meta property=\"og:image\" content=\"https:\/\/letrame.com\/catalogo\/wp-content\/uploads\/2024\/04\/webp_entrerios_2413mm-compressed-scaled-1.jpg\" \/>\n\t<meta property=\"og:image:width\" content=\"1781\" \/>\n\t<meta property=\"og:image:height\" content=\"2560\" \/>\n\t<meta property=\"og:image:type\" content=\"image\/jpeg\" \/>\n<meta name=\"twitter:card\" content=\"summary_large_image\" \/>\n<meta name=\"twitter:label1\" content=\"Tiempo de lectura\" \/>\n\t<meta name=\"twitter:data1\" content=\"2 minutos\" \/>\n<script type=\"application\/ld+json\" class=\"yoast-schema-graph\">{\"@context\":\"https:\\\/\\\/schema.org\",\"@graph\":[{\"@type\":\"WebPage\",\"@id\":\"https:\\\/\\\/letrame.com\\\/catalogo\\\/producto\\\/entre-rios\\\/\",\"url\":\"https:\\\/\\\/letrame.com\\\/catalogo\\\/producto\\\/entre-rios\\\/\",\"name\":\"Entre r\u00edos - Catalogo | Letrame Grupo Editorial\",\"isPartOf\":{\"@id\":\"https:\\\/\\\/letrame.com\\\/catalogo\\\/#website\"},\"primaryImageOfPage\":{\"@id\":\"https:\\\/\\\/letrame.com\\\/catalogo\\\/producto\\\/entre-rios\\\/#primaryimage\"},\"image\":{\"@id\":\"https:\\\/\\\/letrame.com\\\/catalogo\\\/producto\\\/entre-rios\\\/#primaryimage\"},\"thumbnailUrl\":\"https:\\\/\\\/letrame.com\\\/catalogo\\\/wp-content\\\/uploads\\\/2024\\\/04\\\/webp_entrerios_2413mm-compressed-scaled-1.jpg\",\"datePublished\":\"2024-04-29T14:38:21+00:00\",\"dateModified\":\"2024-04-29T14:38:35+00:00\",\"breadcrumb\":{\"@id\":\"https:\\\/\\\/letrame.com\\\/catalogo\\\/producto\\\/entre-rios\\\/#breadcrumb\"},\"inLanguage\":\"es\",\"potentialAction\":[{\"@type\":\"ReadAction\",\"target\":[\"https:\\\/\\\/letrame.com\\\/catalogo\\\/producto\\\/entre-rios\\\/\"]}]},{\"@type\":\"ImageObject\",\"inLanguage\":\"es\",\"@id\":\"https:\\\/\\\/letrame.com\\\/catalogo\\\/producto\\\/entre-rios\\\/#primaryimage\",\"url\":\"https:\\\/\\\/letrame.com\\\/catalogo\\\/wp-content\\\/uploads\\\/2024\\\/04\\\/webp_entrerios_2413mm-compressed-scaled-1.jpg\",\"contentUrl\":\"https:\\\/\\\/letrame.com\\\/catalogo\\\/wp-content\\\/uploads\\\/2024\\\/04\\\/webp_entrerios_2413mm-compressed-scaled-1.jpg\",\"width\":1781,\"height\":2560},{\"@type\":\"BreadcrumbList\",\"@id\":\"https:\\\/\\\/letrame.com\\\/catalogo\\\/producto\\\/entre-rios\\\/#breadcrumb\",\"itemListElement\":[{\"@type\":\"ListItem\",\"position\":1,\"name\":\"Portada\",\"item\":\"https:\\\/\\\/letrame.com\\\/catalogo\\\/\"},{\"@type\":\"ListItem\",\"position\":2,\"name\":\"Cat\u00e1logo\",\"item\":\"https:\\\/\\\/letrame.com\\\/catalogo\\\/\"},{\"@type\":\"ListItem\",\"position\":3,\"name\":\"Entre r\u00edos\"}]},{\"@type\":\"WebSite\",\"@id\":\"https:\\\/\\\/letrame.com\\\/catalogo\\\/#website\",\"url\":\"https:\\\/\\\/letrame.com\\\/catalogo\\\/\",\"name\":\"Catalogo | Letrame Grupo Editorial\",\"description\":\"\",\"publisher\":{\"@id\":\"https:\\\/\\\/letrame.com\\\/catalogo\\\/#organization\"},\"potentialAction\":[{\"@type\":\"SearchAction\",\"target\":{\"@type\":\"EntryPoint\",\"urlTemplate\":\"https:\\\/\\\/letrame.com\\\/catalogo\\\/?s={search_term_string}\"},\"query-input\":{\"@type\":\"PropertyValueSpecification\",\"valueRequired\":true,\"valueName\":\"search_term_string\"}}],\"inLanguage\":\"es\"},{\"@type\":\"Organization\",\"@id\":\"https:\\\/\\\/letrame.com\\\/catalogo\\\/#organization\",\"name\":\"Catalogo | Letrame Grupo Editorial\",\"url\":\"https:\\\/\\\/letrame.com\\\/catalogo\\\/\",\"logo\":{\"@type\":\"ImageObject\",\"inLanguage\":\"es\",\"@id\":\"https:\\\/\\\/letrame.com\\\/catalogo\\\/#\\\/schema\\\/logo\\\/image\\\/\",\"url\":\"https:\\\/\\\/letrame.com\\\/catalogo\\\/wp-content\\\/uploads\\\/2024\\\/03\\\/logo2.webp\",\"contentUrl\":\"https:\\\/\\\/letrame.com\\\/catalogo\\\/wp-content\\\/uploads\\\/2024\\\/03\\\/logo2.webp\",\"width\":394,\"height\":128,\"caption\":\"Catalogo | Letrame Grupo Editorial\"},\"image\":{\"@id\":\"https:\\\/\\\/letrame.com\\\/catalogo\\\/#\\\/schema\\\/logo\\\/image\\\/\"}}]}<\/script>\n<!-- \/ Yoast SEO plugin. -->","yoast_head_json":{"title":"Entre r\u00edos - Catalogo | Letrame Grupo Editorial","robots":{"index":"index","follow":"follow","max-snippet":"max-snippet:-1","max-image-preview":"max-image-preview:large","max-video-preview":"max-video-preview:-1"},"canonical":"https:\/\/letrame.com\/catalogo\/producto\/entre-rios\/","og_locale":"es_ES","og_type":"article","og_title":"Entre r\u00edos - Catalogo | Letrame Grupo Editorial","og_description":"ISBN: 978-84-1181-539-0 SINOPSIS A finales de setiembre de 1833 muere Fernando VII, entrando en vigor la Pragm\u00e1tica Sanci\u00f3n que permit\u00eda reinar a su hija Isabel. El seis de octubre de este a\u00f1o, en Tricio, un peque\u00f1o pueblo de la Rioja en las cercan\u00edas de N\u00e1jera, el brigadier don Santos Ladr\u00f3n de Cegama proclama rey de Espa\u00f1a a don Carlos Mar\u00eda Isidro de Borb\u00f3n, t\u00edo de Isabel, dando lugar al inicio de una cruel guerra civil: la primera guerra carlista, una de las varias que ti\u00f1eron de sangre el pa\u00eds. Juan Ruiz, hijo del herrero de Oqu\u00e9ruri, se ve inmerso en esa guerra obligado a luchar en el bando carlista para aliviar las presiones sobre su familia. A su padre, en el pueblo, los gerifaltes y algunos convecinos no le hab\u00edan perdonado la afrenta de que se enrolara como herrero militar en el ej\u00e9rcito brit\u00e1nico de Lord Wellington, que por aquel entonces luchaba contra el ej\u00e9rcito imperial de Napole\u00f3n por las tierras hispanas y participar\u00e1 en la batalla de Vitoria. Tras una infancia feliz y una educaci\u00f3n inusual, Juan vive las vicisitudes de una guerra cruel. Tras el abrazo de Vergara en agosto de 1839 lleg\u00f3 el fin de las hostilidades en el frente del norte. Despu\u00e9s de verse repudiado y sin trabajo, Juan y sus camaradas se ven obligados a caer en el bandolerismo para poder sobrevivir. Perseguido y acosado por la milicia y el\u00a0\u00abDesalmao\u00bb,\u00a0no parece vislumbrarse un horizonte di\u00e1fano para Juan. Es un relato de tiempos de alegr\u00edas, de tristezas, de dolor, de amores; siguiendo la huella de un dije con la cruz de San Andr\u00e9s y enmarcado por el curso de tantos r\u00edos: el Tir\u00f3n, el Ebro, el riachuelo del molino, el r\u00edo Salado, el r\u00edo Ega, el r\u00edo Oria\u2026 Una \u00e9poca convulsa reflejada en las aguas de los r\u00edos.","og_url":"https:\/\/letrame.com\/catalogo\/producto\/entre-rios\/","og_site_name":"Catalogo | Letrame Grupo Editorial","article_modified_time":"2024-04-29T14:38:35+00:00","og_image":[{"width":1781,"height":2560,"url":"https:\/\/letrame.com\/catalogo\/wp-content\/uploads\/2024\/04\/webp_entrerios_2413mm-compressed-scaled-1.jpg","type":"image\/jpeg"}],"twitter_card":"summary_large_image","twitter_misc":{"Tiempo de lectura":"2 minutos"},"schema":{"@context":"https:\/\/schema.org","@graph":[{"@type":"WebPage","@id":"https:\/\/letrame.com\/catalogo\/producto\/entre-rios\/","url":"https:\/\/letrame.com\/catalogo\/producto\/entre-rios\/","name":"Entre r\u00edos - Catalogo | Letrame Grupo Editorial","isPartOf":{"@id":"https:\/\/letrame.com\/catalogo\/#website"},"primaryImageOfPage":{"@id":"https:\/\/letrame.com\/catalogo\/producto\/entre-rios\/#primaryimage"},"image":{"@id":"https:\/\/letrame.com\/catalogo\/producto\/entre-rios\/#primaryimage"},"thumbnailUrl":"https:\/\/letrame.com\/catalogo\/wp-content\/uploads\/2024\/04\/webp_entrerios_2413mm-compressed-scaled-1.jpg","datePublished":"2024-04-29T14:38:21+00:00","dateModified":"2024-04-29T14:38:35+00:00","breadcrumb":{"@id":"https:\/\/letrame.com\/catalogo\/producto\/entre-rios\/#breadcrumb"},"inLanguage":"es","potentialAction":[{"@type":"ReadAction","target":["https:\/\/letrame.com\/catalogo\/producto\/entre-rios\/"]}]},{"@type":"ImageObject","inLanguage":"es","@id":"https:\/\/letrame.com\/catalogo\/producto\/entre-rios\/#primaryimage","url":"https:\/\/letrame.com\/catalogo\/wp-content\/uploads\/2024\/04\/webp_entrerios_2413mm-compressed-scaled-1.jpg","contentUrl":"https:\/\/letrame.com\/catalogo\/wp-content\/uploads\/2024\/04\/webp_entrerios_2413mm-compressed-scaled-1.jpg","width":1781,"height":2560},{"@type":"BreadcrumbList","@id":"https:\/\/letrame.com\/catalogo\/producto\/entre-rios\/#breadcrumb","itemListElement":[{"@type":"ListItem","position":1,"name":"Portada","item":"https:\/\/letrame.com\/catalogo\/"},{"@type":"ListItem","position":2,"name":"Cat\u00e1logo","item":"https:\/\/letrame.com\/catalogo\/"},{"@type":"ListItem","position":3,"name":"Entre r\u00edos"}]},{"@type":"WebSite","@id":"https:\/\/letrame.com\/catalogo\/#website","url":"https:\/\/letrame.com\/catalogo\/","name":"Catalogo | Letrame Grupo Editorial","description":"","publisher":{"@id":"https:\/\/letrame.com\/catalogo\/#organization"},"potentialAction":[{"@type":"SearchAction","target":{"@type":"EntryPoint","urlTemplate":"https:\/\/letrame.com\/catalogo\/?s={search_term_string}"},"query-input":{"@type":"PropertyValueSpecification","valueRequired":true,"valueName":"search_term_string"}}],"inLanguage":"es"},{"@type":"Organization","@id":"https:\/\/letrame.com\/catalogo\/#organization","name":"Catalogo | Letrame Grupo Editorial","url":"https:\/\/letrame.com\/catalogo\/","logo":{"@type":"ImageObject","inLanguage":"es","@id":"https:\/\/letrame.com\/catalogo\/#\/schema\/logo\/image\/","url":"https:\/\/letrame.com\/catalogo\/wp-content\/uploads\/2024\/03\/logo2.webp","contentUrl":"https:\/\/letrame.com\/catalogo\/wp-content\/uploads\/2024\/03\/logo2.webp","width":394,"height":128,"caption":"Catalogo | Letrame Grupo Editorial"},"image":{"@id":"https:\/\/letrame.com\/catalogo\/#\/schema\/logo\/image\/"}}]}},"_links":{"self":[{"href":"https:\/\/letrame.com\/catalogo\/wp-json\/wp\/v2\/product\/99566","targetHints":{"allow":["GET"]}}],"collection":[{"href":"https:\/\/letrame.com\/catalogo\/wp-json\/wp\/v2\/product"}],"about":[{"href":"https:\/\/letrame.com\/catalogo\/wp-json\/wp\/v2\/types\/product"}],"replies":[{"embeddable":true,"href":"https:\/\/letrame.com\/catalogo\/wp-json\/wp\/v2\/comments?post=99566"}],"acf:post":[{"embeddable":true,"href":"https:\/\/letrame.com\/catalogo\/wp-json\/wp\/v2\/author_book\/77866"}],"wp:featuredmedia":[{"embeddable":true,"href":"https:\/\/letrame.com\/catalogo\/wp-json\/wp\/v2\/media\/99567"}],"wp:attachment":[{"href":"https:\/\/letrame.com\/catalogo\/wp-json\/wp\/v2\/media?parent=99566"}],"wp:term":[{"taxonomy":"libro","embeddable":true,"href":"https:\/\/letrame.com\/catalogo\/wp-json\/wp\/v2\/libro?post=99566"},{"taxonomy":"product_brand","embeddable":true,"href":"https:\/\/letrame.com\/catalogo\/wp-json\/wp\/v2\/product_brand?post=99566"},{"taxonomy":"product_cat","embeddable":true,"href":"https:\/\/letrame.com\/catalogo\/wp-json\/wp\/v2\/product_cat?post=99566"},{"taxonomy":"product_tag","embeddable":true,"href":"https:\/\/letrame.com\/catalogo\/wp-json\/wp\/v2\/product_tag?post=99566"}],"curies":[{"name":"wp","href":"https:\/\/api.w.org\/{rel}","templated":true}]}}