{"id":99488,"date":"2024-04-29T16:30:20","date_gmt":"2024-04-29T14:30:20","guid":{"rendered":"https:\/\/letrame.com\/catalogo\/producto\/mayarin-relatos-y-cuentos\/"},"modified":"2024-04-29T16:30:50","modified_gmt":"2024-04-29T14:30:50","slug":"mayarin-relatos-y-cuentos","status":"publish","type":"product","link":"https:\/\/letrame.com\/catalogo\/producto\/mayarin-relatos-y-cuentos\/","title":{"rendered":"Mayarin. Relatos y cuentos"},"content":{"rendered":"<p><strong>ISBN<\/strong>: 978-84-1181-434-8<\/p>\n<p><strong>T\u00edtulo<\/strong>: Mayarin. Relatos y cuentos<br \/>\n<strong>Fecha<\/strong>: 2023<br \/>\n<strong>P\u00e1ginas<\/strong>: 260<\/p>\n<p><strong>SINOPSIS<\/strong><\/p>\n<p>El libro es una recopilaci\u00f3n de relatos y algunos cuentos que fui escribiendo despu\u00e9s de mi jubilaci\u00f3n; unos, producto de mis propias reflexiones y otros, basados en experiencias personales m\u00e1s o menos difuminadas. Tiene como eje de conexi\u00f3n posiciones sociales que siempre defend\u00ed, que se ven sacadas de las tristes experiencias de un ni\u00f1o que en primera persona, en un pueblo andaluz, vivi\u00f3 las secuelas de la guerra <em>incivil<\/em> espa\u00f1ola.<\/p>\n<p>Adem\u00e1s, aparecen miscel\u00e1neas de la vida de un estudiante en Sevilla en la d\u00e9cada de los a\u00f1os sesenta del siglo pasado, que dejaron huella en mi memoria.<\/p>\n","protected":false},"excerpt":{"rendered":"<p><strong>ISBN<\/strong>: 978-84-1181-434-8<\/p>\n<p><strong>SINOPSIS<\/strong><\/p>\n<p>El libro es una recopilaci\u00f3n de relatos y algunos cuentos que fui escribiendo despu\u00e9s de mi jubilaci\u00f3n; unos, producto de mis propias reflexiones y otros, basados en experiencias personales m\u00e1s o menos difuminadas. Tiene como eje de conexi\u00f3n posiciones sociales que siempre defend\u00ed, que se ven sacadas de las tristes experiencias de un ni\u00f1o que en primera persona, en un pueblo andaluz, vivi\u00f3 las secuelas de la guerra <em>incivil<\/em> espa\u00f1ola.<\/p>\n<p>Adem\u00e1s, aparecen miscel\u00e1neas de la vida de un estudiante en Sevilla en la d\u00e9cada de los a\u00f1os sesenta del siglo pasado, que dejaron huella en mi memoria.<\/p>\n","protected":false},"featured_media":99489,"comment_status":"closed","ping_status":"open","template":"","meta":{"_acf_changed":false},"libro":[],"product_brand":[],"product_cat":[26],"product_tag":[],"class_list":{"0":"post-99488","1":"product","2":"type-product","3":"status-publish","4":"has-post-thumbnail","6":"product_cat-sin-categoria","8":"first","9":"instock","10":"product-type-simple"},"acf":{"autor":[77802],"enlace_de_compra":""},"yoast_head":"<!-- This site is optimized with the Yoast SEO plugin v27.4 - https:\/\/yoast.com\/product\/yoast-seo-wordpress\/ -->\n<title>Mayarin. Relatos y cuentos - Catalogo | Letrame Grupo Editorial<\/title>\n<meta name=\"robots\" content=\"index, follow, max-snippet:-1, max-image-preview:large, max-video-preview:-1\" \/>\n<link rel=\"canonical\" href=\"https:\/\/letrame.com\/catalogo\/producto\/mayarin-relatos-y-cuentos\/\" \/>\n<meta property=\"og:locale\" content=\"es_ES\" \/>\n<meta property=\"og:type\" content=\"article\" \/>\n<meta property=\"og:title\" content=\"Mayarin. Relatos y cuentos - Catalogo | Letrame Grupo Editorial\" \/>\n<meta property=\"og:description\" content=\"ISBN: 978-84-1181-434-8 SINOPSIS El libro es una recopilaci\u00f3n de relatos y algunos cuentos que fui escribiendo despu\u00e9s de mi jubilaci\u00f3n; unos, producto de mis propias reflexiones y otros, basados en experiencias personales m\u00e1s o menos difuminadas. Tiene como eje de conexi\u00f3n posiciones sociales que siempre defend\u00ed, que se ven sacadas de las tristes experiencias de un ni\u00f1o que en primera persona, en un pueblo andaluz, vivi\u00f3 las secuelas de la guerra incivil espa\u00f1ola. Adem\u00e1s, aparecen miscel\u00e1neas de la vida de un estudiante en Sevilla en la d\u00e9cada de los a\u00f1os sesenta del siglo pasado, que dejaron huella en mi memoria.\" \/>\n<meta property=\"og:url\" content=\"https:\/\/letrame.com\/catalogo\/producto\/mayarin-relatos-y-cuentos\/\" \/>\n<meta property=\"og:site_name\" content=\"Catalogo | Letrame Grupo Editorial\" \/>\n<meta property=\"article:modified_time\" content=\"2024-04-29T14:30:50+00:00\" \/>\n<meta property=\"og:image\" content=\"https:\/\/letrame.com\/catalogo\/wp-content\/uploads\/2024\/04\/webportada_mayarin_1682mm-compressed-scaled-1.jpg\" \/>\n\t<meta property=\"og:image:width\" content=\"1689\" \/>\n\t<meta property=\"og:image:height\" content=\"2560\" \/>\n\t<meta property=\"og:image:type\" content=\"image\/jpeg\" \/>\n<meta name=\"twitter:card\" content=\"summary_large_image\" \/>\n<meta name=\"twitter:label1\" content=\"Tiempo de lectura\" \/>\n\t<meta name=\"twitter:data1\" content=\"1 minuto\" \/>\n<script type=\"application\/ld+json\" class=\"yoast-schema-graph\">{\"@context\":\"https:\\\/\\\/schema.org\",\"@graph\":[{\"@type\":\"WebPage\",\"@id\":\"https:\\\/\\\/letrame.com\\\/catalogo\\\/producto\\\/mayarin-relatos-y-cuentos\\\/\",\"url\":\"https:\\\/\\\/letrame.com\\\/catalogo\\\/producto\\\/mayarin-relatos-y-cuentos\\\/\",\"name\":\"Mayarin. Relatos y cuentos - Catalogo | Letrame Grupo Editorial\",\"isPartOf\":{\"@id\":\"https:\\\/\\\/letrame.com\\\/catalogo\\\/#website\"},\"primaryImageOfPage\":{\"@id\":\"https:\\\/\\\/letrame.com\\\/catalogo\\\/producto\\\/mayarin-relatos-y-cuentos\\\/#primaryimage\"},\"image\":{\"@id\":\"https:\\\/\\\/letrame.com\\\/catalogo\\\/producto\\\/mayarin-relatos-y-cuentos\\\/#primaryimage\"},\"thumbnailUrl\":\"https:\\\/\\\/letrame.com\\\/catalogo\\\/wp-content\\\/uploads\\\/2024\\\/04\\\/webportada_mayarin_1682mm-compressed-scaled-1.jpg\",\"datePublished\":\"2024-04-29T14:30:20+00:00\",\"dateModified\":\"2024-04-29T14:30:50+00:00\",\"breadcrumb\":{\"@id\":\"https:\\\/\\\/letrame.com\\\/catalogo\\\/producto\\\/mayarin-relatos-y-cuentos\\\/#breadcrumb\"},\"inLanguage\":\"es\",\"potentialAction\":[{\"@type\":\"ReadAction\",\"target\":[\"https:\\\/\\\/letrame.com\\\/catalogo\\\/producto\\\/mayarin-relatos-y-cuentos\\\/\"]}]},{\"@type\":\"ImageObject\",\"inLanguage\":\"es\",\"@id\":\"https:\\\/\\\/letrame.com\\\/catalogo\\\/producto\\\/mayarin-relatos-y-cuentos\\\/#primaryimage\",\"url\":\"https:\\\/\\\/letrame.com\\\/catalogo\\\/wp-content\\\/uploads\\\/2024\\\/04\\\/webportada_mayarin_1682mm-compressed-scaled-1.jpg\",\"contentUrl\":\"https:\\\/\\\/letrame.com\\\/catalogo\\\/wp-content\\\/uploads\\\/2024\\\/04\\\/webportada_mayarin_1682mm-compressed-scaled-1.jpg\",\"width\":1689,\"height\":2560},{\"@type\":\"BreadcrumbList\",\"@id\":\"https:\\\/\\\/letrame.com\\\/catalogo\\\/producto\\\/mayarin-relatos-y-cuentos\\\/#breadcrumb\",\"itemListElement\":[{\"@type\":\"ListItem\",\"position\":1,\"name\":\"Portada\",\"item\":\"https:\\\/\\\/letrame.com\\\/catalogo\\\/\"},{\"@type\":\"ListItem\",\"position\":2,\"name\":\"Cat\u00e1logo\",\"item\":\"https:\\\/\\\/letrame.com\\\/catalogo\\\/\"},{\"@type\":\"ListItem\",\"position\":3,\"name\":\"Mayarin. Relatos y cuentos\"}]},{\"@type\":\"WebSite\",\"@id\":\"https:\\\/\\\/letrame.com\\\/catalogo\\\/#website\",\"url\":\"https:\\\/\\\/letrame.com\\\/catalogo\\\/\",\"name\":\"Catalogo | Letrame Grupo Editorial\",\"description\":\"\",\"publisher\":{\"@id\":\"https:\\\/\\\/letrame.com\\\/catalogo\\\/#organization\"},\"potentialAction\":[{\"@type\":\"SearchAction\",\"target\":{\"@type\":\"EntryPoint\",\"urlTemplate\":\"https:\\\/\\\/letrame.com\\\/catalogo\\\/?s={search_term_string}\"},\"query-input\":{\"@type\":\"PropertyValueSpecification\",\"valueRequired\":true,\"valueName\":\"search_term_string\"}}],\"inLanguage\":\"es\"},{\"@type\":\"Organization\",\"@id\":\"https:\\\/\\\/letrame.com\\\/catalogo\\\/#organization\",\"name\":\"Catalogo | Letrame Grupo Editorial\",\"url\":\"https:\\\/\\\/letrame.com\\\/catalogo\\\/\",\"logo\":{\"@type\":\"ImageObject\",\"inLanguage\":\"es\",\"@id\":\"https:\\\/\\\/letrame.com\\\/catalogo\\\/#\\\/schema\\\/logo\\\/image\\\/\",\"url\":\"https:\\\/\\\/letrame.com\\\/catalogo\\\/wp-content\\\/uploads\\\/2024\\\/03\\\/logo2.webp\",\"contentUrl\":\"https:\\\/\\\/letrame.com\\\/catalogo\\\/wp-content\\\/uploads\\\/2024\\\/03\\\/logo2.webp\",\"width\":394,\"height\":128,\"caption\":\"Catalogo | Letrame Grupo Editorial\"},\"image\":{\"@id\":\"https:\\\/\\\/letrame.com\\\/catalogo\\\/#\\\/schema\\\/logo\\\/image\\\/\"}}]}<\/script>\n<!-- \/ Yoast SEO plugin. -->","yoast_head_json":{"title":"Mayarin. Relatos y cuentos - Catalogo | Letrame Grupo Editorial","robots":{"index":"index","follow":"follow","max-snippet":"max-snippet:-1","max-image-preview":"max-image-preview:large","max-video-preview":"max-video-preview:-1"},"canonical":"https:\/\/letrame.com\/catalogo\/producto\/mayarin-relatos-y-cuentos\/","og_locale":"es_ES","og_type":"article","og_title":"Mayarin. Relatos y cuentos - Catalogo | Letrame Grupo Editorial","og_description":"ISBN: 978-84-1181-434-8 SINOPSIS El libro es una recopilaci\u00f3n de relatos y algunos cuentos que fui escribiendo despu\u00e9s de mi jubilaci\u00f3n; unos, producto de mis propias reflexiones y otros, basados en experiencias personales m\u00e1s o menos difuminadas. Tiene como eje de conexi\u00f3n posiciones sociales que siempre defend\u00ed, que se ven sacadas de las tristes experiencias de un ni\u00f1o que en primera persona, en un pueblo andaluz, vivi\u00f3 las secuelas de la guerra incivil espa\u00f1ola. Adem\u00e1s, aparecen miscel\u00e1neas de la vida de un estudiante en Sevilla en la d\u00e9cada de los a\u00f1os sesenta del siglo pasado, que dejaron huella en mi memoria.","og_url":"https:\/\/letrame.com\/catalogo\/producto\/mayarin-relatos-y-cuentos\/","og_site_name":"Catalogo | Letrame Grupo Editorial","article_modified_time":"2024-04-29T14:30:50+00:00","og_image":[{"width":1689,"height":2560,"url":"https:\/\/letrame.com\/catalogo\/wp-content\/uploads\/2024\/04\/webportada_mayarin_1682mm-compressed-scaled-1.jpg","type":"image\/jpeg"}],"twitter_card":"summary_large_image","twitter_misc":{"Tiempo de lectura":"1 minuto"},"schema":{"@context":"https:\/\/schema.org","@graph":[{"@type":"WebPage","@id":"https:\/\/letrame.com\/catalogo\/producto\/mayarin-relatos-y-cuentos\/","url":"https:\/\/letrame.com\/catalogo\/producto\/mayarin-relatos-y-cuentos\/","name":"Mayarin. Relatos y cuentos - Catalogo | Letrame Grupo Editorial","isPartOf":{"@id":"https:\/\/letrame.com\/catalogo\/#website"},"primaryImageOfPage":{"@id":"https:\/\/letrame.com\/catalogo\/producto\/mayarin-relatos-y-cuentos\/#primaryimage"},"image":{"@id":"https:\/\/letrame.com\/catalogo\/producto\/mayarin-relatos-y-cuentos\/#primaryimage"},"thumbnailUrl":"https:\/\/letrame.com\/catalogo\/wp-content\/uploads\/2024\/04\/webportada_mayarin_1682mm-compressed-scaled-1.jpg","datePublished":"2024-04-29T14:30:20+00:00","dateModified":"2024-04-29T14:30:50+00:00","breadcrumb":{"@id":"https:\/\/letrame.com\/catalogo\/producto\/mayarin-relatos-y-cuentos\/#breadcrumb"},"inLanguage":"es","potentialAction":[{"@type":"ReadAction","target":["https:\/\/letrame.com\/catalogo\/producto\/mayarin-relatos-y-cuentos\/"]}]},{"@type":"ImageObject","inLanguage":"es","@id":"https:\/\/letrame.com\/catalogo\/producto\/mayarin-relatos-y-cuentos\/#primaryimage","url":"https:\/\/letrame.com\/catalogo\/wp-content\/uploads\/2024\/04\/webportada_mayarin_1682mm-compressed-scaled-1.jpg","contentUrl":"https:\/\/letrame.com\/catalogo\/wp-content\/uploads\/2024\/04\/webportada_mayarin_1682mm-compressed-scaled-1.jpg","width":1689,"height":2560},{"@type":"BreadcrumbList","@id":"https:\/\/letrame.com\/catalogo\/producto\/mayarin-relatos-y-cuentos\/#breadcrumb","itemListElement":[{"@type":"ListItem","position":1,"name":"Portada","item":"https:\/\/letrame.com\/catalogo\/"},{"@type":"ListItem","position":2,"name":"Cat\u00e1logo","item":"https:\/\/letrame.com\/catalogo\/"},{"@type":"ListItem","position":3,"name":"Mayarin. Relatos y cuentos"}]},{"@type":"WebSite","@id":"https:\/\/letrame.com\/catalogo\/#website","url":"https:\/\/letrame.com\/catalogo\/","name":"Catalogo | Letrame Grupo Editorial","description":"","publisher":{"@id":"https:\/\/letrame.com\/catalogo\/#organization"},"potentialAction":[{"@type":"SearchAction","target":{"@type":"EntryPoint","urlTemplate":"https:\/\/letrame.com\/catalogo\/?s={search_term_string}"},"query-input":{"@type":"PropertyValueSpecification","valueRequired":true,"valueName":"search_term_string"}}],"inLanguage":"es"},{"@type":"Organization","@id":"https:\/\/letrame.com\/catalogo\/#organization","name":"Catalogo | Letrame Grupo Editorial","url":"https:\/\/letrame.com\/catalogo\/","logo":{"@type":"ImageObject","inLanguage":"es","@id":"https:\/\/letrame.com\/catalogo\/#\/schema\/logo\/image\/","url":"https:\/\/letrame.com\/catalogo\/wp-content\/uploads\/2024\/03\/logo2.webp","contentUrl":"https:\/\/letrame.com\/catalogo\/wp-content\/uploads\/2024\/03\/logo2.webp","width":394,"height":128,"caption":"Catalogo | Letrame Grupo Editorial"},"image":{"@id":"https:\/\/letrame.com\/catalogo\/#\/schema\/logo\/image\/"}}]}},"_links":{"self":[{"href":"https:\/\/letrame.com\/catalogo\/wp-json\/wp\/v2\/product\/99488","targetHints":{"allow":["GET"]}}],"collection":[{"href":"https:\/\/letrame.com\/catalogo\/wp-json\/wp\/v2\/product"}],"about":[{"href":"https:\/\/letrame.com\/catalogo\/wp-json\/wp\/v2\/types\/product"}],"replies":[{"embeddable":true,"href":"https:\/\/letrame.com\/catalogo\/wp-json\/wp\/v2\/comments?post=99488"}],"acf:post":[{"embeddable":true,"href":"https:\/\/letrame.com\/catalogo\/wp-json\/wp\/v2\/author_book\/77802"}],"wp:featuredmedia":[{"embeddable":true,"href":"https:\/\/letrame.com\/catalogo\/wp-json\/wp\/v2\/media\/99489"}],"wp:attachment":[{"href":"https:\/\/letrame.com\/catalogo\/wp-json\/wp\/v2\/media?parent=99488"}],"wp:term":[{"taxonomy":"libro","embeddable":true,"href":"https:\/\/letrame.com\/catalogo\/wp-json\/wp\/v2\/libro?post=99488"},{"taxonomy":"product_brand","embeddable":true,"href":"https:\/\/letrame.com\/catalogo\/wp-json\/wp\/v2\/product_brand?post=99488"},{"taxonomy":"product_cat","embeddable":true,"href":"https:\/\/letrame.com\/catalogo\/wp-json\/wp\/v2\/product_cat?post=99488"},{"taxonomy":"product_tag","embeddable":true,"href":"https:\/\/letrame.com\/catalogo\/wp-json\/wp\/v2\/product_tag?post=99488"}],"curies":[{"name":"wp","href":"https:\/\/api.w.org\/{rel}","templated":true}]}}