{"id":99474,"date":"2024-04-29T16:28:55","date_gmt":"2024-04-29T14:28:55","guid":{"rendered":"https:\/\/letrame.com\/catalogo\/producto\/una-noche-el-rio-paso\/"},"modified":"2024-07-30T11:51:46","modified_gmt":"2024-07-30T09:51:46","slug":"una-noche-el-rio-paso","status":"publish","type":"product","link":"https:\/\/letrame.com\/catalogo\/producto\/una-noche-el-rio-paso\/","title":{"rendered":"Una noche el r\u00edo pas\u00f3"},"content":{"rendered":"<p><strong>ISBN<\/strong>: 978-84-1181-289-4<\/p>\n<p><strong>T\u00edtulo<\/strong>: Una noche el r\u00edo pas\u00f3<br \/>\n<strong>Fecha<\/strong>: 2023<br \/>\n<strong>P\u00e1ginas<\/strong>: 910<\/p>\n<p><strong>SINOPSIS<\/strong><\/p>\n<p><em>Una noche el r\u00edo pas\u00f3<\/em> trata los acontecimientos previos, los propios y las resultas de la que fue una de las m\u00e1s \u00e9picas y decisivas batallas de la Guerra Civil espa\u00f1ola. Los sucesos hist\u00f3ricos anteriores, los ciento quince d\u00edas de enfrentamiento en tierras catalanas y aragonesas y sus consecuencias.<\/p>\n<p>Tratado desde el punto de vista del bando nacional y del bando republicano, la obra incluye el papel de la mujer a lo largo de un extenso periodo de nuestra historia que cedi\u00f3 de manera implacable, o eso es lo que pareci\u00f3, el protagonismo a los hombres.<\/p>\n<p>Una narraci\u00f3n que nos traslada a las vivencias de los que intervinieron en la Batalla del Ebro, las causas que les llevaron a empu\u00f1ar un arma en defensa de uno u otro bando, las experiencias de aquellos d\u00edas entre el 25 de julio y el 16 de noviembre de 1938 y c\u00f3mo todo ello defini\u00f3 el futuro de los supervivientes\u2026<\/p>\n<p>\u00bfDe d\u00f3nde salieron los <em>moros de Franco?<\/em> \u00bfLucharon todos por los ideales que cre\u00edan? \u00bfHubo paz, piedad y perd\u00f3n? \u00bfSe salv\u00f3 realmente alguien de aquella Batalla, de aquella maldita guerra? \u00bfHubo v\u00edctimas colaterales?&#8230; <em>Una noche el r\u00edo pas\u00f3<\/em> trata de dar luz a estas preguntas y a otras que surgen como consecuencia del conflicto fratricida que asol\u00f3 nuestro pa\u00eds entre 1936 y 1939.<\/p>\n","protected":false},"excerpt":{"rendered":"<p><strong>ISBN<\/strong>: 978-84-1181-289-4<\/p>\n<p><strong>SINOPSIS<\/strong><\/p>\n<p><em>Una noche el r\u00edo pas\u00f3<\/em> trata los acontecimientos previos, los propios y las resultas de la que fue una de las m\u00e1s \u00e9picas y decisivas batallas de la Guerra Civil espa\u00f1ola. Los sucesos hist\u00f3ricos anteriores, los ciento quince d\u00edas de enfrentamiento en tierras catalanas y aragonesas y sus consecuencias.<\/p>\n<p>Tratado desde el punto de vista del bando nacional y del bando republicano, la obra incluye el papel de la mujer a lo largo de un extenso periodo de nuestra historia que cedi\u00f3 de manera implacable, o eso es lo que pareci\u00f3, el protagonismo a los hombres.<\/p>\n<p>Una narraci\u00f3n que nos traslada a las vivencias de los que intervinieron en la Batalla del Ebro, las causas que les llevaron a empu\u00f1ar un arma en defensa de uno u otro bando, las experiencias de aquellos d\u00edas entre el 25 de julio y el 16 de noviembre de 1938 y c\u00f3mo todo ello defini\u00f3 el futuro de los supervivientes\u2026<\/p>\n<p>\u00bfDe d\u00f3nde salieron los <em>moros de Franco?<\/em> \u00bfLucharon todos por los ideales que cre\u00edan? \u00bfHubo paz, piedad y perd\u00f3n? \u00bfSe salv\u00f3 realmente alguien de aquella Batalla, de aquella maldita guerra? \u00bfHubo v\u00edctimas colaterales?&#8230; <em>Una noche el r\u00edo pas\u00f3<\/em> trata de dar luz a estas preguntas y a otras que surgen como consecuencia del conflicto fratricida que asol\u00f3 nuestro pa\u00eds entre 1936 y 1939.<\/p>\n","protected":false},"featured_media":99475,"comment_status":"closed","ping_status":"closed","template":"","meta":{"_acf_changed":false},"libro":[],"product_brand":[],"product_cat":[26],"product_tag":[],"class_list":{"0":"post-99474","1":"product","2":"type-product","3":"status-publish","4":"has-post-thumbnail","6":"product_cat-sin-categoria","8":"first","9":"instock","10":"product-type-simple"},"acf":{"autor":[77790],"enlace_de_compra":""},"yoast_head":"<!-- This site is optimized with the Yoast SEO plugin v27.4 - https:\/\/yoast.com\/product\/yoast-seo-wordpress\/ -->\n<title>Una noche el r\u00edo pas\u00f3 - Catalogo | Letrame Grupo Editorial<\/title>\n<meta name=\"robots\" content=\"index, follow, max-snippet:-1, max-image-preview:large, max-video-preview:-1\" \/>\n<link rel=\"canonical\" href=\"https:\/\/letrame.com\/catalogo\/producto\/una-noche-el-rio-paso\/\" \/>\n<meta property=\"og:locale\" content=\"es_ES\" \/>\n<meta property=\"og:type\" content=\"article\" \/>\n<meta property=\"og:title\" content=\"Una noche el r\u00edo pas\u00f3 - Catalogo | Letrame Grupo Editorial\" \/>\n<meta property=\"og:description\" content=\"ISBN: 978-84-1181-289-4  SINOPSIS  Una noche el r\u00edo pas\u00f3 trata los acontecimientos previos, los propios y las resultas de la que fue una de las m\u00e1s \u00e9picas y decisivas batallas de la Guerra Civil espa\u00f1ola. Los sucesos hist\u00f3ricos anteriores, los ciento quince d\u00edas de enfrentamiento en tierras catalanas y aragonesas y sus consecuencias.  Tratado desde el punto de vista del bando nacional y del bando republicano, la obra incluye el papel de la mujer a lo largo de un extenso periodo de nuestra historia que cedi\u00f3 de manera implacable, o eso es lo que pareci\u00f3, el protagonismo a los hombres.  Una narraci\u00f3n que nos traslada a las vivencias de los que intervinieron en la Batalla del Ebro, las causas que les llevaron a empu\u00f1ar un arma en defensa de uno u otro bando, las experiencias de aquellos d\u00edas entre el 25 de julio y el 16 de noviembre de 1938 y c\u00f3mo todo ello defini\u00f3 el futuro de los supervivientes\u2026  \u00bfDe d\u00f3nde salieron los moros de Franco? \u00bfLucharon todos por los ideales que cre\u00edan? \u00bfHubo paz, piedad y perd\u00f3n? \u00bfSe salv\u00f3 realmente alguien de aquella Batalla, de aquella maldita guerra? \u00bfHubo v\u00edctimas colaterales?... Una noche el r\u00edo pas\u00f3 trata de dar luz a estas preguntas y a otras que surgen como consecuencia del conflicto fratricida que asol\u00f3 nuestro pa\u00eds entre 1936 y 1939.\" \/>\n<meta property=\"og:url\" content=\"https:\/\/letrame.com\/catalogo\/producto\/una-noche-el-rio-paso\/\" \/>\n<meta property=\"og:site_name\" content=\"Catalogo | Letrame Grupo Editorial\" \/>\n<meta property=\"article:modified_time\" content=\"2024-07-30T09:51:46+00:00\" \/>\n<meta property=\"og:image\" content=\"https:\/\/letrame.com\/catalogo\/wp-content\/uploads\/2024\/04\/webportada_unanoche4838mm-1-compressed-scaled-1.jpg\" \/>\n\t<meta property=\"og:image:width\" content=\"1813\" \/>\n\t<meta property=\"og:image:height\" content=\"2560\" \/>\n\t<meta property=\"og:image:type\" content=\"image\/jpeg\" \/>\n<meta name=\"twitter:card\" content=\"summary_large_image\" \/>\n<meta name=\"twitter:label1\" content=\"Tiempo de lectura\" \/>\n\t<meta name=\"twitter:data1\" content=\"2 minutos\" \/>\n<script type=\"application\/ld+json\" class=\"yoast-schema-graph\">{\"@context\":\"https:\\\/\\\/schema.org\",\"@graph\":[{\"@type\":\"WebPage\",\"@id\":\"https:\\\/\\\/letrame.com\\\/catalogo\\\/producto\\\/una-noche-el-rio-paso\\\/\",\"url\":\"https:\\\/\\\/letrame.com\\\/catalogo\\\/producto\\\/una-noche-el-rio-paso\\\/\",\"name\":\"Una noche el r\u00edo pas\u00f3 - Catalogo | Letrame Grupo Editorial\",\"isPartOf\":{\"@id\":\"https:\\\/\\\/letrame.com\\\/catalogo\\\/#website\"},\"primaryImageOfPage\":{\"@id\":\"https:\\\/\\\/letrame.com\\\/catalogo\\\/producto\\\/una-noche-el-rio-paso\\\/#primaryimage\"},\"image\":{\"@id\":\"https:\\\/\\\/letrame.com\\\/catalogo\\\/producto\\\/una-noche-el-rio-paso\\\/#primaryimage\"},\"thumbnailUrl\":\"https:\\\/\\\/letrame.com\\\/catalogo\\\/wp-content\\\/uploads\\\/2024\\\/04\\\/webportada_unanoche4838mm-1-compressed-scaled-1.jpg\",\"datePublished\":\"2024-04-29T14:28:55+00:00\",\"dateModified\":\"2024-07-30T09:51:46+00:00\",\"breadcrumb\":{\"@id\":\"https:\\\/\\\/letrame.com\\\/catalogo\\\/producto\\\/una-noche-el-rio-paso\\\/#breadcrumb\"},\"inLanguage\":\"es\",\"potentialAction\":[{\"@type\":\"ReadAction\",\"target\":[\"https:\\\/\\\/letrame.com\\\/catalogo\\\/producto\\\/una-noche-el-rio-paso\\\/\"]}]},{\"@type\":\"ImageObject\",\"inLanguage\":\"es\",\"@id\":\"https:\\\/\\\/letrame.com\\\/catalogo\\\/producto\\\/una-noche-el-rio-paso\\\/#primaryimage\",\"url\":\"https:\\\/\\\/letrame.com\\\/catalogo\\\/wp-content\\\/uploads\\\/2024\\\/04\\\/webportada_unanoche4838mm-1-compressed-scaled-1.jpg\",\"contentUrl\":\"https:\\\/\\\/letrame.com\\\/catalogo\\\/wp-content\\\/uploads\\\/2024\\\/04\\\/webportada_unanoche4838mm-1-compressed-scaled-1.jpg\",\"width\":1813,\"height\":2560},{\"@type\":\"BreadcrumbList\",\"@id\":\"https:\\\/\\\/letrame.com\\\/catalogo\\\/producto\\\/una-noche-el-rio-paso\\\/#breadcrumb\",\"itemListElement\":[{\"@type\":\"ListItem\",\"position\":1,\"name\":\"Portada\",\"item\":\"https:\\\/\\\/letrame.com\\\/catalogo\\\/\"},{\"@type\":\"ListItem\",\"position\":2,\"name\":\"Cat\u00e1logo\",\"item\":\"https:\\\/\\\/letrame.com\\\/catalogo\\\/\"},{\"@type\":\"ListItem\",\"position\":3,\"name\":\"Una noche el r\u00edo pas\u00f3\"}]},{\"@type\":\"WebSite\",\"@id\":\"https:\\\/\\\/letrame.com\\\/catalogo\\\/#website\",\"url\":\"https:\\\/\\\/letrame.com\\\/catalogo\\\/\",\"name\":\"Catalogo | Letrame Grupo Editorial\",\"description\":\"\",\"publisher\":{\"@id\":\"https:\\\/\\\/letrame.com\\\/catalogo\\\/#organization\"},\"potentialAction\":[{\"@type\":\"SearchAction\",\"target\":{\"@type\":\"EntryPoint\",\"urlTemplate\":\"https:\\\/\\\/letrame.com\\\/catalogo\\\/?s={search_term_string}\"},\"query-input\":{\"@type\":\"PropertyValueSpecification\",\"valueRequired\":true,\"valueName\":\"search_term_string\"}}],\"inLanguage\":\"es\"},{\"@type\":\"Organization\",\"@id\":\"https:\\\/\\\/letrame.com\\\/catalogo\\\/#organization\",\"name\":\"Catalogo | Letrame Grupo Editorial\",\"url\":\"https:\\\/\\\/letrame.com\\\/catalogo\\\/\",\"logo\":{\"@type\":\"ImageObject\",\"inLanguage\":\"es\",\"@id\":\"https:\\\/\\\/letrame.com\\\/catalogo\\\/#\\\/schema\\\/logo\\\/image\\\/\",\"url\":\"https:\\\/\\\/letrame.com\\\/catalogo\\\/wp-content\\\/uploads\\\/2024\\\/03\\\/logo2.webp\",\"contentUrl\":\"https:\\\/\\\/letrame.com\\\/catalogo\\\/wp-content\\\/uploads\\\/2024\\\/03\\\/logo2.webp\",\"width\":394,\"height\":128,\"caption\":\"Catalogo | Letrame Grupo Editorial\"},\"image\":{\"@id\":\"https:\\\/\\\/letrame.com\\\/catalogo\\\/#\\\/schema\\\/logo\\\/image\\\/\"}}]}<\/script>\n<!-- \/ Yoast SEO plugin. -->","yoast_head_json":{"title":"Una noche el r\u00edo pas\u00f3 - Catalogo | Letrame Grupo Editorial","robots":{"index":"index","follow":"follow","max-snippet":"max-snippet:-1","max-image-preview":"max-image-preview:large","max-video-preview":"max-video-preview:-1"},"canonical":"https:\/\/letrame.com\/catalogo\/producto\/una-noche-el-rio-paso\/","og_locale":"es_ES","og_type":"article","og_title":"Una noche el r\u00edo pas\u00f3 - Catalogo | Letrame Grupo Editorial","og_description":"ISBN: 978-84-1181-289-4  SINOPSIS  Una noche el r\u00edo pas\u00f3 trata los acontecimientos previos, los propios y las resultas de la que fue una de las m\u00e1s \u00e9picas y decisivas batallas de la Guerra Civil espa\u00f1ola. Los sucesos hist\u00f3ricos anteriores, los ciento quince d\u00edas de enfrentamiento en tierras catalanas y aragonesas y sus consecuencias.  Tratado desde el punto de vista del bando nacional y del bando republicano, la obra incluye el papel de la mujer a lo largo de un extenso periodo de nuestra historia que cedi\u00f3 de manera implacable, o eso es lo que pareci\u00f3, el protagonismo a los hombres.  Una narraci\u00f3n que nos traslada a las vivencias de los que intervinieron en la Batalla del Ebro, las causas que les llevaron a empu\u00f1ar un arma en defensa de uno u otro bando, las experiencias de aquellos d\u00edas entre el 25 de julio y el 16 de noviembre de 1938 y c\u00f3mo todo ello defini\u00f3 el futuro de los supervivientes\u2026  \u00bfDe d\u00f3nde salieron los moros de Franco? \u00bfLucharon todos por los ideales que cre\u00edan? \u00bfHubo paz, piedad y perd\u00f3n? \u00bfSe salv\u00f3 realmente alguien de aquella Batalla, de aquella maldita guerra? \u00bfHubo v\u00edctimas colaterales?... Una noche el r\u00edo pas\u00f3 trata de dar luz a estas preguntas y a otras que surgen como consecuencia del conflicto fratricida que asol\u00f3 nuestro pa\u00eds entre 1936 y 1939.","og_url":"https:\/\/letrame.com\/catalogo\/producto\/una-noche-el-rio-paso\/","og_site_name":"Catalogo | Letrame Grupo Editorial","article_modified_time":"2024-07-30T09:51:46+00:00","og_image":[{"width":1813,"height":2560,"url":"https:\/\/letrame.com\/catalogo\/wp-content\/uploads\/2024\/04\/webportada_unanoche4838mm-1-compressed-scaled-1.jpg","type":"image\/jpeg"}],"twitter_card":"summary_large_image","twitter_misc":{"Tiempo de lectura":"2 minutos"},"schema":{"@context":"https:\/\/schema.org","@graph":[{"@type":"WebPage","@id":"https:\/\/letrame.com\/catalogo\/producto\/una-noche-el-rio-paso\/","url":"https:\/\/letrame.com\/catalogo\/producto\/una-noche-el-rio-paso\/","name":"Una noche el r\u00edo pas\u00f3 - Catalogo | Letrame Grupo Editorial","isPartOf":{"@id":"https:\/\/letrame.com\/catalogo\/#website"},"primaryImageOfPage":{"@id":"https:\/\/letrame.com\/catalogo\/producto\/una-noche-el-rio-paso\/#primaryimage"},"image":{"@id":"https:\/\/letrame.com\/catalogo\/producto\/una-noche-el-rio-paso\/#primaryimage"},"thumbnailUrl":"https:\/\/letrame.com\/catalogo\/wp-content\/uploads\/2024\/04\/webportada_unanoche4838mm-1-compressed-scaled-1.jpg","datePublished":"2024-04-29T14:28:55+00:00","dateModified":"2024-07-30T09:51:46+00:00","breadcrumb":{"@id":"https:\/\/letrame.com\/catalogo\/producto\/una-noche-el-rio-paso\/#breadcrumb"},"inLanguage":"es","potentialAction":[{"@type":"ReadAction","target":["https:\/\/letrame.com\/catalogo\/producto\/una-noche-el-rio-paso\/"]}]},{"@type":"ImageObject","inLanguage":"es","@id":"https:\/\/letrame.com\/catalogo\/producto\/una-noche-el-rio-paso\/#primaryimage","url":"https:\/\/letrame.com\/catalogo\/wp-content\/uploads\/2024\/04\/webportada_unanoche4838mm-1-compressed-scaled-1.jpg","contentUrl":"https:\/\/letrame.com\/catalogo\/wp-content\/uploads\/2024\/04\/webportada_unanoche4838mm-1-compressed-scaled-1.jpg","width":1813,"height":2560},{"@type":"BreadcrumbList","@id":"https:\/\/letrame.com\/catalogo\/producto\/una-noche-el-rio-paso\/#breadcrumb","itemListElement":[{"@type":"ListItem","position":1,"name":"Portada","item":"https:\/\/letrame.com\/catalogo\/"},{"@type":"ListItem","position":2,"name":"Cat\u00e1logo","item":"https:\/\/letrame.com\/catalogo\/"},{"@type":"ListItem","position":3,"name":"Una noche el r\u00edo pas\u00f3"}]},{"@type":"WebSite","@id":"https:\/\/letrame.com\/catalogo\/#website","url":"https:\/\/letrame.com\/catalogo\/","name":"Catalogo | Letrame Grupo Editorial","description":"","publisher":{"@id":"https:\/\/letrame.com\/catalogo\/#organization"},"potentialAction":[{"@type":"SearchAction","target":{"@type":"EntryPoint","urlTemplate":"https:\/\/letrame.com\/catalogo\/?s={search_term_string}"},"query-input":{"@type":"PropertyValueSpecification","valueRequired":true,"valueName":"search_term_string"}}],"inLanguage":"es"},{"@type":"Organization","@id":"https:\/\/letrame.com\/catalogo\/#organization","name":"Catalogo | Letrame Grupo Editorial","url":"https:\/\/letrame.com\/catalogo\/","logo":{"@type":"ImageObject","inLanguage":"es","@id":"https:\/\/letrame.com\/catalogo\/#\/schema\/logo\/image\/","url":"https:\/\/letrame.com\/catalogo\/wp-content\/uploads\/2024\/03\/logo2.webp","contentUrl":"https:\/\/letrame.com\/catalogo\/wp-content\/uploads\/2024\/03\/logo2.webp","width":394,"height":128,"caption":"Catalogo | Letrame Grupo Editorial"},"image":{"@id":"https:\/\/letrame.com\/catalogo\/#\/schema\/logo\/image\/"}}]}},"_links":{"self":[{"href":"https:\/\/letrame.com\/catalogo\/wp-json\/wp\/v2\/product\/99474","targetHints":{"allow":["GET"]}}],"collection":[{"href":"https:\/\/letrame.com\/catalogo\/wp-json\/wp\/v2\/product"}],"about":[{"href":"https:\/\/letrame.com\/catalogo\/wp-json\/wp\/v2\/types\/product"}],"replies":[{"embeddable":true,"href":"https:\/\/letrame.com\/catalogo\/wp-json\/wp\/v2\/comments?post=99474"}],"acf:post":[{"embeddable":true,"href":"https:\/\/letrame.com\/catalogo\/wp-json\/wp\/v2\/author_book\/77790"}],"wp:featuredmedia":[{"embeddable":true,"href":"https:\/\/letrame.com\/catalogo\/wp-json\/wp\/v2\/media\/99475"}],"wp:attachment":[{"href":"https:\/\/letrame.com\/catalogo\/wp-json\/wp\/v2\/media?parent=99474"}],"wp:term":[{"taxonomy":"libro","embeddable":true,"href":"https:\/\/letrame.com\/catalogo\/wp-json\/wp\/v2\/libro?post=99474"},{"taxonomy":"product_brand","embeddable":true,"href":"https:\/\/letrame.com\/catalogo\/wp-json\/wp\/v2\/product_brand?post=99474"},{"taxonomy":"product_cat","embeddable":true,"href":"https:\/\/letrame.com\/catalogo\/wp-json\/wp\/v2\/product_cat?post=99474"},{"taxonomy":"product_tag","embeddable":true,"href":"https:\/\/letrame.com\/catalogo\/wp-json\/wp\/v2\/product_tag?post=99474"}],"curies":[{"name":"wp","href":"https:\/\/api.w.org\/{rel}","templated":true}]}}