{"id":99415,"date":"2024-04-29T16:21:12","date_gmt":"2024-04-29T14:21:12","guid":{"rendered":"https:\/\/letrame.com\/catalogo\/producto\/la-raiz-de-la-ortiga\/"},"modified":"2024-04-29T16:21:28","modified_gmt":"2024-04-29T14:21:28","slug":"la-raiz-de-la-ortiga","status":"publish","type":"product","link":"https:\/\/letrame.com\/catalogo\/producto\/la-raiz-de-la-ortiga\/","title":{"rendered":"La ra\u00edz de la ortiga"},"content":{"rendered":"<p><strong>ISBN<\/strong>: 978-84-1181-406-5<\/p>\n<p><strong>T\u00edtulo<\/strong>: La ra\u00edz de la ortiga<br \/>\n<strong>Fecha<\/strong>: 2023<br \/>\n<strong>P\u00e1ginas<\/strong>: 122<\/p>\n<p><strong>SINOPSIS<\/strong><\/p>\n<p>La historia de esta novela nos traslada a la posguerra espa\u00f1ola. Transcurre m\u00e1s concretamente en el Valle de Tur\u00f3n, en la Asturias rural. Alejandro Paris, nieto de familia humilde de profesi\u00f3n minera, nos cuenta la historia que tuvo que vivir su familia por culpa de la persecuci\u00f3n que sufrieron los rojos en Espa\u00f1a durante aquellos a\u00f1os.<\/p>\n<p>A trav\u00e9s de las vivencias sufridas por los personajes, tanto mujeres como hombres de sus antepasados, relata ciertos problemas, algunos a\u00fan muy actuales como es el machismo y el acoso. C\u00f3mo las mujeres sufr\u00edan el abuso por parte de los hombres, dentro y fuera de casa, o como los hombres eran perseguidos por el simple hecho de no pensar como ellos.<\/p>\n<p>Con estas penurias, revivimos lo que muchas familias humildes tuvieron que experimentar en aquella \u00e9poca en Espa\u00f1a, aunque como bien dice el autor, esta novela no est\u00e1 escrita desde el rencor. Simplemente, es para contar lo ocurrido y que perdura en la memoria de muchas personas.<\/p>\n","protected":false},"excerpt":{"rendered":"<p><strong>ISBN<\/strong>: 978-84-1181-406-5<\/p>\n<p><strong>SINOPSIS<\/strong><\/p>\n<p>La historia de esta novela nos traslada a la posguerra espa\u00f1ola. Transcurre m\u00e1s concretamente en el Valle de Tur\u00f3n, en la Asturias rural. Alejandro Paris, nieto de familia humilde de profesi\u00f3n minera, nos cuenta la historia que tuvo que vivir su familia por culpa de la persecuci\u00f3n que sufrieron los rojos en Espa\u00f1a durante aquellos a\u00f1os.<\/p>\n<p>A trav\u00e9s de las vivencias sufridas por los personajes, tanto mujeres como hombres de sus antepasados, relata ciertos problemas, algunos a\u00fan muy actuales como es el machismo y el acoso. C\u00f3mo las mujeres sufr\u00edan el abuso por parte de los hombres, dentro y fuera de casa, o como los hombres eran perseguidos por el simple hecho de no pensar como ellos.<\/p>\n<p>Con estas penurias, revivimos lo que muchas familias humildes tuvieron que experimentar en aquella \u00e9poca en Espa\u00f1a, aunque como bien dice el autor, esta novela no est\u00e1 escrita desde el rencor. Simplemente, es para contar lo ocurrido y que perdura en la memoria de muchas personas.<\/p>\n","protected":false},"featured_media":99416,"comment_status":"closed","ping_status":"open","template":"","meta":{"_acf_changed":false},"libro":[],"product_brand":[],"product_cat":[26],"product_tag":[],"class_list":{"0":"post-99415","1":"product","2":"type-product","3":"status-publish","4":"has-post-thumbnail","6":"product_cat-sin-categoria","8":"first","9":"instock","10":"product-type-simple"},"acf":{"autor":[77752],"enlace_de_compra":""},"yoast_head":"<!-- This site is optimized with the Yoast SEO plugin v27.4 - https:\/\/yoast.com\/product\/yoast-seo-wordpress\/ -->\n<title>La ra\u00edz de la ortiga - Catalogo | Letrame Grupo Editorial<\/title>\n<meta name=\"robots\" content=\"index, follow, max-snippet:-1, max-image-preview:large, max-video-preview:-1\" \/>\n<link rel=\"canonical\" href=\"https:\/\/letrame.com\/catalogo\/producto\/la-raiz-de-la-ortiga\/\" \/>\n<meta property=\"og:locale\" content=\"es_ES\" \/>\n<meta property=\"og:type\" content=\"article\" \/>\n<meta property=\"og:title\" content=\"La ra\u00edz de la ortiga - Catalogo | Letrame Grupo Editorial\" \/>\n<meta property=\"og:description\" content=\"ISBN: 978-84-1181-406-5 SINOPSIS La historia de esta novela nos traslada a la posguerra espa\u00f1ola. Transcurre m\u00e1s concretamente en el Valle de Tur\u00f3n, en la Asturias rural. Alejandro Paris, nieto de familia humilde de profesi\u00f3n minera, nos cuenta la historia que tuvo que vivir su familia por culpa de la persecuci\u00f3n que sufrieron los rojos en Espa\u00f1a durante aquellos a\u00f1os. A trav\u00e9s de las vivencias sufridas por los personajes, tanto mujeres como hombres de sus antepasados, relata ciertos problemas, algunos a\u00fan muy actuales como es el machismo y el acoso. C\u00f3mo las mujeres sufr\u00edan el abuso por parte de los hombres, dentro y fuera de casa, o como los hombres eran perseguidos por el simple hecho de no pensar como ellos. Con estas penurias, revivimos lo que muchas familias humildes tuvieron que experimentar en aquella \u00e9poca en Espa\u00f1a, aunque como bien dice el autor, esta novela no est\u00e1 escrita desde el rencor. Simplemente, es para contar lo ocurrido y que perdura en la memoria de muchas personas.\" \/>\n<meta property=\"og:url\" content=\"https:\/\/letrame.com\/catalogo\/producto\/la-raiz-de-la-ortiga\/\" \/>\n<meta property=\"og:site_name\" content=\"Catalogo | Letrame Grupo Editorial\" \/>\n<meta property=\"article:modified_time\" content=\"2024-04-29T14:21:28+00:00\" \/>\n<meta property=\"og:image\" content=\"https:\/\/letrame.com\/catalogo\/wp-content\/uploads\/2024\/04\/weblaraizdelaortiga_67mm-compressed.jpg\" \/>\n\t<meta property=\"og:image:width\" content=\"1772\" \/>\n\t<meta property=\"og:image:height\" content=\"2480\" \/>\n\t<meta property=\"og:image:type\" content=\"image\/jpeg\" \/>\n<meta name=\"twitter:card\" content=\"summary_large_image\" \/>\n<meta name=\"twitter:label1\" content=\"Tiempo de lectura\" \/>\n\t<meta name=\"twitter:data1\" content=\"1 minuto\" \/>\n<script type=\"application\/ld+json\" class=\"yoast-schema-graph\">{\"@context\":\"https:\\\/\\\/schema.org\",\"@graph\":[{\"@type\":\"WebPage\",\"@id\":\"https:\\\/\\\/letrame.com\\\/catalogo\\\/producto\\\/la-raiz-de-la-ortiga\\\/\",\"url\":\"https:\\\/\\\/letrame.com\\\/catalogo\\\/producto\\\/la-raiz-de-la-ortiga\\\/\",\"name\":\"La ra\u00edz de la ortiga - Catalogo | Letrame Grupo Editorial\",\"isPartOf\":{\"@id\":\"https:\\\/\\\/letrame.com\\\/catalogo\\\/#website\"},\"primaryImageOfPage\":{\"@id\":\"https:\\\/\\\/letrame.com\\\/catalogo\\\/producto\\\/la-raiz-de-la-ortiga\\\/#primaryimage\"},\"image\":{\"@id\":\"https:\\\/\\\/letrame.com\\\/catalogo\\\/producto\\\/la-raiz-de-la-ortiga\\\/#primaryimage\"},\"thumbnailUrl\":\"https:\\\/\\\/letrame.com\\\/catalogo\\\/wp-content\\\/uploads\\\/2024\\\/04\\\/weblaraizdelaortiga_67mm-compressed.jpg\",\"datePublished\":\"2024-04-29T14:21:12+00:00\",\"dateModified\":\"2024-04-29T14:21:28+00:00\",\"breadcrumb\":{\"@id\":\"https:\\\/\\\/letrame.com\\\/catalogo\\\/producto\\\/la-raiz-de-la-ortiga\\\/#breadcrumb\"},\"inLanguage\":\"es\",\"potentialAction\":[{\"@type\":\"ReadAction\",\"target\":[\"https:\\\/\\\/letrame.com\\\/catalogo\\\/producto\\\/la-raiz-de-la-ortiga\\\/\"]}]},{\"@type\":\"ImageObject\",\"inLanguage\":\"es\",\"@id\":\"https:\\\/\\\/letrame.com\\\/catalogo\\\/producto\\\/la-raiz-de-la-ortiga\\\/#primaryimage\",\"url\":\"https:\\\/\\\/letrame.com\\\/catalogo\\\/wp-content\\\/uploads\\\/2024\\\/04\\\/weblaraizdelaortiga_67mm-compressed.jpg\",\"contentUrl\":\"https:\\\/\\\/letrame.com\\\/catalogo\\\/wp-content\\\/uploads\\\/2024\\\/04\\\/weblaraizdelaortiga_67mm-compressed.jpg\",\"width\":1772,\"height\":2480},{\"@type\":\"BreadcrumbList\",\"@id\":\"https:\\\/\\\/letrame.com\\\/catalogo\\\/producto\\\/la-raiz-de-la-ortiga\\\/#breadcrumb\",\"itemListElement\":[{\"@type\":\"ListItem\",\"position\":1,\"name\":\"Portada\",\"item\":\"https:\\\/\\\/letrame.com\\\/catalogo\\\/\"},{\"@type\":\"ListItem\",\"position\":2,\"name\":\"Cat\u00e1logo\",\"item\":\"https:\\\/\\\/letrame.com\\\/catalogo\\\/\"},{\"@type\":\"ListItem\",\"position\":3,\"name\":\"La ra\u00edz de la ortiga\"}]},{\"@type\":\"WebSite\",\"@id\":\"https:\\\/\\\/letrame.com\\\/catalogo\\\/#website\",\"url\":\"https:\\\/\\\/letrame.com\\\/catalogo\\\/\",\"name\":\"Catalogo | Letrame Grupo Editorial\",\"description\":\"\",\"publisher\":{\"@id\":\"https:\\\/\\\/letrame.com\\\/catalogo\\\/#organization\"},\"potentialAction\":[{\"@type\":\"SearchAction\",\"target\":{\"@type\":\"EntryPoint\",\"urlTemplate\":\"https:\\\/\\\/letrame.com\\\/catalogo\\\/?s={search_term_string}\"},\"query-input\":{\"@type\":\"PropertyValueSpecification\",\"valueRequired\":true,\"valueName\":\"search_term_string\"}}],\"inLanguage\":\"es\"},{\"@type\":\"Organization\",\"@id\":\"https:\\\/\\\/letrame.com\\\/catalogo\\\/#organization\",\"name\":\"Catalogo | Letrame Grupo Editorial\",\"url\":\"https:\\\/\\\/letrame.com\\\/catalogo\\\/\",\"logo\":{\"@type\":\"ImageObject\",\"inLanguage\":\"es\",\"@id\":\"https:\\\/\\\/letrame.com\\\/catalogo\\\/#\\\/schema\\\/logo\\\/image\\\/\",\"url\":\"https:\\\/\\\/letrame.com\\\/catalogo\\\/wp-content\\\/uploads\\\/2024\\\/03\\\/logo2.webp\",\"contentUrl\":\"https:\\\/\\\/letrame.com\\\/catalogo\\\/wp-content\\\/uploads\\\/2024\\\/03\\\/logo2.webp\",\"width\":394,\"height\":128,\"caption\":\"Catalogo | Letrame Grupo Editorial\"},\"image\":{\"@id\":\"https:\\\/\\\/letrame.com\\\/catalogo\\\/#\\\/schema\\\/logo\\\/image\\\/\"}}]}<\/script>\n<!-- \/ Yoast SEO plugin. -->","yoast_head_json":{"title":"La ra\u00edz de la ortiga - Catalogo | Letrame Grupo Editorial","robots":{"index":"index","follow":"follow","max-snippet":"max-snippet:-1","max-image-preview":"max-image-preview:large","max-video-preview":"max-video-preview:-1"},"canonical":"https:\/\/letrame.com\/catalogo\/producto\/la-raiz-de-la-ortiga\/","og_locale":"es_ES","og_type":"article","og_title":"La ra\u00edz de la ortiga - Catalogo | Letrame Grupo Editorial","og_description":"ISBN: 978-84-1181-406-5 SINOPSIS La historia de esta novela nos traslada a la posguerra espa\u00f1ola. Transcurre m\u00e1s concretamente en el Valle de Tur\u00f3n, en la Asturias rural. Alejandro Paris, nieto de familia humilde de profesi\u00f3n minera, nos cuenta la historia que tuvo que vivir su familia por culpa de la persecuci\u00f3n que sufrieron los rojos en Espa\u00f1a durante aquellos a\u00f1os. A trav\u00e9s de las vivencias sufridas por los personajes, tanto mujeres como hombres de sus antepasados, relata ciertos problemas, algunos a\u00fan muy actuales como es el machismo y el acoso. C\u00f3mo las mujeres sufr\u00edan el abuso por parte de los hombres, dentro y fuera de casa, o como los hombres eran perseguidos por el simple hecho de no pensar como ellos. Con estas penurias, revivimos lo que muchas familias humildes tuvieron que experimentar en aquella \u00e9poca en Espa\u00f1a, aunque como bien dice el autor, esta novela no est\u00e1 escrita desde el rencor. Simplemente, es para contar lo ocurrido y que perdura en la memoria de muchas personas.","og_url":"https:\/\/letrame.com\/catalogo\/producto\/la-raiz-de-la-ortiga\/","og_site_name":"Catalogo | Letrame Grupo Editorial","article_modified_time":"2024-04-29T14:21:28+00:00","og_image":[{"width":1772,"height":2480,"url":"https:\/\/letrame.com\/catalogo\/wp-content\/uploads\/2024\/04\/weblaraizdelaortiga_67mm-compressed.jpg","type":"image\/jpeg"}],"twitter_card":"summary_large_image","twitter_misc":{"Tiempo de lectura":"1 minuto"},"schema":{"@context":"https:\/\/schema.org","@graph":[{"@type":"WebPage","@id":"https:\/\/letrame.com\/catalogo\/producto\/la-raiz-de-la-ortiga\/","url":"https:\/\/letrame.com\/catalogo\/producto\/la-raiz-de-la-ortiga\/","name":"La ra\u00edz de la ortiga - Catalogo | Letrame Grupo Editorial","isPartOf":{"@id":"https:\/\/letrame.com\/catalogo\/#website"},"primaryImageOfPage":{"@id":"https:\/\/letrame.com\/catalogo\/producto\/la-raiz-de-la-ortiga\/#primaryimage"},"image":{"@id":"https:\/\/letrame.com\/catalogo\/producto\/la-raiz-de-la-ortiga\/#primaryimage"},"thumbnailUrl":"https:\/\/letrame.com\/catalogo\/wp-content\/uploads\/2024\/04\/weblaraizdelaortiga_67mm-compressed.jpg","datePublished":"2024-04-29T14:21:12+00:00","dateModified":"2024-04-29T14:21:28+00:00","breadcrumb":{"@id":"https:\/\/letrame.com\/catalogo\/producto\/la-raiz-de-la-ortiga\/#breadcrumb"},"inLanguage":"es","potentialAction":[{"@type":"ReadAction","target":["https:\/\/letrame.com\/catalogo\/producto\/la-raiz-de-la-ortiga\/"]}]},{"@type":"ImageObject","inLanguage":"es","@id":"https:\/\/letrame.com\/catalogo\/producto\/la-raiz-de-la-ortiga\/#primaryimage","url":"https:\/\/letrame.com\/catalogo\/wp-content\/uploads\/2024\/04\/weblaraizdelaortiga_67mm-compressed.jpg","contentUrl":"https:\/\/letrame.com\/catalogo\/wp-content\/uploads\/2024\/04\/weblaraizdelaortiga_67mm-compressed.jpg","width":1772,"height":2480},{"@type":"BreadcrumbList","@id":"https:\/\/letrame.com\/catalogo\/producto\/la-raiz-de-la-ortiga\/#breadcrumb","itemListElement":[{"@type":"ListItem","position":1,"name":"Portada","item":"https:\/\/letrame.com\/catalogo\/"},{"@type":"ListItem","position":2,"name":"Cat\u00e1logo","item":"https:\/\/letrame.com\/catalogo\/"},{"@type":"ListItem","position":3,"name":"La ra\u00edz de la ortiga"}]},{"@type":"WebSite","@id":"https:\/\/letrame.com\/catalogo\/#website","url":"https:\/\/letrame.com\/catalogo\/","name":"Catalogo | Letrame Grupo Editorial","description":"","publisher":{"@id":"https:\/\/letrame.com\/catalogo\/#organization"},"potentialAction":[{"@type":"SearchAction","target":{"@type":"EntryPoint","urlTemplate":"https:\/\/letrame.com\/catalogo\/?s={search_term_string}"},"query-input":{"@type":"PropertyValueSpecification","valueRequired":true,"valueName":"search_term_string"}}],"inLanguage":"es"},{"@type":"Organization","@id":"https:\/\/letrame.com\/catalogo\/#organization","name":"Catalogo | Letrame Grupo Editorial","url":"https:\/\/letrame.com\/catalogo\/","logo":{"@type":"ImageObject","inLanguage":"es","@id":"https:\/\/letrame.com\/catalogo\/#\/schema\/logo\/image\/","url":"https:\/\/letrame.com\/catalogo\/wp-content\/uploads\/2024\/03\/logo2.webp","contentUrl":"https:\/\/letrame.com\/catalogo\/wp-content\/uploads\/2024\/03\/logo2.webp","width":394,"height":128,"caption":"Catalogo | Letrame Grupo Editorial"},"image":{"@id":"https:\/\/letrame.com\/catalogo\/#\/schema\/logo\/image\/"}}]}},"_links":{"self":[{"href":"https:\/\/letrame.com\/catalogo\/wp-json\/wp\/v2\/product\/99415","targetHints":{"allow":["GET"]}}],"collection":[{"href":"https:\/\/letrame.com\/catalogo\/wp-json\/wp\/v2\/product"}],"about":[{"href":"https:\/\/letrame.com\/catalogo\/wp-json\/wp\/v2\/types\/product"}],"replies":[{"embeddable":true,"href":"https:\/\/letrame.com\/catalogo\/wp-json\/wp\/v2\/comments?post=99415"}],"acf:post":[{"embeddable":true,"href":"https:\/\/letrame.com\/catalogo\/wp-json\/wp\/v2\/author_book\/77752"}],"wp:featuredmedia":[{"embeddable":true,"href":"https:\/\/letrame.com\/catalogo\/wp-json\/wp\/v2\/media\/99416"}],"wp:attachment":[{"href":"https:\/\/letrame.com\/catalogo\/wp-json\/wp\/v2\/media?parent=99415"}],"wp:term":[{"taxonomy":"libro","embeddable":true,"href":"https:\/\/letrame.com\/catalogo\/wp-json\/wp\/v2\/libro?post=99415"},{"taxonomy":"product_brand","embeddable":true,"href":"https:\/\/letrame.com\/catalogo\/wp-json\/wp\/v2\/product_brand?post=99415"},{"taxonomy":"product_cat","embeddable":true,"href":"https:\/\/letrame.com\/catalogo\/wp-json\/wp\/v2\/product_cat?post=99415"},{"taxonomy":"product_tag","embeddable":true,"href":"https:\/\/letrame.com\/catalogo\/wp-json\/wp\/v2\/product_tag?post=99415"}],"curies":[{"name":"wp","href":"https:\/\/api.w.org\/{rel}","templated":true}]}}