{"id":99399,"date":"2024-04-29T16:18:50","date_gmt":"2024-04-29T14:18:50","guid":{"rendered":"https:\/\/letrame.com\/catalogo\/producto\/lysistrata-siglo-xxi\/"},"modified":"2024-07-30T12:55:52","modified_gmt":"2024-07-30T10:55:52","slug":"lysistrata-siglo-xxi","status":"publish","type":"product","link":"https:\/\/letrame.com\/catalogo\/producto\/lysistrata-siglo-xxi\/","title":{"rendered":"LYS\u00cdSTRATA SIGLO XXI"},"content":{"rendered":"<p><strong>ISBN<\/strong>: 978-84-1181-342-6<\/p>\n<p><strong>T\u00edtulo<\/strong>: LYS\u00cdSTRATA SIGLO XXI<br \/>\n<strong>Fecha<\/strong>: 2023<br \/>\n<strong>P\u00e1ginas<\/strong>: 130<\/p>\n<p><strong>SINOPSIS<\/strong><\/p>\n<p>Este libro presenta al lector una obra teatral\u00a0floreciente:<\/p>\n<p>\u201c<em><u>LYS\u00cdSTRATA SIGLO XXI<\/u><\/em>\u201d, tejida con los hilos sutiles de la iron\u00eda, el mensaje trascendental, el humor que acaricia el alma y la denuncia que despierta conciencias.\u00a0Sus creadores son\u00a0<strong>Pablo Lasso<\/strong>, erudito en Sociolog\u00eda, y\u00a0<strong>Jos\u00e9 Manuel Villafaina<\/strong>, maestro en el Arte Dram\u00e1tico, que han entrelazado sus ingeniosas plumas en esta sinfon\u00eda literaria.\u00a0La obra toma como inspiraci\u00f3n las narrativas grecolatinas y las proyecta en el siglo actual como un canto de s\u00e1tira social y pol\u00edtica que aborda la importancia de la paz en el mundo y el conflicto sexual entre mujeres y hombres. En su coraz\u00f3n de comedia, late el eco ancestral de\u00a0<strong>Arist\u00f3fanes<\/strong>, quien\u00a0sirve como fuente de inspiraci\u00f3n. La obra es comprometida y consciente\u00a0de que el teatro\u00a0en la antigua Grecia fue el foro de la pol\u00edtica en su esencia m\u00e1s pura, una pol\u00edtica sin banderas partidistas ni militancias, arraigada en una actitud cr\u00edtica al poder y a la condici\u00f3n humana.<\/p>\n<p>\u201c<em><u>LYS\u00cdSTRATA SIGLO XXI<\/u><\/em>\u201d, surge tras una profunda reflexi\u00f3n sobre la situaci\u00f3n cr\u00edtica que atraviesan las actuales guerras, donde el conflicto en Ucrania arroja una cerraz\u00f3n amenazante sobre el mundo, con el siniestro bot\u00f3n nuclear que acecha en las sombras. Al mismo tiempo, la obra reflexiona en el tumultuoso oc\u00e9ano del feminismo actual de voces diversas y arduos debates de los \u00faltimos a\u00f1os. Este trabajo teatral se erige como un faro de relevancia tem\u00e1tica y un crisol de innovaci\u00f3n, forjando un sendero c\u00f3mico, ut\u00f3pico e irreal que nos\u00a0transporta de siglos pasados\u00a0al siglo presente. La\u00a0<em>Lys\u00edstrata<\/em>\u00a0resucitada aqu\u00ed y ahora,\u00a0se convierte en el ic\u00f3nico personaje que guiar\u00e1 a los lectores, encarnando la esencia del esp\u00edritu libre\u00a0y combativo que tanto atesor\u00f3 el pol\u00e9mico\u00a0<strong>Arist\u00f3fanes<\/strong>, exponente griego del g\u00e9nero c\u00f3mico.<\/p>\n<p>\u00ab<em><u>LYS\u00cdSTRATA SIGLO XXI<\/u><\/em>\u00bb ve la luz p\u00fablica como una obra teatral renovadora,\u00a0un logro que resalta en su pr\u00f3logo el profesor de Literatura de la Universidad de Extremadura y experto en teatro cl\u00e1sico,\u00a0<strong>Miguel \u00c1ngel Teijeiro<\/strong>. Adem\u00e1s, como un texto que ha ganado el reconocimiento de destacados dramaturgos y directores, como\u00a0<strong>Juan Margallo<\/strong>,\u00a0<strong>Denis Rafter<\/strong>,\u00a0<strong>Miguel Murillo\u00a0<\/strong>y otros,\u00a0quienes han sido\u00a0distinguidos por sus contribuciones sobresalientes al Festival de Teatro Cl\u00e1sico de M\u00e9rida. En sus voces, han descrito la obra como una versi\u00f3n divertida, audaz, oportuna y profunda, donde lo antiguo y lo moderno danzan en un resplandor de la pureza aristof\u00e1nica que se refleja en el espejo del presente, una llama ancestral que sigue ardiendo en nuestro tiempo, record\u00e1ndonos que el teatro trasciende eras y perdura eternamente vivo.<\/p>\n<p>&nbsp;<\/p>\n","protected":false},"excerpt":{"rendered":"<p><strong>ISBN<\/strong>: 978-84-1181-342-6<\/p>\n<p><strong>SINOPSIS<\/strong><\/p>\n<p>Este libro presenta al lector una obra teatral\u00a0floreciente:<\/p>\n<p>\u201c<em><u>LYS\u00cdSTRATA SIGLO XXI<\/u><\/em>\u201d, tejida con los hilos sutiles de la iron\u00eda, el mensaje trascendental, el humor que acaricia el alma y la denuncia que despierta conciencias.\u00a0Sus creadores son\u00a0<strong>Pablo Lasso<\/strong>, erudito en Sociolog\u00eda, y\u00a0<strong>Jos\u00e9 Manuel Villafaina<\/strong>, maestro en el Arte Dram\u00e1tico, que han entrelazado sus ingeniosas plumas en esta sinfon\u00eda literaria.\u00a0La obra toma como inspiraci\u00f3n las narrativas grecolatinas y las proyecta en el siglo actual como un canto de s\u00e1tira social y pol\u00edtica que aborda la importancia de la paz en el mundo y el conflicto sexual entre mujeres y hombres. En su coraz\u00f3n de comedia, late el eco ancestral de\u00a0<strong>Arist\u00f3fanes<\/strong>, quien\u00a0sirve como fuente de inspiraci\u00f3n. La obra es comprometida y consciente\u00a0de que el teatro\u00a0en la antigua Grecia fue el foro de la pol\u00edtica en su esencia m\u00e1s pura, una pol\u00edtica sin banderas partidistas ni militancias, arraigada en una actitud cr\u00edtica al poder y a la condici\u00f3n humana.<\/p>\n<p>\u201c<em><u>LYS\u00cdSTRATA SIGLO XXI<\/u><\/em>\u201d, surge tras una profunda reflexi\u00f3n sobre la situaci\u00f3n cr\u00edtica que atraviesan las actuales guerras, donde el conflicto en Ucrania arroja una cerraz\u00f3n amenazante sobre el mundo, con el siniestro bot\u00f3n nuclear que acecha en las sombras. Al mismo tiempo, la obra reflexiona en el tumultuoso oc\u00e9ano del feminismo actual de voces diversas y arduos debates de los \u00faltimos a\u00f1os. Este trabajo teatral se erige como un faro de relevancia tem\u00e1tica y un crisol de innovaci\u00f3n, forjando un sendero c\u00f3mico, ut\u00f3pico e irreal que nos\u00a0transporta de siglos pasados\u00a0al siglo presente. La\u00a0<em>Lys\u00edstrata<\/em>\u00a0resucitada aqu\u00ed y ahora,\u00a0se convierte en el ic\u00f3nico personaje que guiar\u00e1 a los lectores, encarnando la esencia del esp\u00edritu libre\u00a0y combativo que tanto atesor\u00f3 el pol\u00e9mico\u00a0<strong>Arist\u00f3fanes<\/strong>, exponente griego del g\u00e9nero c\u00f3mico.<\/p>\n<p>\u00ab<em><u>LYS\u00cdSTRATA SIGLO XXI<\/u><\/em>\u00bb ve la luz p\u00fablica como una obra teatral renovadora,\u00a0un logro que resalta en su pr\u00f3logo el profesor de Literatura de la Universidad de Extremadura y experto en teatro cl\u00e1sico,\u00a0<strong>Miguel \u00c1ngel Teijeiro<\/strong>. Adem\u00e1s, como un texto que ha ganado el reconocimiento de destacados dramaturgos y directores, como\u00a0<strong>Juan Margallo<\/strong>,\u00a0<strong>Denis Rafter<\/strong>,\u00a0<strong>Miguel Murillo\u00a0<\/strong>y otros,\u00a0quienes han sido\u00a0distinguidos por sus contribuciones sobresalientes al Festival de Teatro Cl\u00e1sico de M\u00e9rida. En sus voces, han descrito la obra como una versi\u00f3n divertida, audaz, oportuna y profunda, donde lo antiguo y lo moderno danzan en un resplandor de la pureza aristof\u00e1nica que se refleja en el espejo del presente, una llama ancestral que sigue ardiendo en nuestro tiempo, record\u00e1ndonos que el teatro trasciende eras y perdura eternamente vivo.<\/p>\n","protected":false},"featured_media":99400,"comment_status":"closed","ping_status":"closed","template":"","meta":{"_acf_changed":false},"libro":[],"product_brand":[],"product_cat":[26],"product_tag":[],"class_list":{"0":"post-99399","1":"product","2":"type-product","3":"status-publish","4":"has-post-thumbnail","6":"product_cat-sin-categoria","8":"first","9":"instock","10":"product-type-simple"},"acf":{"autor":[77742,104296],"enlace_de_compra":""},"yoast_head":"<!-- This site is optimized with the Yoast SEO plugin v27.4 - https:\/\/yoast.com\/product\/yoast-seo-wordpress\/ -->\n<title>LYS\u00cdSTRATA SIGLO XXI - Catalogo | Letrame Grupo Editorial<\/title>\n<meta name=\"robots\" content=\"index, follow, max-snippet:-1, max-image-preview:large, max-video-preview:-1\" \/>\n<link rel=\"canonical\" href=\"https:\/\/letrame.com\/catalogo\/producto\/lysistrata-siglo-xxi\/\" \/>\n<meta property=\"og:locale\" content=\"es_ES\" \/>\n<meta property=\"og:type\" content=\"article\" \/>\n<meta property=\"og:title\" content=\"LYS\u00cdSTRATA SIGLO XXI - Catalogo | Letrame Grupo Editorial\" \/>\n<meta property=\"og:description\" content=\"ISBN: 978-84-1181-342-6  SINOPSIS  Este libro presenta al lector una obra teatral\u00a0floreciente:  \u201cLYS\u00cdSTRATA SIGLO XXI\u201d, tejida con los hilos sutiles de la iron\u00eda, el mensaje trascendental, el humor que acaricia el alma y la denuncia que despierta conciencias.\u00a0Sus creadores son\u00a0Pablo Lasso, erudito en Sociolog\u00eda, y\u00a0Jos\u00e9 Manuel Villafaina, maestro en el Arte Dram\u00e1tico, que han entrelazado sus ingeniosas plumas en esta sinfon\u00eda literaria.\u00a0La obra toma como inspiraci\u00f3n las narrativas grecolatinas y las proyecta en el siglo actual como un canto de s\u00e1tira social y pol\u00edtica que aborda la importancia de la paz en el mundo y el conflicto sexual entre mujeres y hombres. En su coraz\u00f3n de comedia, late el eco ancestral de\u00a0Arist\u00f3fanes, quien\u00a0sirve como fuente de inspiraci\u00f3n. La obra es comprometida y consciente\u00a0de que el teatro\u00a0en la antigua Grecia fue el foro de la pol\u00edtica en su esencia m\u00e1s pura, una pol\u00edtica sin banderas partidistas ni militancias, arraigada en una actitud cr\u00edtica al poder y a la condici\u00f3n humana.  \u201cLYS\u00cdSTRATA SIGLO XXI\u201d, surge tras una profunda reflexi\u00f3n sobre la situaci\u00f3n cr\u00edtica que atraviesan las actuales guerras, donde el conflicto en Ucrania arroja una cerraz\u00f3n amenazante sobre el mundo, con el siniestro bot\u00f3n nuclear que acecha en las sombras. Al mismo tiempo, la obra reflexiona en el tumultuoso oc\u00e9ano del feminismo actual de voces diversas y arduos debates de los \u00faltimos a\u00f1os. Este trabajo teatral se erige como un faro de relevancia tem\u00e1tica y un crisol de innovaci\u00f3n, forjando un sendero c\u00f3mico, ut\u00f3pico e irreal que nos\u00a0transporta de siglos pasados\u00a0al siglo presente. La\u00a0Lys\u00edstrata\u00a0resucitada aqu\u00ed y ahora,\u00a0se convierte en el ic\u00f3nico personaje que guiar\u00e1 a los lectores, encarnando la esencia del esp\u00edritu libre\u00a0y combativo que tanto atesor\u00f3 el pol\u00e9mico\u00a0Arist\u00f3fanes, exponente griego del g\u00e9nero c\u00f3mico.  &quot;LYS\u00cdSTRATA SIGLO XXI&quot; ve la luz p\u00fablica como una obra teatral renovadora,\u00a0un logro que resalta en su pr\u00f3logo el profesor de Literatura de la Universidad de Extremadura y experto en teatro cl\u00e1sico,\u00a0Miguel \u00c1ngel Teijeiro. Adem\u00e1s, como un texto que ha ganado el reconocimiento de destacados dramaturgos y directores, como\u00a0Juan Margallo,\u00a0Denis Rafter,\u00a0Miguel Murillo\u00a0y otros,\u00a0quienes han sido\u00a0distinguidos por sus contribuciones sobresalientes al Festival de Teatro Cl\u00e1sico de M\u00e9rida. En sus voces, han descrito la obra como una versi\u00f3n divertida, audaz, oportuna y profunda, donde lo antiguo y lo moderno danzan en un resplandor de la pureza aristof\u00e1nica que se refleja en el espejo del presente, una llama ancestral que sigue ardiendo en nuestro tiempo, record\u00e1ndonos que el teatro trasciende eras y perdura eternamente vivo.\" \/>\n<meta property=\"og:url\" content=\"https:\/\/letrame.com\/catalogo\/producto\/lysistrata-siglo-xxi\/\" \/>\n<meta property=\"og:site_name\" content=\"Catalogo | Letrame Grupo Editorial\" \/>\n<meta property=\"article:modified_time\" content=\"2024-07-30T10:55:52+00:00\" \/>\n<meta property=\"og:image\" content=\"https:\/\/letrame.com\/catalogo\/wp-content\/uploads\/2024\/04\/webportada_lysistrata_71mm-compressed.jpg\" \/>\n\t<meta property=\"og:image:width\" content=\"1772\" \/>\n\t<meta property=\"og:image:height\" content=\"2480\" \/>\n\t<meta property=\"og:image:type\" content=\"image\/jpeg\" \/>\n<meta name=\"twitter:card\" content=\"summary_large_image\" \/>\n<meta name=\"twitter:label1\" content=\"Tiempo de lectura\" \/>\n\t<meta name=\"twitter:data1\" content=\"3 minutos\" \/>\n<script type=\"application\/ld+json\" class=\"yoast-schema-graph\">{\"@context\":\"https:\\\/\\\/schema.org\",\"@graph\":[{\"@type\":\"WebPage\",\"@id\":\"https:\\\/\\\/letrame.com\\\/catalogo\\\/producto\\\/lysistrata-siglo-xxi\\\/\",\"url\":\"https:\\\/\\\/letrame.com\\\/catalogo\\\/producto\\\/lysistrata-siglo-xxi\\\/\",\"name\":\"LYS\u00cdSTRATA SIGLO XXI - Catalogo | Letrame Grupo Editorial\",\"isPartOf\":{\"@id\":\"https:\\\/\\\/letrame.com\\\/catalogo\\\/#website\"},\"primaryImageOfPage\":{\"@id\":\"https:\\\/\\\/letrame.com\\\/catalogo\\\/producto\\\/lysistrata-siglo-xxi\\\/#primaryimage\"},\"image\":{\"@id\":\"https:\\\/\\\/letrame.com\\\/catalogo\\\/producto\\\/lysistrata-siglo-xxi\\\/#primaryimage\"},\"thumbnailUrl\":\"https:\\\/\\\/letrame.com\\\/catalogo\\\/wp-content\\\/uploads\\\/2024\\\/04\\\/webportada_lysistrata_71mm-compressed.jpg\",\"datePublished\":\"2024-04-29T14:18:50+00:00\",\"dateModified\":\"2024-07-30T10:55:52+00:00\",\"breadcrumb\":{\"@id\":\"https:\\\/\\\/letrame.com\\\/catalogo\\\/producto\\\/lysistrata-siglo-xxi\\\/#breadcrumb\"},\"inLanguage\":\"es\",\"potentialAction\":[{\"@type\":\"ReadAction\",\"target\":[\"https:\\\/\\\/letrame.com\\\/catalogo\\\/producto\\\/lysistrata-siglo-xxi\\\/\"]}]},{\"@type\":\"ImageObject\",\"inLanguage\":\"es\",\"@id\":\"https:\\\/\\\/letrame.com\\\/catalogo\\\/producto\\\/lysistrata-siglo-xxi\\\/#primaryimage\",\"url\":\"https:\\\/\\\/letrame.com\\\/catalogo\\\/wp-content\\\/uploads\\\/2024\\\/04\\\/webportada_lysistrata_71mm-compressed.jpg\",\"contentUrl\":\"https:\\\/\\\/letrame.com\\\/catalogo\\\/wp-content\\\/uploads\\\/2024\\\/04\\\/webportada_lysistrata_71mm-compressed.jpg\",\"width\":1772,\"height\":2480},{\"@type\":\"BreadcrumbList\",\"@id\":\"https:\\\/\\\/letrame.com\\\/catalogo\\\/producto\\\/lysistrata-siglo-xxi\\\/#breadcrumb\",\"itemListElement\":[{\"@type\":\"ListItem\",\"position\":1,\"name\":\"Portada\",\"item\":\"https:\\\/\\\/letrame.com\\\/catalogo\\\/\"},{\"@type\":\"ListItem\",\"position\":2,\"name\":\"Cat\u00e1logo\",\"item\":\"https:\\\/\\\/letrame.com\\\/catalogo\\\/\"},{\"@type\":\"ListItem\",\"position\":3,\"name\":\"LYS\u00cdSTRATA SIGLO XXI\"}]},{\"@type\":\"WebSite\",\"@id\":\"https:\\\/\\\/letrame.com\\\/catalogo\\\/#website\",\"url\":\"https:\\\/\\\/letrame.com\\\/catalogo\\\/\",\"name\":\"Catalogo | Letrame Grupo Editorial\",\"description\":\"\",\"publisher\":{\"@id\":\"https:\\\/\\\/letrame.com\\\/catalogo\\\/#organization\"},\"potentialAction\":[{\"@type\":\"SearchAction\",\"target\":{\"@type\":\"EntryPoint\",\"urlTemplate\":\"https:\\\/\\\/letrame.com\\\/catalogo\\\/?s={search_term_string}\"},\"query-input\":{\"@type\":\"PropertyValueSpecification\",\"valueRequired\":true,\"valueName\":\"search_term_string\"}}],\"inLanguage\":\"es\"},{\"@type\":\"Organization\",\"@id\":\"https:\\\/\\\/letrame.com\\\/catalogo\\\/#organization\",\"name\":\"Catalogo | Letrame Grupo Editorial\",\"url\":\"https:\\\/\\\/letrame.com\\\/catalogo\\\/\",\"logo\":{\"@type\":\"ImageObject\",\"inLanguage\":\"es\",\"@id\":\"https:\\\/\\\/letrame.com\\\/catalogo\\\/#\\\/schema\\\/logo\\\/image\\\/\",\"url\":\"https:\\\/\\\/letrame.com\\\/catalogo\\\/wp-content\\\/uploads\\\/2024\\\/03\\\/logo2.webp\",\"contentUrl\":\"https:\\\/\\\/letrame.com\\\/catalogo\\\/wp-content\\\/uploads\\\/2024\\\/03\\\/logo2.webp\",\"width\":394,\"height\":128,\"caption\":\"Catalogo | Letrame Grupo Editorial\"},\"image\":{\"@id\":\"https:\\\/\\\/letrame.com\\\/catalogo\\\/#\\\/schema\\\/logo\\\/image\\\/\"}}]}<\/script>\n<!-- \/ Yoast SEO plugin. -->","yoast_head_json":{"title":"LYS\u00cdSTRATA SIGLO XXI - Catalogo | Letrame Grupo Editorial","robots":{"index":"index","follow":"follow","max-snippet":"max-snippet:-1","max-image-preview":"max-image-preview:large","max-video-preview":"max-video-preview:-1"},"canonical":"https:\/\/letrame.com\/catalogo\/producto\/lysistrata-siglo-xxi\/","og_locale":"es_ES","og_type":"article","og_title":"LYS\u00cdSTRATA SIGLO XXI - Catalogo | Letrame Grupo Editorial","og_description":"ISBN: 978-84-1181-342-6  SINOPSIS  Este libro presenta al lector una obra teatral\u00a0floreciente:  \u201cLYS\u00cdSTRATA SIGLO XXI\u201d, tejida con los hilos sutiles de la iron\u00eda, el mensaje trascendental, el humor que acaricia el alma y la denuncia que despierta conciencias.\u00a0Sus creadores son\u00a0Pablo Lasso, erudito en Sociolog\u00eda, y\u00a0Jos\u00e9 Manuel Villafaina, maestro en el Arte Dram\u00e1tico, que han entrelazado sus ingeniosas plumas en esta sinfon\u00eda literaria.\u00a0La obra toma como inspiraci\u00f3n las narrativas grecolatinas y las proyecta en el siglo actual como un canto de s\u00e1tira social y pol\u00edtica que aborda la importancia de la paz en el mundo y el conflicto sexual entre mujeres y hombres. En su coraz\u00f3n de comedia, late el eco ancestral de\u00a0Arist\u00f3fanes, quien\u00a0sirve como fuente de inspiraci\u00f3n. La obra es comprometida y consciente\u00a0de que el teatro\u00a0en la antigua Grecia fue el foro de la pol\u00edtica en su esencia m\u00e1s pura, una pol\u00edtica sin banderas partidistas ni militancias, arraigada en una actitud cr\u00edtica al poder y a la condici\u00f3n humana.  \u201cLYS\u00cdSTRATA SIGLO XXI\u201d, surge tras una profunda reflexi\u00f3n sobre la situaci\u00f3n cr\u00edtica que atraviesan las actuales guerras, donde el conflicto en Ucrania arroja una cerraz\u00f3n amenazante sobre el mundo, con el siniestro bot\u00f3n nuclear que acecha en las sombras. Al mismo tiempo, la obra reflexiona en el tumultuoso oc\u00e9ano del feminismo actual de voces diversas y arduos debates de los \u00faltimos a\u00f1os. Este trabajo teatral se erige como un faro de relevancia tem\u00e1tica y un crisol de innovaci\u00f3n, forjando un sendero c\u00f3mico, ut\u00f3pico e irreal que nos\u00a0transporta de siglos pasados\u00a0al siglo presente. La\u00a0Lys\u00edstrata\u00a0resucitada aqu\u00ed y ahora,\u00a0se convierte en el ic\u00f3nico personaje que guiar\u00e1 a los lectores, encarnando la esencia del esp\u00edritu libre\u00a0y combativo que tanto atesor\u00f3 el pol\u00e9mico\u00a0Arist\u00f3fanes, exponente griego del g\u00e9nero c\u00f3mico.  \"LYS\u00cdSTRATA SIGLO XXI\" ve la luz p\u00fablica como una obra teatral renovadora,\u00a0un logro que resalta en su pr\u00f3logo el profesor de Literatura de la Universidad de Extremadura y experto en teatro cl\u00e1sico,\u00a0Miguel \u00c1ngel Teijeiro. Adem\u00e1s, como un texto que ha ganado el reconocimiento de destacados dramaturgos y directores, como\u00a0Juan Margallo,\u00a0Denis Rafter,\u00a0Miguel Murillo\u00a0y otros,\u00a0quienes han sido\u00a0distinguidos por sus contribuciones sobresalientes al Festival de Teatro Cl\u00e1sico de M\u00e9rida. En sus voces, han descrito la obra como una versi\u00f3n divertida, audaz, oportuna y profunda, donde lo antiguo y lo moderno danzan en un resplandor de la pureza aristof\u00e1nica que se refleja en el espejo del presente, una llama ancestral que sigue ardiendo en nuestro tiempo, record\u00e1ndonos que el teatro trasciende eras y perdura eternamente vivo.","og_url":"https:\/\/letrame.com\/catalogo\/producto\/lysistrata-siglo-xxi\/","og_site_name":"Catalogo | Letrame Grupo Editorial","article_modified_time":"2024-07-30T10:55:52+00:00","og_image":[{"width":1772,"height":2480,"url":"https:\/\/letrame.com\/catalogo\/wp-content\/uploads\/2024\/04\/webportada_lysistrata_71mm-compressed.jpg","type":"image\/jpeg"}],"twitter_card":"summary_large_image","twitter_misc":{"Tiempo de lectura":"3 minutos"},"schema":{"@context":"https:\/\/schema.org","@graph":[{"@type":"WebPage","@id":"https:\/\/letrame.com\/catalogo\/producto\/lysistrata-siglo-xxi\/","url":"https:\/\/letrame.com\/catalogo\/producto\/lysistrata-siglo-xxi\/","name":"LYS\u00cdSTRATA SIGLO XXI - Catalogo | Letrame Grupo Editorial","isPartOf":{"@id":"https:\/\/letrame.com\/catalogo\/#website"},"primaryImageOfPage":{"@id":"https:\/\/letrame.com\/catalogo\/producto\/lysistrata-siglo-xxi\/#primaryimage"},"image":{"@id":"https:\/\/letrame.com\/catalogo\/producto\/lysistrata-siglo-xxi\/#primaryimage"},"thumbnailUrl":"https:\/\/letrame.com\/catalogo\/wp-content\/uploads\/2024\/04\/webportada_lysistrata_71mm-compressed.jpg","datePublished":"2024-04-29T14:18:50+00:00","dateModified":"2024-07-30T10:55:52+00:00","breadcrumb":{"@id":"https:\/\/letrame.com\/catalogo\/producto\/lysistrata-siglo-xxi\/#breadcrumb"},"inLanguage":"es","potentialAction":[{"@type":"ReadAction","target":["https:\/\/letrame.com\/catalogo\/producto\/lysistrata-siglo-xxi\/"]}]},{"@type":"ImageObject","inLanguage":"es","@id":"https:\/\/letrame.com\/catalogo\/producto\/lysistrata-siglo-xxi\/#primaryimage","url":"https:\/\/letrame.com\/catalogo\/wp-content\/uploads\/2024\/04\/webportada_lysistrata_71mm-compressed.jpg","contentUrl":"https:\/\/letrame.com\/catalogo\/wp-content\/uploads\/2024\/04\/webportada_lysistrata_71mm-compressed.jpg","width":1772,"height":2480},{"@type":"BreadcrumbList","@id":"https:\/\/letrame.com\/catalogo\/producto\/lysistrata-siglo-xxi\/#breadcrumb","itemListElement":[{"@type":"ListItem","position":1,"name":"Portada","item":"https:\/\/letrame.com\/catalogo\/"},{"@type":"ListItem","position":2,"name":"Cat\u00e1logo","item":"https:\/\/letrame.com\/catalogo\/"},{"@type":"ListItem","position":3,"name":"LYS\u00cdSTRATA SIGLO XXI"}]},{"@type":"WebSite","@id":"https:\/\/letrame.com\/catalogo\/#website","url":"https:\/\/letrame.com\/catalogo\/","name":"Catalogo | Letrame Grupo Editorial","description":"","publisher":{"@id":"https:\/\/letrame.com\/catalogo\/#organization"},"potentialAction":[{"@type":"SearchAction","target":{"@type":"EntryPoint","urlTemplate":"https:\/\/letrame.com\/catalogo\/?s={search_term_string}"},"query-input":{"@type":"PropertyValueSpecification","valueRequired":true,"valueName":"search_term_string"}}],"inLanguage":"es"},{"@type":"Organization","@id":"https:\/\/letrame.com\/catalogo\/#organization","name":"Catalogo | Letrame Grupo Editorial","url":"https:\/\/letrame.com\/catalogo\/","logo":{"@type":"ImageObject","inLanguage":"es","@id":"https:\/\/letrame.com\/catalogo\/#\/schema\/logo\/image\/","url":"https:\/\/letrame.com\/catalogo\/wp-content\/uploads\/2024\/03\/logo2.webp","contentUrl":"https:\/\/letrame.com\/catalogo\/wp-content\/uploads\/2024\/03\/logo2.webp","width":394,"height":128,"caption":"Catalogo | Letrame Grupo Editorial"},"image":{"@id":"https:\/\/letrame.com\/catalogo\/#\/schema\/logo\/image\/"}}]}},"_links":{"self":[{"href":"https:\/\/letrame.com\/catalogo\/wp-json\/wp\/v2\/product\/99399","targetHints":{"allow":["GET"]}}],"collection":[{"href":"https:\/\/letrame.com\/catalogo\/wp-json\/wp\/v2\/product"}],"about":[{"href":"https:\/\/letrame.com\/catalogo\/wp-json\/wp\/v2\/types\/product"}],"replies":[{"embeddable":true,"href":"https:\/\/letrame.com\/catalogo\/wp-json\/wp\/v2\/comments?post=99399"}],"acf:post":[{"embeddable":true,"href":"https:\/\/letrame.com\/catalogo\/wp-json\/wp\/v2\/author_book\/104296"},{"embeddable":true,"href":"https:\/\/letrame.com\/catalogo\/wp-json\/wp\/v2\/author_book\/77742"}],"wp:featuredmedia":[{"embeddable":true,"href":"https:\/\/letrame.com\/catalogo\/wp-json\/wp\/v2\/media\/99400"}],"wp:attachment":[{"href":"https:\/\/letrame.com\/catalogo\/wp-json\/wp\/v2\/media?parent=99399"}],"wp:term":[{"taxonomy":"libro","embeddable":true,"href":"https:\/\/letrame.com\/catalogo\/wp-json\/wp\/v2\/libro?post=99399"},{"taxonomy":"product_brand","embeddable":true,"href":"https:\/\/letrame.com\/catalogo\/wp-json\/wp\/v2\/product_brand?post=99399"},{"taxonomy":"product_cat","embeddable":true,"href":"https:\/\/letrame.com\/catalogo\/wp-json\/wp\/v2\/product_cat?post=99399"},{"taxonomy":"product_tag","embeddable":true,"href":"https:\/\/letrame.com\/catalogo\/wp-json\/wp\/v2\/product_tag?post=99399"}],"curies":[{"name":"wp","href":"https:\/\/api.w.org\/{rel}","templated":true}]}}