{"id":99395,"date":"2024-04-29T16:18:50","date_gmt":"2024-04-29T14:18:50","guid":{"rendered":"https:\/\/letrame.com\/catalogo\/producto\/6-miradas-en-el-tiempo\/"},"modified":"2024-04-29T16:18:50","modified_gmt":"2024-04-29T14:18:50","slug":"6-miradas-en-el-tiempo","status":"publish","type":"product","link":"https:\/\/letrame.com\/catalogo\/producto\/6-miradas-en-el-tiempo\/","title":{"rendered":"6 miradas en el tiempo"},"content":{"rendered":"<p><strong>ISBN<\/strong>: 978-84-1181-413-3<\/p>\n<p><strong>T\u00edtulo<\/strong>: 6 miradas en el tiempo<br \/>\n<strong>Fecha<\/strong>: 2023<br \/>\n<strong>P\u00e1ginas<\/strong>: 110<\/p>\n<p><strong>SINOPSIS<\/strong><\/p>\n<p><i><span style=\"color: #000000; font-family: arial, sans-serif;\">En el felpudo de la puerta de su apartamento, dejaron una caja met\u00e1lica. Antes de abrirla, Elm, agarr\u00f3 su DLP para comprobar que no fuese una bomba. \u2014Luz verde, se dijo a s\u00ed mismo. En su interior hab\u00eda una vieja agenda bastante deteriorada, seguramente, por el paso de los a\u00f1os.<\/span><\/i><\/p>\n<p><i><span style=\"color: #000000; font-family: arial, sans-serif;\">Despu\u00e9s de echarle un vistazo, comprob\u00f3 que aparec\u00edan nombres de personas en diferentes p\u00e1ginas, subrayados en azul. Una frase llam\u00f3 su atenci\u00f3n: \u201cEl mundo es como un pa\u00f1uelo. Se puede usar como una venda o como un fular\u201d. \u2014Y eso, \u00bfqu\u00e9 quiere decir?, se pregunt\u00f3.<\/span><\/i><\/p>\n<p><i><span style=\"color: #000000; font-family: arial, sans-serif;\">Todos los viernes, a las 8:23 a.m., ten\u00edan reuni\u00f3n en la sala azul del piso -15, del edificio \u00abBluebild\u00bb, donde se expon\u00edan los proyectos que ten\u00edan entre manos. Elm sac\u00f3 la agenda de su cartera. La plant\u00f3 encima de la mesa y pregunt\u00f3 qu\u00e9 era el Proyecto Jas\u00f3n.<\/span><\/i><\/p>\n<p>&nbsp;<\/p>\n<p><i><span style=\"color: #000000; font-family: arial, sans-serif;\">\u2014Tienes seis meses para averiguarlo. \u2014Le insinu\u00f3 su jefe de campo.\u00a0<\/span><\/i><\/p>\n","protected":false},"excerpt":{"rendered":"<p><strong>ISBN<\/strong>: 978-84-1181-413-3<\/p>\n<p><strong>SINOPSIS<\/strong><\/p>\n<p><i><span style=\"color: #000000; font-family: arial, sans-serif;\">En el felpudo de la puerta de su apartamento, dejaron una caja met\u00e1lica. Antes de abrirla, Elm, agarr\u00f3 su DLP para comprobar que no fuese una bomba. \u2014Luz verde, se dijo a s\u00ed mismo. En su interior hab\u00eda una vieja agenda bastante deteriorada, seguramente, por el paso de los a\u00f1os.<\/span><\/i><\/p>\n<p><i><span style=\"color: #000000; font-family: arial, sans-serif;\">Despu\u00e9s de echarle un vistazo, comprob\u00f3 que aparec\u00edan nombres de personas en diferentes p\u00e1ginas, subrayados en azul. Una frase llam\u00f3 su atenci\u00f3n: \u201cEl mundo es como un pa\u00f1uelo. Se puede usar como una venda o como un fular\u201d. \u2014Y eso, \u00bfqu\u00e9 quiere decir?, se pregunt\u00f3.<\/span><\/i><\/p>\n<p><i><span style=\"color: #000000; font-family: arial, sans-serif;\">Todos los viernes, a las 8:23 a.m., ten\u00edan reuni\u00f3n en la sala azul del piso -15, del edificio \u00abBluebild\u00bb, donde se expon\u00edan los proyectos que ten\u00edan entre manos. Elm sac\u00f3 la agenda de su cartera. La plant\u00f3 encima de la mesa y pregunt\u00f3 qu\u00e9 era el Proyecto Jas\u00f3n.<\/span><\/i><\/p>\n<p>&nbsp;<\/p>\n<p><i><span style=\"color: #000000; font-family: arial, sans-serif;\">\u2014Tienes seis meses para averiguarlo. \u2014Le insinu\u00f3 su jefe de campo.\u00a0<\/span><\/i><\/p>\n","protected":false},"featured_media":99396,"comment_status":"closed","ping_status":"open","template":"","meta":{"_acf_changed":false},"libro":[],"product_brand":[],"product_cat":[26],"product_tag":[],"class_list":{"0":"post-99395","1":"product","2":"type-product","3":"status-publish","4":"has-post-thumbnail","6":"product_cat-sin-categoria","8":"first","9":"instock","10":"product-type-simple"},"acf":{"autor":[77739],"enlace_de_compra":"https:\/\/www.amazon.es\/6-miradas-en-el-tiempo\/dp\/B0CMFCR1SN\/"},"yoast_head":"<!-- This site is optimized with the Yoast SEO plugin v27.4 - https:\/\/yoast.com\/product\/yoast-seo-wordpress\/ -->\n<title>6 miradas en el tiempo - Catalogo | Letrame Grupo Editorial<\/title>\n<meta name=\"robots\" content=\"index, follow, max-snippet:-1, max-image-preview:large, max-video-preview:-1\" \/>\n<link rel=\"canonical\" href=\"https:\/\/letrame.com\/catalogo\/producto\/6-miradas-en-el-tiempo\/\" \/>\n<meta property=\"og:locale\" content=\"es_ES\" \/>\n<meta property=\"og:type\" content=\"article\" \/>\n<meta property=\"og:title\" content=\"6 miradas en el tiempo - Catalogo | Letrame Grupo Editorial\" \/>\n<meta property=\"og:description\" content=\"ISBN: 978-84-1181-413-3 SINOPSIS En el felpudo de la puerta de su apartamento, dejaron una caja met\u00e1lica. Antes de abrirla, Elm, agarr\u00f3 su DLP para comprobar que no fuese una bomba. \u2014Luz verde, se dijo a s\u00ed mismo. En su interior hab\u00eda una vieja agenda bastante deteriorada, seguramente, por el paso de los a\u00f1os. Despu\u00e9s de echarle un vistazo, comprob\u00f3 que aparec\u00edan nombres de personas en diferentes p\u00e1ginas, subrayados en azul. Una frase llam\u00f3 su atenci\u00f3n: \u201cEl mundo es como un pa\u00f1uelo. Se puede usar como una venda o como un fular\u201d. \u2014Y eso, \u00bfqu\u00e9 quiere decir?, se pregunt\u00f3. Todos los viernes, a las 8:23 a.m., ten\u00edan reuni\u00f3n en la sala azul del piso -15, del edificio \u00abBluebild\u00bb, donde se expon\u00edan los proyectos que ten\u00edan entre manos. Elm sac\u00f3 la agenda de su cartera. La plant\u00f3 encima de la mesa y pregunt\u00f3 qu\u00e9 era el Proyecto Jas\u00f3n. &nbsp; \u2014Tienes seis meses para averiguarlo. \u2014Le insinu\u00f3 su jefe de campo.\u00a0\" \/>\n<meta property=\"og:url\" content=\"https:\/\/letrame.com\/catalogo\/producto\/6-miradas-en-el-tiempo\/\" \/>\n<meta property=\"og:site_name\" content=\"Catalogo | Letrame Grupo Editorial\" \/>\n<meta property=\"og:image\" content=\"https:\/\/letrame.com\/catalogo\/wp-content\/uploads\/2024\/04\/web_6miradaseneltiempo_686mm-compressed-scaled-1.jpg\" \/>\n\t<meta property=\"og:image:width\" content=\"1746\" \/>\n\t<meta property=\"og:image:height\" content=\"2560\" \/>\n\t<meta property=\"og:image:type\" content=\"image\/jpeg\" \/>\n<meta name=\"twitter:card\" content=\"summary_large_image\" \/>\n<meta name=\"twitter:label1\" content=\"Tiempo de lectura\" \/>\n\t<meta name=\"twitter:data1\" content=\"1 minuto\" \/>\n<script type=\"application\/ld+json\" class=\"yoast-schema-graph\">{\"@context\":\"https:\\\/\\\/schema.org\",\"@graph\":[{\"@type\":\"WebPage\",\"@id\":\"https:\\\/\\\/letrame.com\\\/catalogo\\\/producto\\\/6-miradas-en-el-tiempo\\\/\",\"url\":\"https:\\\/\\\/letrame.com\\\/catalogo\\\/producto\\\/6-miradas-en-el-tiempo\\\/\",\"name\":\"6 miradas en el tiempo - Catalogo | Letrame Grupo Editorial\",\"isPartOf\":{\"@id\":\"https:\\\/\\\/letrame.com\\\/catalogo\\\/#website\"},\"primaryImageOfPage\":{\"@id\":\"https:\\\/\\\/letrame.com\\\/catalogo\\\/producto\\\/6-miradas-en-el-tiempo\\\/#primaryimage\"},\"image\":{\"@id\":\"https:\\\/\\\/letrame.com\\\/catalogo\\\/producto\\\/6-miradas-en-el-tiempo\\\/#primaryimage\"},\"thumbnailUrl\":\"https:\\\/\\\/letrame.com\\\/catalogo\\\/wp-content\\\/uploads\\\/2024\\\/04\\\/web_6miradaseneltiempo_686mm-compressed-scaled-1.jpg\",\"datePublished\":\"2024-04-29T14:18:50+00:00\",\"breadcrumb\":{\"@id\":\"https:\\\/\\\/letrame.com\\\/catalogo\\\/producto\\\/6-miradas-en-el-tiempo\\\/#breadcrumb\"},\"inLanguage\":\"es\",\"potentialAction\":[{\"@type\":\"ReadAction\",\"target\":[\"https:\\\/\\\/letrame.com\\\/catalogo\\\/producto\\\/6-miradas-en-el-tiempo\\\/\"]}]},{\"@type\":\"ImageObject\",\"inLanguage\":\"es\",\"@id\":\"https:\\\/\\\/letrame.com\\\/catalogo\\\/producto\\\/6-miradas-en-el-tiempo\\\/#primaryimage\",\"url\":\"https:\\\/\\\/letrame.com\\\/catalogo\\\/wp-content\\\/uploads\\\/2024\\\/04\\\/web_6miradaseneltiempo_686mm-compressed-scaled-1.jpg\",\"contentUrl\":\"https:\\\/\\\/letrame.com\\\/catalogo\\\/wp-content\\\/uploads\\\/2024\\\/04\\\/web_6miradaseneltiempo_686mm-compressed-scaled-1.jpg\",\"width\":1746,\"height\":2560},{\"@type\":\"BreadcrumbList\",\"@id\":\"https:\\\/\\\/letrame.com\\\/catalogo\\\/producto\\\/6-miradas-en-el-tiempo\\\/#breadcrumb\",\"itemListElement\":[{\"@type\":\"ListItem\",\"position\":1,\"name\":\"Portada\",\"item\":\"https:\\\/\\\/letrame.com\\\/catalogo\\\/\"},{\"@type\":\"ListItem\",\"position\":2,\"name\":\"Cat\u00e1logo\",\"item\":\"https:\\\/\\\/letrame.com\\\/catalogo\\\/\"},{\"@type\":\"ListItem\",\"position\":3,\"name\":\"6 miradas en el tiempo\"}]},{\"@type\":\"WebSite\",\"@id\":\"https:\\\/\\\/letrame.com\\\/catalogo\\\/#website\",\"url\":\"https:\\\/\\\/letrame.com\\\/catalogo\\\/\",\"name\":\"Catalogo | Letrame Grupo Editorial\",\"description\":\"\",\"publisher\":{\"@id\":\"https:\\\/\\\/letrame.com\\\/catalogo\\\/#organization\"},\"potentialAction\":[{\"@type\":\"SearchAction\",\"target\":{\"@type\":\"EntryPoint\",\"urlTemplate\":\"https:\\\/\\\/letrame.com\\\/catalogo\\\/?s={search_term_string}\"},\"query-input\":{\"@type\":\"PropertyValueSpecification\",\"valueRequired\":true,\"valueName\":\"search_term_string\"}}],\"inLanguage\":\"es\"},{\"@type\":\"Organization\",\"@id\":\"https:\\\/\\\/letrame.com\\\/catalogo\\\/#organization\",\"name\":\"Catalogo | Letrame Grupo Editorial\",\"url\":\"https:\\\/\\\/letrame.com\\\/catalogo\\\/\",\"logo\":{\"@type\":\"ImageObject\",\"inLanguage\":\"es\",\"@id\":\"https:\\\/\\\/letrame.com\\\/catalogo\\\/#\\\/schema\\\/logo\\\/image\\\/\",\"url\":\"https:\\\/\\\/letrame.com\\\/catalogo\\\/wp-content\\\/uploads\\\/2024\\\/03\\\/logo2.webp\",\"contentUrl\":\"https:\\\/\\\/letrame.com\\\/catalogo\\\/wp-content\\\/uploads\\\/2024\\\/03\\\/logo2.webp\",\"width\":394,\"height\":128,\"caption\":\"Catalogo | Letrame Grupo Editorial\"},\"image\":{\"@id\":\"https:\\\/\\\/letrame.com\\\/catalogo\\\/#\\\/schema\\\/logo\\\/image\\\/\"}}]}<\/script>\n<!-- \/ Yoast SEO plugin. -->","yoast_head_json":{"title":"6 miradas en el tiempo - Catalogo | Letrame Grupo Editorial","robots":{"index":"index","follow":"follow","max-snippet":"max-snippet:-1","max-image-preview":"max-image-preview:large","max-video-preview":"max-video-preview:-1"},"canonical":"https:\/\/letrame.com\/catalogo\/producto\/6-miradas-en-el-tiempo\/","og_locale":"es_ES","og_type":"article","og_title":"6 miradas en el tiempo - Catalogo | Letrame Grupo Editorial","og_description":"ISBN: 978-84-1181-413-3 SINOPSIS En el felpudo de la puerta de su apartamento, dejaron una caja met\u00e1lica. Antes de abrirla, Elm, agarr\u00f3 su DLP para comprobar que no fuese una bomba. \u2014Luz verde, se dijo a s\u00ed mismo. En su interior hab\u00eda una vieja agenda bastante deteriorada, seguramente, por el paso de los a\u00f1os. Despu\u00e9s de echarle un vistazo, comprob\u00f3 que aparec\u00edan nombres de personas en diferentes p\u00e1ginas, subrayados en azul. Una frase llam\u00f3 su atenci\u00f3n: \u201cEl mundo es como un pa\u00f1uelo. Se puede usar como una venda o como un fular\u201d. \u2014Y eso, \u00bfqu\u00e9 quiere decir?, se pregunt\u00f3. Todos los viernes, a las 8:23 a.m., ten\u00edan reuni\u00f3n en la sala azul del piso -15, del edificio \u00abBluebild\u00bb, donde se expon\u00edan los proyectos que ten\u00edan entre manos. Elm sac\u00f3 la agenda de su cartera. La plant\u00f3 encima de la mesa y pregunt\u00f3 qu\u00e9 era el Proyecto Jas\u00f3n. &nbsp; \u2014Tienes seis meses para averiguarlo. \u2014Le insinu\u00f3 su jefe de campo.\u00a0","og_url":"https:\/\/letrame.com\/catalogo\/producto\/6-miradas-en-el-tiempo\/","og_site_name":"Catalogo | Letrame Grupo Editorial","og_image":[{"width":1746,"height":2560,"url":"https:\/\/letrame.com\/catalogo\/wp-content\/uploads\/2024\/04\/web_6miradaseneltiempo_686mm-compressed-scaled-1.jpg","type":"image\/jpeg"}],"twitter_card":"summary_large_image","twitter_misc":{"Tiempo de lectura":"1 minuto"},"schema":{"@context":"https:\/\/schema.org","@graph":[{"@type":"WebPage","@id":"https:\/\/letrame.com\/catalogo\/producto\/6-miradas-en-el-tiempo\/","url":"https:\/\/letrame.com\/catalogo\/producto\/6-miradas-en-el-tiempo\/","name":"6 miradas en el tiempo - Catalogo | Letrame Grupo Editorial","isPartOf":{"@id":"https:\/\/letrame.com\/catalogo\/#website"},"primaryImageOfPage":{"@id":"https:\/\/letrame.com\/catalogo\/producto\/6-miradas-en-el-tiempo\/#primaryimage"},"image":{"@id":"https:\/\/letrame.com\/catalogo\/producto\/6-miradas-en-el-tiempo\/#primaryimage"},"thumbnailUrl":"https:\/\/letrame.com\/catalogo\/wp-content\/uploads\/2024\/04\/web_6miradaseneltiempo_686mm-compressed-scaled-1.jpg","datePublished":"2024-04-29T14:18:50+00:00","breadcrumb":{"@id":"https:\/\/letrame.com\/catalogo\/producto\/6-miradas-en-el-tiempo\/#breadcrumb"},"inLanguage":"es","potentialAction":[{"@type":"ReadAction","target":["https:\/\/letrame.com\/catalogo\/producto\/6-miradas-en-el-tiempo\/"]}]},{"@type":"ImageObject","inLanguage":"es","@id":"https:\/\/letrame.com\/catalogo\/producto\/6-miradas-en-el-tiempo\/#primaryimage","url":"https:\/\/letrame.com\/catalogo\/wp-content\/uploads\/2024\/04\/web_6miradaseneltiempo_686mm-compressed-scaled-1.jpg","contentUrl":"https:\/\/letrame.com\/catalogo\/wp-content\/uploads\/2024\/04\/web_6miradaseneltiempo_686mm-compressed-scaled-1.jpg","width":1746,"height":2560},{"@type":"BreadcrumbList","@id":"https:\/\/letrame.com\/catalogo\/producto\/6-miradas-en-el-tiempo\/#breadcrumb","itemListElement":[{"@type":"ListItem","position":1,"name":"Portada","item":"https:\/\/letrame.com\/catalogo\/"},{"@type":"ListItem","position":2,"name":"Cat\u00e1logo","item":"https:\/\/letrame.com\/catalogo\/"},{"@type":"ListItem","position":3,"name":"6 miradas en el tiempo"}]},{"@type":"WebSite","@id":"https:\/\/letrame.com\/catalogo\/#website","url":"https:\/\/letrame.com\/catalogo\/","name":"Catalogo | Letrame Grupo Editorial","description":"","publisher":{"@id":"https:\/\/letrame.com\/catalogo\/#organization"},"potentialAction":[{"@type":"SearchAction","target":{"@type":"EntryPoint","urlTemplate":"https:\/\/letrame.com\/catalogo\/?s={search_term_string}"},"query-input":{"@type":"PropertyValueSpecification","valueRequired":true,"valueName":"search_term_string"}}],"inLanguage":"es"},{"@type":"Organization","@id":"https:\/\/letrame.com\/catalogo\/#organization","name":"Catalogo | Letrame Grupo Editorial","url":"https:\/\/letrame.com\/catalogo\/","logo":{"@type":"ImageObject","inLanguage":"es","@id":"https:\/\/letrame.com\/catalogo\/#\/schema\/logo\/image\/","url":"https:\/\/letrame.com\/catalogo\/wp-content\/uploads\/2024\/03\/logo2.webp","contentUrl":"https:\/\/letrame.com\/catalogo\/wp-content\/uploads\/2024\/03\/logo2.webp","width":394,"height":128,"caption":"Catalogo | Letrame Grupo Editorial"},"image":{"@id":"https:\/\/letrame.com\/catalogo\/#\/schema\/logo\/image\/"}}]}},"_links":{"self":[{"href":"https:\/\/letrame.com\/catalogo\/wp-json\/wp\/v2\/product\/99395","targetHints":{"allow":["GET"]}}],"collection":[{"href":"https:\/\/letrame.com\/catalogo\/wp-json\/wp\/v2\/product"}],"about":[{"href":"https:\/\/letrame.com\/catalogo\/wp-json\/wp\/v2\/types\/product"}],"replies":[{"embeddable":true,"href":"https:\/\/letrame.com\/catalogo\/wp-json\/wp\/v2\/comments?post=99395"}],"acf:post":[{"embeddable":true,"href":"https:\/\/letrame.com\/catalogo\/wp-json\/wp\/v2\/author_book\/77739"}],"wp:featuredmedia":[{"embeddable":true,"href":"https:\/\/letrame.com\/catalogo\/wp-json\/wp\/v2\/media\/99396"}],"wp:attachment":[{"href":"https:\/\/letrame.com\/catalogo\/wp-json\/wp\/v2\/media?parent=99395"}],"wp:term":[{"taxonomy":"libro","embeddable":true,"href":"https:\/\/letrame.com\/catalogo\/wp-json\/wp\/v2\/libro?post=99395"},{"taxonomy":"product_brand","embeddable":true,"href":"https:\/\/letrame.com\/catalogo\/wp-json\/wp\/v2\/product_brand?post=99395"},{"taxonomy":"product_cat","embeddable":true,"href":"https:\/\/letrame.com\/catalogo\/wp-json\/wp\/v2\/product_cat?post=99395"},{"taxonomy":"product_tag","embeddable":true,"href":"https:\/\/letrame.com\/catalogo\/wp-json\/wp\/v2\/product_tag?post=99395"}],"curies":[{"name":"wp","href":"https:\/\/api.w.org\/{rel}","templated":true}]}}