{"id":99222,"date":"2024-04-29T15:59:42","date_gmt":"2024-04-29T13:59:42","guid":{"rendered":"https:\/\/letrame.com\/catalogo\/producto\/cuarenta-historias-breves-de-un-medico-de-pueblo\/"},"modified":"2024-04-29T15:59:42","modified_gmt":"2024-04-29T13:59:42","slug":"cuarenta-historias-breves-de-un-medico-de-pueblo","status":"publish","type":"product","link":"https:\/\/letrame.com\/catalogo\/producto\/cuarenta-historias-breves-de-un-medico-de-pueblo\/","title":{"rendered":"Cuarenta historias breves de un m\u00e9dico de pueblo"},"content":{"rendered":"<p><strong>ISBN<\/strong>: 978-84-1181-101-9<\/p>\n<p><strong>T\u00edtulo<\/strong>: Cuarenta historias breves de un m\u00e9dico de pueblo<br \/>\n<strong>Fecha<\/strong>: 2023<br \/>\n<strong>P\u00e1ginas<\/strong>: 134<\/p>\n<p><strong>SINOPSIS<\/strong><\/p>\n<p>Se trata de una recopilaci\u00f3n de relatos sobre episodios que me han sucedido a lo largo de los 46 a\u00f1os que he trabajado como m\u00e9dico, en un pueblo pr\u00f3ximo a Sevilla. Naturalmente, respetando la identidad de los personajes protagonistas de dichas historias e incluso el nombre del pueblo. A lo largo de esos 46 a\u00f1os, he ido anotando esas peque\u00f1as historias, con idea de escribir este libro cuando me\u00a0 jubilara,\u00a0 hecho que sucedi\u00f3 en septiembre de 2021.<\/p>\n<p>Entre esos episodios, los hay con un matiz claramente c\u00f3mico y gracioso, as\u00ed como otros llenos de dramatismo y tristeza. Los hechos referidos no est\u00e1n escritos por orden cronol\u00f3gico, sino al azar.<\/p>\n<p>Muchos de los protagonistas de esas historias ya han fallecido, pero otros siguen entre nosotros, protagonizando, seguramente, nuevos episodios, de los que ya yo, al estar jubilado, no puedo formar parte.<\/p>\n<p>De esta forma, relatando hechos habituales en la vida cotidiana de un m\u00e9dico de pueblo, he querido rendir mi sentido\u00a0homenaje a este conjunto de profesionales, modestos y sacrificados, que engrandecen tanto a la Medicina y que, a veces, son incomprendidos y olvidados por la poblaci\u00f3n y por los Organismos p\u00fablicos.<\/p>\n<p>El m\u00e9dico de pueblo es una figura esencial en cualquier planteamiento que se haga de la Sanidad de un pa\u00eds. Su trabajo, no s\u00f3lo de m\u00e9dico, sino, adem\u00e1s, de amigo y confidente de sus pacientes, pienso que no est\u00e1 suficientemente valorado. Con mi libro hago un llamamiento a los Organismos p\u00fablicos, para que respeten y favorezcan la actividad de estos profesionales.<\/p>\n","protected":false},"excerpt":{"rendered":"<p><strong>ISBN<\/strong>: 978-84-1181-101-9<\/p>\n<p><strong>SINOPSIS<\/strong><\/p>\n<p>Se trata de una recopilaci\u00f3n de relatos sobre episodios que me han sucedido a lo largo de los 46 a\u00f1os que he trabajado como m\u00e9dico, en un pueblo pr\u00f3ximo a Sevilla. Naturalmente, respetando la identidad de los personajes protagonistas de dichas historias e incluso el nombre del pueblo. A lo largo de esos 46 a\u00f1os, he ido anotando esas peque\u00f1as historias, con idea de escribir este libro cuando me\u00a0 jubilara,\u00a0 hecho que sucedi\u00f3 en septiembre de 2021.<\/p>\n<p>Entre esos episodios, los hay con un matiz claramente c\u00f3mico y gracioso, as\u00ed como otros llenos de dramatismo y tristeza. Los hechos referidos no est\u00e1n escritos por orden cronol\u00f3gico, sino al azar.<\/p>\n<p>Muchos de los protagonistas de esas historias ya han fallecido, pero otros siguen entre nosotros, protagonizando, seguramente, nuevos episodios, de los que ya yo, al estar jubilado, no puedo formar parte.<\/p>\n<p>De esta forma, relatando hechos habituales en la vida cotidiana de un m\u00e9dico de pueblo, he querido rendir mi sentido\u00a0homenaje a este conjunto de profesionales, modestos y sacrificados, que engrandecen tanto a la Medicina y que, a veces, son incomprendidos y olvidados por la poblaci\u00f3n y por los Organismos p\u00fablicos.<\/p>\n<p>El m\u00e9dico de pueblo es una figura esencial en cualquier planteamiento que se haga de la Sanidad de un pa\u00eds. Su trabajo, no s\u00f3lo de m\u00e9dico, sino, adem\u00e1s, de amigo y confidente de sus pacientes, pienso que no est\u00e1 suficientemente valorado. Con mi libro hago un llamamiento a los Organismos p\u00fablicos, para que respeten y favorezcan la actividad de estos profesionales.<\/p>\n","protected":false},"featured_media":99223,"comment_status":"closed","ping_status":"open","template":"","meta":{"_acf_changed":false},"libro":[],"product_brand":[],"product_cat":[26],"product_tag":[],"class_list":{"0":"post-99222","1":"product","2":"type-product","3":"status-publish","4":"has-post-thumbnail","6":"product_cat-sin-categoria","8":"first","9":"instock","10":"product-type-simple"},"acf":{"autor":[77583],"enlace_de_compra":"https:\/\/www.amazon.es\/Cuarenta-historias-breves-m%C3%A9dico-pueblo\/dp\/B0CJ43DKGD\/"},"yoast_head":"<!-- This site is optimized with the Yoast SEO plugin v27.4 - https:\/\/yoast.com\/product\/yoast-seo-wordpress\/ -->\n<title>Cuarenta historias breves de un m\u00e9dico de pueblo - Catalogo | Letrame Grupo Editorial<\/title>\n<meta name=\"robots\" content=\"index, follow, max-snippet:-1, max-image-preview:large, max-video-preview:-1\" \/>\n<link rel=\"canonical\" href=\"https:\/\/letrame.com\/catalogo\/producto\/cuarenta-historias-breves-de-un-medico-de-pueblo\/\" \/>\n<meta property=\"og:locale\" content=\"es_ES\" \/>\n<meta property=\"og:type\" content=\"article\" \/>\n<meta property=\"og:title\" content=\"Cuarenta historias breves de un m\u00e9dico de pueblo - Catalogo | Letrame Grupo Editorial\" \/>\n<meta property=\"og:description\" content=\"ISBN: 978-84-1181-101-9 SINOPSIS Se trata de una recopilaci\u00f3n de relatos sobre episodios que me han sucedido a lo largo de los 46 a\u00f1os que he trabajado como m\u00e9dico, en un pueblo pr\u00f3ximo a Sevilla. Naturalmente, respetando la identidad de los personajes protagonistas de dichas historias e incluso el nombre del pueblo. A lo largo de esos 46 a\u00f1os, he ido anotando esas peque\u00f1as historias, con idea de escribir este libro cuando me\u00a0 jubilara,\u00a0 hecho que sucedi\u00f3 en septiembre de 2021. Entre esos episodios, los hay con un matiz claramente c\u00f3mico y gracioso, as\u00ed como otros llenos de dramatismo y tristeza. Los hechos referidos no est\u00e1n escritos por orden cronol\u00f3gico, sino al azar. Muchos de los protagonistas de esas historias ya han fallecido, pero otros siguen entre nosotros, protagonizando, seguramente, nuevos episodios, de los que ya yo, al estar jubilado, no puedo formar parte. De esta forma, relatando hechos habituales en la vida cotidiana de un m\u00e9dico de pueblo, he querido rendir mi sentido\u00a0homenaje a este conjunto de profesionales, modestos y sacrificados, que engrandecen tanto a la Medicina y que, a veces, son incomprendidos y olvidados por la poblaci\u00f3n y por los Organismos p\u00fablicos. El m\u00e9dico de pueblo es una figura esencial en cualquier planteamiento que se haga de la Sanidad de un pa\u00eds. Su trabajo, no s\u00f3lo de m\u00e9dico, sino, adem\u00e1s, de amigo y confidente de sus pacientes, pienso que no est\u00e1 suficientemente valorado. Con mi libro hago un llamamiento a los Organismos p\u00fablicos, para que respeten y favorezcan la actividad de estos profesionales.\" \/>\n<meta property=\"og:url\" content=\"https:\/\/letrame.com\/catalogo\/producto\/cuarenta-historias-breves-de-un-medico-de-pueblo\/\" \/>\n<meta property=\"og:site_name\" content=\"Catalogo | Letrame Grupo Editorial\" \/>\n<meta property=\"og:image\" content=\"https:\/\/letrame.com\/catalogo\/wp-content\/uploads\/2024\/04\/web_cuarentahistorias_421mm-compressed-scaled-1.jpg\" \/>\n\t<meta property=\"og:image:width\" content=\"1746\" \/>\n\t<meta property=\"og:image:height\" content=\"2560\" \/>\n\t<meta property=\"og:image:type\" content=\"image\/jpeg\" \/>\n<meta name=\"twitter:card\" content=\"summary_large_image\" \/>\n<meta name=\"twitter:label1\" content=\"Tiempo de lectura\" \/>\n\t<meta name=\"twitter:data1\" content=\"1 minuto\" \/>\n<script type=\"application\/ld+json\" class=\"yoast-schema-graph\">{\"@context\":\"https:\\\/\\\/schema.org\",\"@graph\":[{\"@type\":\"WebPage\",\"@id\":\"https:\\\/\\\/letrame.com\\\/catalogo\\\/producto\\\/cuarenta-historias-breves-de-un-medico-de-pueblo\\\/\",\"url\":\"https:\\\/\\\/letrame.com\\\/catalogo\\\/producto\\\/cuarenta-historias-breves-de-un-medico-de-pueblo\\\/\",\"name\":\"Cuarenta historias breves de un m\u00e9dico de pueblo - Catalogo | Letrame Grupo Editorial\",\"isPartOf\":{\"@id\":\"https:\\\/\\\/letrame.com\\\/catalogo\\\/#website\"},\"primaryImageOfPage\":{\"@id\":\"https:\\\/\\\/letrame.com\\\/catalogo\\\/producto\\\/cuarenta-historias-breves-de-un-medico-de-pueblo\\\/#primaryimage\"},\"image\":{\"@id\":\"https:\\\/\\\/letrame.com\\\/catalogo\\\/producto\\\/cuarenta-historias-breves-de-un-medico-de-pueblo\\\/#primaryimage\"},\"thumbnailUrl\":\"https:\\\/\\\/letrame.com\\\/catalogo\\\/wp-content\\\/uploads\\\/2024\\\/04\\\/web_cuarentahistorias_421mm-compressed-scaled-1.jpg\",\"datePublished\":\"2024-04-29T13:59:42+00:00\",\"breadcrumb\":{\"@id\":\"https:\\\/\\\/letrame.com\\\/catalogo\\\/producto\\\/cuarenta-historias-breves-de-un-medico-de-pueblo\\\/#breadcrumb\"},\"inLanguage\":\"es\",\"potentialAction\":[{\"@type\":\"ReadAction\",\"target\":[\"https:\\\/\\\/letrame.com\\\/catalogo\\\/producto\\\/cuarenta-historias-breves-de-un-medico-de-pueblo\\\/\"]}]},{\"@type\":\"ImageObject\",\"inLanguage\":\"es\",\"@id\":\"https:\\\/\\\/letrame.com\\\/catalogo\\\/producto\\\/cuarenta-historias-breves-de-un-medico-de-pueblo\\\/#primaryimage\",\"url\":\"https:\\\/\\\/letrame.com\\\/catalogo\\\/wp-content\\\/uploads\\\/2024\\\/04\\\/web_cuarentahistorias_421mm-compressed-scaled-1.jpg\",\"contentUrl\":\"https:\\\/\\\/letrame.com\\\/catalogo\\\/wp-content\\\/uploads\\\/2024\\\/04\\\/web_cuarentahistorias_421mm-compressed-scaled-1.jpg\",\"width\":1746,\"height\":2560},{\"@type\":\"BreadcrumbList\",\"@id\":\"https:\\\/\\\/letrame.com\\\/catalogo\\\/producto\\\/cuarenta-historias-breves-de-un-medico-de-pueblo\\\/#breadcrumb\",\"itemListElement\":[{\"@type\":\"ListItem\",\"position\":1,\"name\":\"Portada\",\"item\":\"https:\\\/\\\/letrame.com\\\/catalogo\\\/\"},{\"@type\":\"ListItem\",\"position\":2,\"name\":\"Cat\u00e1logo\",\"item\":\"https:\\\/\\\/letrame.com\\\/catalogo\\\/\"},{\"@type\":\"ListItem\",\"position\":3,\"name\":\"Cuarenta historias breves de un m\u00e9dico de pueblo\"}]},{\"@type\":\"WebSite\",\"@id\":\"https:\\\/\\\/letrame.com\\\/catalogo\\\/#website\",\"url\":\"https:\\\/\\\/letrame.com\\\/catalogo\\\/\",\"name\":\"Catalogo | Letrame Grupo Editorial\",\"description\":\"\",\"publisher\":{\"@id\":\"https:\\\/\\\/letrame.com\\\/catalogo\\\/#organization\"},\"potentialAction\":[{\"@type\":\"SearchAction\",\"target\":{\"@type\":\"EntryPoint\",\"urlTemplate\":\"https:\\\/\\\/letrame.com\\\/catalogo\\\/?s={search_term_string}\"},\"query-input\":{\"@type\":\"PropertyValueSpecification\",\"valueRequired\":true,\"valueName\":\"search_term_string\"}}],\"inLanguage\":\"es\"},{\"@type\":\"Organization\",\"@id\":\"https:\\\/\\\/letrame.com\\\/catalogo\\\/#organization\",\"name\":\"Catalogo | Letrame Grupo Editorial\",\"url\":\"https:\\\/\\\/letrame.com\\\/catalogo\\\/\",\"logo\":{\"@type\":\"ImageObject\",\"inLanguage\":\"es\",\"@id\":\"https:\\\/\\\/letrame.com\\\/catalogo\\\/#\\\/schema\\\/logo\\\/image\\\/\",\"url\":\"https:\\\/\\\/letrame.com\\\/catalogo\\\/wp-content\\\/uploads\\\/2024\\\/03\\\/logo2.webp\",\"contentUrl\":\"https:\\\/\\\/letrame.com\\\/catalogo\\\/wp-content\\\/uploads\\\/2024\\\/03\\\/logo2.webp\",\"width\":394,\"height\":128,\"caption\":\"Catalogo | Letrame Grupo Editorial\"},\"image\":{\"@id\":\"https:\\\/\\\/letrame.com\\\/catalogo\\\/#\\\/schema\\\/logo\\\/image\\\/\"}}]}<\/script>\n<!-- \/ Yoast SEO plugin. -->","yoast_head_json":{"title":"Cuarenta historias breves de un m\u00e9dico de pueblo - Catalogo | Letrame Grupo Editorial","robots":{"index":"index","follow":"follow","max-snippet":"max-snippet:-1","max-image-preview":"max-image-preview:large","max-video-preview":"max-video-preview:-1"},"canonical":"https:\/\/letrame.com\/catalogo\/producto\/cuarenta-historias-breves-de-un-medico-de-pueblo\/","og_locale":"es_ES","og_type":"article","og_title":"Cuarenta historias breves de un m\u00e9dico de pueblo - Catalogo | Letrame Grupo Editorial","og_description":"ISBN: 978-84-1181-101-9 SINOPSIS Se trata de una recopilaci\u00f3n de relatos sobre episodios que me han sucedido a lo largo de los 46 a\u00f1os que he trabajado como m\u00e9dico, en un pueblo pr\u00f3ximo a Sevilla. Naturalmente, respetando la identidad de los personajes protagonistas de dichas historias e incluso el nombre del pueblo. A lo largo de esos 46 a\u00f1os, he ido anotando esas peque\u00f1as historias, con idea de escribir este libro cuando me\u00a0 jubilara,\u00a0 hecho que sucedi\u00f3 en septiembre de 2021. Entre esos episodios, los hay con un matiz claramente c\u00f3mico y gracioso, as\u00ed como otros llenos de dramatismo y tristeza. Los hechos referidos no est\u00e1n escritos por orden cronol\u00f3gico, sino al azar. Muchos de los protagonistas de esas historias ya han fallecido, pero otros siguen entre nosotros, protagonizando, seguramente, nuevos episodios, de los que ya yo, al estar jubilado, no puedo formar parte. De esta forma, relatando hechos habituales en la vida cotidiana de un m\u00e9dico de pueblo, he querido rendir mi sentido\u00a0homenaje a este conjunto de profesionales, modestos y sacrificados, que engrandecen tanto a la Medicina y que, a veces, son incomprendidos y olvidados por la poblaci\u00f3n y por los Organismos p\u00fablicos. El m\u00e9dico de pueblo es una figura esencial en cualquier planteamiento que se haga de la Sanidad de un pa\u00eds. Su trabajo, no s\u00f3lo de m\u00e9dico, sino, adem\u00e1s, de amigo y confidente de sus pacientes, pienso que no est\u00e1 suficientemente valorado. Con mi libro hago un llamamiento a los Organismos p\u00fablicos, para que respeten y favorezcan la actividad de estos profesionales.","og_url":"https:\/\/letrame.com\/catalogo\/producto\/cuarenta-historias-breves-de-un-medico-de-pueblo\/","og_site_name":"Catalogo | Letrame Grupo Editorial","og_image":[{"width":1746,"height":2560,"url":"https:\/\/letrame.com\/catalogo\/wp-content\/uploads\/2024\/04\/web_cuarentahistorias_421mm-compressed-scaled-1.jpg","type":"image\/jpeg"}],"twitter_card":"summary_large_image","twitter_misc":{"Tiempo de lectura":"1 minuto"},"schema":{"@context":"https:\/\/schema.org","@graph":[{"@type":"WebPage","@id":"https:\/\/letrame.com\/catalogo\/producto\/cuarenta-historias-breves-de-un-medico-de-pueblo\/","url":"https:\/\/letrame.com\/catalogo\/producto\/cuarenta-historias-breves-de-un-medico-de-pueblo\/","name":"Cuarenta historias breves de un m\u00e9dico de pueblo - Catalogo | Letrame Grupo Editorial","isPartOf":{"@id":"https:\/\/letrame.com\/catalogo\/#website"},"primaryImageOfPage":{"@id":"https:\/\/letrame.com\/catalogo\/producto\/cuarenta-historias-breves-de-un-medico-de-pueblo\/#primaryimage"},"image":{"@id":"https:\/\/letrame.com\/catalogo\/producto\/cuarenta-historias-breves-de-un-medico-de-pueblo\/#primaryimage"},"thumbnailUrl":"https:\/\/letrame.com\/catalogo\/wp-content\/uploads\/2024\/04\/web_cuarentahistorias_421mm-compressed-scaled-1.jpg","datePublished":"2024-04-29T13:59:42+00:00","breadcrumb":{"@id":"https:\/\/letrame.com\/catalogo\/producto\/cuarenta-historias-breves-de-un-medico-de-pueblo\/#breadcrumb"},"inLanguage":"es","potentialAction":[{"@type":"ReadAction","target":["https:\/\/letrame.com\/catalogo\/producto\/cuarenta-historias-breves-de-un-medico-de-pueblo\/"]}]},{"@type":"ImageObject","inLanguage":"es","@id":"https:\/\/letrame.com\/catalogo\/producto\/cuarenta-historias-breves-de-un-medico-de-pueblo\/#primaryimage","url":"https:\/\/letrame.com\/catalogo\/wp-content\/uploads\/2024\/04\/web_cuarentahistorias_421mm-compressed-scaled-1.jpg","contentUrl":"https:\/\/letrame.com\/catalogo\/wp-content\/uploads\/2024\/04\/web_cuarentahistorias_421mm-compressed-scaled-1.jpg","width":1746,"height":2560},{"@type":"BreadcrumbList","@id":"https:\/\/letrame.com\/catalogo\/producto\/cuarenta-historias-breves-de-un-medico-de-pueblo\/#breadcrumb","itemListElement":[{"@type":"ListItem","position":1,"name":"Portada","item":"https:\/\/letrame.com\/catalogo\/"},{"@type":"ListItem","position":2,"name":"Cat\u00e1logo","item":"https:\/\/letrame.com\/catalogo\/"},{"@type":"ListItem","position":3,"name":"Cuarenta historias breves de un m\u00e9dico de pueblo"}]},{"@type":"WebSite","@id":"https:\/\/letrame.com\/catalogo\/#website","url":"https:\/\/letrame.com\/catalogo\/","name":"Catalogo | Letrame Grupo Editorial","description":"","publisher":{"@id":"https:\/\/letrame.com\/catalogo\/#organization"},"potentialAction":[{"@type":"SearchAction","target":{"@type":"EntryPoint","urlTemplate":"https:\/\/letrame.com\/catalogo\/?s={search_term_string}"},"query-input":{"@type":"PropertyValueSpecification","valueRequired":true,"valueName":"search_term_string"}}],"inLanguage":"es"},{"@type":"Organization","@id":"https:\/\/letrame.com\/catalogo\/#organization","name":"Catalogo | Letrame Grupo Editorial","url":"https:\/\/letrame.com\/catalogo\/","logo":{"@type":"ImageObject","inLanguage":"es","@id":"https:\/\/letrame.com\/catalogo\/#\/schema\/logo\/image\/","url":"https:\/\/letrame.com\/catalogo\/wp-content\/uploads\/2024\/03\/logo2.webp","contentUrl":"https:\/\/letrame.com\/catalogo\/wp-content\/uploads\/2024\/03\/logo2.webp","width":394,"height":128,"caption":"Catalogo | Letrame Grupo Editorial"},"image":{"@id":"https:\/\/letrame.com\/catalogo\/#\/schema\/logo\/image\/"}}]}},"_links":{"self":[{"href":"https:\/\/letrame.com\/catalogo\/wp-json\/wp\/v2\/product\/99222","targetHints":{"allow":["GET"]}}],"collection":[{"href":"https:\/\/letrame.com\/catalogo\/wp-json\/wp\/v2\/product"}],"about":[{"href":"https:\/\/letrame.com\/catalogo\/wp-json\/wp\/v2\/types\/product"}],"replies":[{"embeddable":true,"href":"https:\/\/letrame.com\/catalogo\/wp-json\/wp\/v2\/comments?post=99222"}],"acf:post":[{"embeddable":true,"href":"https:\/\/letrame.com\/catalogo\/wp-json\/wp\/v2\/author_book\/77583"}],"wp:featuredmedia":[{"embeddable":true,"href":"https:\/\/letrame.com\/catalogo\/wp-json\/wp\/v2\/media\/99223"}],"wp:attachment":[{"href":"https:\/\/letrame.com\/catalogo\/wp-json\/wp\/v2\/media?parent=99222"}],"wp:term":[{"taxonomy":"libro","embeddable":true,"href":"https:\/\/letrame.com\/catalogo\/wp-json\/wp\/v2\/libro?post=99222"},{"taxonomy":"product_brand","embeddable":true,"href":"https:\/\/letrame.com\/catalogo\/wp-json\/wp\/v2\/product_brand?post=99222"},{"taxonomy":"product_cat","embeddable":true,"href":"https:\/\/letrame.com\/catalogo\/wp-json\/wp\/v2\/product_cat?post=99222"},{"taxonomy":"product_tag","embeddable":true,"href":"https:\/\/letrame.com\/catalogo\/wp-json\/wp\/v2\/product_tag?post=99222"}],"curies":[{"name":"wp","href":"https:\/\/api.w.org\/{rel}","templated":true}]}}