{"id":99213,"date":"2024-04-29T15:58:21","date_gmt":"2024-04-29T13:58:21","guid":{"rendered":"https:\/\/letrame.com\/catalogo\/producto\/anotaciones\/"},"modified":"2024-04-29T15:58:34","modified_gmt":"2024-04-29T13:58:34","slug":"anotaciones","status":"publish","type":"product","link":"https:\/\/letrame.com\/catalogo\/producto\/anotaciones\/","title":{"rendered":"Anotaciones"},"content":{"rendered":"<p><strong>ISBN<\/strong>: 978-84-1386-123-4<\/p>\n<p><strong>T\u00edtulo<\/strong>: Anotaciones<br \/>\n<strong>Fecha<\/strong>: 2021<br \/>\n<strong>P\u00e1ginas<\/strong>: 320<\/p>\n<p><strong>SINOPSIS<\/strong><\/p>\n<p>\u201c\u00c9ste es un libro de perfil abierto, con algo de pensamiento, y con algo de an\u00e9cdotas. En ambos aspectos, las pretensiones no son elevadas, premeditadamente. Es decir, ni las reflexiones adquieren la categor\u00eda del ensayo, ni con las an\u00e9cdotas personales que cito pretendo abrir ampliamente una esfera privada, por lo general de poco inter\u00e9s para el lector.\u201d<\/p>\n<p>\u201cSiempre hay una zona de nuestra vida, de nuestro pensamiento, de nuestro car\u00e1cter, que, en realidad, es ficci\u00f3n, que, literalmente, nos la hemos inventado.\u201d<\/p>\n<p>\u201cSucede tambi\u00e9n que, muchas veces, los dem\u00e1s nos ven de manera distinta a como pensamos que ocurre. Creer\u00edamos transmitir sensaci\u00f3n de fuertes, y resulta que lo hacemos de d\u00e9biles, de prudentes, y parecemos osados, de alegres, y en realidad se nos tiene por tristes.\u201d<\/p>\n","protected":false},"excerpt":{"rendered":"<p><strong>ISBN<\/strong>: 978-84-1386-123-4<\/p>\n<p><strong>SINOPSIS<\/strong><\/p>\n<p>\u201c\u00c9ste es un libro de perfil abierto, con algo de pensamiento, y con algo de an\u00e9cdotas. En ambos aspectos, las pretensiones no son elevadas, premeditadamente. Es decir, ni las reflexiones adquieren la categor\u00eda del ensayo, ni con las an\u00e9cdotas personales que cito pretendo abrir ampliamente una esfera privada, por lo general de poco inter\u00e9s para el lector.\u201d<\/p>\n<p>\u201cSiempre hay una zona de nuestra vida, de nuestro pensamiento, de nuestro car\u00e1cter, que, en realidad, es ficci\u00f3n, que, literalmente, nos la hemos inventado.\u201d<\/p>\n<p>\u201cSucede tambi\u00e9n que, muchas veces, los dem\u00e1s nos ven de manera distinta a como pensamos que ocurre. Creer\u00edamos transmitir sensaci\u00f3n de fuertes, y resulta que lo hacemos de d\u00e9biles, de prudentes, y parecemos osados, de alegres, y en realidad se nos tiene por tristes.\u201d<\/p>\n","protected":false},"featured_media":99214,"comment_status":"closed","ping_status":"open","template":"","meta":{"_acf_changed":false},"libro":[],"product_brand":[],"product_cat":[31],"product_tag":[],"class_list":{"0":"post-99213","1":"product","2":"type-product","3":"status-publish","4":"has-post-thumbnail","6":"product_cat-autobiografia","8":"first","9":"instock","10":"product-type-simple"},"acf":{"autor":[77575],"enlace_de_compra":"https:\/\/www.amazon.es\/Anotaciones-trav%C3%A9s-del-espejo-Novela\/dp\/8411449947\/"},"yoast_head":"<!-- This site is optimized with the Yoast SEO plugin v27.4 - https:\/\/yoast.com\/product\/yoast-seo-wordpress\/ -->\n<title>Anotaciones - Catalogo | Letrame Grupo Editorial<\/title>\n<meta name=\"robots\" content=\"index, follow, max-snippet:-1, max-image-preview:large, max-video-preview:-1\" \/>\n<link rel=\"canonical\" href=\"https:\/\/letrame.com\/catalogo\/producto\/anotaciones\/\" \/>\n<meta property=\"og:locale\" content=\"es_ES\" \/>\n<meta property=\"og:type\" content=\"article\" \/>\n<meta property=\"og:title\" content=\"Anotaciones - Catalogo | Letrame Grupo Editorial\" \/>\n<meta property=\"og:description\" content=\"ISBN: 978-84-1386-123-4 SINOPSIS \u201c\u00c9ste es un libro de perfil abierto, con algo de pensamiento, y con algo de an\u00e9cdotas. En ambos aspectos, las pretensiones no son elevadas, premeditadamente. Es decir, ni las reflexiones adquieren la categor\u00eda del ensayo, ni con las an\u00e9cdotas personales que cito pretendo abrir ampliamente una esfera privada, por lo general de poco inter\u00e9s para el lector.\u201d \u201cSiempre hay una zona de nuestra vida, de nuestro pensamiento, de nuestro car\u00e1cter, que, en realidad, es ficci\u00f3n, que, literalmente, nos la hemos inventado.\u201d \u201cSucede tambi\u00e9n que, muchas veces, los dem\u00e1s nos ven de manera distinta a como pensamos que ocurre. Creer\u00edamos transmitir sensaci\u00f3n de fuertes, y resulta que lo hacemos de d\u00e9biles, de prudentes, y parecemos osados, de alegres, y en realidad se nos tiene por tristes.\u201d\" \/>\n<meta property=\"og:url\" content=\"https:\/\/letrame.com\/catalogo\/producto\/anotaciones\/\" \/>\n<meta property=\"og:site_name\" content=\"Catalogo | Letrame Grupo Editorial\" \/>\n<meta property=\"article:modified_time\" content=\"2024-04-29T13:58:34+00:00\" \/>\n<meta property=\"og:image\" content=\"https:\/\/letrame.com\/catalogo\/wp-content\/uploads\/2024\/04\/webportada_anotaciones_2062mm-compressed-scaled-1.jpg\" \/>\n\t<meta property=\"og:image:width\" content=\"1676\" \/>\n\t<meta property=\"og:image:height\" content=\"2560\" \/>\n\t<meta property=\"og:image:type\" content=\"image\/jpeg\" \/>\n<meta name=\"twitter:card\" content=\"summary_large_image\" \/>\n<meta name=\"twitter:label1\" content=\"Tiempo de lectura\" \/>\n\t<meta name=\"twitter:data1\" content=\"1 minuto\" \/>\n<script type=\"application\/ld+json\" class=\"yoast-schema-graph\">{\"@context\":\"https:\\\/\\\/schema.org\",\"@graph\":[{\"@type\":\"WebPage\",\"@id\":\"https:\\\/\\\/letrame.com\\\/catalogo\\\/producto\\\/anotaciones\\\/\",\"url\":\"https:\\\/\\\/letrame.com\\\/catalogo\\\/producto\\\/anotaciones\\\/\",\"name\":\"Anotaciones - Catalogo | Letrame Grupo Editorial\",\"isPartOf\":{\"@id\":\"https:\\\/\\\/letrame.com\\\/catalogo\\\/#website\"},\"primaryImageOfPage\":{\"@id\":\"https:\\\/\\\/letrame.com\\\/catalogo\\\/producto\\\/anotaciones\\\/#primaryimage\"},\"image\":{\"@id\":\"https:\\\/\\\/letrame.com\\\/catalogo\\\/producto\\\/anotaciones\\\/#primaryimage\"},\"thumbnailUrl\":\"https:\\\/\\\/letrame.com\\\/catalogo\\\/wp-content\\\/uploads\\\/2024\\\/04\\\/webportada_anotaciones_2062mm-compressed-scaled-1.jpg\",\"datePublished\":\"2024-04-29T13:58:21+00:00\",\"dateModified\":\"2024-04-29T13:58:34+00:00\",\"breadcrumb\":{\"@id\":\"https:\\\/\\\/letrame.com\\\/catalogo\\\/producto\\\/anotaciones\\\/#breadcrumb\"},\"inLanguage\":\"es\",\"potentialAction\":[{\"@type\":\"ReadAction\",\"target\":[\"https:\\\/\\\/letrame.com\\\/catalogo\\\/producto\\\/anotaciones\\\/\"]}]},{\"@type\":\"ImageObject\",\"inLanguage\":\"es\",\"@id\":\"https:\\\/\\\/letrame.com\\\/catalogo\\\/producto\\\/anotaciones\\\/#primaryimage\",\"url\":\"https:\\\/\\\/letrame.com\\\/catalogo\\\/wp-content\\\/uploads\\\/2024\\\/04\\\/webportada_anotaciones_2062mm-compressed-scaled-1.jpg\",\"contentUrl\":\"https:\\\/\\\/letrame.com\\\/catalogo\\\/wp-content\\\/uploads\\\/2024\\\/04\\\/webportada_anotaciones_2062mm-compressed-scaled-1.jpg\",\"width\":1676,\"height\":2560},{\"@type\":\"BreadcrumbList\",\"@id\":\"https:\\\/\\\/letrame.com\\\/catalogo\\\/producto\\\/anotaciones\\\/#breadcrumb\",\"itemListElement\":[{\"@type\":\"ListItem\",\"position\":1,\"name\":\"Portada\",\"item\":\"https:\\\/\\\/letrame.com\\\/catalogo\\\/\"},{\"@type\":\"ListItem\",\"position\":2,\"name\":\"Cat\u00e1logo\",\"item\":\"https:\\\/\\\/letrame.com\\\/catalogo\\\/\"},{\"@type\":\"ListItem\",\"position\":3,\"name\":\"Anotaciones\"}]},{\"@type\":\"WebSite\",\"@id\":\"https:\\\/\\\/letrame.com\\\/catalogo\\\/#website\",\"url\":\"https:\\\/\\\/letrame.com\\\/catalogo\\\/\",\"name\":\"Catalogo | Letrame Grupo Editorial\",\"description\":\"\",\"publisher\":{\"@id\":\"https:\\\/\\\/letrame.com\\\/catalogo\\\/#organization\"},\"potentialAction\":[{\"@type\":\"SearchAction\",\"target\":{\"@type\":\"EntryPoint\",\"urlTemplate\":\"https:\\\/\\\/letrame.com\\\/catalogo\\\/?s={search_term_string}\"},\"query-input\":{\"@type\":\"PropertyValueSpecification\",\"valueRequired\":true,\"valueName\":\"search_term_string\"}}],\"inLanguage\":\"es\"},{\"@type\":\"Organization\",\"@id\":\"https:\\\/\\\/letrame.com\\\/catalogo\\\/#organization\",\"name\":\"Catalogo | Letrame Grupo Editorial\",\"url\":\"https:\\\/\\\/letrame.com\\\/catalogo\\\/\",\"logo\":{\"@type\":\"ImageObject\",\"inLanguage\":\"es\",\"@id\":\"https:\\\/\\\/letrame.com\\\/catalogo\\\/#\\\/schema\\\/logo\\\/image\\\/\",\"url\":\"https:\\\/\\\/letrame.com\\\/catalogo\\\/wp-content\\\/uploads\\\/2024\\\/03\\\/logo2.webp\",\"contentUrl\":\"https:\\\/\\\/letrame.com\\\/catalogo\\\/wp-content\\\/uploads\\\/2024\\\/03\\\/logo2.webp\",\"width\":394,\"height\":128,\"caption\":\"Catalogo | Letrame Grupo Editorial\"},\"image\":{\"@id\":\"https:\\\/\\\/letrame.com\\\/catalogo\\\/#\\\/schema\\\/logo\\\/image\\\/\"}}]}<\/script>\n<!-- \/ Yoast SEO plugin. -->","yoast_head_json":{"title":"Anotaciones - Catalogo | Letrame Grupo Editorial","robots":{"index":"index","follow":"follow","max-snippet":"max-snippet:-1","max-image-preview":"max-image-preview:large","max-video-preview":"max-video-preview:-1"},"canonical":"https:\/\/letrame.com\/catalogo\/producto\/anotaciones\/","og_locale":"es_ES","og_type":"article","og_title":"Anotaciones - Catalogo | Letrame Grupo Editorial","og_description":"ISBN: 978-84-1386-123-4 SINOPSIS \u201c\u00c9ste es un libro de perfil abierto, con algo de pensamiento, y con algo de an\u00e9cdotas. En ambos aspectos, las pretensiones no son elevadas, premeditadamente. Es decir, ni las reflexiones adquieren la categor\u00eda del ensayo, ni con las an\u00e9cdotas personales que cito pretendo abrir ampliamente una esfera privada, por lo general de poco inter\u00e9s para el lector.\u201d \u201cSiempre hay una zona de nuestra vida, de nuestro pensamiento, de nuestro car\u00e1cter, que, en realidad, es ficci\u00f3n, que, literalmente, nos la hemos inventado.\u201d \u201cSucede tambi\u00e9n que, muchas veces, los dem\u00e1s nos ven de manera distinta a como pensamos que ocurre. Creer\u00edamos transmitir sensaci\u00f3n de fuertes, y resulta que lo hacemos de d\u00e9biles, de prudentes, y parecemos osados, de alegres, y en realidad se nos tiene por tristes.\u201d","og_url":"https:\/\/letrame.com\/catalogo\/producto\/anotaciones\/","og_site_name":"Catalogo | Letrame Grupo Editorial","article_modified_time":"2024-04-29T13:58:34+00:00","og_image":[{"width":1676,"height":2560,"url":"https:\/\/letrame.com\/catalogo\/wp-content\/uploads\/2024\/04\/webportada_anotaciones_2062mm-compressed-scaled-1.jpg","type":"image\/jpeg"}],"twitter_card":"summary_large_image","twitter_misc":{"Tiempo de lectura":"1 minuto"},"schema":{"@context":"https:\/\/schema.org","@graph":[{"@type":"WebPage","@id":"https:\/\/letrame.com\/catalogo\/producto\/anotaciones\/","url":"https:\/\/letrame.com\/catalogo\/producto\/anotaciones\/","name":"Anotaciones - Catalogo | Letrame Grupo Editorial","isPartOf":{"@id":"https:\/\/letrame.com\/catalogo\/#website"},"primaryImageOfPage":{"@id":"https:\/\/letrame.com\/catalogo\/producto\/anotaciones\/#primaryimage"},"image":{"@id":"https:\/\/letrame.com\/catalogo\/producto\/anotaciones\/#primaryimage"},"thumbnailUrl":"https:\/\/letrame.com\/catalogo\/wp-content\/uploads\/2024\/04\/webportada_anotaciones_2062mm-compressed-scaled-1.jpg","datePublished":"2024-04-29T13:58:21+00:00","dateModified":"2024-04-29T13:58:34+00:00","breadcrumb":{"@id":"https:\/\/letrame.com\/catalogo\/producto\/anotaciones\/#breadcrumb"},"inLanguage":"es","potentialAction":[{"@type":"ReadAction","target":["https:\/\/letrame.com\/catalogo\/producto\/anotaciones\/"]}]},{"@type":"ImageObject","inLanguage":"es","@id":"https:\/\/letrame.com\/catalogo\/producto\/anotaciones\/#primaryimage","url":"https:\/\/letrame.com\/catalogo\/wp-content\/uploads\/2024\/04\/webportada_anotaciones_2062mm-compressed-scaled-1.jpg","contentUrl":"https:\/\/letrame.com\/catalogo\/wp-content\/uploads\/2024\/04\/webportada_anotaciones_2062mm-compressed-scaled-1.jpg","width":1676,"height":2560},{"@type":"BreadcrumbList","@id":"https:\/\/letrame.com\/catalogo\/producto\/anotaciones\/#breadcrumb","itemListElement":[{"@type":"ListItem","position":1,"name":"Portada","item":"https:\/\/letrame.com\/catalogo\/"},{"@type":"ListItem","position":2,"name":"Cat\u00e1logo","item":"https:\/\/letrame.com\/catalogo\/"},{"@type":"ListItem","position":3,"name":"Anotaciones"}]},{"@type":"WebSite","@id":"https:\/\/letrame.com\/catalogo\/#website","url":"https:\/\/letrame.com\/catalogo\/","name":"Catalogo | Letrame Grupo Editorial","description":"","publisher":{"@id":"https:\/\/letrame.com\/catalogo\/#organization"},"potentialAction":[{"@type":"SearchAction","target":{"@type":"EntryPoint","urlTemplate":"https:\/\/letrame.com\/catalogo\/?s={search_term_string}"},"query-input":{"@type":"PropertyValueSpecification","valueRequired":true,"valueName":"search_term_string"}}],"inLanguage":"es"},{"@type":"Organization","@id":"https:\/\/letrame.com\/catalogo\/#organization","name":"Catalogo | Letrame Grupo Editorial","url":"https:\/\/letrame.com\/catalogo\/","logo":{"@type":"ImageObject","inLanguage":"es","@id":"https:\/\/letrame.com\/catalogo\/#\/schema\/logo\/image\/","url":"https:\/\/letrame.com\/catalogo\/wp-content\/uploads\/2024\/03\/logo2.webp","contentUrl":"https:\/\/letrame.com\/catalogo\/wp-content\/uploads\/2024\/03\/logo2.webp","width":394,"height":128,"caption":"Catalogo | Letrame Grupo Editorial"},"image":{"@id":"https:\/\/letrame.com\/catalogo\/#\/schema\/logo\/image\/"}}]}},"_links":{"self":[{"href":"https:\/\/letrame.com\/catalogo\/wp-json\/wp\/v2\/product\/99213","targetHints":{"allow":["GET"]}}],"collection":[{"href":"https:\/\/letrame.com\/catalogo\/wp-json\/wp\/v2\/product"}],"about":[{"href":"https:\/\/letrame.com\/catalogo\/wp-json\/wp\/v2\/types\/product"}],"replies":[{"embeddable":true,"href":"https:\/\/letrame.com\/catalogo\/wp-json\/wp\/v2\/comments?post=99213"}],"acf:post":[{"embeddable":true,"href":"https:\/\/letrame.com\/catalogo\/wp-json\/wp\/v2\/author_book\/77575"}],"wp:featuredmedia":[{"embeddable":true,"href":"https:\/\/letrame.com\/catalogo\/wp-json\/wp\/v2\/media\/99214"}],"wp:attachment":[{"href":"https:\/\/letrame.com\/catalogo\/wp-json\/wp\/v2\/media?parent=99213"}],"wp:term":[{"taxonomy":"libro","embeddable":true,"href":"https:\/\/letrame.com\/catalogo\/wp-json\/wp\/v2\/libro?post=99213"},{"taxonomy":"product_brand","embeddable":true,"href":"https:\/\/letrame.com\/catalogo\/wp-json\/wp\/v2\/product_brand?post=99213"},{"taxonomy":"product_cat","embeddable":true,"href":"https:\/\/letrame.com\/catalogo\/wp-json\/wp\/v2\/product_cat?post=99213"},{"taxonomy":"product_tag","embeddable":true,"href":"https:\/\/letrame.com\/catalogo\/wp-json\/wp\/v2\/product_tag?post=99213"}],"curies":[{"name":"wp","href":"https:\/\/api.w.org\/{rel}","templated":true}]}}