{"id":99166,"date":"2024-04-29T15:52:06","date_gmt":"2024-04-29T13:52:06","guid":{"rendered":"https:\/\/letrame.com\/catalogo\/producto\/el-sueno-de-las-emociones\/"},"modified":"2024-05-16T16:55:16","modified_gmt":"2024-05-16T14:55:16","slug":"el-sueno-de-las-emociones","status":"publish","type":"product","link":"https:\/\/letrame.com\/catalogo\/producto\/el-sueno-de-las-emociones\/","title":{"rendered":"El sue\u00f1o de las emociones"},"content":{"rendered":"<p><strong>ISBN<\/strong>: 978-84-1181-196-5<\/p>\n<p><strong>T\u00edtulo<\/strong>: El sue\u00f1o de las emociones<br \/>\n<strong>Fecha<\/strong>: 2023<br \/>\n<strong>P\u00e1ginas<\/strong>: 294<\/p>\n<p><strong>SINOPSIS<\/strong><\/p>\n<p>Sara, cada verano, se refugiaba de su pasado con sus amigos en Sant Cugat. En uno de esos, conoce a Isaac, el hermano peque\u00f1o de su amigo Pablo. La conexi\u00f3n que sienten entonces, a pesar de la diferencia de edad, es m\u00e1s que evidente; dejando al descubierto los deseos m\u00e1s inocentes de un adolescente en plena transici\u00f3n y haciendo dudar a Sara de todo lo que cre\u00eda saber hasta entonces. Pero el destino caprichoso, o las cartas barajadas por ese mismo, hacen que tengan que separarse despu\u00e9s de dos veranos y medio.<\/p>\n<p>Sin embargo, cuatro a\u00f1os despu\u00e9s se vuelven a encontrar en el sue\u00f1o de las emociones. \u00a0Las preguntas sobre los escalones de moral, los pasos en falso, las enredaderas y los caminos entrelazados son inevitables, viviendo as\u00ed en una espiral constante resucitando fantasmas con los que Sara jam\u00e1s podr\u00e1 lidiar; a\u00fan y todo, a\u00fan despu\u00e9s de todo.<\/p>\n<p>\u00bfEran reales los puntos de no retorno? La paradoja del despegue, de los puntos bloqueados, de los sentimientos reencontrados; porque todo pasaba porque ten\u00eda que pasar y nada pasaba si no ten\u00eda que hacerlo. Una encrucijada maravillosa, un ir a por todas insistente, un no olvidarse cuando ten\u00eda que haberse hecho.<\/p>\n<p>Pero Sara, aun queri\u00e9ndolo con todas sus fuerzas, no sabe si ser\u00e1 capaz de practicar la ley del vac\u00edo; no sabe si intentara evitar que se reescriba lo que ya est\u00e1 escrito porque no quiere que el mundo vuelva a inundarla a lamidos.<\/p>\n","protected":false},"excerpt":{"rendered":"<p><strong>ISBN<\/strong>: 978-84-1181-196-5<\/p>\n<p><strong>SINOPSIS<\/strong><\/p>\n<p>Sara, cada verano, se refugiaba de su pasado con sus amigos en Sant Cugat. En uno de esos, conoce a Isaac, el hermano peque\u00f1o de su amigo Pablo. La conexi\u00f3n que sienten entonces, a pesar de la diferencia de edad, es m\u00e1s que evidente; dejando al descubierto los deseos m\u00e1s inocentes de un adolescente en plena transici\u00f3n y haciendo dudar a Sara de todo lo que cre\u00eda saber hasta entonces. Pero el destino caprichoso, o las cartas barajadas por ese mismo, hacen que tengan que separarse despu\u00e9s de dos veranos y medio.<\/p>\n<p>Sin embargo, cuatro a\u00f1os despu\u00e9s se vuelven a encontrar en el sue\u00f1o de las emociones. \u00a0Las preguntas sobre los escalones de moral, los pasos en falso, las enredaderas y los caminos entrelazados son inevitables, viviendo as\u00ed en una espiral constante resucitando fantasmas con los que Sara jam\u00e1s podr\u00e1 lidiar; a\u00fan y todo, a\u00fan despu\u00e9s de todo.<\/p>\n<p>\u00bfEran reales los puntos de no retorno? La paradoja del despegue, de los puntos bloqueados, de los sentimientos reencontrados; porque todo pasaba porque ten\u00eda que pasar y nada pasaba si no ten\u00eda que hacerlo. Una encrucijada maravillosa, un ir a por todas insistente, un no olvidarse cuando ten\u00eda que haberse hecho.<\/p>\n<p>Pero Sara, aun queri\u00e9ndolo con todas sus fuerzas, no sabe si ser\u00e1 capaz de practicar la ley del vac\u00edo; no sabe si intentara evitar que se reescriba lo que ya est\u00e1 escrito porque no quiere que el mundo vuelva a inundarla a lamidos.<\/p>\n","protected":false},"featured_media":100456,"comment_status":"closed","ping_status":"closed","template":"","meta":{"_acf_changed":false},"libro":[],"product_brand":[],"product_cat":[26],"product_tag":[],"class_list":{"0":"post-99166","1":"product","2":"type-product","3":"status-publish","4":"has-post-thumbnail","6":"product_cat-sin-categoria","8":"first","9":"instock","10":"product-type-simple"},"acf":{"autor":[77536],"enlace_de_compra":""},"yoast_head":"<!-- This site is optimized with the Yoast SEO plugin v27.4 - https:\/\/yoast.com\/product\/yoast-seo-wordpress\/ -->\n<title>El sue\u00f1o de las emociones - Catalogo | Letrame Grupo Editorial<\/title>\n<meta name=\"robots\" content=\"index, follow, max-snippet:-1, max-image-preview:large, max-video-preview:-1\" \/>\n<link rel=\"canonical\" href=\"https:\/\/letrame.com\/catalogo\/producto\/el-sueno-de-las-emociones\/\" \/>\n<meta property=\"og:locale\" content=\"es_ES\" \/>\n<meta property=\"og:type\" content=\"article\" \/>\n<meta property=\"og:title\" content=\"El sue\u00f1o de las emociones - Catalogo | Letrame Grupo Editorial\" \/>\n<meta property=\"og:description\" content=\"ISBN: 978-84-1181-196-5  SINOPSIS  Sara, cada verano, se refugiaba de su pasado con sus amigos en Sant Cugat. En uno de esos, conoce a Isaac, el hermano peque\u00f1o de su amigo Pablo. La conexi\u00f3n que sienten entonces, a pesar de la diferencia de edad, es m\u00e1s que evidente; dejando al descubierto los deseos m\u00e1s inocentes de un adolescente en plena transici\u00f3n y haciendo dudar a Sara de todo lo que cre\u00eda saber hasta entonces. Pero el destino caprichoso, o las cartas barajadas por ese mismo, hacen que tengan que separarse despu\u00e9s de dos veranos y medio.  Sin embargo, cuatro a\u00f1os despu\u00e9s se vuelven a encontrar en el sue\u00f1o de las emociones. \u00a0Las preguntas sobre los escalones de moral, los pasos en falso, las enredaderas y los caminos entrelazados son inevitables, viviendo as\u00ed en una espiral constante resucitando fantasmas con los que Sara jam\u00e1s podr\u00e1 lidiar; a\u00fan y todo, a\u00fan despu\u00e9s de todo.  \u00bfEran reales los puntos de no retorno? La paradoja del despegue, de los puntos bloqueados, de los sentimientos reencontrados; porque todo pasaba porque ten\u00eda que pasar y nada pasaba si no ten\u00eda que hacerlo. Una encrucijada maravillosa, un ir a por todas insistente, un no olvidarse cuando ten\u00eda que haberse hecho.  Pero Sara, aun queri\u00e9ndolo con todas sus fuerzas, no sabe si ser\u00e1 capaz de practicar la ley del vac\u00edo; no sabe si intentara evitar que se reescriba lo que ya est\u00e1 escrito porque no quiere que el mundo vuelva a inundarla a lamidos.\" \/>\n<meta property=\"og:url\" content=\"https:\/\/letrame.com\/catalogo\/producto\/el-sueno-de-las-emociones\/\" \/>\n<meta property=\"og:site_name\" content=\"Catalogo | Letrame Grupo Editorial\" \/>\n<meta property=\"article:modified_time\" content=\"2024-05-16T14:55:16+00:00\" \/>\n<meta property=\"og:image\" content=\"https:\/\/letrame.com\/catalogo\/wp-content\/uploads\/2024\/04\/webportada_elsuenodelasemociones_1463mm-compressed-1-scaled-1.webp\" \/>\n\t<meta property=\"og:image:width\" content=\"1746\" \/>\n\t<meta property=\"og:image:height\" content=\"2560\" \/>\n\t<meta property=\"og:image:type\" content=\"image\/webp\" \/>\n<meta name=\"twitter:card\" content=\"summary_large_image\" \/>\n<meta name=\"twitter:label1\" content=\"Tiempo de lectura\" \/>\n\t<meta name=\"twitter:data1\" content=\"2 minutos\" \/>\n<script type=\"application\/ld+json\" class=\"yoast-schema-graph\">{\"@context\":\"https:\\\/\\\/schema.org\",\"@graph\":[{\"@type\":\"WebPage\",\"@id\":\"https:\\\/\\\/letrame.com\\\/catalogo\\\/producto\\\/el-sueno-de-las-emociones\\\/\",\"url\":\"https:\\\/\\\/letrame.com\\\/catalogo\\\/producto\\\/el-sueno-de-las-emociones\\\/\",\"name\":\"El sue\u00f1o de las emociones - Catalogo | Letrame Grupo Editorial\",\"isPartOf\":{\"@id\":\"https:\\\/\\\/letrame.com\\\/catalogo\\\/#website\"},\"primaryImageOfPage\":{\"@id\":\"https:\\\/\\\/letrame.com\\\/catalogo\\\/producto\\\/el-sueno-de-las-emociones\\\/#primaryimage\"},\"image\":{\"@id\":\"https:\\\/\\\/letrame.com\\\/catalogo\\\/producto\\\/el-sueno-de-las-emociones\\\/#primaryimage\"},\"thumbnailUrl\":\"https:\\\/\\\/letrame.com\\\/catalogo\\\/wp-content\\\/uploads\\\/2024\\\/04\\\/webportada_elsuenodelasemociones_1463mm-compressed-1-scaled-1.webp\",\"datePublished\":\"2024-04-29T13:52:06+00:00\",\"dateModified\":\"2024-05-16T14:55:16+00:00\",\"breadcrumb\":{\"@id\":\"https:\\\/\\\/letrame.com\\\/catalogo\\\/producto\\\/el-sueno-de-las-emociones\\\/#breadcrumb\"},\"inLanguage\":\"es\",\"potentialAction\":[{\"@type\":\"ReadAction\",\"target\":[\"https:\\\/\\\/letrame.com\\\/catalogo\\\/producto\\\/el-sueno-de-las-emociones\\\/\"]}]},{\"@type\":\"ImageObject\",\"inLanguage\":\"es\",\"@id\":\"https:\\\/\\\/letrame.com\\\/catalogo\\\/producto\\\/el-sueno-de-las-emociones\\\/#primaryimage\",\"url\":\"https:\\\/\\\/letrame.com\\\/catalogo\\\/wp-content\\\/uploads\\\/2024\\\/04\\\/webportada_elsuenodelasemociones_1463mm-compressed-1-scaled-1.webp\",\"contentUrl\":\"https:\\\/\\\/letrame.com\\\/catalogo\\\/wp-content\\\/uploads\\\/2024\\\/04\\\/webportada_elsuenodelasemociones_1463mm-compressed-1-scaled-1.webp\",\"width\":1746,\"height\":2560},{\"@type\":\"BreadcrumbList\",\"@id\":\"https:\\\/\\\/letrame.com\\\/catalogo\\\/producto\\\/el-sueno-de-las-emociones\\\/#breadcrumb\",\"itemListElement\":[{\"@type\":\"ListItem\",\"position\":1,\"name\":\"Portada\",\"item\":\"https:\\\/\\\/letrame.com\\\/catalogo\\\/\"},{\"@type\":\"ListItem\",\"position\":2,\"name\":\"Cat\u00e1logo\",\"item\":\"https:\\\/\\\/letrame.com\\\/catalogo\\\/\"},{\"@type\":\"ListItem\",\"position\":3,\"name\":\"El sue\u00f1o de las emociones\"}]},{\"@type\":\"WebSite\",\"@id\":\"https:\\\/\\\/letrame.com\\\/catalogo\\\/#website\",\"url\":\"https:\\\/\\\/letrame.com\\\/catalogo\\\/\",\"name\":\"Catalogo | Letrame Grupo Editorial\",\"description\":\"\",\"publisher\":{\"@id\":\"https:\\\/\\\/letrame.com\\\/catalogo\\\/#organization\"},\"potentialAction\":[{\"@type\":\"SearchAction\",\"target\":{\"@type\":\"EntryPoint\",\"urlTemplate\":\"https:\\\/\\\/letrame.com\\\/catalogo\\\/?s={search_term_string}\"},\"query-input\":{\"@type\":\"PropertyValueSpecification\",\"valueRequired\":true,\"valueName\":\"search_term_string\"}}],\"inLanguage\":\"es\"},{\"@type\":\"Organization\",\"@id\":\"https:\\\/\\\/letrame.com\\\/catalogo\\\/#organization\",\"name\":\"Catalogo | Letrame Grupo Editorial\",\"url\":\"https:\\\/\\\/letrame.com\\\/catalogo\\\/\",\"logo\":{\"@type\":\"ImageObject\",\"inLanguage\":\"es\",\"@id\":\"https:\\\/\\\/letrame.com\\\/catalogo\\\/#\\\/schema\\\/logo\\\/image\\\/\",\"url\":\"https:\\\/\\\/letrame.com\\\/catalogo\\\/wp-content\\\/uploads\\\/2024\\\/03\\\/logo2.webp\",\"contentUrl\":\"https:\\\/\\\/letrame.com\\\/catalogo\\\/wp-content\\\/uploads\\\/2024\\\/03\\\/logo2.webp\",\"width\":394,\"height\":128,\"caption\":\"Catalogo | Letrame Grupo Editorial\"},\"image\":{\"@id\":\"https:\\\/\\\/letrame.com\\\/catalogo\\\/#\\\/schema\\\/logo\\\/image\\\/\"}}]}<\/script>\n<!-- \/ Yoast SEO plugin. -->","yoast_head_json":{"title":"El sue\u00f1o de las emociones - Catalogo | Letrame Grupo Editorial","robots":{"index":"index","follow":"follow","max-snippet":"max-snippet:-1","max-image-preview":"max-image-preview:large","max-video-preview":"max-video-preview:-1"},"canonical":"https:\/\/letrame.com\/catalogo\/producto\/el-sueno-de-las-emociones\/","og_locale":"es_ES","og_type":"article","og_title":"El sue\u00f1o de las emociones - Catalogo | Letrame Grupo Editorial","og_description":"ISBN: 978-84-1181-196-5  SINOPSIS  Sara, cada verano, se refugiaba de su pasado con sus amigos en Sant Cugat. En uno de esos, conoce a Isaac, el hermano peque\u00f1o de su amigo Pablo. La conexi\u00f3n que sienten entonces, a pesar de la diferencia de edad, es m\u00e1s que evidente; dejando al descubierto los deseos m\u00e1s inocentes de un adolescente en plena transici\u00f3n y haciendo dudar a Sara de todo lo que cre\u00eda saber hasta entonces. Pero el destino caprichoso, o las cartas barajadas por ese mismo, hacen que tengan que separarse despu\u00e9s de dos veranos y medio.  Sin embargo, cuatro a\u00f1os despu\u00e9s se vuelven a encontrar en el sue\u00f1o de las emociones. \u00a0Las preguntas sobre los escalones de moral, los pasos en falso, las enredaderas y los caminos entrelazados son inevitables, viviendo as\u00ed en una espiral constante resucitando fantasmas con los que Sara jam\u00e1s podr\u00e1 lidiar; a\u00fan y todo, a\u00fan despu\u00e9s de todo.  \u00bfEran reales los puntos de no retorno? La paradoja del despegue, de los puntos bloqueados, de los sentimientos reencontrados; porque todo pasaba porque ten\u00eda que pasar y nada pasaba si no ten\u00eda que hacerlo. Una encrucijada maravillosa, un ir a por todas insistente, un no olvidarse cuando ten\u00eda que haberse hecho.  Pero Sara, aun queri\u00e9ndolo con todas sus fuerzas, no sabe si ser\u00e1 capaz de practicar la ley del vac\u00edo; no sabe si intentara evitar que se reescriba lo que ya est\u00e1 escrito porque no quiere que el mundo vuelva a inundarla a lamidos.","og_url":"https:\/\/letrame.com\/catalogo\/producto\/el-sueno-de-las-emociones\/","og_site_name":"Catalogo | Letrame Grupo Editorial","article_modified_time":"2024-05-16T14:55:16+00:00","og_image":[{"width":1746,"height":2560,"url":"https:\/\/letrame.com\/catalogo\/wp-content\/uploads\/2024\/04\/webportada_elsuenodelasemociones_1463mm-compressed-1-scaled-1.webp","type":"image\/webp"}],"twitter_card":"summary_large_image","twitter_misc":{"Tiempo de lectura":"2 minutos"},"schema":{"@context":"https:\/\/schema.org","@graph":[{"@type":"WebPage","@id":"https:\/\/letrame.com\/catalogo\/producto\/el-sueno-de-las-emociones\/","url":"https:\/\/letrame.com\/catalogo\/producto\/el-sueno-de-las-emociones\/","name":"El sue\u00f1o de las emociones - Catalogo | Letrame Grupo Editorial","isPartOf":{"@id":"https:\/\/letrame.com\/catalogo\/#website"},"primaryImageOfPage":{"@id":"https:\/\/letrame.com\/catalogo\/producto\/el-sueno-de-las-emociones\/#primaryimage"},"image":{"@id":"https:\/\/letrame.com\/catalogo\/producto\/el-sueno-de-las-emociones\/#primaryimage"},"thumbnailUrl":"https:\/\/letrame.com\/catalogo\/wp-content\/uploads\/2024\/04\/webportada_elsuenodelasemociones_1463mm-compressed-1-scaled-1.webp","datePublished":"2024-04-29T13:52:06+00:00","dateModified":"2024-05-16T14:55:16+00:00","breadcrumb":{"@id":"https:\/\/letrame.com\/catalogo\/producto\/el-sueno-de-las-emociones\/#breadcrumb"},"inLanguage":"es","potentialAction":[{"@type":"ReadAction","target":["https:\/\/letrame.com\/catalogo\/producto\/el-sueno-de-las-emociones\/"]}]},{"@type":"ImageObject","inLanguage":"es","@id":"https:\/\/letrame.com\/catalogo\/producto\/el-sueno-de-las-emociones\/#primaryimage","url":"https:\/\/letrame.com\/catalogo\/wp-content\/uploads\/2024\/04\/webportada_elsuenodelasemociones_1463mm-compressed-1-scaled-1.webp","contentUrl":"https:\/\/letrame.com\/catalogo\/wp-content\/uploads\/2024\/04\/webportada_elsuenodelasemociones_1463mm-compressed-1-scaled-1.webp","width":1746,"height":2560},{"@type":"BreadcrumbList","@id":"https:\/\/letrame.com\/catalogo\/producto\/el-sueno-de-las-emociones\/#breadcrumb","itemListElement":[{"@type":"ListItem","position":1,"name":"Portada","item":"https:\/\/letrame.com\/catalogo\/"},{"@type":"ListItem","position":2,"name":"Cat\u00e1logo","item":"https:\/\/letrame.com\/catalogo\/"},{"@type":"ListItem","position":3,"name":"El sue\u00f1o de las emociones"}]},{"@type":"WebSite","@id":"https:\/\/letrame.com\/catalogo\/#website","url":"https:\/\/letrame.com\/catalogo\/","name":"Catalogo | Letrame Grupo Editorial","description":"","publisher":{"@id":"https:\/\/letrame.com\/catalogo\/#organization"},"potentialAction":[{"@type":"SearchAction","target":{"@type":"EntryPoint","urlTemplate":"https:\/\/letrame.com\/catalogo\/?s={search_term_string}"},"query-input":{"@type":"PropertyValueSpecification","valueRequired":true,"valueName":"search_term_string"}}],"inLanguage":"es"},{"@type":"Organization","@id":"https:\/\/letrame.com\/catalogo\/#organization","name":"Catalogo | Letrame Grupo Editorial","url":"https:\/\/letrame.com\/catalogo\/","logo":{"@type":"ImageObject","inLanguage":"es","@id":"https:\/\/letrame.com\/catalogo\/#\/schema\/logo\/image\/","url":"https:\/\/letrame.com\/catalogo\/wp-content\/uploads\/2024\/03\/logo2.webp","contentUrl":"https:\/\/letrame.com\/catalogo\/wp-content\/uploads\/2024\/03\/logo2.webp","width":394,"height":128,"caption":"Catalogo | Letrame Grupo Editorial"},"image":{"@id":"https:\/\/letrame.com\/catalogo\/#\/schema\/logo\/image\/"}}]}},"_links":{"self":[{"href":"https:\/\/letrame.com\/catalogo\/wp-json\/wp\/v2\/product\/99166","targetHints":{"allow":["GET"]}}],"collection":[{"href":"https:\/\/letrame.com\/catalogo\/wp-json\/wp\/v2\/product"}],"about":[{"href":"https:\/\/letrame.com\/catalogo\/wp-json\/wp\/v2\/types\/product"}],"replies":[{"embeddable":true,"href":"https:\/\/letrame.com\/catalogo\/wp-json\/wp\/v2\/comments?post=99166"}],"acf:post":[{"embeddable":true,"href":"https:\/\/letrame.com\/catalogo\/wp-json\/wp\/v2\/author_book\/77536"}],"wp:featuredmedia":[{"embeddable":true,"href":"https:\/\/letrame.com\/catalogo\/wp-json\/wp\/v2\/media\/100456"}],"wp:attachment":[{"href":"https:\/\/letrame.com\/catalogo\/wp-json\/wp\/v2\/media?parent=99166"}],"wp:term":[{"taxonomy":"libro","embeddable":true,"href":"https:\/\/letrame.com\/catalogo\/wp-json\/wp\/v2\/libro?post=99166"},{"taxonomy":"product_brand","embeddable":true,"href":"https:\/\/letrame.com\/catalogo\/wp-json\/wp\/v2\/product_brand?post=99166"},{"taxonomy":"product_cat","embeddable":true,"href":"https:\/\/letrame.com\/catalogo\/wp-json\/wp\/v2\/product_cat?post=99166"},{"taxonomy":"product_tag","embeddable":true,"href":"https:\/\/letrame.com\/catalogo\/wp-json\/wp\/v2\/product_tag?post=99166"}],"curies":[{"name":"wp","href":"https:\/\/api.w.org\/{rel}","templated":true}]}}