{"id":99125,"date":"2024-04-29T15:47:37","date_gmt":"2024-04-29T13:47:37","guid":{"rendered":"https:\/\/letrame.com\/catalogo\/producto\/el-factor-humano-clave-en-la-transformacion-digital\/"},"modified":"2024-07-31T13:17:56","modified_gmt":"2024-07-31T11:17:56","slug":"el-factor-humano-clave-en-la-transformacion-digital","status":"publish","type":"product","link":"https:\/\/letrame.com\/catalogo\/producto\/el-factor-humano-clave-en-la-transformacion-digital\/","title":{"rendered":"El factor humano. Clave en la transformaci\u00f3n digital"},"content":{"rendered":"<p><strong>ISBN<\/strong>: 978-84-1181-056-2<\/p>\n<p><strong>T\u00edtulo<\/strong>: El factor humano. Clave en la transformaci\u00f3n digital<br \/>\n<strong>Fecha<\/strong>: 2023<br \/>\n<strong>P\u00e1ginas<\/strong>: 102<\/p>\n<p><strong>SINOPSIS<\/strong><\/p>\n<p class=\"Paragraph\" style=\"margin-bottom: 15.6pt; text-align: justify; line-height: 150%;\"><span class=\"Ninguno\"><span lang=\"ES-TRAD\">Toda transformaci\u00f3n es fruto de un proceso y, para liderar este proceso, se requieren personas con la claridad, la capacidad y la visi\u00f3n necesarias que permitan enfrentarlo, planificarlo y ejecutarlo. Pues <\/span><\/span><span class=\"Ninguno\"><span lang=\"ES-TRAD\" style=\"font-family: 'Calibri',sans-serif;\">\u00ab<\/span><span lang=\"ES-TRAD\">Nada sucede de la noche a la ma\u00f1ana<\/span><\/span><span class=\"Ninguno\"><span lang=\"ES-TRAD\" style=\"font-family: 'Calibri',sans-serif;\">\u00bb,<\/span><span lang=\"ES-TRAD\"> como bien afirma John C. Maxwell.<\/span><\/span><\/p>\n<p class=\"Paragraph\" style=\"margin-bottom: 15.6pt; text-align: justify; line-height: 150%;\"><span class=\"Ninguno\"><span lang=\"ES-TRAD\">Seg\u00fan Forbes, Harvard Business Review, IBM, Gallup, McKinsey y otros, entre el 70 y 80<\/span><\/span><span class=\"Ninguno\"><span lang=\"ES-TRAD\" style=\"font-family: 'Calibri',sans-serif;\">\u00a0<\/span><span lang=\"ES-TRAD\">% de las empresas que inician un proceso de transformaci\u00f3n digital fracasan.<\/span><\/span><\/p>\n<p class=\"Paragraph\" style=\"margin-bottom: 15.6pt; text-align: justify; line-height: 150%;\"><span class=\"Ninguno\"><span lang=\"ES-TRAD\">Y \u00bfpor qu\u00e9 ocurre esto? Seg\u00fan las mismas fuentes, la causa que m\u00e1s incide en este fracaso es la resistencia al cambio de la cultura de la organizaci\u00f3n.<\/span><\/span><\/p>\n<p class=\"Paragraph\" style=\"margin-bottom: 15.6pt; text-align: justify; line-height: 150%;\"><span class=\"Ninguno\"><span lang=\"ES-TRAD\">Si continuamos afrontando la transformaci\u00f3n digital o Industria 4.0 solo como un proceso de actualizaci\u00f3n tecnol\u00f3gica, los resultados esperables no ser\u00e1n muy distintos, porque dejamos de lado el elemento m\u00e1s importante: las personas.<\/span><\/span><\/p>\n<p class=\"Paragraph\" style=\"margin-bottom: 15.6pt; text-align: justify; line-height: 150%;\"><span class=\"Ninguno\"><i><span lang=\"ES-TRAD\">La transformaci\u00f3n digital no es solo un proceso de actualizaci\u00f3n tecnol\u00f3gica, es la oportunidad de reinventar las organizaciones y prepararlas para un escenario de cambio constante.<\/span><\/i><\/span><\/p>\n<p class=\"Paragraph\" style=\"margin-bottom: 15.6pt; text-align: justify; line-height: 150%;\"><span class=\"Ninguno\"><span lang=\"ES-TRAD\">\u00bfQu\u00e9 vas a encontrar en este libro?<\/span><\/span><\/p>\n<p class=\"Paragraph\" style=\"margin-bottom: 15.6pt; text-align: justify; line-height: 150%;\"><span class=\"Ninguno\"><span lang=\"ES-TRAD\">\u2022 Una propuesta que sit\u00faa su foco principal en la transformaci\u00f3n integral de la organizaci\u00f3n.<\/span><\/span><\/p>\n<p class=\"Paragraph\" style=\"margin-bottom: 15.6pt; text-align: justify; line-height: 150%;\"><span class=\"Ninguno\"><span lang=\"ES-TRAD\">\u2022 Un modelo en 3 etapas que parte por <b>las personas y la cultura organizacional<\/b>, contin\u00faa con <b>los objetivos y procesos<\/b> y termina con <b>la tecnolog\u00eda<\/b>, herramienta clave que nos permite dar un salto exponencial.<\/span><\/span><\/p>\n","protected":false},"excerpt":{"rendered":"<p><strong>ISBN<\/strong>: 978-84-1181-056-2<\/p>\n<p><strong>SINOPSIS<\/strong><\/p>\n<p class=\"Paragraph\" style=\"margin-bottom: 15.6pt; text-align: justify; line-height: 150%;\"><span class=\"Ninguno\"><span lang=\"ES-TRAD\">Toda transformaci\u00f3n es fruto de un proceso y, para liderar este proceso, se requieren personas con la claridad, la capacidad y la visi\u00f3n necesarias que permitan enfrentarlo, planificarlo y ejecutarlo. Pues <\/span><\/span><span class=\"Ninguno\"><span lang=\"ES-TRAD\" style=\"font-family: 'Calibri',sans-serif;\">\u00ab<\/span><span lang=\"ES-TRAD\">Nada sucede de la noche a la ma\u00f1ana<\/span><\/span><span class=\"Ninguno\"><span lang=\"ES-TRAD\" style=\"font-family: 'Calibri',sans-serif;\">\u00bb,<\/span><span lang=\"ES-TRAD\"> como bien afirma John C. Maxwell.<\/span><\/span><\/p>\n<p class=\"Paragraph\" style=\"margin-bottom: 15.6pt; text-align: justify; line-height: 150%;\"><span class=\"Ninguno\"><span lang=\"ES-TRAD\">Seg\u00fan Forbes, Harvard Business Review, IBM, Gallup, McKinsey y otros, entre el 70 y 80<\/span><\/span><span class=\"Ninguno\"><span lang=\"ES-TRAD\" style=\"font-family: 'Calibri',sans-serif;\">\u00a0<\/span><span lang=\"ES-TRAD\">% de las empresas que inician un proceso de transformaci\u00f3n digital fracasan.<\/span><\/span><\/p>\n<p class=\"Paragraph\" style=\"margin-bottom: 15.6pt; text-align: justify; line-height: 150%;\"><span class=\"Ninguno\"><span lang=\"ES-TRAD\">Y \u00bfpor qu\u00e9 ocurre esto? Seg\u00fan las mismas fuentes, la causa que m\u00e1s incide en este fracaso es la resistencia al cambio de la cultura de la organizaci\u00f3n.<\/span><\/span><\/p>\n<p class=\"Paragraph\" style=\"margin-bottom: 15.6pt; text-align: justify; line-height: 150%;\"><span class=\"Ninguno\"><span lang=\"ES-TRAD\">Si continuamos afrontando la transformaci\u00f3n digital o Industria 4.0 solo como un proceso de actualizaci\u00f3n tecnol\u00f3gica, los resultados esperables no ser\u00e1n muy distintos, porque dejamos de lado el elemento m\u00e1s importante: las personas.<\/span><\/span><\/p>\n<p class=\"Paragraph\" style=\"margin-bottom: 15.6pt; text-align: justify; line-height: 150%;\"><span class=\"Ninguno\"><i><span lang=\"ES-TRAD\">La transformaci\u00f3n digital no es solo un proceso de actualizaci\u00f3n tecnol\u00f3gica, es la oportunidad de reinventar las organizaciones y prepararlas para un escenario de cambio constante.<\/span><\/i><\/span><\/p>\n<p class=\"Paragraph\" style=\"margin-bottom: 15.6pt; text-align: justify; line-height: 150%;\"><span class=\"Ninguno\"><span lang=\"ES-TRAD\">\u00bfQu\u00e9 vas a encontrar en este libro?<\/span><\/span><\/p>\n<p class=\"Paragraph\" style=\"margin-bottom: 15.6pt; text-align: justify; line-height: 150%;\"><span class=\"Ninguno\"><span lang=\"ES-TRAD\">\u2022 Una propuesta que sit\u00faa su foco principal en la transformaci\u00f3n integral de la organizaci\u00f3n.<\/span><\/span><\/p>\n<p class=\"Paragraph\" style=\"margin-bottom: 15.6pt; text-align: justify; line-height: 150%;\"><span class=\"Ninguno\"><span lang=\"ES-TRAD\">\u2022 Un modelo en 3 etapas que parte por <b>las personas y la cultura organizacional<\/b>, contin\u00faa con <b>los objetivos y procesos<\/b> y termina con <b>la tecnolog\u00eda<\/b>, herramienta clave que nos permite dar un salto exponencial.<\/span><\/span><\/p>\n","protected":false},"featured_media":99126,"comment_status":"closed","ping_status":"closed","template":"","meta":{"_acf_changed":false},"libro":[],"product_brand":[],"product_cat":[26],"product_tag":[],"class_list":{"0":"post-99125","1":"product","2":"type-product","3":"status-publish","4":"has-post-thumbnail","6":"product_cat-sin-categoria","8":"first","9":"instock","10":"product-type-simple"},"acf":{"autor":[77503,104531],"enlace_de_compra":""},"yoast_head":"<!-- This site is optimized with the Yoast SEO plugin v27.4 - https:\/\/yoast.com\/product\/yoast-seo-wordpress\/ -->\n<title>El factor humano. Clave en la transformaci\u00f3n digital - Catalogo | Letrame Grupo Editorial<\/title>\n<meta name=\"robots\" content=\"index, follow, max-snippet:-1, max-image-preview:large, max-video-preview:-1\" \/>\n<link rel=\"canonical\" href=\"https:\/\/letrame.com\/catalogo\/producto\/el-factor-humano-clave-en-la-transformacion-digital\/\" \/>\n<meta property=\"og:locale\" content=\"es_ES\" \/>\n<meta property=\"og:type\" content=\"article\" \/>\n<meta property=\"og:title\" content=\"El factor humano. Clave en la transformaci\u00f3n digital - Catalogo | Letrame Grupo Editorial\" \/>\n<meta property=\"og:description\" content=\"ISBN: 978-84-1181-056-2  SINOPSIS Toda transformaci\u00f3n es fruto de un proceso y, para liderar este proceso, se requieren personas con la claridad, la capacidad y la visi\u00f3n necesarias que permitan enfrentarlo, planificarlo y ejecutarlo. Pues \u00abNada sucede de la noche a la ma\u00f1ana\u00bb, como bien afirma John C. Maxwell. Seg\u00fan Forbes, Harvard Business Review, IBM, Gallup, McKinsey y otros, entre el 70 y 80\u00a0% de las empresas que inician un proceso de transformaci\u00f3n digital fracasan. Y \u00bfpor qu\u00e9 ocurre esto? Seg\u00fan las mismas fuentes, la causa que m\u00e1s incide en este fracaso es la resistencia al cambio de la cultura de la organizaci\u00f3n. Si continuamos afrontando la transformaci\u00f3n digital o Industria 4.0 solo como un proceso de actualizaci\u00f3n tecnol\u00f3gica, los resultados esperables no ser\u00e1n muy distintos, porque dejamos de lado el elemento m\u00e1s importante: las personas. La transformaci\u00f3n digital no es solo un proceso de actualizaci\u00f3n tecnol\u00f3gica, es la oportunidad de reinventar las organizaciones y prepararlas para un escenario de cambio constante. \u00bfQu\u00e9 vas a encontrar en este libro? \u2022 Una propuesta que sit\u00faa su foco principal en la transformaci\u00f3n integral de la organizaci\u00f3n. \u2022 Un modelo en 3 etapas que parte por las personas y la cultura organizacional, contin\u00faa con los objetivos y procesos y termina con la tecnolog\u00eda, herramienta clave que nos permite dar un salto exponencial.\" \/>\n<meta property=\"og:url\" content=\"https:\/\/letrame.com\/catalogo\/producto\/el-factor-humano-clave-en-la-transformacion-digital\/\" \/>\n<meta property=\"og:site_name\" content=\"Catalogo | Letrame Grupo Editorial\" \/>\n<meta property=\"article:modified_time\" content=\"2024-07-31T11:17:56+00:00\" \/>\n<meta property=\"og:image\" content=\"https:\/\/letrame.com\/catalogo\/wp-content\/uploads\/2024\/04\/webportada_elfactorhumano_637mm-1-compressed-scaled-1.jpg\" \/>\n\t<meta property=\"og:image:width\" content=\"1746\" \/>\n\t<meta property=\"og:image:height\" content=\"2560\" \/>\n\t<meta property=\"og:image:type\" content=\"image\/jpeg\" \/>\n<meta name=\"twitter:card\" content=\"summary_large_image\" \/>\n<meta name=\"twitter:label1\" content=\"Tiempo de lectura\" \/>\n\t<meta name=\"twitter:data1\" content=\"2 minutos\" \/>\n<script type=\"application\/ld+json\" class=\"yoast-schema-graph\">{\"@context\":\"https:\\\/\\\/schema.org\",\"@graph\":[{\"@type\":\"WebPage\",\"@id\":\"https:\\\/\\\/letrame.com\\\/catalogo\\\/producto\\\/el-factor-humano-clave-en-la-transformacion-digital\\\/\",\"url\":\"https:\\\/\\\/letrame.com\\\/catalogo\\\/producto\\\/el-factor-humano-clave-en-la-transformacion-digital\\\/\",\"name\":\"El factor humano. Clave en la transformaci\u00f3n digital - Catalogo | Letrame Grupo Editorial\",\"isPartOf\":{\"@id\":\"https:\\\/\\\/letrame.com\\\/catalogo\\\/#website\"},\"primaryImageOfPage\":{\"@id\":\"https:\\\/\\\/letrame.com\\\/catalogo\\\/producto\\\/el-factor-humano-clave-en-la-transformacion-digital\\\/#primaryimage\"},\"image\":{\"@id\":\"https:\\\/\\\/letrame.com\\\/catalogo\\\/producto\\\/el-factor-humano-clave-en-la-transformacion-digital\\\/#primaryimage\"},\"thumbnailUrl\":\"https:\\\/\\\/letrame.com\\\/catalogo\\\/wp-content\\\/uploads\\\/2024\\\/04\\\/webportada_elfactorhumano_637mm-1-compressed-scaled-1.jpg\",\"datePublished\":\"2024-04-29T13:47:37+00:00\",\"dateModified\":\"2024-07-31T11:17:56+00:00\",\"breadcrumb\":{\"@id\":\"https:\\\/\\\/letrame.com\\\/catalogo\\\/producto\\\/el-factor-humano-clave-en-la-transformacion-digital\\\/#breadcrumb\"},\"inLanguage\":\"es\",\"potentialAction\":[{\"@type\":\"ReadAction\",\"target\":[\"https:\\\/\\\/letrame.com\\\/catalogo\\\/producto\\\/el-factor-humano-clave-en-la-transformacion-digital\\\/\"]}]},{\"@type\":\"ImageObject\",\"inLanguage\":\"es\",\"@id\":\"https:\\\/\\\/letrame.com\\\/catalogo\\\/producto\\\/el-factor-humano-clave-en-la-transformacion-digital\\\/#primaryimage\",\"url\":\"https:\\\/\\\/letrame.com\\\/catalogo\\\/wp-content\\\/uploads\\\/2024\\\/04\\\/webportada_elfactorhumano_637mm-1-compressed-scaled-1.jpg\",\"contentUrl\":\"https:\\\/\\\/letrame.com\\\/catalogo\\\/wp-content\\\/uploads\\\/2024\\\/04\\\/webportada_elfactorhumano_637mm-1-compressed-scaled-1.jpg\",\"width\":1746,\"height\":2560},{\"@type\":\"BreadcrumbList\",\"@id\":\"https:\\\/\\\/letrame.com\\\/catalogo\\\/producto\\\/el-factor-humano-clave-en-la-transformacion-digital\\\/#breadcrumb\",\"itemListElement\":[{\"@type\":\"ListItem\",\"position\":1,\"name\":\"Portada\",\"item\":\"https:\\\/\\\/letrame.com\\\/catalogo\\\/\"},{\"@type\":\"ListItem\",\"position\":2,\"name\":\"Cat\u00e1logo\",\"item\":\"https:\\\/\\\/letrame.com\\\/catalogo\\\/\"},{\"@type\":\"ListItem\",\"position\":3,\"name\":\"El factor humano. Clave en la transformaci\u00f3n digital\"}]},{\"@type\":\"WebSite\",\"@id\":\"https:\\\/\\\/letrame.com\\\/catalogo\\\/#website\",\"url\":\"https:\\\/\\\/letrame.com\\\/catalogo\\\/\",\"name\":\"Catalogo | Letrame Grupo Editorial\",\"description\":\"\",\"publisher\":{\"@id\":\"https:\\\/\\\/letrame.com\\\/catalogo\\\/#organization\"},\"potentialAction\":[{\"@type\":\"SearchAction\",\"target\":{\"@type\":\"EntryPoint\",\"urlTemplate\":\"https:\\\/\\\/letrame.com\\\/catalogo\\\/?s={search_term_string}\"},\"query-input\":{\"@type\":\"PropertyValueSpecification\",\"valueRequired\":true,\"valueName\":\"search_term_string\"}}],\"inLanguage\":\"es\"},{\"@type\":\"Organization\",\"@id\":\"https:\\\/\\\/letrame.com\\\/catalogo\\\/#organization\",\"name\":\"Catalogo | Letrame Grupo Editorial\",\"url\":\"https:\\\/\\\/letrame.com\\\/catalogo\\\/\",\"logo\":{\"@type\":\"ImageObject\",\"inLanguage\":\"es\",\"@id\":\"https:\\\/\\\/letrame.com\\\/catalogo\\\/#\\\/schema\\\/logo\\\/image\\\/\",\"url\":\"https:\\\/\\\/letrame.com\\\/catalogo\\\/wp-content\\\/uploads\\\/2024\\\/03\\\/logo2.webp\",\"contentUrl\":\"https:\\\/\\\/letrame.com\\\/catalogo\\\/wp-content\\\/uploads\\\/2024\\\/03\\\/logo2.webp\",\"width\":394,\"height\":128,\"caption\":\"Catalogo | Letrame Grupo Editorial\"},\"image\":{\"@id\":\"https:\\\/\\\/letrame.com\\\/catalogo\\\/#\\\/schema\\\/logo\\\/image\\\/\"}}]}<\/script>\n<!-- \/ Yoast SEO plugin. -->","yoast_head_json":{"title":"El factor humano. Clave en la transformaci\u00f3n digital - Catalogo | Letrame Grupo Editorial","robots":{"index":"index","follow":"follow","max-snippet":"max-snippet:-1","max-image-preview":"max-image-preview:large","max-video-preview":"max-video-preview:-1"},"canonical":"https:\/\/letrame.com\/catalogo\/producto\/el-factor-humano-clave-en-la-transformacion-digital\/","og_locale":"es_ES","og_type":"article","og_title":"El factor humano. Clave en la transformaci\u00f3n digital - Catalogo | Letrame Grupo Editorial","og_description":"ISBN: 978-84-1181-056-2  SINOPSIS Toda transformaci\u00f3n es fruto de un proceso y, para liderar este proceso, se requieren personas con la claridad, la capacidad y la visi\u00f3n necesarias que permitan enfrentarlo, planificarlo y ejecutarlo. Pues \u00abNada sucede de la noche a la ma\u00f1ana\u00bb, como bien afirma John C. Maxwell. Seg\u00fan Forbes, Harvard Business Review, IBM, Gallup, McKinsey y otros, entre el 70 y 80\u00a0% de las empresas que inician un proceso de transformaci\u00f3n digital fracasan. Y \u00bfpor qu\u00e9 ocurre esto? Seg\u00fan las mismas fuentes, la causa que m\u00e1s incide en este fracaso es la resistencia al cambio de la cultura de la organizaci\u00f3n. Si continuamos afrontando la transformaci\u00f3n digital o Industria 4.0 solo como un proceso de actualizaci\u00f3n tecnol\u00f3gica, los resultados esperables no ser\u00e1n muy distintos, porque dejamos de lado el elemento m\u00e1s importante: las personas. La transformaci\u00f3n digital no es solo un proceso de actualizaci\u00f3n tecnol\u00f3gica, es la oportunidad de reinventar las organizaciones y prepararlas para un escenario de cambio constante. \u00bfQu\u00e9 vas a encontrar en este libro? \u2022 Una propuesta que sit\u00faa su foco principal en la transformaci\u00f3n integral de la organizaci\u00f3n. \u2022 Un modelo en 3 etapas que parte por las personas y la cultura organizacional, contin\u00faa con los objetivos y procesos y termina con la tecnolog\u00eda, herramienta clave que nos permite dar un salto exponencial.","og_url":"https:\/\/letrame.com\/catalogo\/producto\/el-factor-humano-clave-en-la-transformacion-digital\/","og_site_name":"Catalogo | Letrame Grupo Editorial","article_modified_time":"2024-07-31T11:17:56+00:00","og_image":[{"width":1746,"height":2560,"url":"https:\/\/letrame.com\/catalogo\/wp-content\/uploads\/2024\/04\/webportada_elfactorhumano_637mm-1-compressed-scaled-1.jpg","type":"image\/jpeg"}],"twitter_card":"summary_large_image","twitter_misc":{"Tiempo de lectura":"2 minutos"},"schema":{"@context":"https:\/\/schema.org","@graph":[{"@type":"WebPage","@id":"https:\/\/letrame.com\/catalogo\/producto\/el-factor-humano-clave-en-la-transformacion-digital\/","url":"https:\/\/letrame.com\/catalogo\/producto\/el-factor-humano-clave-en-la-transformacion-digital\/","name":"El factor humano. Clave en la transformaci\u00f3n digital - Catalogo | Letrame Grupo Editorial","isPartOf":{"@id":"https:\/\/letrame.com\/catalogo\/#website"},"primaryImageOfPage":{"@id":"https:\/\/letrame.com\/catalogo\/producto\/el-factor-humano-clave-en-la-transformacion-digital\/#primaryimage"},"image":{"@id":"https:\/\/letrame.com\/catalogo\/producto\/el-factor-humano-clave-en-la-transformacion-digital\/#primaryimage"},"thumbnailUrl":"https:\/\/letrame.com\/catalogo\/wp-content\/uploads\/2024\/04\/webportada_elfactorhumano_637mm-1-compressed-scaled-1.jpg","datePublished":"2024-04-29T13:47:37+00:00","dateModified":"2024-07-31T11:17:56+00:00","breadcrumb":{"@id":"https:\/\/letrame.com\/catalogo\/producto\/el-factor-humano-clave-en-la-transformacion-digital\/#breadcrumb"},"inLanguage":"es","potentialAction":[{"@type":"ReadAction","target":["https:\/\/letrame.com\/catalogo\/producto\/el-factor-humano-clave-en-la-transformacion-digital\/"]}]},{"@type":"ImageObject","inLanguage":"es","@id":"https:\/\/letrame.com\/catalogo\/producto\/el-factor-humano-clave-en-la-transformacion-digital\/#primaryimage","url":"https:\/\/letrame.com\/catalogo\/wp-content\/uploads\/2024\/04\/webportada_elfactorhumano_637mm-1-compressed-scaled-1.jpg","contentUrl":"https:\/\/letrame.com\/catalogo\/wp-content\/uploads\/2024\/04\/webportada_elfactorhumano_637mm-1-compressed-scaled-1.jpg","width":1746,"height":2560},{"@type":"BreadcrumbList","@id":"https:\/\/letrame.com\/catalogo\/producto\/el-factor-humano-clave-en-la-transformacion-digital\/#breadcrumb","itemListElement":[{"@type":"ListItem","position":1,"name":"Portada","item":"https:\/\/letrame.com\/catalogo\/"},{"@type":"ListItem","position":2,"name":"Cat\u00e1logo","item":"https:\/\/letrame.com\/catalogo\/"},{"@type":"ListItem","position":3,"name":"El factor humano. Clave en la transformaci\u00f3n digital"}]},{"@type":"WebSite","@id":"https:\/\/letrame.com\/catalogo\/#website","url":"https:\/\/letrame.com\/catalogo\/","name":"Catalogo | Letrame Grupo Editorial","description":"","publisher":{"@id":"https:\/\/letrame.com\/catalogo\/#organization"},"potentialAction":[{"@type":"SearchAction","target":{"@type":"EntryPoint","urlTemplate":"https:\/\/letrame.com\/catalogo\/?s={search_term_string}"},"query-input":{"@type":"PropertyValueSpecification","valueRequired":true,"valueName":"search_term_string"}}],"inLanguage":"es"},{"@type":"Organization","@id":"https:\/\/letrame.com\/catalogo\/#organization","name":"Catalogo | Letrame Grupo Editorial","url":"https:\/\/letrame.com\/catalogo\/","logo":{"@type":"ImageObject","inLanguage":"es","@id":"https:\/\/letrame.com\/catalogo\/#\/schema\/logo\/image\/","url":"https:\/\/letrame.com\/catalogo\/wp-content\/uploads\/2024\/03\/logo2.webp","contentUrl":"https:\/\/letrame.com\/catalogo\/wp-content\/uploads\/2024\/03\/logo2.webp","width":394,"height":128,"caption":"Catalogo | Letrame Grupo Editorial"},"image":{"@id":"https:\/\/letrame.com\/catalogo\/#\/schema\/logo\/image\/"}}]}},"_links":{"self":[{"href":"https:\/\/letrame.com\/catalogo\/wp-json\/wp\/v2\/product\/99125","targetHints":{"allow":["GET"]}}],"collection":[{"href":"https:\/\/letrame.com\/catalogo\/wp-json\/wp\/v2\/product"}],"about":[{"href":"https:\/\/letrame.com\/catalogo\/wp-json\/wp\/v2\/types\/product"}],"replies":[{"embeddable":true,"href":"https:\/\/letrame.com\/catalogo\/wp-json\/wp\/v2\/comments?post=99125"}],"acf:post":[{"embeddable":true,"href":"https:\/\/letrame.com\/catalogo\/wp-json\/wp\/v2\/author_book\/104531"},{"embeddable":true,"href":"https:\/\/letrame.com\/catalogo\/wp-json\/wp\/v2\/author_book\/77503"}],"wp:featuredmedia":[{"embeddable":true,"href":"https:\/\/letrame.com\/catalogo\/wp-json\/wp\/v2\/media\/99126"}],"wp:attachment":[{"href":"https:\/\/letrame.com\/catalogo\/wp-json\/wp\/v2\/media?parent=99125"}],"wp:term":[{"taxonomy":"libro","embeddable":true,"href":"https:\/\/letrame.com\/catalogo\/wp-json\/wp\/v2\/libro?post=99125"},{"taxonomy":"product_brand","embeddable":true,"href":"https:\/\/letrame.com\/catalogo\/wp-json\/wp\/v2\/product_brand?post=99125"},{"taxonomy":"product_cat","embeddable":true,"href":"https:\/\/letrame.com\/catalogo\/wp-json\/wp\/v2\/product_cat?post=99125"},{"taxonomy":"product_tag","embeddable":true,"href":"https:\/\/letrame.com\/catalogo\/wp-json\/wp\/v2\/product_tag?post=99125"}],"curies":[{"name":"wp","href":"https:\/\/api.w.org\/{rel}","templated":true}]}}