{"id":98979,"date":"2024-04-29T15:33:00","date_gmt":"2024-04-29T13:33:00","guid":{"rendered":"https:\/\/letrame.com\/catalogo\/producto\/espana-y-la-comunidad-autonoma-de-cataluna\/"},"modified":"2024-05-16T16:50:33","modified_gmt":"2024-05-16T14:50:33","slug":"espana-y-la-comunidad-autonoma-de-cataluna","status":"publish","type":"product","link":"https:\/\/letrame.com\/catalogo\/producto\/espana-y-la-comunidad-autonoma-de-cataluna\/","title":{"rendered":"Espa\u00f1a y la comunidad aut\u00f3noma de Catalu\u00f1a"},"content":{"rendered":"<p><strong>ISBN<\/strong>: 978-84-1144-933-5<\/p>\n<p><strong>T\u00edtulo<\/strong>: <span id=\"productTitle\" class=\"a-size-extra-large\">Espa\u00f1a y la comunidad aut\u00f3noma de Catalu\u00f1a<\/span><\/p>\n<p><strong>Fecha<\/strong>: 2023<br \/>\n<strong>P\u00e1ginas<\/strong>: 484<\/p>\n<p><strong>SINOPSIS<\/strong><\/p>\n<p>El texto nos muestra una semblanza de Espa\u00f1a y la Comunidad Aut\u00f3noma de Catalu\u00f1a desde los pilares que representan la Lengua, la Literatura y la Historia, que clases dirigentes, pol\u00edticas, intelectuales, empresariales, comunicadores sociales y representantes de la congregaci\u00f3n religiosa cat\u00f3lica en Catalu\u00f1a obvian, inoculando a los espa\u00f1oles de la Comunidad Aut\u00f3noma su desafecci\u00f3n a Espa\u00f1a con fines independentistas, neg\u00e1ndoles el empleo de la lengua castellana o espa\u00f1ola. Brinda una perspectiva de los v\u00ednculos de Catalu\u00f1a como condado, reino o principado con la Corona de Arag\u00f3n; la Corona de Castilla y Arag\u00f3n y el reino de Espa\u00f1a; as\u00ed como de las actitudes de \u00e9lites dirigentes catalanas que no cesan en el curso de la historia de plantear al Estado afrentas separatistas. El autor hace un an\u00e1lisis cr\u00edtico al comportamiento de dirigentes pol\u00edticos de \u00e1mbito nacional durante el per\u00edodo democr\u00e1tico que han mantenido \u2014y prosiguen en su empe\u00f1o\u2014 actitudes y acciones de tolerancia y hasta de connivencia con esas proclamas con pretensiones de quebrar la cohesi\u00f3n territorial de la bimilenaria naci\u00f3n espa\u00f1ola.<\/p>\n","protected":false},"excerpt":{"rendered":"<p><strong>ISBN<\/strong>: 978-84-1144-933-5<\/p>\n<p><strong>SINOPSIS<\/strong><\/p>\n<p>El texto nos muestra una semblanza de Espa\u00f1a y la Comunidad Aut\u00f3noma de Catalu\u00f1a desde los pilares que representan la Lengua, la Literatura y la Historia, que clases dirigentes, pol\u00edticas, intelectuales, empresariales, comunicadores sociales y representantes de la congregaci\u00f3n religiosa cat\u00f3lica en Catalu\u00f1a obvian, inoculando a los espa\u00f1oles de la Comunidad Aut\u00f3noma su desafecci\u00f3n a Espa\u00f1a con fines independentistas, neg\u00e1ndoles el empleo de la lengua castellana o espa\u00f1ola. Brinda una perspectiva de los v\u00ednculos de Catalu\u00f1a como condado, reino o principado con la Corona de Arag\u00f3n; la Corona de Castilla y Arag\u00f3n y el reino de Espa\u00f1a; as\u00ed como de las actitudes de \u00e9lites dirigentes catalanas que no cesan en el curso de la historia de plantear al Estado afrentas separatistas. El autor hace un an\u00e1lisis cr\u00edtico al comportamiento de dirigentes pol\u00edticos de \u00e1mbito nacional durante el per\u00edodo democr\u00e1tico que han mantenido \u2014y prosiguen en su empe\u00f1o\u2014 actitudes y acciones de tolerancia y hasta de connivencia con esas proclamas con pretensiones de quebrar la cohesi\u00f3n territorial de la bimilenaria naci\u00f3n espa\u00f1ola.<\/p>\n","protected":false},"featured_media":100442,"comment_status":"closed","ping_status":"closed","template":"","meta":{"_acf_changed":false},"libro":[],"product_brand":[],"product_cat":[16],"product_tag":[],"class_list":{"0":"post-98979","1":"product","2":"type-product","3":"status-publish","4":"has-post-thumbnail","6":"product_cat-novela","8":"first","9":"instock","10":"product-type-simple"},"acf":{"autor":[77376],"enlace_de_compra":"https:\/\/www.amazon.es\/Espa%C3%B1a-comunidad-aut%C3%B3noma-Catalu%C3%B1a-Novela\/dp\/8411449335\/"},"yoast_head":"<!-- This site is optimized with the Yoast SEO plugin v27.4 - https:\/\/yoast.com\/product\/yoast-seo-wordpress\/ -->\n<title>Espa\u00f1a y la comunidad aut\u00f3noma de Catalu\u00f1a - Catalogo | Letrame Grupo Editorial<\/title>\n<meta name=\"robots\" content=\"index, follow, max-snippet:-1, max-image-preview:large, max-video-preview:-1\" \/>\n<link rel=\"canonical\" href=\"https:\/\/letrame.com\/catalogo\/producto\/espana-y-la-comunidad-autonoma-de-cataluna\/\" \/>\n<meta property=\"og:locale\" content=\"es_ES\" \/>\n<meta property=\"og:type\" content=\"article\" \/>\n<meta property=\"og:title\" content=\"Espa\u00f1a y la comunidad aut\u00f3noma de Catalu\u00f1a - Catalogo | Letrame Grupo Editorial\" \/>\n<meta property=\"og:description\" content=\"ISBN: 978-84-1144-933-5  SINOPSIS  El texto nos muestra una semblanza de Espa\u00f1a y la Comunidad Aut\u00f3noma de Catalu\u00f1a desde los pilares que representan la Lengua, la Literatura y la Historia, que clases dirigentes, pol\u00edticas, intelectuales, empresariales, comunicadores sociales y representantes de la congregaci\u00f3n religiosa cat\u00f3lica en Catalu\u00f1a obvian, inoculando a los espa\u00f1oles de la Comunidad Aut\u00f3noma su desafecci\u00f3n a Espa\u00f1a con fines independentistas, neg\u00e1ndoles el empleo de la lengua castellana o espa\u00f1ola. Brinda una perspectiva de los v\u00ednculos de Catalu\u00f1a como condado, reino o principado con la Corona de Arag\u00f3n; la Corona de Castilla y Arag\u00f3n y el reino de Espa\u00f1a; as\u00ed como de las actitudes de \u00e9lites dirigentes catalanas que no cesan en el curso de la historia de plantear al Estado afrentas separatistas. El autor hace un an\u00e1lisis cr\u00edtico al comportamiento de dirigentes pol\u00edticos de \u00e1mbito nacional durante el per\u00edodo democr\u00e1tico que han mantenido \u2014y prosiguen en su empe\u00f1o\u2014 actitudes y acciones de tolerancia y hasta de connivencia con esas proclamas con pretensiones de quebrar la cohesi\u00f3n territorial de la bimilenaria naci\u00f3n espa\u00f1ola.\" \/>\n<meta property=\"og:url\" content=\"https:\/\/letrame.com\/catalogo\/producto\/espana-y-la-comunidad-autonoma-de-cataluna\/\" \/>\n<meta property=\"og:site_name\" content=\"Catalogo | Letrame Grupo Editorial\" \/>\n<meta property=\"article:modified_time\" content=\"2024-05-16T14:50:33+00:00\" \/>\n<meta property=\"og:image\" content=\"https:\/\/letrame.com\/catalogo\/wp-content\/uploads\/2024\/04\/web_portadaespanaylacomunidadautonomadecataluna_2339-compressed-scaled-1.webp\" \/>\n\t<meta property=\"og:image:width\" content=\"1746\" \/>\n\t<meta property=\"og:image:height\" content=\"2560\" \/>\n\t<meta property=\"og:image:type\" content=\"image\/webp\" \/>\n<meta name=\"twitter:card\" content=\"summary_large_image\" \/>\n<meta name=\"twitter:label1\" content=\"Tiempo de lectura\" \/>\n\t<meta name=\"twitter:data1\" content=\"2 minutos\" \/>\n<script type=\"application\/ld+json\" class=\"yoast-schema-graph\">{\"@context\":\"https:\\\/\\\/schema.org\",\"@graph\":[{\"@type\":\"WebPage\",\"@id\":\"https:\\\/\\\/letrame.com\\\/catalogo\\\/producto\\\/espana-y-la-comunidad-autonoma-de-cataluna\\\/\",\"url\":\"https:\\\/\\\/letrame.com\\\/catalogo\\\/producto\\\/espana-y-la-comunidad-autonoma-de-cataluna\\\/\",\"name\":\"Espa\u00f1a y la comunidad aut\u00f3noma de Catalu\u00f1a - Catalogo | Letrame Grupo Editorial\",\"isPartOf\":{\"@id\":\"https:\\\/\\\/letrame.com\\\/catalogo\\\/#website\"},\"primaryImageOfPage\":{\"@id\":\"https:\\\/\\\/letrame.com\\\/catalogo\\\/producto\\\/espana-y-la-comunidad-autonoma-de-cataluna\\\/#primaryimage\"},\"image\":{\"@id\":\"https:\\\/\\\/letrame.com\\\/catalogo\\\/producto\\\/espana-y-la-comunidad-autonoma-de-cataluna\\\/#primaryimage\"},\"thumbnailUrl\":\"https:\\\/\\\/letrame.com\\\/catalogo\\\/wp-content\\\/uploads\\\/2024\\\/04\\\/web_portadaespanaylacomunidadautonomadecataluna_2339-compressed-scaled-1.webp\",\"datePublished\":\"2024-04-29T13:33:00+00:00\",\"dateModified\":\"2024-05-16T14:50:33+00:00\",\"breadcrumb\":{\"@id\":\"https:\\\/\\\/letrame.com\\\/catalogo\\\/producto\\\/espana-y-la-comunidad-autonoma-de-cataluna\\\/#breadcrumb\"},\"inLanguage\":\"es\",\"potentialAction\":[{\"@type\":\"ReadAction\",\"target\":[\"https:\\\/\\\/letrame.com\\\/catalogo\\\/producto\\\/espana-y-la-comunidad-autonoma-de-cataluna\\\/\"]}]},{\"@type\":\"ImageObject\",\"inLanguage\":\"es\",\"@id\":\"https:\\\/\\\/letrame.com\\\/catalogo\\\/producto\\\/espana-y-la-comunidad-autonoma-de-cataluna\\\/#primaryimage\",\"url\":\"https:\\\/\\\/letrame.com\\\/catalogo\\\/wp-content\\\/uploads\\\/2024\\\/04\\\/web_portadaespanaylacomunidadautonomadecataluna_2339-compressed-scaled-1.webp\",\"contentUrl\":\"https:\\\/\\\/letrame.com\\\/catalogo\\\/wp-content\\\/uploads\\\/2024\\\/04\\\/web_portadaespanaylacomunidadautonomadecataluna_2339-compressed-scaled-1.webp\",\"width\":1746,\"height\":2560},{\"@type\":\"BreadcrumbList\",\"@id\":\"https:\\\/\\\/letrame.com\\\/catalogo\\\/producto\\\/espana-y-la-comunidad-autonoma-de-cataluna\\\/#breadcrumb\",\"itemListElement\":[{\"@type\":\"ListItem\",\"position\":1,\"name\":\"Portada\",\"item\":\"https:\\\/\\\/letrame.com\\\/catalogo\\\/\"},{\"@type\":\"ListItem\",\"position\":2,\"name\":\"Cat\u00e1logo\",\"item\":\"https:\\\/\\\/letrame.com\\\/catalogo\\\/\"},{\"@type\":\"ListItem\",\"position\":3,\"name\":\"Espa\u00f1a y la comunidad aut\u00f3noma de Catalu\u00f1a\"}]},{\"@type\":\"WebSite\",\"@id\":\"https:\\\/\\\/letrame.com\\\/catalogo\\\/#website\",\"url\":\"https:\\\/\\\/letrame.com\\\/catalogo\\\/\",\"name\":\"Catalogo | Letrame Grupo Editorial\",\"description\":\"\",\"publisher\":{\"@id\":\"https:\\\/\\\/letrame.com\\\/catalogo\\\/#organization\"},\"potentialAction\":[{\"@type\":\"SearchAction\",\"target\":{\"@type\":\"EntryPoint\",\"urlTemplate\":\"https:\\\/\\\/letrame.com\\\/catalogo\\\/?s={search_term_string}\"},\"query-input\":{\"@type\":\"PropertyValueSpecification\",\"valueRequired\":true,\"valueName\":\"search_term_string\"}}],\"inLanguage\":\"es\"},{\"@type\":\"Organization\",\"@id\":\"https:\\\/\\\/letrame.com\\\/catalogo\\\/#organization\",\"name\":\"Catalogo | Letrame Grupo Editorial\",\"url\":\"https:\\\/\\\/letrame.com\\\/catalogo\\\/\",\"logo\":{\"@type\":\"ImageObject\",\"inLanguage\":\"es\",\"@id\":\"https:\\\/\\\/letrame.com\\\/catalogo\\\/#\\\/schema\\\/logo\\\/image\\\/\",\"url\":\"https:\\\/\\\/letrame.com\\\/catalogo\\\/wp-content\\\/uploads\\\/2024\\\/03\\\/logo2.webp\",\"contentUrl\":\"https:\\\/\\\/letrame.com\\\/catalogo\\\/wp-content\\\/uploads\\\/2024\\\/03\\\/logo2.webp\",\"width\":394,\"height\":128,\"caption\":\"Catalogo | Letrame Grupo Editorial\"},\"image\":{\"@id\":\"https:\\\/\\\/letrame.com\\\/catalogo\\\/#\\\/schema\\\/logo\\\/image\\\/\"}}]}<\/script>\n<!-- \/ Yoast SEO plugin. -->","yoast_head_json":{"title":"Espa\u00f1a y la comunidad aut\u00f3noma de Catalu\u00f1a - Catalogo | Letrame Grupo Editorial","robots":{"index":"index","follow":"follow","max-snippet":"max-snippet:-1","max-image-preview":"max-image-preview:large","max-video-preview":"max-video-preview:-1"},"canonical":"https:\/\/letrame.com\/catalogo\/producto\/espana-y-la-comunidad-autonoma-de-cataluna\/","og_locale":"es_ES","og_type":"article","og_title":"Espa\u00f1a y la comunidad aut\u00f3noma de Catalu\u00f1a - Catalogo | Letrame Grupo Editorial","og_description":"ISBN: 978-84-1144-933-5  SINOPSIS  El texto nos muestra una semblanza de Espa\u00f1a y la Comunidad Aut\u00f3noma de Catalu\u00f1a desde los pilares que representan la Lengua, la Literatura y la Historia, que clases dirigentes, pol\u00edticas, intelectuales, empresariales, comunicadores sociales y representantes de la congregaci\u00f3n religiosa cat\u00f3lica en Catalu\u00f1a obvian, inoculando a los espa\u00f1oles de la Comunidad Aut\u00f3noma su desafecci\u00f3n a Espa\u00f1a con fines independentistas, neg\u00e1ndoles el empleo de la lengua castellana o espa\u00f1ola. Brinda una perspectiva de los v\u00ednculos de Catalu\u00f1a como condado, reino o principado con la Corona de Arag\u00f3n; la Corona de Castilla y Arag\u00f3n y el reino de Espa\u00f1a; as\u00ed como de las actitudes de \u00e9lites dirigentes catalanas que no cesan en el curso de la historia de plantear al Estado afrentas separatistas. El autor hace un an\u00e1lisis cr\u00edtico al comportamiento de dirigentes pol\u00edticos de \u00e1mbito nacional durante el per\u00edodo democr\u00e1tico que han mantenido \u2014y prosiguen en su empe\u00f1o\u2014 actitudes y acciones de tolerancia y hasta de connivencia con esas proclamas con pretensiones de quebrar la cohesi\u00f3n territorial de la bimilenaria naci\u00f3n espa\u00f1ola.","og_url":"https:\/\/letrame.com\/catalogo\/producto\/espana-y-la-comunidad-autonoma-de-cataluna\/","og_site_name":"Catalogo | Letrame Grupo Editorial","article_modified_time":"2024-05-16T14:50:33+00:00","og_image":[{"width":1746,"height":2560,"url":"https:\/\/letrame.com\/catalogo\/wp-content\/uploads\/2024\/04\/web_portadaespanaylacomunidadautonomadecataluna_2339-compressed-scaled-1.webp","type":"image\/webp"}],"twitter_card":"summary_large_image","twitter_misc":{"Tiempo de lectura":"2 minutos"},"schema":{"@context":"https:\/\/schema.org","@graph":[{"@type":"WebPage","@id":"https:\/\/letrame.com\/catalogo\/producto\/espana-y-la-comunidad-autonoma-de-cataluna\/","url":"https:\/\/letrame.com\/catalogo\/producto\/espana-y-la-comunidad-autonoma-de-cataluna\/","name":"Espa\u00f1a y la comunidad aut\u00f3noma de Catalu\u00f1a - Catalogo | Letrame Grupo Editorial","isPartOf":{"@id":"https:\/\/letrame.com\/catalogo\/#website"},"primaryImageOfPage":{"@id":"https:\/\/letrame.com\/catalogo\/producto\/espana-y-la-comunidad-autonoma-de-cataluna\/#primaryimage"},"image":{"@id":"https:\/\/letrame.com\/catalogo\/producto\/espana-y-la-comunidad-autonoma-de-cataluna\/#primaryimage"},"thumbnailUrl":"https:\/\/letrame.com\/catalogo\/wp-content\/uploads\/2024\/04\/web_portadaespanaylacomunidadautonomadecataluna_2339-compressed-scaled-1.webp","datePublished":"2024-04-29T13:33:00+00:00","dateModified":"2024-05-16T14:50:33+00:00","breadcrumb":{"@id":"https:\/\/letrame.com\/catalogo\/producto\/espana-y-la-comunidad-autonoma-de-cataluna\/#breadcrumb"},"inLanguage":"es","potentialAction":[{"@type":"ReadAction","target":["https:\/\/letrame.com\/catalogo\/producto\/espana-y-la-comunidad-autonoma-de-cataluna\/"]}]},{"@type":"ImageObject","inLanguage":"es","@id":"https:\/\/letrame.com\/catalogo\/producto\/espana-y-la-comunidad-autonoma-de-cataluna\/#primaryimage","url":"https:\/\/letrame.com\/catalogo\/wp-content\/uploads\/2024\/04\/web_portadaespanaylacomunidadautonomadecataluna_2339-compressed-scaled-1.webp","contentUrl":"https:\/\/letrame.com\/catalogo\/wp-content\/uploads\/2024\/04\/web_portadaespanaylacomunidadautonomadecataluna_2339-compressed-scaled-1.webp","width":1746,"height":2560},{"@type":"BreadcrumbList","@id":"https:\/\/letrame.com\/catalogo\/producto\/espana-y-la-comunidad-autonoma-de-cataluna\/#breadcrumb","itemListElement":[{"@type":"ListItem","position":1,"name":"Portada","item":"https:\/\/letrame.com\/catalogo\/"},{"@type":"ListItem","position":2,"name":"Cat\u00e1logo","item":"https:\/\/letrame.com\/catalogo\/"},{"@type":"ListItem","position":3,"name":"Espa\u00f1a y la comunidad aut\u00f3noma de Catalu\u00f1a"}]},{"@type":"WebSite","@id":"https:\/\/letrame.com\/catalogo\/#website","url":"https:\/\/letrame.com\/catalogo\/","name":"Catalogo | Letrame Grupo Editorial","description":"","publisher":{"@id":"https:\/\/letrame.com\/catalogo\/#organization"},"potentialAction":[{"@type":"SearchAction","target":{"@type":"EntryPoint","urlTemplate":"https:\/\/letrame.com\/catalogo\/?s={search_term_string}"},"query-input":{"@type":"PropertyValueSpecification","valueRequired":true,"valueName":"search_term_string"}}],"inLanguage":"es"},{"@type":"Organization","@id":"https:\/\/letrame.com\/catalogo\/#organization","name":"Catalogo | Letrame Grupo Editorial","url":"https:\/\/letrame.com\/catalogo\/","logo":{"@type":"ImageObject","inLanguage":"es","@id":"https:\/\/letrame.com\/catalogo\/#\/schema\/logo\/image\/","url":"https:\/\/letrame.com\/catalogo\/wp-content\/uploads\/2024\/03\/logo2.webp","contentUrl":"https:\/\/letrame.com\/catalogo\/wp-content\/uploads\/2024\/03\/logo2.webp","width":394,"height":128,"caption":"Catalogo | Letrame Grupo Editorial"},"image":{"@id":"https:\/\/letrame.com\/catalogo\/#\/schema\/logo\/image\/"}}]}},"_links":{"self":[{"href":"https:\/\/letrame.com\/catalogo\/wp-json\/wp\/v2\/product\/98979","targetHints":{"allow":["GET"]}}],"collection":[{"href":"https:\/\/letrame.com\/catalogo\/wp-json\/wp\/v2\/product"}],"about":[{"href":"https:\/\/letrame.com\/catalogo\/wp-json\/wp\/v2\/types\/product"}],"replies":[{"embeddable":true,"href":"https:\/\/letrame.com\/catalogo\/wp-json\/wp\/v2\/comments?post=98979"}],"acf:post":[{"embeddable":true,"href":"https:\/\/letrame.com\/catalogo\/wp-json\/wp\/v2\/author_book\/77376"}],"wp:featuredmedia":[{"embeddable":true,"href":"https:\/\/letrame.com\/catalogo\/wp-json\/wp\/v2\/media\/100442"}],"wp:attachment":[{"href":"https:\/\/letrame.com\/catalogo\/wp-json\/wp\/v2\/media?parent=98979"}],"wp:term":[{"taxonomy":"libro","embeddable":true,"href":"https:\/\/letrame.com\/catalogo\/wp-json\/wp\/v2\/libro?post=98979"},{"taxonomy":"product_brand","embeddable":true,"href":"https:\/\/letrame.com\/catalogo\/wp-json\/wp\/v2\/product_brand?post=98979"},{"taxonomy":"product_cat","embeddable":true,"href":"https:\/\/letrame.com\/catalogo\/wp-json\/wp\/v2\/product_cat?post=98979"},{"taxonomy":"product_tag","embeddable":true,"href":"https:\/\/letrame.com\/catalogo\/wp-json\/wp\/v2\/product_tag?post=98979"}],"curies":[{"name":"wp","href":"https:\/\/api.w.org\/{rel}","templated":true}]}}