{"id":98966,"date":"2024-04-29T15:31:44","date_gmt":"2024-04-29T13:31:44","guid":{"rendered":"https:\/\/letrame.com\/catalogo\/producto\/por-si-me-pierdo\/"},"modified":"2024-04-29T15:31:45","modified_gmt":"2024-04-29T13:31:45","slug":"por-si-me-pierdo","status":"publish","type":"product","link":"https:\/\/letrame.com\/catalogo\/producto\/por-si-me-pierdo\/","title":{"rendered":"Por si me pierdo"},"content":{"rendered":"<p><strong>ISBN<\/strong>: 978-84-1144-954-0<\/p>\n<p><strong>T\u00edtulo<\/strong>: <span data-sheets-value=\"{&quot;1&quot;:2,&quot;2&quot;:&quot;Por si me pierdo&quot;}\" data-sheets-userformat=\"{&quot;2&quot;:515,&quot;3&quot;:{&quot;1&quot;:0},&quot;4&quot;:{&quot;1&quot;:2,&quot;2&quot;:14281427},&quot;12&quot;:0}\">Por si me pierdo<\/span><br \/>\n<strong>Fecha<\/strong>: 2023<br \/>\n<strong>P\u00e1ginas<\/strong>: 160<\/p>\n<p><strong>SINOPSIS<\/strong><\/p>\n<p>Imagina por un momento que el miedo ya no representa una barrera en tu vida. Este es el punto de partida que alent\u00f3 la necesidad de un cambio en Laura. Una mujer que, tras muchos a\u00f1os paralizada por las dudas y los miedos, un d\u00eda descubre que est\u00e1 atrapada en una vida en la que ya no es feliz: una vida que no es la suya. Y, \u00bfc\u00f3mo no perder la cabeza ante esta tesitura?<\/p>\n<p>&nbsp;<\/p>\n<p>Basada en hechos reales, <em>Por si me pierdo<\/em> es una novela inspiradora que demuestra c\u00f3mo cualquiera que haya sido preso de los prejuicios y los temores cotidianos puede volver a sentirse libre a trav\u00e9s del autoconocimiento y el crecimiento personal.<\/p>\n<p>&nbsp;<\/p>\n<p>Las islas de Lanzarote y Sri Lanka son el escenario principal de la senda que Laura comienza a recorrer. Atreverse a transitar sola ese camino es la \u00fanica forma de averiguar qui\u00e9n es en realidad. Y aunque ella todav\u00eda no lo sepa, es un viaje que no terminar\u00e1 jam\u00e1s; porque, como el arco\u00edris, no tiene fin el itinerario hacia una misma.<\/p>\n","protected":false},"excerpt":{"rendered":"<p><strong>ISBN<\/strong>: 978-84-1144-954-0<\/p>\n<p><strong>SINOPSIS<\/strong><\/p>\n<p>Imagina por un momento que el miedo ya no representa una barrera en tu vida. Este es el punto de partida que alent\u00f3 la necesidad de un cambio en Laura. Una mujer que, tras muchos a\u00f1os paralizada por las dudas y los miedos, un d\u00eda descubre que est\u00e1 atrapada en una vida en la que ya no es feliz: una vida que no es la suya. Y, \u00bfc\u00f3mo no perder la cabeza ante esta tesitura?<\/p>\n<p>&nbsp;<\/p>\n<p>Basada en hechos reales, <em>Por si me pierdo<\/em> es una novela inspiradora que demuestra c\u00f3mo cualquiera que haya sido preso de los prejuicios y los temores cotidianos puede volver a sentirse libre a trav\u00e9s del autoconocimiento y el crecimiento personal.<\/p>\n<p>&nbsp;<\/p>\n<p>Las islas de Lanzarote y Sri Lanka son el escenario principal de la senda que Laura comienza a recorrer. Atreverse a transitar sola ese camino es la \u00fanica forma de averiguar qui\u00e9n es en realidad. Y aunque ella todav\u00eda no lo sepa, es un viaje que no terminar\u00e1 jam\u00e1s; porque, como el arco\u00edris, no tiene fin el itinerario hacia una misma.<\/p>\n","protected":false},"featured_media":98967,"comment_status":"closed","ping_status":"open","template":"","meta":{"_acf_changed":false},"libro":[],"product_brand":[],"product_cat":[26],"product_tag":[],"class_list":{"0":"post-98966","1":"product","2":"type-product","3":"status-publish","4":"has-post-thumbnail","6":"product_cat-sin-categoria","8":"first","9":"instock","10":"product-type-simple"},"acf":{"autor":[77362],"enlace_de_compra":"https:\/\/www.amazon.es\/Por-pierdo-Alba-S%C3%A1nchez-Benito\/dp\/8411449548\/"},"yoast_head":"<!-- This site is optimized with the Yoast SEO plugin v27.4 - https:\/\/yoast.com\/product\/yoast-seo-wordpress\/ -->\n<title>Por si me pierdo - Catalogo | Letrame Grupo Editorial<\/title>\n<meta name=\"robots\" content=\"index, follow, max-snippet:-1, max-image-preview:large, max-video-preview:-1\" \/>\n<link rel=\"canonical\" href=\"https:\/\/letrame.com\/catalogo\/producto\/por-si-me-pierdo\/\" \/>\n<meta property=\"og:locale\" content=\"es_ES\" \/>\n<meta property=\"og:type\" content=\"article\" \/>\n<meta property=\"og:title\" content=\"Por si me pierdo - Catalogo | Letrame Grupo Editorial\" \/>\n<meta property=\"og:description\" content=\"ISBN: 978-84-1144-954-0 SINOPSIS Imagina por un momento que el miedo ya no representa una barrera en tu vida. Este es el punto de partida que alent\u00f3 la necesidad de un cambio en Laura. Una mujer que, tras muchos a\u00f1os paralizada por las dudas y los miedos, un d\u00eda descubre que est\u00e1 atrapada en una vida en la que ya no es feliz: una vida que no es la suya. Y, \u00bfc\u00f3mo no perder la cabeza ante esta tesitura? &nbsp; Basada en hechos reales, Por si me pierdo es una novela inspiradora que demuestra c\u00f3mo cualquiera que haya sido preso de los prejuicios y los temores cotidianos puede volver a sentirse libre a trav\u00e9s del autoconocimiento y el crecimiento personal. &nbsp; Las islas de Lanzarote y Sri Lanka son el escenario principal de la senda que Laura comienza a recorrer. Atreverse a transitar sola ese camino es la \u00fanica forma de averiguar qui\u00e9n es en realidad. Y aunque ella todav\u00eda no lo sepa, es un viaje que no terminar\u00e1 jam\u00e1s; porque, como el arco\u00edris, no tiene fin el itinerario hacia una misma.\" \/>\n<meta property=\"og:url\" content=\"https:\/\/letrame.com\/catalogo\/producto\/por-si-me-pierdo\/\" \/>\n<meta property=\"og:site_name\" content=\"Catalogo | Letrame Grupo Editorial\" \/>\n<meta property=\"article:modified_time\" content=\"2024-04-29T13:31:45+00:00\" \/>\n<meta property=\"og:image\" content=\"https:\/\/letrame.com\/catalogo\/wp-content\/uploads\/2024\/04\/web_portadaporsimepierdo_848mm-1-compressed-1.jpg\" \/>\n\t<meta property=\"og:image:width\" content=\"601\" \/>\n\t<meta property=\"og:image:height\" content=\"841\" \/>\n\t<meta property=\"og:image:type\" content=\"image\/jpeg\" \/>\n<meta name=\"twitter:card\" content=\"summary_large_image\" \/>\n<meta name=\"twitter:label1\" content=\"Tiempo de lectura\" \/>\n\t<meta name=\"twitter:data1\" content=\"1 minuto\" \/>\n<script type=\"application\/ld+json\" class=\"yoast-schema-graph\">{\"@context\":\"https:\\\/\\\/schema.org\",\"@graph\":[{\"@type\":\"WebPage\",\"@id\":\"https:\\\/\\\/letrame.com\\\/catalogo\\\/producto\\\/por-si-me-pierdo\\\/\",\"url\":\"https:\\\/\\\/letrame.com\\\/catalogo\\\/producto\\\/por-si-me-pierdo\\\/\",\"name\":\"Por si me pierdo - Catalogo | Letrame Grupo Editorial\",\"isPartOf\":{\"@id\":\"https:\\\/\\\/letrame.com\\\/catalogo\\\/#website\"},\"primaryImageOfPage\":{\"@id\":\"https:\\\/\\\/letrame.com\\\/catalogo\\\/producto\\\/por-si-me-pierdo\\\/#primaryimage\"},\"image\":{\"@id\":\"https:\\\/\\\/letrame.com\\\/catalogo\\\/producto\\\/por-si-me-pierdo\\\/#primaryimage\"},\"thumbnailUrl\":\"https:\\\/\\\/letrame.com\\\/catalogo\\\/wp-content\\\/uploads\\\/2024\\\/04\\\/web_portadaporsimepierdo_848mm-1-compressed-1.jpg\",\"datePublished\":\"2024-04-29T13:31:44+00:00\",\"dateModified\":\"2024-04-29T13:31:45+00:00\",\"breadcrumb\":{\"@id\":\"https:\\\/\\\/letrame.com\\\/catalogo\\\/producto\\\/por-si-me-pierdo\\\/#breadcrumb\"},\"inLanguage\":\"es\",\"potentialAction\":[{\"@type\":\"ReadAction\",\"target\":[\"https:\\\/\\\/letrame.com\\\/catalogo\\\/producto\\\/por-si-me-pierdo\\\/\"]}]},{\"@type\":\"ImageObject\",\"inLanguage\":\"es\",\"@id\":\"https:\\\/\\\/letrame.com\\\/catalogo\\\/producto\\\/por-si-me-pierdo\\\/#primaryimage\",\"url\":\"https:\\\/\\\/letrame.com\\\/catalogo\\\/wp-content\\\/uploads\\\/2024\\\/04\\\/web_portadaporsimepierdo_848mm-1-compressed-1.jpg\",\"contentUrl\":\"https:\\\/\\\/letrame.com\\\/catalogo\\\/wp-content\\\/uploads\\\/2024\\\/04\\\/web_portadaporsimepierdo_848mm-1-compressed-1.jpg\",\"width\":601,\"height\":841},{\"@type\":\"BreadcrumbList\",\"@id\":\"https:\\\/\\\/letrame.com\\\/catalogo\\\/producto\\\/por-si-me-pierdo\\\/#breadcrumb\",\"itemListElement\":[{\"@type\":\"ListItem\",\"position\":1,\"name\":\"Portada\",\"item\":\"https:\\\/\\\/letrame.com\\\/catalogo\\\/\"},{\"@type\":\"ListItem\",\"position\":2,\"name\":\"Cat\u00e1logo\",\"item\":\"https:\\\/\\\/letrame.com\\\/catalogo\\\/\"},{\"@type\":\"ListItem\",\"position\":3,\"name\":\"Por si me pierdo\"}]},{\"@type\":\"WebSite\",\"@id\":\"https:\\\/\\\/letrame.com\\\/catalogo\\\/#website\",\"url\":\"https:\\\/\\\/letrame.com\\\/catalogo\\\/\",\"name\":\"Catalogo | Letrame Grupo Editorial\",\"description\":\"\",\"publisher\":{\"@id\":\"https:\\\/\\\/letrame.com\\\/catalogo\\\/#organization\"},\"potentialAction\":[{\"@type\":\"SearchAction\",\"target\":{\"@type\":\"EntryPoint\",\"urlTemplate\":\"https:\\\/\\\/letrame.com\\\/catalogo\\\/?s={search_term_string}\"},\"query-input\":{\"@type\":\"PropertyValueSpecification\",\"valueRequired\":true,\"valueName\":\"search_term_string\"}}],\"inLanguage\":\"es\"},{\"@type\":\"Organization\",\"@id\":\"https:\\\/\\\/letrame.com\\\/catalogo\\\/#organization\",\"name\":\"Catalogo | Letrame Grupo Editorial\",\"url\":\"https:\\\/\\\/letrame.com\\\/catalogo\\\/\",\"logo\":{\"@type\":\"ImageObject\",\"inLanguage\":\"es\",\"@id\":\"https:\\\/\\\/letrame.com\\\/catalogo\\\/#\\\/schema\\\/logo\\\/image\\\/\",\"url\":\"https:\\\/\\\/letrame.com\\\/catalogo\\\/wp-content\\\/uploads\\\/2024\\\/03\\\/logo2.webp\",\"contentUrl\":\"https:\\\/\\\/letrame.com\\\/catalogo\\\/wp-content\\\/uploads\\\/2024\\\/03\\\/logo2.webp\",\"width\":394,\"height\":128,\"caption\":\"Catalogo | Letrame Grupo Editorial\"},\"image\":{\"@id\":\"https:\\\/\\\/letrame.com\\\/catalogo\\\/#\\\/schema\\\/logo\\\/image\\\/\"}}]}<\/script>\n<!-- \/ Yoast SEO plugin. -->","yoast_head_json":{"title":"Por si me pierdo - Catalogo | Letrame Grupo Editorial","robots":{"index":"index","follow":"follow","max-snippet":"max-snippet:-1","max-image-preview":"max-image-preview:large","max-video-preview":"max-video-preview:-1"},"canonical":"https:\/\/letrame.com\/catalogo\/producto\/por-si-me-pierdo\/","og_locale":"es_ES","og_type":"article","og_title":"Por si me pierdo - Catalogo | Letrame Grupo Editorial","og_description":"ISBN: 978-84-1144-954-0 SINOPSIS Imagina por un momento que el miedo ya no representa una barrera en tu vida. Este es el punto de partida que alent\u00f3 la necesidad de un cambio en Laura. Una mujer que, tras muchos a\u00f1os paralizada por las dudas y los miedos, un d\u00eda descubre que est\u00e1 atrapada en una vida en la que ya no es feliz: una vida que no es la suya. Y, \u00bfc\u00f3mo no perder la cabeza ante esta tesitura? &nbsp; Basada en hechos reales, Por si me pierdo es una novela inspiradora que demuestra c\u00f3mo cualquiera que haya sido preso de los prejuicios y los temores cotidianos puede volver a sentirse libre a trav\u00e9s del autoconocimiento y el crecimiento personal. &nbsp; Las islas de Lanzarote y Sri Lanka son el escenario principal de la senda que Laura comienza a recorrer. Atreverse a transitar sola ese camino es la \u00fanica forma de averiguar qui\u00e9n es en realidad. Y aunque ella todav\u00eda no lo sepa, es un viaje que no terminar\u00e1 jam\u00e1s; porque, como el arco\u00edris, no tiene fin el itinerario hacia una misma.","og_url":"https:\/\/letrame.com\/catalogo\/producto\/por-si-me-pierdo\/","og_site_name":"Catalogo | Letrame Grupo Editorial","article_modified_time":"2024-04-29T13:31:45+00:00","og_image":[{"width":601,"height":841,"url":"https:\/\/letrame.com\/catalogo\/wp-content\/uploads\/2024\/04\/web_portadaporsimepierdo_848mm-1-compressed-1.jpg","type":"image\/jpeg"}],"twitter_card":"summary_large_image","twitter_misc":{"Tiempo de lectura":"1 minuto"},"schema":{"@context":"https:\/\/schema.org","@graph":[{"@type":"WebPage","@id":"https:\/\/letrame.com\/catalogo\/producto\/por-si-me-pierdo\/","url":"https:\/\/letrame.com\/catalogo\/producto\/por-si-me-pierdo\/","name":"Por si me pierdo - Catalogo | Letrame Grupo Editorial","isPartOf":{"@id":"https:\/\/letrame.com\/catalogo\/#website"},"primaryImageOfPage":{"@id":"https:\/\/letrame.com\/catalogo\/producto\/por-si-me-pierdo\/#primaryimage"},"image":{"@id":"https:\/\/letrame.com\/catalogo\/producto\/por-si-me-pierdo\/#primaryimage"},"thumbnailUrl":"https:\/\/letrame.com\/catalogo\/wp-content\/uploads\/2024\/04\/web_portadaporsimepierdo_848mm-1-compressed-1.jpg","datePublished":"2024-04-29T13:31:44+00:00","dateModified":"2024-04-29T13:31:45+00:00","breadcrumb":{"@id":"https:\/\/letrame.com\/catalogo\/producto\/por-si-me-pierdo\/#breadcrumb"},"inLanguage":"es","potentialAction":[{"@type":"ReadAction","target":["https:\/\/letrame.com\/catalogo\/producto\/por-si-me-pierdo\/"]}]},{"@type":"ImageObject","inLanguage":"es","@id":"https:\/\/letrame.com\/catalogo\/producto\/por-si-me-pierdo\/#primaryimage","url":"https:\/\/letrame.com\/catalogo\/wp-content\/uploads\/2024\/04\/web_portadaporsimepierdo_848mm-1-compressed-1.jpg","contentUrl":"https:\/\/letrame.com\/catalogo\/wp-content\/uploads\/2024\/04\/web_portadaporsimepierdo_848mm-1-compressed-1.jpg","width":601,"height":841},{"@type":"BreadcrumbList","@id":"https:\/\/letrame.com\/catalogo\/producto\/por-si-me-pierdo\/#breadcrumb","itemListElement":[{"@type":"ListItem","position":1,"name":"Portada","item":"https:\/\/letrame.com\/catalogo\/"},{"@type":"ListItem","position":2,"name":"Cat\u00e1logo","item":"https:\/\/letrame.com\/catalogo\/"},{"@type":"ListItem","position":3,"name":"Por si me pierdo"}]},{"@type":"WebSite","@id":"https:\/\/letrame.com\/catalogo\/#website","url":"https:\/\/letrame.com\/catalogo\/","name":"Catalogo | Letrame Grupo Editorial","description":"","publisher":{"@id":"https:\/\/letrame.com\/catalogo\/#organization"},"potentialAction":[{"@type":"SearchAction","target":{"@type":"EntryPoint","urlTemplate":"https:\/\/letrame.com\/catalogo\/?s={search_term_string}"},"query-input":{"@type":"PropertyValueSpecification","valueRequired":true,"valueName":"search_term_string"}}],"inLanguage":"es"},{"@type":"Organization","@id":"https:\/\/letrame.com\/catalogo\/#organization","name":"Catalogo | Letrame Grupo Editorial","url":"https:\/\/letrame.com\/catalogo\/","logo":{"@type":"ImageObject","inLanguage":"es","@id":"https:\/\/letrame.com\/catalogo\/#\/schema\/logo\/image\/","url":"https:\/\/letrame.com\/catalogo\/wp-content\/uploads\/2024\/03\/logo2.webp","contentUrl":"https:\/\/letrame.com\/catalogo\/wp-content\/uploads\/2024\/03\/logo2.webp","width":394,"height":128,"caption":"Catalogo | Letrame Grupo Editorial"},"image":{"@id":"https:\/\/letrame.com\/catalogo\/#\/schema\/logo\/image\/"}}]}},"_links":{"self":[{"href":"https:\/\/letrame.com\/catalogo\/wp-json\/wp\/v2\/product\/98966","targetHints":{"allow":["GET"]}}],"collection":[{"href":"https:\/\/letrame.com\/catalogo\/wp-json\/wp\/v2\/product"}],"about":[{"href":"https:\/\/letrame.com\/catalogo\/wp-json\/wp\/v2\/types\/product"}],"replies":[{"embeddable":true,"href":"https:\/\/letrame.com\/catalogo\/wp-json\/wp\/v2\/comments?post=98966"}],"acf:post":[{"embeddable":true,"href":"https:\/\/letrame.com\/catalogo\/wp-json\/wp\/v2\/author_book\/77362"}],"wp:featuredmedia":[{"embeddable":true,"href":"https:\/\/letrame.com\/catalogo\/wp-json\/wp\/v2\/media\/98967"}],"wp:attachment":[{"href":"https:\/\/letrame.com\/catalogo\/wp-json\/wp\/v2\/media?parent=98966"}],"wp:term":[{"taxonomy":"libro","embeddable":true,"href":"https:\/\/letrame.com\/catalogo\/wp-json\/wp\/v2\/libro?post=98966"},{"taxonomy":"product_brand","embeddable":true,"href":"https:\/\/letrame.com\/catalogo\/wp-json\/wp\/v2\/product_brand?post=98966"},{"taxonomy":"product_cat","embeddable":true,"href":"https:\/\/letrame.com\/catalogo\/wp-json\/wp\/v2\/product_cat?post=98966"},{"taxonomy":"product_tag","embeddable":true,"href":"https:\/\/letrame.com\/catalogo\/wp-json\/wp\/v2\/product_tag?post=98966"}],"curies":[{"name":"wp","href":"https:\/\/api.w.org\/{rel}","templated":true}]}}