{"id":98928,"date":"2024-04-29T15:29:04","date_gmt":"2024-04-29T13:29:04","guid":{"rendered":"https:\/\/letrame.com\/catalogo\/producto\/el-claustro\/"},"modified":"2024-04-29T15:29:10","modified_gmt":"2024-04-29T13:29:10","slug":"el-claustro","status":"publish","type":"product","link":"https:\/\/letrame.com\/catalogo\/producto\/el-claustro\/","title":{"rendered":"El claustro"},"content":{"rendered":"<p><strong>ISBN<\/strong>: 978-84-1144-922-9<\/p>\n<p><strong>T\u00edtulo<\/strong>: El claustro<\/p>\n<p><strong>Fecha<\/strong>: 2023<br \/>\n<strong>P\u00e1ginas<\/strong>: 238<\/p>\n<p><strong>SINOPSIS<\/strong><\/p>\n<p>Damara Garc\u00eda, una joven de veintipocos a\u00f1os, cumple el sue\u00f1o de toda su vida: trabajar como profesora de Lengua y Literatura en el Colegio Santa Clara, el mismo centro en el que ella estudi\u00f3 de peque\u00f1a. All\u00ed espera reencontrarse con Aurora Altolaguirre, su profesora m\u00e1s querida de la infancia, la que le inculc\u00f3 en sus clases la pasi\u00f3n por la literatura y a la que siente que le debe pr\u00e1cticamente su raz\u00f3n de ser. Sin embargo, Aurora ya no trabaja en el colegio, todos evitan hablar de ella y pronunciar su nombre supone una amenaza. \u00bfPor qu\u00e9 est\u00e1 prohibido hablar de Aurora? \u00bfQu\u00e9 pudo pasarle a una profesora a la que todos amaban para que se marchara sin ni siquiera despedirse de sus alumnos? \u00bfQu\u00e9 oscuros secretos se esconden tras los muros del Santa Clara? Damara intenta por todos los medios descubrir qu\u00e9 ocurri\u00f3 con Aurora Altolaguirre, pero hay algo con lo que no cuenta: \u00bfDe qu\u00e9 manera le afectar\u00e1n a ella misma todas las respuestas que va encontrando?<\/p>\n<p>El claustro es una novela cuyas l\u00edneas est\u00e1n empapadas de una b\u00fasqueda insaciable por conocer la verdad. Es una oda a la pasi\u00f3n, a la justicia y, dig\u00e1moslo tambi\u00e9n, a la dignidad humana.<\/p>\n","protected":false},"excerpt":{"rendered":"<p><strong>ISBN<\/strong>: 978-84-1144-922-9<\/p>\n<p><strong>SINOPSIS<\/strong><\/p>\n<p>Damara Garc\u00eda, una joven de veintipocos a\u00f1os, cumple el sue\u00f1o de toda su vida: trabajar como profesora de Lengua y Literatura en el Colegio Santa Clara, el mismo centro en el que ella estudi\u00f3 de peque\u00f1a. All\u00ed espera reencontrarse con Aurora Altolaguirre, su profesora m\u00e1s querida de la infancia, la que le inculc\u00f3 en sus clases la pasi\u00f3n por la literatura y a la que siente que le debe pr\u00e1cticamente su raz\u00f3n de ser. Sin embargo, Aurora ya no trabaja en el colegio, todos evitan hablar de ella y pronunciar su nombre supone una amenaza. \u00bfPor qu\u00e9 est\u00e1 prohibido hablar de Aurora? \u00bfQu\u00e9 pudo pasarle a una profesora a la que todos amaban para que se marchara sin ni siquiera despedirse de sus alumnos? \u00bfQu\u00e9 oscuros secretos se esconden tras los muros del Santa Clara? Damara intenta por todos los medios descubrir qu\u00e9 ocurri\u00f3 con Aurora Altolaguirre, pero hay algo con lo que no cuenta: \u00bfDe qu\u00e9 manera le afectar\u00e1n a ella misma todas las respuestas que va encontrando?<\/p>\n<p>El claustro es una novela cuyas l\u00edneas est\u00e1n empapadas de una b\u00fasqueda insaciable por conocer la verdad. Es una oda a la pasi\u00f3n, a la justicia y, dig\u00e1moslo tambi\u00e9n, a la dignidad humana.<\/p>\n","protected":false},"featured_media":98929,"comment_status":"closed","ping_status":"open","template":"","meta":{"_acf_changed":false},"libro":[],"product_brand":[],"product_cat":[26],"product_tag":[],"class_list":{"0":"post-98928","1":"product","2":"type-product","3":"status-publish","4":"has-post-thumbnail","6":"product_cat-sin-categoria","8":"first","9":"instock","10":"product-type-simple"},"acf":{"autor":[77335],"enlace_de_compra":"https:\/\/www.amazon.es\/El-claustro-Estefan%C3%ADa-Jim%C3%A9nez-Garc%C3%ADa\/dp\/841144922X\/"},"yoast_head":"<!-- This site is optimized with the Yoast SEO plugin v27.4 - https:\/\/yoast.com\/product\/yoast-seo-wordpress\/ -->\n<title>El claustro - Catalogo | Letrame Grupo Editorial<\/title>\n<meta name=\"robots\" content=\"index, follow, max-snippet:-1, max-image-preview:large, max-video-preview:-1\" \/>\n<link rel=\"canonical\" href=\"https:\/\/letrame.com\/catalogo\/producto\/el-claustro\/\" \/>\n<meta property=\"og:locale\" content=\"es_ES\" \/>\n<meta property=\"og:type\" content=\"article\" \/>\n<meta property=\"og:title\" content=\"El claustro - Catalogo | Letrame Grupo Editorial\" \/>\n<meta property=\"og:description\" content=\"ISBN: 978-84-1144-922-9 SINOPSIS Damara Garc\u00eda, una joven de veintipocos a\u00f1os, cumple el sue\u00f1o de toda su vida: trabajar como profesora de Lengua y Literatura en el Colegio Santa Clara, el mismo centro en el que ella estudi\u00f3 de peque\u00f1a. All\u00ed espera reencontrarse con Aurora Altolaguirre, su profesora m\u00e1s querida de la infancia, la que le inculc\u00f3 en sus clases la pasi\u00f3n por la literatura y a la que siente que le debe pr\u00e1cticamente su raz\u00f3n de ser. Sin embargo, Aurora ya no trabaja en el colegio, todos evitan hablar de ella y pronunciar su nombre supone una amenaza. \u00bfPor qu\u00e9 est\u00e1 prohibido hablar de Aurora? \u00bfQu\u00e9 pudo pasarle a una profesora a la que todos amaban para que se marchara sin ni siquiera despedirse de sus alumnos? \u00bfQu\u00e9 oscuros secretos se esconden tras los muros del Santa Clara? Damara intenta por todos los medios descubrir qu\u00e9 ocurri\u00f3 con Aurora Altolaguirre, pero hay algo con lo que no cuenta: \u00bfDe qu\u00e9 manera le afectar\u00e1n a ella misma todas las respuestas que va encontrando? El claustro es una novela cuyas l\u00edneas est\u00e1n empapadas de una b\u00fasqueda insaciable por conocer la verdad. Es una oda a la pasi\u00f3n, a la justicia y, dig\u00e1moslo tambi\u00e9n, a la dignidad humana.\" \/>\n<meta property=\"og:url\" content=\"https:\/\/letrame.com\/catalogo\/producto\/el-claustro\/\" \/>\n<meta property=\"og:site_name\" content=\"Catalogo | Letrame Grupo Editorial\" \/>\n<meta property=\"article:modified_time\" content=\"2024-04-29T13:29:10+00:00\" \/>\n<meta property=\"og:image\" content=\"https:\/\/letrame.com\/catalogo\/wp-content\/uploads\/2024\/04\/web_portadaelclaustro_1205mm-compressed.jpg\" \/>\n\t<meta property=\"og:image:width\" content=\"601\" \/>\n\t<meta property=\"og:image:height\" content=\"881\" \/>\n\t<meta property=\"og:image:type\" content=\"image\/jpeg\" \/>\n<meta name=\"twitter:card\" content=\"summary_large_image\" \/>\n<meta name=\"twitter:label1\" content=\"Tiempo de lectura\" \/>\n\t<meta name=\"twitter:data1\" content=\"1 minuto\" \/>\n<script type=\"application\/ld+json\" class=\"yoast-schema-graph\">{\"@context\":\"https:\\\/\\\/schema.org\",\"@graph\":[{\"@type\":\"WebPage\",\"@id\":\"https:\\\/\\\/letrame.com\\\/catalogo\\\/producto\\\/el-claustro\\\/\",\"url\":\"https:\\\/\\\/letrame.com\\\/catalogo\\\/producto\\\/el-claustro\\\/\",\"name\":\"El claustro - Catalogo | Letrame Grupo Editorial\",\"isPartOf\":{\"@id\":\"https:\\\/\\\/letrame.com\\\/catalogo\\\/#website\"},\"primaryImageOfPage\":{\"@id\":\"https:\\\/\\\/letrame.com\\\/catalogo\\\/producto\\\/el-claustro\\\/#primaryimage\"},\"image\":{\"@id\":\"https:\\\/\\\/letrame.com\\\/catalogo\\\/producto\\\/el-claustro\\\/#primaryimage\"},\"thumbnailUrl\":\"https:\\\/\\\/letrame.com\\\/catalogo\\\/wp-content\\\/uploads\\\/2024\\\/04\\\/web_portadaelclaustro_1205mm-compressed.jpg\",\"datePublished\":\"2024-04-29T13:29:04+00:00\",\"dateModified\":\"2024-04-29T13:29:10+00:00\",\"breadcrumb\":{\"@id\":\"https:\\\/\\\/letrame.com\\\/catalogo\\\/producto\\\/el-claustro\\\/#breadcrumb\"},\"inLanguage\":\"es\",\"potentialAction\":[{\"@type\":\"ReadAction\",\"target\":[\"https:\\\/\\\/letrame.com\\\/catalogo\\\/producto\\\/el-claustro\\\/\"]}]},{\"@type\":\"ImageObject\",\"inLanguage\":\"es\",\"@id\":\"https:\\\/\\\/letrame.com\\\/catalogo\\\/producto\\\/el-claustro\\\/#primaryimage\",\"url\":\"https:\\\/\\\/letrame.com\\\/catalogo\\\/wp-content\\\/uploads\\\/2024\\\/04\\\/web_portadaelclaustro_1205mm-compressed.jpg\",\"contentUrl\":\"https:\\\/\\\/letrame.com\\\/catalogo\\\/wp-content\\\/uploads\\\/2024\\\/04\\\/web_portadaelclaustro_1205mm-compressed.jpg\",\"width\":601,\"height\":881},{\"@type\":\"BreadcrumbList\",\"@id\":\"https:\\\/\\\/letrame.com\\\/catalogo\\\/producto\\\/el-claustro\\\/#breadcrumb\",\"itemListElement\":[{\"@type\":\"ListItem\",\"position\":1,\"name\":\"Portada\",\"item\":\"https:\\\/\\\/letrame.com\\\/catalogo\\\/\"},{\"@type\":\"ListItem\",\"position\":2,\"name\":\"Cat\u00e1logo\",\"item\":\"https:\\\/\\\/letrame.com\\\/catalogo\\\/\"},{\"@type\":\"ListItem\",\"position\":3,\"name\":\"El claustro\"}]},{\"@type\":\"WebSite\",\"@id\":\"https:\\\/\\\/letrame.com\\\/catalogo\\\/#website\",\"url\":\"https:\\\/\\\/letrame.com\\\/catalogo\\\/\",\"name\":\"Catalogo | Letrame Grupo Editorial\",\"description\":\"\",\"publisher\":{\"@id\":\"https:\\\/\\\/letrame.com\\\/catalogo\\\/#organization\"},\"potentialAction\":[{\"@type\":\"SearchAction\",\"target\":{\"@type\":\"EntryPoint\",\"urlTemplate\":\"https:\\\/\\\/letrame.com\\\/catalogo\\\/?s={search_term_string}\"},\"query-input\":{\"@type\":\"PropertyValueSpecification\",\"valueRequired\":true,\"valueName\":\"search_term_string\"}}],\"inLanguage\":\"es\"},{\"@type\":\"Organization\",\"@id\":\"https:\\\/\\\/letrame.com\\\/catalogo\\\/#organization\",\"name\":\"Catalogo | Letrame Grupo Editorial\",\"url\":\"https:\\\/\\\/letrame.com\\\/catalogo\\\/\",\"logo\":{\"@type\":\"ImageObject\",\"inLanguage\":\"es\",\"@id\":\"https:\\\/\\\/letrame.com\\\/catalogo\\\/#\\\/schema\\\/logo\\\/image\\\/\",\"url\":\"https:\\\/\\\/letrame.com\\\/catalogo\\\/wp-content\\\/uploads\\\/2024\\\/03\\\/logo2.webp\",\"contentUrl\":\"https:\\\/\\\/letrame.com\\\/catalogo\\\/wp-content\\\/uploads\\\/2024\\\/03\\\/logo2.webp\",\"width\":394,\"height\":128,\"caption\":\"Catalogo | Letrame Grupo Editorial\"},\"image\":{\"@id\":\"https:\\\/\\\/letrame.com\\\/catalogo\\\/#\\\/schema\\\/logo\\\/image\\\/\"}}]}<\/script>\n<!-- \/ Yoast SEO plugin. -->","yoast_head_json":{"title":"El claustro - Catalogo | Letrame Grupo Editorial","robots":{"index":"index","follow":"follow","max-snippet":"max-snippet:-1","max-image-preview":"max-image-preview:large","max-video-preview":"max-video-preview:-1"},"canonical":"https:\/\/letrame.com\/catalogo\/producto\/el-claustro\/","og_locale":"es_ES","og_type":"article","og_title":"El claustro - Catalogo | Letrame Grupo Editorial","og_description":"ISBN: 978-84-1144-922-9 SINOPSIS Damara Garc\u00eda, una joven de veintipocos a\u00f1os, cumple el sue\u00f1o de toda su vida: trabajar como profesora de Lengua y Literatura en el Colegio Santa Clara, el mismo centro en el que ella estudi\u00f3 de peque\u00f1a. All\u00ed espera reencontrarse con Aurora Altolaguirre, su profesora m\u00e1s querida de la infancia, la que le inculc\u00f3 en sus clases la pasi\u00f3n por la literatura y a la que siente que le debe pr\u00e1cticamente su raz\u00f3n de ser. Sin embargo, Aurora ya no trabaja en el colegio, todos evitan hablar de ella y pronunciar su nombre supone una amenaza. \u00bfPor qu\u00e9 est\u00e1 prohibido hablar de Aurora? \u00bfQu\u00e9 pudo pasarle a una profesora a la que todos amaban para que se marchara sin ni siquiera despedirse de sus alumnos? \u00bfQu\u00e9 oscuros secretos se esconden tras los muros del Santa Clara? Damara intenta por todos los medios descubrir qu\u00e9 ocurri\u00f3 con Aurora Altolaguirre, pero hay algo con lo que no cuenta: \u00bfDe qu\u00e9 manera le afectar\u00e1n a ella misma todas las respuestas que va encontrando? El claustro es una novela cuyas l\u00edneas est\u00e1n empapadas de una b\u00fasqueda insaciable por conocer la verdad. Es una oda a la pasi\u00f3n, a la justicia y, dig\u00e1moslo tambi\u00e9n, a la dignidad humana.","og_url":"https:\/\/letrame.com\/catalogo\/producto\/el-claustro\/","og_site_name":"Catalogo | Letrame Grupo Editorial","article_modified_time":"2024-04-29T13:29:10+00:00","og_image":[{"width":601,"height":881,"url":"https:\/\/letrame.com\/catalogo\/wp-content\/uploads\/2024\/04\/web_portadaelclaustro_1205mm-compressed.jpg","type":"image\/jpeg"}],"twitter_card":"summary_large_image","twitter_misc":{"Tiempo de lectura":"1 minuto"},"schema":{"@context":"https:\/\/schema.org","@graph":[{"@type":"WebPage","@id":"https:\/\/letrame.com\/catalogo\/producto\/el-claustro\/","url":"https:\/\/letrame.com\/catalogo\/producto\/el-claustro\/","name":"El claustro - Catalogo | Letrame Grupo Editorial","isPartOf":{"@id":"https:\/\/letrame.com\/catalogo\/#website"},"primaryImageOfPage":{"@id":"https:\/\/letrame.com\/catalogo\/producto\/el-claustro\/#primaryimage"},"image":{"@id":"https:\/\/letrame.com\/catalogo\/producto\/el-claustro\/#primaryimage"},"thumbnailUrl":"https:\/\/letrame.com\/catalogo\/wp-content\/uploads\/2024\/04\/web_portadaelclaustro_1205mm-compressed.jpg","datePublished":"2024-04-29T13:29:04+00:00","dateModified":"2024-04-29T13:29:10+00:00","breadcrumb":{"@id":"https:\/\/letrame.com\/catalogo\/producto\/el-claustro\/#breadcrumb"},"inLanguage":"es","potentialAction":[{"@type":"ReadAction","target":["https:\/\/letrame.com\/catalogo\/producto\/el-claustro\/"]}]},{"@type":"ImageObject","inLanguage":"es","@id":"https:\/\/letrame.com\/catalogo\/producto\/el-claustro\/#primaryimage","url":"https:\/\/letrame.com\/catalogo\/wp-content\/uploads\/2024\/04\/web_portadaelclaustro_1205mm-compressed.jpg","contentUrl":"https:\/\/letrame.com\/catalogo\/wp-content\/uploads\/2024\/04\/web_portadaelclaustro_1205mm-compressed.jpg","width":601,"height":881},{"@type":"BreadcrumbList","@id":"https:\/\/letrame.com\/catalogo\/producto\/el-claustro\/#breadcrumb","itemListElement":[{"@type":"ListItem","position":1,"name":"Portada","item":"https:\/\/letrame.com\/catalogo\/"},{"@type":"ListItem","position":2,"name":"Cat\u00e1logo","item":"https:\/\/letrame.com\/catalogo\/"},{"@type":"ListItem","position":3,"name":"El claustro"}]},{"@type":"WebSite","@id":"https:\/\/letrame.com\/catalogo\/#website","url":"https:\/\/letrame.com\/catalogo\/","name":"Catalogo | Letrame Grupo Editorial","description":"","publisher":{"@id":"https:\/\/letrame.com\/catalogo\/#organization"},"potentialAction":[{"@type":"SearchAction","target":{"@type":"EntryPoint","urlTemplate":"https:\/\/letrame.com\/catalogo\/?s={search_term_string}"},"query-input":{"@type":"PropertyValueSpecification","valueRequired":true,"valueName":"search_term_string"}}],"inLanguage":"es"},{"@type":"Organization","@id":"https:\/\/letrame.com\/catalogo\/#organization","name":"Catalogo | Letrame Grupo Editorial","url":"https:\/\/letrame.com\/catalogo\/","logo":{"@type":"ImageObject","inLanguage":"es","@id":"https:\/\/letrame.com\/catalogo\/#\/schema\/logo\/image\/","url":"https:\/\/letrame.com\/catalogo\/wp-content\/uploads\/2024\/03\/logo2.webp","contentUrl":"https:\/\/letrame.com\/catalogo\/wp-content\/uploads\/2024\/03\/logo2.webp","width":394,"height":128,"caption":"Catalogo | Letrame Grupo Editorial"},"image":{"@id":"https:\/\/letrame.com\/catalogo\/#\/schema\/logo\/image\/"}}]}},"_links":{"self":[{"href":"https:\/\/letrame.com\/catalogo\/wp-json\/wp\/v2\/product\/98928","targetHints":{"allow":["GET"]}}],"collection":[{"href":"https:\/\/letrame.com\/catalogo\/wp-json\/wp\/v2\/product"}],"about":[{"href":"https:\/\/letrame.com\/catalogo\/wp-json\/wp\/v2\/types\/product"}],"replies":[{"embeddable":true,"href":"https:\/\/letrame.com\/catalogo\/wp-json\/wp\/v2\/comments?post=98928"}],"acf:post":[{"embeddable":true,"href":"https:\/\/letrame.com\/catalogo\/wp-json\/wp\/v2\/author_book\/77335"}],"wp:featuredmedia":[{"embeddable":true,"href":"https:\/\/letrame.com\/catalogo\/wp-json\/wp\/v2\/media\/98929"}],"wp:attachment":[{"href":"https:\/\/letrame.com\/catalogo\/wp-json\/wp\/v2\/media?parent=98928"}],"wp:term":[{"taxonomy":"libro","embeddable":true,"href":"https:\/\/letrame.com\/catalogo\/wp-json\/wp\/v2\/libro?post=98928"},{"taxonomy":"product_brand","embeddable":true,"href":"https:\/\/letrame.com\/catalogo\/wp-json\/wp\/v2\/product_brand?post=98928"},{"taxonomy":"product_cat","embeddable":true,"href":"https:\/\/letrame.com\/catalogo\/wp-json\/wp\/v2\/product_cat?post=98928"},{"taxonomy":"product_tag","embeddable":true,"href":"https:\/\/letrame.com\/catalogo\/wp-json\/wp\/v2\/product_tag?post=98928"}],"curies":[{"name":"wp","href":"https:\/\/api.w.org\/{rel}","templated":true}]}}