{"id":98631,"date":"2024-04-29T15:14:13","date_gmt":"2024-04-29T13:14:13","guid":{"rendered":"https:\/\/letrame.com\/catalogo\/producto\/5-aout-1939\/"},"modified":"2024-04-29T15:14:19","modified_gmt":"2024-04-29T13:14:19","slug":"5-aout-1939","status":"publish","type":"product","link":"https:\/\/letrame.com\/catalogo\/producto\/5-aout-1939\/","title":{"rendered":"5 Aout 1939"},"content":{"rendered":"<p><strong>ISBN<\/strong>: 978-84-1144-678-5<\/p>\n<p><strong>T\u00edtulo<\/strong>: 5 Aout 1939<br \/>\n<strong>Fecha<\/strong>: 2023<br \/>\n<strong>P\u00e1ginas<\/strong>: 284<\/p>\n<p><strong>SINOPSIS<\/strong><\/p>\n<p>Ren\u00e9, nuestro protagonista, es uno m\u00e1s de los exiliados de la Guerra Civil que, afincado en Toulouse (Francia), tiene cuentas pendientes contra el Estado nacionalcat\u00f3lico espa\u00f1ol.<\/p>\n<p>Cuando se vio obligado a huir, dej\u00f3 lo m\u00e1s querido en Espa\u00f1a; a su madre y a su hermanillo Leonardo de 14 a\u00f1os de edad.<\/p>\n<p>Su padre fue pasado por las armas antes de abandonar \u00e9l \u00abla mierda de pa\u00eds que se le ven\u00eda encima\u00bb. El fascismo llegaba pisoteando las libertades, las igualdades y las fraternidades que la Rep\u00fablica quer\u00eda desarrollar y no tuvo tiempo.<\/p>\n<p>La informaci\u00f3n de lo que hab\u00edan hecho los b\u00e1rbaros con los suyos hace a Ren\u00e9 madurar en la idea de que eso no pod\u00eda quedarse as\u00ed, y decide volver sobre sus pasos para aplicar justicia. Para ello planea una estrategia que durar\u00e1 10 a\u00f1os antes de aplicarla rigurosamente. No puede fallar.<\/p>\n<p>&nbsp;<\/p>\n<p>Cuando llega, comprueba lo que el nacionalcatolicismo ha hecho con sus gentes y con el pa\u00eds que \u00e9l dej\u00f3, y pone en marcha la maquinaria de su justicia, ya que la existente en nuestro suelo est\u00e1 podrida y vendida al tirano.<\/p>\n<p>&nbsp;<\/p>\n","protected":false},"excerpt":{"rendered":"<p><strong>ISBN<\/strong>: 978-84-1144-678-5<\/p>\n<p><strong>SINOPSIS<\/strong><\/p>\n<p>Ren\u00e9, nuestro protagonista, es uno m\u00e1s de los exiliados de la Guerra Civil que, afincado en Toulouse (Francia), tiene cuentas pendientes contra el Estado nacionalcat\u00f3lico espa\u00f1ol.<\/p>\n<p>Cuando se vio obligado a huir, dej\u00f3 lo m\u00e1s querido en Espa\u00f1a; a su madre y a su hermanillo Leonardo de 14 a\u00f1os de edad.<\/p>\n<p>Su padre fue pasado por las armas antes de abandonar \u00e9l \u00abla mierda de pa\u00eds que se le ven\u00eda encima\u00bb. El fascismo llegaba pisoteando las libertades, las igualdades y las fraternidades que la Rep\u00fablica quer\u00eda desarrollar y no tuvo tiempo.<\/p>\n<p>La informaci\u00f3n de lo que hab\u00edan hecho los b\u00e1rbaros con los suyos hace a Ren\u00e9 madurar en la idea de que eso no pod\u00eda quedarse as\u00ed, y decide volver sobre sus pasos para aplicar justicia. Para ello planea una estrategia que durar\u00e1 10 a\u00f1os antes de aplicarla rigurosamente. No puede fallar.<\/p>\n<p>&nbsp;<\/p>\n<p>Cuando llega, comprueba lo que el nacionalcatolicismo ha hecho con sus gentes y con el pa\u00eds que \u00e9l dej\u00f3, y pone en marcha la maquinaria de su justicia, ya que la existente en nuestro suelo est\u00e1 podrida y vendida al tirano.<\/p>\n<p>&nbsp;<\/p>\n","protected":false},"featured_media":98632,"comment_status":"closed","ping_status":"open","template":"","meta":{"_acf_changed":false},"libro":[],"product_brand":[],"product_cat":[26],"product_tag":[],"class_list":{"0":"post-98631","1":"product","2":"type-product","3":"status-publish","4":"has-post-thumbnail","6":"product_cat-sin-categoria","8":"first","9":"instock","10":"product-type-simple"},"acf":{"autor":[75570],"enlace_de_compra":""},"yoast_head":"<!-- This site is optimized with the Yoast SEO plugin v27.4 - https:\/\/yoast.com\/product\/yoast-seo-wordpress\/ -->\n<title>5 Aout 1939 - Catalogo | Letrame Grupo Editorial<\/title>\n<meta name=\"robots\" content=\"index, follow, max-snippet:-1, max-image-preview:large, max-video-preview:-1\" \/>\n<link rel=\"canonical\" href=\"https:\/\/letrame.com\/catalogo\/producto\/5-aout-1939\/\" \/>\n<meta property=\"og:locale\" content=\"es_ES\" \/>\n<meta property=\"og:type\" content=\"article\" \/>\n<meta property=\"og:title\" content=\"5 Aout 1939 - Catalogo | Letrame Grupo Editorial\" \/>\n<meta property=\"og:description\" content=\"ISBN: 978-84-1144-678-5 SINOPSIS Ren\u00e9, nuestro protagonista, es uno m\u00e1s de los exiliados de la Guerra Civil que, afincado en Toulouse (Francia), tiene cuentas pendientes contra el Estado nacionalcat\u00f3lico espa\u00f1ol. Cuando se vio obligado a huir, dej\u00f3 lo m\u00e1s querido en Espa\u00f1a; a su madre y a su hermanillo Leonardo de 14 a\u00f1os de edad. Su padre fue pasado por las armas antes de abandonar \u00e9l \u00abla mierda de pa\u00eds que se le ven\u00eda encima\u00bb. El fascismo llegaba pisoteando las libertades, las igualdades y las fraternidades que la Rep\u00fablica quer\u00eda desarrollar y no tuvo tiempo. La informaci\u00f3n de lo que hab\u00edan hecho los b\u00e1rbaros con los suyos hace a Ren\u00e9 madurar en la idea de que eso no pod\u00eda quedarse as\u00ed, y decide volver sobre sus pasos para aplicar justicia. Para ello planea una estrategia que durar\u00e1 10 a\u00f1os antes de aplicarla rigurosamente. No puede fallar. &nbsp; Cuando llega, comprueba lo que el nacionalcatolicismo ha hecho con sus gentes y con el pa\u00eds que \u00e9l dej\u00f3, y pone en marcha la maquinaria de su justicia, ya que la existente en nuestro suelo est\u00e1 podrida y vendida al tirano. &nbsp;\" \/>\n<meta property=\"og:url\" content=\"https:\/\/letrame.com\/catalogo\/producto\/5-aout-1939\/\" \/>\n<meta property=\"og:site_name\" content=\"Catalogo | Letrame Grupo Editorial\" \/>\n<meta property=\"article:modified_time\" content=\"2024-04-29T13:14:19+00:00\" \/>\n<meta property=\"og:image\" content=\"https:\/\/letrame.com\/catalogo\/wp-content\/uploads\/2024\/04\/web_5aout1939_1417mm.jpg\" \/>\n\t<meta property=\"og:image:width\" content=\"601\" \/>\n\t<meta property=\"og:image:height\" content=\"881\" \/>\n\t<meta property=\"og:image:type\" content=\"image\/jpeg\" \/>\n<meta name=\"twitter:card\" content=\"summary_large_image\" \/>\n<meta name=\"twitter:label1\" content=\"Tiempo de lectura\" \/>\n\t<meta name=\"twitter:data1\" content=\"1 minuto\" \/>\n<script type=\"application\/ld+json\" class=\"yoast-schema-graph\">{\"@context\":\"https:\\\/\\\/schema.org\",\"@graph\":[{\"@type\":\"WebPage\",\"@id\":\"https:\\\/\\\/letrame.com\\\/catalogo\\\/producto\\\/5-aout-1939\\\/\",\"url\":\"https:\\\/\\\/letrame.com\\\/catalogo\\\/producto\\\/5-aout-1939\\\/\",\"name\":\"5 Aout 1939 - Catalogo | Letrame Grupo Editorial\",\"isPartOf\":{\"@id\":\"https:\\\/\\\/letrame.com\\\/catalogo\\\/#website\"},\"primaryImageOfPage\":{\"@id\":\"https:\\\/\\\/letrame.com\\\/catalogo\\\/producto\\\/5-aout-1939\\\/#primaryimage\"},\"image\":{\"@id\":\"https:\\\/\\\/letrame.com\\\/catalogo\\\/producto\\\/5-aout-1939\\\/#primaryimage\"},\"thumbnailUrl\":\"https:\\\/\\\/letrame.com\\\/catalogo\\\/wp-content\\\/uploads\\\/2024\\\/04\\\/web_5aout1939_1417mm.jpg\",\"datePublished\":\"2024-04-29T13:14:13+00:00\",\"dateModified\":\"2024-04-29T13:14:19+00:00\",\"breadcrumb\":{\"@id\":\"https:\\\/\\\/letrame.com\\\/catalogo\\\/producto\\\/5-aout-1939\\\/#breadcrumb\"},\"inLanguage\":\"es\",\"potentialAction\":[{\"@type\":\"ReadAction\",\"target\":[\"https:\\\/\\\/letrame.com\\\/catalogo\\\/producto\\\/5-aout-1939\\\/\"]}]},{\"@type\":\"ImageObject\",\"inLanguage\":\"es\",\"@id\":\"https:\\\/\\\/letrame.com\\\/catalogo\\\/producto\\\/5-aout-1939\\\/#primaryimage\",\"url\":\"https:\\\/\\\/letrame.com\\\/catalogo\\\/wp-content\\\/uploads\\\/2024\\\/04\\\/web_5aout1939_1417mm.jpg\",\"contentUrl\":\"https:\\\/\\\/letrame.com\\\/catalogo\\\/wp-content\\\/uploads\\\/2024\\\/04\\\/web_5aout1939_1417mm.jpg\",\"width\":601,\"height\":881},{\"@type\":\"BreadcrumbList\",\"@id\":\"https:\\\/\\\/letrame.com\\\/catalogo\\\/producto\\\/5-aout-1939\\\/#breadcrumb\",\"itemListElement\":[{\"@type\":\"ListItem\",\"position\":1,\"name\":\"Portada\",\"item\":\"https:\\\/\\\/letrame.com\\\/catalogo\\\/\"},{\"@type\":\"ListItem\",\"position\":2,\"name\":\"Cat\u00e1logo\",\"item\":\"https:\\\/\\\/letrame.com\\\/catalogo\\\/\"},{\"@type\":\"ListItem\",\"position\":3,\"name\":\"5 Aout 1939\"}]},{\"@type\":\"WebSite\",\"@id\":\"https:\\\/\\\/letrame.com\\\/catalogo\\\/#website\",\"url\":\"https:\\\/\\\/letrame.com\\\/catalogo\\\/\",\"name\":\"Catalogo | Letrame Grupo Editorial\",\"description\":\"\",\"publisher\":{\"@id\":\"https:\\\/\\\/letrame.com\\\/catalogo\\\/#organization\"},\"potentialAction\":[{\"@type\":\"SearchAction\",\"target\":{\"@type\":\"EntryPoint\",\"urlTemplate\":\"https:\\\/\\\/letrame.com\\\/catalogo\\\/?s={search_term_string}\"},\"query-input\":{\"@type\":\"PropertyValueSpecification\",\"valueRequired\":true,\"valueName\":\"search_term_string\"}}],\"inLanguage\":\"es\"},{\"@type\":\"Organization\",\"@id\":\"https:\\\/\\\/letrame.com\\\/catalogo\\\/#organization\",\"name\":\"Catalogo | Letrame Grupo Editorial\",\"url\":\"https:\\\/\\\/letrame.com\\\/catalogo\\\/\",\"logo\":{\"@type\":\"ImageObject\",\"inLanguage\":\"es\",\"@id\":\"https:\\\/\\\/letrame.com\\\/catalogo\\\/#\\\/schema\\\/logo\\\/image\\\/\",\"url\":\"https:\\\/\\\/letrame.com\\\/catalogo\\\/wp-content\\\/uploads\\\/2024\\\/03\\\/logo2.webp\",\"contentUrl\":\"https:\\\/\\\/letrame.com\\\/catalogo\\\/wp-content\\\/uploads\\\/2024\\\/03\\\/logo2.webp\",\"width\":394,\"height\":128,\"caption\":\"Catalogo | Letrame Grupo Editorial\"},\"image\":{\"@id\":\"https:\\\/\\\/letrame.com\\\/catalogo\\\/#\\\/schema\\\/logo\\\/image\\\/\"}}]}<\/script>\n<!-- \/ Yoast SEO plugin. -->","yoast_head_json":{"title":"5 Aout 1939 - Catalogo | Letrame Grupo Editorial","robots":{"index":"index","follow":"follow","max-snippet":"max-snippet:-1","max-image-preview":"max-image-preview:large","max-video-preview":"max-video-preview:-1"},"canonical":"https:\/\/letrame.com\/catalogo\/producto\/5-aout-1939\/","og_locale":"es_ES","og_type":"article","og_title":"5 Aout 1939 - Catalogo | Letrame Grupo Editorial","og_description":"ISBN: 978-84-1144-678-5 SINOPSIS Ren\u00e9, nuestro protagonista, es uno m\u00e1s de los exiliados de la Guerra Civil que, afincado en Toulouse (Francia), tiene cuentas pendientes contra el Estado nacionalcat\u00f3lico espa\u00f1ol. Cuando se vio obligado a huir, dej\u00f3 lo m\u00e1s querido en Espa\u00f1a; a su madre y a su hermanillo Leonardo de 14 a\u00f1os de edad. Su padre fue pasado por las armas antes de abandonar \u00e9l \u00abla mierda de pa\u00eds que se le ven\u00eda encima\u00bb. El fascismo llegaba pisoteando las libertades, las igualdades y las fraternidades que la Rep\u00fablica quer\u00eda desarrollar y no tuvo tiempo. La informaci\u00f3n de lo que hab\u00edan hecho los b\u00e1rbaros con los suyos hace a Ren\u00e9 madurar en la idea de que eso no pod\u00eda quedarse as\u00ed, y decide volver sobre sus pasos para aplicar justicia. Para ello planea una estrategia que durar\u00e1 10 a\u00f1os antes de aplicarla rigurosamente. No puede fallar. &nbsp; Cuando llega, comprueba lo que el nacionalcatolicismo ha hecho con sus gentes y con el pa\u00eds que \u00e9l dej\u00f3, y pone en marcha la maquinaria de su justicia, ya que la existente en nuestro suelo est\u00e1 podrida y vendida al tirano. &nbsp;","og_url":"https:\/\/letrame.com\/catalogo\/producto\/5-aout-1939\/","og_site_name":"Catalogo | Letrame Grupo Editorial","article_modified_time":"2024-04-29T13:14:19+00:00","og_image":[{"width":601,"height":881,"url":"https:\/\/letrame.com\/catalogo\/wp-content\/uploads\/2024\/04\/web_5aout1939_1417mm.jpg","type":"image\/jpeg"}],"twitter_card":"summary_large_image","twitter_misc":{"Tiempo de lectura":"1 minuto"},"schema":{"@context":"https:\/\/schema.org","@graph":[{"@type":"WebPage","@id":"https:\/\/letrame.com\/catalogo\/producto\/5-aout-1939\/","url":"https:\/\/letrame.com\/catalogo\/producto\/5-aout-1939\/","name":"5 Aout 1939 - Catalogo | Letrame Grupo Editorial","isPartOf":{"@id":"https:\/\/letrame.com\/catalogo\/#website"},"primaryImageOfPage":{"@id":"https:\/\/letrame.com\/catalogo\/producto\/5-aout-1939\/#primaryimage"},"image":{"@id":"https:\/\/letrame.com\/catalogo\/producto\/5-aout-1939\/#primaryimage"},"thumbnailUrl":"https:\/\/letrame.com\/catalogo\/wp-content\/uploads\/2024\/04\/web_5aout1939_1417mm.jpg","datePublished":"2024-04-29T13:14:13+00:00","dateModified":"2024-04-29T13:14:19+00:00","breadcrumb":{"@id":"https:\/\/letrame.com\/catalogo\/producto\/5-aout-1939\/#breadcrumb"},"inLanguage":"es","potentialAction":[{"@type":"ReadAction","target":["https:\/\/letrame.com\/catalogo\/producto\/5-aout-1939\/"]}]},{"@type":"ImageObject","inLanguage":"es","@id":"https:\/\/letrame.com\/catalogo\/producto\/5-aout-1939\/#primaryimage","url":"https:\/\/letrame.com\/catalogo\/wp-content\/uploads\/2024\/04\/web_5aout1939_1417mm.jpg","contentUrl":"https:\/\/letrame.com\/catalogo\/wp-content\/uploads\/2024\/04\/web_5aout1939_1417mm.jpg","width":601,"height":881},{"@type":"BreadcrumbList","@id":"https:\/\/letrame.com\/catalogo\/producto\/5-aout-1939\/#breadcrumb","itemListElement":[{"@type":"ListItem","position":1,"name":"Portada","item":"https:\/\/letrame.com\/catalogo\/"},{"@type":"ListItem","position":2,"name":"Cat\u00e1logo","item":"https:\/\/letrame.com\/catalogo\/"},{"@type":"ListItem","position":3,"name":"5 Aout 1939"}]},{"@type":"WebSite","@id":"https:\/\/letrame.com\/catalogo\/#website","url":"https:\/\/letrame.com\/catalogo\/","name":"Catalogo | Letrame Grupo Editorial","description":"","publisher":{"@id":"https:\/\/letrame.com\/catalogo\/#organization"},"potentialAction":[{"@type":"SearchAction","target":{"@type":"EntryPoint","urlTemplate":"https:\/\/letrame.com\/catalogo\/?s={search_term_string}"},"query-input":{"@type":"PropertyValueSpecification","valueRequired":true,"valueName":"search_term_string"}}],"inLanguage":"es"},{"@type":"Organization","@id":"https:\/\/letrame.com\/catalogo\/#organization","name":"Catalogo | Letrame Grupo Editorial","url":"https:\/\/letrame.com\/catalogo\/","logo":{"@type":"ImageObject","inLanguage":"es","@id":"https:\/\/letrame.com\/catalogo\/#\/schema\/logo\/image\/","url":"https:\/\/letrame.com\/catalogo\/wp-content\/uploads\/2024\/03\/logo2.webp","contentUrl":"https:\/\/letrame.com\/catalogo\/wp-content\/uploads\/2024\/03\/logo2.webp","width":394,"height":128,"caption":"Catalogo | Letrame Grupo Editorial"},"image":{"@id":"https:\/\/letrame.com\/catalogo\/#\/schema\/logo\/image\/"}}]}},"_links":{"self":[{"href":"https:\/\/letrame.com\/catalogo\/wp-json\/wp\/v2\/product\/98631","targetHints":{"allow":["GET"]}}],"collection":[{"href":"https:\/\/letrame.com\/catalogo\/wp-json\/wp\/v2\/product"}],"about":[{"href":"https:\/\/letrame.com\/catalogo\/wp-json\/wp\/v2\/types\/product"}],"replies":[{"embeddable":true,"href":"https:\/\/letrame.com\/catalogo\/wp-json\/wp\/v2\/comments?post=98631"}],"acf:post":[{"embeddable":true,"href":"https:\/\/letrame.com\/catalogo\/wp-json\/wp\/v2\/author_book\/75570"}],"wp:featuredmedia":[{"embeddable":true,"href":"https:\/\/letrame.com\/catalogo\/wp-json\/wp\/v2\/media\/98632"}],"wp:attachment":[{"href":"https:\/\/letrame.com\/catalogo\/wp-json\/wp\/v2\/media?parent=98631"}],"wp:term":[{"taxonomy":"libro","embeddable":true,"href":"https:\/\/letrame.com\/catalogo\/wp-json\/wp\/v2\/libro?post=98631"},{"taxonomy":"product_brand","embeddable":true,"href":"https:\/\/letrame.com\/catalogo\/wp-json\/wp\/v2\/product_brand?post=98631"},{"taxonomy":"product_cat","embeddable":true,"href":"https:\/\/letrame.com\/catalogo\/wp-json\/wp\/v2\/product_cat?post=98631"},{"taxonomy":"product_tag","embeddable":true,"href":"https:\/\/letrame.com\/catalogo\/wp-json\/wp\/v2\/product_tag?post=98631"}],"curies":[{"name":"wp","href":"https:\/\/api.w.org\/{rel}","templated":true}]}}