{"id":98609,"date":"2024-04-29T15:13:41","date_gmt":"2024-04-29T13:13:41","guid":{"rendered":"https:\/\/letrame.com\/catalogo\/producto\/la-hoguera-de-las-vanidades\/"},"modified":"2024-08-09T09:24:28","modified_gmt":"2024-08-09T07:24:28","slug":"la-hoguera-de-las-vanidades","status":"publish","type":"product","link":"https:\/\/letrame.com\/catalogo\/producto\/la-hoguera-de-las-vanidades\/","title":{"rendered":"La hoguera de las vanidades"},"content":{"rendered":"<p><strong>ISBN<\/strong>: 978-84-1144-647-1<\/p>\n<p><strong>T\u00edtulo<\/strong>: La hoguera de las vanidades<br \/>\n<strong>Fecha<\/strong>: 2023<br \/>\n<strong>P\u00e1ginas<\/strong>: 120<\/p>\n<p><strong>SINOPSIS<\/strong><\/p>\n<p>A trav\u00e9s de la exploraci\u00f3n de la vida, el ascenso a la fama, el pensamiento y estilo de comunicaci\u00f3n del c\u00e9lebre fraile dominicano Girolamo Savonarola \u2013 quien foment\u00f3 la instauraci\u00f3n de una rep\u00fablica teocr\u00e1tica en la Florencia del siglo XV y que ha trascendido en la historia por haber alentado la quema de \u00abobjetos banales que incitaban al pecado\u00bb en La Hoguera de las Vanidades -, la autora examina por qu\u00e9 el liderazgo pol\u00edtico-religioso de Savonarola tuvo tal impacto, particularmente en Florencia, cuna del Renacimiento, que atravesaba una \u00ab\u00e9poca de oro\u00bb y en la que sus ciudadanos viv\u00edan una aparente apertura de esp\u00edritu, libertades y bienestar econ\u00f3mico, sobre todo en comparaci\u00f3n con el resto de Europa. M\u00e1s importante, analiza los paralelismos y lecciones que podemos aprender para entender el resurgimiento de los gobiernos populistas autoritarios, principalmente en Latinoam\u00e9rica, y en los que &#8212; ante la impotencia de unos y apat\u00eda de otros &#8212; los ciudadanos han visto socavados y mermados los pesos y contrapesos institucionales, as\u00ed como sus derechos y libertades, con consecuencias nefastas para las democracias.<\/p>\n<p>&#8212;&#8212;&#8212;&#8212;&#8212;&#8212;&#8212;&#8212;&#8212;&#8212;&#8212;&#8212;&#8212;&#8212;&#8212;&#8212;&#8212;&#8212;&#8212;&#8212;&#8212;&#8212;&#8212;&#8212;&#8212;&#8212;&#8212;&#8212;&#8212;&#8212;&#8212;&#8212;&#8212;&#8212;&#8212;&#8212;&#8212;&#8212;&#8212;&#8212;&#8212;&#8212;&#8212;&#8212;&#8212;&#8212;&#8212;&#8212;&#8212;&#8212;&#8212;&#8212;&#8212;&#8211;<\/p>\n<p>Through the exploration of the life, the rise to fame, ideology, and communicative style of the renowned Dominican friar Girolamo Savonarola \u2013 who incited the establishment of a theocratic republic in 15th- Century Florence and transcended in history for urging the burning of \u00abvain and sinful\u00bb objects in The Bonfire of the Vanities, the author examines why Savonarola\u00b4s politico- religious leadership had such an impact, particularly in Florence, the cradle of the Renaissance, that was undergoing a \u201cgolden age\u201d, and where its citizens lived apparently with greater openness, liberty, and economic well-being, especially compared to the rest of Europe. More importantly, she analyses what parallelisms and lessons we can learn to understand the resurgence of populist authoritarian governments, mainly in Latin America, where \u2013 with the helplessness of some and the apathy of others \u2013 citizens have seen institutional checks and balances undermined and their rights and liberties diminished, with grave consequences for democracies.<\/p>\n","protected":false},"excerpt":{"rendered":"<p><strong>ISBN<\/strong>: 978-84-1144-647-1<\/p>\n<p><strong>SINOPSIS<\/strong><\/p>\n<p>A trav\u00e9s de la exploraci\u00f3n de la vida, el ascenso a la fama, el pensamiento y estilo de comunicaci\u00f3n del c\u00e9lebre fraile dominicano Girolamo Savonarola \u2013 quien foment\u00f3 la instauraci\u00f3n de una rep\u00fablica teocr\u00e1tica en la Florencia del siglo XV y que ha trascendido en la historia por haber alentado la quema de \u00abobjetos banales que incitaban al pecado\u00bb en La Hoguera de las Vanidades -, la autora examina por qu\u00e9 el liderazgo pol\u00edtico-religioso de Savonarola tuvo tal impacto, particularmente en Florencia, cuna del Renacimiento, que atravesaba una \u00ab\u00e9poca de oro\u00bb y en la que sus ciudadanos viv\u00edan una aparente apertura de esp\u00edritu, libertades y bienestar econ\u00f3mico, sobre todo en comparaci\u00f3n con el resto de Europa. M\u00e1s importante, analiza los paralelismos y lecciones que podemos aprender para entender el resurgimiento de los gobiernos populistas autoritarios, principalmente en Latinoam\u00e9rica, y en los que &#8212; ante la impotencia de unos y apat\u00eda de otros &#8212; los ciudadanos han visto socavados y mermados los pesos y contrapesos institucionales, as\u00ed como sus derechos y libertades, con consecuencias nefastas para las democracias.<\/p>\n<p>&#8212;&#8212;&#8212;&#8212;&#8212;&#8212;&#8212;&#8212;&#8212;&#8212;&#8212;&#8212;&#8212;&#8212;&#8212;&#8212;&#8212;&#8212;&#8212;&#8212;&#8212;&#8212;&#8212;&#8212;&#8212;&#8212;&#8212;&#8212;&#8212;&#8212;&#8212;&#8212;&#8212;&#8212;&#8212;&#8212;&#8212;&#8212;&#8212;&#8212;&#8212;&#8212;&#8212;&#8212;&#8212;&#8212;&#8212;&#8212;&#8212;&#8212;&#8212;&#8212;&#8212;&#8211;<\/p>\n<p>Through the exploration of the life, the rise to fame, ideology, and communicative style of the renowned Dominican friar Girolamo Savonarola \u2013 who incited the establishment of a theocratic republic in 15th- Century Florence and transcended in history for urging the burning of \u00abvain and sinful\u00bb objects in The Bonfire of the Vanities, the author examines why Savonarola\u00b4s politico- religious leadership had such an impact, particularly in Florence, the cradle of the Renaissance, that was undergoing a \u201cgolden age\u201d, and where its citizens lived apparently with greater openness, liberty, and economic well-being, especially compared to the rest of Europe. More importantly, she analyses what parallelisms and lessons we can learn to understand the resurgence of populist authoritarian governments, mainly in Latin America, where \u2013 with the helplessness of some and the apathy of others \u2013 citizens have seen institutional checks and balances undermined and their rights and liberties diminished, with grave consequences for democracies.<\/p>\n","protected":false},"featured_media":98610,"comment_status":"closed","ping_status":"closed","template":"","meta":{"_acf_changed":false},"libro":[],"product_brand":[],"product_cat":[55],"product_tag":[],"class_list":{"0":"post-98609","1":"product","2":"type-product","3":"status-publish","4":"has-post-thumbnail","6":"product_cat-ensayo-historico-politico","8":"first","9":"instock","10":"product-type-simple"},"acf":{"autor":[77049],"enlace_de_compra":"https:\/\/amzn.to\/4fEW0Ac"},"yoast_head":"<!-- This site is optimized with the Yoast SEO plugin v27.4 - https:\/\/yoast.com\/product\/yoast-seo-wordpress\/ -->\n<title>La hoguera de las vanidades - Catalogo | Letrame Grupo Editorial<\/title>\n<meta name=\"robots\" content=\"index, follow, max-snippet:-1, max-image-preview:large, max-video-preview:-1\" \/>\n<link rel=\"canonical\" href=\"https:\/\/letrame.com\/catalogo\/producto\/la-hoguera-de-las-vanidades\/\" \/>\n<meta property=\"og:locale\" content=\"es_ES\" \/>\n<meta property=\"og:type\" content=\"article\" \/>\n<meta property=\"og:title\" content=\"La hoguera de las vanidades - Catalogo | Letrame Grupo Editorial\" \/>\n<meta property=\"og:description\" content=\"ISBN: 978-84-1144-647-1  SINOPSIS  A trav\u00e9s de la exploraci\u00f3n de la vida, el ascenso a la fama, el pensamiento y estilo de comunicaci\u00f3n del c\u00e9lebre fraile dominicano Girolamo Savonarola \u2013 quien foment\u00f3 la instauraci\u00f3n de una rep\u00fablica teocr\u00e1tica en la Florencia del siglo XV y que ha trascendido en la historia por haber alentado la quema de \u00abobjetos banales que incitaban al pecado\u00bb en La Hoguera de las Vanidades -, la autora examina por qu\u00e9 el liderazgo pol\u00edtico-religioso de Savonarola tuvo tal impacto, particularmente en Florencia, cuna del Renacimiento, que atravesaba una \u00ab\u00e9poca de oro\u00bb y en la que sus ciudadanos viv\u00edan una aparente apertura de esp\u00edritu, libertades y bienestar econ\u00f3mico, sobre todo en comparaci\u00f3n con el resto de Europa. M\u00e1s importante, analiza los paralelismos y lecciones que podemos aprender para entender el resurgimiento de los gobiernos populistas autoritarios, principalmente en Latinoam\u00e9rica, y en los que -- ante la impotencia de unos y apat\u00eda de otros -- los ciudadanos han visto socavados y mermados los pesos y contrapesos institucionales, as\u00ed como sus derechos y libertades, con consecuencias nefastas para las democracias.  -----------------------------------------------------------------------------------------------------------------------------------------------------------------  Through the exploration of the life, the rise to fame, ideology, and communicative style of the renowned Dominican friar Girolamo Savonarola \u2013 who incited the establishment of a theocratic republic in 15th- Century Florence and transcended in history for urging the burning of \u00abvain and sinful\u00bb objects in The Bonfire of the Vanities, the author examines why Savonarola\u00b4s politico- religious leadership had such an impact, particularly in Florence, the cradle of the Renaissance, that was undergoing a \u201cgolden age\u201d, and where its citizens lived apparently with greater openness, liberty, and economic well-being, especially compared to the rest of Europe. More importantly, she analyses what parallelisms and lessons we can learn to understand the resurgence of populist authoritarian governments, mainly in Latin America, where \u2013 with the helplessness of some and the apathy of others \u2013 citizens have seen institutional checks and balances undermined and their rights and liberties diminished, with grave consequences for democracies.\" \/>\n<meta property=\"og:url\" content=\"https:\/\/letrame.com\/catalogo\/producto\/la-hoguera-de-las-vanidades\/\" \/>\n<meta property=\"og:site_name\" content=\"Catalogo | Letrame Grupo Editorial\" \/>\n<meta property=\"article:modified_time\" content=\"2024-08-09T07:24:28+00:00\" \/>\n<meta property=\"og:image\" content=\"https:\/\/letrame.com\/catalogo\/wp-content\/uploads\/2024\/04\/web_lahoguera_661mm-compressed.jpg\" \/>\n\t<meta property=\"og:image:width\" content=\"601\" \/>\n\t<meta property=\"og:image:height\" content=\"841\" \/>\n\t<meta property=\"og:image:type\" content=\"image\/jpeg\" \/>\n<meta name=\"twitter:card\" content=\"summary_large_image\" \/>\n<meta name=\"twitter:label1\" content=\"Tiempo de lectura\" \/>\n\t<meta name=\"twitter:data1\" content=\"2 minutos\" \/>\n<script type=\"application\/ld+json\" class=\"yoast-schema-graph\">{\"@context\":\"https:\\\/\\\/schema.org\",\"@graph\":[{\"@type\":\"WebPage\",\"@id\":\"https:\\\/\\\/letrame.com\\\/catalogo\\\/producto\\\/la-hoguera-de-las-vanidades\\\/\",\"url\":\"https:\\\/\\\/letrame.com\\\/catalogo\\\/producto\\\/la-hoguera-de-las-vanidades\\\/\",\"name\":\"La hoguera de las vanidades - Catalogo | Letrame Grupo Editorial\",\"isPartOf\":{\"@id\":\"https:\\\/\\\/letrame.com\\\/catalogo\\\/#website\"},\"primaryImageOfPage\":{\"@id\":\"https:\\\/\\\/letrame.com\\\/catalogo\\\/producto\\\/la-hoguera-de-las-vanidades\\\/#primaryimage\"},\"image\":{\"@id\":\"https:\\\/\\\/letrame.com\\\/catalogo\\\/producto\\\/la-hoguera-de-las-vanidades\\\/#primaryimage\"},\"thumbnailUrl\":\"https:\\\/\\\/letrame.com\\\/catalogo\\\/wp-content\\\/uploads\\\/2024\\\/04\\\/web_lahoguera_661mm-compressed.jpg\",\"datePublished\":\"2024-04-29T13:13:41+00:00\",\"dateModified\":\"2024-08-09T07:24:28+00:00\",\"breadcrumb\":{\"@id\":\"https:\\\/\\\/letrame.com\\\/catalogo\\\/producto\\\/la-hoguera-de-las-vanidades\\\/#breadcrumb\"},\"inLanguage\":\"es\",\"potentialAction\":[{\"@type\":\"ReadAction\",\"target\":[\"https:\\\/\\\/letrame.com\\\/catalogo\\\/producto\\\/la-hoguera-de-las-vanidades\\\/\"]}]},{\"@type\":\"ImageObject\",\"inLanguage\":\"es\",\"@id\":\"https:\\\/\\\/letrame.com\\\/catalogo\\\/producto\\\/la-hoguera-de-las-vanidades\\\/#primaryimage\",\"url\":\"https:\\\/\\\/letrame.com\\\/catalogo\\\/wp-content\\\/uploads\\\/2024\\\/04\\\/web_lahoguera_661mm-compressed.jpg\",\"contentUrl\":\"https:\\\/\\\/letrame.com\\\/catalogo\\\/wp-content\\\/uploads\\\/2024\\\/04\\\/web_lahoguera_661mm-compressed.jpg\",\"width\":601,\"height\":841},{\"@type\":\"BreadcrumbList\",\"@id\":\"https:\\\/\\\/letrame.com\\\/catalogo\\\/producto\\\/la-hoguera-de-las-vanidades\\\/#breadcrumb\",\"itemListElement\":[{\"@type\":\"ListItem\",\"position\":1,\"name\":\"Portada\",\"item\":\"https:\\\/\\\/letrame.com\\\/catalogo\\\/\"},{\"@type\":\"ListItem\",\"position\":2,\"name\":\"Cat\u00e1logo\",\"item\":\"https:\\\/\\\/letrame.com\\\/catalogo\\\/\"},{\"@type\":\"ListItem\",\"position\":3,\"name\":\"La hoguera de las vanidades\"}]},{\"@type\":\"WebSite\",\"@id\":\"https:\\\/\\\/letrame.com\\\/catalogo\\\/#website\",\"url\":\"https:\\\/\\\/letrame.com\\\/catalogo\\\/\",\"name\":\"Catalogo | Letrame Grupo Editorial\",\"description\":\"\",\"publisher\":{\"@id\":\"https:\\\/\\\/letrame.com\\\/catalogo\\\/#organization\"},\"potentialAction\":[{\"@type\":\"SearchAction\",\"target\":{\"@type\":\"EntryPoint\",\"urlTemplate\":\"https:\\\/\\\/letrame.com\\\/catalogo\\\/?s={search_term_string}\"},\"query-input\":{\"@type\":\"PropertyValueSpecification\",\"valueRequired\":true,\"valueName\":\"search_term_string\"}}],\"inLanguage\":\"es\"},{\"@type\":\"Organization\",\"@id\":\"https:\\\/\\\/letrame.com\\\/catalogo\\\/#organization\",\"name\":\"Catalogo | Letrame Grupo Editorial\",\"url\":\"https:\\\/\\\/letrame.com\\\/catalogo\\\/\",\"logo\":{\"@type\":\"ImageObject\",\"inLanguage\":\"es\",\"@id\":\"https:\\\/\\\/letrame.com\\\/catalogo\\\/#\\\/schema\\\/logo\\\/image\\\/\",\"url\":\"https:\\\/\\\/letrame.com\\\/catalogo\\\/wp-content\\\/uploads\\\/2024\\\/03\\\/logo2.webp\",\"contentUrl\":\"https:\\\/\\\/letrame.com\\\/catalogo\\\/wp-content\\\/uploads\\\/2024\\\/03\\\/logo2.webp\",\"width\":394,\"height\":128,\"caption\":\"Catalogo | Letrame Grupo Editorial\"},\"image\":{\"@id\":\"https:\\\/\\\/letrame.com\\\/catalogo\\\/#\\\/schema\\\/logo\\\/image\\\/\"}}]}<\/script>\n<!-- \/ Yoast SEO plugin. -->","yoast_head_json":{"title":"La hoguera de las vanidades - Catalogo | Letrame Grupo Editorial","robots":{"index":"index","follow":"follow","max-snippet":"max-snippet:-1","max-image-preview":"max-image-preview:large","max-video-preview":"max-video-preview:-1"},"canonical":"https:\/\/letrame.com\/catalogo\/producto\/la-hoguera-de-las-vanidades\/","og_locale":"es_ES","og_type":"article","og_title":"La hoguera de las vanidades - Catalogo | Letrame Grupo Editorial","og_description":"ISBN: 978-84-1144-647-1  SINOPSIS  A trav\u00e9s de la exploraci\u00f3n de la vida, el ascenso a la fama, el pensamiento y estilo de comunicaci\u00f3n del c\u00e9lebre fraile dominicano Girolamo Savonarola \u2013 quien foment\u00f3 la instauraci\u00f3n de una rep\u00fablica teocr\u00e1tica en la Florencia del siglo XV y que ha trascendido en la historia por haber alentado la quema de \u00abobjetos banales que incitaban al pecado\u00bb en La Hoguera de las Vanidades -, la autora examina por qu\u00e9 el liderazgo pol\u00edtico-religioso de Savonarola tuvo tal impacto, particularmente en Florencia, cuna del Renacimiento, que atravesaba una \u00ab\u00e9poca de oro\u00bb y en la que sus ciudadanos viv\u00edan una aparente apertura de esp\u00edritu, libertades y bienestar econ\u00f3mico, sobre todo en comparaci\u00f3n con el resto de Europa. M\u00e1s importante, analiza los paralelismos y lecciones que podemos aprender para entender el resurgimiento de los gobiernos populistas autoritarios, principalmente en Latinoam\u00e9rica, y en los que -- ante la impotencia de unos y apat\u00eda de otros -- los ciudadanos han visto socavados y mermados los pesos y contrapesos institucionales, as\u00ed como sus derechos y libertades, con consecuencias nefastas para las democracias.  -----------------------------------------------------------------------------------------------------------------------------------------------------------------  Through the exploration of the life, the rise to fame, ideology, and communicative style of the renowned Dominican friar Girolamo Savonarola \u2013 who incited the establishment of a theocratic republic in 15th- Century Florence and transcended in history for urging the burning of \u00abvain and sinful\u00bb objects in The Bonfire of the Vanities, the author examines why Savonarola\u00b4s politico- religious leadership had such an impact, particularly in Florence, the cradle of the Renaissance, that was undergoing a \u201cgolden age\u201d, and where its citizens lived apparently with greater openness, liberty, and economic well-being, especially compared to the rest of Europe. More importantly, she analyses what parallelisms and lessons we can learn to understand the resurgence of populist authoritarian governments, mainly in Latin America, where \u2013 with the helplessness of some and the apathy of others \u2013 citizens have seen institutional checks and balances undermined and their rights and liberties diminished, with grave consequences for democracies.","og_url":"https:\/\/letrame.com\/catalogo\/producto\/la-hoguera-de-las-vanidades\/","og_site_name":"Catalogo | Letrame Grupo Editorial","article_modified_time":"2024-08-09T07:24:28+00:00","og_image":[{"width":601,"height":841,"url":"https:\/\/letrame.com\/catalogo\/wp-content\/uploads\/2024\/04\/web_lahoguera_661mm-compressed.jpg","type":"image\/jpeg"}],"twitter_card":"summary_large_image","twitter_misc":{"Tiempo de lectura":"2 minutos"},"schema":{"@context":"https:\/\/schema.org","@graph":[{"@type":"WebPage","@id":"https:\/\/letrame.com\/catalogo\/producto\/la-hoguera-de-las-vanidades\/","url":"https:\/\/letrame.com\/catalogo\/producto\/la-hoguera-de-las-vanidades\/","name":"La hoguera de las vanidades - Catalogo | Letrame Grupo Editorial","isPartOf":{"@id":"https:\/\/letrame.com\/catalogo\/#website"},"primaryImageOfPage":{"@id":"https:\/\/letrame.com\/catalogo\/producto\/la-hoguera-de-las-vanidades\/#primaryimage"},"image":{"@id":"https:\/\/letrame.com\/catalogo\/producto\/la-hoguera-de-las-vanidades\/#primaryimage"},"thumbnailUrl":"https:\/\/letrame.com\/catalogo\/wp-content\/uploads\/2024\/04\/web_lahoguera_661mm-compressed.jpg","datePublished":"2024-04-29T13:13:41+00:00","dateModified":"2024-08-09T07:24:28+00:00","breadcrumb":{"@id":"https:\/\/letrame.com\/catalogo\/producto\/la-hoguera-de-las-vanidades\/#breadcrumb"},"inLanguage":"es","potentialAction":[{"@type":"ReadAction","target":["https:\/\/letrame.com\/catalogo\/producto\/la-hoguera-de-las-vanidades\/"]}]},{"@type":"ImageObject","inLanguage":"es","@id":"https:\/\/letrame.com\/catalogo\/producto\/la-hoguera-de-las-vanidades\/#primaryimage","url":"https:\/\/letrame.com\/catalogo\/wp-content\/uploads\/2024\/04\/web_lahoguera_661mm-compressed.jpg","contentUrl":"https:\/\/letrame.com\/catalogo\/wp-content\/uploads\/2024\/04\/web_lahoguera_661mm-compressed.jpg","width":601,"height":841},{"@type":"BreadcrumbList","@id":"https:\/\/letrame.com\/catalogo\/producto\/la-hoguera-de-las-vanidades\/#breadcrumb","itemListElement":[{"@type":"ListItem","position":1,"name":"Portada","item":"https:\/\/letrame.com\/catalogo\/"},{"@type":"ListItem","position":2,"name":"Cat\u00e1logo","item":"https:\/\/letrame.com\/catalogo\/"},{"@type":"ListItem","position":3,"name":"La hoguera de las vanidades"}]},{"@type":"WebSite","@id":"https:\/\/letrame.com\/catalogo\/#website","url":"https:\/\/letrame.com\/catalogo\/","name":"Catalogo | Letrame Grupo Editorial","description":"","publisher":{"@id":"https:\/\/letrame.com\/catalogo\/#organization"},"potentialAction":[{"@type":"SearchAction","target":{"@type":"EntryPoint","urlTemplate":"https:\/\/letrame.com\/catalogo\/?s={search_term_string}"},"query-input":{"@type":"PropertyValueSpecification","valueRequired":true,"valueName":"search_term_string"}}],"inLanguage":"es"},{"@type":"Organization","@id":"https:\/\/letrame.com\/catalogo\/#organization","name":"Catalogo | Letrame Grupo Editorial","url":"https:\/\/letrame.com\/catalogo\/","logo":{"@type":"ImageObject","inLanguage":"es","@id":"https:\/\/letrame.com\/catalogo\/#\/schema\/logo\/image\/","url":"https:\/\/letrame.com\/catalogo\/wp-content\/uploads\/2024\/03\/logo2.webp","contentUrl":"https:\/\/letrame.com\/catalogo\/wp-content\/uploads\/2024\/03\/logo2.webp","width":394,"height":128,"caption":"Catalogo | Letrame Grupo Editorial"},"image":{"@id":"https:\/\/letrame.com\/catalogo\/#\/schema\/logo\/image\/"}}]}},"_links":{"self":[{"href":"https:\/\/letrame.com\/catalogo\/wp-json\/wp\/v2\/product\/98609","targetHints":{"allow":["GET"]}}],"collection":[{"href":"https:\/\/letrame.com\/catalogo\/wp-json\/wp\/v2\/product"}],"about":[{"href":"https:\/\/letrame.com\/catalogo\/wp-json\/wp\/v2\/types\/product"}],"replies":[{"embeddable":true,"href":"https:\/\/letrame.com\/catalogo\/wp-json\/wp\/v2\/comments?post=98609"}],"acf:post":[{"embeddable":true,"href":"https:\/\/letrame.com\/catalogo\/wp-json\/wp\/v2\/author_book\/77049"}],"wp:featuredmedia":[{"embeddable":true,"href":"https:\/\/letrame.com\/catalogo\/wp-json\/wp\/v2\/media\/98610"}],"wp:attachment":[{"href":"https:\/\/letrame.com\/catalogo\/wp-json\/wp\/v2\/media?parent=98609"}],"wp:term":[{"taxonomy":"libro","embeddable":true,"href":"https:\/\/letrame.com\/catalogo\/wp-json\/wp\/v2\/libro?post=98609"},{"taxonomy":"product_brand","embeddable":true,"href":"https:\/\/letrame.com\/catalogo\/wp-json\/wp\/v2\/product_brand?post=98609"},{"taxonomy":"product_cat","embeddable":true,"href":"https:\/\/letrame.com\/catalogo\/wp-json\/wp\/v2\/product_cat?post=98609"},{"taxonomy":"product_tag","embeddable":true,"href":"https:\/\/letrame.com\/catalogo\/wp-json\/wp\/v2\/product_tag?post=98609"}],"curies":[{"name":"wp","href":"https:\/\/api.w.org\/{rel}","templated":true}]}}