{"id":98523,"date":"2024-04-29T15:09:24","date_gmt":"2024-04-29T13:09:24","guid":{"rendered":"https:\/\/letrame.com\/catalogo\/producto\/feminismo-en-azul\/"},"modified":"2024-04-29T15:09:24","modified_gmt":"2024-04-29T13:09:24","slug":"feminismo-en-azul","status":"publish","type":"product","link":"https:\/\/letrame.com\/catalogo\/producto\/feminismo-en-azul\/","title":{"rendered":"Feminismo en Azul"},"content":{"rendered":"<p><strong>ISBN<\/strong>: 978-84-1144-499-6<\/p>\n<p><strong>T\u00edtulo<\/strong>: Feminismo en Azul<br \/>\n<strong>Fecha<\/strong>: 2022<br \/>\n<strong>P\u00e1ginas<\/strong>: 148<\/p>\n<p><strong>SINOPSIS<\/strong><\/p>\n<p>El libro trata de la relaci\u00f3n de la autora con su entorno desde un punto de vista de cr\u00edtica social.\u00a0 A partir de un cuestionamiento al sistema patriarcal la autora experimenta el aparecer de una nueva voz que va construyendo textos que relevan la vida cotidiana como un entramado de relaciones de poder en la que se encuentra inmersa.<\/p>\n<p>La escritura tambi\u00e9n es parte de la afirmaci\u00f3n de la identidad ind\u00edgena negada que se va narrando y concretizando en viajes a la consciencia de saberse parte de todo un pueblo discriminado.\u00a0 Desde este punto de vista, este ensayo constituye un rescate de la subjetividad mapuche negada de quien narra en primera persona.<\/p>\n<p>Asimismo, el cruce de feminismo, raza y clase es un canto a la vida, al amor y a la naturaleza.\u00a0 Son frecuentes las referencias a la visi\u00f3n de la naturaleza como un ente animado, y, al mismo tiempo como un actor parte de la vida de la protagonista.\u00a0 La relaci\u00f3n con la naturaleza es inmanente a la espiritualidad de quien escribe.<\/p>\n<p><em>Feminismo en Azul<\/em> es una invitaci\u00f3n a expresar y recrear lo personal, para compartirlo como experiencia vivida de personas comunes y corrientes que comienzan a experimentar procesos de transformaci\u00f3n que van modificando su habitar en el mundo.\u00a0 Cada texto tiene profundas ra\u00edces autobiogr\u00e1ficas que van develando el drama y la propuesta pol\u00edtica de esta obra.<\/p>\n<p>&nbsp;<\/p>\n","protected":false},"excerpt":{"rendered":"<p><strong>ISBN<\/strong>: 978-84-1144-499-6<\/p>\n<p><strong>SINOPSIS<\/strong><\/p>\n<p>El libro trata de la relaci\u00f3n de la autora con su entorno desde un punto de vista de cr\u00edtica social.\u00a0 A partir de un cuestionamiento al sistema patriarcal la autora experimenta el aparecer de una nueva voz que va construyendo textos que relevan la vida cotidiana como un entramado de relaciones de poder en la que se encuentra inmersa.<\/p>\n<p>La escritura tambi\u00e9n es parte de la afirmaci\u00f3n de la identidad ind\u00edgena negada que se va narrando y concretizando en viajes a la consciencia de saberse parte de todo un pueblo discriminado.\u00a0 Desde este punto de vista, este ensayo constituye un rescate de la subjetividad mapuche negada de quien narra en primera persona.<\/p>\n<p>Asimismo, el cruce de feminismo, raza y clase es un canto a la vida, al amor y a la naturaleza.\u00a0 Son frecuentes las referencias a la visi\u00f3n de la naturaleza como un ente animado, y, al mismo tiempo como un actor parte de la vida de la protagonista.\u00a0 La relaci\u00f3n con la naturaleza es inmanente a la espiritualidad de quien escribe.<\/p>\n<p><em>Feminismo en Azul<\/em> es una invitaci\u00f3n a expresar y recrear lo personal, para compartirlo como experiencia vivida de personas comunes y corrientes que comienzan a experimentar procesos de transformaci\u00f3n que van modificando su habitar en el mundo.\u00a0 Cada texto tiene profundas ra\u00edces autobiogr\u00e1ficas que van develando el drama y la propuesta pol\u00edtica de esta obra.<\/p>\n","protected":false},"featured_media":98524,"comment_status":"closed","ping_status":"open","template":"","meta":{"_acf_changed":false},"libro":[],"product_brand":[],"product_cat":[26],"product_tag":[],"class_list":{"0":"post-98523","1":"product","2":"type-product","3":"status-publish","4":"has-post-thumbnail","6":"product_cat-sin-categoria","8":"first","9":"instock","10":"product-type-simple"},"acf":{"autor":[76975],"enlace_de_compra":"https:\/\/www.amazon.es\/dp\/8411444996\/"},"yoast_head":"<!-- This site is optimized with the Yoast SEO plugin v27.4 - https:\/\/yoast.com\/product\/yoast-seo-wordpress\/ -->\n<title>Feminismo en Azul - Catalogo | Letrame Grupo Editorial<\/title>\n<meta name=\"robots\" content=\"index, follow, max-snippet:-1, max-image-preview:large, max-video-preview:-1\" \/>\n<link rel=\"canonical\" href=\"https:\/\/letrame.com\/catalogo\/producto\/feminismo-en-azul\/\" \/>\n<meta property=\"og:locale\" content=\"es_ES\" \/>\n<meta property=\"og:type\" content=\"article\" \/>\n<meta property=\"og:title\" content=\"Feminismo en Azul - Catalogo | Letrame Grupo Editorial\" \/>\n<meta property=\"og:description\" content=\"ISBN: 978-84-1144-499-6 SINOPSIS El libro trata de la relaci\u00f3n de la autora con su entorno desde un punto de vista de cr\u00edtica social.\u00a0 A partir de un cuestionamiento al sistema patriarcal la autora experimenta el aparecer de una nueva voz que va construyendo textos que relevan la vida cotidiana como un entramado de relaciones de poder en la que se encuentra inmersa. La escritura tambi\u00e9n es parte de la afirmaci\u00f3n de la identidad ind\u00edgena negada que se va narrando y concretizando en viajes a la consciencia de saberse parte de todo un pueblo discriminado.\u00a0 Desde este punto de vista, este ensayo constituye un rescate de la subjetividad mapuche negada de quien narra en primera persona. Asimismo, el cruce de feminismo, raza y clase es un canto a la vida, al amor y a la naturaleza.\u00a0 Son frecuentes las referencias a la visi\u00f3n de la naturaleza como un ente animado, y, al mismo tiempo como un actor parte de la vida de la protagonista.\u00a0 La relaci\u00f3n con la naturaleza es inmanente a la espiritualidad de quien escribe. Feminismo en Azul es una invitaci\u00f3n a expresar y recrear lo personal, para compartirlo como experiencia vivida de personas comunes y corrientes que comienzan a experimentar procesos de transformaci\u00f3n que van modificando su habitar en el mundo.\u00a0 Cada texto tiene profundas ra\u00edces autobiogr\u00e1ficas que van develando el drama y la propuesta pol\u00edtica de esta obra.\" \/>\n<meta property=\"og:url\" content=\"https:\/\/letrame.com\/catalogo\/producto\/feminismo-en-azul\/\" \/>\n<meta property=\"og:site_name\" content=\"Catalogo | Letrame Grupo Editorial\" \/>\n<meta property=\"og:image\" content=\"https:\/\/letrame.com\/catalogo\/wp-content\/uploads\/2024\/04\/redportada_feminismoazul_8mm-compressed.jpg\" \/>\n\t<meta property=\"og:image:width\" content=\"601\" \/>\n\t<meta property=\"og:image:height\" content=\"881\" \/>\n\t<meta property=\"og:image:type\" content=\"image\/jpeg\" \/>\n<meta name=\"twitter:card\" content=\"summary_large_image\" \/>\n<meta name=\"twitter:label1\" content=\"Tiempo de lectura\" \/>\n\t<meta name=\"twitter:data1\" content=\"1 minuto\" \/>\n<script type=\"application\/ld+json\" class=\"yoast-schema-graph\">{\"@context\":\"https:\\\/\\\/schema.org\",\"@graph\":[{\"@type\":\"WebPage\",\"@id\":\"https:\\\/\\\/letrame.com\\\/catalogo\\\/producto\\\/feminismo-en-azul\\\/\",\"url\":\"https:\\\/\\\/letrame.com\\\/catalogo\\\/producto\\\/feminismo-en-azul\\\/\",\"name\":\"Feminismo en Azul - Catalogo | Letrame Grupo Editorial\",\"isPartOf\":{\"@id\":\"https:\\\/\\\/letrame.com\\\/catalogo\\\/#website\"},\"primaryImageOfPage\":{\"@id\":\"https:\\\/\\\/letrame.com\\\/catalogo\\\/producto\\\/feminismo-en-azul\\\/#primaryimage\"},\"image\":{\"@id\":\"https:\\\/\\\/letrame.com\\\/catalogo\\\/producto\\\/feminismo-en-azul\\\/#primaryimage\"},\"thumbnailUrl\":\"https:\\\/\\\/letrame.com\\\/catalogo\\\/wp-content\\\/uploads\\\/2024\\\/04\\\/redportada_feminismoazul_8mm-compressed.jpg\",\"datePublished\":\"2024-04-29T13:09:24+00:00\",\"breadcrumb\":{\"@id\":\"https:\\\/\\\/letrame.com\\\/catalogo\\\/producto\\\/feminismo-en-azul\\\/#breadcrumb\"},\"inLanguage\":\"es\",\"potentialAction\":[{\"@type\":\"ReadAction\",\"target\":[\"https:\\\/\\\/letrame.com\\\/catalogo\\\/producto\\\/feminismo-en-azul\\\/\"]}]},{\"@type\":\"ImageObject\",\"inLanguage\":\"es\",\"@id\":\"https:\\\/\\\/letrame.com\\\/catalogo\\\/producto\\\/feminismo-en-azul\\\/#primaryimage\",\"url\":\"https:\\\/\\\/letrame.com\\\/catalogo\\\/wp-content\\\/uploads\\\/2024\\\/04\\\/redportada_feminismoazul_8mm-compressed.jpg\",\"contentUrl\":\"https:\\\/\\\/letrame.com\\\/catalogo\\\/wp-content\\\/uploads\\\/2024\\\/04\\\/redportada_feminismoazul_8mm-compressed.jpg\",\"width\":601,\"height\":881},{\"@type\":\"BreadcrumbList\",\"@id\":\"https:\\\/\\\/letrame.com\\\/catalogo\\\/producto\\\/feminismo-en-azul\\\/#breadcrumb\",\"itemListElement\":[{\"@type\":\"ListItem\",\"position\":1,\"name\":\"Portada\",\"item\":\"https:\\\/\\\/letrame.com\\\/catalogo\\\/\"},{\"@type\":\"ListItem\",\"position\":2,\"name\":\"Cat\u00e1logo\",\"item\":\"https:\\\/\\\/letrame.com\\\/catalogo\\\/\"},{\"@type\":\"ListItem\",\"position\":3,\"name\":\"Feminismo en Azul\"}]},{\"@type\":\"WebSite\",\"@id\":\"https:\\\/\\\/letrame.com\\\/catalogo\\\/#website\",\"url\":\"https:\\\/\\\/letrame.com\\\/catalogo\\\/\",\"name\":\"Catalogo | Letrame Grupo Editorial\",\"description\":\"\",\"publisher\":{\"@id\":\"https:\\\/\\\/letrame.com\\\/catalogo\\\/#organization\"},\"potentialAction\":[{\"@type\":\"SearchAction\",\"target\":{\"@type\":\"EntryPoint\",\"urlTemplate\":\"https:\\\/\\\/letrame.com\\\/catalogo\\\/?s={search_term_string}\"},\"query-input\":{\"@type\":\"PropertyValueSpecification\",\"valueRequired\":true,\"valueName\":\"search_term_string\"}}],\"inLanguage\":\"es\"},{\"@type\":\"Organization\",\"@id\":\"https:\\\/\\\/letrame.com\\\/catalogo\\\/#organization\",\"name\":\"Catalogo | Letrame Grupo Editorial\",\"url\":\"https:\\\/\\\/letrame.com\\\/catalogo\\\/\",\"logo\":{\"@type\":\"ImageObject\",\"inLanguage\":\"es\",\"@id\":\"https:\\\/\\\/letrame.com\\\/catalogo\\\/#\\\/schema\\\/logo\\\/image\\\/\",\"url\":\"https:\\\/\\\/letrame.com\\\/catalogo\\\/wp-content\\\/uploads\\\/2024\\\/03\\\/logo2.webp\",\"contentUrl\":\"https:\\\/\\\/letrame.com\\\/catalogo\\\/wp-content\\\/uploads\\\/2024\\\/03\\\/logo2.webp\",\"width\":394,\"height\":128,\"caption\":\"Catalogo | Letrame Grupo Editorial\"},\"image\":{\"@id\":\"https:\\\/\\\/letrame.com\\\/catalogo\\\/#\\\/schema\\\/logo\\\/image\\\/\"}}]}<\/script>\n<!-- \/ Yoast SEO plugin. -->","yoast_head_json":{"title":"Feminismo en Azul - Catalogo | Letrame Grupo Editorial","robots":{"index":"index","follow":"follow","max-snippet":"max-snippet:-1","max-image-preview":"max-image-preview:large","max-video-preview":"max-video-preview:-1"},"canonical":"https:\/\/letrame.com\/catalogo\/producto\/feminismo-en-azul\/","og_locale":"es_ES","og_type":"article","og_title":"Feminismo en Azul - Catalogo | Letrame Grupo Editorial","og_description":"ISBN: 978-84-1144-499-6 SINOPSIS El libro trata de la relaci\u00f3n de la autora con su entorno desde un punto de vista de cr\u00edtica social.\u00a0 A partir de un cuestionamiento al sistema patriarcal la autora experimenta el aparecer de una nueva voz que va construyendo textos que relevan la vida cotidiana como un entramado de relaciones de poder en la que se encuentra inmersa. La escritura tambi\u00e9n es parte de la afirmaci\u00f3n de la identidad ind\u00edgena negada que se va narrando y concretizando en viajes a la consciencia de saberse parte de todo un pueblo discriminado.\u00a0 Desde este punto de vista, este ensayo constituye un rescate de la subjetividad mapuche negada de quien narra en primera persona. Asimismo, el cruce de feminismo, raza y clase es un canto a la vida, al amor y a la naturaleza.\u00a0 Son frecuentes las referencias a la visi\u00f3n de la naturaleza como un ente animado, y, al mismo tiempo como un actor parte de la vida de la protagonista.\u00a0 La relaci\u00f3n con la naturaleza es inmanente a la espiritualidad de quien escribe. Feminismo en Azul es una invitaci\u00f3n a expresar y recrear lo personal, para compartirlo como experiencia vivida de personas comunes y corrientes que comienzan a experimentar procesos de transformaci\u00f3n que van modificando su habitar en el mundo.\u00a0 Cada texto tiene profundas ra\u00edces autobiogr\u00e1ficas que van develando el drama y la propuesta pol\u00edtica de esta obra.","og_url":"https:\/\/letrame.com\/catalogo\/producto\/feminismo-en-azul\/","og_site_name":"Catalogo | Letrame Grupo Editorial","og_image":[{"width":601,"height":881,"url":"https:\/\/letrame.com\/catalogo\/wp-content\/uploads\/2024\/04\/redportada_feminismoazul_8mm-compressed.jpg","type":"image\/jpeg"}],"twitter_card":"summary_large_image","twitter_misc":{"Tiempo de lectura":"1 minuto"},"schema":{"@context":"https:\/\/schema.org","@graph":[{"@type":"WebPage","@id":"https:\/\/letrame.com\/catalogo\/producto\/feminismo-en-azul\/","url":"https:\/\/letrame.com\/catalogo\/producto\/feminismo-en-azul\/","name":"Feminismo en Azul - Catalogo | Letrame Grupo Editorial","isPartOf":{"@id":"https:\/\/letrame.com\/catalogo\/#website"},"primaryImageOfPage":{"@id":"https:\/\/letrame.com\/catalogo\/producto\/feminismo-en-azul\/#primaryimage"},"image":{"@id":"https:\/\/letrame.com\/catalogo\/producto\/feminismo-en-azul\/#primaryimage"},"thumbnailUrl":"https:\/\/letrame.com\/catalogo\/wp-content\/uploads\/2024\/04\/redportada_feminismoazul_8mm-compressed.jpg","datePublished":"2024-04-29T13:09:24+00:00","breadcrumb":{"@id":"https:\/\/letrame.com\/catalogo\/producto\/feminismo-en-azul\/#breadcrumb"},"inLanguage":"es","potentialAction":[{"@type":"ReadAction","target":["https:\/\/letrame.com\/catalogo\/producto\/feminismo-en-azul\/"]}]},{"@type":"ImageObject","inLanguage":"es","@id":"https:\/\/letrame.com\/catalogo\/producto\/feminismo-en-azul\/#primaryimage","url":"https:\/\/letrame.com\/catalogo\/wp-content\/uploads\/2024\/04\/redportada_feminismoazul_8mm-compressed.jpg","contentUrl":"https:\/\/letrame.com\/catalogo\/wp-content\/uploads\/2024\/04\/redportada_feminismoazul_8mm-compressed.jpg","width":601,"height":881},{"@type":"BreadcrumbList","@id":"https:\/\/letrame.com\/catalogo\/producto\/feminismo-en-azul\/#breadcrumb","itemListElement":[{"@type":"ListItem","position":1,"name":"Portada","item":"https:\/\/letrame.com\/catalogo\/"},{"@type":"ListItem","position":2,"name":"Cat\u00e1logo","item":"https:\/\/letrame.com\/catalogo\/"},{"@type":"ListItem","position":3,"name":"Feminismo en Azul"}]},{"@type":"WebSite","@id":"https:\/\/letrame.com\/catalogo\/#website","url":"https:\/\/letrame.com\/catalogo\/","name":"Catalogo | Letrame Grupo Editorial","description":"","publisher":{"@id":"https:\/\/letrame.com\/catalogo\/#organization"},"potentialAction":[{"@type":"SearchAction","target":{"@type":"EntryPoint","urlTemplate":"https:\/\/letrame.com\/catalogo\/?s={search_term_string}"},"query-input":{"@type":"PropertyValueSpecification","valueRequired":true,"valueName":"search_term_string"}}],"inLanguage":"es"},{"@type":"Organization","@id":"https:\/\/letrame.com\/catalogo\/#organization","name":"Catalogo | Letrame Grupo Editorial","url":"https:\/\/letrame.com\/catalogo\/","logo":{"@type":"ImageObject","inLanguage":"es","@id":"https:\/\/letrame.com\/catalogo\/#\/schema\/logo\/image\/","url":"https:\/\/letrame.com\/catalogo\/wp-content\/uploads\/2024\/03\/logo2.webp","contentUrl":"https:\/\/letrame.com\/catalogo\/wp-content\/uploads\/2024\/03\/logo2.webp","width":394,"height":128,"caption":"Catalogo | Letrame Grupo Editorial"},"image":{"@id":"https:\/\/letrame.com\/catalogo\/#\/schema\/logo\/image\/"}}]}},"_links":{"self":[{"href":"https:\/\/letrame.com\/catalogo\/wp-json\/wp\/v2\/product\/98523","targetHints":{"allow":["GET"]}}],"collection":[{"href":"https:\/\/letrame.com\/catalogo\/wp-json\/wp\/v2\/product"}],"about":[{"href":"https:\/\/letrame.com\/catalogo\/wp-json\/wp\/v2\/types\/product"}],"replies":[{"embeddable":true,"href":"https:\/\/letrame.com\/catalogo\/wp-json\/wp\/v2\/comments?post=98523"}],"acf:post":[{"embeddable":true,"href":"https:\/\/letrame.com\/catalogo\/wp-json\/wp\/v2\/author_book\/76975"}],"wp:featuredmedia":[{"embeddable":true,"href":"https:\/\/letrame.com\/catalogo\/wp-json\/wp\/v2\/media\/98524"}],"wp:attachment":[{"href":"https:\/\/letrame.com\/catalogo\/wp-json\/wp\/v2\/media?parent=98523"}],"wp:term":[{"taxonomy":"libro","embeddable":true,"href":"https:\/\/letrame.com\/catalogo\/wp-json\/wp\/v2\/libro?post=98523"},{"taxonomy":"product_brand","embeddable":true,"href":"https:\/\/letrame.com\/catalogo\/wp-json\/wp\/v2\/product_brand?post=98523"},{"taxonomy":"product_cat","embeddable":true,"href":"https:\/\/letrame.com\/catalogo\/wp-json\/wp\/v2\/product_cat?post=98523"},{"taxonomy":"product_tag","embeddable":true,"href":"https:\/\/letrame.com\/catalogo\/wp-json\/wp\/v2\/product_tag?post=98523"}],"curies":[{"name":"wp","href":"https:\/\/api.w.org\/{rel}","templated":true}]}}