{"id":98429,"date":"2024-04-29T15:04:29","date_gmt":"2024-04-29T13:04:29","guid":{"rendered":"https:\/\/letrame.com\/catalogo\/producto\/el-epitafio\/"},"modified":"2024-04-29T15:04:29","modified_gmt":"2024-04-29T13:04:29","slug":"el-epitafio","status":"publish","type":"product","link":"https:\/\/letrame.com\/catalogo\/producto\/el-epitafio\/","title":{"rendered":"El epitafio"},"content":{"rendered":"<p><strong>ISBN<\/strong>: 978-84-1144-496-5<\/p>\n<p><strong>T\u00edtulo<\/strong>: El epitafio<br \/>\n<strong>Fecha<\/strong>: 2022<br \/>\n<strong>P\u00e1ginas<\/strong>: 232<\/p>\n<p><strong>SINOPSIS<\/strong><\/p>\n<p>En este libro observamos la par\u00e1frasis de varias historias anecd\u00f3ticas concatenadas, dentro de una historia mayor que conduce a una ficci\u00f3n profundamente alojada sin embargo en la realidad. En ella, los dos personajes principales (el que motiva la novela, Raimundo Heredia, y el que relata en primera persona, Mart\u00edn Medina) van a destellar con luces propias refulgencias que son axiom\u00e1ticamente intr\u00ednsecas. Se expone en esta novela, titulada <em>El Epitafio<\/em>, un mundo esparcido, ampliado, con una visi\u00f3n superior de los acontecimientos narrados y de los distintos personajes comprometidos en la trama. De esta manera se gesta el desenvolvimiento de una diversidad de narraciones m\u00e1s \u00edntimas, epis\u00f3dicas, circunstanciales (historias dentro de la historia), con abundantes oportunidades de plegarse al conjunto de lo relatado, y con sus propias gradaciones o cl\u00edmax.<\/p>\n<p>En esta ub\u00e9rrima historia, la megaloman\u00eda que exhibe con desusada frecuencia Raimundo, eso de perseguir la grandeza sin graduar con el rigor debido su sustantividad, aparece irrenunciablemente ligada a su lucha constante por alejarse de los fantasmas del pasado. En realidad, lo primero es la consecuencia de lo segundo. Atr\u00e1s dejaba as\u00ed la nostalgia, las remembranzas funestas: ese maldito accidente en la carretera de Antofagasta, que siendo muy joven lo priv\u00f3 de sus padres. El \u00e9xito, la notoriedad, fueron despu\u00e9s el cometido autoimpuesto para sustituir y ocultar su dolor y la tristeza. \u00bfAcaso un obsesivo culto al yo? \u00bfO un notable exhibicionismo social, que no le importa exteriorizar porque su consecuci\u00f3n es atrapar la gloria? Esto lo demuestra con \u00e9nfasis durante el estallido social en Chile, convertido en forma natural en l\u00edder de una de las tribus urbanas descritas por el vulgo como la primera l\u00ednea. La psicolog\u00eda habla del complejo de Er\u00f3strato, un fen\u00f3meno algo ya com\u00fan, donde la t\u00edpica pose de supremac\u00eda y grandeza oculta realmente una personalidad carente de autoestima, en que se aparenta o se intenta simular lo que no se es.<\/p>\n<p>&nbsp;<\/p>\n<p>De modo que la tarea encomendada a Mart\u00edn Medina Luco (Mameluco) era crucial. El recado al segundo de los protagonistas \u2014el hermano no carnal o no biol\u00f3gico\u2014 es que este le suministre la inscripci\u00f3n que finalmente perpet\u00fae su memoria. El homenaje literario de un vivo a un muerto que, a\u00fan en esta existencial dimensi\u00f3n, no cej\u00f3 en su empe\u00f1o de perseguir las estrellas, pero que en cierta forma presinti\u00f3 su muerte temprana. El fingido hermano, con quien viviera incontables historias comunes hasta antes de su fat\u00eddico viaje a Espa\u00f1a, ir\u00eda a asumir, a\u00fan con algo de pudor y recato, la misi\u00f3n m\u00e1s inesperada e ignota que imaginara: escribir el epitafio del compa\u00f1ero de vida m\u00e1s entra\u00f1able.<\/p>\n","protected":false},"excerpt":{"rendered":"<p><strong>ISBN<\/strong>: 978-84-1144-496-5<\/p>\n<p><strong>SINOPSIS<\/strong><\/p>\n<p>En este libro observamos la par\u00e1frasis de varias historias anecd\u00f3ticas concatenadas, dentro de una historia mayor que conduce a una ficci\u00f3n profundamente alojada sin embargo en la realidad. En ella, los dos personajes principales (el que motiva la novela, Raimundo Heredia, y el que relata en primera persona, Mart\u00edn Medina) van a destellar con luces propias refulgencias que son axiom\u00e1ticamente intr\u00ednsecas. Se expone en esta novela, titulada <em>El Epitafio<\/em>, un mundo esparcido, ampliado, con una visi\u00f3n superior de los acontecimientos narrados y de los distintos personajes comprometidos en la trama. De esta manera se gesta el desenvolvimiento de una diversidad de narraciones m\u00e1s \u00edntimas, epis\u00f3dicas, circunstanciales (historias dentro de la historia), con abundantes oportunidades de plegarse al conjunto de lo relatado, y con sus propias gradaciones o cl\u00edmax.<\/p>\n<p>En esta ub\u00e9rrima historia, la megaloman\u00eda que exhibe con desusada frecuencia Raimundo, eso de perseguir la grandeza sin graduar con el rigor debido su sustantividad, aparece irrenunciablemente ligada a su lucha constante por alejarse de los fantasmas del pasado. En realidad, lo primero es la consecuencia de lo segundo. Atr\u00e1s dejaba as\u00ed la nostalgia, las remembranzas funestas: ese maldito accidente en la carretera de Antofagasta, que siendo muy joven lo priv\u00f3 de sus padres. El \u00e9xito, la notoriedad, fueron despu\u00e9s el cometido autoimpuesto para sustituir y ocultar su dolor y la tristeza. \u00bfAcaso un obsesivo culto al yo? \u00bfO un notable exhibicionismo social, que no le importa exteriorizar porque su consecuci\u00f3n es atrapar la gloria? Esto lo demuestra con \u00e9nfasis durante el estallido social en Chile, convertido en forma natural en l\u00edder de una de las tribus urbanas descritas por el vulgo como la primera l\u00ednea. La psicolog\u00eda habla del complejo de Er\u00f3strato, un fen\u00f3meno algo ya com\u00fan, donde la t\u00edpica pose de supremac\u00eda y grandeza oculta realmente una personalidad carente de autoestima, en que se aparenta o se intenta simular lo que no se es.<\/p>\n<p>&nbsp;<\/p>\n<p>De modo que la tarea encomendada a Mart\u00edn Medina Luco (Mameluco) era crucial. El recado al segundo de los protagonistas \u2014el hermano no carnal o no biol\u00f3gico\u2014 es que este le suministre la inscripci\u00f3n que finalmente perpet\u00fae su memoria. El homenaje literario de un vivo a un muerto que, a\u00fan en esta existencial dimensi\u00f3n, no cej\u00f3 en su empe\u00f1o de perseguir las estrellas, pero que en cierta forma presinti\u00f3 su muerte temprana. El fingido hermano, con quien viviera incontables historias comunes hasta antes de su fat\u00eddico viaje a Espa\u00f1a, ir\u00eda a asumir, a\u00fan con algo de pudor y recato, la misi\u00f3n m\u00e1s inesperada e ignota que imaginara: escribir el epitafio del compa\u00f1ero de vida m\u00e1s entra\u00f1able.<\/p>\n","protected":false},"featured_media":98430,"comment_status":"closed","ping_status":"open","template":"","meta":{"_acf_changed":false},"libro":[],"product_brand":[],"product_cat":[26],"product_tag":[],"class_list":{"0":"post-98429","1":"product","2":"type-product","3":"status-publish","4":"has-post-thumbnail","6":"product_cat-sin-categoria","8":"first","9":"instock","10":"product-type-simple"},"acf":{"autor":[76894],"enlace_de_compra":""},"yoast_head":"<!-- This site is optimized with the Yoast SEO plugin v27.4 - https:\/\/yoast.com\/product\/yoast-seo-wordpress\/ -->\n<title>El epitafio - Catalogo | Letrame Grupo Editorial<\/title>\n<meta name=\"robots\" content=\"index, follow, max-snippet:-1, max-image-preview:large, max-video-preview:-1\" \/>\n<link rel=\"canonical\" href=\"https:\/\/letrame.com\/catalogo\/producto\/el-epitafio\/\" \/>\n<meta property=\"og:locale\" content=\"es_ES\" \/>\n<meta property=\"og:type\" content=\"article\" \/>\n<meta property=\"og:title\" content=\"El epitafio - Catalogo | Letrame Grupo Editorial\" \/>\n<meta property=\"og:description\" content=\"ISBN: 978-84-1144-496-5 SINOPSIS En este libro observamos la par\u00e1frasis de varias historias anecd\u00f3ticas concatenadas, dentro de una historia mayor que conduce a una ficci\u00f3n profundamente alojada sin embargo en la realidad. En ella, los dos personajes principales (el que motiva la novela, Raimundo Heredia, y el que relata en primera persona, Mart\u00edn Medina) van a destellar con luces propias refulgencias que son axiom\u00e1ticamente intr\u00ednsecas. Se expone en esta novela, titulada El Epitafio, un mundo esparcido, ampliado, con una visi\u00f3n superior de los acontecimientos narrados y de los distintos personajes comprometidos en la trama. De esta manera se gesta el desenvolvimiento de una diversidad de narraciones m\u00e1s \u00edntimas, epis\u00f3dicas, circunstanciales (historias dentro de la historia), con abundantes oportunidades de plegarse al conjunto de lo relatado, y con sus propias gradaciones o cl\u00edmax. En esta ub\u00e9rrima historia, la megaloman\u00eda que exhibe con desusada frecuencia Raimundo, eso de perseguir la grandeza sin graduar con el rigor debido su sustantividad, aparece irrenunciablemente ligada a su lucha constante por alejarse de los fantasmas del pasado. En realidad, lo primero es la consecuencia de lo segundo. Atr\u00e1s dejaba as\u00ed la nostalgia, las remembranzas funestas: ese maldito accidente en la carretera de Antofagasta, que siendo muy joven lo priv\u00f3 de sus padres. El \u00e9xito, la notoriedad, fueron despu\u00e9s el cometido autoimpuesto para sustituir y ocultar su dolor y la tristeza. \u00bfAcaso un obsesivo culto al yo? \u00bfO un notable exhibicionismo social, que no le importa exteriorizar porque su consecuci\u00f3n es atrapar la gloria? Esto lo demuestra con \u00e9nfasis durante el estallido social en Chile, convertido en forma natural en l\u00edder de una de las tribus urbanas descritas por el vulgo como la primera l\u00ednea. La psicolog\u00eda habla del complejo de Er\u00f3strato, un fen\u00f3meno algo ya com\u00fan, donde la t\u00edpica pose de supremac\u00eda y grandeza oculta realmente una personalidad carente de autoestima, en que se aparenta o se intenta simular lo que no se es. &nbsp; De modo que la tarea encomendada a Mart\u00edn Medina Luco (Mameluco) era crucial. El recado al segundo de los protagonistas \u2014el hermano no carnal o no biol\u00f3gico\u2014 es que este le suministre la inscripci\u00f3n que finalmente perpet\u00fae su memoria. El homenaje literario de un vivo a un muerto que, a\u00fan en esta existencial dimensi\u00f3n, no cej\u00f3 en su empe\u00f1o de perseguir las estrellas, pero que en cierta forma presinti\u00f3 su muerte temprana. El fingido hermano, con quien viviera incontables historias comunes hasta antes de su fat\u00eddico viaje a Espa\u00f1a, ir\u00eda a asumir, a\u00fan con algo de pudor y recato, la misi\u00f3n m\u00e1s inesperada e ignota que imaginara: escribir el epitafio del compa\u00f1ero de vida m\u00e1s entra\u00f1able.\" \/>\n<meta property=\"og:url\" content=\"https:\/\/letrame.com\/catalogo\/producto\/el-epitafio\/\" \/>\n<meta property=\"og:site_name\" content=\"Catalogo | Letrame Grupo Editorial\" \/>\n<meta property=\"og:image\" content=\"https:\/\/letrame.com\/catalogo\/wp-content\/uploads\/2024\/04\/redportada_elepitafeo_1117mm-1-compressed.jpg\" \/>\n\t<meta property=\"og:image:width\" content=\"601\" \/>\n\t<meta property=\"og:image:height\" content=\"881\" \/>\n\t<meta property=\"og:image:type\" content=\"image\/jpeg\" \/>\n<meta name=\"twitter:card\" content=\"summary_large_image\" \/>\n<meta name=\"twitter:label1\" content=\"Tiempo de lectura\" \/>\n\t<meta name=\"twitter:data1\" content=\"2 minutos\" \/>\n<script type=\"application\/ld+json\" class=\"yoast-schema-graph\">{\"@context\":\"https:\\\/\\\/schema.org\",\"@graph\":[{\"@type\":\"WebPage\",\"@id\":\"https:\\\/\\\/letrame.com\\\/catalogo\\\/producto\\\/el-epitafio\\\/\",\"url\":\"https:\\\/\\\/letrame.com\\\/catalogo\\\/producto\\\/el-epitafio\\\/\",\"name\":\"El epitafio - Catalogo | Letrame Grupo Editorial\",\"isPartOf\":{\"@id\":\"https:\\\/\\\/letrame.com\\\/catalogo\\\/#website\"},\"primaryImageOfPage\":{\"@id\":\"https:\\\/\\\/letrame.com\\\/catalogo\\\/producto\\\/el-epitafio\\\/#primaryimage\"},\"image\":{\"@id\":\"https:\\\/\\\/letrame.com\\\/catalogo\\\/producto\\\/el-epitafio\\\/#primaryimage\"},\"thumbnailUrl\":\"https:\\\/\\\/letrame.com\\\/catalogo\\\/wp-content\\\/uploads\\\/2024\\\/04\\\/redportada_elepitafeo_1117mm-1-compressed.jpg\",\"datePublished\":\"2024-04-29T13:04:29+00:00\",\"breadcrumb\":{\"@id\":\"https:\\\/\\\/letrame.com\\\/catalogo\\\/producto\\\/el-epitafio\\\/#breadcrumb\"},\"inLanguage\":\"es\",\"potentialAction\":[{\"@type\":\"ReadAction\",\"target\":[\"https:\\\/\\\/letrame.com\\\/catalogo\\\/producto\\\/el-epitafio\\\/\"]}]},{\"@type\":\"ImageObject\",\"inLanguage\":\"es\",\"@id\":\"https:\\\/\\\/letrame.com\\\/catalogo\\\/producto\\\/el-epitafio\\\/#primaryimage\",\"url\":\"https:\\\/\\\/letrame.com\\\/catalogo\\\/wp-content\\\/uploads\\\/2024\\\/04\\\/redportada_elepitafeo_1117mm-1-compressed.jpg\",\"contentUrl\":\"https:\\\/\\\/letrame.com\\\/catalogo\\\/wp-content\\\/uploads\\\/2024\\\/04\\\/redportada_elepitafeo_1117mm-1-compressed.jpg\",\"width\":601,\"height\":881},{\"@type\":\"BreadcrumbList\",\"@id\":\"https:\\\/\\\/letrame.com\\\/catalogo\\\/producto\\\/el-epitafio\\\/#breadcrumb\",\"itemListElement\":[{\"@type\":\"ListItem\",\"position\":1,\"name\":\"Portada\",\"item\":\"https:\\\/\\\/letrame.com\\\/catalogo\\\/\"},{\"@type\":\"ListItem\",\"position\":2,\"name\":\"Cat\u00e1logo\",\"item\":\"https:\\\/\\\/letrame.com\\\/catalogo\\\/\"},{\"@type\":\"ListItem\",\"position\":3,\"name\":\"El epitafio\"}]},{\"@type\":\"WebSite\",\"@id\":\"https:\\\/\\\/letrame.com\\\/catalogo\\\/#website\",\"url\":\"https:\\\/\\\/letrame.com\\\/catalogo\\\/\",\"name\":\"Catalogo | Letrame Grupo Editorial\",\"description\":\"\",\"publisher\":{\"@id\":\"https:\\\/\\\/letrame.com\\\/catalogo\\\/#organization\"},\"potentialAction\":[{\"@type\":\"SearchAction\",\"target\":{\"@type\":\"EntryPoint\",\"urlTemplate\":\"https:\\\/\\\/letrame.com\\\/catalogo\\\/?s={search_term_string}\"},\"query-input\":{\"@type\":\"PropertyValueSpecification\",\"valueRequired\":true,\"valueName\":\"search_term_string\"}}],\"inLanguage\":\"es\"},{\"@type\":\"Organization\",\"@id\":\"https:\\\/\\\/letrame.com\\\/catalogo\\\/#organization\",\"name\":\"Catalogo | Letrame Grupo Editorial\",\"url\":\"https:\\\/\\\/letrame.com\\\/catalogo\\\/\",\"logo\":{\"@type\":\"ImageObject\",\"inLanguage\":\"es\",\"@id\":\"https:\\\/\\\/letrame.com\\\/catalogo\\\/#\\\/schema\\\/logo\\\/image\\\/\",\"url\":\"https:\\\/\\\/letrame.com\\\/catalogo\\\/wp-content\\\/uploads\\\/2024\\\/03\\\/logo2.webp\",\"contentUrl\":\"https:\\\/\\\/letrame.com\\\/catalogo\\\/wp-content\\\/uploads\\\/2024\\\/03\\\/logo2.webp\",\"width\":394,\"height\":128,\"caption\":\"Catalogo | Letrame Grupo Editorial\"},\"image\":{\"@id\":\"https:\\\/\\\/letrame.com\\\/catalogo\\\/#\\\/schema\\\/logo\\\/image\\\/\"}}]}<\/script>\n<!-- \/ Yoast SEO plugin. -->","yoast_head_json":{"title":"El epitafio - Catalogo | Letrame Grupo Editorial","robots":{"index":"index","follow":"follow","max-snippet":"max-snippet:-1","max-image-preview":"max-image-preview:large","max-video-preview":"max-video-preview:-1"},"canonical":"https:\/\/letrame.com\/catalogo\/producto\/el-epitafio\/","og_locale":"es_ES","og_type":"article","og_title":"El epitafio - Catalogo | Letrame Grupo Editorial","og_description":"ISBN: 978-84-1144-496-5 SINOPSIS En este libro observamos la par\u00e1frasis de varias historias anecd\u00f3ticas concatenadas, dentro de una historia mayor que conduce a una ficci\u00f3n profundamente alojada sin embargo en la realidad. En ella, los dos personajes principales (el que motiva la novela, Raimundo Heredia, y el que relata en primera persona, Mart\u00edn Medina) van a destellar con luces propias refulgencias que son axiom\u00e1ticamente intr\u00ednsecas. Se expone en esta novela, titulada El Epitafio, un mundo esparcido, ampliado, con una visi\u00f3n superior de los acontecimientos narrados y de los distintos personajes comprometidos en la trama. De esta manera se gesta el desenvolvimiento de una diversidad de narraciones m\u00e1s \u00edntimas, epis\u00f3dicas, circunstanciales (historias dentro de la historia), con abundantes oportunidades de plegarse al conjunto de lo relatado, y con sus propias gradaciones o cl\u00edmax. En esta ub\u00e9rrima historia, la megaloman\u00eda que exhibe con desusada frecuencia Raimundo, eso de perseguir la grandeza sin graduar con el rigor debido su sustantividad, aparece irrenunciablemente ligada a su lucha constante por alejarse de los fantasmas del pasado. En realidad, lo primero es la consecuencia de lo segundo. Atr\u00e1s dejaba as\u00ed la nostalgia, las remembranzas funestas: ese maldito accidente en la carretera de Antofagasta, que siendo muy joven lo priv\u00f3 de sus padres. El \u00e9xito, la notoriedad, fueron despu\u00e9s el cometido autoimpuesto para sustituir y ocultar su dolor y la tristeza. \u00bfAcaso un obsesivo culto al yo? \u00bfO un notable exhibicionismo social, que no le importa exteriorizar porque su consecuci\u00f3n es atrapar la gloria? Esto lo demuestra con \u00e9nfasis durante el estallido social en Chile, convertido en forma natural en l\u00edder de una de las tribus urbanas descritas por el vulgo como la primera l\u00ednea. La psicolog\u00eda habla del complejo de Er\u00f3strato, un fen\u00f3meno algo ya com\u00fan, donde la t\u00edpica pose de supremac\u00eda y grandeza oculta realmente una personalidad carente de autoestima, en que se aparenta o se intenta simular lo que no se es. &nbsp; De modo que la tarea encomendada a Mart\u00edn Medina Luco (Mameluco) era crucial. El recado al segundo de los protagonistas \u2014el hermano no carnal o no biol\u00f3gico\u2014 es que este le suministre la inscripci\u00f3n que finalmente perpet\u00fae su memoria. El homenaje literario de un vivo a un muerto que, a\u00fan en esta existencial dimensi\u00f3n, no cej\u00f3 en su empe\u00f1o de perseguir las estrellas, pero que en cierta forma presinti\u00f3 su muerte temprana. El fingido hermano, con quien viviera incontables historias comunes hasta antes de su fat\u00eddico viaje a Espa\u00f1a, ir\u00eda a asumir, a\u00fan con algo de pudor y recato, la misi\u00f3n m\u00e1s inesperada e ignota que imaginara: escribir el epitafio del compa\u00f1ero de vida m\u00e1s entra\u00f1able.","og_url":"https:\/\/letrame.com\/catalogo\/producto\/el-epitafio\/","og_site_name":"Catalogo | Letrame Grupo Editorial","og_image":[{"width":601,"height":881,"url":"https:\/\/letrame.com\/catalogo\/wp-content\/uploads\/2024\/04\/redportada_elepitafeo_1117mm-1-compressed.jpg","type":"image\/jpeg"}],"twitter_card":"summary_large_image","twitter_misc":{"Tiempo de lectura":"2 minutos"},"schema":{"@context":"https:\/\/schema.org","@graph":[{"@type":"WebPage","@id":"https:\/\/letrame.com\/catalogo\/producto\/el-epitafio\/","url":"https:\/\/letrame.com\/catalogo\/producto\/el-epitafio\/","name":"El epitafio - Catalogo | Letrame Grupo Editorial","isPartOf":{"@id":"https:\/\/letrame.com\/catalogo\/#website"},"primaryImageOfPage":{"@id":"https:\/\/letrame.com\/catalogo\/producto\/el-epitafio\/#primaryimage"},"image":{"@id":"https:\/\/letrame.com\/catalogo\/producto\/el-epitafio\/#primaryimage"},"thumbnailUrl":"https:\/\/letrame.com\/catalogo\/wp-content\/uploads\/2024\/04\/redportada_elepitafeo_1117mm-1-compressed.jpg","datePublished":"2024-04-29T13:04:29+00:00","breadcrumb":{"@id":"https:\/\/letrame.com\/catalogo\/producto\/el-epitafio\/#breadcrumb"},"inLanguage":"es","potentialAction":[{"@type":"ReadAction","target":["https:\/\/letrame.com\/catalogo\/producto\/el-epitafio\/"]}]},{"@type":"ImageObject","inLanguage":"es","@id":"https:\/\/letrame.com\/catalogo\/producto\/el-epitafio\/#primaryimage","url":"https:\/\/letrame.com\/catalogo\/wp-content\/uploads\/2024\/04\/redportada_elepitafeo_1117mm-1-compressed.jpg","contentUrl":"https:\/\/letrame.com\/catalogo\/wp-content\/uploads\/2024\/04\/redportada_elepitafeo_1117mm-1-compressed.jpg","width":601,"height":881},{"@type":"BreadcrumbList","@id":"https:\/\/letrame.com\/catalogo\/producto\/el-epitafio\/#breadcrumb","itemListElement":[{"@type":"ListItem","position":1,"name":"Portada","item":"https:\/\/letrame.com\/catalogo\/"},{"@type":"ListItem","position":2,"name":"Cat\u00e1logo","item":"https:\/\/letrame.com\/catalogo\/"},{"@type":"ListItem","position":3,"name":"El epitafio"}]},{"@type":"WebSite","@id":"https:\/\/letrame.com\/catalogo\/#website","url":"https:\/\/letrame.com\/catalogo\/","name":"Catalogo | Letrame Grupo Editorial","description":"","publisher":{"@id":"https:\/\/letrame.com\/catalogo\/#organization"},"potentialAction":[{"@type":"SearchAction","target":{"@type":"EntryPoint","urlTemplate":"https:\/\/letrame.com\/catalogo\/?s={search_term_string}"},"query-input":{"@type":"PropertyValueSpecification","valueRequired":true,"valueName":"search_term_string"}}],"inLanguage":"es"},{"@type":"Organization","@id":"https:\/\/letrame.com\/catalogo\/#organization","name":"Catalogo | Letrame Grupo Editorial","url":"https:\/\/letrame.com\/catalogo\/","logo":{"@type":"ImageObject","inLanguage":"es","@id":"https:\/\/letrame.com\/catalogo\/#\/schema\/logo\/image\/","url":"https:\/\/letrame.com\/catalogo\/wp-content\/uploads\/2024\/03\/logo2.webp","contentUrl":"https:\/\/letrame.com\/catalogo\/wp-content\/uploads\/2024\/03\/logo2.webp","width":394,"height":128,"caption":"Catalogo | Letrame Grupo Editorial"},"image":{"@id":"https:\/\/letrame.com\/catalogo\/#\/schema\/logo\/image\/"}}]}},"_links":{"self":[{"href":"https:\/\/letrame.com\/catalogo\/wp-json\/wp\/v2\/product\/98429","targetHints":{"allow":["GET"]}}],"collection":[{"href":"https:\/\/letrame.com\/catalogo\/wp-json\/wp\/v2\/product"}],"about":[{"href":"https:\/\/letrame.com\/catalogo\/wp-json\/wp\/v2\/types\/product"}],"replies":[{"embeddable":true,"href":"https:\/\/letrame.com\/catalogo\/wp-json\/wp\/v2\/comments?post=98429"}],"acf:post":[{"embeddable":true,"href":"https:\/\/letrame.com\/catalogo\/wp-json\/wp\/v2\/author_book\/76894"}],"wp:featuredmedia":[{"embeddable":true,"href":"https:\/\/letrame.com\/catalogo\/wp-json\/wp\/v2\/media\/98430"}],"wp:attachment":[{"href":"https:\/\/letrame.com\/catalogo\/wp-json\/wp\/v2\/media?parent=98429"}],"wp:term":[{"taxonomy":"libro","embeddable":true,"href":"https:\/\/letrame.com\/catalogo\/wp-json\/wp\/v2\/libro?post=98429"},{"taxonomy":"product_brand","embeddable":true,"href":"https:\/\/letrame.com\/catalogo\/wp-json\/wp\/v2\/product_brand?post=98429"},{"taxonomy":"product_cat","embeddable":true,"href":"https:\/\/letrame.com\/catalogo\/wp-json\/wp\/v2\/product_cat?post=98429"},{"taxonomy":"product_tag","embeddable":true,"href":"https:\/\/letrame.com\/catalogo\/wp-json\/wp\/v2\/product_tag?post=98429"}],"curies":[{"name":"wp","href":"https:\/\/api.w.org\/{rel}","templated":true}]}}