{"id":98332,"date":"2024-04-29T14:59:16","date_gmt":"2024-04-29T12:59:16","guid":{"rendered":"https:\/\/letrame.com\/catalogo\/producto\/la-legendaria-gran-guerra-la-batalla-de-frey\/"},"modified":"2024-04-29T14:59:22","modified_gmt":"2024-04-29T12:59:22","slug":"la-legendaria-gran-guerra-la-batalla-de-frey","status":"publish","type":"product","link":"https:\/\/letrame.com\/catalogo\/producto\/la-legendaria-gran-guerra-la-batalla-de-frey\/","title":{"rendered":"La legendaria gran guerra &#8211; La Batalla de Frey"},"content":{"rendered":"<p><strong>ISBN<\/strong>: 978-84-1144-362-3<\/p>\n<p><strong>T\u00edtulo<\/strong>: La legendaria gran guerra &#8211; La Batalla de Frey<br \/>\n<strong>Fecha<\/strong>: 2022<br \/>\n<strong>P\u00e1ginas<\/strong>: 456<\/p>\n<p><strong>SINOPSIS<\/strong><\/p>\n<p>Tras un gran periodo de paz en el continente Frey, el magno Imperio de Glaret ha emergido de su letargo para declarar la guerra a todos los reinos del territorio, manando el desasosiego y la incertidumbre en los corazones de los dirigentes de los pueblos que, hasta este punto, gozaban de una paz que se pensaba inquebrantable.<\/p>\n<p>&nbsp;<\/p>\n<p>Con la guerra avecin\u00e1ndose a cada paso y la oscuridad cerni\u00e9ndose sobre el continente, los reinos se vieron obligados a reestructurar sus ej\u00e9rcitos en orden de soportar la arremetida de Glaret, al mando del cruel rey Camil, cuyas ambiciones y maldad han crecido de manera inimaginable.<\/p>\n<p>&nbsp;<\/p>\n<p>Ante el gran poder\u00edo del Imperio Oscuro, como Glaret es conocido en Frey, el reino de Artericia, uno de los m\u00e1s imponentes, no pudo hacer m\u00e1s que sobrevivir y retener la amenaza lo suficiente para escapar a tierras for\u00e1neas, al excelso reino de Saffier, con el que una alianza fue fundada, previendo que la amenaza de Glaret no podr\u00eda ser refrenada f\u00e1cilmente.<\/p>\n<p>&nbsp;<\/p>\n<p>Ahora, con el Imperio de Glaret exudando un poder sin par, conquistando naciones enteras, las fuerzas de Artericia dirigi\u00e9ndose a Saffier y estos \u00faltimos organizando su ofensiva, la batalla de Frey ha dado inicio y solo culminar\u00e1 cuando el bando del bien, o el bando del mal, caiga derrotado.<\/p>\n<p>&nbsp;<\/p>\n","protected":false},"excerpt":{"rendered":"<p><strong>ISBN<\/strong>: 978-84-1144-362-3<\/p>\n<p><strong>SINOPSIS<\/strong><\/p>\n<p>Tras un gran periodo de paz en el continente Frey, el magno Imperio de Glaret ha emergido de su letargo para declarar la guerra a todos los reinos del territorio, manando el desasosiego y la incertidumbre en los corazones de los dirigentes de los pueblos que, hasta este punto, gozaban de una paz que se pensaba inquebrantable.<\/p>\n<p>&nbsp;<\/p>\n<p>Con la guerra avecin\u00e1ndose a cada paso y la oscuridad cerni\u00e9ndose sobre el continente, los reinos se vieron obligados a reestructurar sus ej\u00e9rcitos en orden de soportar la arremetida de Glaret, al mando del cruel rey Camil, cuyas ambiciones y maldad han crecido de manera inimaginable.<\/p>\n<p>Ante el gran poder\u00edo del Imperio Oscuro, como Glaret es conocido en Frey, el reino de Artericia, uno de los m\u00e1s imponentes, no pudo hacer m\u00e1s que sobrevivir y retener la amenaza lo suficiente para escapar a tierras for\u00e1neas, al excelso reino de Saffier, con el que una alianza fue fundada, previendo que la amenaza de Glaret no podr\u00eda ser refrenada f\u00e1cilmente.<\/p>\n<p>&nbsp;<\/p>\n<p>Ahora, con el Imperio de Glaret exudando un poder sin par, conquistando naciones enteras, las fuerzas de Artericia dirigi\u00e9ndose a Saffier y estos \u00faltimos organizando su ofensiva, la batalla de Frey ha dado inicio y solo culminar\u00e1 cuando el bando del bien, o el bando del mal, caiga derrotado.<\/p>\n","protected":false},"featured_media":98333,"comment_status":"closed","ping_status":"open","template":"","meta":{"_acf_changed":false},"libro":[],"product_brand":[],"product_cat":[16,26],"product_tag":[],"class_list":{"0":"post-98332","1":"product","2":"type-product","3":"status-publish","4":"has-post-thumbnail","6":"product_cat-novela","7":"product_cat-sin-categoria","9":"first","10":"instock","11":"purchasable","12":"product-type-simple"},"acf":{"autor":[76818],"enlace_de_compra":"https:\/\/www.amazon.es\/legendaria-gran-guerra-batalla-Frey\/dp\/8411443620\/"},"yoast_head":"<!-- This site is optimized with the Yoast SEO plugin v27.4 - https:\/\/yoast.com\/product\/yoast-seo-wordpress\/ -->\n<title>La legendaria gran guerra - La Batalla de Frey - Catalogo | Letrame Grupo Editorial<\/title>\n<meta name=\"robots\" content=\"index, follow, max-snippet:-1, max-image-preview:large, max-video-preview:-1\" \/>\n<link rel=\"canonical\" href=\"https:\/\/letrame.com\/catalogo\/producto\/la-legendaria-gran-guerra-la-batalla-de-frey\/\" \/>\n<meta property=\"og:locale\" content=\"es_ES\" \/>\n<meta property=\"og:type\" content=\"article\" \/>\n<meta property=\"og:title\" content=\"La legendaria gran guerra - La Batalla de Frey - Catalogo | Letrame Grupo Editorial\" \/>\n<meta property=\"og:description\" content=\"ISBN: 978-84-1144-362-3 SINOPSIS Tras un gran periodo de paz en el continente Frey, el magno Imperio de Glaret ha emergido de su letargo para declarar la guerra a todos los reinos del territorio, manando el desasosiego y la incertidumbre en los corazones de los dirigentes de los pueblos que, hasta este punto, gozaban de una paz que se pensaba inquebrantable. &nbsp; Con la guerra avecin\u00e1ndose a cada paso y la oscuridad cerni\u00e9ndose sobre el continente, los reinos se vieron obligados a reestructurar sus ej\u00e9rcitos en orden de soportar la arremetida de Glaret, al mando del cruel rey Camil, cuyas ambiciones y maldad han crecido de manera inimaginable. Ante el gran poder\u00edo del Imperio Oscuro, como Glaret es conocido en Frey, el reino de Artericia, uno de los m\u00e1s imponentes, no pudo hacer m\u00e1s que sobrevivir y retener la amenaza lo suficiente para escapar a tierras for\u00e1neas, al excelso reino de Saffier, con el que una alianza fue fundada, previendo que la amenaza de Glaret no podr\u00eda ser refrenada f\u00e1cilmente. &nbsp; Ahora, con el Imperio de Glaret exudando un poder sin par, conquistando naciones enteras, las fuerzas de Artericia dirigi\u00e9ndose a Saffier y estos \u00faltimos organizando su ofensiva, la batalla de Frey ha dado inicio y solo culminar\u00e1 cuando el bando del bien, o el bando del mal, caiga derrotado.\" \/>\n<meta property=\"og:url\" content=\"https:\/\/letrame.com\/catalogo\/producto\/la-legendaria-gran-guerra-la-batalla-de-frey\/\" \/>\n<meta property=\"og:site_name\" content=\"Catalogo | Letrame Grupo Editorial\" \/>\n<meta property=\"article:modified_time\" content=\"2024-04-29T12:59:22+00:00\" \/>\n<meta property=\"og:image\" content=\"https:\/\/letrame.com\/catalogo\/wp-content\/uploads\/2024\/04\/redportada_lalegendariaguerra_221mm-1.jpg\" \/>\n\t<meta property=\"og:image:width\" content=\"601\" \/>\n\t<meta property=\"og:image:height\" content=\"881\" \/>\n\t<meta property=\"og:image:type\" content=\"image\/jpeg\" \/>\n<meta name=\"twitter:card\" content=\"summary_large_image\" \/>\n<meta name=\"twitter:label1\" content=\"Tiempo de lectura\" \/>\n\t<meta name=\"twitter:data1\" content=\"1 minuto\" \/>\n<script type=\"application\/ld+json\" class=\"yoast-schema-graph\">{\"@context\":\"https:\\\/\\\/schema.org\",\"@graph\":[{\"@type\":\"WebPage\",\"@id\":\"https:\\\/\\\/letrame.com\\\/catalogo\\\/producto\\\/la-legendaria-gran-guerra-la-batalla-de-frey\\\/\",\"url\":\"https:\\\/\\\/letrame.com\\\/catalogo\\\/producto\\\/la-legendaria-gran-guerra-la-batalla-de-frey\\\/\",\"name\":\"La legendaria gran guerra - La Batalla de Frey - Catalogo | Letrame Grupo Editorial\",\"isPartOf\":{\"@id\":\"https:\\\/\\\/letrame.com\\\/catalogo\\\/#website\"},\"primaryImageOfPage\":{\"@id\":\"https:\\\/\\\/letrame.com\\\/catalogo\\\/producto\\\/la-legendaria-gran-guerra-la-batalla-de-frey\\\/#primaryimage\"},\"image\":{\"@id\":\"https:\\\/\\\/letrame.com\\\/catalogo\\\/producto\\\/la-legendaria-gran-guerra-la-batalla-de-frey\\\/#primaryimage\"},\"thumbnailUrl\":\"https:\\\/\\\/letrame.com\\\/catalogo\\\/wp-content\\\/uploads\\\/2024\\\/04\\\/redportada_lalegendariaguerra_221mm-1.jpg\",\"datePublished\":\"2024-04-29T12:59:16+00:00\",\"dateModified\":\"2024-04-29T12:59:22+00:00\",\"breadcrumb\":{\"@id\":\"https:\\\/\\\/letrame.com\\\/catalogo\\\/producto\\\/la-legendaria-gran-guerra-la-batalla-de-frey\\\/#breadcrumb\"},\"inLanguage\":\"es\",\"potentialAction\":[{\"@type\":\"ReadAction\",\"target\":[\"https:\\\/\\\/letrame.com\\\/catalogo\\\/producto\\\/la-legendaria-gran-guerra-la-batalla-de-frey\\\/\"]}]},{\"@type\":\"ImageObject\",\"inLanguage\":\"es\",\"@id\":\"https:\\\/\\\/letrame.com\\\/catalogo\\\/producto\\\/la-legendaria-gran-guerra-la-batalla-de-frey\\\/#primaryimage\",\"url\":\"https:\\\/\\\/letrame.com\\\/catalogo\\\/wp-content\\\/uploads\\\/2024\\\/04\\\/redportada_lalegendariaguerra_221mm-1.jpg\",\"contentUrl\":\"https:\\\/\\\/letrame.com\\\/catalogo\\\/wp-content\\\/uploads\\\/2024\\\/04\\\/redportada_lalegendariaguerra_221mm-1.jpg\",\"width\":601,\"height\":881},{\"@type\":\"BreadcrumbList\",\"@id\":\"https:\\\/\\\/letrame.com\\\/catalogo\\\/producto\\\/la-legendaria-gran-guerra-la-batalla-de-frey\\\/#breadcrumb\",\"itemListElement\":[{\"@type\":\"ListItem\",\"position\":1,\"name\":\"Portada\",\"item\":\"https:\\\/\\\/letrame.com\\\/catalogo\\\/\"},{\"@type\":\"ListItem\",\"position\":2,\"name\":\"Cat\u00e1logo\",\"item\":\"https:\\\/\\\/letrame.com\\\/catalogo\\\/\"},{\"@type\":\"ListItem\",\"position\":3,\"name\":\"La legendaria gran guerra &#8211; La Batalla de Frey\"}]},{\"@type\":\"WebSite\",\"@id\":\"https:\\\/\\\/letrame.com\\\/catalogo\\\/#website\",\"url\":\"https:\\\/\\\/letrame.com\\\/catalogo\\\/\",\"name\":\"Catalogo | Letrame Grupo Editorial\",\"description\":\"\",\"publisher\":{\"@id\":\"https:\\\/\\\/letrame.com\\\/catalogo\\\/#organization\"},\"potentialAction\":[{\"@type\":\"SearchAction\",\"target\":{\"@type\":\"EntryPoint\",\"urlTemplate\":\"https:\\\/\\\/letrame.com\\\/catalogo\\\/?s={search_term_string}\"},\"query-input\":{\"@type\":\"PropertyValueSpecification\",\"valueRequired\":true,\"valueName\":\"search_term_string\"}}],\"inLanguage\":\"es\"},{\"@type\":\"Organization\",\"@id\":\"https:\\\/\\\/letrame.com\\\/catalogo\\\/#organization\",\"name\":\"Catalogo | Letrame Grupo Editorial\",\"url\":\"https:\\\/\\\/letrame.com\\\/catalogo\\\/\",\"logo\":{\"@type\":\"ImageObject\",\"inLanguage\":\"es\",\"@id\":\"https:\\\/\\\/letrame.com\\\/catalogo\\\/#\\\/schema\\\/logo\\\/image\\\/\",\"url\":\"https:\\\/\\\/letrame.com\\\/catalogo\\\/wp-content\\\/uploads\\\/2024\\\/03\\\/logo2.webp\",\"contentUrl\":\"https:\\\/\\\/letrame.com\\\/catalogo\\\/wp-content\\\/uploads\\\/2024\\\/03\\\/logo2.webp\",\"width\":394,\"height\":128,\"caption\":\"Catalogo | Letrame Grupo Editorial\"},\"image\":{\"@id\":\"https:\\\/\\\/letrame.com\\\/catalogo\\\/#\\\/schema\\\/logo\\\/image\\\/\"}}]}<\/script>\n<!-- \/ Yoast SEO plugin. -->","yoast_head_json":{"title":"La legendaria gran guerra - La Batalla de Frey - Catalogo | Letrame Grupo Editorial","robots":{"index":"index","follow":"follow","max-snippet":"max-snippet:-1","max-image-preview":"max-image-preview:large","max-video-preview":"max-video-preview:-1"},"canonical":"https:\/\/letrame.com\/catalogo\/producto\/la-legendaria-gran-guerra-la-batalla-de-frey\/","og_locale":"es_ES","og_type":"article","og_title":"La legendaria gran guerra - La Batalla de Frey - Catalogo | Letrame Grupo Editorial","og_description":"ISBN: 978-84-1144-362-3 SINOPSIS Tras un gran periodo de paz en el continente Frey, el magno Imperio de Glaret ha emergido de su letargo para declarar la guerra a todos los reinos del territorio, manando el desasosiego y la incertidumbre en los corazones de los dirigentes de los pueblos que, hasta este punto, gozaban de una paz que se pensaba inquebrantable. &nbsp; Con la guerra avecin\u00e1ndose a cada paso y la oscuridad cerni\u00e9ndose sobre el continente, los reinos se vieron obligados a reestructurar sus ej\u00e9rcitos en orden de soportar la arremetida de Glaret, al mando del cruel rey Camil, cuyas ambiciones y maldad han crecido de manera inimaginable. Ante el gran poder\u00edo del Imperio Oscuro, como Glaret es conocido en Frey, el reino de Artericia, uno de los m\u00e1s imponentes, no pudo hacer m\u00e1s que sobrevivir y retener la amenaza lo suficiente para escapar a tierras for\u00e1neas, al excelso reino de Saffier, con el que una alianza fue fundada, previendo que la amenaza de Glaret no podr\u00eda ser refrenada f\u00e1cilmente. &nbsp; Ahora, con el Imperio de Glaret exudando un poder sin par, conquistando naciones enteras, las fuerzas de Artericia dirigi\u00e9ndose a Saffier y estos \u00faltimos organizando su ofensiva, la batalla de Frey ha dado inicio y solo culminar\u00e1 cuando el bando del bien, o el bando del mal, caiga derrotado.","og_url":"https:\/\/letrame.com\/catalogo\/producto\/la-legendaria-gran-guerra-la-batalla-de-frey\/","og_site_name":"Catalogo | Letrame Grupo Editorial","article_modified_time":"2024-04-29T12:59:22+00:00","og_image":[{"width":601,"height":881,"url":"https:\/\/letrame.com\/catalogo\/wp-content\/uploads\/2024\/04\/redportada_lalegendariaguerra_221mm-1.jpg","type":"image\/jpeg"}],"twitter_card":"summary_large_image","twitter_misc":{"Tiempo de lectura":"1 minuto"},"schema":{"@context":"https:\/\/schema.org","@graph":[{"@type":"WebPage","@id":"https:\/\/letrame.com\/catalogo\/producto\/la-legendaria-gran-guerra-la-batalla-de-frey\/","url":"https:\/\/letrame.com\/catalogo\/producto\/la-legendaria-gran-guerra-la-batalla-de-frey\/","name":"La legendaria gran guerra - La Batalla de Frey - Catalogo | Letrame Grupo Editorial","isPartOf":{"@id":"https:\/\/letrame.com\/catalogo\/#website"},"primaryImageOfPage":{"@id":"https:\/\/letrame.com\/catalogo\/producto\/la-legendaria-gran-guerra-la-batalla-de-frey\/#primaryimage"},"image":{"@id":"https:\/\/letrame.com\/catalogo\/producto\/la-legendaria-gran-guerra-la-batalla-de-frey\/#primaryimage"},"thumbnailUrl":"https:\/\/letrame.com\/catalogo\/wp-content\/uploads\/2024\/04\/redportada_lalegendariaguerra_221mm-1.jpg","datePublished":"2024-04-29T12:59:16+00:00","dateModified":"2024-04-29T12:59:22+00:00","breadcrumb":{"@id":"https:\/\/letrame.com\/catalogo\/producto\/la-legendaria-gran-guerra-la-batalla-de-frey\/#breadcrumb"},"inLanguage":"es","potentialAction":[{"@type":"ReadAction","target":["https:\/\/letrame.com\/catalogo\/producto\/la-legendaria-gran-guerra-la-batalla-de-frey\/"]}]},{"@type":"ImageObject","inLanguage":"es","@id":"https:\/\/letrame.com\/catalogo\/producto\/la-legendaria-gran-guerra-la-batalla-de-frey\/#primaryimage","url":"https:\/\/letrame.com\/catalogo\/wp-content\/uploads\/2024\/04\/redportada_lalegendariaguerra_221mm-1.jpg","contentUrl":"https:\/\/letrame.com\/catalogo\/wp-content\/uploads\/2024\/04\/redportada_lalegendariaguerra_221mm-1.jpg","width":601,"height":881},{"@type":"BreadcrumbList","@id":"https:\/\/letrame.com\/catalogo\/producto\/la-legendaria-gran-guerra-la-batalla-de-frey\/#breadcrumb","itemListElement":[{"@type":"ListItem","position":1,"name":"Portada","item":"https:\/\/letrame.com\/catalogo\/"},{"@type":"ListItem","position":2,"name":"Cat\u00e1logo","item":"https:\/\/letrame.com\/catalogo\/"},{"@type":"ListItem","position":3,"name":"La legendaria gran guerra &#8211; La Batalla de Frey"}]},{"@type":"WebSite","@id":"https:\/\/letrame.com\/catalogo\/#website","url":"https:\/\/letrame.com\/catalogo\/","name":"Catalogo | Letrame Grupo Editorial","description":"","publisher":{"@id":"https:\/\/letrame.com\/catalogo\/#organization"},"potentialAction":[{"@type":"SearchAction","target":{"@type":"EntryPoint","urlTemplate":"https:\/\/letrame.com\/catalogo\/?s={search_term_string}"},"query-input":{"@type":"PropertyValueSpecification","valueRequired":true,"valueName":"search_term_string"}}],"inLanguage":"es"},{"@type":"Organization","@id":"https:\/\/letrame.com\/catalogo\/#organization","name":"Catalogo | Letrame Grupo Editorial","url":"https:\/\/letrame.com\/catalogo\/","logo":{"@type":"ImageObject","inLanguage":"es","@id":"https:\/\/letrame.com\/catalogo\/#\/schema\/logo\/image\/","url":"https:\/\/letrame.com\/catalogo\/wp-content\/uploads\/2024\/03\/logo2.webp","contentUrl":"https:\/\/letrame.com\/catalogo\/wp-content\/uploads\/2024\/03\/logo2.webp","width":394,"height":128,"caption":"Catalogo | Letrame Grupo Editorial"},"image":{"@id":"https:\/\/letrame.com\/catalogo\/#\/schema\/logo\/image\/"}}]}},"_links":{"self":[{"href":"https:\/\/letrame.com\/catalogo\/wp-json\/wp\/v2\/product\/98332","targetHints":{"allow":["GET"]}}],"collection":[{"href":"https:\/\/letrame.com\/catalogo\/wp-json\/wp\/v2\/product"}],"about":[{"href":"https:\/\/letrame.com\/catalogo\/wp-json\/wp\/v2\/types\/product"}],"replies":[{"embeddable":true,"href":"https:\/\/letrame.com\/catalogo\/wp-json\/wp\/v2\/comments?post=98332"}],"acf:post":[{"embeddable":true,"href":"https:\/\/letrame.com\/catalogo\/wp-json\/wp\/v2\/author_book\/76818"}],"wp:featuredmedia":[{"embeddable":true,"href":"https:\/\/letrame.com\/catalogo\/wp-json\/wp\/v2\/media\/98333"}],"wp:attachment":[{"href":"https:\/\/letrame.com\/catalogo\/wp-json\/wp\/v2\/media?parent=98332"}],"wp:term":[{"taxonomy":"libro","embeddable":true,"href":"https:\/\/letrame.com\/catalogo\/wp-json\/wp\/v2\/libro?post=98332"},{"taxonomy":"product_brand","embeddable":true,"href":"https:\/\/letrame.com\/catalogo\/wp-json\/wp\/v2\/product_brand?post=98332"},{"taxonomy":"product_cat","embeddable":true,"href":"https:\/\/letrame.com\/catalogo\/wp-json\/wp\/v2\/product_cat?post=98332"},{"taxonomy":"product_tag","embeddable":true,"href":"https:\/\/letrame.com\/catalogo\/wp-json\/wp\/v2\/product_tag?post=98332"}],"curies":[{"name":"wp","href":"https:\/\/api.w.org\/{rel}","templated":true}]}}