{"id":98304,"date":"2024-04-29T14:58:35","date_gmt":"2024-04-29T12:58:35","guid":{"rendered":"https:\/\/letrame.com\/catalogo\/producto\/cuando-abril-volvio-a-ser-un-mes-de-primavera\/"},"modified":"2024-04-29T14:58:35","modified_gmt":"2024-04-29T12:58:35","slug":"cuando-abril-volvio-a-ser-un-mes-de-primavera","status":"publish","type":"product","link":"https:\/\/letrame.com\/catalogo\/producto\/cuando-abril-volvio-a-ser-un-mes-de-primavera\/","title":{"rendered":"Cuando abril volvi\u00f3 a ser un mes de primavera"},"content":{"rendered":"<p><strong>ISBN<\/strong>: 978-84-1144-389-0<\/p>\n<p><strong>T\u00edtulo<\/strong>: Cuando abril volvi\u00f3 a ser un mes de primavera<br \/>\n<strong>Fecha<\/strong>: 2022<br \/>\n<strong>P\u00e1ginas<\/strong>: 392<\/p>\n<p><strong>SINOPSIS<\/strong><\/p>\n<p>Tras el \u00e9xito de su novela <em>Un refugio para Julia<\/em>, la autora nos sumerge en las profundidades de tres generaciones entrelazadas por un v\u00ednculo com\u00fan.<\/p>\n<p>Un paseo por las calles de Granada y Guadix del siglo pasado, donde confluyeron numerosos hechos hist\u00f3ricos marcando a fuego a cada uno de sus personajes, ajenos a que en el futuro se los mirase con lupa.<\/p>\n<p>Un relato en el que Susana desgrana situaciones desordenadas tomando sentido desde la distancia.<\/p>\n<p>Lola, perdida en las sombras del presente, decide indagar en un pasado relegado al olvido, encontrando las claves para reconducir su futuro, posicionando cada figura sobre el tablero de ajedrez, decidiendo el final de la partida.<\/p>\n","protected":false},"excerpt":{"rendered":"<p><strong>ISBN<\/strong>: 978-84-1144-389-0<\/p>\n<p><strong>SINOPSIS<\/strong><\/p>\n<p>Tras el \u00e9xito de su novela <em>Un refugio para Julia<\/em>, la autora nos sumerge en las profundidades de tres generaciones entrelazadas por un v\u00ednculo com\u00fan.<\/p>\n<p>Un paseo por las calles de Granada y Guadix del siglo pasado, donde confluyeron numerosos hechos hist\u00f3ricos marcando a fuego a cada uno de sus personajes, ajenos a que en el futuro se los mirase con lupa.<\/p>\n<p>Un relato en el que Susana desgrana situaciones desordenadas tomando sentido desde la distancia.<\/p>\n<p>Lola, perdida en las sombras del presente, decide indagar en un pasado relegado al olvido, encontrando las claves para reconducir su futuro, posicionando cada figura sobre el tablero de ajedrez, decidiendo el final de la partida.<\/p>\n<p>&nbsp;<\/p>\n","protected":false},"featured_media":98305,"comment_status":"closed","ping_status":"open","template":"","meta":{"_acf_changed":false},"libro":[],"product_brand":[],"product_cat":[26],"product_tag":[],"class_list":{"0":"post-98304","1":"product","2":"type-product","3":"status-publish","4":"has-post-thumbnail","6":"product_cat-sin-categoria","8":"first","9":"instock","10":"product-type-simple"},"acf":{"autor":[76793],"enlace_de_compra":""},"yoast_head":"<!-- This site is optimized with the Yoast SEO plugin v27.4 - https:\/\/yoast.com\/product\/yoast-seo-wordpress\/ -->\n<title>Cuando abril volvi\u00f3 a ser un mes de primavera - Catalogo | Letrame Grupo Editorial<\/title>\n<meta name=\"robots\" content=\"index, follow, max-snippet:-1, max-image-preview:large, max-video-preview:-1\" \/>\n<link rel=\"canonical\" href=\"https:\/\/letrame.com\/catalogo\/producto\/cuando-abril-volvio-a-ser-un-mes-de-primavera\/\" \/>\n<meta property=\"og:locale\" content=\"es_ES\" \/>\n<meta property=\"og:type\" content=\"article\" \/>\n<meta property=\"og:title\" content=\"Cuando abril volvi\u00f3 a ser un mes de primavera - Catalogo | Letrame Grupo Editorial\" \/>\n<meta property=\"og:description\" content=\"ISBN: 978-84-1144-389-0 SINOPSIS Tras el \u00e9xito de su novela Un refugio para Julia, la autora nos sumerge en las profundidades de tres generaciones entrelazadas por un v\u00ednculo com\u00fan. Un paseo por las calles de Granada y Guadix del siglo pasado, donde confluyeron numerosos hechos hist\u00f3ricos marcando a fuego a cada uno de sus personajes, ajenos a que en el futuro se los mirase con lupa. Un relato en el que Susana desgrana situaciones desordenadas tomando sentido desde la distancia. Lola, perdida en las sombras del presente, decide indagar en un pasado relegado al olvido, encontrando las claves para reconducir su futuro, posicionando cada figura sobre el tablero de ajedrez, decidiendo el final de la partida. &nbsp;\" \/>\n<meta property=\"og:url\" content=\"https:\/\/letrame.com\/catalogo\/producto\/cuando-abril-volvio-a-ser-un-mes-de-primavera\/\" \/>\n<meta property=\"og:site_name\" content=\"Catalogo | Letrame Grupo Editorial\" \/>\n<meta property=\"og:image\" content=\"https:\/\/letrame.com\/catalogo\/wp-content\/uploads\/2024\/04\/redportada_cuandoabril_2144mm.jpg\" \/>\n\t<meta property=\"og:image:width\" content=\"601\" \/>\n\t<meta property=\"og:image:height\" content=\"881\" \/>\n\t<meta property=\"og:image:type\" content=\"image\/jpeg\" \/>\n<meta name=\"twitter:card\" content=\"summary_large_image\" \/>\n<meta name=\"twitter:label1\" content=\"Tiempo de lectura\" \/>\n\t<meta name=\"twitter:data1\" content=\"1 minuto\" \/>\n<script type=\"application\/ld+json\" class=\"yoast-schema-graph\">{\"@context\":\"https:\\\/\\\/schema.org\",\"@graph\":[{\"@type\":\"WebPage\",\"@id\":\"https:\\\/\\\/letrame.com\\\/catalogo\\\/producto\\\/cuando-abril-volvio-a-ser-un-mes-de-primavera\\\/\",\"url\":\"https:\\\/\\\/letrame.com\\\/catalogo\\\/producto\\\/cuando-abril-volvio-a-ser-un-mes-de-primavera\\\/\",\"name\":\"Cuando abril volvi\u00f3 a ser un mes de primavera - Catalogo | Letrame Grupo Editorial\",\"isPartOf\":{\"@id\":\"https:\\\/\\\/letrame.com\\\/catalogo\\\/#website\"},\"primaryImageOfPage\":{\"@id\":\"https:\\\/\\\/letrame.com\\\/catalogo\\\/producto\\\/cuando-abril-volvio-a-ser-un-mes-de-primavera\\\/#primaryimage\"},\"image\":{\"@id\":\"https:\\\/\\\/letrame.com\\\/catalogo\\\/producto\\\/cuando-abril-volvio-a-ser-un-mes-de-primavera\\\/#primaryimage\"},\"thumbnailUrl\":\"https:\\\/\\\/letrame.com\\\/catalogo\\\/wp-content\\\/uploads\\\/2024\\\/04\\\/redportada_cuandoabril_2144mm.jpg\",\"datePublished\":\"2024-04-29T12:58:35+00:00\",\"breadcrumb\":{\"@id\":\"https:\\\/\\\/letrame.com\\\/catalogo\\\/producto\\\/cuando-abril-volvio-a-ser-un-mes-de-primavera\\\/#breadcrumb\"},\"inLanguage\":\"es\",\"potentialAction\":[{\"@type\":\"ReadAction\",\"target\":[\"https:\\\/\\\/letrame.com\\\/catalogo\\\/producto\\\/cuando-abril-volvio-a-ser-un-mes-de-primavera\\\/\"]}]},{\"@type\":\"ImageObject\",\"inLanguage\":\"es\",\"@id\":\"https:\\\/\\\/letrame.com\\\/catalogo\\\/producto\\\/cuando-abril-volvio-a-ser-un-mes-de-primavera\\\/#primaryimage\",\"url\":\"https:\\\/\\\/letrame.com\\\/catalogo\\\/wp-content\\\/uploads\\\/2024\\\/04\\\/redportada_cuandoabril_2144mm.jpg\",\"contentUrl\":\"https:\\\/\\\/letrame.com\\\/catalogo\\\/wp-content\\\/uploads\\\/2024\\\/04\\\/redportada_cuandoabril_2144mm.jpg\",\"width\":601,\"height\":881},{\"@type\":\"BreadcrumbList\",\"@id\":\"https:\\\/\\\/letrame.com\\\/catalogo\\\/producto\\\/cuando-abril-volvio-a-ser-un-mes-de-primavera\\\/#breadcrumb\",\"itemListElement\":[{\"@type\":\"ListItem\",\"position\":1,\"name\":\"Portada\",\"item\":\"https:\\\/\\\/letrame.com\\\/catalogo\\\/\"},{\"@type\":\"ListItem\",\"position\":2,\"name\":\"Cat\u00e1logo\",\"item\":\"https:\\\/\\\/letrame.com\\\/catalogo\\\/\"},{\"@type\":\"ListItem\",\"position\":3,\"name\":\"Cuando abril volvi\u00f3 a ser un mes de primavera\"}]},{\"@type\":\"WebSite\",\"@id\":\"https:\\\/\\\/letrame.com\\\/catalogo\\\/#website\",\"url\":\"https:\\\/\\\/letrame.com\\\/catalogo\\\/\",\"name\":\"Catalogo | Letrame Grupo Editorial\",\"description\":\"\",\"publisher\":{\"@id\":\"https:\\\/\\\/letrame.com\\\/catalogo\\\/#organization\"},\"potentialAction\":[{\"@type\":\"SearchAction\",\"target\":{\"@type\":\"EntryPoint\",\"urlTemplate\":\"https:\\\/\\\/letrame.com\\\/catalogo\\\/?s={search_term_string}\"},\"query-input\":{\"@type\":\"PropertyValueSpecification\",\"valueRequired\":true,\"valueName\":\"search_term_string\"}}],\"inLanguage\":\"es\"},{\"@type\":\"Organization\",\"@id\":\"https:\\\/\\\/letrame.com\\\/catalogo\\\/#organization\",\"name\":\"Catalogo | Letrame Grupo Editorial\",\"url\":\"https:\\\/\\\/letrame.com\\\/catalogo\\\/\",\"logo\":{\"@type\":\"ImageObject\",\"inLanguage\":\"es\",\"@id\":\"https:\\\/\\\/letrame.com\\\/catalogo\\\/#\\\/schema\\\/logo\\\/image\\\/\",\"url\":\"https:\\\/\\\/letrame.com\\\/catalogo\\\/wp-content\\\/uploads\\\/2024\\\/03\\\/logo2.webp\",\"contentUrl\":\"https:\\\/\\\/letrame.com\\\/catalogo\\\/wp-content\\\/uploads\\\/2024\\\/03\\\/logo2.webp\",\"width\":394,\"height\":128,\"caption\":\"Catalogo | Letrame Grupo Editorial\"},\"image\":{\"@id\":\"https:\\\/\\\/letrame.com\\\/catalogo\\\/#\\\/schema\\\/logo\\\/image\\\/\"}}]}<\/script>\n<!-- \/ Yoast SEO plugin. -->","yoast_head_json":{"title":"Cuando abril volvi\u00f3 a ser un mes de primavera - Catalogo | Letrame Grupo Editorial","robots":{"index":"index","follow":"follow","max-snippet":"max-snippet:-1","max-image-preview":"max-image-preview:large","max-video-preview":"max-video-preview:-1"},"canonical":"https:\/\/letrame.com\/catalogo\/producto\/cuando-abril-volvio-a-ser-un-mes-de-primavera\/","og_locale":"es_ES","og_type":"article","og_title":"Cuando abril volvi\u00f3 a ser un mes de primavera - Catalogo | Letrame Grupo Editorial","og_description":"ISBN: 978-84-1144-389-0 SINOPSIS Tras el \u00e9xito de su novela Un refugio para Julia, la autora nos sumerge en las profundidades de tres generaciones entrelazadas por un v\u00ednculo com\u00fan. Un paseo por las calles de Granada y Guadix del siglo pasado, donde confluyeron numerosos hechos hist\u00f3ricos marcando a fuego a cada uno de sus personajes, ajenos a que en el futuro se los mirase con lupa. Un relato en el que Susana desgrana situaciones desordenadas tomando sentido desde la distancia. Lola, perdida en las sombras del presente, decide indagar en un pasado relegado al olvido, encontrando las claves para reconducir su futuro, posicionando cada figura sobre el tablero de ajedrez, decidiendo el final de la partida. &nbsp;","og_url":"https:\/\/letrame.com\/catalogo\/producto\/cuando-abril-volvio-a-ser-un-mes-de-primavera\/","og_site_name":"Catalogo | Letrame Grupo Editorial","og_image":[{"width":601,"height":881,"url":"https:\/\/letrame.com\/catalogo\/wp-content\/uploads\/2024\/04\/redportada_cuandoabril_2144mm.jpg","type":"image\/jpeg"}],"twitter_card":"summary_large_image","twitter_misc":{"Tiempo de lectura":"1 minuto"},"schema":{"@context":"https:\/\/schema.org","@graph":[{"@type":"WebPage","@id":"https:\/\/letrame.com\/catalogo\/producto\/cuando-abril-volvio-a-ser-un-mes-de-primavera\/","url":"https:\/\/letrame.com\/catalogo\/producto\/cuando-abril-volvio-a-ser-un-mes-de-primavera\/","name":"Cuando abril volvi\u00f3 a ser un mes de primavera - Catalogo | Letrame Grupo Editorial","isPartOf":{"@id":"https:\/\/letrame.com\/catalogo\/#website"},"primaryImageOfPage":{"@id":"https:\/\/letrame.com\/catalogo\/producto\/cuando-abril-volvio-a-ser-un-mes-de-primavera\/#primaryimage"},"image":{"@id":"https:\/\/letrame.com\/catalogo\/producto\/cuando-abril-volvio-a-ser-un-mes-de-primavera\/#primaryimage"},"thumbnailUrl":"https:\/\/letrame.com\/catalogo\/wp-content\/uploads\/2024\/04\/redportada_cuandoabril_2144mm.jpg","datePublished":"2024-04-29T12:58:35+00:00","breadcrumb":{"@id":"https:\/\/letrame.com\/catalogo\/producto\/cuando-abril-volvio-a-ser-un-mes-de-primavera\/#breadcrumb"},"inLanguage":"es","potentialAction":[{"@type":"ReadAction","target":["https:\/\/letrame.com\/catalogo\/producto\/cuando-abril-volvio-a-ser-un-mes-de-primavera\/"]}]},{"@type":"ImageObject","inLanguage":"es","@id":"https:\/\/letrame.com\/catalogo\/producto\/cuando-abril-volvio-a-ser-un-mes-de-primavera\/#primaryimage","url":"https:\/\/letrame.com\/catalogo\/wp-content\/uploads\/2024\/04\/redportada_cuandoabril_2144mm.jpg","contentUrl":"https:\/\/letrame.com\/catalogo\/wp-content\/uploads\/2024\/04\/redportada_cuandoabril_2144mm.jpg","width":601,"height":881},{"@type":"BreadcrumbList","@id":"https:\/\/letrame.com\/catalogo\/producto\/cuando-abril-volvio-a-ser-un-mes-de-primavera\/#breadcrumb","itemListElement":[{"@type":"ListItem","position":1,"name":"Portada","item":"https:\/\/letrame.com\/catalogo\/"},{"@type":"ListItem","position":2,"name":"Cat\u00e1logo","item":"https:\/\/letrame.com\/catalogo\/"},{"@type":"ListItem","position":3,"name":"Cuando abril volvi\u00f3 a ser un mes de primavera"}]},{"@type":"WebSite","@id":"https:\/\/letrame.com\/catalogo\/#website","url":"https:\/\/letrame.com\/catalogo\/","name":"Catalogo | Letrame Grupo Editorial","description":"","publisher":{"@id":"https:\/\/letrame.com\/catalogo\/#organization"},"potentialAction":[{"@type":"SearchAction","target":{"@type":"EntryPoint","urlTemplate":"https:\/\/letrame.com\/catalogo\/?s={search_term_string}"},"query-input":{"@type":"PropertyValueSpecification","valueRequired":true,"valueName":"search_term_string"}}],"inLanguage":"es"},{"@type":"Organization","@id":"https:\/\/letrame.com\/catalogo\/#organization","name":"Catalogo | Letrame Grupo Editorial","url":"https:\/\/letrame.com\/catalogo\/","logo":{"@type":"ImageObject","inLanguage":"es","@id":"https:\/\/letrame.com\/catalogo\/#\/schema\/logo\/image\/","url":"https:\/\/letrame.com\/catalogo\/wp-content\/uploads\/2024\/03\/logo2.webp","contentUrl":"https:\/\/letrame.com\/catalogo\/wp-content\/uploads\/2024\/03\/logo2.webp","width":394,"height":128,"caption":"Catalogo | Letrame Grupo Editorial"},"image":{"@id":"https:\/\/letrame.com\/catalogo\/#\/schema\/logo\/image\/"}}]}},"_links":{"self":[{"href":"https:\/\/letrame.com\/catalogo\/wp-json\/wp\/v2\/product\/98304","targetHints":{"allow":["GET"]}}],"collection":[{"href":"https:\/\/letrame.com\/catalogo\/wp-json\/wp\/v2\/product"}],"about":[{"href":"https:\/\/letrame.com\/catalogo\/wp-json\/wp\/v2\/types\/product"}],"replies":[{"embeddable":true,"href":"https:\/\/letrame.com\/catalogo\/wp-json\/wp\/v2\/comments?post=98304"}],"acf:post":[{"embeddable":true,"href":"https:\/\/letrame.com\/catalogo\/wp-json\/wp\/v2\/author_book\/76793"}],"wp:featuredmedia":[{"embeddable":true,"href":"https:\/\/letrame.com\/catalogo\/wp-json\/wp\/v2\/media\/98305"}],"wp:attachment":[{"href":"https:\/\/letrame.com\/catalogo\/wp-json\/wp\/v2\/media?parent=98304"}],"wp:term":[{"taxonomy":"libro","embeddable":true,"href":"https:\/\/letrame.com\/catalogo\/wp-json\/wp\/v2\/libro?post=98304"},{"taxonomy":"product_brand","embeddable":true,"href":"https:\/\/letrame.com\/catalogo\/wp-json\/wp\/v2\/product_brand?post=98304"},{"taxonomy":"product_cat","embeddable":true,"href":"https:\/\/letrame.com\/catalogo\/wp-json\/wp\/v2\/product_cat?post=98304"},{"taxonomy":"product_tag","embeddable":true,"href":"https:\/\/letrame.com\/catalogo\/wp-json\/wp\/v2\/product_tag?post=98304"}],"curies":[{"name":"wp","href":"https:\/\/api.w.org\/{rel}","templated":true}]}}