{"id":98295,"date":"2024-04-29T14:57:34","date_gmt":"2024-04-29T12:57:34","guid":{"rendered":"https:\/\/letrame.com\/catalogo\/producto\/revelaciones-desde-la-llanura-de-mis-privilegios\/"},"modified":"2024-04-29T14:57:38","modified_gmt":"2024-04-29T12:57:38","slug":"revelaciones-desde-la-llanura-de-mis-privilegios","status":"publish","type":"product","link":"https:\/\/letrame.com\/catalogo\/producto\/revelaciones-desde-la-llanura-de-mis-privilegios\/","title":{"rendered":"Revelaciones desde la llanura de mis privilegios"},"content":{"rendered":"<p><strong>ISBN<\/strong>: 978-84-1144-113-1<\/p>\n<p><strong>T\u00edtulo<\/strong>: Revelaciones desde la llanura de mis privilegios<br \/>\n<strong>Fecha<\/strong>: 2022<br \/>\n<strong>P\u00e1ginas<\/strong>: 80<\/p>\n<p><strong>SINOPSIS<\/strong><\/p>\n<p class=\"LO-Normal\" style=\"text-align: justify;\"><i><span style=\"font-size: 12.0pt; line-height: 105%; font-family: 'Times New Roman',serif;\">Revelaciones desde la llanura de mis privilegios<\/span><\/i><span style=\"font-size: 12.0pt; line-height: 105%; font-family: 'Times New Roman',serif;\"> es una antolog\u00eda po\u00e9tica consagrada a la valoraci\u00f3n de la existencia como sujeto antagonista de la normatividad. Por sus p\u00e1ginas deambulan una serie de temas cuidadosamente segmentados en cuatro partes. <i>Mi conciencia es vac\u00edo<\/i>, como fase introductoria y de introspecci\u00f3n a todas las secuelas psicol\u00f3gicas. <i>El arrullo del<\/i> <i>olvido<\/i> refleja desde la esfera m\u00e1s cruda la angustia y el dolor que desembocan en un estado depresivo. <i>Delirio afectivo<\/i>, por su parte, nos seca las l\u00e1grimas, empleando un tono m\u00e1s liviano para describir como soplo de aire fresco las interacciones afectivas. Finalmente, llegan las <i>Revelaciones<\/i>, expuestas desde un punto cr\u00edtico donde la autora evidencia c\u00f3mo los privilegios sociales estigmatizan, segregan y causan indefensi\u00f3n a su identidad y la de toda una comunidad.<\/span><\/p>\n<p>&nbsp;<\/p>\n","protected":false},"excerpt":{"rendered":"<p><strong>ISBN<\/strong>: 978-84-1144-113-1<\/p>\n<p><strong>SINOPSIS<\/strong><\/p>\n<p class=\"LO-Normal\" style=\"text-align: justify;\"><i><span style=\"font-size: 12.0pt; line-height: 105%; font-family: 'Times New Roman',serif;\">Revelaciones desde la llanura de mis privilegios<\/span><\/i><span style=\"font-size: 12.0pt; line-height: 105%; font-family: 'Times New Roman',serif;\"> es una antolog\u00eda po\u00e9tica consagrada a la valoraci\u00f3n de la existencia como sujeto antagonista de la normatividad. Por sus p\u00e1ginas deambulan una serie de temas cuidadosamente segmentados en cuatro partes. <i>Mi conciencia es vac\u00edo<\/i>, como fase introductoria y de introspecci\u00f3n a todas las secuelas psicol\u00f3gicas. <i>El arrullo del<\/i> <i>olvido<\/i> refleja desde la esfera m\u00e1s cruda la angustia y el dolor que desembocan en un estado depresivo. <i>Delirio afectivo<\/i>, por su parte, nos seca las l\u00e1grimas, empleando un tono m\u00e1s liviano para describir como soplo de aire fresco las interacciones afectivas. Finalmente, llegan las <i>Revelaciones<\/i>, expuestas desde un punto cr\u00edtico donde la autora evidencia c\u00f3mo los privilegios sociales estigmatizan, segregan y causan indefensi\u00f3n a su identidad y la de toda una comunidad.<\/span><\/p>\n","protected":false},"featured_media":98296,"comment_status":"closed","ping_status":"open","template":"","meta":{"_acf_changed":false},"libro":[],"product_brand":[],"product_cat":[20],"product_tag":[],"class_list":{"0":"post-98295","1":"product","2":"type-product","3":"status-publish","4":"has-post-thumbnail","6":"product_cat-poesia","8":"first","9":"instock","10":"purchasable","11":"product-type-simple"},"acf":{"autor":[76783],"enlace_de_compra":"https:\/\/www.amazon.es\/Revelaciones-desde-llanura-mis-privilegios\/dp\/841144113X\/"},"yoast_head":"<!-- This site is optimized with the Yoast SEO plugin v27.4 - https:\/\/yoast.com\/product\/yoast-seo-wordpress\/ -->\n<title>Revelaciones desde la llanura de mis privilegios - Catalogo | Letrame Grupo Editorial<\/title>\n<meta name=\"robots\" content=\"index, follow, max-snippet:-1, max-image-preview:large, max-video-preview:-1\" \/>\n<link rel=\"canonical\" href=\"https:\/\/letrame.com\/catalogo\/producto\/revelaciones-desde-la-llanura-de-mis-privilegios\/\" \/>\n<meta property=\"og:locale\" content=\"es_ES\" \/>\n<meta property=\"og:type\" content=\"article\" \/>\n<meta property=\"og:title\" content=\"Revelaciones desde la llanura de mis privilegios - Catalogo | Letrame Grupo Editorial\" \/>\n<meta property=\"og:description\" content=\"ISBN: 978-84-1144-113-1 SINOPSIS Revelaciones desde la llanura de mis privilegios es una antolog\u00eda po\u00e9tica consagrada a la valoraci\u00f3n de la existencia como sujeto antagonista de la normatividad. Por sus p\u00e1ginas deambulan una serie de temas cuidadosamente segmentados en cuatro partes. Mi conciencia es vac\u00edo, como fase introductoria y de introspecci\u00f3n a todas las secuelas psicol\u00f3gicas. El arrullo del olvido refleja desde la esfera m\u00e1s cruda la angustia y el dolor que desembocan en un estado depresivo. Delirio afectivo, por su parte, nos seca las l\u00e1grimas, empleando un tono m\u00e1s liviano para describir como soplo de aire fresco las interacciones afectivas. Finalmente, llegan las Revelaciones, expuestas desde un punto cr\u00edtico donde la autora evidencia c\u00f3mo los privilegios sociales estigmatizan, segregan y causan indefensi\u00f3n a su identidad y la de toda una comunidad.\" \/>\n<meta property=\"og:url\" content=\"https:\/\/letrame.com\/catalogo\/producto\/revelaciones-desde-la-llanura-de-mis-privilegios\/\" \/>\n<meta property=\"og:site_name\" content=\"Catalogo | Letrame Grupo Editorial\" \/>\n<meta property=\"article:modified_time\" content=\"2024-04-29T12:57:38+00:00\" \/>\n<meta property=\"og:image\" content=\"https:\/\/letrame.com\/catalogo\/wp-content\/uploads\/2024\/04\/redportada_revelaciones_476mm-1.jpg\" \/>\n\t<meta property=\"og:image:width\" content=\"601\" \/>\n\t<meta property=\"og:image:height\" content=\"881\" \/>\n\t<meta property=\"og:image:type\" content=\"image\/jpeg\" \/>\n<meta name=\"twitter:card\" content=\"summary_large_image\" \/>\n<meta name=\"twitter:label1\" content=\"Tiempo de lectura\" \/>\n\t<meta name=\"twitter:data1\" content=\"1 minuto\" \/>\n<script type=\"application\/ld+json\" class=\"yoast-schema-graph\">{\"@context\":\"https:\\\/\\\/schema.org\",\"@graph\":[{\"@type\":\"WebPage\",\"@id\":\"https:\\\/\\\/letrame.com\\\/catalogo\\\/producto\\\/revelaciones-desde-la-llanura-de-mis-privilegios\\\/\",\"url\":\"https:\\\/\\\/letrame.com\\\/catalogo\\\/producto\\\/revelaciones-desde-la-llanura-de-mis-privilegios\\\/\",\"name\":\"Revelaciones desde la llanura de mis privilegios - Catalogo | Letrame Grupo Editorial\",\"isPartOf\":{\"@id\":\"https:\\\/\\\/letrame.com\\\/catalogo\\\/#website\"},\"primaryImageOfPage\":{\"@id\":\"https:\\\/\\\/letrame.com\\\/catalogo\\\/producto\\\/revelaciones-desde-la-llanura-de-mis-privilegios\\\/#primaryimage\"},\"image\":{\"@id\":\"https:\\\/\\\/letrame.com\\\/catalogo\\\/producto\\\/revelaciones-desde-la-llanura-de-mis-privilegios\\\/#primaryimage\"},\"thumbnailUrl\":\"https:\\\/\\\/letrame.com\\\/catalogo\\\/wp-content\\\/uploads\\\/2024\\\/04\\\/redportada_revelaciones_476mm-1.jpg\",\"datePublished\":\"2024-04-29T12:57:34+00:00\",\"dateModified\":\"2024-04-29T12:57:38+00:00\",\"breadcrumb\":{\"@id\":\"https:\\\/\\\/letrame.com\\\/catalogo\\\/producto\\\/revelaciones-desde-la-llanura-de-mis-privilegios\\\/#breadcrumb\"},\"inLanguage\":\"es\",\"potentialAction\":[{\"@type\":\"ReadAction\",\"target\":[\"https:\\\/\\\/letrame.com\\\/catalogo\\\/producto\\\/revelaciones-desde-la-llanura-de-mis-privilegios\\\/\"]}]},{\"@type\":\"ImageObject\",\"inLanguage\":\"es\",\"@id\":\"https:\\\/\\\/letrame.com\\\/catalogo\\\/producto\\\/revelaciones-desde-la-llanura-de-mis-privilegios\\\/#primaryimage\",\"url\":\"https:\\\/\\\/letrame.com\\\/catalogo\\\/wp-content\\\/uploads\\\/2024\\\/04\\\/redportada_revelaciones_476mm-1.jpg\",\"contentUrl\":\"https:\\\/\\\/letrame.com\\\/catalogo\\\/wp-content\\\/uploads\\\/2024\\\/04\\\/redportada_revelaciones_476mm-1.jpg\",\"width\":601,\"height\":881},{\"@type\":\"BreadcrumbList\",\"@id\":\"https:\\\/\\\/letrame.com\\\/catalogo\\\/producto\\\/revelaciones-desde-la-llanura-de-mis-privilegios\\\/#breadcrumb\",\"itemListElement\":[{\"@type\":\"ListItem\",\"position\":1,\"name\":\"Portada\",\"item\":\"https:\\\/\\\/letrame.com\\\/catalogo\\\/\"},{\"@type\":\"ListItem\",\"position\":2,\"name\":\"Cat\u00e1logo\",\"item\":\"https:\\\/\\\/letrame.com\\\/catalogo\\\/\"},{\"@type\":\"ListItem\",\"position\":3,\"name\":\"Revelaciones desde la llanura de mis privilegios\"}]},{\"@type\":\"WebSite\",\"@id\":\"https:\\\/\\\/letrame.com\\\/catalogo\\\/#website\",\"url\":\"https:\\\/\\\/letrame.com\\\/catalogo\\\/\",\"name\":\"Catalogo | Letrame Grupo Editorial\",\"description\":\"\",\"publisher\":{\"@id\":\"https:\\\/\\\/letrame.com\\\/catalogo\\\/#organization\"},\"potentialAction\":[{\"@type\":\"SearchAction\",\"target\":{\"@type\":\"EntryPoint\",\"urlTemplate\":\"https:\\\/\\\/letrame.com\\\/catalogo\\\/?s={search_term_string}\"},\"query-input\":{\"@type\":\"PropertyValueSpecification\",\"valueRequired\":true,\"valueName\":\"search_term_string\"}}],\"inLanguage\":\"es\"},{\"@type\":\"Organization\",\"@id\":\"https:\\\/\\\/letrame.com\\\/catalogo\\\/#organization\",\"name\":\"Catalogo | Letrame Grupo Editorial\",\"url\":\"https:\\\/\\\/letrame.com\\\/catalogo\\\/\",\"logo\":{\"@type\":\"ImageObject\",\"inLanguage\":\"es\",\"@id\":\"https:\\\/\\\/letrame.com\\\/catalogo\\\/#\\\/schema\\\/logo\\\/image\\\/\",\"url\":\"https:\\\/\\\/letrame.com\\\/catalogo\\\/wp-content\\\/uploads\\\/2024\\\/03\\\/logo2.webp\",\"contentUrl\":\"https:\\\/\\\/letrame.com\\\/catalogo\\\/wp-content\\\/uploads\\\/2024\\\/03\\\/logo2.webp\",\"width\":394,\"height\":128,\"caption\":\"Catalogo | Letrame Grupo Editorial\"},\"image\":{\"@id\":\"https:\\\/\\\/letrame.com\\\/catalogo\\\/#\\\/schema\\\/logo\\\/image\\\/\"}}]}<\/script>\n<!-- \/ Yoast SEO plugin. -->","yoast_head_json":{"title":"Revelaciones desde la llanura de mis privilegios - Catalogo | Letrame Grupo Editorial","robots":{"index":"index","follow":"follow","max-snippet":"max-snippet:-1","max-image-preview":"max-image-preview:large","max-video-preview":"max-video-preview:-1"},"canonical":"https:\/\/letrame.com\/catalogo\/producto\/revelaciones-desde-la-llanura-de-mis-privilegios\/","og_locale":"es_ES","og_type":"article","og_title":"Revelaciones desde la llanura de mis privilegios - Catalogo | Letrame Grupo Editorial","og_description":"ISBN: 978-84-1144-113-1 SINOPSIS Revelaciones desde la llanura de mis privilegios es una antolog\u00eda po\u00e9tica consagrada a la valoraci\u00f3n de la existencia como sujeto antagonista de la normatividad. Por sus p\u00e1ginas deambulan una serie de temas cuidadosamente segmentados en cuatro partes. Mi conciencia es vac\u00edo, como fase introductoria y de introspecci\u00f3n a todas las secuelas psicol\u00f3gicas. El arrullo del olvido refleja desde la esfera m\u00e1s cruda la angustia y el dolor que desembocan en un estado depresivo. Delirio afectivo, por su parte, nos seca las l\u00e1grimas, empleando un tono m\u00e1s liviano para describir como soplo de aire fresco las interacciones afectivas. Finalmente, llegan las Revelaciones, expuestas desde un punto cr\u00edtico donde la autora evidencia c\u00f3mo los privilegios sociales estigmatizan, segregan y causan indefensi\u00f3n a su identidad y la de toda una comunidad.","og_url":"https:\/\/letrame.com\/catalogo\/producto\/revelaciones-desde-la-llanura-de-mis-privilegios\/","og_site_name":"Catalogo | Letrame Grupo Editorial","article_modified_time":"2024-04-29T12:57:38+00:00","og_image":[{"width":601,"height":881,"url":"https:\/\/letrame.com\/catalogo\/wp-content\/uploads\/2024\/04\/redportada_revelaciones_476mm-1.jpg","type":"image\/jpeg"}],"twitter_card":"summary_large_image","twitter_misc":{"Tiempo de lectura":"1 minuto"},"schema":{"@context":"https:\/\/schema.org","@graph":[{"@type":"WebPage","@id":"https:\/\/letrame.com\/catalogo\/producto\/revelaciones-desde-la-llanura-de-mis-privilegios\/","url":"https:\/\/letrame.com\/catalogo\/producto\/revelaciones-desde-la-llanura-de-mis-privilegios\/","name":"Revelaciones desde la llanura de mis privilegios - Catalogo | Letrame Grupo Editorial","isPartOf":{"@id":"https:\/\/letrame.com\/catalogo\/#website"},"primaryImageOfPage":{"@id":"https:\/\/letrame.com\/catalogo\/producto\/revelaciones-desde-la-llanura-de-mis-privilegios\/#primaryimage"},"image":{"@id":"https:\/\/letrame.com\/catalogo\/producto\/revelaciones-desde-la-llanura-de-mis-privilegios\/#primaryimage"},"thumbnailUrl":"https:\/\/letrame.com\/catalogo\/wp-content\/uploads\/2024\/04\/redportada_revelaciones_476mm-1.jpg","datePublished":"2024-04-29T12:57:34+00:00","dateModified":"2024-04-29T12:57:38+00:00","breadcrumb":{"@id":"https:\/\/letrame.com\/catalogo\/producto\/revelaciones-desde-la-llanura-de-mis-privilegios\/#breadcrumb"},"inLanguage":"es","potentialAction":[{"@type":"ReadAction","target":["https:\/\/letrame.com\/catalogo\/producto\/revelaciones-desde-la-llanura-de-mis-privilegios\/"]}]},{"@type":"ImageObject","inLanguage":"es","@id":"https:\/\/letrame.com\/catalogo\/producto\/revelaciones-desde-la-llanura-de-mis-privilegios\/#primaryimage","url":"https:\/\/letrame.com\/catalogo\/wp-content\/uploads\/2024\/04\/redportada_revelaciones_476mm-1.jpg","contentUrl":"https:\/\/letrame.com\/catalogo\/wp-content\/uploads\/2024\/04\/redportada_revelaciones_476mm-1.jpg","width":601,"height":881},{"@type":"BreadcrumbList","@id":"https:\/\/letrame.com\/catalogo\/producto\/revelaciones-desde-la-llanura-de-mis-privilegios\/#breadcrumb","itemListElement":[{"@type":"ListItem","position":1,"name":"Portada","item":"https:\/\/letrame.com\/catalogo\/"},{"@type":"ListItem","position":2,"name":"Cat\u00e1logo","item":"https:\/\/letrame.com\/catalogo\/"},{"@type":"ListItem","position":3,"name":"Revelaciones desde la llanura de mis privilegios"}]},{"@type":"WebSite","@id":"https:\/\/letrame.com\/catalogo\/#website","url":"https:\/\/letrame.com\/catalogo\/","name":"Catalogo | Letrame Grupo Editorial","description":"","publisher":{"@id":"https:\/\/letrame.com\/catalogo\/#organization"},"potentialAction":[{"@type":"SearchAction","target":{"@type":"EntryPoint","urlTemplate":"https:\/\/letrame.com\/catalogo\/?s={search_term_string}"},"query-input":{"@type":"PropertyValueSpecification","valueRequired":true,"valueName":"search_term_string"}}],"inLanguage":"es"},{"@type":"Organization","@id":"https:\/\/letrame.com\/catalogo\/#organization","name":"Catalogo | Letrame Grupo Editorial","url":"https:\/\/letrame.com\/catalogo\/","logo":{"@type":"ImageObject","inLanguage":"es","@id":"https:\/\/letrame.com\/catalogo\/#\/schema\/logo\/image\/","url":"https:\/\/letrame.com\/catalogo\/wp-content\/uploads\/2024\/03\/logo2.webp","contentUrl":"https:\/\/letrame.com\/catalogo\/wp-content\/uploads\/2024\/03\/logo2.webp","width":394,"height":128,"caption":"Catalogo | Letrame Grupo Editorial"},"image":{"@id":"https:\/\/letrame.com\/catalogo\/#\/schema\/logo\/image\/"}}]}},"_links":{"self":[{"href":"https:\/\/letrame.com\/catalogo\/wp-json\/wp\/v2\/product\/98295","targetHints":{"allow":["GET"]}}],"collection":[{"href":"https:\/\/letrame.com\/catalogo\/wp-json\/wp\/v2\/product"}],"about":[{"href":"https:\/\/letrame.com\/catalogo\/wp-json\/wp\/v2\/types\/product"}],"replies":[{"embeddable":true,"href":"https:\/\/letrame.com\/catalogo\/wp-json\/wp\/v2\/comments?post=98295"}],"acf:post":[{"embeddable":true,"href":"https:\/\/letrame.com\/catalogo\/wp-json\/wp\/v2\/author_book\/76783"}],"wp:featuredmedia":[{"embeddable":true,"href":"https:\/\/letrame.com\/catalogo\/wp-json\/wp\/v2\/media\/98296"}],"wp:attachment":[{"href":"https:\/\/letrame.com\/catalogo\/wp-json\/wp\/v2\/media?parent=98295"}],"wp:term":[{"taxonomy":"libro","embeddable":true,"href":"https:\/\/letrame.com\/catalogo\/wp-json\/wp\/v2\/libro?post=98295"},{"taxonomy":"product_brand","embeddable":true,"href":"https:\/\/letrame.com\/catalogo\/wp-json\/wp\/v2\/product_brand?post=98295"},{"taxonomy":"product_cat","embeddable":true,"href":"https:\/\/letrame.com\/catalogo\/wp-json\/wp\/v2\/product_cat?post=98295"},{"taxonomy":"product_tag","embeddable":true,"href":"https:\/\/letrame.com\/catalogo\/wp-json\/wp\/v2\/product_tag?post=98295"}],"curies":[{"name":"wp","href":"https:\/\/api.w.org\/{rel}","templated":true}]}}