{"id":98174,"date":"2024-04-29T14:51:58","date_gmt":"2024-04-29T12:51:58","guid":{"rendered":"https:\/\/letrame.com\/catalogo\/producto\/la-ventana-del-rey-2\/"},"modified":"2024-08-12T10:18:15","modified_gmt":"2024-08-12T08:18:15","slug":"la-ventana-del-rey-2","status":"publish","type":"product","link":"https:\/\/letrame.com\/catalogo\/producto\/la-ventana-del-rey-2\/","title":{"rendered":"La ventana del rey"},"content":{"rendered":"<p><strong>ISBN<\/strong>: 978-84-1144-105-6<\/p>\n<p><strong>T\u00edtulo<\/strong>: La ventana del rey<br \/>\n<strong>Fecha<\/strong>: 2022<br \/>\n<strong>P\u00e1ginas<\/strong>: 568<\/p>\n<p><strong>SINOPSIS<\/strong><\/p>\n<p>Cuando se\u00a0 busca el origen de las cosas que en realidad han sucedido y solo se es lubricante en el engranaje de lo que ocurri\u00f3, tal vez resulte m\u00e1s f\u00e1cil exponer los sentimientos que no te rozan directamente, pero cuando adem\u00e1s de querer descubrir ese origen tienes que desenterrarlo para explicarlo, eres parte del engranaje y sientes la obligaci\u00f3n de recuperarlo para demostrarlo, la realidad te desborda, tu conciencia se atasca sin poder sincronizar, el esfuerzo se multiplica y tu alma se desgasta intentando avanzar para nunca llegar, sobre todo cuando tu intenci\u00f3n no es solamente la de escribir un libro, sino la de escribir una historia para cristalizar una realidad como homenaje a una persona, que si bien hace a\u00f1os simboliz\u00f3 con su ejemplo para quienes le conocieron -el amor, el respeto, la amistad y la concordia entre los pueblos, las clases y las familias-, tal vez hoy m\u00e1s que nunca necesitemos recordarlo.<\/p>\n<p>Aprovecho esta tercera edici\u00f3n para ampliarla, introduciendo m\u00e1s fotos, nuevos cap\u00edtulos y correcciones, puntualizando que todo se ajusta a la realidad vivida en mi autobiograf\u00eda y son de mi total autor\u00eda. Nuevas fotos y relatos, que os volver\u00e1n a sorprender a todos los que ya me hab\u00e9is le\u00eddo en anteriores ediciones.<\/p>\n<p>&nbsp;<\/p>\n","protected":false},"excerpt":{"rendered":"<p><strong>ISBN<\/strong>: 978-84-1144-105-6<\/p>\n<p><strong>SINOPSIS<\/strong><\/p>\n<p>Cuando se\u00a0 busca el origen de las cosas que en realidad han sucedido y solo se es lubricante en el engranaje de lo que ocurri\u00f3, tal vez resulte m\u00e1s f\u00e1cil exponer los sentimientos que no te rozan directamente, pero cuando adem\u00e1s de querer descubrir ese origen tienes que desenterrarlo para explicarlo, eres parte del engranaje y sientes la obligaci\u00f3n de recuperarlo para demostrarlo, la realidad te desborda, tu conciencia se atasca sin poder sincronizar, el esfuerzo se multiplica y tu alma se desgasta intentando avanzar para nunca llegar, sobre todo cuando tu intenci\u00f3n no es solamente la de escribir un libro, sino la de escribir una historia para cristalizar una realidad como homenaje a una persona, que si bien hace a\u00f1os simboliz\u00f3 con su ejemplo para quienes le conocieron -el amor, el respeto, la amistad y la concordia entre los pueblos, las clases y las familias-, tal vez hoy m\u00e1s que nunca necesitemos recordarlo.<\/p>\n<p>Aprovecho esta tercera edici\u00f3n para ampliarla, introduciendo m\u00e1s fotos, nuevos cap\u00edtulos y correcciones, puntualizando que todo se ajusta a la realidad vivida en mi autobiograf\u00eda y son de mi total autor\u00eda. Nuevas fotos y relatos, que os volver\u00e1n a sorprender a todos los que ya me hab\u00e9is le\u00eddo en anteriores ediciones.<\/p>\n","protected":false},"featured_media":98175,"comment_status":"closed","ping_status":"closed","template":"","meta":{"_acf_changed":false},"libro":[],"product_brand":[],"product_cat":[26],"product_tag":[],"class_list":{"0":"post-98174","1":"product","2":"type-product","3":"status-publish","4":"has-post-thumbnail","6":"product_cat-sin-categoria","8":"first","9":"instock","10":"product-type-simple"},"acf":{"autor":[73413],"enlace_de_compra":"https:\/\/www.casadellibro.com\/libro-la-ventana-del-rey-3-ed\/9788411441056\/13347961"},"yoast_head":"<!-- This site is optimized with the Yoast SEO plugin v27.4 - https:\/\/yoast.com\/product\/yoast-seo-wordpress\/ -->\n<title>La ventana del rey - Catalogo | Letrame Grupo Editorial<\/title>\n<meta name=\"robots\" content=\"index, follow, max-snippet:-1, max-image-preview:large, max-video-preview:-1\" \/>\n<link rel=\"canonical\" href=\"https:\/\/letrame.com\/catalogo\/producto\/la-ventana-del-rey-2\/\" \/>\n<meta property=\"og:locale\" content=\"es_ES\" \/>\n<meta property=\"og:type\" content=\"article\" \/>\n<meta property=\"og:title\" content=\"La ventana del rey - Catalogo | Letrame Grupo Editorial\" \/>\n<meta property=\"og:description\" content=\"ISBN: 978-84-1144-105-6  SINOPSIS  Cuando se\u00a0 busca el origen de las cosas que en realidad han sucedido y solo se es lubricante en el engranaje de lo que ocurri\u00f3, tal vez resulte m\u00e1s f\u00e1cil exponer los sentimientos que no te rozan directamente, pero cuando adem\u00e1s de querer descubrir ese origen tienes que desenterrarlo para explicarlo, eres parte del engranaje y sientes la obligaci\u00f3n de recuperarlo para demostrarlo, la realidad te desborda, tu conciencia se atasca sin poder sincronizar, el esfuerzo se multiplica y tu alma se desgasta intentando avanzar para nunca llegar, sobre todo cuando tu intenci\u00f3n no es solamente la de escribir un libro, sino la de escribir una historia para cristalizar una realidad como homenaje a una persona, que si bien hace a\u00f1os simboliz\u00f3 con su ejemplo para quienes le conocieron -el amor, el respeto, la amistad y la concordia entre los pueblos, las clases y las familias-, tal vez hoy m\u00e1s que nunca necesitemos recordarlo.  Aprovecho esta tercera edici\u00f3n para ampliarla, introduciendo m\u00e1s fotos, nuevos cap\u00edtulos y correcciones, puntualizando que todo se ajusta a la realidad vivida en mi autobiograf\u00eda y son de mi total autor\u00eda. Nuevas fotos y relatos, que os volver\u00e1n a sorprender a todos los que ya me hab\u00e9is le\u00eddo en anteriores ediciones.\" \/>\n<meta property=\"og:url\" content=\"https:\/\/letrame.com\/catalogo\/producto\/la-ventana-del-rey-2\/\" \/>\n<meta property=\"og:site_name\" content=\"Catalogo | Letrame Grupo Editorial\" \/>\n<meta property=\"article:modified_time\" content=\"2024-08-12T08:18:15+00:00\" \/>\n<meta property=\"og:image\" content=\"https:\/\/letrame.com\/catalogo\/wp-content\/uploads\/2024\/04\/redportada_laventanadelrey_3058mm-compressed.jpg\" \/>\n\t<meta property=\"og:image:width\" content=\"601\" \/>\n\t<meta property=\"og:image:height\" content=\"849\" \/>\n\t<meta property=\"og:image:type\" content=\"image\/jpeg\" \/>\n<meta name=\"twitter:card\" content=\"summary_large_image\" \/>\n<meta name=\"twitter:label1\" content=\"Tiempo de lectura\" \/>\n\t<meta name=\"twitter:data1\" content=\"2 minutos\" \/>\n<script type=\"application\/ld+json\" class=\"yoast-schema-graph\">{\"@context\":\"https:\\\/\\\/schema.org\",\"@graph\":[{\"@type\":\"WebPage\",\"@id\":\"https:\\\/\\\/letrame.com\\\/catalogo\\\/producto\\\/la-ventana-del-rey-2\\\/\",\"url\":\"https:\\\/\\\/letrame.com\\\/catalogo\\\/producto\\\/la-ventana-del-rey-2\\\/\",\"name\":\"La ventana del rey - Catalogo | Letrame Grupo Editorial\",\"isPartOf\":{\"@id\":\"https:\\\/\\\/letrame.com\\\/catalogo\\\/#website\"},\"primaryImageOfPage\":{\"@id\":\"https:\\\/\\\/letrame.com\\\/catalogo\\\/producto\\\/la-ventana-del-rey-2\\\/#primaryimage\"},\"image\":{\"@id\":\"https:\\\/\\\/letrame.com\\\/catalogo\\\/producto\\\/la-ventana-del-rey-2\\\/#primaryimage\"},\"thumbnailUrl\":\"https:\\\/\\\/letrame.com\\\/catalogo\\\/wp-content\\\/uploads\\\/2024\\\/04\\\/redportada_laventanadelrey_3058mm-compressed.jpg\",\"datePublished\":\"2024-04-29T12:51:58+00:00\",\"dateModified\":\"2024-08-12T08:18:15+00:00\",\"breadcrumb\":{\"@id\":\"https:\\\/\\\/letrame.com\\\/catalogo\\\/producto\\\/la-ventana-del-rey-2\\\/#breadcrumb\"},\"inLanguage\":\"es\",\"potentialAction\":[{\"@type\":\"ReadAction\",\"target\":[\"https:\\\/\\\/letrame.com\\\/catalogo\\\/producto\\\/la-ventana-del-rey-2\\\/\"]}]},{\"@type\":\"ImageObject\",\"inLanguage\":\"es\",\"@id\":\"https:\\\/\\\/letrame.com\\\/catalogo\\\/producto\\\/la-ventana-del-rey-2\\\/#primaryimage\",\"url\":\"https:\\\/\\\/letrame.com\\\/catalogo\\\/wp-content\\\/uploads\\\/2024\\\/04\\\/redportada_laventanadelrey_3058mm-compressed.jpg\",\"contentUrl\":\"https:\\\/\\\/letrame.com\\\/catalogo\\\/wp-content\\\/uploads\\\/2024\\\/04\\\/redportada_laventanadelrey_3058mm-compressed.jpg\",\"width\":601,\"height\":849},{\"@type\":\"BreadcrumbList\",\"@id\":\"https:\\\/\\\/letrame.com\\\/catalogo\\\/producto\\\/la-ventana-del-rey-2\\\/#breadcrumb\",\"itemListElement\":[{\"@type\":\"ListItem\",\"position\":1,\"name\":\"Portada\",\"item\":\"https:\\\/\\\/letrame.com\\\/catalogo\\\/\"},{\"@type\":\"ListItem\",\"position\":2,\"name\":\"Cat\u00e1logo\",\"item\":\"https:\\\/\\\/letrame.com\\\/catalogo\\\/\"},{\"@type\":\"ListItem\",\"position\":3,\"name\":\"La ventana del rey\"}]},{\"@type\":\"WebSite\",\"@id\":\"https:\\\/\\\/letrame.com\\\/catalogo\\\/#website\",\"url\":\"https:\\\/\\\/letrame.com\\\/catalogo\\\/\",\"name\":\"Catalogo | Letrame Grupo Editorial\",\"description\":\"\",\"publisher\":{\"@id\":\"https:\\\/\\\/letrame.com\\\/catalogo\\\/#organization\"},\"potentialAction\":[{\"@type\":\"SearchAction\",\"target\":{\"@type\":\"EntryPoint\",\"urlTemplate\":\"https:\\\/\\\/letrame.com\\\/catalogo\\\/?s={search_term_string}\"},\"query-input\":{\"@type\":\"PropertyValueSpecification\",\"valueRequired\":true,\"valueName\":\"search_term_string\"}}],\"inLanguage\":\"es\"},{\"@type\":\"Organization\",\"@id\":\"https:\\\/\\\/letrame.com\\\/catalogo\\\/#organization\",\"name\":\"Catalogo | Letrame Grupo Editorial\",\"url\":\"https:\\\/\\\/letrame.com\\\/catalogo\\\/\",\"logo\":{\"@type\":\"ImageObject\",\"inLanguage\":\"es\",\"@id\":\"https:\\\/\\\/letrame.com\\\/catalogo\\\/#\\\/schema\\\/logo\\\/image\\\/\",\"url\":\"https:\\\/\\\/letrame.com\\\/catalogo\\\/wp-content\\\/uploads\\\/2024\\\/03\\\/logo2.webp\",\"contentUrl\":\"https:\\\/\\\/letrame.com\\\/catalogo\\\/wp-content\\\/uploads\\\/2024\\\/03\\\/logo2.webp\",\"width\":394,\"height\":128,\"caption\":\"Catalogo | Letrame Grupo Editorial\"},\"image\":{\"@id\":\"https:\\\/\\\/letrame.com\\\/catalogo\\\/#\\\/schema\\\/logo\\\/image\\\/\"}}]}<\/script>\n<!-- \/ Yoast SEO plugin. -->","yoast_head_json":{"title":"La ventana del rey - Catalogo | Letrame Grupo Editorial","robots":{"index":"index","follow":"follow","max-snippet":"max-snippet:-1","max-image-preview":"max-image-preview:large","max-video-preview":"max-video-preview:-1"},"canonical":"https:\/\/letrame.com\/catalogo\/producto\/la-ventana-del-rey-2\/","og_locale":"es_ES","og_type":"article","og_title":"La ventana del rey - Catalogo | Letrame Grupo Editorial","og_description":"ISBN: 978-84-1144-105-6  SINOPSIS  Cuando se\u00a0 busca el origen de las cosas que en realidad han sucedido y solo se es lubricante en el engranaje de lo que ocurri\u00f3, tal vez resulte m\u00e1s f\u00e1cil exponer los sentimientos que no te rozan directamente, pero cuando adem\u00e1s de querer descubrir ese origen tienes que desenterrarlo para explicarlo, eres parte del engranaje y sientes la obligaci\u00f3n de recuperarlo para demostrarlo, la realidad te desborda, tu conciencia se atasca sin poder sincronizar, el esfuerzo se multiplica y tu alma se desgasta intentando avanzar para nunca llegar, sobre todo cuando tu intenci\u00f3n no es solamente la de escribir un libro, sino la de escribir una historia para cristalizar una realidad como homenaje a una persona, que si bien hace a\u00f1os simboliz\u00f3 con su ejemplo para quienes le conocieron -el amor, el respeto, la amistad y la concordia entre los pueblos, las clases y las familias-, tal vez hoy m\u00e1s que nunca necesitemos recordarlo.  Aprovecho esta tercera edici\u00f3n para ampliarla, introduciendo m\u00e1s fotos, nuevos cap\u00edtulos y correcciones, puntualizando que todo se ajusta a la realidad vivida en mi autobiograf\u00eda y son de mi total autor\u00eda. Nuevas fotos y relatos, que os volver\u00e1n a sorprender a todos los que ya me hab\u00e9is le\u00eddo en anteriores ediciones.","og_url":"https:\/\/letrame.com\/catalogo\/producto\/la-ventana-del-rey-2\/","og_site_name":"Catalogo | Letrame Grupo Editorial","article_modified_time":"2024-08-12T08:18:15+00:00","og_image":[{"width":601,"height":849,"url":"https:\/\/letrame.com\/catalogo\/wp-content\/uploads\/2024\/04\/redportada_laventanadelrey_3058mm-compressed.jpg","type":"image\/jpeg"}],"twitter_card":"summary_large_image","twitter_misc":{"Tiempo de lectura":"2 minutos"},"schema":{"@context":"https:\/\/schema.org","@graph":[{"@type":"WebPage","@id":"https:\/\/letrame.com\/catalogo\/producto\/la-ventana-del-rey-2\/","url":"https:\/\/letrame.com\/catalogo\/producto\/la-ventana-del-rey-2\/","name":"La ventana del rey - Catalogo | Letrame Grupo Editorial","isPartOf":{"@id":"https:\/\/letrame.com\/catalogo\/#website"},"primaryImageOfPage":{"@id":"https:\/\/letrame.com\/catalogo\/producto\/la-ventana-del-rey-2\/#primaryimage"},"image":{"@id":"https:\/\/letrame.com\/catalogo\/producto\/la-ventana-del-rey-2\/#primaryimage"},"thumbnailUrl":"https:\/\/letrame.com\/catalogo\/wp-content\/uploads\/2024\/04\/redportada_laventanadelrey_3058mm-compressed.jpg","datePublished":"2024-04-29T12:51:58+00:00","dateModified":"2024-08-12T08:18:15+00:00","breadcrumb":{"@id":"https:\/\/letrame.com\/catalogo\/producto\/la-ventana-del-rey-2\/#breadcrumb"},"inLanguage":"es","potentialAction":[{"@type":"ReadAction","target":["https:\/\/letrame.com\/catalogo\/producto\/la-ventana-del-rey-2\/"]}]},{"@type":"ImageObject","inLanguage":"es","@id":"https:\/\/letrame.com\/catalogo\/producto\/la-ventana-del-rey-2\/#primaryimage","url":"https:\/\/letrame.com\/catalogo\/wp-content\/uploads\/2024\/04\/redportada_laventanadelrey_3058mm-compressed.jpg","contentUrl":"https:\/\/letrame.com\/catalogo\/wp-content\/uploads\/2024\/04\/redportada_laventanadelrey_3058mm-compressed.jpg","width":601,"height":849},{"@type":"BreadcrumbList","@id":"https:\/\/letrame.com\/catalogo\/producto\/la-ventana-del-rey-2\/#breadcrumb","itemListElement":[{"@type":"ListItem","position":1,"name":"Portada","item":"https:\/\/letrame.com\/catalogo\/"},{"@type":"ListItem","position":2,"name":"Cat\u00e1logo","item":"https:\/\/letrame.com\/catalogo\/"},{"@type":"ListItem","position":3,"name":"La ventana del rey"}]},{"@type":"WebSite","@id":"https:\/\/letrame.com\/catalogo\/#website","url":"https:\/\/letrame.com\/catalogo\/","name":"Catalogo | Letrame Grupo Editorial","description":"","publisher":{"@id":"https:\/\/letrame.com\/catalogo\/#organization"},"potentialAction":[{"@type":"SearchAction","target":{"@type":"EntryPoint","urlTemplate":"https:\/\/letrame.com\/catalogo\/?s={search_term_string}"},"query-input":{"@type":"PropertyValueSpecification","valueRequired":true,"valueName":"search_term_string"}}],"inLanguage":"es"},{"@type":"Organization","@id":"https:\/\/letrame.com\/catalogo\/#organization","name":"Catalogo | Letrame Grupo Editorial","url":"https:\/\/letrame.com\/catalogo\/","logo":{"@type":"ImageObject","inLanguage":"es","@id":"https:\/\/letrame.com\/catalogo\/#\/schema\/logo\/image\/","url":"https:\/\/letrame.com\/catalogo\/wp-content\/uploads\/2024\/03\/logo2.webp","contentUrl":"https:\/\/letrame.com\/catalogo\/wp-content\/uploads\/2024\/03\/logo2.webp","width":394,"height":128,"caption":"Catalogo | Letrame Grupo Editorial"},"image":{"@id":"https:\/\/letrame.com\/catalogo\/#\/schema\/logo\/image\/"}}]}},"_links":{"self":[{"href":"https:\/\/letrame.com\/catalogo\/wp-json\/wp\/v2\/product\/98174","targetHints":{"allow":["GET"]}}],"collection":[{"href":"https:\/\/letrame.com\/catalogo\/wp-json\/wp\/v2\/product"}],"about":[{"href":"https:\/\/letrame.com\/catalogo\/wp-json\/wp\/v2\/types\/product"}],"replies":[{"embeddable":true,"href":"https:\/\/letrame.com\/catalogo\/wp-json\/wp\/v2\/comments?post=98174"}],"acf:post":[{"embeddable":true,"href":"https:\/\/letrame.com\/catalogo\/wp-json\/wp\/v2\/author_book\/73413"}],"wp:featuredmedia":[{"embeddable":true,"href":"https:\/\/letrame.com\/catalogo\/wp-json\/wp\/v2\/media\/98175"}],"wp:attachment":[{"href":"https:\/\/letrame.com\/catalogo\/wp-json\/wp\/v2\/media?parent=98174"}],"wp:term":[{"taxonomy":"libro","embeddable":true,"href":"https:\/\/letrame.com\/catalogo\/wp-json\/wp\/v2\/libro?post=98174"},{"taxonomy":"product_brand","embeddable":true,"href":"https:\/\/letrame.com\/catalogo\/wp-json\/wp\/v2\/product_brand?post=98174"},{"taxonomy":"product_cat","embeddable":true,"href":"https:\/\/letrame.com\/catalogo\/wp-json\/wp\/v2\/product_cat?post=98174"},{"taxonomy":"product_tag","embeddable":true,"href":"https:\/\/letrame.com\/catalogo\/wp-json\/wp\/v2\/product_tag?post=98174"}],"curies":[{"name":"wp","href":"https:\/\/api.w.org\/{rel}","templated":true}]}}