{"id":98143,"date":"2024-04-29T14:50:12","date_gmt":"2024-04-29T12:50:12","guid":{"rendered":"https:\/\/letrame.com\/catalogo\/producto\/libro-i-arbiskar-el-comienzo\/"},"modified":"2024-04-29T14:50:18","modified_gmt":"2024-04-29T12:50:18","slug":"libro-i-arbiskar-el-comienzo","status":"publish","type":"product","link":"https:\/\/letrame.com\/catalogo\/producto\/libro-i-arbiskar-el-comienzo\/","title":{"rendered":"Libro I. Arbiskar el comienzo"},"content":{"rendered":"<p><strong>ISBN<\/strong>: 978-84-1144-134-6<\/p>\n<p><strong>T\u00edtulo<\/strong>: Libro I. Arbiskar el comienzo<br \/>\n<strong>Fecha<\/strong>: 2022<br \/>\n<strong>P\u00e1ginas<\/strong>: 462<\/p>\n<p><strong>SINOPSIS<\/strong><\/p>\n<p>LIBRO I: ARBISKAR EL ROMANO<\/p>\n<p>A\u00f1o 209 a. C.\u00a0 Segunda guerra p\u00fanica.<\/p>\n<p>El anhelo de una venganza har\u00e1 que dos personas antag\u00f3nicas se unan para conseguir sus prop\u00f3sitos. Por un lado, el general romano Publio Cornelio Escipi\u00f3n, y por el otro, un lugare\u00f1o de la ciudad cartaginesa de Qart Hadast llamado Arbiskar.<\/p>\n<p>A partir de ese momento surge entre ambos una extra\u00f1a relaci\u00f3n que les llevar\u00e1 a compartir los hechos hist\u00f3ricos que se producir\u00e1n durante este periodo.<\/p>\n<p>Arbiskar conocer\u00e1 en primera persona al nuevo poder emergente que dominar\u00e1 el mundo conocido: Roma.<\/p>\n<p>&nbsp;<\/p>\n<p>LIBRO II: ARBISKAR EL ROMANO<\/p>\n<p>Corre el a\u00f1o 206 a. C., nos encontramos en la ciudad romana de Carthago Nova. La guerra entre Roma y Cartago entra en su fase decisiva en la Pen\u00ednsula Ib\u00e9rica. El general romano Publio Cornelio Escipi\u00f3n est\u00e1 a punto de expulsar al \u00faltimo ej\u00e9rcito cartagin\u00e9s que queda en Hispania.<\/p>\n<p>Arbis contin\u00faa su extra\u00f1a relaci\u00f3n con Escipi\u00f3n. Los acontecimientos que en breve se producir\u00e1n afectar\u00e1n a dicha relaci\u00f3n. Las aspiraciones de ambos se ver\u00e1n cumplidas.<\/p>\n","protected":false},"excerpt":{"rendered":"<p><strong>ISBN<\/strong>: 978-84-1144-134-6<\/p>\n<p><strong>SINOPSIS<\/strong><\/p>\n<p>LIBRO I: ARBISKAR EL ROMANO<\/p>\n<p>A\u00f1o 209 a. C.\u00a0 Segunda guerra p\u00fanica.<\/p>\n<p>El anhelo de una venganza har\u00e1 que dos personas antag\u00f3nicas se unan para conseguir sus prop\u00f3sitos. Por un lado, el general romano Publio Cornelio Escipi\u00f3n, y por el otro, un lugare\u00f1o de la ciudad cartaginesa de Qart Hadast llamado Arbiskar.<\/p>\n<p>A partir de ese momento surge entre ambos una extra\u00f1a relaci\u00f3n que les llevar\u00e1 a compartir los hechos hist\u00f3ricos que se producir\u00e1n durante este periodo.<\/p>\n<p>Arbiskar conocer\u00e1 en primera persona al nuevo poder emergente que dominar\u00e1 el mundo conocido: Roma.<\/p>\n<p>&nbsp;<\/p>\n<p>LIBRO II: ARBISKAR EL ROMANO<\/p>\n<p>Corre el a\u00f1o 206 a. C., nos encontramos en la ciudad romana de Carthago Nova. La guerra entre Roma y Cartago entra en su fase decisiva en la Pen\u00ednsula Ib\u00e9rica. El general romano Publio Cornelio Escipi\u00f3n est\u00e1 a punto de expulsar al \u00faltimo ej\u00e9rcito cartagin\u00e9s que queda en Hispania.<\/p>\n<p>Arbis contin\u00faa su extra\u00f1a relaci\u00f3n con Escipi\u00f3n. Los acontecimientos que en breve se producir\u00e1n afectar\u00e1n a dicha relaci\u00f3n. Las aspiraciones de ambos se ver\u00e1n cumplidas.<\/p>\n","protected":false},"featured_media":98144,"comment_status":"closed","ping_status":"open","template":"","meta":{"_acf_changed":false},"libro":[],"product_brand":[],"product_cat":[26],"product_tag":[],"class_list":{"0":"post-98143","1":"product","2":"type-product","3":"status-publish","4":"has-post-thumbnail","6":"product_cat-sin-categoria","8":"first","9":"instock","10":"product-type-simple"},"acf":{"autor":[76307],"enlace_de_compra":""},"yoast_head":"<!-- This site is optimized with the Yoast SEO plugin v27.4 - https:\/\/yoast.com\/product\/yoast-seo-wordpress\/ -->\n<title>Libro I. Arbiskar el comienzo - Catalogo | Letrame Grupo Editorial<\/title>\n<meta name=\"robots\" content=\"index, follow, max-snippet:-1, max-image-preview:large, max-video-preview:-1\" \/>\n<link rel=\"canonical\" href=\"https:\/\/letrame.com\/catalogo\/producto\/libro-i-arbiskar-el-comienzo\/\" \/>\n<meta property=\"og:locale\" content=\"es_ES\" \/>\n<meta property=\"og:type\" content=\"article\" \/>\n<meta property=\"og:title\" content=\"Libro I. Arbiskar el comienzo - Catalogo | Letrame Grupo Editorial\" \/>\n<meta property=\"og:description\" content=\"ISBN: 978-84-1144-134-6 SINOPSIS LIBRO I: ARBISKAR EL ROMANO A\u00f1o 209 a. C.\u00a0 Segunda guerra p\u00fanica. El anhelo de una venganza har\u00e1 que dos personas antag\u00f3nicas se unan para conseguir sus prop\u00f3sitos. Por un lado, el general romano Publio Cornelio Escipi\u00f3n, y por el otro, un lugare\u00f1o de la ciudad cartaginesa de Qart Hadast llamado Arbiskar. A partir de ese momento surge entre ambos una extra\u00f1a relaci\u00f3n que les llevar\u00e1 a compartir los hechos hist\u00f3ricos que se producir\u00e1n durante este periodo. Arbiskar conocer\u00e1 en primera persona al nuevo poder emergente que dominar\u00e1 el mundo conocido: Roma. &nbsp; LIBRO II: ARBISKAR EL ROMANO Corre el a\u00f1o 206 a. C., nos encontramos en la ciudad romana de Carthago Nova. La guerra entre Roma y Cartago entra en su fase decisiva en la Pen\u00ednsula Ib\u00e9rica. El general romano Publio Cornelio Escipi\u00f3n est\u00e1 a punto de expulsar al \u00faltimo ej\u00e9rcito cartagin\u00e9s que queda en Hispania. Arbis contin\u00faa su extra\u00f1a relaci\u00f3n con Escipi\u00f3n. Los acontecimientos que en breve se producir\u00e1n afectar\u00e1n a dicha relaci\u00f3n. Las aspiraciones de ambos se ver\u00e1n cumplidas.\" \/>\n<meta property=\"og:url\" content=\"https:\/\/letrame.com\/catalogo\/producto\/libro-i-arbiskar-el-comienzo\/\" \/>\n<meta property=\"og:site_name\" content=\"Catalogo | Letrame Grupo Editorial\" \/>\n<meta property=\"article:modified_time\" content=\"2024-04-29T12:50:18+00:00\" \/>\n<meta property=\"og:image\" content=\"https:\/\/letrame.com\/catalogo\/wp-content\/uploads\/2024\/04\/redportada_libroI_2238mm-compressed.jpg\" \/>\n\t<meta property=\"og:image:width\" content=\"601\" \/>\n\t<meta property=\"og:image:height\" content=\"922\" \/>\n\t<meta property=\"og:image:type\" content=\"image\/jpeg\" \/>\n<meta name=\"twitter:card\" content=\"summary_large_image\" \/>\n<meta name=\"twitter:label1\" content=\"Tiempo de lectura\" \/>\n\t<meta name=\"twitter:data1\" content=\"1 minuto\" \/>\n<script type=\"application\/ld+json\" class=\"yoast-schema-graph\">{\"@context\":\"https:\\\/\\\/schema.org\",\"@graph\":[{\"@type\":\"WebPage\",\"@id\":\"https:\\\/\\\/letrame.com\\\/catalogo\\\/producto\\\/libro-i-arbiskar-el-comienzo\\\/\",\"url\":\"https:\\\/\\\/letrame.com\\\/catalogo\\\/producto\\\/libro-i-arbiskar-el-comienzo\\\/\",\"name\":\"Libro I. Arbiskar el comienzo - Catalogo | Letrame Grupo Editorial\",\"isPartOf\":{\"@id\":\"https:\\\/\\\/letrame.com\\\/catalogo\\\/#website\"},\"primaryImageOfPage\":{\"@id\":\"https:\\\/\\\/letrame.com\\\/catalogo\\\/producto\\\/libro-i-arbiskar-el-comienzo\\\/#primaryimage\"},\"image\":{\"@id\":\"https:\\\/\\\/letrame.com\\\/catalogo\\\/producto\\\/libro-i-arbiskar-el-comienzo\\\/#primaryimage\"},\"thumbnailUrl\":\"https:\\\/\\\/letrame.com\\\/catalogo\\\/wp-content\\\/uploads\\\/2024\\\/04\\\/redportada_libroI_2238mm-compressed.jpg\",\"datePublished\":\"2024-04-29T12:50:12+00:00\",\"dateModified\":\"2024-04-29T12:50:18+00:00\",\"breadcrumb\":{\"@id\":\"https:\\\/\\\/letrame.com\\\/catalogo\\\/producto\\\/libro-i-arbiskar-el-comienzo\\\/#breadcrumb\"},\"inLanguage\":\"es\",\"potentialAction\":[{\"@type\":\"ReadAction\",\"target\":[\"https:\\\/\\\/letrame.com\\\/catalogo\\\/producto\\\/libro-i-arbiskar-el-comienzo\\\/\"]}]},{\"@type\":\"ImageObject\",\"inLanguage\":\"es\",\"@id\":\"https:\\\/\\\/letrame.com\\\/catalogo\\\/producto\\\/libro-i-arbiskar-el-comienzo\\\/#primaryimage\",\"url\":\"https:\\\/\\\/letrame.com\\\/catalogo\\\/wp-content\\\/uploads\\\/2024\\\/04\\\/redportada_libroI_2238mm-compressed.jpg\",\"contentUrl\":\"https:\\\/\\\/letrame.com\\\/catalogo\\\/wp-content\\\/uploads\\\/2024\\\/04\\\/redportada_libroI_2238mm-compressed.jpg\",\"width\":601,\"height\":922},{\"@type\":\"BreadcrumbList\",\"@id\":\"https:\\\/\\\/letrame.com\\\/catalogo\\\/producto\\\/libro-i-arbiskar-el-comienzo\\\/#breadcrumb\",\"itemListElement\":[{\"@type\":\"ListItem\",\"position\":1,\"name\":\"Portada\",\"item\":\"https:\\\/\\\/letrame.com\\\/catalogo\\\/\"},{\"@type\":\"ListItem\",\"position\":2,\"name\":\"Cat\u00e1logo\",\"item\":\"https:\\\/\\\/letrame.com\\\/catalogo\\\/\"},{\"@type\":\"ListItem\",\"position\":3,\"name\":\"Libro I. Arbiskar el comienzo\"}]},{\"@type\":\"WebSite\",\"@id\":\"https:\\\/\\\/letrame.com\\\/catalogo\\\/#website\",\"url\":\"https:\\\/\\\/letrame.com\\\/catalogo\\\/\",\"name\":\"Catalogo | Letrame Grupo Editorial\",\"description\":\"\",\"publisher\":{\"@id\":\"https:\\\/\\\/letrame.com\\\/catalogo\\\/#organization\"},\"potentialAction\":[{\"@type\":\"SearchAction\",\"target\":{\"@type\":\"EntryPoint\",\"urlTemplate\":\"https:\\\/\\\/letrame.com\\\/catalogo\\\/?s={search_term_string}\"},\"query-input\":{\"@type\":\"PropertyValueSpecification\",\"valueRequired\":true,\"valueName\":\"search_term_string\"}}],\"inLanguage\":\"es\"},{\"@type\":\"Organization\",\"@id\":\"https:\\\/\\\/letrame.com\\\/catalogo\\\/#organization\",\"name\":\"Catalogo | Letrame Grupo Editorial\",\"url\":\"https:\\\/\\\/letrame.com\\\/catalogo\\\/\",\"logo\":{\"@type\":\"ImageObject\",\"inLanguage\":\"es\",\"@id\":\"https:\\\/\\\/letrame.com\\\/catalogo\\\/#\\\/schema\\\/logo\\\/image\\\/\",\"url\":\"https:\\\/\\\/letrame.com\\\/catalogo\\\/wp-content\\\/uploads\\\/2024\\\/03\\\/logo2.webp\",\"contentUrl\":\"https:\\\/\\\/letrame.com\\\/catalogo\\\/wp-content\\\/uploads\\\/2024\\\/03\\\/logo2.webp\",\"width\":394,\"height\":128,\"caption\":\"Catalogo | Letrame Grupo Editorial\"},\"image\":{\"@id\":\"https:\\\/\\\/letrame.com\\\/catalogo\\\/#\\\/schema\\\/logo\\\/image\\\/\"}}]}<\/script>\n<!-- \/ Yoast SEO plugin. -->","yoast_head_json":{"title":"Libro I. Arbiskar el comienzo - Catalogo | Letrame Grupo Editorial","robots":{"index":"index","follow":"follow","max-snippet":"max-snippet:-1","max-image-preview":"max-image-preview:large","max-video-preview":"max-video-preview:-1"},"canonical":"https:\/\/letrame.com\/catalogo\/producto\/libro-i-arbiskar-el-comienzo\/","og_locale":"es_ES","og_type":"article","og_title":"Libro I. Arbiskar el comienzo - Catalogo | Letrame Grupo Editorial","og_description":"ISBN: 978-84-1144-134-6 SINOPSIS LIBRO I: ARBISKAR EL ROMANO A\u00f1o 209 a. C.\u00a0 Segunda guerra p\u00fanica. El anhelo de una venganza har\u00e1 que dos personas antag\u00f3nicas se unan para conseguir sus prop\u00f3sitos. Por un lado, el general romano Publio Cornelio Escipi\u00f3n, y por el otro, un lugare\u00f1o de la ciudad cartaginesa de Qart Hadast llamado Arbiskar. A partir de ese momento surge entre ambos una extra\u00f1a relaci\u00f3n que les llevar\u00e1 a compartir los hechos hist\u00f3ricos que se producir\u00e1n durante este periodo. Arbiskar conocer\u00e1 en primera persona al nuevo poder emergente que dominar\u00e1 el mundo conocido: Roma. &nbsp; LIBRO II: ARBISKAR EL ROMANO Corre el a\u00f1o 206 a. C., nos encontramos en la ciudad romana de Carthago Nova. La guerra entre Roma y Cartago entra en su fase decisiva en la Pen\u00ednsula Ib\u00e9rica. El general romano Publio Cornelio Escipi\u00f3n est\u00e1 a punto de expulsar al \u00faltimo ej\u00e9rcito cartagin\u00e9s que queda en Hispania. Arbis contin\u00faa su extra\u00f1a relaci\u00f3n con Escipi\u00f3n. Los acontecimientos que en breve se producir\u00e1n afectar\u00e1n a dicha relaci\u00f3n. Las aspiraciones de ambos se ver\u00e1n cumplidas.","og_url":"https:\/\/letrame.com\/catalogo\/producto\/libro-i-arbiskar-el-comienzo\/","og_site_name":"Catalogo | Letrame Grupo Editorial","article_modified_time":"2024-04-29T12:50:18+00:00","og_image":[{"width":601,"height":922,"url":"https:\/\/letrame.com\/catalogo\/wp-content\/uploads\/2024\/04\/redportada_libroI_2238mm-compressed.jpg","type":"image\/jpeg"}],"twitter_card":"summary_large_image","twitter_misc":{"Tiempo de lectura":"1 minuto"},"schema":{"@context":"https:\/\/schema.org","@graph":[{"@type":"WebPage","@id":"https:\/\/letrame.com\/catalogo\/producto\/libro-i-arbiskar-el-comienzo\/","url":"https:\/\/letrame.com\/catalogo\/producto\/libro-i-arbiskar-el-comienzo\/","name":"Libro I. Arbiskar el comienzo - Catalogo | Letrame Grupo Editorial","isPartOf":{"@id":"https:\/\/letrame.com\/catalogo\/#website"},"primaryImageOfPage":{"@id":"https:\/\/letrame.com\/catalogo\/producto\/libro-i-arbiskar-el-comienzo\/#primaryimage"},"image":{"@id":"https:\/\/letrame.com\/catalogo\/producto\/libro-i-arbiskar-el-comienzo\/#primaryimage"},"thumbnailUrl":"https:\/\/letrame.com\/catalogo\/wp-content\/uploads\/2024\/04\/redportada_libroI_2238mm-compressed.jpg","datePublished":"2024-04-29T12:50:12+00:00","dateModified":"2024-04-29T12:50:18+00:00","breadcrumb":{"@id":"https:\/\/letrame.com\/catalogo\/producto\/libro-i-arbiskar-el-comienzo\/#breadcrumb"},"inLanguage":"es","potentialAction":[{"@type":"ReadAction","target":["https:\/\/letrame.com\/catalogo\/producto\/libro-i-arbiskar-el-comienzo\/"]}]},{"@type":"ImageObject","inLanguage":"es","@id":"https:\/\/letrame.com\/catalogo\/producto\/libro-i-arbiskar-el-comienzo\/#primaryimage","url":"https:\/\/letrame.com\/catalogo\/wp-content\/uploads\/2024\/04\/redportada_libroI_2238mm-compressed.jpg","contentUrl":"https:\/\/letrame.com\/catalogo\/wp-content\/uploads\/2024\/04\/redportada_libroI_2238mm-compressed.jpg","width":601,"height":922},{"@type":"BreadcrumbList","@id":"https:\/\/letrame.com\/catalogo\/producto\/libro-i-arbiskar-el-comienzo\/#breadcrumb","itemListElement":[{"@type":"ListItem","position":1,"name":"Portada","item":"https:\/\/letrame.com\/catalogo\/"},{"@type":"ListItem","position":2,"name":"Cat\u00e1logo","item":"https:\/\/letrame.com\/catalogo\/"},{"@type":"ListItem","position":3,"name":"Libro I. Arbiskar el comienzo"}]},{"@type":"WebSite","@id":"https:\/\/letrame.com\/catalogo\/#website","url":"https:\/\/letrame.com\/catalogo\/","name":"Catalogo | Letrame Grupo Editorial","description":"","publisher":{"@id":"https:\/\/letrame.com\/catalogo\/#organization"},"potentialAction":[{"@type":"SearchAction","target":{"@type":"EntryPoint","urlTemplate":"https:\/\/letrame.com\/catalogo\/?s={search_term_string}"},"query-input":{"@type":"PropertyValueSpecification","valueRequired":true,"valueName":"search_term_string"}}],"inLanguage":"es"},{"@type":"Organization","@id":"https:\/\/letrame.com\/catalogo\/#organization","name":"Catalogo | Letrame Grupo Editorial","url":"https:\/\/letrame.com\/catalogo\/","logo":{"@type":"ImageObject","inLanguage":"es","@id":"https:\/\/letrame.com\/catalogo\/#\/schema\/logo\/image\/","url":"https:\/\/letrame.com\/catalogo\/wp-content\/uploads\/2024\/03\/logo2.webp","contentUrl":"https:\/\/letrame.com\/catalogo\/wp-content\/uploads\/2024\/03\/logo2.webp","width":394,"height":128,"caption":"Catalogo | Letrame Grupo Editorial"},"image":{"@id":"https:\/\/letrame.com\/catalogo\/#\/schema\/logo\/image\/"}}]}},"_links":{"self":[{"href":"https:\/\/letrame.com\/catalogo\/wp-json\/wp\/v2\/product\/98143","targetHints":{"allow":["GET"]}}],"collection":[{"href":"https:\/\/letrame.com\/catalogo\/wp-json\/wp\/v2\/product"}],"about":[{"href":"https:\/\/letrame.com\/catalogo\/wp-json\/wp\/v2\/types\/product"}],"replies":[{"embeddable":true,"href":"https:\/\/letrame.com\/catalogo\/wp-json\/wp\/v2\/comments?post=98143"}],"acf:post":[{"embeddable":true,"href":"https:\/\/letrame.com\/catalogo\/wp-json\/wp\/v2\/author_book\/76307"}],"wp:featuredmedia":[{"embeddable":true,"href":"https:\/\/letrame.com\/catalogo\/wp-json\/wp\/v2\/media\/98144"}],"wp:attachment":[{"href":"https:\/\/letrame.com\/catalogo\/wp-json\/wp\/v2\/media?parent=98143"}],"wp:term":[{"taxonomy":"libro","embeddable":true,"href":"https:\/\/letrame.com\/catalogo\/wp-json\/wp\/v2\/libro?post=98143"},{"taxonomy":"product_brand","embeddable":true,"href":"https:\/\/letrame.com\/catalogo\/wp-json\/wp\/v2\/product_brand?post=98143"},{"taxonomy":"product_cat","embeddable":true,"href":"https:\/\/letrame.com\/catalogo\/wp-json\/wp\/v2\/product_cat?post=98143"},{"taxonomy":"product_tag","embeddable":true,"href":"https:\/\/letrame.com\/catalogo\/wp-json\/wp\/v2\/product_tag?post=98143"}],"curies":[{"name":"wp","href":"https:\/\/api.w.org\/{rel}","templated":true}]}}