{"id":97951,"date":"2024-04-29T14:38:42","date_gmt":"2024-04-29T12:38:42","guid":{"rendered":"https:\/\/letrame.com\/catalogo\/producto\/florecillas-del-sendero-y-nenufares-en-el-agua\/"},"modified":"2024-04-29T14:39:02","modified_gmt":"2024-04-29T12:39:02","slug":"florecillas-del-sendero-y-nenufares-en-el-agua","status":"publish","type":"product","link":"https:\/\/letrame.com\/catalogo\/producto\/florecillas-del-sendero-y-nenufares-en-el-agua\/","title":{"rendered":"Florecillas del sendero y nen\u00fafares en el agua"},"content":{"rendered":"<p><strong>ISBN<\/strong>: 978-84-1114-889-4<\/p>\n<p><strong>T\u00edtulo<\/strong>: Florecillas del sendero y nen\u00fafares en el agua<br \/>\n<strong>Fecha<\/strong>: 2022<br \/>\n<strong>P\u00e1ginas<\/strong>: 186<\/p>\n<p><strong>SINOPSIS<\/strong><\/p>\n<p>Este texto es una selecci\u00f3n de poemas recogidos en libros que no he publicado. Las emociones contenidas salieron a la luz, a petici\u00f3n de muchos de vosotros que no entend\u00edais vuestra exclusividad al leerlos y me reclamabais una muestra p\u00fablica. Al final me alegro que me acompa\u00f1\u00e9is en este nuevo sendero que voy a iniciar y compart\u00e1is con mis maestros Machado (Caminante, no hay camino, sino estelas en la mar\u2026.), Neruda (..en las noches como esta la tuve entre mis brazos\u2026.), Gloria Fuertes (.. cada noche con su alba\u2026), B\u00e9cquer (..poes\u00eda, eres t\u00fa\u2026), Rosal\u00eda de Castro (.. donde humildes violetas el espacio perfuman\u2026), Dylan (&#8230;la respuesta est\u00e1 flotando en el viento..), Garcilaso (.. cuando tengo confieso yo deberos, \/\/ por vos nac\u00ed, por vos tengo la vida\u2026), J. R. Jim\u00e9nez (\u2026 y yo me ir\u00e9, \/\/ y se quedar\u00e1n los p\u00e1jaros cantando..), el maravilloso descubrimiento de nuestras FLORECILLAS y NEN\u00daFARES<\/p>\n","protected":false},"excerpt":{"rendered":"<p><strong>ISBN<\/strong>: 978-84-1114-889-4<\/p>\n<p><strong>SINOPSIS<\/strong><\/p>\n<p>Este texto es una selecci\u00f3n de poemas recogidos en libros que no he publicado. Las emociones contenidas salieron a la luz, a petici\u00f3n de muchos de vosotros que no entend\u00edais vuestra exclusividad al leerlos y me reclamabais una muestra p\u00fablica. Al final me alegro que me acompa\u00f1\u00e9is en este nuevo sendero que voy a iniciar y compart\u00e1is con mis maestros Machado (Caminante, no hay camino, sino estelas en la mar\u2026.), Neruda (..en las noches como esta la tuve entre mis brazos\u2026.), Gloria Fuertes (.. cada noche con su alba\u2026), B\u00e9cquer (..poes\u00eda, eres t\u00fa\u2026), Rosal\u00eda de Castro (.. donde humildes violetas el espacio perfuman\u2026), Dylan (&#8230;la respuesta est\u00e1 flotando en el viento..), Garcilaso (.. cuando tengo confieso yo deberos, \/\/ por vos nac\u00ed, por vos tengo la vida\u2026), J. R. Jim\u00e9nez (\u2026 y yo me ir\u00e9, \/\/ y se quedar\u00e1n los p\u00e1jaros cantando..), el maravilloso descubrimiento de nuestras FLORECILLAS y NEN\u00daFARES<\/p>\n","protected":false},"featured_media":97952,"comment_status":"closed","ping_status":"open","template":"","meta":{"_acf_changed":false},"libro":[],"product_brand":[],"product_cat":[20],"product_tag":[],"class_list":{"0":"post-97951","1":"product","2":"type-product","3":"status-publish","4":"has-post-thumbnail","6":"product_cat-poesia","8":"first","9":"instock","10":"product-type-simple"},"acf":{"autor":[76495],"enlace_de_compra":""},"yoast_head":"<!-- This site is optimized with the Yoast SEO plugin v27.4 - https:\/\/yoast.com\/product\/yoast-seo-wordpress\/ -->\n<title>Florecillas del sendero y nen\u00fafares en el agua - Catalogo | Letrame Grupo Editorial<\/title>\n<meta name=\"robots\" content=\"index, follow, max-snippet:-1, max-image-preview:large, max-video-preview:-1\" \/>\n<link rel=\"canonical\" href=\"https:\/\/letrame.com\/catalogo\/producto\/florecillas-del-sendero-y-nenufares-en-el-agua\/\" \/>\n<meta property=\"og:locale\" content=\"es_ES\" \/>\n<meta property=\"og:type\" content=\"article\" \/>\n<meta property=\"og:title\" content=\"Florecillas del sendero y nen\u00fafares en el agua - Catalogo | Letrame Grupo Editorial\" \/>\n<meta property=\"og:description\" content=\"ISBN: 978-84-1114-889-4 SINOPSIS Este texto es una selecci\u00f3n de poemas recogidos en libros que no he publicado. Las emociones contenidas salieron a la luz, a petici\u00f3n de muchos de vosotros que no entend\u00edais vuestra exclusividad al leerlos y me reclamabais una muestra p\u00fablica. Al final me alegro que me acompa\u00f1\u00e9is en este nuevo sendero que voy a iniciar y compart\u00e1is con mis maestros Machado (Caminante, no hay camino, sino estelas en la mar\u2026.), Neruda (..en las noches como esta la tuve entre mis brazos\u2026.), Gloria Fuertes (.. cada noche con su alba\u2026), B\u00e9cquer (..poes\u00eda, eres t\u00fa\u2026), Rosal\u00eda de Castro (.. donde humildes violetas el espacio perfuman\u2026), Dylan (...la respuesta est\u00e1 flotando en el viento..), Garcilaso (.. cuando tengo confieso yo deberos, \/\/ por vos nac\u00ed, por vos tengo la vida\u2026), J. R. Jim\u00e9nez (\u2026 y yo me ir\u00e9, \/\/ y se quedar\u00e1n los p\u00e1jaros cantando..), el maravilloso descubrimiento de nuestras FLORECILLAS y NEN\u00daFARES\" \/>\n<meta property=\"og:url\" content=\"https:\/\/letrame.com\/catalogo\/producto\/florecillas-del-sendero-y-nenufares-en-el-agua\/\" \/>\n<meta property=\"og:site_name\" content=\"Catalogo | Letrame Grupo Editorial\" \/>\n<meta property=\"article:modified_time\" content=\"2024-04-29T12:39:02+00:00\" \/>\n<meta property=\"og:image\" content=\"https:\/\/letrame.com\/catalogo\/wp-content\/uploads\/2024\/04\/redportada_florecillasdelsendero_8mm.jpg\" \/>\n\t<meta property=\"og:image:width\" content=\"601\" \/>\n\t<meta property=\"og:image:height\" content=\"881\" \/>\n\t<meta property=\"og:image:type\" content=\"image\/jpeg\" \/>\n<meta name=\"twitter:card\" content=\"summary_large_image\" \/>\n<meta name=\"twitter:label1\" content=\"Tiempo de lectura\" \/>\n\t<meta name=\"twitter:data1\" content=\"1 minuto\" \/>\n<script type=\"application\/ld+json\" class=\"yoast-schema-graph\">{\"@context\":\"https:\\\/\\\/schema.org\",\"@graph\":[{\"@type\":\"WebPage\",\"@id\":\"https:\\\/\\\/letrame.com\\\/catalogo\\\/producto\\\/florecillas-del-sendero-y-nenufares-en-el-agua\\\/\",\"url\":\"https:\\\/\\\/letrame.com\\\/catalogo\\\/producto\\\/florecillas-del-sendero-y-nenufares-en-el-agua\\\/\",\"name\":\"Florecillas del sendero y nen\u00fafares en el agua - Catalogo | Letrame Grupo Editorial\",\"isPartOf\":{\"@id\":\"https:\\\/\\\/letrame.com\\\/catalogo\\\/#website\"},\"primaryImageOfPage\":{\"@id\":\"https:\\\/\\\/letrame.com\\\/catalogo\\\/producto\\\/florecillas-del-sendero-y-nenufares-en-el-agua\\\/#primaryimage\"},\"image\":{\"@id\":\"https:\\\/\\\/letrame.com\\\/catalogo\\\/producto\\\/florecillas-del-sendero-y-nenufares-en-el-agua\\\/#primaryimage\"},\"thumbnailUrl\":\"https:\\\/\\\/letrame.com\\\/catalogo\\\/wp-content\\\/uploads\\\/2024\\\/04\\\/redportada_florecillasdelsendero_8mm.jpg\",\"datePublished\":\"2024-04-29T12:38:42+00:00\",\"dateModified\":\"2024-04-29T12:39:02+00:00\",\"breadcrumb\":{\"@id\":\"https:\\\/\\\/letrame.com\\\/catalogo\\\/producto\\\/florecillas-del-sendero-y-nenufares-en-el-agua\\\/#breadcrumb\"},\"inLanguage\":\"es\",\"potentialAction\":[{\"@type\":\"ReadAction\",\"target\":[\"https:\\\/\\\/letrame.com\\\/catalogo\\\/producto\\\/florecillas-del-sendero-y-nenufares-en-el-agua\\\/\"]}]},{\"@type\":\"ImageObject\",\"inLanguage\":\"es\",\"@id\":\"https:\\\/\\\/letrame.com\\\/catalogo\\\/producto\\\/florecillas-del-sendero-y-nenufares-en-el-agua\\\/#primaryimage\",\"url\":\"https:\\\/\\\/letrame.com\\\/catalogo\\\/wp-content\\\/uploads\\\/2024\\\/04\\\/redportada_florecillasdelsendero_8mm.jpg\",\"contentUrl\":\"https:\\\/\\\/letrame.com\\\/catalogo\\\/wp-content\\\/uploads\\\/2024\\\/04\\\/redportada_florecillasdelsendero_8mm.jpg\",\"width\":601,\"height\":881},{\"@type\":\"BreadcrumbList\",\"@id\":\"https:\\\/\\\/letrame.com\\\/catalogo\\\/producto\\\/florecillas-del-sendero-y-nenufares-en-el-agua\\\/#breadcrumb\",\"itemListElement\":[{\"@type\":\"ListItem\",\"position\":1,\"name\":\"Portada\",\"item\":\"https:\\\/\\\/letrame.com\\\/catalogo\\\/\"},{\"@type\":\"ListItem\",\"position\":2,\"name\":\"Cat\u00e1logo\",\"item\":\"https:\\\/\\\/letrame.com\\\/catalogo\\\/\"},{\"@type\":\"ListItem\",\"position\":3,\"name\":\"Florecillas del sendero y nen\u00fafares en el agua\"}]},{\"@type\":\"WebSite\",\"@id\":\"https:\\\/\\\/letrame.com\\\/catalogo\\\/#website\",\"url\":\"https:\\\/\\\/letrame.com\\\/catalogo\\\/\",\"name\":\"Catalogo | Letrame Grupo Editorial\",\"description\":\"\",\"publisher\":{\"@id\":\"https:\\\/\\\/letrame.com\\\/catalogo\\\/#organization\"},\"potentialAction\":[{\"@type\":\"SearchAction\",\"target\":{\"@type\":\"EntryPoint\",\"urlTemplate\":\"https:\\\/\\\/letrame.com\\\/catalogo\\\/?s={search_term_string}\"},\"query-input\":{\"@type\":\"PropertyValueSpecification\",\"valueRequired\":true,\"valueName\":\"search_term_string\"}}],\"inLanguage\":\"es\"},{\"@type\":\"Organization\",\"@id\":\"https:\\\/\\\/letrame.com\\\/catalogo\\\/#organization\",\"name\":\"Catalogo | Letrame Grupo Editorial\",\"url\":\"https:\\\/\\\/letrame.com\\\/catalogo\\\/\",\"logo\":{\"@type\":\"ImageObject\",\"inLanguage\":\"es\",\"@id\":\"https:\\\/\\\/letrame.com\\\/catalogo\\\/#\\\/schema\\\/logo\\\/image\\\/\",\"url\":\"https:\\\/\\\/letrame.com\\\/catalogo\\\/wp-content\\\/uploads\\\/2024\\\/03\\\/logo2.webp\",\"contentUrl\":\"https:\\\/\\\/letrame.com\\\/catalogo\\\/wp-content\\\/uploads\\\/2024\\\/03\\\/logo2.webp\",\"width\":394,\"height\":128,\"caption\":\"Catalogo | Letrame Grupo Editorial\"},\"image\":{\"@id\":\"https:\\\/\\\/letrame.com\\\/catalogo\\\/#\\\/schema\\\/logo\\\/image\\\/\"}}]}<\/script>\n<!-- \/ Yoast SEO plugin. -->","yoast_head_json":{"title":"Florecillas del sendero y nen\u00fafares en el agua - Catalogo | Letrame Grupo Editorial","robots":{"index":"index","follow":"follow","max-snippet":"max-snippet:-1","max-image-preview":"max-image-preview:large","max-video-preview":"max-video-preview:-1"},"canonical":"https:\/\/letrame.com\/catalogo\/producto\/florecillas-del-sendero-y-nenufares-en-el-agua\/","og_locale":"es_ES","og_type":"article","og_title":"Florecillas del sendero y nen\u00fafares en el agua - Catalogo | Letrame Grupo Editorial","og_description":"ISBN: 978-84-1114-889-4 SINOPSIS Este texto es una selecci\u00f3n de poemas recogidos en libros que no he publicado. Las emociones contenidas salieron a la luz, a petici\u00f3n de muchos de vosotros que no entend\u00edais vuestra exclusividad al leerlos y me reclamabais una muestra p\u00fablica. Al final me alegro que me acompa\u00f1\u00e9is en este nuevo sendero que voy a iniciar y compart\u00e1is con mis maestros Machado (Caminante, no hay camino, sino estelas en la mar\u2026.), Neruda (..en las noches como esta la tuve entre mis brazos\u2026.), Gloria Fuertes (.. cada noche con su alba\u2026), B\u00e9cquer (..poes\u00eda, eres t\u00fa\u2026), Rosal\u00eda de Castro (.. donde humildes violetas el espacio perfuman\u2026), Dylan (...la respuesta est\u00e1 flotando en el viento..), Garcilaso (.. cuando tengo confieso yo deberos, \/\/ por vos nac\u00ed, por vos tengo la vida\u2026), J. R. Jim\u00e9nez (\u2026 y yo me ir\u00e9, \/\/ y se quedar\u00e1n los p\u00e1jaros cantando..), el maravilloso descubrimiento de nuestras FLORECILLAS y NEN\u00daFARES","og_url":"https:\/\/letrame.com\/catalogo\/producto\/florecillas-del-sendero-y-nenufares-en-el-agua\/","og_site_name":"Catalogo | Letrame Grupo Editorial","article_modified_time":"2024-04-29T12:39:02+00:00","og_image":[{"width":601,"height":881,"url":"https:\/\/letrame.com\/catalogo\/wp-content\/uploads\/2024\/04\/redportada_florecillasdelsendero_8mm.jpg","type":"image\/jpeg"}],"twitter_card":"summary_large_image","twitter_misc":{"Tiempo de lectura":"1 minuto"},"schema":{"@context":"https:\/\/schema.org","@graph":[{"@type":"WebPage","@id":"https:\/\/letrame.com\/catalogo\/producto\/florecillas-del-sendero-y-nenufares-en-el-agua\/","url":"https:\/\/letrame.com\/catalogo\/producto\/florecillas-del-sendero-y-nenufares-en-el-agua\/","name":"Florecillas del sendero y nen\u00fafares en el agua - Catalogo | Letrame Grupo Editorial","isPartOf":{"@id":"https:\/\/letrame.com\/catalogo\/#website"},"primaryImageOfPage":{"@id":"https:\/\/letrame.com\/catalogo\/producto\/florecillas-del-sendero-y-nenufares-en-el-agua\/#primaryimage"},"image":{"@id":"https:\/\/letrame.com\/catalogo\/producto\/florecillas-del-sendero-y-nenufares-en-el-agua\/#primaryimage"},"thumbnailUrl":"https:\/\/letrame.com\/catalogo\/wp-content\/uploads\/2024\/04\/redportada_florecillasdelsendero_8mm.jpg","datePublished":"2024-04-29T12:38:42+00:00","dateModified":"2024-04-29T12:39:02+00:00","breadcrumb":{"@id":"https:\/\/letrame.com\/catalogo\/producto\/florecillas-del-sendero-y-nenufares-en-el-agua\/#breadcrumb"},"inLanguage":"es","potentialAction":[{"@type":"ReadAction","target":["https:\/\/letrame.com\/catalogo\/producto\/florecillas-del-sendero-y-nenufares-en-el-agua\/"]}]},{"@type":"ImageObject","inLanguage":"es","@id":"https:\/\/letrame.com\/catalogo\/producto\/florecillas-del-sendero-y-nenufares-en-el-agua\/#primaryimage","url":"https:\/\/letrame.com\/catalogo\/wp-content\/uploads\/2024\/04\/redportada_florecillasdelsendero_8mm.jpg","contentUrl":"https:\/\/letrame.com\/catalogo\/wp-content\/uploads\/2024\/04\/redportada_florecillasdelsendero_8mm.jpg","width":601,"height":881},{"@type":"BreadcrumbList","@id":"https:\/\/letrame.com\/catalogo\/producto\/florecillas-del-sendero-y-nenufares-en-el-agua\/#breadcrumb","itemListElement":[{"@type":"ListItem","position":1,"name":"Portada","item":"https:\/\/letrame.com\/catalogo\/"},{"@type":"ListItem","position":2,"name":"Cat\u00e1logo","item":"https:\/\/letrame.com\/catalogo\/"},{"@type":"ListItem","position":3,"name":"Florecillas del sendero y nen\u00fafares en el agua"}]},{"@type":"WebSite","@id":"https:\/\/letrame.com\/catalogo\/#website","url":"https:\/\/letrame.com\/catalogo\/","name":"Catalogo | Letrame Grupo Editorial","description":"","publisher":{"@id":"https:\/\/letrame.com\/catalogo\/#organization"},"potentialAction":[{"@type":"SearchAction","target":{"@type":"EntryPoint","urlTemplate":"https:\/\/letrame.com\/catalogo\/?s={search_term_string}"},"query-input":{"@type":"PropertyValueSpecification","valueRequired":true,"valueName":"search_term_string"}}],"inLanguage":"es"},{"@type":"Organization","@id":"https:\/\/letrame.com\/catalogo\/#organization","name":"Catalogo | Letrame Grupo Editorial","url":"https:\/\/letrame.com\/catalogo\/","logo":{"@type":"ImageObject","inLanguage":"es","@id":"https:\/\/letrame.com\/catalogo\/#\/schema\/logo\/image\/","url":"https:\/\/letrame.com\/catalogo\/wp-content\/uploads\/2024\/03\/logo2.webp","contentUrl":"https:\/\/letrame.com\/catalogo\/wp-content\/uploads\/2024\/03\/logo2.webp","width":394,"height":128,"caption":"Catalogo | Letrame Grupo Editorial"},"image":{"@id":"https:\/\/letrame.com\/catalogo\/#\/schema\/logo\/image\/"}}]}},"_links":{"self":[{"href":"https:\/\/letrame.com\/catalogo\/wp-json\/wp\/v2\/product\/97951","targetHints":{"allow":["GET"]}}],"collection":[{"href":"https:\/\/letrame.com\/catalogo\/wp-json\/wp\/v2\/product"}],"about":[{"href":"https:\/\/letrame.com\/catalogo\/wp-json\/wp\/v2\/types\/product"}],"replies":[{"embeddable":true,"href":"https:\/\/letrame.com\/catalogo\/wp-json\/wp\/v2\/comments?post=97951"}],"acf:post":[{"embeddable":true,"href":"https:\/\/letrame.com\/catalogo\/wp-json\/wp\/v2\/author_book\/76495"}],"wp:featuredmedia":[{"embeddable":true,"href":"https:\/\/letrame.com\/catalogo\/wp-json\/wp\/v2\/media\/97952"}],"wp:attachment":[{"href":"https:\/\/letrame.com\/catalogo\/wp-json\/wp\/v2\/media?parent=97951"}],"wp:term":[{"taxonomy":"libro","embeddable":true,"href":"https:\/\/letrame.com\/catalogo\/wp-json\/wp\/v2\/libro?post=97951"},{"taxonomy":"product_brand","embeddable":true,"href":"https:\/\/letrame.com\/catalogo\/wp-json\/wp\/v2\/product_brand?post=97951"},{"taxonomy":"product_cat","embeddable":true,"href":"https:\/\/letrame.com\/catalogo\/wp-json\/wp\/v2\/product_cat?post=97951"},{"taxonomy":"product_tag","embeddable":true,"href":"https:\/\/letrame.com\/catalogo\/wp-json\/wp\/v2\/product_tag?post=97951"}],"curies":[{"name":"wp","href":"https:\/\/api.w.org\/{rel}","templated":true}]}}