{"id":97936,"date":"2024-04-29T14:38:07","date_gmt":"2024-04-29T12:38:07","guid":{"rendered":"https:\/\/letrame.com\/catalogo\/producto\/carlos-hijo-de-su-padre\/"},"modified":"2024-04-29T14:38:08","modified_gmt":"2024-04-29T12:38:08","slug":"carlos-hijo-de-su-padre","status":"publish","type":"product","link":"https:\/\/letrame.com\/catalogo\/producto\/carlos-hijo-de-su-padre\/","title":{"rendered":"Carlos, hijo de su padre"},"content":{"rendered":"<p><strong>ISBN<\/strong>: 978-84-1144-000-4<\/p>\n<p><strong>T\u00edtulo<\/strong>: <span data-sheets-value=\"{&quot;1&quot;:2,&quot;2&quot;:&quot;Carlos, hijo de su padre&quot;}\" data-sheets-userformat=\"{&quot;2&quot;:579,&quot;3&quot;:{&quot;1&quot;:0},&quot;4&quot;:{&quot;1&quot;:2,&quot;2&quot;:14281427},&quot;9&quot;:1,&quot;12&quot;:0}\">Carlos, hijo de su padre<\/span><br \/>\n<strong>Fecha<\/strong>: 2022<br \/>\n<strong>P\u00e1ginas<\/strong>: 130<\/p>\n<p><strong>SINOPSIS<\/strong><\/p>\n<p>La novela plantea la lucha de unos personajes, don Luis de C\u00f3rdoba, junto con la esposa y la hermana, contra las adversidades en el apoyo y comprensi\u00f3n de un pr\u00edncipe psic\u00f3pata y s\u00e1dico. Hijo de un rey prudente,\u00a0 fan\u00e1tico, obsesivo. En un pa\u00eds donde el destino ha puesto la herencia del reino en un pr\u00edncipe cruel, antisocial y psic\u00f3pata, que va a ser aprovechado por los enemigos de don Felipe para crear una leyenda negra. Que intenta desprestigiar a nuestro rey ante las graves decisiones como el encarcelamiento y posterior muerte del pr\u00edncipe. Presentando la alianza de holandeses e ingleses a nuestro rey como un ogro, un ser cruel, aislado en la perfecci\u00f3n de su perfeccionismo y megaloman\u00eda.<\/p>\n<p>Los personajes de la novela van a suscitar una serie de tramas descritas, desmontando los ambientes rom\u00e1nticos de sus adversarios. He intentado presentar a los le apoyaban Portugal, Austria, el papado y su familia con una contra leyenda, que se afrente a la de sus enemigos, que al fin y al cabo son los de este reino de Espa\u00f1a.<\/p>\n<p>&nbsp;<\/p>\n","protected":false},"excerpt":{"rendered":"<p><strong>ISBN<\/strong>: 978-84-1144-000-4<\/p>\n<p><strong>SINOPSIS<\/strong><\/p>\n<p>La novela plantea la lucha de unos personajes, don Luis de C\u00f3rdoba, junto con la esposa y la hermana, contra las adversidades en el apoyo y comprensi\u00f3n de un pr\u00edncipe psic\u00f3pata y s\u00e1dico. Hijo de un rey prudente,\u00a0 fan\u00e1tico, obsesivo. En un pa\u00eds donde el destino ha puesto la herencia del reino en un pr\u00edncipe cruel, antisocial y psic\u00f3pata, que va a ser aprovechado por los enemigos de don Felipe para crear una leyenda negra. Que intenta desprestigiar a nuestro rey ante las graves decisiones como el encarcelamiento y posterior muerte del pr\u00edncipe. Presentando la alianza de holandeses e ingleses a nuestro rey como un ogro, un ser cruel, aislado en la perfecci\u00f3n de su perfeccionismo y megaloman\u00eda.<\/p>\n<p>Los personajes de la novela van a suscitar una serie de tramas descritas, desmontando los ambientes rom\u00e1nticos de sus adversarios. He intentado presentar a los le apoyaban Portugal, Austria, el papado y su familia con una contra leyenda, que se afrente a la de sus enemigos, que al fin y al cabo son los de este reino de Espa\u00f1a.<\/p>\n<p>&nbsp;<\/p>\n","protected":false},"featured_media":97937,"comment_status":"closed","ping_status":"open","template":"","meta":{"_acf_changed":false},"libro":[],"product_brand":[],"product_cat":[16],"product_tag":[],"class_list":{"0":"post-97936","1":"product","2":"type-product","3":"status-publish","4":"has-post-thumbnail","6":"product_cat-novela","8":"first","9":"instock","10":"product-type-simple"},"acf":{"autor":[76482],"enlace_de_compra":""},"yoast_head":"<!-- This site is optimized with the Yoast SEO plugin v27.4 - https:\/\/yoast.com\/product\/yoast-seo-wordpress\/ -->\n<title>Carlos, hijo de su padre - Catalogo | Letrame Grupo Editorial<\/title>\n<meta name=\"robots\" content=\"index, follow, max-snippet:-1, max-image-preview:large, max-video-preview:-1\" \/>\n<link rel=\"canonical\" href=\"https:\/\/letrame.com\/catalogo\/producto\/carlos-hijo-de-su-padre\/\" \/>\n<meta property=\"og:locale\" content=\"es_ES\" \/>\n<meta property=\"og:type\" content=\"article\" \/>\n<meta property=\"og:title\" content=\"Carlos, hijo de su padre - Catalogo | Letrame Grupo Editorial\" \/>\n<meta property=\"og:description\" content=\"ISBN: 978-84-1144-000-4 SINOPSIS La novela plantea la lucha de unos personajes, don Luis de C\u00f3rdoba, junto con la esposa y la hermana, contra las adversidades en el apoyo y comprensi\u00f3n de un pr\u00edncipe psic\u00f3pata y s\u00e1dico. Hijo de un rey prudente,\u00a0 fan\u00e1tico, obsesivo. En un pa\u00eds donde el destino ha puesto la herencia del reino en un pr\u00edncipe cruel, antisocial y psic\u00f3pata, que va a ser aprovechado por los enemigos de don Felipe para crear una leyenda negra. Que intenta desprestigiar a nuestro rey ante las graves decisiones como el encarcelamiento y posterior muerte del pr\u00edncipe. Presentando la alianza de holandeses e ingleses a nuestro rey como un ogro, un ser cruel, aislado en la perfecci\u00f3n de su perfeccionismo y megaloman\u00eda. Los personajes de la novela van a suscitar una serie de tramas descritas, desmontando los ambientes rom\u00e1nticos de sus adversarios. He intentado presentar a los le apoyaban Portugal, Austria, el papado y su familia con una contra leyenda, que se afrente a la de sus enemigos, que al fin y al cabo son los de este reino de Espa\u00f1a. &nbsp;\" \/>\n<meta property=\"og:url\" content=\"https:\/\/letrame.com\/catalogo\/producto\/carlos-hijo-de-su-padre\/\" \/>\n<meta property=\"og:site_name\" content=\"Catalogo | Letrame Grupo Editorial\" \/>\n<meta property=\"article:modified_time\" content=\"2024-04-29T12:38:08+00:00\" \/>\n<meta property=\"og:image\" content=\"https:\/\/letrame.com\/catalogo\/wp-content\/uploads\/2024\/04\/redportada_carlos_71mm-compressed-scaled-1.jpg\" \/>\n\t<meta property=\"og:image:width\" content=\"1746\" \/>\n\t<meta property=\"og:image:height\" content=\"2560\" \/>\n\t<meta property=\"og:image:type\" content=\"image\/jpeg\" \/>\n<meta name=\"twitter:card\" content=\"summary_large_image\" \/>\n<meta name=\"twitter:label1\" content=\"Tiempo de lectura\" \/>\n\t<meta name=\"twitter:data1\" content=\"1 minuto\" \/>\n<script type=\"application\/ld+json\" class=\"yoast-schema-graph\">{\"@context\":\"https:\\\/\\\/schema.org\",\"@graph\":[{\"@type\":\"WebPage\",\"@id\":\"https:\\\/\\\/letrame.com\\\/catalogo\\\/producto\\\/carlos-hijo-de-su-padre\\\/\",\"url\":\"https:\\\/\\\/letrame.com\\\/catalogo\\\/producto\\\/carlos-hijo-de-su-padre\\\/\",\"name\":\"Carlos, hijo de su padre - Catalogo | Letrame Grupo Editorial\",\"isPartOf\":{\"@id\":\"https:\\\/\\\/letrame.com\\\/catalogo\\\/#website\"},\"primaryImageOfPage\":{\"@id\":\"https:\\\/\\\/letrame.com\\\/catalogo\\\/producto\\\/carlos-hijo-de-su-padre\\\/#primaryimage\"},\"image\":{\"@id\":\"https:\\\/\\\/letrame.com\\\/catalogo\\\/producto\\\/carlos-hijo-de-su-padre\\\/#primaryimage\"},\"thumbnailUrl\":\"https:\\\/\\\/letrame.com\\\/catalogo\\\/wp-content\\\/uploads\\\/2024\\\/04\\\/redportada_carlos_71mm-compressed-scaled-1.jpg\",\"datePublished\":\"2024-04-29T12:38:07+00:00\",\"dateModified\":\"2024-04-29T12:38:08+00:00\",\"breadcrumb\":{\"@id\":\"https:\\\/\\\/letrame.com\\\/catalogo\\\/producto\\\/carlos-hijo-de-su-padre\\\/#breadcrumb\"},\"inLanguage\":\"es\",\"potentialAction\":[{\"@type\":\"ReadAction\",\"target\":[\"https:\\\/\\\/letrame.com\\\/catalogo\\\/producto\\\/carlos-hijo-de-su-padre\\\/\"]}]},{\"@type\":\"ImageObject\",\"inLanguage\":\"es\",\"@id\":\"https:\\\/\\\/letrame.com\\\/catalogo\\\/producto\\\/carlos-hijo-de-su-padre\\\/#primaryimage\",\"url\":\"https:\\\/\\\/letrame.com\\\/catalogo\\\/wp-content\\\/uploads\\\/2024\\\/04\\\/redportada_carlos_71mm-compressed-scaled-1.jpg\",\"contentUrl\":\"https:\\\/\\\/letrame.com\\\/catalogo\\\/wp-content\\\/uploads\\\/2024\\\/04\\\/redportada_carlos_71mm-compressed-scaled-1.jpg\",\"width\":1746,\"height\":2560},{\"@type\":\"BreadcrumbList\",\"@id\":\"https:\\\/\\\/letrame.com\\\/catalogo\\\/producto\\\/carlos-hijo-de-su-padre\\\/#breadcrumb\",\"itemListElement\":[{\"@type\":\"ListItem\",\"position\":1,\"name\":\"Portada\",\"item\":\"https:\\\/\\\/letrame.com\\\/catalogo\\\/\"},{\"@type\":\"ListItem\",\"position\":2,\"name\":\"Cat\u00e1logo\",\"item\":\"https:\\\/\\\/letrame.com\\\/catalogo\\\/\"},{\"@type\":\"ListItem\",\"position\":3,\"name\":\"Carlos, hijo de su padre\"}]},{\"@type\":\"WebSite\",\"@id\":\"https:\\\/\\\/letrame.com\\\/catalogo\\\/#website\",\"url\":\"https:\\\/\\\/letrame.com\\\/catalogo\\\/\",\"name\":\"Catalogo | Letrame Grupo Editorial\",\"description\":\"\",\"publisher\":{\"@id\":\"https:\\\/\\\/letrame.com\\\/catalogo\\\/#organization\"},\"potentialAction\":[{\"@type\":\"SearchAction\",\"target\":{\"@type\":\"EntryPoint\",\"urlTemplate\":\"https:\\\/\\\/letrame.com\\\/catalogo\\\/?s={search_term_string}\"},\"query-input\":{\"@type\":\"PropertyValueSpecification\",\"valueRequired\":true,\"valueName\":\"search_term_string\"}}],\"inLanguage\":\"es\"},{\"@type\":\"Organization\",\"@id\":\"https:\\\/\\\/letrame.com\\\/catalogo\\\/#organization\",\"name\":\"Catalogo | Letrame Grupo Editorial\",\"url\":\"https:\\\/\\\/letrame.com\\\/catalogo\\\/\",\"logo\":{\"@type\":\"ImageObject\",\"inLanguage\":\"es\",\"@id\":\"https:\\\/\\\/letrame.com\\\/catalogo\\\/#\\\/schema\\\/logo\\\/image\\\/\",\"url\":\"https:\\\/\\\/letrame.com\\\/catalogo\\\/wp-content\\\/uploads\\\/2024\\\/03\\\/logo2.webp\",\"contentUrl\":\"https:\\\/\\\/letrame.com\\\/catalogo\\\/wp-content\\\/uploads\\\/2024\\\/03\\\/logo2.webp\",\"width\":394,\"height\":128,\"caption\":\"Catalogo | Letrame Grupo Editorial\"},\"image\":{\"@id\":\"https:\\\/\\\/letrame.com\\\/catalogo\\\/#\\\/schema\\\/logo\\\/image\\\/\"}}]}<\/script>\n<!-- \/ Yoast SEO plugin. -->","yoast_head_json":{"title":"Carlos, hijo de su padre - Catalogo | Letrame Grupo Editorial","robots":{"index":"index","follow":"follow","max-snippet":"max-snippet:-1","max-image-preview":"max-image-preview:large","max-video-preview":"max-video-preview:-1"},"canonical":"https:\/\/letrame.com\/catalogo\/producto\/carlos-hijo-de-su-padre\/","og_locale":"es_ES","og_type":"article","og_title":"Carlos, hijo de su padre - Catalogo | Letrame Grupo Editorial","og_description":"ISBN: 978-84-1144-000-4 SINOPSIS La novela plantea la lucha de unos personajes, don Luis de C\u00f3rdoba, junto con la esposa y la hermana, contra las adversidades en el apoyo y comprensi\u00f3n de un pr\u00edncipe psic\u00f3pata y s\u00e1dico. Hijo de un rey prudente,\u00a0 fan\u00e1tico, obsesivo. En un pa\u00eds donde el destino ha puesto la herencia del reino en un pr\u00edncipe cruel, antisocial y psic\u00f3pata, que va a ser aprovechado por los enemigos de don Felipe para crear una leyenda negra. Que intenta desprestigiar a nuestro rey ante las graves decisiones como el encarcelamiento y posterior muerte del pr\u00edncipe. Presentando la alianza de holandeses e ingleses a nuestro rey como un ogro, un ser cruel, aislado en la perfecci\u00f3n de su perfeccionismo y megaloman\u00eda. Los personajes de la novela van a suscitar una serie de tramas descritas, desmontando los ambientes rom\u00e1nticos de sus adversarios. He intentado presentar a los le apoyaban Portugal, Austria, el papado y su familia con una contra leyenda, que se afrente a la de sus enemigos, que al fin y al cabo son los de este reino de Espa\u00f1a. &nbsp;","og_url":"https:\/\/letrame.com\/catalogo\/producto\/carlos-hijo-de-su-padre\/","og_site_name":"Catalogo | Letrame Grupo Editorial","article_modified_time":"2024-04-29T12:38:08+00:00","og_image":[{"width":1746,"height":2560,"url":"https:\/\/letrame.com\/catalogo\/wp-content\/uploads\/2024\/04\/redportada_carlos_71mm-compressed-scaled-1.jpg","type":"image\/jpeg"}],"twitter_card":"summary_large_image","twitter_misc":{"Tiempo de lectura":"1 minuto"},"schema":{"@context":"https:\/\/schema.org","@graph":[{"@type":"WebPage","@id":"https:\/\/letrame.com\/catalogo\/producto\/carlos-hijo-de-su-padre\/","url":"https:\/\/letrame.com\/catalogo\/producto\/carlos-hijo-de-su-padre\/","name":"Carlos, hijo de su padre - Catalogo | Letrame Grupo Editorial","isPartOf":{"@id":"https:\/\/letrame.com\/catalogo\/#website"},"primaryImageOfPage":{"@id":"https:\/\/letrame.com\/catalogo\/producto\/carlos-hijo-de-su-padre\/#primaryimage"},"image":{"@id":"https:\/\/letrame.com\/catalogo\/producto\/carlos-hijo-de-su-padre\/#primaryimage"},"thumbnailUrl":"https:\/\/letrame.com\/catalogo\/wp-content\/uploads\/2024\/04\/redportada_carlos_71mm-compressed-scaled-1.jpg","datePublished":"2024-04-29T12:38:07+00:00","dateModified":"2024-04-29T12:38:08+00:00","breadcrumb":{"@id":"https:\/\/letrame.com\/catalogo\/producto\/carlos-hijo-de-su-padre\/#breadcrumb"},"inLanguage":"es","potentialAction":[{"@type":"ReadAction","target":["https:\/\/letrame.com\/catalogo\/producto\/carlos-hijo-de-su-padre\/"]}]},{"@type":"ImageObject","inLanguage":"es","@id":"https:\/\/letrame.com\/catalogo\/producto\/carlos-hijo-de-su-padre\/#primaryimage","url":"https:\/\/letrame.com\/catalogo\/wp-content\/uploads\/2024\/04\/redportada_carlos_71mm-compressed-scaled-1.jpg","contentUrl":"https:\/\/letrame.com\/catalogo\/wp-content\/uploads\/2024\/04\/redportada_carlos_71mm-compressed-scaled-1.jpg","width":1746,"height":2560},{"@type":"BreadcrumbList","@id":"https:\/\/letrame.com\/catalogo\/producto\/carlos-hijo-de-su-padre\/#breadcrumb","itemListElement":[{"@type":"ListItem","position":1,"name":"Portada","item":"https:\/\/letrame.com\/catalogo\/"},{"@type":"ListItem","position":2,"name":"Cat\u00e1logo","item":"https:\/\/letrame.com\/catalogo\/"},{"@type":"ListItem","position":3,"name":"Carlos, hijo de su padre"}]},{"@type":"WebSite","@id":"https:\/\/letrame.com\/catalogo\/#website","url":"https:\/\/letrame.com\/catalogo\/","name":"Catalogo | Letrame Grupo Editorial","description":"","publisher":{"@id":"https:\/\/letrame.com\/catalogo\/#organization"},"potentialAction":[{"@type":"SearchAction","target":{"@type":"EntryPoint","urlTemplate":"https:\/\/letrame.com\/catalogo\/?s={search_term_string}"},"query-input":{"@type":"PropertyValueSpecification","valueRequired":true,"valueName":"search_term_string"}}],"inLanguage":"es"},{"@type":"Organization","@id":"https:\/\/letrame.com\/catalogo\/#organization","name":"Catalogo | Letrame Grupo Editorial","url":"https:\/\/letrame.com\/catalogo\/","logo":{"@type":"ImageObject","inLanguage":"es","@id":"https:\/\/letrame.com\/catalogo\/#\/schema\/logo\/image\/","url":"https:\/\/letrame.com\/catalogo\/wp-content\/uploads\/2024\/03\/logo2.webp","contentUrl":"https:\/\/letrame.com\/catalogo\/wp-content\/uploads\/2024\/03\/logo2.webp","width":394,"height":128,"caption":"Catalogo | Letrame Grupo Editorial"},"image":{"@id":"https:\/\/letrame.com\/catalogo\/#\/schema\/logo\/image\/"}}]}},"_links":{"self":[{"href":"https:\/\/letrame.com\/catalogo\/wp-json\/wp\/v2\/product\/97936","targetHints":{"allow":["GET"]}}],"collection":[{"href":"https:\/\/letrame.com\/catalogo\/wp-json\/wp\/v2\/product"}],"about":[{"href":"https:\/\/letrame.com\/catalogo\/wp-json\/wp\/v2\/types\/product"}],"replies":[{"embeddable":true,"href":"https:\/\/letrame.com\/catalogo\/wp-json\/wp\/v2\/comments?post=97936"}],"acf:post":[{"embeddable":true,"href":"https:\/\/letrame.com\/catalogo\/wp-json\/wp\/v2\/author_book\/76482"}],"wp:featuredmedia":[{"embeddable":true,"href":"https:\/\/letrame.com\/catalogo\/wp-json\/wp\/v2\/media\/97937"}],"wp:attachment":[{"href":"https:\/\/letrame.com\/catalogo\/wp-json\/wp\/v2\/media?parent=97936"}],"wp:term":[{"taxonomy":"libro","embeddable":true,"href":"https:\/\/letrame.com\/catalogo\/wp-json\/wp\/v2\/libro?post=97936"},{"taxonomy":"product_brand","embeddable":true,"href":"https:\/\/letrame.com\/catalogo\/wp-json\/wp\/v2\/product_brand?post=97936"},{"taxonomy":"product_cat","embeddable":true,"href":"https:\/\/letrame.com\/catalogo\/wp-json\/wp\/v2\/product_cat?post=97936"},{"taxonomy":"product_tag","embeddable":true,"href":"https:\/\/letrame.com\/catalogo\/wp-json\/wp\/v2\/product_tag?post=97936"}],"curies":[{"name":"wp","href":"https:\/\/api.w.org\/{rel}","templated":true}]}}