{"id":97934,"date":"2024-04-29T14:37:15","date_gmt":"2024-04-29T12:37:15","guid":{"rendered":"https:\/\/letrame.com\/catalogo\/producto\/afganistan\/"},"modified":"2024-04-29T14:37:41","modified_gmt":"2024-04-29T12:37:41","slug":"afganistan","status":"publish","type":"product","link":"https:\/\/letrame.com\/catalogo\/producto\/afganistan\/","title":{"rendered":"Afganist\u00e1n"},"content":{"rendered":"<p><strong>ISBN<\/strong>: 978-84-1144-022-6<\/p>\n<p><strong>T\u00edtulo<\/strong>: <span data-sheets-value=\"{&quot;1&quot;:2,&quot;2&quot;:&quot;Afganist\u00e1n&quot;}\" data-sheets-userformat=\"{&quot;2&quot;:579,&quot;3&quot;:{&quot;1&quot;:0},&quot;4&quot;:{&quot;1&quot;:2,&quot;2&quot;:16777215},&quot;9&quot;:1,&quot;12&quot;:0}\">Afganist\u00e1n, el olvido recurrente<\/span><br \/>\n<strong>Fecha<\/strong>: 2022<br \/>\n<strong>P\u00e1ginas<\/strong>: 70<\/p>\n<p><strong>SINOPSIS<\/strong><\/p>\n<p><strong>Afganist\u00e1n, el Olvido Recurrente<\/strong> es el quinto libro del autor y representa un grito contra la injusticia, la barbarie y la oscuridad, al mismo tiempo que una oda, en forma de prosa po\u00e9tica, a la luz y el color de la cultura afgana, su belleza, su arte y su identidad. En esta obra l\u00edrica se repasan los vaivenes de un pa\u00eds sacudido por cuarenta a\u00f1os de guerra, desolaci\u00f3n e injusticia, un pa\u00eds foso de imperios vanidosos y tumba de una generaci\u00f3n perdida condenada al hambre y la destrucci\u00f3n. Desde una prosa po\u00e9tica, elegante pero mordaz, cercana y enso\u00f1adora, se retrata la historia de gentes humildes abandonadas a un destino incierto. Este libro es un homenaje a los miles de afganos y afganas que siguen combatiendo la injusticia y la corrupci\u00f3n con las armas m\u00e1s simples e inofensivas que tiene el individuo: la palabra, la dignidad, la valent\u00eda, la resiliencia, la verdad. La poes\u00eda nos da la identidad contra el olvido, ese olvido recurrente en el que se ha convertido Afganist\u00e1n.<\/p>\n","protected":false},"excerpt":{"rendered":"<p><strong>ISBN<\/strong>: 978-84-1144-022-6<\/p>\n<p><strong>SINOPSIS<\/strong><\/p>\n<p><strong>Afganist\u00e1n, el Olvido Recurrente<\/strong> es el quinto libro del autor y representa un grito contra la injusticia, la barbarie y la oscuridad, al mismo tiempo que una oda, en forma de prosa po\u00e9tica, a la luz y el color de la cultura afgana, su belleza, su arte y su identidad. En esta obra l\u00edrica se repasan los vaivenes de un pa\u00eds sacudido por cuarenta a\u00f1os de guerra, desolaci\u00f3n e injusticia, un pa\u00eds foso de imperios vanidosos y tumba de una generaci\u00f3n perdida condenada al hambre y la destrucci\u00f3n. Desde una prosa po\u00e9tica, elegante pero mordaz, cercana y enso\u00f1adora, se retrata la historia de gentes humildes abandonadas a un destino incierto. Este libro es un homenaje a los miles de afganos y afganas que siguen combatiendo la injusticia y la corrupci\u00f3n con las armas m\u00e1s simples e inofensivas que tiene el individuo: la palabra, la dignidad, la valent\u00eda, la resiliencia, la verdad. La poes\u00eda nos da la identidad contra el olvido, ese olvido recurrente en el que se ha convertido Afganist\u00e1n.<\/p>\n","protected":false},"featured_media":97935,"comment_status":"closed","ping_status":"open","template":"","meta":{"_acf_changed":false},"libro":[],"product_brand":[],"product_cat":[26],"product_tag":[],"class_list":{"0":"post-97934","1":"product","2":"type-product","3":"status-publish","4":"has-post-thumbnail","6":"product_cat-sin-categoria","8":"first","9":"instock","10":"product-type-simple"},"acf":{"autor":[73818],"enlace_de_compra":""},"yoast_head":"<!-- This site is optimized with the Yoast SEO plugin v27.4 - https:\/\/yoast.com\/product\/yoast-seo-wordpress\/ -->\n<title>Afganist\u00e1n - Catalogo | Letrame Grupo Editorial<\/title>\n<meta name=\"robots\" content=\"index, follow, max-snippet:-1, max-image-preview:large, max-video-preview:-1\" \/>\n<link rel=\"canonical\" href=\"https:\/\/letrame.com\/catalogo\/producto\/afganistan\/\" \/>\n<meta property=\"og:locale\" content=\"es_ES\" \/>\n<meta property=\"og:type\" content=\"article\" \/>\n<meta property=\"og:title\" content=\"Afganist\u00e1n - Catalogo | Letrame Grupo Editorial\" \/>\n<meta property=\"og:description\" content=\"ISBN: 978-84-1144-022-6 SINOPSIS Afganist\u00e1n, el Olvido Recurrente es el quinto libro del autor y representa un grito contra la injusticia, la barbarie y la oscuridad, al mismo tiempo que una oda, en forma de prosa po\u00e9tica, a la luz y el color de la cultura afgana, su belleza, su arte y su identidad. En esta obra l\u00edrica se repasan los vaivenes de un pa\u00eds sacudido por cuarenta a\u00f1os de guerra, desolaci\u00f3n e injusticia, un pa\u00eds foso de imperios vanidosos y tumba de una generaci\u00f3n perdida condenada al hambre y la destrucci\u00f3n. Desde una prosa po\u00e9tica, elegante pero mordaz, cercana y enso\u00f1adora, se retrata la historia de gentes humildes abandonadas a un destino incierto. Este libro es un homenaje a los miles de afganos y afganas que siguen combatiendo la injusticia y la corrupci\u00f3n con las armas m\u00e1s simples e inofensivas que tiene el individuo: la palabra, la dignidad, la valent\u00eda, la resiliencia, la verdad. La poes\u00eda nos da la identidad contra el olvido, ese olvido recurrente en el que se ha convertido Afganist\u00e1n.\" \/>\n<meta property=\"og:url\" content=\"https:\/\/letrame.com\/catalogo\/producto\/afganistan\/\" \/>\n<meta property=\"og:site_name\" content=\"Catalogo | Letrame Grupo Editorial\" \/>\n<meta property=\"article:modified_time\" content=\"2024-04-29T12:37:41+00:00\" \/>\n<meta property=\"og:image\" content=\"https:\/\/letrame.com\/catalogo\/wp-content\/uploads\/2024\/04\/portada_afganistan_471mm-658x1024.jpg\" \/>\n\t<meta property=\"og:image:width\" content=\"658\" \/>\n\t<meta property=\"og:image:height\" content=\"1024\" \/>\n\t<meta property=\"og:image:type\" content=\"image\/jpeg\" \/>\n<meta name=\"twitter:card\" content=\"summary_large_image\" \/>\n<meta name=\"twitter:label1\" content=\"Tiempo de lectura\" \/>\n\t<meta name=\"twitter:data1\" content=\"1 minuto\" \/>\n<script type=\"application\/ld+json\" class=\"yoast-schema-graph\">{\"@context\":\"https:\\\/\\\/schema.org\",\"@graph\":[{\"@type\":\"WebPage\",\"@id\":\"https:\\\/\\\/letrame.com\\\/catalogo\\\/producto\\\/afganistan\\\/\",\"url\":\"https:\\\/\\\/letrame.com\\\/catalogo\\\/producto\\\/afganistan\\\/\",\"name\":\"Afganist\u00e1n - Catalogo | Letrame Grupo Editorial\",\"isPartOf\":{\"@id\":\"https:\\\/\\\/letrame.com\\\/catalogo\\\/#website\"},\"primaryImageOfPage\":{\"@id\":\"https:\\\/\\\/letrame.com\\\/catalogo\\\/producto\\\/afganistan\\\/#primaryimage\"},\"image\":{\"@id\":\"https:\\\/\\\/letrame.com\\\/catalogo\\\/producto\\\/afganistan\\\/#primaryimage\"},\"thumbnailUrl\":\"https:\\\/\\\/letrame.com\\\/catalogo\\\/wp-content\\\/uploads\\\/2024\\\/04\\\/portada_afganistan_471mm.jpg\",\"datePublished\":\"2024-04-29T12:37:15+00:00\",\"dateModified\":\"2024-04-29T12:37:41+00:00\",\"breadcrumb\":{\"@id\":\"https:\\\/\\\/letrame.com\\\/catalogo\\\/producto\\\/afganistan\\\/#breadcrumb\"},\"inLanguage\":\"es\",\"potentialAction\":[{\"@type\":\"ReadAction\",\"target\":[\"https:\\\/\\\/letrame.com\\\/catalogo\\\/producto\\\/afganistan\\\/\"]}]},{\"@type\":\"ImageObject\",\"inLanguage\":\"es\",\"@id\":\"https:\\\/\\\/letrame.com\\\/catalogo\\\/producto\\\/afganistan\\\/#primaryimage\",\"url\":\"https:\\\/\\\/letrame.com\\\/catalogo\\\/wp-content\\\/uploads\\\/2024\\\/04\\\/portada_afganistan_471mm.jpg\",\"contentUrl\":\"https:\\\/\\\/letrame.com\\\/catalogo\\\/wp-content\\\/uploads\\\/2024\\\/04\\\/portada_afganistan_471mm.jpg\",\"width\":1594,\"height\":2480},{\"@type\":\"BreadcrumbList\",\"@id\":\"https:\\\/\\\/letrame.com\\\/catalogo\\\/producto\\\/afganistan\\\/#breadcrumb\",\"itemListElement\":[{\"@type\":\"ListItem\",\"position\":1,\"name\":\"Portada\",\"item\":\"https:\\\/\\\/letrame.com\\\/catalogo\\\/\"},{\"@type\":\"ListItem\",\"position\":2,\"name\":\"Cat\u00e1logo\",\"item\":\"https:\\\/\\\/letrame.com\\\/catalogo\\\/\"},{\"@type\":\"ListItem\",\"position\":3,\"name\":\"Afganist\u00e1n\"}]},{\"@type\":\"WebSite\",\"@id\":\"https:\\\/\\\/letrame.com\\\/catalogo\\\/#website\",\"url\":\"https:\\\/\\\/letrame.com\\\/catalogo\\\/\",\"name\":\"Catalogo | Letrame Grupo Editorial\",\"description\":\"\",\"publisher\":{\"@id\":\"https:\\\/\\\/letrame.com\\\/catalogo\\\/#organization\"},\"potentialAction\":[{\"@type\":\"SearchAction\",\"target\":{\"@type\":\"EntryPoint\",\"urlTemplate\":\"https:\\\/\\\/letrame.com\\\/catalogo\\\/?s={search_term_string}\"},\"query-input\":{\"@type\":\"PropertyValueSpecification\",\"valueRequired\":true,\"valueName\":\"search_term_string\"}}],\"inLanguage\":\"es\"},{\"@type\":\"Organization\",\"@id\":\"https:\\\/\\\/letrame.com\\\/catalogo\\\/#organization\",\"name\":\"Catalogo | Letrame Grupo Editorial\",\"url\":\"https:\\\/\\\/letrame.com\\\/catalogo\\\/\",\"logo\":{\"@type\":\"ImageObject\",\"inLanguage\":\"es\",\"@id\":\"https:\\\/\\\/letrame.com\\\/catalogo\\\/#\\\/schema\\\/logo\\\/image\\\/\",\"url\":\"https:\\\/\\\/letrame.com\\\/catalogo\\\/wp-content\\\/uploads\\\/2024\\\/03\\\/logo2.webp\",\"contentUrl\":\"https:\\\/\\\/letrame.com\\\/catalogo\\\/wp-content\\\/uploads\\\/2024\\\/03\\\/logo2.webp\",\"width\":394,\"height\":128,\"caption\":\"Catalogo | Letrame Grupo Editorial\"},\"image\":{\"@id\":\"https:\\\/\\\/letrame.com\\\/catalogo\\\/#\\\/schema\\\/logo\\\/image\\\/\"}}]}<\/script>\n<!-- \/ Yoast SEO plugin. -->","yoast_head_json":{"title":"Afganist\u00e1n - Catalogo | Letrame Grupo Editorial","robots":{"index":"index","follow":"follow","max-snippet":"max-snippet:-1","max-image-preview":"max-image-preview:large","max-video-preview":"max-video-preview:-1"},"canonical":"https:\/\/letrame.com\/catalogo\/producto\/afganistan\/","og_locale":"es_ES","og_type":"article","og_title":"Afganist\u00e1n - Catalogo | Letrame Grupo Editorial","og_description":"ISBN: 978-84-1144-022-6 SINOPSIS Afganist\u00e1n, el Olvido Recurrente es el quinto libro del autor y representa un grito contra la injusticia, la barbarie y la oscuridad, al mismo tiempo que una oda, en forma de prosa po\u00e9tica, a la luz y el color de la cultura afgana, su belleza, su arte y su identidad. En esta obra l\u00edrica se repasan los vaivenes de un pa\u00eds sacudido por cuarenta a\u00f1os de guerra, desolaci\u00f3n e injusticia, un pa\u00eds foso de imperios vanidosos y tumba de una generaci\u00f3n perdida condenada al hambre y la destrucci\u00f3n. Desde una prosa po\u00e9tica, elegante pero mordaz, cercana y enso\u00f1adora, se retrata la historia de gentes humildes abandonadas a un destino incierto. Este libro es un homenaje a los miles de afganos y afganas que siguen combatiendo la injusticia y la corrupci\u00f3n con las armas m\u00e1s simples e inofensivas que tiene el individuo: la palabra, la dignidad, la valent\u00eda, la resiliencia, la verdad. La poes\u00eda nos da la identidad contra el olvido, ese olvido recurrente en el que se ha convertido Afganist\u00e1n.","og_url":"https:\/\/letrame.com\/catalogo\/producto\/afganistan\/","og_site_name":"Catalogo | Letrame Grupo Editorial","article_modified_time":"2024-04-29T12:37:41+00:00","og_image":[{"width":658,"height":1024,"url":"https:\/\/letrame.com\/catalogo\/wp-content\/uploads\/2024\/04\/portada_afganistan_471mm-658x1024.jpg","type":"image\/jpeg"}],"twitter_card":"summary_large_image","twitter_misc":{"Tiempo de lectura":"1 minuto"},"schema":{"@context":"https:\/\/schema.org","@graph":[{"@type":"WebPage","@id":"https:\/\/letrame.com\/catalogo\/producto\/afganistan\/","url":"https:\/\/letrame.com\/catalogo\/producto\/afganistan\/","name":"Afganist\u00e1n - Catalogo | Letrame Grupo Editorial","isPartOf":{"@id":"https:\/\/letrame.com\/catalogo\/#website"},"primaryImageOfPage":{"@id":"https:\/\/letrame.com\/catalogo\/producto\/afganistan\/#primaryimage"},"image":{"@id":"https:\/\/letrame.com\/catalogo\/producto\/afganistan\/#primaryimage"},"thumbnailUrl":"https:\/\/letrame.com\/catalogo\/wp-content\/uploads\/2024\/04\/portada_afganistan_471mm.jpg","datePublished":"2024-04-29T12:37:15+00:00","dateModified":"2024-04-29T12:37:41+00:00","breadcrumb":{"@id":"https:\/\/letrame.com\/catalogo\/producto\/afganistan\/#breadcrumb"},"inLanguage":"es","potentialAction":[{"@type":"ReadAction","target":["https:\/\/letrame.com\/catalogo\/producto\/afganistan\/"]}]},{"@type":"ImageObject","inLanguage":"es","@id":"https:\/\/letrame.com\/catalogo\/producto\/afganistan\/#primaryimage","url":"https:\/\/letrame.com\/catalogo\/wp-content\/uploads\/2024\/04\/portada_afganistan_471mm.jpg","contentUrl":"https:\/\/letrame.com\/catalogo\/wp-content\/uploads\/2024\/04\/portada_afganistan_471mm.jpg","width":1594,"height":2480},{"@type":"BreadcrumbList","@id":"https:\/\/letrame.com\/catalogo\/producto\/afganistan\/#breadcrumb","itemListElement":[{"@type":"ListItem","position":1,"name":"Portada","item":"https:\/\/letrame.com\/catalogo\/"},{"@type":"ListItem","position":2,"name":"Cat\u00e1logo","item":"https:\/\/letrame.com\/catalogo\/"},{"@type":"ListItem","position":3,"name":"Afganist\u00e1n"}]},{"@type":"WebSite","@id":"https:\/\/letrame.com\/catalogo\/#website","url":"https:\/\/letrame.com\/catalogo\/","name":"Catalogo | Letrame Grupo Editorial","description":"","publisher":{"@id":"https:\/\/letrame.com\/catalogo\/#organization"},"potentialAction":[{"@type":"SearchAction","target":{"@type":"EntryPoint","urlTemplate":"https:\/\/letrame.com\/catalogo\/?s={search_term_string}"},"query-input":{"@type":"PropertyValueSpecification","valueRequired":true,"valueName":"search_term_string"}}],"inLanguage":"es"},{"@type":"Organization","@id":"https:\/\/letrame.com\/catalogo\/#organization","name":"Catalogo | Letrame Grupo Editorial","url":"https:\/\/letrame.com\/catalogo\/","logo":{"@type":"ImageObject","inLanguage":"es","@id":"https:\/\/letrame.com\/catalogo\/#\/schema\/logo\/image\/","url":"https:\/\/letrame.com\/catalogo\/wp-content\/uploads\/2024\/03\/logo2.webp","contentUrl":"https:\/\/letrame.com\/catalogo\/wp-content\/uploads\/2024\/03\/logo2.webp","width":394,"height":128,"caption":"Catalogo | Letrame Grupo Editorial"},"image":{"@id":"https:\/\/letrame.com\/catalogo\/#\/schema\/logo\/image\/"}}]}},"_links":{"self":[{"href":"https:\/\/letrame.com\/catalogo\/wp-json\/wp\/v2\/product\/97934","targetHints":{"allow":["GET"]}}],"collection":[{"href":"https:\/\/letrame.com\/catalogo\/wp-json\/wp\/v2\/product"}],"about":[{"href":"https:\/\/letrame.com\/catalogo\/wp-json\/wp\/v2\/types\/product"}],"replies":[{"embeddable":true,"href":"https:\/\/letrame.com\/catalogo\/wp-json\/wp\/v2\/comments?post=97934"}],"acf:post":[{"embeddable":true,"href":"https:\/\/letrame.com\/catalogo\/wp-json\/wp\/v2\/author_book\/73818"}],"wp:featuredmedia":[{"embeddable":true,"href":"https:\/\/letrame.com\/catalogo\/wp-json\/wp\/v2\/media\/97935"}],"wp:attachment":[{"href":"https:\/\/letrame.com\/catalogo\/wp-json\/wp\/v2\/media?parent=97934"}],"wp:term":[{"taxonomy":"libro","embeddable":true,"href":"https:\/\/letrame.com\/catalogo\/wp-json\/wp\/v2\/libro?post=97934"},{"taxonomy":"product_brand","embeddable":true,"href":"https:\/\/letrame.com\/catalogo\/wp-json\/wp\/v2\/product_brand?post=97934"},{"taxonomy":"product_cat","embeddable":true,"href":"https:\/\/letrame.com\/catalogo\/wp-json\/wp\/v2\/product_cat?post=97934"},{"taxonomy":"product_tag","embeddable":true,"href":"https:\/\/letrame.com\/catalogo\/wp-json\/wp\/v2\/product_tag?post=97934"}],"curies":[{"name":"wp","href":"https:\/\/api.w.org\/{rel}","templated":true}]}}