{"id":97801,"date":"2024-04-29T14:30:13","date_gmt":"2024-04-29T12:30:13","guid":{"rendered":"https:\/\/letrame.com\/catalogo\/producto\/amar-con-el-corazon\/"},"modified":"2024-05-16T16:01:46","modified_gmt":"2024-05-16T14:01:46","slug":"amar-con-el-corazon","status":"publish","type":"product","link":"https:\/\/letrame.com\/catalogo\/producto\/amar-con-el-corazon\/","title":{"rendered":"Amar con el coraz\u00f3n"},"content":{"rendered":"<p><strong>ISBN<\/strong>:978-84-1114-870-2<\/p>\n<p><strong>T\u00edtulo<\/strong>: <span data-sheets-value=\"{&quot;1&quot;:2,&quot;2&quot;:&quot;Amar con el coraz\u00f3n&quot;}\" data-sheets-userformat=\"{&quot;2&quot;:579,&quot;3&quot;:{&quot;1&quot;:0},&quot;4&quot;:{&quot;1&quot;:2,&quot;2&quot;:14281427},&quot;9&quot;:1,&quot;12&quot;:0}\">Amar con el coraz\u00f3n<\/span><\/p>\n<p><strong>Fecha<\/strong>: 2022<br \/>\n<strong>P\u00e1ginas<\/strong>: 360<\/p>\n<p><strong>SINOPSIS<\/strong><\/p>\n<p>En nuestra sociedad actual, regida por la prisa y el imparable avance de la ciencia y la tecnolog\u00eda, el ser humano a menudo olvida la dimensi\u00f3n espiritual de la que tambi\u00e9n se compone su existencia. <em>Amar con el coraz\u00f3n<\/em> propone una gu\u00eda para que los lectores vuelvan a entrar en contacto con esta parte de sus vidas, sin que esto est\u00e9 re\u00f1ido, como aclara su autora, con el modo de vida contempor\u00e1neo al que estamos acostumbrados.<\/p>\n<p>Partiendo de sus propias vivencias, la autora plantea, con un lenguaje sencillo y accesible a cualquier lector, una serie de cuestiones abiertas para fomentar la reflexi\u00f3n. El objetivo es que sus lectores retomen el di\u00e1logo con su propio cuerpo y su entorno, en busca de una mejor gesti\u00f3n de su tiempo y energ\u00eda para invertirlos en su propio bienestar, de nuevas maneras de estar presentes en el mundo de una forma plena.<\/p>\n","protected":false},"excerpt":{"rendered":"<p><strong>ISBN<\/strong>:978-84-1114-870-2<\/p>\n<p><strong>SINOPSIS<\/strong><\/p>\n<p>En nuestra sociedad actual, regida por la prisa y el imparable avance de la ciencia y la tecnolog\u00eda, el ser humano a menudo olvida la dimensi\u00f3n espiritual de la que tambi\u00e9n se compone su existencia. <em>Amar con el coraz\u00f3n<\/em> propone una gu\u00eda para que los lectores vuelvan a entrar en contacto con esta parte de sus vidas, sin que esto est\u00e9 re\u00f1ido, como aclara su autora, con el modo de vida contempor\u00e1neo al que estamos acostumbrados.<\/p>\n<p>Partiendo de sus propias vivencias, la autora plantea, con un lenguaje sencillo y accesible a cualquier lector, una serie de cuestiones abiertas para fomentar la reflexi\u00f3n. El objetivo es que sus lectores retomen el di\u00e1logo con su propio cuerpo y su entorno, en busca de una mejor gesti\u00f3n de su tiempo y energ\u00eda para invertirlos en su propio bienestar, de nuevas maneras de estar presentes en el mundo de una forma plena.<\/p>\n","protected":false},"featured_media":100376,"comment_status":"closed","ping_status":"closed","template":"","meta":{"_acf_changed":false},"libro":[],"product_brand":[],"product_cat":[18],"product_tag":[],"class_list":{"0":"post-97801","1":"product","2":"type-product","3":"status-publish","4":"has-post-thumbnail","6":"product_cat-autoayuda","8":"first","9":"instock","10":"product-type-simple"},"acf":{"autor":[76355],"enlace_de_compra":"https:\/\/www.amazon.es\/Amar-el-coraz%C3%B3n-01-Autoayuda\/dp\/841114870X\/"},"yoast_head":"<!-- This site is optimized with the Yoast SEO plugin v27.4 - https:\/\/yoast.com\/product\/yoast-seo-wordpress\/ -->\n<title>Amar con el coraz\u00f3n - Catalogo | Letrame Grupo Editorial<\/title>\n<meta name=\"robots\" content=\"index, follow, max-snippet:-1, max-image-preview:large, max-video-preview:-1\" \/>\n<link rel=\"canonical\" href=\"https:\/\/letrame.com\/catalogo\/producto\/amar-con-el-corazon\/\" \/>\n<meta property=\"og:locale\" content=\"es_ES\" \/>\n<meta property=\"og:type\" content=\"article\" \/>\n<meta property=\"og:title\" content=\"Amar con el coraz\u00f3n - Catalogo | Letrame Grupo Editorial\" \/>\n<meta property=\"og:description\" content=\"ISBN:978-84-1114-870-2  SINOPSIS  En nuestra sociedad actual, regida por la prisa y el imparable avance de la ciencia y la tecnolog\u00eda, el ser humano a menudo olvida la dimensi\u00f3n espiritual de la que tambi\u00e9n se compone su existencia. Amar con el coraz\u00f3n propone una gu\u00eda para que los lectores vuelvan a entrar en contacto con esta parte de sus vidas, sin que esto est\u00e9 re\u00f1ido, como aclara su autora, con el modo de vida contempor\u00e1neo al que estamos acostumbrados.  Partiendo de sus propias vivencias, la autora plantea, con un lenguaje sencillo y accesible a cualquier lector, una serie de cuestiones abiertas para fomentar la reflexi\u00f3n. El objetivo es que sus lectores retomen el di\u00e1logo con su propio cuerpo y su entorno, en busca de una mejor gesti\u00f3n de su tiempo y energ\u00eda para invertirlos en su propio bienestar, de nuevas maneras de estar presentes en el mundo de una forma plena.\" \/>\n<meta property=\"og:url\" content=\"https:\/\/letrame.com\/catalogo\/producto\/amar-con-el-corazon\/\" \/>\n<meta property=\"og:site_name\" content=\"Catalogo | Letrame Grupo Editorial\" \/>\n<meta property=\"article:modified_time\" content=\"2024-05-16T14:01:46+00:00\" \/>\n<meta property=\"og:image\" content=\"https:\/\/letrame.com\/catalogo\/wp-content\/uploads\/2024\/04\/redportada_amarconelcorazon_1771mm-compressed.webp\" \/>\n\t<meta property=\"og:image:width\" content=\"601\" \/>\n\t<meta property=\"og:image:height\" content=\"881\" \/>\n\t<meta property=\"og:image:type\" content=\"image\/webp\" \/>\n<meta name=\"twitter:card\" content=\"summary_large_image\" \/>\n<meta name=\"twitter:label1\" content=\"Tiempo de lectura\" \/>\n\t<meta name=\"twitter:data1\" content=\"1 minuto\" \/>\n<script type=\"application\/ld+json\" class=\"yoast-schema-graph\">{\"@context\":\"https:\\\/\\\/schema.org\",\"@graph\":[{\"@type\":\"WebPage\",\"@id\":\"https:\\\/\\\/letrame.com\\\/catalogo\\\/producto\\\/amar-con-el-corazon\\\/\",\"url\":\"https:\\\/\\\/letrame.com\\\/catalogo\\\/producto\\\/amar-con-el-corazon\\\/\",\"name\":\"Amar con el coraz\u00f3n - Catalogo | Letrame Grupo Editorial\",\"isPartOf\":{\"@id\":\"https:\\\/\\\/letrame.com\\\/catalogo\\\/#website\"},\"primaryImageOfPage\":{\"@id\":\"https:\\\/\\\/letrame.com\\\/catalogo\\\/producto\\\/amar-con-el-corazon\\\/#primaryimage\"},\"image\":{\"@id\":\"https:\\\/\\\/letrame.com\\\/catalogo\\\/producto\\\/amar-con-el-corazon\\\/#primaryimage\"},\"thumbnailUrl\":\"https:\\\/\\\/letrame.com\\\/catalogo\\\/wp-content\\\/uploads\\\/2024\\\/04\\\/redportada_amarconelcorazon_1771mm-compressed.webp\",\"datePublished\":\"2024-04-29T12:30:13+00:00\",\"dateModified\":\"2024-05-16T14:01:46+00:00\",\"breadcrumb\":{\"@id\":\"https:\\\/\\\/letrame.com\\\/catalogo\\\/producto\\\/amar-con-el-corazon\\\/#breadcrumb\"},\"inLanguage\":\"es\",\"potentialAction\":[{\"@type\":\"ReadAction\",\"target\":[\"https:\\\/\\\/letrame.com\\\/catalogo\\\/producto\\\/amar-con-el-corazon\\\/\"]}]},{\"@type\":\"ImageObject\",\"inLanguage\":\"es\",\"@id\":\"https:\\\/\\\/letrame.com\\\/catalogo\\\/producto\\\/amar-con-el-corazon\\\/#primaryimage\",\"url\":\"https:\\\/\\\/letrame.com\\\/catalogo\\\/wp-content\\\/uploads\\\/2024\\\/04\\\/redportada_amarconelcorazon_1771mm-compressed.webp\",\"contentUrl\":\"https:\\\/\\\/letrame.com\\\/catalogo\\\/wp-content\\\/uploads\\\/2024\\\/04\\\/redportada_amarconelcorazon_1771mm-compressed.webp\",\"width\":601,\"height\":881},{\"@type\":\"BreadcrumbList\",\"@id\":\"https:\\\/\\\/letrame.com\\\/catalogo\\\/producto\\\/amar-con-el-corazon\\\/#breadcrumb\",\"itemListElement\":[{\"@type\":\"ListItem\",\"position\":1,\"name\":\"Portada\",\"item\":\"https:\\\/\\\/letrame.com\\\/catalogo\\\/\"},{\"@type\":\"ListItem\",\"position\":2,\"name\":\"Cat\u00e1logo\",\"item\":\"https:\\\/\\\/letrame.com\\\/catalogo\\\/\"},{\"@type\":\"ListItem\",\"position\":3,\"name\":\"Amar con el coraz\u00f3n\"}]},{\"@type\":\"WebSite\",\"@id\":\"https:\\\/\\\/letrame.com\\\/catalogo\\\/#website\",\"url\":\"https:\\\/\\\/letrame.com\\\/catalogo\\\/\",\"name\":\"Catalogo | Letrame Grupo Editorial\",\"description\":\"\",\"publisher\":{\"@id\":\"https:\\\/\\\/letrame.com\\\/catalogo\\\/#organization\"},\"potentialAction\":[{\"@type\":\"SearchAction\",\"target\":{\"@type\":\"EntryPoint\",\"urlTemplate\":\"https:\\\/\\\/letrame.com\\\/catalogo\\\/?s={search_term_string}\"},\"query-input\":{\"@type\":\"PropertyValueSpecification\",\"valueRequired\":true,\"valueName\":\"search_term_string\"}}],\"inLanguage\":\"es\"},{\"@type\":\"Organization\",\"@id\":\"https:\\\/\\\/letrame.com\\\/catalogo\\\/#organization\",\"name\":\"Catalogo | Letrame Grupo Editorial\",\"url\":\"https:\\\/\\\/letrame.com\\\/catalogo\\\/\",\"logo\":{\"@type\":\"ImageObject\",\"inLanguage\":\"es\",\"@id\":\"https:\\\/\\\/letrame.com\\\/catalogo\\\/#\\\/schema\\\/logo\\\/image\\\/\",\"url\":\"https:\\\/\\\/letrame.com\\\/catalogo\\\/wp-content\\\/uploads\\\/2024\\\/03\\\/logo2.webp\",\"contentUrl\":\"https:\\\/\\\/letrame.com\\\/catalogo\\\/wp-content\\\/uploads\\\/2024\\\/03\\\/logo2.webp\",\"width\":394,\"height\":128,\"caption\":\"Catalogo | Letrame Grupo Editorial\"},\"image\":{\"@id\":\"https:\\\/\\\/letrame.com\\\/catalogo\\\/#\\\/schema\\\/logo\\\/image\\\/\"}}]}<\/script>\n<!-- \/ Yoast SEO plugin. -->","yoast_head_json":{"title":"Amar con el coraz\u00f3n - Catalogo | Letrame Grupo Editorial","robots":{"index":"index","follow":"follow","max-snippet":"max-snippet:-1","max-image-preview":"max-image-preview:large","max-video-preview":"max-video-preview:-1"},"canonical":"https:\/\/letrame.com\/catalogo\/producto\/amar-con-el-corazon\/","og_locale":"es_ES","og_type":"article","og_title":"Amar con el coraz\u00f3n - Catalogo | Letrame Grupo Editorial","og_description":"ISBN:978-84-1114-870-2  SINOPSIS  En nuestra sociedad actual, regida por la prisa y el imparable avance de la ciencia y la tecnolog\u00eda, el ser humano a menudo olvida la dimensi\u00f3n espiritual de la que tambi\u00e9n se compone su existencia. Amar con el coraz\u00f3n propone una gu\u00eda para que los lectores vuelvan a entrar en contacto con esta parte de sus vidas, sin que esto est\u00e9 re\u00f1ido, como aclara su autora, con el modo de vida contempor\u00e1neo al que estamos acostumbrados.  Partiendo de sus propias vivencias, la autora plantea, con un lenguaje sencillo y accesible a cualquier lector, una serie de cuestiones abiertas para fomentar la reflexi\u00f3n. El objetivo es que sus lectores retomen el di\u00e1logo con su propio cuerpo y su entorno, en busca de una mejor gesti\u00f3n de su tiempo y energ\u00eda para invertirlos en su propio bienestar, de nuevas maneras de estar presentes en el mundo de una forma plena.","og_url":"https:\/\/letrame.com\/catalogo\/producto\/amar-con-el-corazon\/","og_site_name":"Catalogo | Letrame Grupo Editorial","article_modified_time":"2024-05-16T14:01:46+00:00","og_image":[{"width":601,"height":881,"url":"https:\/\/letrame.com\/catalogo\/wp-content\/uploads\/2024\/04\/redportada_amarconelcorazon_1771mm-compressed.webp","type":"image\/webp"}],"twitter_card":"summary_large_image","twitter_misc":{"Tiempo de lectura":"1 minuto"},"schema":{"@context":"https:\/\/schema.org","@graph":[{"@type":"WebPage","@id":"https:\/\/letrame.com\/catalogo\/producto\/amar-con-el-corazon\/","url":"https:\/\/letrame.com\/catalogo\/producto\/amar-con-el-corazon\/","name":"Amar con el coraz\u00f3n - Catalogo | Letrame Grupo Editorial","isPartOf":{"@id":"https:\/\/letrame.com\/catalogo\/#website"},"primaryImageOfPage":{"@id":"https:\/\/letrame.com\/catalogo\/producto\/amar-con-el-corazon\/#primaryimage"},"image":{"@id":"https:\/\/letrame.com\/catalogo\/producto\/amar-con-el-corazon\/#primaryimage"},"thumbnailUrl":"https:\/\/letrame.com\/catalogo\/wp-content\/uploads\/2024\/04\/redportada_amarconelcorazon_1771mm-compressed.webp","datePublished":"2024-04-29T12:30:13+00:00","dateModified":"2024-05-16T14:01:46+00:00","breadcrumb":{"@id":"https:\/\/letrame.com\/catalogo\/producto\/amar-con-el-corazon\/#breadcrumb"},"inLanguage":"es","potentialAction":[{"@type":"ReadAction","target":["https:\/\/letrame.com\/catalogo\/producto\/amar-con-el-corazon\/"]}]},{"@type":"ImageObject","inLanguage":"es","@id":"https:\/\/letrame.com\/catalogo\/producto\/amar-con-el-corazon\/#primaryimage","url":"https:\/\/letrame.com\/catalogo\/wp-content\/uploads\/2024\/04\/redportada_amarconelcorazon_1771mm-compressed.webp","contentUrl":"https:\/\/letrame.com\/catalogo\/wp-content\/uploads\/2024\/04\/redportada_amarconelcorazon_1771mm-compressed.webp","width":601,"height":881},{"@type":"BreadcrumbList","@id":"https:\/\/letrame.com\/catalogo\/producto\/amar-con-el-corazon\/#breadcrumb","itemListElement":[{"@type":"ListItem","position":1,"name":"Portada","item":"https:\/\/letrame.com\/catalogo\/"},{"@type":"ListItem","position":2,"name":"Cat\u00e1logo","item":"https:\/\/letrame.com\/catalogo\/"},{"@type":"ListItem","position":3,"name":"Amar con el coraz\u00f3n"}]},{"@type":"WebSite","@id":"https:\/\/letrame.com\/catalogo\/#website","url":"https:\/\/letrame.com\/catalogo\/","name":"Catalogo | Letrame Grupo Editorial","description":"","publisher":{"@id":"https:\/\/letrame.com\/catalogo\/#organization"},"potentialAction":[{"@type":"SearchAction","target":{"@type":"EntryPoint","urlTemplate":"https:\/\/letrame.com\/catalogo\/?s={search_term_string}"},"query-input":{"@type":"PropertyValueSpecification","valueRequired":true,"valueName":"search_term_string"}}],"inLanguage":"es"},{"@type":"Organization","@id":"https:\/\/letrame.com\/catalogo\/#organization","name":"Catalogo | Letrame Grupo Editorial","url":"https:\/\/letrame.com\/catalogo\/","logo":{"@type":"ImageObject","inLanguage":"es","@id":"https:\/\/letrame.com\/catalogo\/#\/schema\/logo\/image\/","url":"https:\/\/letrame.com\/catalogo\/wp-content\/uploads\/2024\/03\/logo2.webp","contentUrl":"https:\/\/letrame.com\/catalogo\/wp-content\/uploads\/2024\/03\/logo2.webp","width":394,"height":128,"caption":"Catalogo | Letrame Grupo Editorial"},"image":{"@id":"https:\/\/letrame.com\/catalogo\/#\/schema\/logo\/image\/"}}]}},"_links":{"self":[{"href":"https:\/\/letrame.com\/catalogo\/wp-json\/wp\/v2\/product\/97801","targetHints":{"allow":["GET"]}}],"collection":[{"href":"https:\/\/letrame.com\/catalogo\/wp-json\/wp\/v2\/product"}],"about":[{"href":"https:\/\/letrame.com\/catalogo\/wp-json\/wp\/v2\/types\/product"}],"replies":[{"embeddable":true,"href":"https:\/\/letrame.com\/catalogo\/wp-json\/wp\/v2\/comments?post=97801"}],"acf:post":[{"embeddable":true,"href":"https:\/\/letrame.com\/catalogo\/wp-json\/wp\/v2\/author_book\/76355"}],"wp:featuredmedia":[{"embeddable":true,"href":"https:\/\/letrame.com\/catalogo\/wp-json\/wp\/v2\/media\/100376"}],"wp:attachment":[{"href":"https:\/\/letrame.com\/catalogo\/wp-json\/wp\/v2\/media?parent=97801"}],"wp:term":[{"taxonomy":"libro","embeddable":true,"href":"https:\/\/letrame.com\/catalogo\/wp-json\/wp\/v2\/libro?post=97801"},{"taxonomy":"product_brand","embeddable":true,"href":"https:\/\/letrame.com\/catalogo\/wp-json\/wp\/v2\/product_brand?post=97801"},{"taxonomy":"product_cat","embeddable":true,"href":"https:\/\/letrame.com\/catalogo\/wp-json\/wp\/v2\/product_cat?post=97801"},{"taxonomy":"product_tag","embeddable":true,"href":"https:\/\/letrame.com\/catalogo\/wp-json\/wp\/v2\/product_tag?post=97801"}],"curies":[{"name":"wp","href":"https:\/\/api.w.org\/{rel}","templated":true}]}}