{"id":97769,"date":"2024-04-29T14:29:12","date_gmt":"2024-04-29T12:29:12","guid":{"rendered":"https:\/\/letrame.com\/catalogo\/producto\/situacion-del-tercer-sector\/"},"modified":"2024-04-29T14:29:16","modified_gmt":"2024-04-29T12:29:16","slug":"situacion-del-tercer-sector","status":"publish","type":"product","link":"https:\/\/letrame.com\/catalogo\/producto\/situacion-del-tercer-sector\/","title":{"rendered":"Situaci\u00f3n del tercer sector&#8230;"},"content":{"rendered":"<p><strong>ISBN<\/strong>:978-84-1114-641-8<\/p>\n<p><strong>T\u00edtulo<\/strong>: <span data-sheets-value=\"{&quot;1&quot;:2,&quot;2&quot;:&quot;Situaci\u00f3n del tercer sector...&quot;}\" data-sheets-userformat=\"{&quot;2&quot;:579,&quot;3&quot;:{&quot;1&quot;:0},&quot;4&quot;:{&quot;1&quot;:2,&quot;2&quot;:14281427},&quot;9&quot;:1,&quot;12&quot;:0}\">Situaci\u00f3n del tercer sector&#8230;<\/span><br \/>\n<strong>Fecha<\/strong>: 2022<br \/>\n<strong>P\u00e1ginas<\/strong>: 76<\/p>\n<p><strong>SINOPSIS<\/strong><\/p>\n<p>Cuando la gran crisis econ\u00f3mica de 2008 azot\u00f3 Espa\u00f1a y Europa, tanto el sector p\u00fablico como el privado se vieron gravemente afectados. En <em>Situaci\u00f3n del tercer sector en Espa\u00f1a en tiempos de crisis<\/em>, Jos\u00e9 David Vidal Soler se propone desentra\u00f1ar los perjuicios que sufrieron unos organismos a los que, normalmente, se adivinan salvaguardados: las ONG.<\/p>\n<p>La lectura tiene el detalle y el desarrollo argumentativo de un art\u00edculo cient\u00edfico: es, de hecho, un estudio anal\u00edtico que parte de teor\u00eda perfectamente fundamentada para, despu\u00e9s, trabajar emp\u00edricamente las hip\u00f3tesis que hayan podido sugerirse. Son ocho las ONG espa\u00f1olas que el autor selecciona: \u00bfc\u00f3mo se vieron afectadas? Pero, sobre todo, \u00bfqu\u00e9 medidas pr\u00e1cticas podr\u00edan implantarse para revertir la situaci\u00f3n?<\/p>\n","protected":false},"excerpt":{"rendered":"<p><strong>ISBN<\/strong>:978-84-1114-641-8<\/p>\n<p><strong>SINOPSIS<\/strong><\/p>\n<p>Cuando la gran crisis econ\u00f3mica de 2008 azot\u00f3 Espa\u00f1a y Europa, tanto el sector p\u00fablico como el privado se vieron gravemente afectados. En <em>Situaci\u00f3n del tercer sector en Espa\u00f1a en tiempos de crisis<\/em>, Jos\u00e9 David Vidal Soler se propone desentra\u00f1ar los perjuicios que sufrieron unos organismos a los que, normalmente, se adivinan salvaguardados: las ONG.<\/p>\n<p>La lectura tiene el detalle y el desarrollo argumentativo de un art\u00edculo cient\u00edfico: es, de hecho, un estudio anal\u00edtico que parte de teor\u00eda perfectamente fundamentada para, despu\u00e9s, trabajar emp\u00edricamente las hip\u00f3tesis que hayan podido sugerirse. Son ocho las ONG espa\u00f1olas que el autor selecciona: \u00bfc\u00f3mo se vieron afectadas? Pero, sobre todo, \u00bfqu\u00e9 medidas pr\u00e1cticas podr\u00edan implantarse para revertir la situaci\u00f3n?<\/p>\n","protected":false},"featured_media":97770,"comment_status":"closed","ping_status":"open","template":"","meta":{"_acf_changed":false},"libro":[],"product_brand":[],"product_cat":[36],"product_tag":[],"class_list":{"0":"post-97769","1":"product","2":"type-product","3":"status-publish","4":"has-post-thumbnail","6":"product_cat-investigacion","8":"first","9":"instock","10":"product-type-simple"},"acf":{"autor":[76331],"enlace_de_compra":"https:\/\/www.amazon.es\/Situaci%C3%B3n-tercer-sector-Espa%C3%B1a-tiempos\/dp\/8411146413\/"},"yoast_head":"<!-- This site is optimized with the Yoast SEO plugin v27.4 - https:\/\/yoast.com\/product\/yoast-seo-wordpress\/ -->\n<title>Situaci\u00f3n del tercer sector... - Catalogo | Letrame Grupo Editorial<\/title>\n<meta name=\"robots\" content=\"index, follow, max-snippet:-1, max-image-preview:large, max-video-preview:-1\" \/>\n<link rel=\"canonical\" href=\"https:\/\/letrame.com\/catalogo\/producto\/situacion-del-tercer-sector\/\" \/>\n<meta property=\"og:locale\" content=\"es_ES\" \/>\n<meta property=\"og:type\" content=\"article\" \/>\n<meta property=\"og:title\" content=\"Situaci\u00f3n del tercer sector... - Catalogo | Letrame Grupo Editorial\" \/>\n<meta property=\"og:description\" content=\"ISBN:978-84-1114-641-8 SINOPSIS Cuando la gran crisis econ\u00f3mica de 2008 azot\u00f3 Espa\u00f1a y Europa, tanto el sector p\u00fablico como el privado se vieron gravemente afectados. En Situaci\u00f3n del tercer sector en Espa\u00f1a en tiempos de crisis, Jos\u00e9 David Vidal Soler se propone desentra\u00f1ar los perjuicios que sufrieron unos organismos a los que, normalmente, se adivinan salvaguardados: las ONG. La lectura tiene el detalle y el desarrollo argumentativo de un art\u00edculo cient\u00edfico: es, de hecho, un estudio anal\u00edtico que parte de teor\u00eda perfectamente fundamentada para, despu\u00e9s, trabajar emp\u00edricamente las hip\u00f3tesis que hayan podido sugerirse. Son ocho las ONG espa\u00f1olas que el autor selecciona: \u00bfc\u00f3mo se vieron afectadas? Pero, sobre todo, \u00bfqu\u00e9 medidas pr\u00e1cticas podr\u00edan implantarse para revertir la situaci\u00f3n?\" \/>\n<meta property=\"og:url\" content=\"https:\/\/letrame.com\/catalogo\/producto\/situacion-del-tercer-sector\/\" \/>\n<meta property=\"og:site_name\" content=\"Catalogo | Letrame Grupo Editorial\" \/>\n<meta property=\"article:modified_time\" content=\"2024-04-29T12:29:16+00:00\" \/>\n<meta property=\"og:image\" content=\"https:\/\/letrame.com\/catalogo\/wp-content\/uploads\/2024\/04\/redportada_situaciondletercer_461mm.jpg\" \/>\n\t<meta property=\"og:image:width\" content=\"601\" \/>\n\t<meta property=\"og:image:height\" content=\"881\" \/>\n\t<meta property=\"og:image:type\" content=\"image\/jpeg\" \/>\n<meta name=\"twitter:card\" content=\"summary_large_image\" \/>\n<meta name=\"twitter:label1\" content=\"Tiempo de lectura\" \/>\n\t<meta name=\"twitter:data1\" content=\"1 minuto\" \/>\n<script type=\"application\/ld+json\" class=\"yoast-schema-graph\">{\"@context\":\"https:\\\/\\\/schema.org\",\"@graph\":[{\"@type\":\"WebPage\",\"@id\":\"https:\\\/\\\/letrame.com\\\/catalogo\\\/producto\\\/situacion-del-tercer-sector\\\/\",\"url\":\"https:\\\/\\\/letrame.com\\\/catalogo\\\/producto\\\/situacion-del-tercer-sector\\\/\",\"name\":\"Situaci\u00f3n del tercer sector... - Catalogo | Letrame Grupo Editorial\",\"isPartOf\":{\"@id\":\"https:\\\/\\\/letrame.com\\\/catalogo\\\/#website\"},\"primaryImageOfPage\":{\"@id\":\"https:\\\/\\\/letrame.com\\\/catalogo\\\/producto\\\/situacion-del-tercer-sector\\\/#primaryimage\"},\"image\":{\"@id\":\"https:\\\/\\\/letrame.com\\\/catalogo\\\/producto\\\/situacion-del-tercer-sector\\\/#primaryimage\"},\"thumbnailUrl\":\"https:\\\/\\\/letrame.com\\\/catalogo\\\/wp-content\\\/uploads\\\/2024\\\/04\\\/redportada_situaciondletercer_461mm.jpg\",\"datePublished\":\"2024-04-29T12:29:12+00:00\",\"dateModified\":\"2024-04-29T12:29:16+00:00\",\"breadcrumb\":{\"@id\":\"https:\\\/\\\/letrame.com\\\/catalogo\\\/producto\\\/situacion-del-tercer-sector\\\/#breadcrumb\"},\"inLanguage\":\"es\",\"potentialAction\":[{\"@type\":\"ReadAction\",\"target\":[\"https:\\\/\\\/letrame.com\\\/catalogo\\\/producto\\\/situacion-del-tercer-sector\\\/\"]}]},{\"@type\":\"ImageObject\",\"inLanguage\":\"es\",\"@id\":\"https:\\\/\\\/letrame.com\\\/catalogo\\\/producto\\\/situacion-del-tercer-sector\\\/#primaryimage\",\"url\":\"https:\\\/\\\/letrame.com\\\/catalogo\\\/wp-content\\\/uploads\\\/2024\\\/04\\\/redportada_situaciondletercer_461mm.jpg\",\"contentUrl\":\"https:\\\/\\\/letrame.com\\\/catalogo\\\/wp-content\\\/uploads\\\/2024\\\/04\\\/redportada_situaciondletercer_461mm.jpg\",\"width\":601,\"height\":881},{\"@type\":\"BreadcrumbList\",\"@id\":\"https:\\\/\\\/letrame.com\\\/catalogo\\\/producto\\\/situacion-del-tercer-sector\\\/#breadcrumb\",\"itemListElement\":[{\"@type\":\"ListItem\",\"position\":1,\"name\":\"Portada\",\"item\":\"https:\\\/\\\/letrame.com\\\/catalogo\\\/\"},{\"@type\":\"ListItem\",\"position\":2,\"name\":\"Cat\u00e1logo\",\"item\":\"https:\\\/\\\/letrame.com\\\/catalogo\\\/\"},{\"@type\":\"ListItem\",\"position\":3,\"name\":\"Situaci\u00f3n del tercer sector&#8230;\"}]},{\"@type\":\"WebSite\",\"@id\":\"https:\\\/\\\/letrame.com\\\/catalogo\\\/#website\",\"url\":\"https:\\\/\\\/letrame.com\\\/catalogo\\\/\",\"name\":\"Catalogo | Letrame Grupo Editorial\",\"description\":\"\",\"publisher\":{\"@id\":\"https:\\\/\\\/letrame.com\\\/catalogo\\\/#organization\"},\"potentialAction\":[{\"@type\":\"SearchAction\",\"target\":{\"@type\":\"EntryPoint\",\"urlTemplate\":\"https:\\\/\\\/letrame.com\\\/catalogo\\\/?s={search_term_string}\"},\"query-input\":{\"@type\":\"PropertyValueSpecification\",\"valueRequired\":true,\"valueName\":\"search_term_string\"}}],\"inLanguage\":\"es\"},{\"@type\":\"Organization\",\"@id\":\"https:\\\/\\\/letrame.com\\\/catalogo\\\/#organization\",\"name\":\"Catalogo | Letrame Grupo Editorial\",\"url\":\"https:\\\/\\\/letrame.com\\\/catalogo\\\/\",\"logo\":{\"@type\":\"ImageObject\",\"inLanguage\":\"es\",\"@id\":\"https:\\\/\\\/letrame.com\\\/catalogo\\\/#\\\/schema\\\/logo\\\/image\\\/\",\"url\":\"https:\\\/\\\/letrame.com\\\/catalogo\\\/wp-content\\\/uploads\\\/2024\\\/03\\\/logo2.webp\",\"contentUrl\":\"https:\\\/\\\/letrame.com\\\/catalogo\\\/wp-content\\\/uploads\\\/2024\\\/03\\\/logo2.webp\",\"width\":394,\"height\":128,\"caption\":\"Catalogo | Letrame Grupo Editorial\"},\"image\":{\"@id\":\"https:\\\/\\\/letrame.com\\\/catalogo\\\/#\\\/schema\\\/logo\\\/image\\\/\"}}]}<\/script>\n<!-- \/ Yoast SEO plugin. -->","yoast_head_json":{"title":"Situaci\u00f3n del tercer sector... - Catalogo | Letrame Grupo Editorial","robots":{"index":"index","follow":"follow","max-snippet":"max-snippet:-1","max-image-preview":"max-image-preview:large","max-video-preview":"max-video-preview:-1"},"canonical":"https:\/\/letrame.com\/catalogo\/producto\/situacion-del-tercer-sector\/","og_locale":"es_ES","og_type":"article","og_title":"Situaci\u00f3n del tercer sector... - Catalogo | Letrame Grupo Editorial","og_description":"ISBN:978-84-1114-641-8 SINOPSIS Cuando la gran crisis econ\u00f3mica de 2008 azot\u00f3 Espa\u00f1a y Europa, tanto el sector p\u00fablico como el privado se vieron gravemente afectados. En Situaci\u00f3n del tercer sector en Espa\u00f1a en tiempos de crisis, Jos\u00e9 David Vidal Soler se propone desentra\u00f1ar los perjuicios que sufrieron unos organismos a los que, normalmente, se adivinan salvaguardados: las ONG. La lectura tiene el detalle y el desarrollo argumentativo de un art\u00edculo cient\u00edfico: es, de hecho, un estudio anal\u00edtico que parte de teor\u00eda perfectamente fundamentada para, despu\u00e9s, trabajar emp\u00edricamente las hip\u00f3tesis que hayan podido sugerirse. Son ocho las ONG espa\u00f1olas que el autor selecciona: \u00bfc\u00f3mo se vieron afectadas? Pero, sobre todo, \u00bfqu\u00e9 medidas pr\u00e1cticas podr\u00edan implantarse para revertir la situaci\u00f3n?","og_url":"https:\/\/letrame.com\/catalogo\/producto\/situacion-del-tercer-sector\/","og_site_name":"Catalogo | Letrame Grupo Editorial","article_modified_time":"2024-04-29T12:29:16+00:00","og_image":[{"width":601,"height":881,"url":"https:\/\/letrame.com\/catalogo\/wp-content\/uploads\/2024\/04\/redportada_situaciondletercer_461mm.jpg","type":"image\/jpeg"}],"twitter_card":"summary_large_image","twitter_misc":{"Tiempo de lectura":"1 minuto"},"schema":{"@context":"https:\/\/schema.org","@graph":[{"@type":"WebPage","@id":"https:\/\/letrame.com\/catalogo\/producto\/situacion-del-tercer-sector\/","url":"https:\/\/letrame.com\/catalogo\/producto\/situacion-del-tercer-sector\/","name":"Situaci\u00f3n del tercer sector... - Catalogo | Letrame Grupo Editorial","isPartOf":{"@id":"https:\/\/letrame.com\/catalogo\/#website"},"primaryImageOfPage":{"@id":"https:\/\/letrame.com\/catalogo\/producto\/situacion-del-tercer-sector\/#primaryimage"},"image":{"@id":"https:\/\/letrame.com\/catalogo\/producto\/situacion-del-tercer-sector\/#primaryimage"},"thumbnailUrl":"https:\/\/letrame.com\/catalogo\/wp-content\/uploads\/2024\/04\/redportada_situaciondletercer_461mm.jpg","datePublished":"2024-04-29T12:29:12+00:00","dateModified":"2024-04-29T12:29:16+00:00","breadcrumb":{"@id":"https:\/\/letrame.com\/catalogo\/producto\/situacion-del-tercer-sector\/#breadcrumb"},"inLanguage":"es","potentialAction":[{"@type":"ReadAction","target":["https:\/\/letrame.com\/catalogo\/producto\/situacion-del-tercer-sector\/"]}]},{"@type":"ImageObject","inLanguage":"es","@id":"https:\/\/letrame.com\/catalogo\/producto\/situacion-del-tercer-sector\/#primaryimage","url":"https:\/\/letrame.com\/catalogo\/wp-content\/uploads\/2024\/04\/redportada_situaciondletercer_461mm.jpg","contentUrl":"https:\/\/letrame.com\/catalogo\/wp-content\/uploads\/2024\/04\/redportada_situaciondletercer_461mm.jpg","width":601,"height":881},{"@type":"BreadcrumbList","@id":"https:\/\/letrame.com\/catalogo\/producto\/situacion-del-tercer-sector\/#breadcrumb","itemListElement":[{"@type":"ListItem","position":1,"name":"Portada","item":"https:\/\/letrame.com\/catalogo\/"},{"@type":"ListItem","position":2,"name":"Cat\u00e1logo","item":"https:\/\/letrame.com\/catalogo\/"},{"@type":"ListItem","position":3,"name":"Situaci\u00f3n del tercer sector&#8230;"}]},{"@type":"WebSite","@id":"https:\/\/letrame.com\/catalogo\/#website","url":"https:\/\/letrame.com\/catalogo\/","name":"Catalogo | Letrame Grupo Editorial","description":"","publisher":{"@id":"https:\/\/letrame.com\/catalogo\/#organization"},"potentialAction":[{"@type":"SearchAction","target":{"@type":"EntryPoint","urlTemplate":"https:\/\/letrame.com\/catalogo\/?s={search_term_string}"},"query-input":{"@type":"PropertyValueSpecification","valueRequired":true,"valueName":"search_term_string"}}],"inLanguage":"es"},{"@type":"Organization","@id":"https:\/\/letrame.com\/catalogo\/#organization","name":"Catalogo | Letrame Grupo Editorial","url":"https:\/\/letrame.com\/catalogo\/","logo":{"@type":"ImageObject","inLanguage":"es","@id":"https:\/\/letrame.com\/catalogo\/#\/schema\/logo\/image\/","url":"https:\/\/letrame.com\/catalogo\/wp-content\/uploads\/2024\/03\/logo2.webp","contentUrl":"https:\/\/letrame.com\/catalogo\/wp-content\/uploads\/2024\/03\/logo2.webp","width":394,"height":128,"caption":"Catalogo | Letrame Grupo Editorial"},"image":{"@id":"https:\/\/letrame.com\/catalogo\/#\/schema\/logo\/image\/"}}]}},"_links":{"self":[{"href":"https:\/\/letrame.com\/catalogo\/wp-json\/wp\/v2\/product\/97769","targetHints":{"allow":["GET"]}}],"collection":[{"href":"https:\/\/letrame.com\/catalogo\/wp-json\/wp\/v2\/product"}],"about":[{"href":"https:\/\/letrame.com\/catalogo\/wp-json\/wp\/v2\/types\/product"}],"replies":[{"embeddable":true,"href":"https:\/\/letrame.com\/catalogo\/wp-json\/wp\/v2\/comments?post=97769"}],"acf:post":[{"embeddable":true,"href":"https:\/\/letrame.com\/catalogo\/wp-json\/wp\/v2\/author_book\/76331"}],"wp:featuredmedia":[{"embeddable":true,"href":"https:\/\/letrame.com\/catalogo\/wp-json\/wp\/v2\/media\/97770"}],"wp:attachment":[{"href":"https:\/\/letrame.com\/catalogo\/wp-json\/wp\/v2\/media?parent=97769"}],"wp:term":[{"taxonomy":"libro","embeddable":true,"href":"https:\/\/letrame.com\/catalogo\/wp-json\/wp\/v2\/libro?post=97769"},{"taxonomy":"product_brand","embeddable":true,"href":"https:\/\/letrame.com\/catalogo\/wp-json\/wp\/v2\/product_brand?post=97769"},{"taxonomy":"product_cat","embeddable":true,"href":"https:\/\/letrame.com\/catalogo\/wp-json\/wp\/v2\/product_cat?post=97769"},{"taxonomy":"product_tag","embeddable":true,"href":"https:\/\/letrame.com\/catalogo\/wp-json\/wp\/v2\/product_tag?post=97769"}],"curies":[{"name":"wp","href":"https:\/\/api.w.org\/{rel}","templated":true}]}}