{"id":97763,"date":"2024-04-29T14:28:40","date_gmt":"2024-04-29T12:28:40","guid":{"rendered":"https:\/\/letrame.com\/catalogo\/producto\/para-que-no-me-olvides-2\/"},"modified":"2024-04-29T14:28:40","modified_gmt":"2024-04-29T12:28:40","slug":"para-que-no-me-olvides-2","status":"publish","type":"product","link":"https:\/\/letrame.com\/catalogo\/producto\/para-que-no-me-olvides-2\/","title":{"rendered":"Para que no me olvides"},"content":{"rendered":"<p><strong>ISBN<\/strong>:978-84-1114-682-1<\/p>\n<p><strong>T\u00edtulo<\/strong>: <span data-sheets-value=\"{&quot;1&quot;:2,&quot;2&quot;:&quot;Para que no me olvides&quot;}\" data-sheets-userformat=\"{&quot;2&quot;:579,&quot;3&quot;:{&quot;1&quot;:0},&quot;4&quot;:{&quot;1&quot;:2,&quot;2&quot;:14281427},&quot;9&quot;:1,&quot;12&quot;:0}\">Para que no me olvides<\/span><\/p>\n<p><strong>Fecha<\/strong>:2022<br \/>\n<strong>P\u00e1ginas<\/strong>: 144<\/p>\n<p><strong>SINOPSIS<\/strong><\/p>\n<p>Manuel, de cinco a\u00f1os, es el hijo mayor de una familia desestructurada, donde es maltratado por su padre. Al ir creciendo, se ve obligado a abandonar su casa, sin ning\u00fan lugar donde ir termina en un pueblo no muy alejado, donde no tiene nada ni a nadie. Sin embargo, decide empezar una nueva vida en una supuesta casa abandonada. Esta situaci\u00f3n lo tiene muerto de miedo. No obstante, emplea toda su astucia y rapidez para no morirse de hambre. Manuel conocer\u00e1 all\u00ed a gente que ser\u00e1 muy importante en su vida y lo ayudar\u00e1n a seguir adelante, como la se\u00f1ora Lastenia. Tendr\u00e1 reencuentros con parte de su familia, se enamorar\u00e1, se rodear\u00e1 de situaciones en las que las consecuencias ser\u00e1n terribles. Pero mientras pasa el tiempo a pasos agigantados se dar\u00e1 cuenta de que se puede perder la direcci\u00f3n del camino si no recuerdas qui\u00e9n eres.<\/p>\n<p>Si quisieras conservar un recuerdo, \u00bfcu\u00e1l ser\u00eda?<\/p>\n","protected":false},"excerpt":{"rendered":"<p><strong>ISBN<\/strong>:978-84-1114-682-1<\/p>\n<p><strong>SINOPSIS<\/strong><\/p>\n<p>Manuel, de cinco a\u00f1os, es el hijo mayor de una familia desestructurada, donde es maltratado por su padre. Al ir creciendo, se ve obligado a abandonar su casa, sin ning\u00fan lugar donde ir termina en un pueblo no muy alejado, donde no tiene nada ni a nadie. Sin embargo, decide empezar una nueva vida en una supuesta casa abandonada. Esta situaci\u00f3n lo tiene muerto de miedo. No obstante, emplea toda su astucia y rapidez para no morirse de hambre. Manuel conocer\u00e1 all\u00ed a gente que ser\u00e1 muy importante en su vida y lo ayudar\u00e1n a seguir adelante, como la se\u00f1ora Lastenia. Tendr\u00e1 reencuentros con parte de su familia, se enamorar\u00e1, se rodear\u00e1 de situaciones en las que las consecuencias ser\u00e1n terribles. Pero mientras pasa el tiempo a pasos agigantados se dar\u00e1 cuenta de que se puede perder la direcci\u00f3n del camino si no recuerdas qui\u00e9n eres.<\/p>\n<p>Si quisieras conservar un recuerdo, \u00bfcu\u00e1l ser\u00eda?<\/p>\n","protected":false},"featured_media":97764,"comment_status":"closed","ping_status":"open","template":"","meta":{"_acf_changed":false},"libro":[],"product_brand":[],"product_cat":[16],"product_tag":[],"class_list":{"0":"post-97763","1":"product","2":"type-product","3":"status-publish","4":"has-post-thumbnail","6":"product_cat-novela","8":"first","9":"instock","10":"product-type-simple"},"acf":{"autor":[76325],"enlace_de_compra":"https:\/\/www.amazon.es\/Para-que-no-me-olvides\/dp\/8411146820\/\/"},"yoast_head":"<!-- This site is optimized with the Yoast SEO plugin v27.4 - https:\/\/yoast.com\/product\/yoast-seo-wordpress\/ -->\n<title>Para que no me olvides - Catalogo | Letrame Grupo Editorial<\/title>\n<meta name=\"robots\" content=\"index, follow, max-snippet:-1, max-image-preview:large, max-video-preview:-1\" \/>\n<link rel=\"canonical\" href=\"https:\/\/letrame.com\/catalogo\/producto\/para-que-no-me-olvides-2\/\" \/>\n<meta property=\"og:locale\" content=\"es_ES\" \/>\n<meta property=\"og:type\" content=\"article\" \/>\n<meta property=\"og:title\" content=\"Para que no me olvides - Catalogo | Letrame Grupo Editorial\" \/>\n<meta property=\"og:description\" content=\"ISBN:978-84-1114-682-1 SINOPSIS Manuel, de cinco a\u00f1os, es el hijo mayor de una familia desestructurada, donde es maltratado por su padre. Al ir creciendo, se ve obligado a abandonar su casa, sin ning\u00fan lugar donde ir termina en un pueblo no muy alejado, donde no tiene nada ni a nadie. Sin embargo, decide empezar una nueva vida en una supuesta casa abandonada. Esta situaci\u00f3n lo tiene muerto de miedo. No obstante, emplea toda su astucia y rapidez para no morirse de hambre. Manuel conocer\u00e1 all\u00ed a gente que ser\u00e1 muy importante en su vida y lo ayudar\u00e1n a seguir adelante, como la se\u00f1ora Lastenia. Tendr\u00e1 reencuentros con parte de su familia, se enamorar\u00e1, se rodear\u00e1 de situaciones en las que las consecuencias ser\u00e1n terribles. Pero mientras pasa el tiempo a pasos agigantados se dar\u00e1 cuenta de que se puede perder la direcci\u00f3n del camino si no recuerdas qui\u00e9n eres. Si quisieras conservar un recuerdo, \u00bfcu\u00e1l ser\u00eda?\" \/>\n<meta property=\"og:url\" content=\"https:\/\/letrame.com\/catalogo\/producto\/para-que-no-me-olvides-2\/\" \/>\n<meta property=\"og:site_name\" content=\"Catalogo | Letrame Grupo Editorial\" \/>\n<meta property=\"og:image\" content=\"https:\/\/letrame.com\/catalogo\/wp-content\/uploads\/2024\/04\/redportada_paraquenomeolvides_775mm-compressed.jpg\" \/>\n\t<meta property=\"og:image:width\" content=\"601\" \/>\n\t<meta property=\"og:image:height\" content=\"881\" \/>\n\t<meta property=\"og:image:type\" content=\"image\/jpeg\" \/>\n<meta name=\"twitter:card\" content=\"summary_large_image\" \/>\n<meta name=\"twitter:label1\" content=\"Tiempo de lectura\" \/>\n\t<meta name=\"twitter:data1\" content=\"1 minuto\" \/>\n<script type=\"application\/ld+json\" class=\"yoast-schema-graph\">{\"@context\":\"https:\\\/\\\/schema.org\",\"@graph\":[{\"@type\":\"WebPage\",\"@id\":\"https:\\\/\\\/letrame.com\\\/catalogo\\\/producto\\\/para-que-no-me-olvides-2\\\/\",\"url\":\"https:\\\/\\\/letrame.com\\\/catalogo\\\/producto\\\/para-que-no-me-olvides-2\\\/\",\"name\":\"Para que no me olvides - Catalogo | Letrame Grupo Editorial\",\"isPartOf\":{\"@id\":\"https:\\\/\\\/letrame.com\\\/catalogo\\\/#website\"},\"primaryImageOfPage\":{\"@id\":\"https:\\\/\\\/letrame.com\\\/catalogo\\\/producto\\\/para-que-no-me-olvides-2\\\/#primaryimage\"},\"image\":{\"@id\":\"https:\\\/\\\/letrame.com\\\/catalogo\\\/producto\\\/para-que-no-me-olvides-2\\\/#primaryimage\"},\"thumbnailUrl\":\"https:\\\/\\\/letrame.com\\\/catalogo\\\/wp-content\\\/uploads\\\/2024\\\/04\\\/redportada_paraquenomeolvides_775mm-compressed.jpg\",\"datePublished\":\"2024-04-29T12:28:40+00:00\",\"breadcrumb\":{\"@id\":\"https:\\\/\\\/letrame.com\\\/catalogo\\\/producto\\\/para-que-no-me-olvides-2\\\/#breadcrumb\"},\"inLanguage\":\"es\",\"potentialAction\":[{\"@type\":\"ReadAction\",\"target\":[\"https:\\\/\\\/letrame.com\\\/catalogo\\\/producto\\\/para-que-no-me-olvides-2\\\/\"]}]},{\"@type\":\"ImageObject\",\"inLanguage\":\"es\",\"@id\":\"https:\\\/\\\/letrame.com\\\/catalogo\\\/producto\\\/para-que-no-me-olvides-2\\\/#primaryimage\",\"url\":\"https:\\\/\\\/letrame.com\\\/catalogo\\\/wp-content\\\/uploads\\\/2024\\\/04\\\/redportada_paraquenomeolvides_775mm-compressed.jpg\",\"contentUrl\":\"https:\\\/\\\/letrame.com\\\/catalogo\\\/wp-content\\\/uploads\\\/2024\\\/04\\\/redportada_paraquenomeolvides_775mm-compressed.jpg\",\"width\":601,\"height\":881},{\"@type\":\"BreadcrumbList\",\"@id\":\"https:\\\/\\\/letrame.com\\\/catalogo\\\/producto\\\/para-que-no-me-olvides-2\\\/#breadcrumb\",\"itemListElement\":[{\"@type\":\"ListItem\",\"position\":1,\"name\":\"Portada\",\"item\":\"https:\\\/\\\/letrame.com\\\/catalogo\\\/\"},{\"@type\":\"ListItem\",\"position\":2,\"name\":\"Cat\u00e1logo\",\"item\":\"https:\\\/\\\/letrame.com\\\/catalogo\\\/\"},{\"@type\":\"ListItem\",\"position\":3,\"name\":\"Para que no me olvides\"}]},{\"@type\":\"WebSite\",\"@id\":\"https:\\\/\\\/letrame.com\\\/catalogo\\\/#website\",\"url\":\"https:\\\/\\\/letrame.com\\\/catalogo\\\/\",\"name\":\"Catalogo | Letrame Grupo Editorial\",\"description\":\"\",\"publisher\":{\"@id\":\"https:\\\/\\\/letrame.com\\\/catalogo\\\/#organization\"},\"potentialAction\":[{\"@type\":\"SearchAction\",\"target\":{\"@type\":\"EntryPoint\",\"urlTemplate\":\"https:\\\/\\\/letrame.com\\\/catalogo\\\/?s={search_term_string}\"},\"query-input\":{\"@type\":\"PropertyValueSpecification\",\"valueRequired\":true,\"valueName\":\"search_term_string\"}}],\"inLanguage\":\"es\"},{\"@type\":\"Organization\",\"@id\":\"https:\\\/\\\/letrame.com\\\/catalogo\\\/#organization\",\"name\":\"Catalogo | Letrame Grupo Editorial\",\"url\":\"https:\\\/\\\/letrame.com\\\/catalogo\\\/\",\"logo\":{\"@type\":\"ImageObject\",\"inLanguage\":\"es\",\"@id\":\"https:\\\/\\\/letrame.com\\\/catalogo\\\/#\\\/schema\\\/logo\\\/image\\\/\",\"url\":\"https:\\\/\\\/letrame.com\\\/catalogo\\\/wp-content\\\/uploads\\\/2024\\\/03\\\/logo2.webp\",\"contentUrl\":\"https:\\\/\\\/letrame.com\\\/catalogo\\\/wp-content\\\/uploads\\\/2024\\\/03\\\/logo2.webp\",\"width\":394,\"height\":128,\"caption\":\"Catalogo | Letrame Grupo Editorial\"},\"image\":{\"@id\":\"https:\\\/\\\/letrame.com\\\/catalogo\\\/#\\\/schema\\\/logo\\\/image\\\/\"}}]}<\/script>\n<!-- \/ Yoast SEO plugin. -->","yoast_head_json":{"title":"Para que no me olvides - Catalogo | Letrame Grupo Editorial","robots":{"index":"index","follow":"follow","max-snippet":"max-snippet:-1","max-image-preview":"max-image-preview:large","max-video-preview":"max-video-preview:-1"},"canonical":"https:\/\/letrame.com\/catalogo\/producto\/para-que-no-me-olvides-2\/","og_locale":"es_ES","og_type":"article","og_title":"Para que no me olvides - Catalogo | Letrame Grupo Editorial","og_description":"ISBN:978-84-1114-682-1 SINOPSIS Manuel, de cinco a\u00f1os, es el hijo mayor de una familia desestructurada, donde es maltratado por su padre. Al ir creciendo, se ve obligado a abandonar su casa, sin ning\u00fan lugar donde ir termina en un pueblo no muy alejado, donde no tiene nada ni a nadie. Sin embargo, decide empezar una nueva vida en una supuesta casa abandonada. Esta situaci\u00f3n lo tiene muerto de miedo. No obstante, emplea toda su astucia y rapidez para no morirse de hambre. Manuel conocer\u00e1 all\u00ed a gente que ser\u00e1 muy importante en su vida y lo ayudar\u00e1n a seguir adelante, como la se\u00f1ora Lastenia. Tendr\u00e1 reencuentros con parte de su familia, se enamorar\u00e1, se rodear\u00e1 de situaciones en las que las consecuencias ser\u00e1n terribles. Pero mientras pasa el tiempo a pasos agigantados se dar\u00e1 cuenta de que se puede perder la direcci\u00f3n del camino si no recuerdas qui\u00e9n eres. Si quisieras conservar un recuerdo, \u00bfcu\u00e1l ser\u00eda?","og_url":"https:\/\/letrame.com\/catalogo\/producto\/para-que-no-me-olvides-2\/","og_site_name":"Catalogo | Letrame Grupo Editorial","og_image":[{"width":601,"height":881,"url":"https:\/\/letrame.com\/catalogo\/wp-content\/uploads\/2024\/04\/redportada_paraquenomeolvides_775mm-compressed.jpg","type":"image\/jpeg"}],"twitter_card":"summary_large_image","twitter_misc":{"Tiempo de lectura":"1 minuto"},"schema":{"@context":"https:\/\/schema.org","@graph":[{"@type":"WebPage","@id":"https:\/\/letrame.com\/catalogo\/producto\/para-que-no-me-olvides-2\/","url":"https:\/\/letrame.com\/catalogo\/producto\/para-que-no-me-olvides-2\/","name":"Para que no me olvides - Catalogo | Letrame Grupo Editorial","isPartOf":{"@id":"https:\/\/letrame.com\/catalogo\/#website"},"primaryImageOfPage":{"@id":"https:\/\/letrame.com\/catalogo\/producto\/para-que-no-me-olvides-2\/#primaryimage"},"image":{"@id":"https:\/\/letrame.com\/catalogo\/producto\/para-que-no-me-olvides-2\/#primaryimage"},"thumbnailUrl":"https:\/\/letrame.com\/catalogo\/wp-content\/uploads\/2024\/04\/redportada_paraquenomeolvides_775mm-compressed.jpg","datePublished":"2024-04-29T12:28:40+00:00","breadcrumb":{"@id":"https:\/\/letrame.com\/catalogo\/producto\/para-que-no-me-olvides-2\/#breadcrumb"},"inLanguage":"es","potentialAction":[{"@type":"ReadAction","target":["https:\/\/letrame.com\/catalogo\/producto\/para-que-no-me-olvides-2\/"]}]},{"@type":"ImageObject","inLanguage":"es","@id":"https:\/\/letrame.com\/catalogo\/producto\/para-que-no-me-olvides-2\/#primaryimage","url":"https:\/\/letrame.com\/catalogo\/wp-content\/uploads\/2024\/04\/redportada_paraquenomeolvides_775mm-compressed.jpg","contentUrl":"https:\/\/letrame.com\/catalogo\/wp-content\/uploads\/2024\/04\/redportada_paraquenomeolvides_775mm-compressed.jpg","width":601,"height":881},{"@type":"BreadcrumbList","@id":"https:\/\/letrame.com\/catalogo\/producto\/para-que-no-me-olvides-2\/#breadcrumb","itemListElement":[{"@type":"ListItem","position":1,"name":"Portada","item":"https:\/\/letrame.com\/catalogo\/"},{"@type":"ListItem","position":2,"name":"Cat\u00e1logo","item":"https:\/\/letrame.com\/catalogo\/"},{"@type":"ListItem","position":3,"name":"Para que no me olvides"}]},{"@type":"WebSite","@id":"https:\/\/letrame.com\/catalogo\/#website","url":"https:\/\/letrame.com\/catalogo\/","name":"Catalogo | Letrame Grupo Editorial","description":"","publisher":{"@id":"https:\/\/letrame.com\/catalogo\/#organization"},"potentialAction":[{"@type":"SearchAction","target":{"@type":"EntryPoint","urlTemplate":"https:\/\/letrame.com\/catalogo\/?s={search_term_string}"},"query-input":{"@type":"PropertyValueSpecification","valueRequired":true,"valueName":"search_term_string"}}],"inLanguage":"es"},{"@type":"Organization","@id":"https:\/\/letrame.com\/catalogo\/#organization","name":"Catalogo | Letrame Grupo Editorial","url":"https:\/\/letrame.com\/catalogo\/","logo":{"@type":"ImageObject","inLanguage":"es","@id":"https:\/\/letrame.com\/catalogo\/#\/schema\/logo\/image\/","url":"https:\/\/letrame.com\/catalogo\/wp-content\/uploads\/2024\/03\/logo2.webp","contentUrl":"https:\/\/letrame.com\/catalogo\/wp-content\/uploads\/2024\/03\/logo2.webp","width":394,"height":128,"caption":"Catalogo | Letrame Grupo Editorial"},"image":{"@id":"https:\/\/letrame.com\/catalogo\/#\/schema\/logo\/image\/"}}]}},"_links":{"self":[{"href":"https:\/\/letrame.com\/catalogo\/wp-json\/wp\/v2\/product\/97763","targetHints":{"allow":["GET"]}}],"collection":[{"href":"https:\/\/letrame.com\/catalogo\/wp-json\/wp\/v2\/product"}],"about":[{"href":"https:\/\/letrame.com\/catalogo\/wp-json\/wp\/v2\/types\/product"}],"replies":[{"embeddable":true,"href":"https:\/\/letrame.com\/catalogo\/wp-json\/wp\/v2\/comments?post=97763"}],"acf:post":[{"embeddable":true,"href":"https:\/\/letrame.com\/catalogo\/wp-json\/wp\/v2\/author_book\/76325"}],"wp:featuredmedia":[{"embeddable":true,"href":"https:\/\/letrame.com\/catalogo\/wp-json\/wp\/v2\/media\/97764"}],"wp:attachment":[{"href":"https:\/\/letrame.com\/catalogo\/wp-json\/wp\/v2\/media?parent=97763"}],"wp:term":[{"taxonomy":"libro","embeddable":true,"href":"https:\/\/letrame.com\/catalogo\/wp-json\/wp\/v2\/libro?post=97763"},{"taxonomy":"product_brand","embeddable":true,"href":"https:\/\/letrame.com\/catalogo\/wp-json\/wp\/v2\/product_brand?post=97763"},{"taxonomy":"product_cat","embeddable":true,"href":"https:\/\/letrame.com\/catalogo\/wp-json\/wp\/v2\/product_cat?post=97763"},{"taxonomy":"product_tag","embeddable":true,"href":"https:\/\/letrame.com\/catalogo\/wp-json\/wp\/v2\/product_tag?post=97763"}],"curies":[{"name":"wp","href":"https:\/\/api.w.org\/{rel}","templated":true}]}}