{"id":97756,"date":"2024-04-29T14:28:06","date_gmt":"2024-04-29T12:28:06","guid":{"rendered":"https:\/\/letrame.com\/catalogo\/producto\/reflejo-42\/"},"modified":"2024-04-29T14:28:15","modified_gmt":"2024-04-29T12:28:15","slug":"reflejo-42","status":"publish","type":"product","link":"https:\/\/letrame.com\/catalogo\/producto\/reflejo-42\/","title":{"rendered":"Reflejo.42"},"content":{"rendered":"<p><strong>ISBN<\/strong>:978-84-1114-730-9<\/p>\n<p><strong>T\u00edtulo<\/strong>: <span data-sheets-value=\"{&quot;1&quot;:2,&quot;2&quot;:&quot;Reflejo.42&quot;}\" data-sheets-userformat=\"{&quot;2&quot;:579,&quot;3&quot;:{&quot;1&quot;:0},&quot;4&quot;:{&quot;1&quot;:2,&quot;2&quot;:14281427},&quot;9&quot;:1,&quot;12&quot;:0}\">Reflejo.42<\/span><\/p>\n<p><strong>Fecha<\/strong>: 2022<br \/>\n<strong>P\u00e1ginas<\/strong>: 680<\/p>\n<p><strong>SINOPSIS<\/strong><\/p>\n<p>Es curioso, lo r\u00e1pido puede llegar el fin de todo lo que uno conoce. En un abrir y cerrar de ojos, puedes perder a tu familia, a tus amigos&#8230; Todo. Aquel d\u00eda, las vidas de Abi y Derek, as\u00ed como las del resto de la humanidad, cambiaron por completo. El planeta dej\u00f3 de ser el mismo&#8230; El fin del mundo era una realidad.<\/p>\n<p>Derek vivi\u00f3 un infierno, unas extra\u00f1as criaturas irrumpieron en su ciudad, y masacraron a casi todo el mundo. Qued\u00f3 inconsciente mientras hu\u00eda, pero le encontr\u00f3 un grupo de supervivientes. Se volvi\u00f3 distante, malhumorado&#8230; Abi era todo lo contrario; risue\u00f1a, amable, le gustaba confiar en las personas.<\/p>\n<p>Ella despert\u00f3 en Saint Cage, unas instalaciones que refugiaban a los supervivientes. No recordaba nada, sufr\u00eda amnesia. Le aseguraron que el exterior no era habitable, debido a unos ataques terroristas en masa, hab\u00edan destruido cientos centrales nucleares&#8230; \u00bfDeber\u00eda creerles?<\/p>\n<p>El destino de ambos termin\u00f3 cruz\u00e1ndose, debido a que los dos despertaron aquel d\u00eda con un n\u00famero 42 tatuado en su mu\u00f1eca. \u00bfQu\u00e9 significar\u00e1? Son muy contrarios, no se soportan, pero&#8230; Entre ellos hay algo especial, algo que ninguno sabe describir. Juntos, descubrir\u00e1n qu\u00e9 le ocurri\u00f3 realmente al planeta.<\/p>\n","protected":false},"excerpt":{"rendered":"<p><strong>ISBN<\/strong>:978-84-1114-730-9<\/p>\n<p><strong>SINOPSIS<\/strong><\/p>\n<p>Es curioso, lo r\u00e1pido puede llegar el fin de todo lo que uno conoce. En un abrir y cerrar de ojos, puedes perder a tu familia, a tus amigos&#8230; Todo. Aquel d\u00eda, las vidas de Abi y Derek, as\u00ed como las del resto de la humanidad, cambiaron por completo. El planeta dej\u00f3 de ser el mismo&#8230; El fin del mundo era una realidad.<\/p>\n<p>Derek vivi\u00f3 un infierno, unas extra\u00f1as criaturas irrumpieron en su ciudad, y masacraron a casi todo el mundo. Qued\u00f3 inconsciente mientras hu\u00eda, pero le encontr\u00f3 un grupo de supervivientes. Se volvi\u00f3 distante, malhumorado&#8230; Abi era todo lo contrario; risue\u00f1a, amable, le gustaba confiar en las personas.<\/p>\n<p>Ella despert\u00f3 en Saint Cage, unas instalaciones que refugiaban a los supervivientes. No recordaba nada, sufr\u00eda amnesia. Le aseguraron que el exterior no era habitable, debido a unos ataques terroristas en masa, hab\u00edan destruido cientos centrales nucleares&#8230; \u00bfDeber\u00eda creerles?<\/p>\n<p>El destino de ambos termin\u00f3 cruz\u00e1ndose, debido a que los dos despertaron aquel d\u00eda con un n\u00famero 42 tatuado en su mu\u00f1eca. \u00bfQu\u00e9 significar\u00e1? Son muy contrarios, no se soportan, pero&#8230; Entre ellos hay algo especial, algo que ninguno sabe describir. Juntos, descubrir\u00e1n qu\u00e9 le ocurri\u00f3 realmente al planeta.<\/p>\n","protected":false},"featured_media":97757,"comment_status":"closed","ping_status":"open","template":"","meta":{"_acf_changed":false},"libro":[],"product_brand":[],"product_cat":[26],"product_tag":[],"class_list":{"0":"post-97756","1":"product","2":"type-product","3":"status-publish","4":"has-post-thumbnail","6":"product_cat-sin-categoria","8":"first","9":"instock","10":"product-type-simple"},"acf":{"autor":[76319],"enlace_de_compra":"https:\/\/www.amazon.es\/Reflejo-42-Sergio-Mart%C3%ADn-G%C3%A1lvez-ebook\/dp\/B0B3XQ9RNK\/"},"yoast_head":"<!-- This site is optimized with the Yoast SEO plugin v27.4 - https:\/\/yoast.com\/product\/yoast-seo-wordpress\/ -->\n<title>Reflejo.42 - Catalogo | Letrame Grupo Editorial<\/title>\n<meta name=\"robots\" content=\"index, follow, max-snippet:-1, max-image-preview:large, max-video-preview:-1\" \/>\n<link rel=\"canonical\" href=\"https:\/\/letrame.com\/catalogo\/producto\/reflejo-42\/\" \/>\n<meta property=\"og:locale\" content=\"es_ES\" \/>\n<meta property=\"og:type\" content=\"article\" \/>\n<meta property=\"og:title\" content=\"Reflejo.42 - Catalogo | Letrame Grupo Editorial\" \/>\n<meta property=\"og:description\" content=\"ISBN:978-84-1114-730-9 SINOPSIS Es curioso, lo r\u00e1pido puede llegar el fin de todo lo que uno conoce. En un abrir y cerrar de ojos, puedes perder a tu familia, a tus amigos... Todo. Aquel d\u00eda, las vidas de Abi y Derek, as\u00ed como las del resto de la humanidad, cambiaron por completo. El planeta dej\u00f3 de ser el mismo... El fin del mundo era una realidad. Derek vivi\u00f3 un infierno, unas extra\u00f1as criaturas irrumpieron en su ciudad, y masacraron a casi todo el mundo. Qued\u00f3 inconsciente mientras hu\u00eda, pero le encontr\u00f3 un grupo de supervivientes. Se volvi\u00f3 distante, malhumorado... Abi era todo lo contrario; risue\u00f1a, amable, le gustaba confiar en las personas. Ella despert\u00f3 en Saint Cage, unas instalaciones que refugiaban a los supervivientes. No recordaba nada, sufr\u00eda amnesia. Le aseguraron que el exterior no era habitable, debido a unos ataques terroristas en masa, hab\u00edan destruido cientos centrales nucleares... \u00bfDeber\u00eda creerles? El destino de ambos termin\u00f3 cruz\u00e1ndose, debido a que los dos despertaron aquel d\u00eda con un n\u00famero 42 tatuado en su mu\u00f1eca. \u00bfQu\u00e9 significar\u00e1? Son muy contrarios, no se soportan, pero... Entre ellos hay algo especial, algo que ninguno sabe describir. Juntos, descubrir\u00e1n qu\u00e9 le ocurri\u00f3 realmente al planeta.\" \/>\n<meta property=\"og:url\" content=\"https:\/\/letrame.com\/catalogo\/producto\/reflejo-42\/\" \/>\n<meta property=\"og:site_name\" content=\"Catalogo | Letrame Grupo Editorial\" \/>\n<meta property=\"article:modified_time\" content=\"2024-04-29T12:28:15+00:00\" \/>\n<meta property=\"og:image\" content=\"https:\/\/letrame.com\/catalogo\/wp-content\/uploads\/2024\/04\/redportada_reflejo.42_3246mm-1.jpg\" \/>\n\t<meta property=\"og:image:width\" content=\"601\" \/>\n\t<meta property=\"og:image:height\" content=\"881\" \/>\n\t<meta property=\"og:image:type\" content=\"image\/jpeg\" \/>\n<meta name=\"twitter:card\" content=\"summary_large_image\" \/>\n<meta name=\"twitter:label1\" content=\"Tiempo de lectura\" \/>\n\t<meta name=\"twitter:data1\" content=\"1 minuto\" \/>\n<script type=\"application\/ld+json\" class=\"yoast-schema-graph\">{\"@context\":\"https:\\\/\\\/schema.org\",\"@graph\":[{\"@type\":\"WebPage\",\"@id\":\"https:\\\/\\\/letrame.com\\\/catalogo\\\/producto\\\/reflejo-42\\\/\",\"url\":\"https:\\\/\\\/letrame.com\\\/catalogo\\\/producto\\\/reflejo-42\\\/\",\"name\":\"Reflejo.42 - Catalogo | Letrame Grupo Editorial\",\"isPartOf\":{\"@id\":\"https:\\\/\\\/letrame.com\\\/catalogo\\\/#website\"},\"primaryImageOfPage\":{\"@id\":\"https:\\\/\\\/letrame.com\\\/catalogo\\\/producto\\\/reflejo-42\\\/#primaryimage\"},\"image\":{\"@id\":\"https:\\\/\\\/letrame.com\\\/catalogo\\\/producto\\\/reflejo-42\\\/#primaryimage\"},\"thumbnailUrl\":\"https:\\\/\\\/letrame.com\\\/catalogo\\\/wp-content\\\/uploads\\\/2024\\\/04\\\/redportada_reflejo.42_3246mm-1.jpg\",\"datePublished\":\"2024-04-29T12:28:06+00:00\",\"dateModified\":\"2024-04-29T12:28:15+00:00\",\"breadcrumb\":{\"@id\":\"https:\\\/\\\/letrame.com\\\/catalogo\\\/producto\\\/reflejo-42\\\/#breadcrumb\"},\"inLanguage\":\"es\",\"potentialAction\":[{\"@type\":\"ReadAction\",\"target\":[\"https:\\\/\\\/letrame.com\\\/catalogo\\\/producto\\\/reflejo-42\\\/\"]}]},{\"@type\":\"ImageObject\",\"inLanguage\":\"es\",\"@id\":\"https:\\\/\\\/letrame.com\\\/catalogo\\\/producto\\\/reflejo-42\\\/#primaryimage\",\"url\":\"https:\\\/\\\/letrame.com\\\/catalogo\\\/wp-content\\\/uploads\\\/2024\\\/04\\\/redportada_reflejo.42_3246mm-1.jpg\",\"contentUrl\":\"https:\\\/\\\/letrame.com\\\/catalogo\\\/wp-content\\\/uploads\\\/2024\\\/04\\\/redportada_reflejo.42_3246mm-1.jpg\",\"width\":601,\"height\":881},{\"@type\":\"BreadcrumbList\",\"@id\":\"https:\\\/\\\/letrame.com\\\/catalogo\\\/producto\\\/reflejo-42\\\/#breadcrumb\",\"itemListElement\":[{\"@type\":\"ListItem\",\"position\":1,\"name\":\"Portada\",\"item\":\"https:\\\/\\\/letrame.com\\\/catalogo\\\/\"},{\"@type\":\"ListItem\",\"position\":2,\"name\":\"Cat\u00e1logo\",\"item\":\"https:\\\/\\\/letrame.com\\\/catalogo\\\/\"},{\"@type\":\"ListItem\",\"position\":3,\"name\":\"Reflejo.42\"}]},{\"@type\":\"WebSite\",\"@id\":\"https:\\\/\\\/letrame.com\\\/catalogo\\\/#website\",\"url\":\"https:\\\/\\\/letrame.com\\\/catalogo\\\/\",\"name\":\"Catalogo | Letrame Grupo Editorial\",\"description\":\"\",\"publisher\":{\"@id\":\"https:\\\/\\\/letrame.com\\\/catalogo\\\/#organization\"},\"potentialAction\":[{\"@type\":\"SearchAction\",\"target\":{\"@type\":\"EntryPoint\",\"urlTemplate\":\"https:\\\/\\\/letrame.com\\\/catalogo\\\/?s={search_term_string}\"},\"query-input\":{\"@type\":\"PropertyValueSpecification\",\"valueRequired\":true,\"valueName\":\"search_term_string\"}}],\"inLanguage\":\"es\"},{\"@type\":\"Organization\",\"@id\":\"https:\\\/\\\/letrame.com\\\/catalogo\\\/#organization\",\"name\":\"Catalogo | Letrame Grupo Editorial\",\"url\":\"https:\\\/\\\/letrame.com\\\/catalogo\\\/\",\"logo\":{\"@type\":\"ImageObject\",\"inLanguage\":\"es\",\"@id\":\"https:\\\/\\\/letrame.com\\\/catalogo\\\/#\\\/schema\\\/logo\\\/image\\\/\",\"url\":\"https:\\\/\\\/letrame.com\\\/catalogo\\\/wp-content\\\/uploads\\\/2024\\\/03\\\/logo2.webp\",\"contentUrl\":\"https:\\\/\\\/letrame.com\\\/catalogo\\\/wp-content\\\/uploads\\\/2024\\\/03\\\/logo2.webp\",\"width\":394,\"height\":128,\"caption\":\"Catalogo | Letrame Grupo Editorial\"},\"image\":{\"@id\":\"https:\\\/\\\/letrame.com\\\/catalogo\\\/#\\\/schema\\\/logo\\\/image\\\/\"}}]}<\/script>\n<!-- \/ Yoast SEO plugin. -->","yoast_head_json":{"title":"Reflejo.42 - Catalogo | Letrame Grupo Editorial","robots":{"index":"index","follow":"follow","max-snippet":"max-snippet:-1","max-image-preview":"max-image-preview:large","max-video-preview":"max-video-preview:-1"},"canonical":"https:\/\/letrame.com\/catalogo\/producto\/reflejo-42\/","og_locale":"es_ES","og_type":"article","og_title":"Reflejo.42 - Catalogo | Letrame Grupo Editorial","og_description":"ISBN:978-84-1114-730-9 SINOPSIS Es curioso, lo r\u00e1pido puede llegar el fin de todo lo que uno conoce. En un abrir y cerrar de ojos, puedes perder a tu familia, a tus amigos... Todo. Aquel d\u00eda, las vidas de Abi y Derek, as\u00ed como las del resto de la humanidad, cambiaron por completo. El planeta dej\u00f3 de ser el mismo... El fin del mundo era una realidad. Derek vivi\u00f3 un infierno, unas extra\u00f1as criaturas irrumpieron en su ciudad, y masacraron a casi todo el mundo. Qued\u00f3 inconsciente mientras hu\u00eda, pero le encontr\u00f3 un grupo de supervivientes. Se volvi\u00f3 distante, malhumorado... Abi era todo lo contrario; risue\u00f1a, amable, le gustaba confiar en las personas. Ella despert\u00f3 en Saint Cage, unas instalaciones que refugiaban a los supervivientes. No recordaba nada, sufr\u00eda amnesia. Le aseguraron que el exterior no era habitable, debido a unos ataques terroristas en masa, hab\u00edan destruido cientos centrales nucleares... \u00bfDeber\u00eda creerles? El destino de ambos termin\u00f3 cruz\u00e1ndose, debido a que los dos despertaron aquel d\u00eda con un n\u00famero 42 tatuado en su mu\u00f1eca. \u00bfQu\u00e9 significar\u00e1? Son muy contrarios, no se soportan, pero... Entre ellos hay algo especial, algo que ninguno sabe describir. Juntos, descubrir\u00e1n qu\u00e9 le ocurri\u00f3 realmente al planeta.","og_url":"https:\/\/letrame.com\/catalogo\/producto\/reflejo-42\/","og_site_name":"Catalogo | Letrame Grupo Editorial","article_modified_time":"2024-04-29T12:28:15+00:00","og_image":[{"width":601,"height":881,"url":"https:\/\/letrame.com\/catalogo\/wp-content\/uploads\/2024\/04\/redportada_reflejo.42_3246mm-1.jpg","type":"image\/jpeg"}],"twitter_card":"summary_large_image","twitter_misc":{"Tiempo de lectura":"1 minuto"},"schema":{"@context":"https:\/\/schema.org","@graph":[{"@type":"WebPage","@id":"https:\/\/letrame.com\/catalogo\/producto\/reflejo-42\/","url":"https:\/\/letrame.com\/catalogo\/producto\/reflejo-42\/","name":"Reflejo.42 - Catalogo | Letrame Grupo Editorial","isPartOf":{"@id":"https:\/\/letrame.com\/catalogo\/#website"},"primaryImageOfPage":{"@id":"https:\/\/letrame.com\/catalogo\/producto\/reflejo-42\/#primaryimage"},"image":{"@id":"https:\/\/letrame.com\/catalogo\/producto\/reflejo-42\/#primaryimage"},"thumbnailUrl":"https:\/\/letrame.com\/catalogo\/wp-content\/uploads\/2024\/04\/redportada_reflejo.42_3246mm-1.jpg","datePublished":"2024-04-29T12:28:06+00:00","dateModified":"2024-04-29T12:28:15+00:00","breadcrumb":{"@id":"https:\/\/letrame.com\/catalogo\/producto\/reflejo-42\/#breadcrumb"},"inLanguage":"es","potentialAction":[{"@type":"ReadAction","target":["https:\/\/letrame.com\/catalogo\/producto\/reflejo-42\/"]}]},{"@type":"ImageObject","inLanguage":"es","@id":"https:\/\/letrame.com\/catalogo\/producto\/reflejo-42\/#primaryimage","url":"https:\/\/letrame.com\/catalogo\/wp-content\/uploads\/2024\/04\/redportada_reflejo.42_3246mm-1.jpg","contentUrl":"https:\/\/letrame.com\/catalogo\/wp-content\/uploads\/2024\/04\/redportada_reflejo.42_3246mm-1.jpg","width":601,"height":881},{"@type":"BreadcrumbList","@id":"https:\/\/letrame.com\/catalogo\/producto\/reflejo-42\/#breadcrumb","itemListElement":[{"@type":"ListItem","position":1,"name":"Portada","item":"https:\/\/letrame.com\/catalogo\/"},{"@type":"ListItem","position":2,"name":"Cat\u00e1logo","item":"https:\/\/letrame.com\/catalogo\/"},{"@type":"ListItem","position":3,"name":"Reflejo.42"}]},{"@type":"WebSite","@id":"https:\/\/letrame.com\/catalogo\/#website","url":"https:\/\/letrame.com\/catalogo\/","name":"Catalogo | Letrame Grupo Editorial","description":"","publisher":{"@id":"https:\/\/letrame.com\/catalogo\/#organization"},"potentialAction":[{"@type":"SearchAction","target":{"@type":"EntryPoint","urlTemplate":"https:\/\/letrame.com\/catalogo\/?s={search_term_string}"},"query-input":{"@type":"PropertyValueSpecification","valueRequired":true,"valueName":"search_term_string"}}],"inLanguage":"es"},{"@type":"Organization","@id":"https:\/\/letrame.com\/catalogo\/#organization","name":"Catalogo | Letrame Grupo Editorial","url":"https:\/\/letrame.com\/catalogo\/","logo":{"@type":"ImageObject","inLanguage":"es","@id":"https:\/\/letrame.com\/catalogo\/#\/schema\/logo\/image\/","url":"https:\/\/letrame.com\/catalogo\/wp-content\/uploads\/2024\/03\/logo2.webp","contentUrl":"https:\/\/letrame.com\/catalogo\/wp-content\/uploads\/2024\/03\/logo2.webp","width":394,"height":128,"caption":"Catalogo | Letrame Grupo Editorial"},"image":{"@id":"https:\/\/letrame.com\/catalogo\/#\/schema\/logo\/image\/"}}]}},"_links":{"self":[{"href":"https:\/\/letrame.com\/catalogo\/wp-json\/wp\/v2\/product\/97756","targetHints":{"allow":["GET"]}}],"collection":[{"href":"https:\/\/letrame.com\/catalogo\/wp-json\/wp\/v2\/product"}],"about":[{"href":"https:\/\/letrame.com\/catalogo\/wp-json\/wp\/v2\/types\/product"}],"replies":[{"embeddable":true,"href":"https:\/\/letrame.com\/catalogo\/wp-json\/wp\/v2\/comments?post=97756"}],"acf:post":[{"embeddable":true,"href":"https:\/\/letrame.com\/catalogo\/wp-json\/wp\/v2\/author_book\/76319"}],"wp:featuredmedia":[{"embeddable":true,"href":"https:\/\/letrame.com\/catalogo\/wp-json\/wp\/v2\/media\/97757"}],"wp:attachment":[{"href":"https:\/\/letrame.com\/catalogo\/wp-json\/wp\/v2\/media?parent=97756"}],"wp:term":[{"taxonomy":"libro","embeddable":true,"href":"https:\/\/letrame.com\/catalogo\/wp-json\/wp\/v2\/libro?post=97756"},{"taxonomy":"product_brand","embeddable":true,"href":"https:\/\/letrame.com\/catalogo\/wp-json\/wp\/v2\/product_brand?post=97756"},{"taxonomy":"product_cat","embeddable":true,"href":"https:\/\/letrame.com\/catalogo\/wp-json\/wp\/v2\/product_cat?post=97756"},{"taxonomy":"product_tag","embeddable":true,"href":"https:\/\/letrame.com\/catalogo\/wp-json\/wp\/v2\/product_tag?post=97756"}],"curies":[{"name":"wp","href":"https:\/\/api.w.org\/{rel}","templated":true}]}}