{"id":97742,"date":"2024-04-29T14:27:40","date_gmt":"2024-04-29T12:27:40","guid":{"rendered":"https:\/\/letrame.com\/catalogo\/producto\/libro-iii-y-iv-arbiskar\/"},"modified":"2024-04-29T14:27:43","modified_gmt":"2024-04-29T12:27:43","slug":"libro-iii-y-iv-arbiskar","status":"publish","type":"product","link":"https:\/\/letrame.com\/catalogo\/producto\/libro-iii-y-iv-arbiskar\/","title":{"rendered":"Libro III y IV Arbiskar"},"content":{"rendered":"<p><strong>ISBN<\/strong>:978-84-1114-761-3<\/p>\n<p><strong>T\u00edtulo<\/strong>:<span data-sheets-value=\"{&quot;1&quot;:2,&quot;2&quot;:&quot;Libro III y IV Arbiskar&quot;}\" data-sheets-userformat=\"{&quot;2&quot;:579,&quot;3&quot;:{&quot;1&quot;:0},&quot;4&quot;:{&quot;1&quot;:2,&quot;2&quot;:14281427},&quot;9&quot;:1,&quot;12&quot;:0}\">Libro III y IV Arbiskar<\/span><\/p>\n<p><strong>Fecha<\/strong>: 2022<br \/>\n<strong>P\u00e1ginas<\/strong>: 446<\/p>\n<p><strong>SINOPSIS<\/strong><\/p>\n<p>LIBRO III: Arbis sin las ataduras del General Escipi\u00f3n, ahora en Roma, se dispone junto a su mujer Cal\u00edope, a punto de dar a luz a su primog\u00e9nito, a disfrutar de la vida. Pero unos extra\u00f1os asesinatos suceden en Carthago Nova. Las autoridades romanas solicitan la ayuda de Arbis y de sus amigos para descubrir al asesino que tiene atemorizada a la ciudad.<\/p>\n<p>LIBRO IV: Fuera de escena Escipi\u00f3n, ahora son los nuevos proc\u00f3nsules de Hispania los que obligan a Arbis para que acepte una misi\u00f3n suicida que pondr\u00e1 de nuevo a nuestro protagonista en un brete, a esto, se le a\u00f1ade una noticia desagradable procedente de Roma concerniente a su familia. Arbis no tendr\u00e1 m\u00e1s remedio que volver a exponer su vida y la de sus amigos a peligros desconocidos, y sin la certeza de salir vivos de ellos.<\/p>\n","protected":false},"excerpt":{"rendered":"<p><strong>ISBN<\/strong>:978-84-1114-761-3<\/p>\n<p><strong>SINOPSIS<\/strong><\/p>\n<p>LIBRO III: Arbis sin las ataduras del General Escipi\u00f3n, ahora en Roma, se dispone junto a su mujer Cal\u00edope, a punto de dar a luz a su primog\u00e9nito, a disfrutar de la vida. Pero unos extra\u00f1os asesinatos suceden en Carthago Nova. Las autoridades romanas solicitan la ayuda de Arbis y de sus amigos para descubrir al asesino que tiene atemorizada a la ciudad.<\/p>\n<p>LIBRO IV: Fuera de escena Escipi\u00f3n, ahora son los nuevos proc\u00f3nsules de Hispania los que obligan a Arbis para que acepte una misi\u00f3n suicida que pondr\u00e1 de nuevo a nuestro protagonista en un brete, a esto, se le a\u00f1ade una noticia desagradable procedente de Roma concerniente a su familia. Arbis no tendr\u00e1 m\u00e1s remedio que volver a exponer su vida y la de sus amigos a peligros desconocidos, y sin la certeza de salir vivos de ellos.<\/p>\n","protected":false},"featured_media":97743,"comment_status":"closed","ping_status":"open","template":"","meta":{"_acf_changed":false},"libro":[],"product_brand":[],"product_cat":[29],"product_tag":[],"class_list":{"0":"post-97742","1":"product","2":"type-product","3":"status-publish","4":"has-post-thumbnail","6":"product_cat-novela-historica","8":"first","9":"instock","10":"product-type-simple"},"acf":{"autor":[76307],"enlace_de_compra":"https:\/\/www.amazon.es\/Libro-III-Arbiskar-investigador-Carthago\/dp\/8411147614\/"},"yoast_head":"<!-- This site is optimized with the Yoast SEO plugin v27.4 - https:\/\/yoast.com\/product\/yoast-seo-wordpress\/ -->\n<title>Libro III y IV Arbiskar - Catalogo | Letrame Grupo Editorial<\/title>\n<meta name=\"robots\" content=\"index, follow, max-snippet:-1, max-image-preview:large, max-video-preview:-1\" \/>\n<link rel=\"canonical\" href=\"https:\/\/letrame.com\/catalogo\/producto\/libro-iii-y-iv-arbiskar\/\" \/>\n<meta property=\"og:locale\" content=\"es_ES\" \/>\n<meta property=\"og:type\" content=\"article\" \/>\n<meta property=\"og:title\" content=\"Libro III y IV Arbiskar - Catalogo | Letrame Grupo Editorial\" \/>\n<meta property=\"og:description\" content=\"ISBN:978-84-1114-761-3 SINOPSIS LIBRO III: Arbis sin las ataduras del General Escipi\u00f3n, ahora en Roma, se dispone junto a su mujer Cal\u00edope, a punto de dar a luz a su primog\u00e9nito, a disfrutar de la vida. Pero unos extra\u00f1os asesinatos suceden en Carthago Nova. Las autoridades romanas solicitan la ayuda de Arbis y de sus amigos para descubrir al asesino que tiene atemorizada a la ciudad. LIBRO IV: Fuera de escena Escipi\u00f3n, ahora son los nuevos proc\u00f3nsules de Hispania los que obligan a Arbis para que acepte una misi\u00f3n suicida que pondr\u00e1 de nuevo a nuestro protagonista en un brete, a esto, se le a\u00f1ade una noticia desagradable procedente de Roma concerniente a su familia. Arbis no tendr\u00e1 m\u00e1s remedio que volver a exponer su vida y la de sus amigos a peligros desconocidos, y sin la certeza de salir vivos de ellos.\" \/>\n<meta property=\"og:url\" content=\"https:\/\/letrame.com\/catalogo\/producto\/libro-iii-y-iv-arbiskar\/\" \/>\n<meta property=\"og:site_name\" content=\"Catalogo | Letrame Grupo Editorial\" \/>\n<meta property=\"article:modified_time\" content=\"2024-04-29T12:27:43+00:00\" \/>\n<meta property=\"og:image\" content=\"https:\/\/letrame.com\/catalogo\/wp-content\/uploads\/2024\/04\/redportada_libroIII_2167mm.jpg\" \/>\n\t<meta property=\"og:image:width\" content=\"601\" \/>\n\t<meta property=\"og:image:height\" content=\"922\" \/>\n\t<meta property=\"og:image:type\" content=\"image\/jpeg\" \/>\n<meta name=\"twitter:card\" content=\"summary_large_image\" \/>\n<meta name=\"twitter:label1\" content=\"Tiempo de lectura\" \/>\n\t<meta name=\"twitter:data1\" content=\"1 minuto\" \/>\n<script type=\"application\/ld+json\" class=\"yoast-schema-graph\">{\"@context\":\"https:\\\/\\\/schema.org\",\"@graph\":[{\"@type\":\"WebPage\",\"@id\":\"https:\\\/\\\/letrame.com\\\/catalogo\\\/producto\\\/libro-iii-y-iv-arbiskar\\\/\",\"url\":\"https:\\\/\\\/letrame.com\\\/catalogo\\\/producto\\\/libro-iii-y-iv-arbiskar\\\/\",\"name\":\"Libro III y IV Arbiskar - Catalogo | Letrame Grupo Editorial\",\"isPartOf\":{\"@id\":\"https:\\\/\\\/letrame.com\\\/catalogo\\\/#website\"},\"primaryImageOfPage\":{\"@id\":\"https:\\\/\\\/letrame.com\\\/catalogo\\\/producto\\\/libro-iii-y-iv-arbiskar\\\/#primaryimage\"},\"image\":{\"@id\":\"https:\\\/\\\/letrame.com\\\/catalogo\\\/producto\\\/libro-iii-y-iv-arbiskar\\\/#primaryimage\"},\"thumbnailUrl\":\"https:\\\/\\\/letrame.com\\\/catalogo\\\/wp-content\\\/uploads\\\/2024\\\/04\\\/redportada_libroIII_2167mm.jpg\",\"datePublished\":\"2024-04-29T12:27:40+00:00\",\"dateModified\":\"2024-04-29T12:27:43+00:00\",\"breadcrumb\":{\"@id\":\"https:\\\/\\\/letrame.com\\\/catalogo\\\/producto\\\/libro-iii-y-iv-arbiskar\\\/#breadcrumb\"},\"inLanguage\":\"es\",\"potentialAction\":[{\"@type\":\"ReadAction\",\"target\":[\"https:\\\/\\\/letrame.com\\\/catalogo\\\/producto\\\/libro-iii-y-iv-arbiskar\\\/\"]}]},{\"@type\":\"ImageObject\",\"inLanguage\":\"es\",\"@id\":\"https:\\\/\\\/letrame.com\\\/catalogo\\\/producto\\\/libro-iii-y-iv-arbiskar\\\/#primaryimage\",\"url\":\"https:\\\/\\\/letrame.com\\\/catalogo\\\/wp-content\\\/uploads\\\/2024\\\/04\\\/redportada_libroIII_2167mm.jpg\",\"contentUrl\":\"https:\\\/\\\/letrame.com\\\/catalogo\\\/wp-content\\\/uploads\\\/2024\\\/04\\\/redportada_libroIII_2167mm.jpg\",\"width\":601,\"height\":922},{\"@type\":\"BreadcrumbList\",\"@id\":\"https:\\\/\\\/letrame.com\\\/catalogo\\\/producto\\\/libro-iii-y-iv-arbiskar\\\/#breadcrumb\",\"itemListElement\":[{\"@type\":\"ListItem\",\"position\":1,\"name\":\"Portada\",\"item\":\"https:\\\/\\\/letrame.com\\\/catalogo\\\/\"},{\"@type\":\"ListItem\",\"position\":2,\"name\":\"Cat\u00e1logo\",\"item\":\"https:\\\/\\\/letrame.com\\\/catalogo\\\/\"},{\"@type\":\"ListItem\",\"position\":3,\"name\":\"Libro III y IV Arbiskar\"}]},{\"@type\":\"WebSite\",\"@id\":\"https:\\\/\\\/letrame.com\\\/catalogo\\\/#website\",\"url\":\"https:\\\/\\\/letrame.com\\\/catalogo\\\/\",\"name\":\"Catalogo | Letrame Grupo Editorial\",\"description\":\"\",\"publisher\":{\"@id\":\"https:\\\/\\\/letrame.com\\\/catalogo\\\/#organization\"},\"potentialAction\":[{\"@type\":\"SearchAction\",\"target\":{\"@type\":\"EntryPoint\",\"urlTemplate\":\"https:\\\/\\\/letrame.com\\\/catalogo\\\/?s={search_term_string}\"},\"query-input\":{\"@type\":\"PropertyValueSpecification\",\"valueRequired\":true,\"valueName\":\"search_term_string\"}}],\"inLanguage\":\"es\"},{\"@type\":\"Organization\",\"@id\":\"https:\\\/\\\/letrame.com\\\/catalogo\\\/#organization\",\"name\":\"Catalogo | Letrame Grupo Editorial\",\"url\":\"https:\\\/\\\/letrame.com\\\/catalogo\\\/\",\"logo\":{\"@type\":\"ImageObject\",\"inLanguage\":\"es\",\"@id\":\"https:\\\/\\\/letrame.com\\\/catalogo\\\/#\\\/schema\\\/logo\\\/image\\\/\",\"url\":\"https:\\\/\\\/letrame.com\\\/catalogo\\\/wp-content\\\/uploads\\\/2024\\\/03\\\/logo2.webp\",\"contentUrl\":\"https:\\\/\\\/letrame.com\\\/catalogo\\\/wp-content\\\/uploads\\\/2024\\\/03\\\/logo2.webp\",\"width\":394,\"height\":128,\"caption\":\"Catalogo | Letrame Grupo Editorial\"},\"image\":{\"@id\":\"https:\\\/\\\/letrame.com\\\/catalogo\\\/#\\\/schema\\\/logo\\\/image\\\/\"}}]}<\/script>\n<!-- \/ Yoast SEO plugin. -->","yoast_head_json":{"title":"Libro III y IV Arbiskar - Catalogo | Letrame Grupo Editorial","robots":{"index":"index","follow":"follow","max-snippet":"max-snippet:-1","max-image-preview":"max-image-preview:large","max-video-preview":"max-video-preview:-1"},"canonical":"https:\/\/letrame.com\/catalogo\/producto\/libro-iii-y-iv-arbiskar\/","og_locale":"es_ES","og_type":"article","og_title":"Libro III y IV Arbiskar - Catalogo | Letrame Grupo Editorial","og_description":"ISBN:978-84-1114-761-3 SINOPSIS LIBRO III: Arbis sin las ataduras del General Escipi\u00f3n, ahora en Roma, se dispone junto a su mujer Cal\u00edope, a punto de dar a luz a su primog\u00e9nito, a disfrutar de la vida. Pero unos extra\u00f1os asesinatos suceden en Carthago Nova. Las autoridades romanas solicitan la ayuda de Arbis y de sus amigos para descubrir al asesino que tiene atemorizada a la ciudad. LIBRO IV: Fuera de escena Escipi\u00f3n, ahora son los nuevos proc\u00f3nsules de Hispania los que obligan a Arbis para que acepte una misi\u00f3n suicida que pondr\u00e1 de nuevo a nuestro protagonista en un brete, a esto, se le a\u00f1ade una noticia desagradable procedente de Roma concerniente a su familia. Arbis no tendr\u00e1 m\u00e1s remedio que volver a exponer su vida y la de sus amigos a peligros desconocidos, y sin la certeza de salir vivos de ellos.","og_url":"https:\/\/letrame.com\/catalogo\/producto\/libro-iii-y-iv-arbiskar\/","og_site_name":"Catalogo | Letrame Grupo Editorial","article_modified_time":"2024-04-29T12:27:43+00:00","og_image":[{"width":601,"height":922,"url":"https:\/\/letrame.com\/catalogo\/wp-content\/uploads\/2024\/04\/redportada_libroIII_2167mm.jpg","type":"image\/jpeg"}],"twitter_card":"summary_large_image","twitter_misc":{"Tiempo de lectura":"1 minuto"},"schema":{"@context":"https:\/\/schema.org","@graph":[{"@type":"WebPage","@id":"https:\/\/letrame.com\/catalogo\/producto\/libro-iii-y-iv-arbiskar\/","url":"https:\/\/letrame.com\/catalogo\/producto\/libro-iii-y-iv-arbiskar\/","name":"Libro III y IV Arbiskar - Catalogo | Letrame Grupo Editorial","isPartOf":{"@id":"https:\/\/letrame.com\/catalogo\/#website"},"primaryImageOfPage":{"@id":"https:\/\/letrame.com\/catalogo\/producto\/libro-iii-y-iv-arbiskar\/#primaryimage"},"image":{"@id":"https:\/\/letrame.com\/catalogo\/producto\/libro-iii-y-iv-arbiskar\/#primaryimage"},"thumbnailUrl":"https:\/\/letrame.com\/catalogo\/wp-content\/uploads\/2024\/04\/redportada_libroIII_2167mm.jpg","datePublished":"2024-04-29T12:27:40+00:00","dateModified":"2024-04-29T12:27:43+00:00","breadcrumb":{"@id":"https:\/\/letrame.com\/catalogo\/producto\/libro-iii-y-iv-arbiskar\/#breadcrumb"},"inLanguage":"es","potentialAction":[{"@type":"ReadAction","target":["https:\/\/letrame.com\/catalogo\/producto\/libro-iii-y-iv-arbiskar\/"]}]},{"@type":"ImageObject","inLanguage":"es","@id":"https:\/\/letrame.com\/catalogo\/producto\/libro-iii-y-iv-arbiskar\/#primaryimage","url":"https:\/\/letrame.com\/catalogo\/wp-content\/uploads\/2024\/04\/redportada_libroIII_2167mm.jpg","contentUrl":"https:\/\/letrame.com\/catalogo\/wp-content\/uploads\/2024\/04\/redportada_libroIII_2167mm.jpg","width":601,"height":922},{"@type":"BreadcrumbList","@id":"https:\/\/letrame.com\/catalogo\/producto\/libro-iii-y-iv-arbiskar\/#breadcrumb","itemListElement":[{"@type":"ListItem","position":1,"name":"Portada","item":"https:\/\/letrame.com\/catalogo\/"},{"@type":"ListItem","position":2,"name":"Cat\u00e1logo","item":"https:\/\/letrame.com\/catalogo\/"},{"@type":"ListItem","position":3,"name":"Libro III y IV Arbiskar"}]},{"@type":"WebSite","@id":"https:\/\/letrame.com\/catalogo\/#website","url":"https:\/\/letrame.com\/catalogo\/","name":"Catalogo | Letrame Grupo Editorial","description":"","publisher":{"@id":"https:\/\/letrame.com\/catalogo\/#organization"},"potentialAction":[{"@type":"SearchAction","target":{"@type":"EntryPoint","urlTemplate":"https:\/\/letrame.com\/catalogo\/?s={search_term_string}"},"query-input":{"@type":"PropertyValueSpecification","valueRequired":true,"valueName":"search_term_string"}}],"inLanguage":"es"},{"@type":"Organization","@id":"https:\/\/letrame.com\/catalogo\/#organization","name":"Catalogo | Letrame Grupo Editorial","url":"https:\/\/letrame.com\/catalogo\/","logo":{"@type":"ImageObject","inLanguage":"es","@id":"https:\/\/letrame.com\/catalogo\/#\/schema\/logo\/image\/","url":"https:\/\/letrame.com\/catalogo\/wp-content\/uploads\/2024\/03\/logo2.webp","contentUrl":"https:\/\/letrame.com\/catalogo\/wp-content\/uploads\/2024\/03\/logo2.webp","width":394,"height":128,"caption":"Catalogo | Letrame Grupo Editorial"},"image":{"@id":"https:\/\/letrame.com\/catalogo\/#\/schema\/logo\/image\/"}}]}},"_links":{"self":[{"href":"https:\/\/letrame.com\/catalogo\/wp-json\/wp\/v2\/product\/97742","targetHints":{"allow":["GET"]}}],"collection":[{"href":"https:\/\/letrame.com\/catalogo\/wp-json\/wp\/v2\/product"}],"about":[{"href":"https:\/\/letrame.com\/catalogo\/wp-json\/wp\/v2\/types\/product"}],"replies":[{"embeddable":true,"href":"https:\/\/letrame.com\/catalogo\/wp-json\/wp\/v2\/comments?post=97742"}],"acf:post":[{"embeddable":true,"href":"https:\/\/letrame.com\/catalogo\/wp-json\/wp\/v2\/author_book\/76307"}],"wp:featuredmedia":[{"embeddable":true,"href":"https:\/\/letrame.com\/catalogo\/wp-json\/wp\/v2\/media\/97743"}],"wp:attachment":[{"href":"https:\/\/letrame.com\/catalogo\/wp-json\/wp\/v2\/media?parent=97742"}],"wp:term":[{"taxonomy":"libro","embeddable":true,"href":"https:\/\/letrame.com\/catalogo\/wp-json\/wp\/v2\/libro?post=97742"},{"taxonomy":"product_brand","embeddable":true,"href":"https:\/\/letrame.com\/catalogo\/wp-json\/wp\/v2\/product_brand?post=97742"},{"taxonomy":"product_cat","embeddable":true,"href":"https:\/\/letrame.com\/catalogo\/wp-json\/wp\/v2\/product_cat?post=97742"},{"taxonomy":"product_tag","embeddable":true,"href":"https:\/\/letrame.com\/catalogo\/wp-json\/wp\/v2\/product_tag?post=97742"}],"curies":[{"name":"wp","href":"https:\/\/api.w.org\/{rel}","templated":true}]}}