{"id":97613,"date":"2024-04-29T14:18:44","date_gmt":"2024-04-29T12:18:44","guid":{"rendered":"https:\/\/letrame.com\/catalogo\/producto\/no-me-reconozco\/"},"modified":"2024-04-29T14:18:56","modified_gmt":"2024-04-29T12:18:56","slug":"no-me-reconozco","status":"publish","type":"product","link":"https:\/\/letrame.com\/catalogo\/producto\/no-me-reconozco\/","title":{"rendered":"\u00a1No me reconozco!"},"content":{"rendered":"<p><strong>ISBN: <\/strong>98-84-1114-472-8<\/p>\n<p><strong>T\u00edtulo<\/strong>: <span data-sheets-value=\"{&quot;1&quot;:2,&quot;2&quot;:&quot;\u00a1No me reconozco!&quot;}\" data-sheets-userformat=\"{&quot;2&quot;:579,&quot;3&quot;:{&quot;1&quot;:0},&quot;4&quot;:{&quot;1&quot;:2,&quot;2&quot;:14281427},&quot;9&quot;:1,&quot;12&quot;:0}\">\u00a1No me reconozco!<\/span><\/p>\n<p><strong>Fecha<\/strong>: 2022<br \/>\n<strong>P\u00e1ginas<\/strong>:<\/p>\n<p><strong>SINOPSIS<\/strong><\/p>\n<p>Un curioso encuentro gastron\u00f3mico, en la \u00e9poca napole\u00f3nica, unir\u00e1 fortuitamente a dos familias a trav\u00e9s de la historia.La inspectora Valentina Mart\u00edn vuelve a su peque\u00f1a ciudad natal, tras m\u00e1s de 13 a\u00f1os de ausencia, para hacerse cargo de la investigaci\u00f3n del misterioso rapto de Bel, hija de uno de los grandes terratenientes de la comarca y hermanastra de su antigua amiga de juventud. All\u00ed, adem\u00e1s de intentar averiguar qui\u00e9n, c\u00f3mo y por qu\u00e9 fue secuestrada la joven, Valentina tendr\u00e1 que lidiar con sus m\u00e1s temidos demonios interiores: el secreto motivo por el su madre sali\u00f3, llev\u00e1ndosela consigo, de la ciudad para no volver jam\u00e1s, la falta de contacto con su querido padre desde entonces, el voluntario alejamiento de su amiga y el remordimiento por la muerte de sus superior y mentor, que la enfrentar\u00e1 al Comisario Jefe de la Zona.Mientras tanto Jerome Th\u00e9berger, agente franc\u00e9s de la Interpol, persigue incansablemente al clan criminal m\u00e1s temido de Europa, responsable de los delitos m\u00e1s espantosos: trata de mujeres, contrabando de drogas y \u00f3rganos humanos. La cooperaci\u00f3n internacional unir\u00e1 a estos dos perspicaces investigadores y, juntos, deber\u00e1n resolver un intrigante puzzle de secuestros, asesinatos, secretos inconfesables y traiciones, donde la maldad es incluso capaz de sorprenderse a s\u00ed misma no llegando a reconocerse.<\/p>\n<p>&nbsp;<\/p>\n<p>&nbsp;<\/p>\n","protected":false},"excerpt":{"rendered":"<p><strong>ISBN: <\/strong>98-84-1114-472-8<\/p>\n<p><strong>SINOPSIS<\/strong><\/p>\n<p>Un curioso encuentro gastron\u00f3mico, en la \u00e9poca napole\u00f3nica, unir\u00e1 fortuitamente a dos familias a trav\u00e9s de la historia.La inspectora Valentina Mart\u00edn vuelve a su peque\u00f1a ciudad natal, tras m\u00e1s de 13 a\u00f1os de ausencia, para hacerse cargo de la investigaci\u00f3n del misterioso rapto de Bel, hija de uno de los grandes terratenientes de la comarca y hermanastra de su antigua amiga de juventud. All\u00ed, adem\u00e1s de intentar averiguar qui\u00e9n, c\u00f3mo y por qu\u00e9 fue secuestrada la joven, Valentina tendr\u00e1 que lidiar con sus m\u00e1s temidos demonios interiores: el secreto motivo por el su madre sali\u00f3, llev\u00e1ndosela consigo, de la ciudad para no volver jam\u00e1s, la falta de contacto con su querido padre desde entonces, el voluntario alejamiento de su amiga y el remordimiento por la muerte de sus superior y mentor, que la enfrentar\u00e1 al Comisario Jefe de la Zona.Mientras tanto Jerome Th\u00e9berger, agente franc\u00e9s de la Interpol, persigue incansablemente al clan criminal m\u00e1s temido de Europa, responsable de los delitos m\u00e1s espantosos: trata de mujeres, contrabando de drogas y \u00f3rganos humanos. La cooperaci\u00f3n internacional unir\u00e1 a estos dos perspicaces investigadores y, juntos, deber\u00e1n resolver un intrigante puzzle de secuestros, asesinatos, secretos inconfesables y traiciones, donde la maldad es incluso capaz de sorprenderse a s\u00ed misma no llegando a reconocerse.<\/p>\n","protected":false},"featured_media":97614,"comment_status":"closed","ping_status":"open","template":"","meta":{"_acf_changed":false},"libro":[],"product_brand":[],"product_cat":[26],"product_tag":[],"class_list":{"0":"post-97613","1":"product","2":"type-product","3":"status-publish","4":"has-post-thumbnail","6":"product_cat-sin-categoria","8":"first","9":"instock","10":"product-type-simple"},"acf":{"autor":[76187],"enlace_de_compra":"https:\/\/www.agapea.com\/Estrella-Torres\/-No-me-reconozco-dijo-el-diablo-mirandose-al-espejo-9788411144728-i.htm\/"},"yoast_head":"<!-- This site is optimized with the Yoast SEO plugin v27.4 - https:\/\/yoast.com\/product\/yoast-seo-wordpress\/ -->\n<title>\u00a1No me reconozco! - Catalogo | Letrame Grupo Editorial<\/title>\n<meta name=\"robots\" content=\"index, follow, max-snippet:-1, max-image-preview:large, max-video-preview:-1\" \/>\n<link rel=\"canonical\" href=\"https:\/\/letrame.com\/catalogo\/producto\/no-me-reconozco\/\" \/>\n<meta property=\"og:locale\" content=\"es_ES\" \/>\n<meta property=\"og:type\" content=\"article\" \/>\n<meta property=\"og:title\" content=\"\u00a1No me reconozco! - Catalogo | Letrame Grupo Editorial\" \/>\n<meta property=\"og:description\" content=\"ISBN: 98-84-1114-472-8 SINOPSIS Un curioso encuentro gastron\u00f3mico, en la \u00e9poca napole\u00f3nica, unir\u00e1 fortuitamente a dos familias a trav\u00e9s de la historia.La inspectora Valentina Mart\u00edn vuelve a su peque\u00f1a ciudad natal, tras m\u00e1s de 13 a\u00f1os de ausencia, para hacerse cargo de la investigaci\u00f3n del misterioso rapto de Bel, hija de uno de los grandes terratenientes de la comarca y hermanastra de su antigua amiga de juventud. All\u00ed, adem\u00e1s de intentar averiguar qui\u00e9n, c\u00f3mo y por qu\u00e9 fue secuestrada la joven, Valentina tendr\u00e1 que lidiar con sus m\u00e1s temidos demonios interiores: el secreto motivo por el su madre sali\u00f3, llev\u00e1ndosela consigo, de la ciudad para no volver jam\u00e1s, la falta de contacto con su querido padre desde entonces, el voluntario alejamiento de su amiga y el remordimiento por la muerte de sus superior y mentor, que la enfrentar\u00e1 al Comisario Jefe de la Zona.Mientras tanto Jerome Th\u00e9berger, agente franc\u00e9s de la Interpol, persigue incansablemente al clan criminal m\u00e1s temido de Europa, responsable de los delitos m\u00e1s espantosos: trata de mujeres, contrabando de drogas y \u00f3rganos humanos. La cooperaci\u00f3n internacional unir\u00e1 a estos dos perspicaces investigadores y, juntos, deber\u00e1n resolver un intrigante puzzle de secuestros, asesinatos, secretos inconfesables y traiciones, donde la maldad es incluso capaz de sorprenderse a s\u00ed misma no llegando a reconocerse.\" \/>\n<meta property=\"og:url\" content=\"https:\/\/letrame.com\/catalogo\/producto\/no-me-reconozco\/\" \/>\n<meta property=\"og:site_name\" content=\"Catalogo | Letrame Grupo Editorial\" \/>\n<meta property=\"article:modified_time\" content=\"2024-04-29T12:18:56+00:00\" \/>\n<meta property=\"og:image\" content=\"https:\/\/letrame.com\/catalogo\/wp-content\/uploads\/2024\/04\/portada_nomereconzco_2241mm.jpg\" \/>\n\t<meta property=\"og:image:width\" content=\"601\" \/>\n\t<meta property=\"og:image:height\" content=\"881\" \/>\n\t<meta property=\"og:image:type\" content=\"image\/jpeg\" \/>\n<meta name=\"twitter:card\" content=\"summary_large_image\" \/>\n<meta name=\"twitter:label1\" content=\"Tiempo de lectura\" \/>\n\t<meta name=\"twitter:data1\" content=\"1 minuto\" \/>\n<script type=\"application\/ld+json\" class=\"yoast-schema-graph\">{\"@context\":\"https:\\\/\\\/schema.org\",\"@graph\":[{\"@type\":\"WebPage\",\"@id\":\"https:\\\/\\\/letrame.com\\\/catalogo\\\/producto\\\/no-me-reconozco\\\/\",\"url\":\"https:\\\/\\\/letrame.com\\\/catalogo\\\/producto\\\/no-me-reconozco\\\/\",\"name\":\"\u00a1No me reconozco! - Catalogo | Letrame Grupo Editorial\",\"isPartOf\":{\"@id\":\"https:\\\/\\\/letrame.com\\\/catalogo\\\/#website\"},\"primaryImageOfPage\":{\"@id\":\"https:\\\/\\\/letrame.com\\\/catalogo\\\/producto\\\/no-me-reconozco\\\/#primaryimage\"},\"image\":{\"@id\":\"https:\\\/\\\/letrame.com\\\/catalogo\\\/producto\\\/no-me-reconozco\\\/#primaryimage\"},\"thumbnailUrl\":\"https:\\\/\\\/letrame.com\\\/catalogo\\\/wp-content\\\/uploads\\\/2024\\\/04\\\/portada_nomereconzco_2241mm.jpg\",\"datePublished\":\"2024-04-29T12:18:44+00:00\",\"dateModified\":\"2024-04-29T12:18:56+00:00\",\"breadcrumb\":{\"@id\":\"https:\\\/\\\/letrame.com\\\/catalogo\\\/producto\\\/no-me-reconozco\\\/#breadcrumb\"},\"inLanguage\":\"es\",\"potentialAction\":[{\"@type\":\"ReadAction\",\"target\":[\"https:\\\/\\\/letrame.com\\\/catalogo\\\/producto\\\/no-me-reconozco\\\/\"]}]},{\"@type\":\"ImageObject\",\"inLanguage\":\"es\",\"@id\":\"https:\\\/\\\/letrame.com\\\/catalogo\\\/producto\\\/no-me-reconozco\\\/#primaryimage\",\"url\":\"https:\\\/\\\/letrame.com\\\/catalogo\\\/wp-content\\\/uploads\\\/2024\\\/04\\\/portada_nomereconzco_2241mm.jpg\",\"contentUrl\":\"https:\\\/\\\/letrame.com\\\/catalogo\\\/wp-content\\\/uploads\\\/2024\\\/04\\\/portada_nomereconzco_2241mm.jpg\",\"width\":601,\"height\":881},{\"@type\":\"BreadcrumbList\",\"@id\":\"https:\\\/\\\/letrame.com\\\/catalogo\\\/producto\\\/no-me-reconozco\\\/#breadcrumb\",\"itemListElement\":[{\"@type\":\"ListItem\",\"position\":1,\"name\":\"Portada\",\"item\":\"https:\\\/\\\/letrame.com\\\/catalogo\\\/\"},{\"@type\":\"ListItem\",\"position\":2,\"name\":\"Cat\u00e1logo\",\"item\":\"https:\\\/\\\/letrame.com\\\/catalogo\\\/\"},{\"@type\":\"ListItem\",\"position\":3,\"name\":\"\u00a1No me reconozco!\"}]},{\"@type\":\"WebSite\",\"@id\":\"https:\\\/\\\/letrame.com\\\/catalogo\\\/#website\",\"url\":\"https:\\\/\\\/letrame.com\\\/catalogo\\\/\",\"name\":\"Catalogo | Letrame Grupo Editorial\",\"description\":\"\",\"publisher\":{\"@id\":\"https:\\\/\\\/letrame.com\\\/catalogo\\\/#organization\"},\"potentialAction\":[{\"@type\":\"SearchAction\",\"target\":{\"@type\":\"EntryPoint\",\"urlTemplate\":\"https:\\\/\\\/letrame.com\\\/catalogo\\\/?s={search_term_string}\"},\"query-input\":{\"@type\":\"PropertyValueSpecification\",\"valueRequired\":true,\"valueName\":\"search_term_string\"}}],\"inLanguage\":\"es\"},{\"@type\":\"Organization\",\"@id\":\"https:\\\/\\\/letrame.com\\\/catalogo\\\/#organization\",\"name\":\"Catalogo | Letrame Grupo Editorial\",\"url\":\"https:\\\/\\\/letrame.com\\\/catalogo\\\/\",\"logo\":{\"@type\":\"ImageObject\",\"inLanguage\":\"es\",\"@id\":\"https:\\\/\\\/letrame.com\\\/catalogo\\\/#\\\/schema\\\/logo\\\/image\\\/\",\"url\":\"https:\\\/\\\/letrame.com\\\/catalogo\\\/wp-content\\\/uploads\\\/2024\\\/03\\\/logo2.webp\",\"contentUrl\":\"https:\\\/\\\/letrame.com\\\/catalogo\\\/wp-content\\\/uploads\\\/2024\\\/03\\\/logo2.webp\",\"width\":394,\"height\":128,\"caption\":\"Catalogo | Letrame Grupo Editorial\"},\"image\":{\"@id\":\"https:\\\/\\\/letrame.com\\\/catalogo\\\/#\\\/schema\\\/logo\\\/image\\\/\"}}]}<\/script>\n<!-- \/ Yoast SEO plugin. -->","yoast_head_json":{"title":"\u00a1No me reconozco! - Catalogo | Letrame Grupo Editorial","robots":{"index":"index","follow":"follow","max-snippet":"max-snippet:-1","max-image-preview":"max-image-preview:large","max-video-preview":"max-video-preview:-1"},"canonical":"https:\/\/letrame.com\/catalogo\/producto\/no-me-reconozco\/","og_locale":"es_ES","og_type":"article","og_title":"\u00a1No me reconozco! - Catalogo | Letrame Grupo Editorial","og_description":"ISBN: 98-84-1114-472-8 SINOPSIS Un curioso encuentro gastron\u00f3mico, en la \u00e9poca napole\u00f3nica, unir\u00e1 fortuitamente a dos familias a trav\u00e9s de la historia.La inspectora Valentina Mart\u00edn vuelve a su peque\u00f1a ciudad natal, tras m\u00e1s de 13 a\u00f1os de ausencia, para hacerse cargo de la investigaci\u00f3n del misterioso rapto de Bel, hija de uno de los grandes terratenientes de la comarca y hermanastra de su antigua amiga de juventud. All\u00ed, adem\u00e1s de intentar averiguar qui\u00e9n, c\u00f3mo y por qu\u00e9 fue secuestrada la joven, Valentina tendr\u00e1 que lidiar con sus m\u00e1s temidos demonios interiores: el secreto motivo por el su madre sali\u00f3, llev\u00e1ndosela consigo, de la ciudad para no volver jam\u00e1s, la falta de contacto con su querido padre desde entonces, el voluntario alejamiento de su amiga y el remordimiento por la muerte de sus superior y mentor, que la enfrentar\u00e1 al Comisario Jefe de la Zona.Mientras tanto Jerome Th\u00e9berger, agente franc\u00e9s de la Interpol, persigue incansablemente al clan criminal m\u00e1s temido de Europa, responsable de los delitos m\u00e1s espantosos: trata de mujeres, contrabando de drogas y \u00f3rganos humanos. La cooperaci\u00f3n internacional unir\u00e1 a estos dos perspicaces investigadores y, juntos, deber\u00e1n resolver un intrigante puzzle de secuestros, asesinatos, secretos inconfesables y traiciones, donde la maldad es incluso capaz de sorprenderse a s\u00ed misma no llegando a reconocerse.","og_url":"https:\/\/letrame.com\/catalogo\/producto\/no-me-reconozco\/","og_site_name":"Catalogo | Letrame Grupo Editorial","article_modified_time":"2024-04-29T12:18:56+00:00","og_image":[{"width":601,"height":881,"url":"https:\/\/letrame.com\/catalogo\/wp-content\/uploads\/2024\/04\/portada_nomereconzco_2241mm.jpg","type":"image\/jpeg"}],"twitter_card":"summary_large_image","twitter_misc":{"Tiempo de lectura":"1 minuto"},"schema":{"@context":"https:\/\/schema.org","@graph":[{"@type":"WebPage","@id":"https:\/\/letrame.com\/catalogo\/producto\/no-me-reconozco\/","url":"https:\/\/letrame.com\/catalogo\/producto\/no-me-reconozco\/","name":"\u00a1No me reconozco! - Catalogo | Letrame Grupo Editorial","isPartOf":{"@id":"https:\/\/letrame.com\/catalogo\/#website"},"primaryImageOfPage":{"@id":"https:\/\/letrame.com\/catalogo\/producto\/no-me-reconozco\/#primaryimage"},"image":{"@id":"https:\/\/letrame.com\/catalogo\/producto\/no-me-reconozco\/#primaryimage"},"thumbnailUrl":"https:\/\/letrame.com\/catalogo\/wp-content\/uploads\/2024\/04\/portada_nomereconzco_2241mm.jpg","datePublished":"2024-04-29T12:18:44+00:00","dateModified":"2024-04-29T12:18:56+00:00","breadcrumb":{"@id":"https:\/\/letrame.com\/catalogo\/producto\/no-me-reconozco\/#breadcrumb"},"inLanguage":"es","potentialAction":[{"@type":"ReadAction","target":["https:\/\/letrame.com\/catalogo\/producto\/no-me-reconozco\/"]}]},{"@type":"ImageObject","inLanguage":"es","@id":"https:\/\/letrame.com\/catalogo\/producto\/no-me-reconozco\/#primaryimage","url":"https:\/\/letrame.com\/catalogo\/wp-content\/uploads\/2024\/04\/portada_nomereconzco_2241mm.jpg","contentUrl":"https:\/\/letrame.com\/catalogo\/wp-content\/uploads\/2024\/04\/portada_nomereconzco_2241mm.jpg","width":601,"height":881},{"@type":"BreadcrumbList","@id":"https:\/\/letrame.com\/catalogo\/producto\/no-me-reconozco\/#breadcrumb","itemListElement":[{"@type":"ListItem","position":1,"name":"Portada","item":"https:\/\/letrame.com\/catalogo\/"},{"@type":"ListItem","position":2,"name":"Cat\u00e1logo","item":"https:\/\/letrame.com\/catalogo\/"},{"@type":"ListItem","position":3,"name":"\u00a1No me reconozco!"}]},{"@type":"WebSite","@id":"https:\/\/letrame.com\/catalogo\/#website","url":"https:\/\/letrame.com\/catalogo\/","name":"Catalogo | Letrame Grupo Editorial","description":"","publisher":{"@id":"https:\/\/letrame.com\/catalogo\/#organization"},"potentialAction":[{"@type":"SearchAction","target":{"@type":"EntryPoint","urlTemplate":"https:\/\/letrame.com\/catalogo\/?s={search_term_string}"},"query-input":{"@type":"PropertyValueSpecification","valueRequired":true,"valueName":"search_term_string"}}],"inLanguage":"es"},{"@type":"Organization","@id":"https:\/\/letrame.com\/catalogo\/#organization","name":"Catalogo | Letrame Grupo Editorial","url":"https:\/\/letrame.com\/catalogo\/","logo":{"@type":"ImageObject","inLanguage":"es","@id":"https:\/\/letrame.com\/catalogo\/#\/schema\/logo\/image\/","url":"https:\/\/letrame.com\/catalogo\/wp-content\/uploads\/2024\/03\/logo2.webp","contentUrl":"https:\/\/letrame.com\/catalogo\/wp-content\/uploads\/2024\/03\/logo2.webp","width":394,"height":128,"caption":"Catalogo | Letrame Grupo Editorial"},"image":{"@id":"https:\/\/letrame.com\/catalogo\/#\/schema\/logo\/image\/"}}]}},"_links":{"self":[{"href":"https:\/\/letrame.com\/catalogo\/wp-json\/wp\/v2\/product\/97613","targetHints":{"allow":["GET"]}}],"collection":[{"href":"https:\/\/letrame.com\/catalogo\/wp-json\/wp\/v2\/product"}],"about":[{"href":"https:\/\/letrame.com\/catalogo\/wp-json\/wp\/v2\/types\/product"}],"replies":[{"embeddable":true,"href":"https:\/\/letrame.com\/catalogo\/wp-json\/wp\/v2\/comments?post=97613"}],"acf:post":[{"embeddable":true,"href":"https:\/\/letrame.com\/catalogo\/wp-json\/wp\/v2\/author_book\/76187"}],"wp:featuredmedia":[{"embeddable":true,"href":"https:\/\/letrame.com\/catalogo\/wp-json\/wp\/v2\/media\/97614"}],"wp:attachment":[{"href":"https:\/\/letrame.com\/catalogo\/wp-json\/wp\/v2\/media?parent=97613"}],"wp:term":[{"taxonomy":"libro","embeddable":true,"href":"https:\/\/letrame.com\/catalogo\/wp-json\/wp\/v2\/libro?post=97613"},{"taxonomy":"product_brand","embeddable":true,"href":"https:\/\/letrame.com\/catalogo\/wp-json\/wp\/v2\/product_brand?post=97613"},{"taxonomy":"product_cat","embeddable":true,"href":"https:\/\/letrame.com\/catalogo\/wp-json\/wp\/v2\/product_cat?post=97613"},{"taxonomy":"product_tag","embeddable":true,"href":"https:\/\/letrame.com\/catalogo\/wp-json\/wp\/v2\/product_tag?post=97613"}],"curies":[{"name":"wp","href":"https:\/\/api.w.org\/{rel}","templated":true}]}}