{"id":97599,"date":"2024-04-29T14:17:13","date_gmt":"2024-04-29T12:17:13","guid":{"rendered":"https:\/\/letrame.com\/catalogo\/producto\/la-leyenda-del-oso-y-el-buey\/"},"modified":"2024-04-29T14:17:13","modified_gmt":"2024-04-29T12:17:13","slug":"la-leyenda-del-oso-y-el-buey","status":"publish","type":"product","link":"https:\/\/letrame.com\/catalogo\/producto\/la-leyenda-del-oso-y-el-buey\/","title":{"rendered":"La leyenda del oso y el buey"},"content":{"rendered":"<p><strong>ISBN<\/strong>:978-84-1114-439-1<\/p>\n<p><strong>T\u00edtulo<\/strong>: La leyenda del oso y el buey<\/p>\n<p><strong>Fecha<\/strong>: 2022<br \/>\n<strong>P\u00e1ginas<\/strong>: 104<\/p>\n<p><strong>SINOPSIS<\/strong><\/p>\n<p>La Real Colegiata de Santa Mar\u00eda de Arbas, localizada en Villaman\u00edn (Le\u00f3n, Espa\u00f1a), requiere, y merece, de una mayor atenci\u00f3n. Construida a finales del s. XII principios del S. XIII y restaurada en varias fases sucesivas por Luis Men\u00e9ndez-Pidal y \u00c1lvarez (1896-1975), se ve acompa\u00f1ada, en su actual soledad, por <strong>la leyenda <\/strong>fundacional<strong> del oso y el buey<\/strong>.<\/p>\n<p>El significado, y origen, de esta leyenda hunde sus ra\u00edces en el gusto celto-irland\u00e9s por los cuentos paganos de tradici\u00f3n oral.<\/p>\n<p>Sincretizada y traspuesta por los monjes <em>scotti<\/em>, venidos de Irlanda, en las hagiograf\u00edas de sus monjes-santos se convirti\u00f3 en un <em>topos<\/em> literario, en una parte integrante de las mismas y, a caballo entre las a\u00fan entonces vigentes tradiciones paganas y el cristianismo, se difundi\u00f3, y expandi\u00f3, por toda la Europa medieval especialmente a lo largo de los siglos altomedievales (s. VII-X).<\/p>\n<p>Concatenada, en su m\u00e1s profunda raz\u00f3n de ser, con los <em>carnavales tradicionales<\/em>, las antiguas <em>fratrias de j\u00f3venes guerreros<\/em>, los <em>m\u00e4nnerbunde<\/em> indoeuropeos y un calendario ursino muy peculiar, dignific\u00f3 la fundaci\u00f3n de una Colegiata, que disfrut\u00f3 de poder, abundantes bienes y gran prestigio durante siglos, hoy acompa\u00f1ada, en su actual soledad, por <strong>la leyenda <\/strong>fundacional <strong>del oso y el buey<\/strong>.<\/p>\n","protected":false},"excerpt":{"rendered":"<p><strong>ISBN<\/strong>:978-84-1114-439-1<\/p>\n<p><strong>SINOPSIS<\/strong><\/p>\n<p>La Real Colegiata de Santa Mar\u00eda de Arbas, localizada en Villaman\u00edn (Le\u00f3n, Espa\u00f1a), requiere, y merece, de una mayor atenci\u00f3n. Construida a finales del s. XII principios del S. XIII y restaurada en varias fases sucesivas por Luis Men\u00e9ndez-Pidal y \u00c1lvarez (1896-1975), se ve acompa\u00f1ada, en su actual soledad, por <strong>la leyenda <\/strong>fundacional<strong> del oso y el buey<\/strong>.<\/p>\n<p>El significado, y origen, de esta leyenda hunde sus ra\u00edces en el gusto celto-irland\u00e9s por los cuentos paganos de tradici\u00f3n oral.<\/p>\n<p>Sincretizada y traspuesta por los monjes <em>scotti<\/em>, venidos de Irlanda, en las hagiograf\u00edas de sus monjes-santos se convirti\u00f3 en un <em>topos<\/em> literario, en una parte integrante de las mismas y, a caballo entre las a\u00fan entonces vigentes tradiciones paganas y el cristianismo, se difundi\u00f3, y expandi\u00f3, por toda la Europa medieval especialmente a lo largo de los siglos altomedievales (s. VII-X).<\/p>\n<p>Concatenada, en su m\u00e1s profunda raz\u00f3n de ser, con los <em>carnavales tradicionales<\/em>, las antiguas <em>fratrias de j\u00f3venes guerreros<\/em>, los <em>m\u00e4nnerbunde<\/em> indoeuropeos y un calendario ursino muy peculiar, dignific\u00f3 la fundaci\u00f3n de una Colegiata, que disfrut\u00f3 de poder, abundantes bienes y gran prestigio durante siglos, hoy acompa\u00f1ada, en su actual soledad, por <strong>la leyenda <\/strong>fundacional <strong>del oso y el buey<\/strong>.<\/p>\n","protected":false},"featured_media":97600,"comment_status":"closed","ping_status":"open","template":"","meta":{"_acf_changed":false},"libro":[],"product_brand":[],"product_cat":[26],"product_tag":[],"class_list":{"0":"post-97599","1":"product","2":"type-product","3":"status-publish","4":"has-post-thumbnail","6":"product_cat-sin-categoria","8":"first","9":"instock","10":"product-type-simple"},"acf":{"autor":[76175],"enlace_de_compra":"https:\/\/www.amazon.es\/Leyenda-irlandeses-Altomedieval-Colegiata-Villaman%C3%ADn\/dp\/8411144399\/"},"yoast_head":"<!-- This site is optimized with the Yoast SEO plugin v27.4 - https:\/\/yoast.com\/product\/yoast-seo-wordpress\/ -->\n<title>La leyenda del oso y el buey - Catalogo | Letrame Grupo Editorial<\/title>\n<meta name=\"robots\" content=\"index, follow, max-snippet:-1, max-image-preview:large, max-video-preview:-1\" \/>\n<link rel=\"canonical\" href=\"https:\/\/letrame.com\/catalogo\/producto\/la-leyenda-del-oso-y-el-buey\/\" \/>\n<meta property=\"og:locale\" content=\"es_ES\" \/>\n<meta property=\"og:type\" content=\"article\" \/>\n<meta property=\"og:title\" content=\"La leyenda del oso y el buey - Catalogo | Letrame Grupo Editorial\" \/>\n<meta property=\"og:description\" content=\"ISBN:978-84-1114-439-1 SINOPSIS La Real Colegiata de Santa Mar\u00eda de Arbas, localizada en Villaman\u00edn (Le\u00f3n, Espa\u00f1a), requiere, y merece, de una mayor atenci\u00f3n. Construida a finales del s. XII principios del S. XIII y restaurada en varias fases sucesivas por Luis Men\u00e9ndez-Pidal y \u00c1lvarez (1896-1975), se ve acompa\u00f1ada, en su actual soledad, por la leyenda fundacional del oso y el buey. El significado, y origen, de esta leyenda hunde sus ra\u00edces en el gusto celto-irland\u00e9s por los cuentos paganos de tradici\u00f3n oral. Sincretizada y traspuesta por los monjes scotti, venidos de Irlanda, en las hagiograf\u00edas de sus monjes-santos se convirti\u00f3 en un topos literario, en una parte integrante de las mismas y, a caballo entre las a\u00fan entonces vigentes tradiciones paganas y el cristianismo, se difundi\u00f3, y expandi\u00f3, por toda la Europa medieval especialmente a lo largo de los siglos altomedievales (s. VII-X). Concatenada, en su m\u00e1s profunda raz\u00f3n de ser, con los carnavales tradicionales, las antiguas fratrias de j\u00f3venes guerreros, los m\u00e4nnerbunde indoeuropeos y un calendario ursino muy peculiar, dignific\u00f3 la fundaci\u00f3n de una Colegiata, que disfrut\u00f3 de poder, abundantes bienes y gran prestigio durante siglos, hoy acompa\u00f1ada, en su actual soledad, por la leyenda fundacional del oso y el buey.\" \/>\n<meta property=\"og:url\" content=\"https:\/\/letrame.com\/catalogo\/producto\/la-leyenda-del-oso-y-el-buey\/\" \/>\n<meta property=\"og:site_name\" content=\"Catalogo | Letrame Grupo Editorial\" \/>\n<meta property=\"og:image\" content=\"https:\/\/letrame.com\/catalogo\/wp-content\/uploads\/2024\/04\/portada_laleyendadeloso_682mm-compressed-scaled-1.jpg\" \/>\n\t<meta property=\"og:image:width\" content=\"1746\" \/>\n\t<meta property=\"og:image:height\" content=\"2560\" \/>\n\t<meta property=\"og:image:type\" content=\"image\/jpeg\" \/>\n<meta name=\"twitter:card\" content=\"summary_large_image\" \/>\n<meta name=\"twitter:label1\" content=\"Tiempo de lectura\" \/>\n\t<meta name=\"twitter:data1\" content=\"1 minuto\" \/>\n<script type=\"application\/ld+json\" class=\"yoast-schema-graph\">{\"@context\":\"https:\\\/\\\/schema.org\",\"@graph\":[{\"@type\":\"WebPage\",\"@id\":\"https:\\\/\\\/letrame.com\\\/catalogo\\\/producto\\\/la-leyenda-del-oso-y-el-buey\\\/\",\"url\":\"https:\\\/\\\/letrame.com\\\/catalogo\\\/producto\\\/la-leyenda-del-oso-y-el-buey\\\/\",\"name\":\"La leyenda del oso y el buey - Catalogo | Letrame Grupo Editorial\",\"isPartOf\":{\"@id\":\"https:\\\/\\\/letrame.com\\\/catalogo\\\/#website\"},\"primaryImageOfPage\":{\"@id\":\"https:\\\/\\\/letrame.com\\\/catalogo\\\/producto\\\/la-leyenda-del-oso-y-el-buey\\\/#primaryimage\"},\"image\":{\"@id\":\"https:\\\/\\\/letrame.com\\\/catalogo\\\/producto\\\/la-leyenda-del-oso-y-el-buey\\\/#primaryimage\"},\"thumbnailUrl\":\"https:\\\/\\\/letrame.com\\\/catalogo\\\/wp-content\\\/uploads\\\/2024\\\/04\\\/portada_laleyendadeloso_682mm-compressed-scaled-1.jpg\",\"datePublished\":\"2024-04-29T12:17:13+00:00\",\"breadcrumb\":{\"@id\":\"https:\\\/\\\/letrame.com\\\/catalogo\\\/producto\\\/la-leyenda-del-oso-y-el-buey\\\/#breadcrumb\"},\"inLanguage\":\"es\",\"potentialAction\":[{\"@type\":\"ReadAction\",\"target\":[\"https:\\\/\\\/letrame.com\\\/catalogo\\\/producto\\\/la-leyenda-del-oso-y-el-buey\\\/\"]}]},{\"@type\":\"ImageObject\",\"inLanguage\":\"es\",\"@id\":\"https:\\\/\\\/letrame.com\\\/catalogo\\\/producto\\\/la-leyenda-del-oso-y-el-buey\\\/#primaryimage\",\"url\":\"https:\\\/\\\/letrame.com\\\/catalogo\\\/wp-content\\\/uploads\\\/2024\\\/04\\\/portada_laleyendadeloso_682mm-compressed-scaled-1.jpg\",\"contentUrl\":\"https:\\\/\\\/letrame.com\\\/catalogo\\\/wp-content\\\/uploads\\\/2024\\\/04\\\/portada_laleyendadeloso_682mm-compressed-scaled-1.jpg\",\"width\":1746,\"height\":2560},{\"@type\":\"BreadcrumbList\",\"@id\":\"https:\\\/\\\/letrame.com\\\/catalogo\\\/producto\\\/la-leyenda-del-oso-y-el-buey\\\/#breadcrumb\",\"itemListElement\":[{\"@type\":\"ListItem\",\"position\":1,\"name\":\"Portada\",\"item\":\"https:\\\/\\\/letrame.com\\\/catalogo\\\/\"},{\"@type\":\"ListItem\",\"position\":2,\"name\":\"Cat\u00e1logo\",\"item\":\"https:\\\/\\\/letrame.com\\\/catalogo\\\/\"},{\"@type\":\"ListItem\",\"position\":3,\"name\":\"La leyenda del oso y el buey\"}]},{\"@type\":\"WebSite\",\"@id\":\"https:\\\/\\\/letrame.com\\\/catalogo\\\/#website\",\"url\":\"https:\\\/\\\/letrame.com\\\/catalogo\\\/\",\"name\":\"Catalogo | Letrame Grupo Editorial\",\"description\":\"\",\"publisher\":{\"@id\":\"https:\\\/\\\/letrame.com\\\/catalogo\\\/#organization\"},\"potentialAction\":[{\"@type\":\"SearchAction\",\"target\":{\"@type\":\"EntryPoint\",\"urlTemplate\":\"https:\\\/\\\/letrame.com\\\/catalogo\\\/?s={search_term_string}\"},\"query-input\":{\"@type\":\"PropertyValueSpecification\",\"valueRequired\":true,\"valueName\":\"search_term_string\"}}],\"inLanguage\":\"es\"},{\"@type\":\"Organization\",\"@id\":\"https:\\\/\\\/letrame.com\\\/catalogo\\\/#organization\",\"name\":\"Catalogo | Letrame Grupo Editorial\",\"url\":\"https:\\\/\\\/letrame.com\\\/catalogo\\\/\",\"logo\":{\"@type\":\"ImageObject\",\"inLanguage\":\"es\",\"@id\":\"https:\\\/\\\/letrame.com\\\/catalogo\\\/#\\\/schema\\\/logo\\\/image\\\/\",\"url\":\"https:\\\/\\\/letrame.com\\\/catalogo\\\/wp-content\\\/uploads\\\/2024\\\/03\\\/logo2.webp\",\"contentUrl\":\"https:\\\/\\\/letrame.com\\\/catalogo\\\/wp-content\\\/uploads\\\/2024\\\/03\\\/logo2.webp\",\"width\":394,\"height\":128,\"caption\":\"Catalogo | Letrame Grupo Editorial\"},\"image\":{\"@id\":\"https:\\\/\\\/letrame.com\\\/catalogo\\\/#\\\/schema\\\/logo\\\/image\\\/\"}}]}<\/script>\n<!-- \/ Yoast SEO plugin. -->","yoast_head_json":{"title":"La leyenda del oso y el buey - Catalogo | Letrame Grupo Editorial","robots":{"index":"index","follow":"follow","max-snippet":"max-snippet:-1","max-image-preview":"max-image-preview:large","max-video-preview":"max-video-preview:-1"},"canonical":"https:\/\/letrame.com\/catalogo\/producto\/la-leyenda-del-oso-y-el-buey\/","og_locale":"es_ES","og_type":"article","og_title":"La leyenda del oso y el buey - Catalogo | Letrame Grupo Editorial","og_description":"ISBN:978-84-1114-439-1 SINOPSIS La Real Colegiata de Santa Mar\u00eda de Arbas, localizada en Villaman\u00edn (Le\u00f3n, Espa\u00f1a), requiere, y merece, de una mayor atenci\u00f3n. Construida a finales del s. XII principios del S. XIII y restaurada en varias fases sucesivas por Luis Men\u00e9ndez-Pidal y \u00c1lvarez (1896-1975), se ve acompa\u00f1ada, en su actual soledad, por la leyenda fundacional del oso y el buey. El significado, y origen, de esta leyenda hunde sus ra\u00edces en el gusto celto-irland\u00e9s por los cuentos paganos de tradici\u00f3n oral. Sincretizada y traspuesta por los monjes scotti, venidos de Irlanda, en las hagiograf\u00edas de sus monjes-santos se convirti\u00f3 en un topos literario, en una parte integrante de las mismas y, a caballo entre las a\u00fan entonces vigentes tradiciones paganas y el cristianismo, se difundi\u00f3, y expandi\u00f3, por toda la Europa medieval especialmente a lo largo de los siglos altomedievales (s. VII-X). Concatenada, en su m\u00e1s profunda raz\u00f3n de ser, con los carnavales tradicionales, las antiguas fratrias de j\u00f3venes guerreros, los m\u00e4nnerbunde indoeuropeos y un calendario ursino muy peculiar, dignific\u00f3 la fundaci\u00f3n de una Colegiata, que disfrut\u00f3 de poder, abundantes bienes y gran prestigio durante siglos, hoy acompa\u00f1ada, en su actual soledad, por la leyenda fundacional del oso y el buey.","og_url":"https:\/\/letrame.com\/catalogo\/producto\/la-leyenda-del-oso-y-el-buey\/","og_site_name":"Catalogo | Letrame Grupo Editorial","og_image":[{"width":1746,"height":2560,"url":"https:\/\/letrame.com\/catalogo\/wp-content\/uploads\/2024\/04\/portada_laleyendadeloso_682mm-compressed-scaled-1.jpg","type":"image\/jpeg"}],"twitter_card":"summary_large_image","twitter_misc":{"Tiempo de lectura":"1 minuto"},"schema":{"@context":"https:\/\/schema.org","@graph":[{"@type":"WebPage","@id":"https:\/\/letrame.com\/catalogo\/producto\/la-leyenda-del-oso-y-el-buey\/","url":"https:\/\/letrame.com\/catalogo\/producto\/la-leyenda-del-oso-y-el-buey\/","name":"La leyenda del oso y el buey - Catalogo | Letrame Grupo Editorial","isPartOf":{"@id":"https:\/\/letrame.com\/catalogo\/#website"},"primaryImageOfPage":{"@id":"https:\/\/letrame.com\/catalogo\/producto\/la-leyenda-del-oso-y-el-buey\/#primaryimage"},"image":{"@id":"https:\/\/letrame.com\/catalogo\/producto\/la-leyenda-del-oso-y-el-buey\/#primaryimage"},"thumbnailUrl":"https:\/\/letrame.com\/catalogo\/wp-content\/uploads\/2024\/04\/portada_laleyendadeloso_682mm-compressed-scaled-1.jpg","datePublished":"2024-04-29T12:17:13+00:00","breadcrumb":{"@id":"https:\/\/letrame.com\/catalogo\/producto\/la-leyenda-del-oso-y-el-buey\/#breadcrumb"},"inLanguage":"es","potentialAction":[{"@type":"ReadAction","target":["https:\/\/letrame.com\/catalogo\/producto\/la-leyenda-del-oso-y-el-buey\/"]}]},{"@type":"ImageObject","inLanguage":"es","@id":"https:\/\/letrame.com\/catalogo\/producto\/la-leyenda-del-oso-y-el-buey\/#primaryimage","url":"https:\/\/letrame.com\/catalogo\/wp-content\/uploads\/2024\/04\/portada_laleyendadeloso_682mm-compressed-scaled-1.jpg","contentUrl":"https:\/\/letrame.com\/catalogo\/wp-content\/uploads\/2024\/04\/portada_laleyendadeloso_682mm-compressed-scaled-1.jpg","width":1746,"height":2560},{"@type":"BreadcrumbList","@id":"https:\/\/letrame.com\/catalogo\/producto\/la-leyenda-del-oso-y-el-buey\/#breadcrumb","itemListElement":[{"@type":"ListItem","position":1,"name":"Portada","item":"https:\/\/letrame.com\/catalogo\/"},{"@type":"ListItem","position":2,"name":"Cat\u00e1logo","item":"https:\/\/letrame.com\/catalogo\/"},{"@type":"ListItem","position":3,"name":"La leyenda del oso y el buey"}]},{"@type":"WebSite","@id":"https:\/\/letrame.com\/catalogo\/#website","url":"https:\/\/letrame.com\/catalogo\/","name":"Catalogo | Letrame Grupo Editorial","description":"","publisher":{"@id":"https:\/\/letrame.com\/catalogo\/#organization"},"potentialAction":[{"@type":"SearchAction","target":{"@type":"EntryPoint","urlTemplate":"https:\/\/letrame.com\/catalogo\/?s={search_term_string}"},"query-input":{"@type":"PropertyValueSpecification","valueRequired":true,"valueName":"search_term_string"}}],"inLanguage":"es"},{"@type":"Organization","@id":"https:\/\/letrame.com\/catalogo\/#organization","name":"Catalogo | Letrame Grupo Editorial","url":"https:\/\/letrame.com\/catalogo\/","logo":{"@type":"ImageObject","inLanguage":"es","@id":"https:\/\/letrame.com\/catalogo\/#\/schema\/logo\/image\/","url":"https:\/\/letrame.com\/catalogo\/wp-content\/uploads\/2024\/03\/logo2.webp","contentUrl":"https:\/\/letrame.com\/catalogo\/wp-content\/uploads\/2024\/03\/logo2.webp","width":394,"height":128,"caption":"Catalogo | Letrame Grupo Editorial"},"image":{"@id":"https:\/\/letrame.com\/catalogo\/#\/schema\/logo\/image\/"}}]}},"_links":{"self":[{"href":"https:\/\/letrame.com\/catalogo\/wp-json\/wp\/v2\/product\/97599","targetHints":{"allow":["GET"]}}],"collection":[{"href":"https:\/\/letrame.com\/catalogo\/wp-json\/wp\/v2\/product"}],"about":[{"href":"https:\/\/letrame.com\/catalogo\/wp-json\/wp\/v2\/types\/product"}],"replies":[{"embeddable":true,"href":"https:\/\/letrame.com\/catalogo\/wp-json\/wp\/v2\/comments?post=97599"}],"acf:post":[{"embeddable":true,"href":"https:\/\/letrame.com\/catalogo\/wp-json\/wp\/v2\/author_book\/76175"}],"wp:featuredmedia":[{"embeddable":true,"href":"https:\/\/letrame.com\/catalogo\/wp-json\/wp\/v2\/media\/97600"}],"wp:attachment":[{"href":"https:\/\/letrame.com\/catalogo\/wp-json\/wp\/v2\/media?parent=97599"}],"wp:term":[{"taxonomy":"libro","embeddable":true,"href":"https:\/\/letrame.com\/catalogo\/wp-json\/wp\/v2\/libro?post=97599"},{"taxonomy":"product_brand","embeddable":true,"href":"https:\/\/letrame.com\/catalogo\/wp-json\/wp\/v2\/product_brand?post=97599"},{"taxonomy":"product_cat","embeddable":true,"href":"https:\/\/letrame.com\/catalogo\/wp-json\/wp\/v2\/product_cat?post=97599"},{"taxonomy":"product_tag","embeddable":true,"href":"https:\/\/letrame.com\/catalogo\/wp-json\/wp\/v2\/product_tag?post=97599"}],"curies":[{"name":"wp","href":"https:\/\/api.w.org\/{rel}","templated":true}]}}