{"id":97534,"date":"2024-04-29T14:07:53","date_gmt":"2024-04-29T12:07:53","guid":{"rendered":"https:\/\/letrame.com\/catalogo\/producto\/islam-y-cristianismo\/"},"modified":"2024-04-29T14:08:12","modified_gmt":"2024-04-29T12:08:12","slug":"islam-y-cristianismo","status":"publish","type":"product","link":"https:\/\/letrame.com\/catalogo\/producto\/islam-y-cristianismo\/","title":{"rendered":"Islam y cristianismo"},"content":{"rendered":"<p><strong>ISBN<\/strong>:978-84-1114-470-4<\/p>\n<p><strong>T\u00edtulo<\/strong>: Islam y cristianismo<\/p>\n<p><strong>Fecha<\/strong>: 2022<br \/>\n<strong>P\u00e1ginas<\/strong>: 270<\/p>\n<p><strong>SINOPSIS<\/strong><\/p>\n<p>La presencia creciente del islam en nuestras sociedades occidentales no solo representa un desaf\u00edo para la convivencia, en el orden sociopol\u00edtico, sino que se erige adem\u00e1s en un reto intelectual insoslayable. Cualquier persona consciente y responsable deber\u00eda preguntarse, m\u00e1s all\u00e1 de los t\u00f3picos simplificadores heredados, qu\u00e9 es el islam que nos viene, c\u00f3mo se relaciona con el cristianismo que hemos \u00abconocido\u00bb (o quiz\u00e1 \u00abdesconocido\u00bb) y qu\u00e9 es en definitiva el fen\u00f3meno m\u00e1s amplio de la religi\u00f3n.<\/p>\n<p>Con relaci\u00f3n a este, se nos han aparecido en las \u00faltimas d\u00e9cadas tres olas, no necesariamente sucesivas sino m\u00e1s bien mezcladas: la secularizaci\u00f3n, el conflicto y el di\u00e1logo. Por la secularizaci\u00f3n, hemos presenciado una extensa p\u00e9rdida de influencia social de la religi\u00f3n cristiana en Occidente. Pero el conflicto nos ha venido tambi\u00e9n: lo hemos observado en pa\u00edses m\u00e1s o menos lejanos y aun se ha instalado entre nosotros por la inmigraci\u00f3n, la que a su vez ha generado un pluralismo al interior en el mismo orden religioso. Y, m\u00e1s o menos simult\u00e1neamente, ha surgido la inquietud y la pr\u00e1ctica del di\u00e1logo interreligioso, di\u00e1logo que se ha percibido como necesario para afrontar las exigencias de la convivencia en una sociedad cada vez m\u00e1s plural. A toda esta fenomenolog\u00eda no puede responder ya la ingenuidad de los creyentes tradicionales, que no tendr\u00edan otra respuesta sino aislarse en sus propios c\u00edrculos, pero tampoco se sostiene ya una postura antirreligiosa alimentada por las f\u00f3rmulas simplificadoras de los diferentes tipos de ate\u00edsmo, f\u00f3rmulas que solo podr\u00edan contentar a los perezosos.<\/p>\n<p>Tanto el islam como el cristianismo, adem\u00e1s de otras religiones, se presentan como sistemas dependientes de una \u00abRevelaci\u00f3n divina\u00bb. \u00bfQu\u00e9 implica este concepto? No parece que tal cosa pueda entenderse literalmente, de acuerdo con las mismas doctrinas tradicionales que la defienden, pero tampoco podr\u00eda desecharse como \u00abuna simple tonter\u00eda\u00bb, pues ella, la \u00abRevelaci\u00f3n\u00bb, sea real, sea ficticia o sea otra cosa, ha configurado no solo las culturas sino nada menos que una buena parte de la historia de nuestro mundo. De ah\u00ed la necesidad de plantearse c\u00f3mo interpretarla.<\/p>\n","protected":false},"excerpt":{"rendered":"<p><strong>ISBN<\/strong>:978-84-1114-470-4<\/p>\n<p><strong>SINOPSIS<\/strong><\/p>\n<p>La presencia creciente del islam en nuestras sociedades occidentales no solo representa un desaf\u00edo para la convivencia, en el orden sociopol\u00edtico, sino que se erige adem\u00e1s en un reto intelectual insoslayable. Cualquier persona consciente y responsable deber\u00eda preguntarse, m\u00e1s all\u00e1 de los t\u00f3picos simplificadores heredados, qu\u00e9 es el islam que nos viene, c\u00f3mo se relaciona con el cristianismo que hemos \u00abconocido\u00bb (o quiz\u00e1 \u00abdesconocido\u00bb) y qu\u00e9 es en definitiva el fen\u00f3meno m\u00e1s amplio de la religi\u00f3n.<\/p>\n<p>Con relaci\u00f3n a este, se nos han aparecido en las \u00faltimas d\u00e9cadas tres olas, no necesariamente sucesivas sino m\u00e1s bien mezcladas: la secularizaci\u00f3n, el conflicto y el di\u00e1logo. Por la secularizaci\u00f3n, hemos presenciado una extensa p\u00e9rdida de influencia social de la religi\u00f3n cristiana en Occidente. Pero el conflicto nos ha venido tambi\u00e9n: lo hemos observado en pa\u00edses m\u00e1s o menos lejanos y aun se ha instalado entre nosotros por la inmigraci\u00f3n, la que a su vez ha generado un pluralismo al interior en el mismo orden religioso. Y, m\u00e1s o menos simult\u00e1neamente, ha surgido la inquietud y la pr\u00e1ctica del di\u00e1logo interreligioso, di\u00e1logo que se ha percibido como necesario para afrontar las exigencias de la convivencia en una sociedad cada vez m\u00e1s plural. A toda esta fenomenolog\u00eda no puede responder ya la ingenuidad de los creyentes tradicionales, que no tendr\u00edan otra respuesta sino aislarse en sus propios c\u00edrculos, pero tampoco se sostiene ya una postura antirreligiosa alimentada por las f\u00f3rmulas simplificadoras de los diferentes tipos de ate\u00edsmo, f\u00f3rmulas que solo podr\u00edan contentar a los perezosos.<\/p>\n<p>Tanto el islam como el cristianismo, adem\u00e1s de otras religiones, se presentan como sistemas dependientes de una \u00abRevelaci\u00f3n divina\u00bb. \u00bfQu\u00e9 implica este concepto? No parece que tal cosa pueda entenderse literalmente, de acuerdo con las mismas doctrinas tradicionales que la defienden, pero tampoco podr\u00eda desecharse como \u00abuna simple tonter\u00eda\u00bb, pues ella, la \u00abRevelaci\u00f3n\u00bb, sea real, sea ficticia o sea otra cosa, ha configurado no solo las culturas sino nada menos que una buena parte de la historia de nuestro mundo. De ah\u00ed la necesidad de plantearse c\u00f3mo interpretarla.<\/p>\n","protected":false},"featured_media":97535,"comment_status":"closed","ping_status":"open","template":"","meta":{"_acf_changed":false},"libro":[],"product_brand":[],"product_cat":[26],"product_tag":[],"class_list":{"0":"post-97534","1":"product","2":"type-product","3":"status-publish","4":"has-post-thumbnail","6":"product_cat-sin-categoria","8":"first","9":"instock","10":"product-type-simple"},"acf":{"autor":[76111],"enlace_de_compra":""},"yoast_head":"<!-- This site is optimized with the Yoast SEO plugin v27.4 - https:\/\/yoast.com\/product\/yoast-seo-wordpress\/ -->\n<title>Islam y cristianismo - Catalogo | Letrame Grupo Editorial<\/title>\n<meta name=\"robots\" content=\"index, follow, max-snippet:-1, max-image-preview:large, max-video-preview:-1\" \/>\n<link rel=\"canonical\" href=\"https:\/\/letrame.com\/catalogo\/producto\/islam-y-cristianismo\/\" \/>\n<meta property=\"og:locale\" content=\"es_ES\" \/>\n<meta property=\"og:type\" content=\"article\" \/>\n<meta property=\"og:title\" content=\"Islam y cristianismo - Catalogo | Letrame Grupo Editorial\" \/>\n<meta property=\"og:description\" content=\"ISBN:978-84-1114-470-4 SINOPSIS La presencia creciente del islam en nuestras sociedades occidentales no solo representa un desaf\u00edo para la convivencia, en el orden sociopol\u00edtico, sino que se erige adem\u00e1s en un reto intelectual insoslayable. Cualquier persona consciente y responsable deber\u00eda preguntarse, m\u00e1s all\u00e1 de los t\u00f3picos simplificadores heredados, qu\u00e9 es el islam que nos viene, c\u00f3mo se relaciona con el cristianismo que hemos \u00abconocido\u00bb (o quiz\u00e1 \u00abdesconocido\u00bb) y qu\u00e9 es en definitiva el fen\u00f3meno m\u00e1s amplio de la religi\u00f3n. Con relaci\u00f3n a este, se nos han aparecido en las \u00faltimas d\u00e9cadas tres olas, no necesariamente sucesivas sino m\u00e1s bien mezcladas: la secularizaci\u00f3n, el conflicto y el di\u00e1logo. Por la secularizaci\u00f3n, hemos presenciado una extensa p\u00e9rdida de influencia social de la religi\u00f3n cristiana en Occidente. Pero el conflicto nos ha venido tambi\u00e9n: lo hemos observado en pa\u00edses m\u00e1s o menos lejanos y aun se ha instalado entre nosotros por la inmigraci\u00f3n, la que a su vez ha generado un pluralismo al interior en el mismo orden religioso. Y, m\u00e1s o menos simult\u00e1neamente, ha surgido la inquietud y la pr\u00e1ctica del di\u00e1logo interreligioso, di\u00e1logo que se ha percibido como necesario para afrontar las exigencias de la convivencia en una sociedad cada vez m\u00e1s plural. A toda esta fenomenolog\u00eda no puede responder ya la ingenuidad de los creyentes tradicionales, que no tendr\u00edan otra respuesta sino aislarse en sus propios c\u00edrculos, pero tampoco se sostiene ya una postura antirreligiosa alimentada por las f\u00f3rmulas simplificadoras de los diferentes tipos de ate\u00edsmo, f\u00f3rmulas que solo podr\u00edan contentar a los perezosos. Tanto el islam como el cristianismo, adem\u00e1s de otras religiones, se presentan como sistemas dependientes de una \u00abRevelaci\u00f3n divina\u00bb. \u00bfQu\u00e9 implica este concepto? No parece que tal cosa pueda entenderse literalmente, de acuerdo con las mismas doctrinas tradicionales que la defienden, pero tampoco podr\u00eda desecharse como \u00abuna simple tonter\u00eda\u00bb, pues ella, la \u00abRevelaci\u00f3n\u00bb, sea real, sea ficticia o sea otra cosa, ha configurado no solo las culturas sino nada menos que una buena parte de la historia de nuestro mundo. De ah\u00ed la necesidad de plantearse c\u00f3mo interpretarla.\" \/>\n<meta property=\"og:url\" content=\"https:\/\/letrame.com\/catalogo\/producto\/islam-y-cristianismo\/\" \/>\n<meta property=\"og:site_name\" content=\"Catalogo | Letrame Grupo Editorial\" \/>\n<meta property=\"article:modified_time\" content=\"2024-04-29T12:08:12+00:00\" \/>\n<meta property=\"og:image\" content=\"https:\/\/letrame.com\/catalogo\/wp-content\/uploads\/2024\/04\/portada_islamycristianismo_1413mm-scaled-1.jpeg\" \/>\n\t<meta property=\"og:image:width\" content=\"1746\" \/>\n\t<meta property=\"og:image:height\" content=\"2560\" \/>\n\t<meta property=\"og:image:type\" content=\"image\/jpeg\" \/>\n<meta name=\"twitter:card\" content=\"summary_large_image\" \/>\n<meta name=\"twitter:label1\" content=\"Tiempo de lectura\" \/>\n\t<meta name=\"twitter:data1\" content=\"2 minutos\" \/>\n<script type=\"application\/ld+json\" class=\"yoast-schema-graph\">{\"@context\":\"https:\\\/\\\/schema.org\",\"@graph\":[{\"@type\":\"WebPage\",\"@id\":\"https:\\\/\\\/letrame.com\\\/catalogo\\\/producto\\\/islam-y-cristianismo\\\/\",\"url\":\"https:\\\/\\\/letrame.com\\\/catalogo\\\/producto\\\/islam-y-cristianismo\\\/\",\"name\":\"Islam y cristianismo - Catalogo | Letrame Grupo Editorial\",\"isPartOf\":{\"@id\":\"https:\\\/\\\/letrame.com\\\/catalogo\\\/#website\"},\"primaryImageOfPage\":{\"@id\":\"https:\\\/\\\/letrame.com\\\/catalogo\\\/producto\\\/islam-y-cristianismo\\\/#primaryimage\"},\"image\":{\"@id\":\"https:\\\/\\\/letrame.com\\\/catalogo\\\/producto\\\/islam-y-cristianismo\\\/#primaryimage\"},\"thumbnailUrl\":\"https:\\\/\\\/letrame.com\\\/catalogo\\\/wp-content\\\/uploads\\\/2024\\\/04\\\/portada_islamycristianismo_1413mm-scaled-1.jpeg\",\"datePublished\":\"2024-04-29T12:07:53+00:00\",\"dateModified\":\"2024-04-29T12:08:12+00:00\",\"breadcrumb\":{\"@id\":\"https:\\\/\\\/letrame.com\\\/catalogo\\\/producto\\\/islam-y-cristianismo\\\/#breadcrumb\"},\"inLanguage\":\"es\",\"potentialAction\":[{\"@type\":\"ReadAction\",\"target\":[\"https:\\\/\\\/letrame.com\\\/catalogo\\\/producto\\\/islam-y-cristianismo\\\/\"]}]},{\"@type\":\"ImageObject\",\"inLanguage\":\"es\",\"@id\":\"https:\\\/\\\/letrame.com\\\/catalogo\\\/producto\\\/islam-y-cristianismo\\\/#primaryimage\",\"url\":\"https:\\\/\\\/letrame.com\\\/catalogo\\\/wp-content\\\/uploads\\\/2024\\\/04\\\/portada_islamycristianismo_1413mm-scaled-1.jpeg\",\"contentUrl\":\"https:\\\/\\\/letrame.com\\\/catalogo\\\/wp-content\\\/uploads\\\/2024\\\/04\\\/portada_islamycristianismo_1413mm-scaled-1.jpeg\",\"width\":1746,\"height\":2560},{\"@type\":\"BreadcrumbList\",\"@id\":\"https:\\\/\\\/letrame.com\\\/catalogo\\\/producto\\\/islam-y-cristianismo\\\/#breadcrumb\",\"itemListElement\":[{\"@type\":\"ListItem\",\"position\":1,\"name\":\"Portada\",\"item\":\"https:\\\/\\\/letrame.com\\\/catalogo\\\/\"},{\"@type\":\"ListItem\",\"position\":2,\"name\":\"Cat\u00e1logo\",\"item\":\"https:\\\/\\\/letrame.com\\\/catalogo\\\/\"},{\"@type\":\"ListItem\",\"position\":3,\"name\":\"Islam y cristianismo\"}]},{\"@type\":\"WebSite\",\"@id\":\"https:\\\/\\\/letrame.com\\\/catalogo\\\/#website\",\"url\":\"https:\\\/\\\/letrame.com\\\/catalogo\\\/\",\"name\":\"Catalogo | Letrame Grupo Editorial\",\"description\":\"\",\"publisher\":{\"@id\":\"https:\\\/\\\/letrame.com\\\/catalogo\\\/#organization\"},\"potentialAction\":[{\"@type\":\"SearchAction\",\"target\":{\"@type\":\"EntryPoint\",\"urlTemplate\":\"https:\\\/\\\/letrame.com\\\/catalogo\\\/?s={search_term_string}\"},\"query-input\":{\"@type\":\"PropertyValueSpecification\",\"valueRequired\":true,\"valueName\":\"search_term_string\"}}],\"inLanguage\":\"es\"},{\"@type\":\"Organization\",\"@id\":\"https:\\\/\\\/letrame.com\\\/catalogo\\\/#organization\",\"name\":\"Catalogo | Letrame Grupo Editorial\",\"url\":\"https:\\\/\\\/letrame.com\\\/catalogo\\\/\",\"logo\":{\"@type\":\"ImageObject\",\"inLanguage\":\"es\",\"@id\":\"https:\\\/\\\/letrame.com\\\/catalogo\\\/#\\\/schema\\\/logo\\\/image\\\/\",\"url\":\"https:\\\/\\\/letrame.com\\\/catalogo\\\/wp-content\\\/uploads\\\/2024\\\/03\\\/logo2.webp\",\"contentUrl\":\"https:\\\/\\\/letrame.com\\\/catalogo\\\/wp-content\\\/uploads\\\/2024\\\/03\\\/logo2.webp\",\"width\":394,\"height\":128,\"caption\":\"Catalogo | Letrame Grupo Editorial\"},\"image\":{\"@id\":\"https:\\\/\\\/letrame.com\\\/catalogo\\\/#\\\/schema\\\/logo\\\/image\\\/\"}}]}<\/script>\n<!-- \/ Yoast SEO plugin. -->","yoast_head_json":{"title":"Islam y cristianismo - Catalogo | Letrame Grupo Editorial","robots":{"index":"index","follow":"follow","max-snippet":"max-snippet:-1","max-image-preview":"max-image-preview:large","max-video-preview":"max-video-preview:-1"},"canonical":"https:\/\/letrame.com\/catalogo\/producto\/islam-y-cristianismo\/","og_locale":"es_ES","og_type":"article","og_title":"Islam y cristianismo - Catalogo | Letrame Grupo Editorial","og_description":"ISBN:978-84-1114-470-4 SINOPSIS La presencia creciente del islam en nuestras sociedades occidentales no solo representa un desaf\u00edo para la convivencia, en el orden sociopol\u00edtico, sino que se erige adem\u00e1s en un reto intelectual insoslayable. Cualquier persona consciente y responsable deber\u00eda preguntarse, m\u00e1s all\u00e1 de los t\u00f3picos simplificadores heredados, qu\u00e9 es el islam que nos viene, c\u00f3mo se relaciona con el cristianismo que hemos \u00abconocido\u00bb (o quiz\u00e1 \u00abdesconocido\u00bb) y qu\u00e9 es en definitiva el fen\u00f3meno m\u00e1s amplio de la religi\u00f3n. Con relaci\u00f3n a este, se nos han aparecido en las \u00faltimas d\u00e9cadas tres olas, no necesariamente sucesivas sino m\u00e1s bien mezcladas: la secularizaci\u00f3n, el conflicto y el di\u00e1logo. Por la secularizaci\u00f3n, hemos presenciado una extensa p\u00e9rdida de influencia social de la religi\u00f3n cristiana en Occidente. Pero el conflicto nos ha venido tambi\u00e9n: lo hemos observado en pa\u00edses m\u00e1s o menos lejanos y aun se ha instalado entre nosotros por la inmigraci\u00f3n, la que a su vez ha generado un pluralismo al interior en el mismo orden religioso. Y, m\u00e1s o menos simult\u00e1neamente, ha surgido la inquietud y la pr\u00e1ctica del di\u00e1logo interreligioso, di\u00e1logo que se ha percibido como necesario para afrontar las exigencias de la convivencia en una sociedad cada vez m\u00e1s plural. A toda esta fenomenolog\u00eda no puede responder ya la ingenuidad de los creyentes tradicionales, que no tendr\u00edan otra respuesta sino aislarse en sus propios c\u00edrculos, pero tampoco se sostiene ya una postura antirreligiosa alimentada por las f\u00f3rmulas simplificadoras de los diferentes tipos de ate\u00edsmo, f\u00f3rmulas que solo podr\u00edan contentar a los perezosos. Tanto el islam como el cristianismo, adem\u00e1s de otras religiones, se presentan como sistemas dependientes de una \u00abRevelaci\u00f3n divina\u00bb. \u00bfQu\u00e9 implica este concepto? No parece que tal cosa pueda entenderse literalmente, de acuerdo con las mismas doctrinas tradicionales que la defienden, pero tampoco podr\u00eda desecharse como \u00abuna simple tonter\u00eda\u00bb, pues ella, la \u00abRevelaci\u00f3n\u00bb, sea real, sea ficticia o sea otra cosa, ha configurado no solo las culturas sino nada menos que una buena parte de la historia de nuestro mundo. De ah\u00ed la necesidad de plantearse c\u00f3mo interpretarla.","og_url":"https:\/\/letrame.com\/catalogo\/producto\/islam-y-cristianismo\/","og_site_name":"Catalogo | Letrame Grupo Editorial","article_modified_time":"2024-04-29T12:08:12+00:00","og_image":[{"width":1746,"height":2560,"url":"https:\/\/letrame.com\/catalogo\/wp-content\/uploads\/2024\/04\/portada_islamycristianismo_1413mm-scaled-1.jpeg","type":"image\/jpeg"}],"twitter_card":"summary_large_image","twitter_misc":{"Tiempo de lectura":"2 minutos"},"schema":{"@context":"https:\/\/schema.org","@graph":[{"@type":"WebPage","@id":"https:\/\/letrame.com\/catalogo\/producto\/islam-y-cristianismo\/","url":"https:\/\/letrame.com\/catalogo\/producto\/islam-y-cristianismo\/","name":"Islam y cristianismo - Catalogo | Letrame Grupo Editorial","isPartOf":{"@id":"https:\/\/letrame.com\/catalogo\/#website"},"primaryImageOfPage":{"@id":"https:\/\/letrame.com\/catalogo\/producto\/islam-y-cristianismo\/#primaryimage"},"image":{"@id":"https:\/\/letrame.com\/catalogo\/producto\/islam-y-cristianismo\/#primaryimage"},"thumbnailUrl":"https:\/\/letrame.com\/catalogo\/wp-content\/uploads\/2024\/04\/portada_islamycristianismo_1413mm-scaled-1.jpeg","datePublished":"2024-04-29T12:07:53+00:00","dateModified":"2024-04-29T12:08:12+00:00","breadcrumb":{"@id":"https:\/\/letrame.com\/catalogo\/producto\/islam-y-cristianismo\/#breadcrumb"},"inLanguage":"es","potentialAction":[{"@type":"ReadAction","target":["https:\/\/letrame.com\/catalogo\/producto\/islam-y-cristianismo\/"]}]},{"@type":"ImageObject","inLanguage":"es","@id":"https:\/\/letrame.com\/catalogo\/producto\/islam-y-cristianismo\/#primaryimage","url":"https:\/\/letrame.com\/catalogo\/wp-content\/uploads\/2024\/04\/portada_islamycristianismo_1413mm-scaled-1.jpeg","contentUrl":"https:\/\/letrame.com\/catalogo\/wp-content\/uploads\/2024\/04\/portada_islamycristianismo_1413mm-scaled-1.jpeg","width":1746,"height":2560},{"@type":"BreadcrumbList","@id":"https:\/\/letrame.com\/catalogo\/producto\/islam-y-cristianismo\/#breadcrumb","itemListElement":[{"@type":"ListItem","position":1,"name":"Portada","item":"https:\/\/letrame.com\/catalogo\/"},{"@type":"ListItem","position":2,"name":"Cat\u00e1logo","item":"https:\/\/letrame.com\/catalogo\/"},{"@type":"ListItem","position":3,"name":"Islam y cristianismo"}]},{"@type":"WebSite","@id":"https:\/\/letrame.com\/catalogo\/#website","url":"https:\/\/letrame.com\/catalogo\/","name":"Catalogo | Letrame Grupo Editorial","description":"","publisher":{"@id":"https:\/\/letrame.com\/catalogo\/#organization"},"potentialAction":[{"@type":"SearchAction","target":{"@type":"EntryPoint","urlTemplate":"https:\/\/letrame.com\/catalogo\/?s={search_term_string}"},"query-input":{"@type":"PropertyValueSpecification","valueRequired":true,"valueName":"search_term_string"}}],"inLanguage":"es"},{"@type":"Organization","@id":"https:\/\/letrame.com\/catalogo\/#organization","name":"Catalogo | Letrame Grupo Editorial","url":"https:\/\/letrame.com\/catalogo\/","logo":{"@type":"ImageObject","inLanguage":"es","@id":"https:\/\/letrame.com\/catalogo\/#\/schema\/logo\/image\/","url":"https:\/\/letrame.com\/catalogo\/wp-content\/uploads\/2024\/03\/logo2.webp","contentUrl":"https:\/\/letrame.com\/catalogo\/wp-content\/uploads\/2024\/03\/logo2.webp","width":394,"height":128,"caption":"Catalogo | Letrame Grupo Editorial"},"image":{"@id":"https:\/\/letrame.com\/catalogo\/#\/schema\/logo\/image\/"}}]}},"_links":{"self":[{"href":"https:\/\/letrame.com\/catalogo\/wp-json\/wp\/v2\/product\/97534","targetHints":{"allow":["GET"]}}],"collection":[{"href":"https:\/\/letrame.com\/catalogo\/wp-json\/wp\/v2\/product"}],"about":[{"href":"https:\/\/letrame.com\/catalogo\/wp-json\/wp\/v2\/types\/product"}],"replies":[{"embeddable":true,"href":"https:\/\/letrame.com\/catalogo\/wp-json\/wp\/v2\/comments?post=97534"}],"acf:post":[{"embeddable":true,"href":"https:\/\/letrame.com\/catalogo\/wp-json\/wp\/v2\/author_book\/76111"}],"wp:featuredmedia":[{"embeddable":true,"href":"https:\/\/letrame.com\/catalogo\/wp-json\/wp\/v2\/media\/97535"}],"wp:attachment":[{"href":"https:\/\/letrame.com\/catalogo\/wp-json\/wp\/v2\/media?parent=97534"}],"wp:term":[{"taxonomy":"libro","embeddable":true,"href":"https:\/\/letrame.com\/catalogo\/wp-json\/wp\/v2\/libro?post=97534"},{"taxonomy":"product_brand","embeddable":true,"href":"https:\/\/letrame.com\/catalogo\/wp-json\/wp\/v2\/product_brand?post=97534"},{"taxonomy":"product_cat","embeddable":true,"href":"https:\/\/letrame.com\/catalogo\/wp-json\/wp\/v2\/product_cat?post=97534"},{"taxonomy":"product_tag","embeddable":true,"href":"https:\/\/letrame.com\/catalogo\/wp-json\/wp\/v2\/product_tag?post=97534"}],"curies":[{"name":"wp","href":"https:\/\/api.w.org\/{rel}","templated":true}]}}