{"id":97480,"date":"2024-04-29T14:00:41","date_gmt":"2024-04-29T12:00:41","guid":{"rendered":"https:\/\/letrame.com\/catalogo\/producto\/mi-querida-espana\/"},"modified":"2024-05-16T15:21:25","modified_gmt":"2024-05-16T13:21:25","slug":"mi-querida-espana","status":"publish","type":"product","link":"https:\/\/letrame.com\/catalogo\/producto\/mi-querida-espana\/","title":{"rendered":"Mi querida Espa\u00f1a"},"content":{"rendered":"<p><b>ISBN<\/b><span style=\"font-weight: 400;\">:978-84-1114-390-5<\/span><\/p>\n<p><b>T\u00edtulo<\/b><span style=\"font-weight: 400;\">: Mi querida Espa\u00f1a<\/span><\/p>\n<p><b>Fecha<\/b><span style=\"font-weight: 400;\">: 2022<\/span><\/p>\n<p><span style=\"font-weight: 400;\"><br \/>\n<\/span><b>P\u00e1ginas<\/b><span style=\"font-weight: 400;\">: 234<\/span><\/p>\n<p>&nbsp;<\/p>\n<p><b>SINOPSIS<\/b><\/p>\n<p>Este libro es una recopilaci\u00f3n de mi trabajo como periodista, una cobertura cr\u00edtica de lo que pas\u00f3 en Espa\u00f1a en los \u00faltimos a\u00f1os \u2013 entre el tema del \u201eproc\u00e8s\u201c en Catalu\u00f1a, la corrupci\u00f3n, la justicia , la historia reciente, la picard\u00eda cotidiana, la cultura pol\u00edtica, el auge de la extrema derecha y, no por \u00faltimo, la pandemia.<\/p>\n<p>Mi mirada es desde alguna distancia, la de un alem\u00e1n \u201edesplazado\u201c que inevitablemente mantiene su sistema de referencia alem\u00e1n. Pero a la vez es una mirada desde la cercania, de algui\u00e9n sobre el terreno, afectado en su vida cotidiana y por lo que le transmite su entorno. Es una cr\u00f3nica que se mueve entre el cari\u00f1o, la desilusi\u00f3n y la esperanza.<\/p>\n<p>Los art\u00edculos que salieron en diferentes peri\u00f3dicos alemanes ten\u00edan su repercusi\u00f3n en Espa\u00f1a: res\u00famenes en los medios y traducciones, a veces bastante malas y torcidas.\u00a0De ah\u00ed mi impulso inicial de hacer una traducci\u00f3n en condiciones. Habr\u00eda valido la pena si el libro tuviera una repercusi\u00f3n un poco m\u00e1s all\u00e1 de mis lectores habituales.<\/p>\n<p>Cabe esperar que algunos art\u00edculos aporten algo a un debate \u2013 ojal\u00e1 constructivo \u2013 entre los lectores de este pa\u00eds al que se refieren.<\/p>\n","protected":false},"excerpt":{"rendered":"<p><b>ISBN<\/b><span style=\"font-weight: 400;\">: 978-84-1114-390-5<\/span><\/p>\n<p><b>SINOPSIS<\/b><\/p>\n<p>Este libro es una recopilaci\u00f3n de mi trabajo como periodista, una cobertura cr\u00edtica de lo que pas\u00f3 en Espa\u00f1a en los \u00faltimos a\u00f1os \u2013 entre el tema del \u201eproc\u00e8s\u201c en Catalu\u00f1a, la corrupci\u00f3n, la justicia , la historia reciente, la picard\u00eda cotidiana, la cultura pol\u00edtica, el auge de la extrema derecha y, no por \u00faltimo, la pandemia.<\/p>\n<p>Mi mirada es desde alguna distancia, la de un alem\u00e1n \u201edesplazado\u201c que inevitablemente mantiene su sistema de referencia alem\u00e1n. Pero a la vez es una mirada desde la cercania, de algui\u00e9n sobre el terreno, afectado en su vida cotidiana y por lo que le transmite su entorno. Es una cr\u00f3nica que se mueve entre el cari\u00f1o, la desilusi\u00f3n y la esperanza.<\/p>\n<p>Los art\u00edculos que salieron en diferentes peri\u00f3dicos alemanes ten\u00edan su repercusi\u00f3n en Espa\u00f1a: res\u00famenes en los medios y traducciones, a veces bastante malas y torcidas.\u00a0De ah\u00ed mi impulso inicial de hacer una traducci\u00f3n en condiciones. Habr\u00eda valido la pena si el libro tuviera una repercusi\u00f3n un poco m\u00e1s all\u00e1 de mis lectores habituales.<\/p>\n<p>Cabe esperar que algunos art\u00edculos aporten algo a un debate \u2013 ojal\u00e1 constructivo \u2013 entre los lectores de este pa\u00eds al que se refieren.<\/p>\n","protected":false},"featured_media":100338,"comment_status":"closed","ping_status":"closed","template":"","meta":{"_acf_changed":false},"libro":[],"product_brand":[],"product_cat":[26],"product_tag":[],"class_list":{"0":"post-97480","1":"product","2":"type-product","3":"status-publish","4":"has-post-thumbnail","6":"product_cat-sin-categoria","8":"first","9":"instock","10":"product-type-simple"},"acf":{"autor":[76051],"enlace_de_compra":""},"yoast_head":"<!-- This site is optimized with the Yoast SEO plugin v27.4 - https:\/\/yoast.com\/product\/yoast-seo-wordpress\/ -->\n<title>Mi querida Espa\u00f1a - Catalogo | Letrame Grupo Editorial<\/title>\n<meta name=\"robots\" content=\"index, follow, max-snippet:-1, max-image-preview:large, max-video-preview:-1\" \/>\n<link rel=\"canonical\" href=\"https:\/\/letrame.com\/catalogo\/producto\/mi-querida-espana\/\" \/>\n<meta property=\"og:locale\" content=\"es_ES\" \/>\n<meta property=\"og:type\" content=\"article\" \/>\n<meta property=\"og:title\" content=\"Mi querida Espa\u00f1a - Catalogo | Letrame Grupo Editorial\" \/>\n<meta property=\"og:description\" content=\"ISBN: 978-84-1114-390-5  SINOPSIS  Este libro es una recopilaci\u00f3n de mi trabajo como periodista, una cobertura cr\u00edtica de lo que pas\u00f3 en Espa\u00f1a en los \u00faltimos a\u00f1os \u2013 entre el tema del \u201eproc\u00e8s\u201c en Catalu\u00f1a, la corrupci\u00f3n, la justicia , la historia reciente, la picard\u00eda cotidiana, la cultura pol\u00edtica, el auge de la extrema derecha y, no por \u00faltimo, la pandemia.  Mi mirada es desde alguna distancia, la de un alem\u00e1n \u201edesplazado\u201c que inevitablemente mantiene su sistema de referencia alem\u00e1n. Pero a la vez es una mirada desde la cercania, de algui\u00e9n sobre el terreno, afectado en su vida cotidiana y por lo que le transmite su entorno. Es una cr\u00f3nica que se mueve entre el cari\u00f1o, la desilusi\u00f3n y la esperanza.  Los art\u00edculos que salieron en diferentes peri\u00f3dicos alemanes ten\u00edan su repercusi\u00f3n en Espa\u00f1a: res\u00famenes en los medios y traducciones, a veces bastante malas y torcidas.\u00a0De ah\u00ed mi impulso inicial de hacer una traducci\u00f3n en condiciones. Habr\u00eda valido la pena si el libro tuviera una repercusi\u00f3n un poco m\u00e1s all\u00e1 de mis lectores habituales.  Cabe esperar que algunos art\u00edculos aporten algo a un debate \u2013 ojal\u00e1 constructivo \u2013 entre los lectores de este pa\u00eds al que se refieren.\" \/>\n<meta property=\"og:url\" content=\"https:\/\/letrame.com\/catalogo\/producto\/mi-querida-espana\/\" \/>\n<meta property=\"og:site_name\" content=\"Catalogo | Letrame Grupo Editorial\" \/>\n<meta property=\"article:modified_time\" content=\"2024-05-16T13:21:25+00:00\" \/>\n<meta property=\"og:image\" content=\"https:\/\/letrame.com\/catalogo\/wp-content\/uploads\/2024\/04\/portada-miqueridaespana_119mm.webp\" \/>\n\t<meta property=\"og:image:width\" content=\"601\" \/>\n\t<meta property=\"og:image:height\" content=\"881\" \/>\n\t<meta property=\"og:image:type\" content=\"image\/webp\" \/>\n<meta name=\"twitter:card\" content=\"summary_large_image\" \/>\n<meta name=\"twitter:label1\" content=\"Tiempo de lectura\" \/>\n\t<meta name=\"twitter:data1\" content=\"2 minutos\" \/>\n<script type=\"application\/ld+json\" class=\"yoast-schema-graph\">{\"@context\":\"https:\\\/\\\/schema.org\",\"@graph\":[{\"@type\":\"WebPage\",\"@id\":\"https:\\\/\\\/letrame.com\\\/catalogo\\\/producto\\\/mi-querida-espana\\\/\",\"url\":\"https:\\\/\\\/letrame.com\\\/catalogo\\\/producto\\\/mi-querida-espana\\\/\",\"name\":\"Mi querida Espa\u00f1a - Catalogo | Letrame Grupo Editorial\",\"isPartOf\":{\"@id\":\"https:\\\/\\\/letrame.com\\\/catalogo\\\/#website\"},\"primaryImageOfPage\":{\"@id\":\"https:\\\/\\\/letrame.com\\\/catalogo\\\/producto\\\/mi-querida-espana\\\/#primaryimage\"},\"image\":{\"@id\":\"https:\\\/\\\/letrame.com\\\/catalogo\\\/producto\\\/mi-querida-espana\\\/#primaryimage\"},\"thumbnailUrl\":\"https:\\\/\\\/letrame.com\\\/catalogo\\\/wp-content\\\/uploads\\\/2024\\\/04\\\/portada-miqueridaespana_119mm.webp\",\"datePublished\":\"2024-04-29T12:00:41+00:00\",\"dateModified\":\"2024-05-16T13:21:25+00:00\",\"breadcrumb\":{\"@id\":\"https:\\\/\\\/letrame.com\\\/catalogo\\\/producto\\\/mi-querida-espana\\\/#breadcrumb\"},\"inLanguage\":\"es\",\"potentialAction\":[{\"@type\":\"ReadAction\",\"target\":[\"https:\\\/\\\/letrame.com\\\/catalogo\\\/producto\\\/mi-querida-espana\\\/\"]}]},{\"@type\":\"ImageObject\",\"inLanguage\":\"es\",\"@id\":\"https:\\\/\\\/letrame.com\\\/catalogo\\\/producto\\\/mi-querida-espana\\\/#primaryimage\",\"url\":\"https:\\\/\\\/letrame.com\\\/catalogo\\\/wp-content\\\/uploads\\\/2024\\\/04\\\/portada-miqueridaespana_119mm.webp\",\"contentUrl\":\"https:\\\/\\\/letrame.com\\\/catalogo\\\/wp-content\\\/uploads\\\/2024\\\/04\\\/portada-miqueridaespana_119mm.webp\",\"width\":601,\"height\":881},{\"@type\":\"BreadcrumbList\",\"@id\":\"https:\\\/\\\/letrame.com\\\/catalogo\\\/producto\\\/mi-querida-espana\\\/#breadcrumb\",\"itemListElement\":[{\"@type\":\"ListItem\",\"position\":1,\"name\":\"Portada\",\"item\":\"https:\\\/\\\/letrame.com\\\/catalogo\\\/\"},{\"@type\":\"ListItem\",\"position\":2,\"name\":\"Cat\u00e1logo\",\"item\":\"https:\\\/\\\/letrame.com\\\/catalogo\\\/\"},{\"@type\":\"ListItem\",\"position\":3,\"name\":\"Mi querida Espa\u00f1a\"}]},{\"@type\":\"WebSite\",\"@id\":\"https:\\\/\\\/letrame.com\\\/catalogo\\\/#website\",\"url\":\"https:\\\/\\\/letrame.com\\\/catalogo\\\/\",\"name\":\"Catalogo | Letrame Grupo Editorial\",\"description\":\"\",\"publisher\":{\"@id\":\"https:\\\/\\\/letrame.com\\\/catalogo\\\/#organization\"},\"potentialAction\":[{\"@type\":\"SearchAction\",\"target\":{\"@type\":\"EntryPoint\",\"urlTemplate\":\"https:\\\/\\\/letrame.com\\\/catalogo\\\/?s={search_term_string}\"},\"query-input\":{\"@type\":\"PropertyValueSpecification\",\"valueRequired\":true,\"valueName\":\"search_term_string\"}}],\"inLanguage\":\"es\"},{\"@type\":\"Organization\",\"@id\":\"https:\\\/\\\/letrame.com\\\/catalogo\\\/#organization\",\"name\":\"Catalogo | Letrame Grupo Editorial\",\"url\":\"https:\\\/\\\/letrame.com\\\/catalogo\\\/\",\"logo\":{\"@type\":\"ImageObject\",\"inLanguage\":\"es\",\"@id\":\"https:\\\/\\\/letrame.com\\\/catalogo\\\/#\\\/schema\\\/logo\\\/image\\\/\",\"url\":\"https:\\\/\\\/letrame.com\\\/catalogo\\\/wp-content\\\/uploads\\\/2024\\\/03\\\/logo2.webp\",\"contentUrl\":\"https:\\\/\\\/letrame.com\\\/catalogo\\\/wp-content\\\/uploads\\\/2024\\\/03\\\/logo2.webp\",\"width\":394,\"height\":128,\"caption\":\"Catalogo | Letrame Grupo Editorial\"},\"image\":{\"@id\":\"https:\\\/\\\/letrame.com\\\/catalogo\\\/#\\\/schema\\\/logo\\\/image\\\/\"}}]}<\/script>\n<!-- \/ Yoast SEO plugin. -->","yoast_head_json":{"title":"Mi querida Espa\u00f1a - Catalogo | Letrame Grupo Editorial","robots":{"index":"index","follow":"follow","max-snippet":"max-snippet:-1","max-image-preview":"max-image-preview:large","max-video-preview":"max-video-preview:-1"},"canonical":"https:\/\/letrame.com\/catalogo\/producto\/mi-querida-espana\/","og_locale":"es_ES","og_type":"article","og_title":"Mi querida Espa\u00f1a - Catalogo | Letrame Grupo Editorial","og_description":"ISBN: 978-84-1114-390-5  SINOPSIS  Este libro es una recopilaci\u00f3n de mi trabajo como periodista, una cobertura cr\u00edtica de lo que pas\u00f3 en Espa\u00f1a en los \u00faltimos a\u00f1os \u2013 entre el tema del \u201eproc\u00e8s\u201c en Catalu\u00f1a, la corrupci\u00f3n, la justicia , la historia reciente, la picard\u00eda cotidiana, la cultura pol\u00edtica, el auge de la extrema derecha y, no por \u00faltimo, la pandemia.  Mi mirada es desde alguna distancia, la de un alem\u00e1n \u201edesplazado\u201c que inevitablemente mantiene su sistema de referencia alem\u00e1n. Pero a la vez es una mirada desde la cercania, de algui\u00e9n sobre el terreno, afectado en su vida cotidiana y por lo que le transmite su entorno. Es una cr\u00f3nica que se mueve entre el cari\u00f1o, la desilusi\u00f3n y la esperanza.  Los art\u00edculos que salieron en diferentes peri\u00f3dicos alemanes ten\u00edan su repercusi\u00f3n en Espa\u00f1a: res\u00famenes en los medios y traducciones, a veces bastante malas y torcidas.\u00a0De ah\u00ed mi impulso inicial de hacer una traducci\u00f3n en condiciones. Habr\u00eda valido la pena si el libro tuviera una repercusi\u00f3n un poco m\u00e1s all\u00e1 de mis lectores habituales.  Cabe esperar que algunos art\u00edculos aporten algo a un debate \u2013 ojal\u00e1 constructivo \u2013 entre los lectores de este pa\u00eds al que se refieren.","og_url":"https:\/\/letrame.com\/catalogo\/producto\/mi-querida-espana\/","og_site_name":"Catalogo | Letrame Grupo Editorial","article_modified_time":"2024-05-16T13:21:25+00:00","og_image":[{"width":601,"height":881,"url":"https:\/\/letrame.com\/catalogo\/wp-content\/uploads\/2024\/04\/portada-miqueridaespana_119mm.webp","type":"image\/webp"}],"twitter_card":"summary_large_image","twitter_misc":{"Tiempo de lectura":"2 minutos"},"schema":{"@context":"https:\/\/schema.org","@graph":[{"@type":"WebPage","@id":"https:\/\/letrame.com\/catalogo\/producto\/mi-querida-espana\/","url":"https:\/\/letrame.com\/catalogo\/producto\/mi-querida-espana\/","name":"Mi querida Espa\u00f1a - Catalogo | Letrame Grupo Editorial","isPartOf":{"@id":"https:\/\/letrame.com\/catalogo\/#website"},"primaryImageOfPage":{"@id":"https:\/\/letrame.com\/catalogo\/producto\/mi-querida-espana\/#primaryimage"},"image":{"@id":"https:\/\/letrame.com\/catalogo\/producto\/mi-querida-espana\/#primaryimage"},"thumbnailUrl":"https:\/\/letrame.com\/catalogo\/wp-content\/uploads\/2024\/04\/portada-miqueridaespana_119mm.webp","datePublished":"2024-04-29T12:00:41+00:00","dateModified":"2024-05-16T13:21:25+00:00","breadcrumb":{"@id":"https:\/\/letrame.com\/catalogo\/producto\/mi-querida-espana\/#breadcrumb"},"inLanguage":"es","potentialAction":[{"@type":"ReadAction","target":["https:\/\/letrame.com\/catalogo\/producto\/mi-querida-espana\/"]}]},{"@type":"ImageObject","inLanguage":"es","@id":"https:\/\/letrame.com\/catalogo\/producto\/mi-querida-espana\/#primaryimage","url":"https:\/\/letrame.com\/catalogo\/wp-content\/uploads\/2024\/04\/portada-miqueridaespana_119mm.webp","contentUrl":"https:\/\/letrame.com\/catalogo\/wp-content\/uploads\/2024\/04\/portada-miqueridaespana_119mm.webp","width":601,"height":881},{"@type":"BreadcrumbList","@id":"https:\/\/letrame.com\/catalogo\/producto\/mi-querida-espana\/#breadcrumb","itemListElement":[{"@type":"ListItem","position":1,"name":"Portada","item":"https:\/\/letrame.com\/catalogo\/"},{"@type":"ListItem","position":2,"name":"Cat\u00e1logo","item":"https:\/\/letrame.com\/catalogo\/"},{"@type":"ListItem","position":3,"name":"Mi querida Espa\u00f1a"}]},{"@type":"WebSite","@id":"https:\/\/letrame.com\/catalogo\/#website","url":"https:\/\/letrame.com\/catalogo\/","name":"Catalogo | Letrame Grupo Editorial","description":"","publisher":{"@id":"https:\/\/letrame.com\/catalogo\/#organization"},"potentialAction":[{"@type":"SearchAction","target":{"@type":"EntryPoint","urlTemplate":"https:\/\/letrame.com\/catalogo\/?s={search_term_string}"},"query-input":{"@type":"PropertyValueSpecification","valueRequired":true,"valueName":"search_term_string"}}],"inLanguage":"es"},{"@type":"Organization","@id":"https:\/\/letrame.com\/catalogo\/#organization","name":"Catalogo | Letrame Grupo Editorial","url":"https:\/\/letrame.com\/catalogo\/","logo":{"@type":"ImageObject","inLanguage":"es","@id":"https:\/\/letrame.com\/catalogo\/#\/schema\/logo\/image\/","url":"https:\/\/letrame.com\/catalogo\/wp-content\/uploads\/2024\/03\/logo2.webp","contentUrl":"https:\/\/letrame.com\/catalogo\/wp-content\/uploads\/2024\/03\/logo2.webp","width":394,"height":128,"caption":"Catalogo | Letrame Grupo Editorial"},"image":{"@id":"https:\/\/letrame.com\/catalogo\/#\/schema\/logo\/image\/"}}]}},"_links":{"self":[{"href":"https:\/\/letrame.com\/catalogo\/wp-json\/wp\/v2\/product\/97480","targetHints":{"allow":["GET"]}}],"collection":[{"href":"https:\/\/letrame.com\/catalogo\/wp-json\/wp\/v2\/product"}],"about":[{"href":"https:\/\/letrame.com\/catalogo\/wp-json\/wp\/v2\/types\/product"}],"replies":[{"embeddable":true,"href":"https:\/\/letrame.com\/catalogo\/wp-json\/wp\/v2\/comments?post=97480"}],"acf:post":[{"embeddable":true,"href":"https:\/\/letrame.com\/catalogo\/wp-json\/wp\/v2\/author_book\/76051"}],"wp:featuredmedia":[{"embeddable":true,"href":"https:\/\/letrame.com\/catalogo\/wp-json\/wp\/v2\/media\/100338"}],"wp:attachment":[{"href":"https:\/\/letrame.com\/catalogo\/wp-json\/wp\/v2\/media?parent=97480"}],"wp:term":[{"taxonomy":"libro","embeddable":true,"href":"https:\/\/letrame.com\/catalogo\/wp-json\/wp\/v2\/libro?post=97480"},{"taxonomy":"product_brand","embeddable":true,"href":"https:\/\/letrame.com\/catalogo\/wp-json\/wp\/v2\/product_brand?post=97480"},{"taxonomy":"product_cat","embeddable":true,"href":"https:\/\/letrame.com\/catalogo\/wp-json\/wp\/v2\/product_cat?post=97480"},{"taxonomy":"product_tag","embeddable":true,"href":"https:\/\/letrame.com\/catalogo\/wp-json\/wp\/v2\/product_tag?post=97480"}],"curies":[{"name":"wp","href":"https:\/\/api.w.org\/{rel}","templated":true}]}}