{"id":97459,"date":"2024-04-29T13:58:49","date_gmt":"2024-04-29T11:58:49","guid":{"rendered":"https:\/\/letrame.com\/catalogo\/producto\/la-frase-de-tu-vida\/"},"modified":"2024-08-16T08:45:22","modified_gmt":"2024-08-16T06:45:22","slug":"la-frase-de-tu-vida","status":"publish","type":"product","link":"https:\/\/letrame.com\/catalogo\/producto\/la-frase-de-tu-vida\/","title":{"rendered":"La frase de tu vida"},"content":{"rendered":"<p><b>ISBN<\/b><span style=\"font-weight: 400;\">:978-84-1114-448-3<\/span><\/p>\n<p><b>T\u00edtulo<\/b><span style=\"font-weight: 400;\">: La frase de tu vida <\/span><\/p>\n<p><b>Fecha<\/b><span style=\"font-weight: 400;\">:2022<\/span><\/p>\n<p><span style=\"font-weight: 400;\"><br \/>\n<\/span><b>P\u00e1ginas<\/b><span style=\"font-weight: 400;\">: 204<\/span><\/p>\n<p><b>SINOPSIS<\/b><\/p>\n<p><em>LA FRASE DE TU VIDA<\/em> naci\u00f3 como nacen algunas cosas que no se le da mucho sentido, pero siempre est\u00e1n y al estar un d\u00eda le das sentido organiz\u00e1ndolas y plasm\u00e1ndolas dentro de un orden.<\/p>\n<p><em>LA FRASE DE TU VIDA<\/em> es la recopilaci\u00f3n no solo de frases sino de momentos, de etapas, de atardeceres, de madrugadas, etc.<\/p>\n<p>Todo empez\u00f3 como una forma de recopilatorio de frases que en alg\u00fan momento alguien me dec\u00eda como algo especial, algo que alg\u00fan d\u00eda le hab\u00edan resumido en una frase y lo llevaba consigo como su apellido, algunas tambi\u00e9n las vi, o escuch\u00e9 en alguna pel\u00edcula, canci\u00f3n, radio, internet, en charlas con mayores, con amigos, debates,\u00a0 etc.<\/p>\n<p>Siempre hay algo que decir y que o\u00edr. Fui anotando y recopilando casi sin querer, pero me di cuenta de que mi hijo hab\u00eda adquirido la misma inquietud y entonces empezamos a intercambiar y recopilar dichas frases, hasta que un buen d\u00eda ordenando y resumiendo dichas frases pensamos que ten\u00edamos suficientes como para plasmarlas en un libro y ah\u00ed nace <em>LA FRASE DE TU VIDA.<\/em><\/p>\n<p>Esperamos y estamos seguros de que con m\u00e1s de una te sentir\u00e1s identificado y con otras te encantar\u00e1 su composici\u00f3n.<\/p>\n","protected":false},"excerpt":{"rendered":"<p><b>ISBN<\/b><span style=\"font-weight: 400;\">:978-84-1114-448-3<\/span><\/p>\n<p><b>SINOPSIS<\/b><\/p>\n<p><em>LA FRASE DE TU VIDA<\/em> naci\u00f3 como nacen algunas cosas que no se le da mucho sentido, pero siempre est\u00e1n y al estar un d\u00eda le das sentido organiz\u00e1ndolas y plasm\u00e1ndolas dentro de un orden.<\/p>\n<p><em>LA FRASE DE TU VIDA<\/em> es la recopilaci\u00f3n no solo de frases sino de momentos, de etapas, de atardeceres, de madrugadas, etc.<\/p>\n<p>Todo empez\u00f3 como una forma de recopilatorio de frases que en alg\u00fan momento alguien me dec\u00eda como algo especial, algo que alg\u00fan d\u00eda le hab\u00edan resumido en una frase y lo llevaba consigo como su apellido, algunas tambi\u00e9n las vi, o escuch\u00e9 en alguna pel\u00edcula, canci\u00f3n, radio, internet, en charlas con mayores, con amigos, debates,\u00a0 etc.<\/p>\n<p>Siempre hay algo que decir y que o\u00edr. Fui anotando y recopilando casi sin querer, pero me di cuenta de que mi hijo hab\u00eda adquirido la misma inquietud y entonces empezamos a intercambiar y recopilar dichas frases, hasta que un buen d\u00eda ordenando y resumiendo dichas frases pensamos que ten\u00edamos suficientes como para plasmarlas en un libro y ah\u00ed nace <em>LA FRASE DE TU VIDA.<\/em><\/p>\n<p>Esperamos y estamos seguros de que con m\u00e1s de una te sentir\u00e1s identificado y con otras te encantar\u00e1 su composici\u00f3n.<\/p>\n","protected":false},"featured_media":97460,"comment_status":"closed","ping_status":"closed","template":"","meta":{"_acf_changed":false},"libro":[],"product_brand":[],"product_cat":[26],"product_tag":[],"class_list":{"0":"post-97459","1":"product","2":"type-product","3":"status-publish","4":"has-post-thumbnail","6":"product_cat-sin-categoria","8":"first","9":"instock","10":"product-type-simple"},"acf":{"autor":[77702],"enlace_de_compra":"https:\/\/www.agapea.com\/Kuko-Pena\/La-frase-de-tu-vida-9788411144483-i.htm"},"yoast_head":"<!-- This site is optimized with the Yoast SEO plugin v27.4 - https:\/\/yoast.com\/product\/yoast-seo-wordpress\/ -->\n<title>La frase de tu vida - Catalogo | Letrame Grupo Editorial<\/title>\n<meta name=\"robots\" content=\"index, follow, max-snippet:-1, max-image-preview:large, max-video-preview:-1\" \/>\n<link rel=\"canonical\" href=\"https:\/\/letrame.com\/catalogo\/producto\/la-frase-de-tu-vida\/\" \/>\n<meta property=\"og:locale\" content=\"es_ES\" \/>\n<meta property=\"og:type\" content=\"article\" \/>\n<meta property=\"og:title\" content=\"La frase de tu vida - Catalogo | Letrame Grupo Editorial\" \/>\n<meta property=\"og:description\" content=\"ISBN:978-84-1114-448-3  SINOPSIS  LA FRASE DE TU VIDA naci\u00f3 como nacen algunas cosas que no se le da mucho sentido, pero siempre est\u00e1n y al estar un d\u00eda le das sentido organiz\u00e1ndolas y plasm\u00e1ndolas dentro de un orden.  LA FRASE DE TU VIDA es la recopilaci\u00f3n no solo de frases sino de momentos, de etapas, de atardeceres, de madrugadas, etc.  Todo empez\u00f3 como una forma de recopilatorio de frases que en alg\u00fan momento alguien me dec\u00eda como algo especial, algo que alg\u00fan d\u00eda le hab\u00edan resumido en una frase y lo llevaba consigo como su apellido, algunas tambi\u00e9n las vi, o escuch\u00e9 en alguna pel\u00edcula, canci\u00f3n, radio, internet, en charlas con mayores, con amigos, debates,\u00a0 etc.  Siempre hay algo que decir y que o\u00edr. Fui anotando y recopilando casi sin querer, pero me di cuenta de que mi hijo hab\u00eda adquirido la misma inquietud y entonces empezamos a intercambiar y recopilar dichas frases, hasta que un buen d\u00eda ordenando y resumiendo dichas frases pensamos que ten\u00edamos suficientes como para plasmarlas en un libro y ah\u00ed nace LA FRASE DE TU VIDA.  Esperamos y estamos seguros de que con m\u00e1s de una te sentir\u00e1s identificado y con otras te encantar\u00e1 su composici\u00f3n.\" \/>\n<meta property=\"og:url\" content=\"https:\/\/letrame.com\/catalogo\/producto\/la-frase-de-tu-vida\/\" \/>\n<meta property=\"og:site_name\" content=\"Catalogo | Letrame Grupo Editorial\" \/>\n<meta property=\"article:modified_time\" content=\"2024-08-16T06:45:22+00:00\" \/>\n<meta property=\"og:image\" content=\"https:\/\/letrame.com\/catalogo\/wp-content\/uploads\/2024\/04\/portada_lafrasedetuvida_1051mm.jpg\" \/>\n\t<meta property=\"og:image:width\" content=\"601\" \/>\n\t<meta property=\"og:image:height\" content=\"881\" \/>\n\t<meta property=\"og:image:type\" content=\"image\/jpeg\" \/>\n<meta name=\"twitter:card\" content=\"summary_large_image\" \/>\n<meta name=\"twitter:label1\" content=\"Tiempo de lectura\" \/>\n\t<meta name=\"twitter:data1\" content=\"2 minutos\" \/>\n<script type=\"application\/ld+json\" class=\"yoast-schema-graph\">{\"@context\":\"https:\\\/\\\/schema.org\",\"@graph\":[{\"@type\":\"WebPage\",\"@id\":\"https:\\\/\\\/letrame.com\\\/catalogo\\\/producto\\\/la-frase-de-tu-vida\\\/\",\"url\":\"https:\\\/\\\/letrame.com\\\/catalogo\\\/producto\\\/la-frase-de-tu-vida\\\/\",\"name\":\"La frase de tu vida - Catalogo | Letrame Grupo Editorial\",\"isPartOf\":{\"@id\":\"https:\\\/\\\/letrame.com\\\/catalogo\\\/#website\"},\"primaryImageOfPage\":{\"@id\":\"https:\\\/\\\/letrame.com\\\/catalogo\\\/producto\\\/la-frase-de-tu-vida\\\/#primaryimage\"},\"image\":{\"@id\":\"https:\\\/\\\/letrame.com\\\/catalogo\\\/producto\\\/la-frase-de-tu-vida\\\/#primaryimage\"},\"thumbnailUrl\":\"https:\\\/\\\/letrame.com\\\/catalogo\\\/wp-content\\\/uploads\\\/2024\\\/04\\\/portada_lafrasedetuvida_1051mm.jpg\",\"datePublished\":\"2024-04-29T11:58:49+00:00\",\"dateModified\":\"2024-08-16T06:45:22+00:00\",\"breadcrumb\":{\"@id\":\"https:\\\/\\\/letrame.com\\\/catalogo\\\/producto\\\/la-frase-de-tu-vida\\\/#breadcrumb\"},\"inLanguage\":\"es\",\"potentialAction\":[{\"@type\":\"ReadAction\",\"target\":[\"https:\\\/\\\/letrame.com\\\/catalogo\\\/producto\\\/la-frase-de-tu-vida\\\/\"]}]},{\"@type\":\"ImageObject\",\"inLanguage\":\"es\",\"@id\":\"https:\\\/\\\/letrame.com\\\/catalogo\\\/producto\\\/la-frase-de-tu-vida\\\/#primaryimage\",\"url\":\"https:\\\/\\\/letrame.com\\\/catalogo\\\/wp-content\\\/uploads\\\/2024\\\/04\\\/portada_lafrasedetuvida_1051mm.jpg\",\"contentUrl\":\"https:\\\/\\\/letrame.com\\\/catalogo\\\/wp-content\\\/uploads\\\/2024\\\/04\\\/portada_lafrasedetuvida_1051mm.jpg\",\"width\":601,\"height\":881},{\"@type\":\"BreadcrumbList\",\"@id\":\"https:\\\/\\\/letrame.com\\\/catalogo\\\/producto\\\/la-frase-de-tu-vida\\\/#breadcrumb\",\"itemListElement\":[{\"@type\":\"ListItem\",\"position\":1,\"name\":\"Portada\",\"item\":\"https:\\\/\\\/letrame.com\\\/catalogo\\\/\"},{\"@type\":\"ListItem\",\"position\":2,\"name\":\"Cat\u00e1logo\",\"item\":\"https:\\\/\\\/letrame.com\\\/catalogo\\\/\"},{\"@type\":\"ListItem\",\"position\":3,\"name\":\"La frase de tu vida\"}]},{\"@type\":\"WebSite\",\"@id\":\"https:\\\/\\\/letrame.com\\\/catalogo\\\/#website\",\"url\":\"https:\\\/\\\/letrame.com\\\/catalogo\\\/\",\"name\":\"Catalogo | Letrame Grupo Editorial\",\"description\":\"\",\"publisher\":{\"@id\":\"https:\\\/\\\/letrame.com\\\/catalogo\\\/#organization\"},\"potentialAction\":[{\"@type\":\"SearchAction\",\"target\":{\"@type\":\"EntryPoint\",\"urlTemplate\":\"https:\\\/\\\/letrame.com\\\/catalogo\\\/?s={search_term_string}\"},\"query-input\":{\"@type\":\"PropertyValueSpecification\",\"valueRequired\":true,\"valueName\":\"search_term_string\"}}],\"inLanguage\":\"es\"},{\"@type\":\"Organization\",\"@id\":\"https:\\\/\\\/letrame.com\\\/catalogo\\\/#organization\",\"name\":\"Catalogo | Letrame Grupo Editorial\",\"url\":\"https:\\\/\\\/letrame.com\\\/catalogo\\\/\",\"logo\":{\"@type\":\"ImageObject\",\"inLanguage\":\"es\",\"@id\":\"https:\\\/\\\/letrame.com\\\/catalogo\\\/#\\\/schema\\\/logo\\\/image\\\/\",\"url\":\"https:\\\/\\\/letrame.com\\\/catalogo\\\/wp-content\\\/uploads\\\/2024\\\/03\\\/logo2.webp\",\"contentUrl\":\"https:\\\/\\\/letrame.com\\\/catalogo\\\/wp-content\\\/uploads\\\/2024\\\/03\\\/logo2.webp\",\"width\":394,\"height\":128,\"caption\":\"Catalogo | Letrame Grupo Editorial\"},\"image\":{\"@id\":\"https:\\\/\\\/letrame.com\\\/catalogo\\\/#\\\/schema\\\/logo\\\/image\\\/\"}}]}<\/script>\n<!-- \/ Yoast SEO plugin. -->","yoast_head_json":{"title":"La frase de tu vida - Catalogo | Letrame Grupo Editorial","robots":{"index":"index","follow":"follow","max-snippet":"max-snippet:-1","max-image-preview":"max-image-preview:large","max-video-preview":"max-video-preview:-1"},"canonical":"https:\/\/letrame.com\/catalogo\/producto\/la-frase-de-tu-vida\/","og_locale":"es_ES","og_type":"article","og_title":"La frase de tu vida - Catalogo | Letrame Grupo Editorial","og_description":"ISBN:978-84-1114-448-3  SINOPSIS  LA FRASE DE TU VIDA naci\u00f3 como nacen algunas cosas que no se le da mucho sentido, pero siempre est\u00e1n y al estar un d\u00eda le das sentido organiz\u00e1ndolas y plasm\u00e1ndolas dentro de un orden.  LA FRASE DE TU VIDA es la recopilaci\u00f3n no solo de frases sino de momentos, de etapas, de atardeceres, de madrugadas, etc.  Todo empez\u00f3 como una forma de recopilatorio de frases que en alg\u00fan momento alguien me dec\u00eda como algo especial, algo que alg\u00fan d\u00eda le hab\u00edan resumido en una frase y lo llevaba consigo como su apellido, algunas tambi\u00e9n las vi, o escuch\u00e9 en alguna pel\u00edcula, canci\u00f3n, radio, internet, en charlas con mayores, con amigos, debates,\u00a0 etc.  Siempre hay algo que decir y que o\u00edr. Fui anotando y recopilando casi sin querer, pero me di cuenta de que mi hijo hab\u00eda adquirido la misma inquietud y entonces empezamos a intercambiar y recopilar dichas frases, hasta que un buen d\u00eda ordenando y resumiendo dichas frases pensamos que ten\u00edamos suficientes como para plasmarlas en un libro y ah\u00ed nace LA FRASE DE TU VIDA.  Esperamos y estamos seguros de que con m\u00e1s de una te sentir\u00e1s identificado y con otras te encantar\u00e1 su composici\u00f3n.","og_url":"https:\/\/letrame.com\/catalogo\/producto\/la-frase-de-tu-vida\/","og_site_name":"Catalogo | Letrame Grupo Editorial","article_modified_time":"2024-08-16T06:45:22+00:00","og_image":[{"width":601,"height":881,"url":"https:\/\/letrame.com\/catalogo\/wp-content\/uploads\/2024\/04\/portada_lafrasedetuvida_1051mm.jpg","type":"image\/jpeg"}],"twitter_card":"summary_large_image","twitter_misc":{"Tiempo de lectura":"2 minutos"},"schema":{"@context":"https:\/\/schema.org","@graph":[{"@type":"WebPage","@id":"https:\/\/letrame.com\/catalogo\/producto\/la-frase-de-tu-vida\/","url":"https:\/\/letrame.com\/catalogo\/producto\/la-frase-de-tu-vida\/","name":"La frase de tu vida - Catalogo | Letrame Grupo Editorial","isPartOf":{"@id":"https:\/\/letrame.com\/catalogo\/#website"},"primaryImageOfPage":{"@id":"https:\/\/letrame.com\/catalogo\/producto\/la-frase-de-tu-vida\/#primaryimage"},"image":{"@id":"https:\/\/letrame.com\/catalogo\/producto\/la-frase-de-tu-vida\/#primaryimage"},"thumbnailUrl":"https:\/\/letrame.com\/catalogo\/wp-content\/uploads\/2024\/04\/portada_lafrasedetuvida_1051mm.jpg","datePublished":"2024-04-29T11:58:49+00:00","dateModified":"2024-08-16T06:45:22+00:00","breadcrumb":{"@id":"https:\/\/letrame.com\/catalogo\/producto\/la-frase-de-tu-vida\/#breadcrumb"},"inLanguage":"es","potentialAction":[{"@type":"ReadAction","target":["https:\/\/letrame.com\/catalogo\/producto\/la-frase-de-tu-vida\/"]}]},{"@type":"ImageObject","inLanguage":"es","@id":"https:\/\/letrame.com\/catalogo\/producto\/la-frase-de-tu-vida\/#primaryimage","url":"https:\/\/letrame.com\/catalogo\/wp-content\/uploads\/2024\/04\/portada_lafrasedetuvida_1051mm.jpg","contentUrl":"https:\/\/letrame.com\/catalogo\/wp-content\/uploads\/2024\/04\/portada_lafrasedetuvida_1051mm.jpg","width":601,"height":881},{"@type":"BreadcrumbList","@id":"https:\/\/letrame.com\/catalogo\/producto\/la-frase-de-tu-vida\/#breadcrumb","itemListElement":[{"@type":"ListItem","position":1,"name":"Portada","item":"https:\/\/letrame.com\/catalogo\/"},{"@type":"ListItem","position":2,"name":"Cat\u00e1logo","item":"https:\/\/letrame.com\/catalogo\/"},{"@type":"ListItem","position":3,"name":"La frase de tu vida"}]},{"@type":"WebSite","@id":"https:\/\/letrame.com\/catalogo\/#website","url":"https:\/\/letrame.com\/catalogo\/","name":"Catalogo | Letrame Grupo Editorial","description":"","publisher":{"@id":"https:\/\/letrame.com\/catalogo\/#organization"},"potentialAction":[{"@type":"SearchAction","target":{"@type":"EntryPoint","urlTemplate":"https:\/\/letrame.com\/catalogo\/?s={search_term_string}"},"query-input":{"@type":"PropertyValueSpecification","valueRequired":true,"valueName":"search_term_string"}}],"inLanguage":"es"},{"@type":"Organization","@id":"https:\/\/letrame.com\/catalogo\/#organization","name":"Catalogo | Letrame Grupo Editorial","url":"https:\/\/letrame.com\/catalogo\/","logo":{"@type":"ImageObject","inLanguage":"es","@id":"https:\/\/letrame.com\/catalogo\/#\/schema\/logo\/image\/","url":"https:\/\/letrame.com\/catalogo\/wp-content\/uploads\/2024\/03\/logo2.webp","contentUrl":"https:\/\/letrame.com\/catalogo\/wp-content\/uploads\/2024\/03\/logo2.webp","width":394,"height":128,"caption":"Catalogo | Letrame Grupo Editorial"},"image":{"@id":"https:\/\/letrame.com\/catalogo\/#\/schema\/logo\/image\/"}}]}},"_links":{"self":[{"href":"https:\/\/letrame.com\/catalogo\/wp-json\/wp\/v2\/product\/97459","targetHints":{"allow":["GET"]}}],"collection":[{"href":"https:\/\/letrame.com\/catalogo\/wp-json\/wp\/v2\/product"}],"about":[{"href":"https:\/\/letrame.com\/catalogo\/wp-json\/wp\/v2\/types\/product"}],"replies":[{"embeddable":true,"href":"https:\/\/letrame.com\/catalogo\/wp-json\/wp\/v2\/comments?post=97459"}],"acf:post":[{"embeddable":true,"href":"https:\/\/letrame.com\/catalogo\/wp-json\/wp\/v2\/author_book\/77702"}],"wp:featuredmedia":[{"embeddable":true,"href":"https:\/\/letrame.com\/catalogo\/wp-json\/wp\/v2\/media\/97460"}],"wp:attachment":[{"href":"https:\/\/letrame.com\/catalogo\/wp-json\/wp\/v2\/media?parent=97459"}],"wp:term":[{"taxonomy":"libro","embeddable":true,"href":"https:\/\/letrame.com\/catalogo\/wp-json\/wp\/v2\/libro?post=97459"},{"taxonomy":"product_brand","embeddable":true,"href":"https:\/\/letrame.com\/catalogo\/wp-json\/wp\/v2\/product_brand?post=97459"},{"taxonomy":"product_cat","embeddable":true,"href":"https:\/\/letrame.com\/catalogo\/wp-json\/wp\/v2\/product_cat?post=97459"},{"taxonomy":"product_tag","embeddable":true,"href":"https:\/\/letrame.com\/catalogo\/wp-json\/wp\/v2\/product_tag?post=97459"}],"curies":[{"name":"wp","href":"https:\/\/api.w.org\/{rel}","templated":true}]}}