{"id":97408,"date":"2024-04-29T13:54:21","date_gmt":"2024-04-29T11:54:21","guid":{"rendered":"https:\/\/letrame.com\/catalogo\/producto\/la-madrugada-del-14-de-julio\/"},"modified":"2024-04-29T13:54:21","modified_gmt":"2024-04-29T11:54:21","slug":"la-madrugada-del-14-de-julio","status":"publish","type":"product","link":"https:\/\/letrame.com\/catalogo\/producto\/la-madrugada-del-14-de-julio\/","title":{"rendered":"La madrugada del 14 de julio"},"content":{"rendered":"<p><b>ISBN<\/b><span style=\"font-weight: 400;\">: 978-84-1114-334-9<\/span><\/p>\n<p><b>T\u00edtulo<\/b><span style=\"font-weight: 400;\">: La madrugada del 14 de julio<\/span><span style=\"font-weight: 400;\"><br \/>\n<\/span><b>Fecha<\/b><span style=\"font-weight: 400;\">:\u00a0 2021<\/span><span style=\"font-weight: 400;\"><br \/>\n<\/span><b>P\u00e1ginas<\/b><span style=\"font-weight: 400;\">: 156<\/span><\/p>\n<p><b>SINOPSIS<\/b><\/p>\n<p>Una serie de misteriosas desapariciones en la mansi\u00f3n de los Cloverfield empuja a Beth Warren, una periodista que necesita aprovechar la \u00faltima oportunidad que el destino le ha otorgado, a adentrarse en el peligro que conlleva pasar la noche como la invitada sorpresa tras el inicio de una fuerte tormenta de verano.<\/p>\n<p>La cruda realidad que se esconde bajo el caso sin resolver tendr\u00e1 una \u00fanica testigo que estar\u00e1 dispuesta a colaborar con Beth, pero no a cualquier precio.<\/p>\n<p><b>Ambas se ver\u00e1n arrastradas hacia las profundidades ocultas bajo la fachada de la vida p\u00fablica de la familia, una lucha por la supervivencia que terminar\u00e1 provocando el sacrificio del mundo que les rodea.<\/b><\/p>\n","protected":false},"excerpt":{"rendered":"<p><b>ISBN<\/b><span style=\"font-weight: 400;\">: <strong>978-84-1114-334-9<\/strong><\/span><\/p>\n<p><b>SINOPSIS<\/b><\/p>\n<p>Una serie de misteriosas desapariciones en la mansi\u00f3n de los Cloverfield empuja a Beth Warren, una periodista que necesita aprovechar la \u00faltima oportunidad que el destino le ha otorgado, a adentrarse en el peligro que conlleva pasar la noche como la invitada sorpresa tras el inicio de una fuerte tormenta de verano.<\/p>\n<p>La cruda realidad que se esconde bajo el caso sin resolver tendr\u00e1 una \u00fanica testigo que estar\u00e1 dispuesta a colaborar con Beth, pero no a cualquier precio.<\/p>\n<p><b>Ambas se ver\u00e1n arrastradas hacia las profundidades ocultas bajo la fachada de la vida p\u00fablica de la familia, una lucha por la supervivencia que terminar\u00e1 provocando el sacrificio del mundo que les rodea.<\/b><\/p>\n","protected":false},"featured_media":97409,"comment_status":"closed","ping_status":"open","template":"","meta":{"_acf_changed":false},"libro":[],"product_brand":[],"product_cat":[16],"product_tag":[],"class_list":{"0":"post-97408","1":"product","2":"type-product","3":"status-publish","4":"has-post-thumbnail","6":"product_cat-novela","8":"first","9":"instock","10":"product-type-simple"},"acf":{"autor":[75990],"enlace_de_compra":""},"yoast_head":"<!-- This site is optimized with the Yoast SEO plugin v27.4 - https:\/\/yoast.com\/product\/yoast-seo-wordpress\/ -->\n<title>La madrugada del 14 de julio - Catalogo | Letrame Grupo Editorial<\/title>\n<meta name=\"robots\" content=\"index, follow, max-snippet:-1, max-image-preview:large, max-video-preview:-1\" \/>\n<link rel=\"canonical\" href=\"https:\/\/letrame.com\/catalogo\/producto\/la-madrugada-del-14-de-julio\/\" \/>\n<meta property=\"og:locale\" content=\"es_ES\" \/>\n<meta property=\"og:type\" content=\"article\" \/>\n<meta property=\"og:title\" content=\"La madrugada del 14 de julio - Catalogo | Letrame Grupo Editorial\" \/>\n<meta property=\"og:description\" content=\"ISBN: 978-84-1114-334-9 SINOPSIS Una serie de misteriosas desapariciones en la mansi\u00f3n de los Cloverfield empuja a Beth Warren, una periodista que necesita aprovechar la \u00faltima oportunidad que el destino le ha otorgado, a adentrarse en el peligro que conlleva pasar la noche como la invitada sorpresa tras el inicio de una fuerte tormenta de verano. La cruda realidad que se esconde bajo el caso sin resolver tendr\u00e1 una \u00fanica testigo que estar\u00e1 dispuesta a colaborar con Beth, pero no a cualquier precio. Ambas se ver\u00e1n arrastradas hacia las profundidades ocultas bajo la fachada de la vida p\u00fablica de la familia, una lucha por la supervivencia que terminar\u00e1 provocando el sacrificio del mundo que les rodea.\" \/>\n<meta property=\"og:url\" content=\"https:\/\/letrame.com\/catalogo\/producto\/la-madrugada-del-14-de-julio\/\" \/>\n<meta property=\"og:site_name\" content=\"Catalogo | Letrame Grupo Editorial\" \/>\n<meta property=\"og:image\" content=\"https:\/\/letrame.com\/catalogo\/wp-content\/uploads\/2024\/04\/Lamadrugadadel14dejulio-scaled-1.jpg\" \/>\n\t<meta property=\"og:image:width\" content=\"1746\" \/>\n\t<meta property=\"og:image:height\" content=\"2560\" \/>\n\t<meta property=\"og:image:type\" content=\"image\/jpeg\" \/>\n<meta name=\"twitter:card\" content=\"summary_large_image\" \/>\n<meta name=\"twitter:label1\" content=\"Tiempo de lectura\" \/>\n\t<meta name=\"twitter:data1\" content=\"1 minuto\" \/>\n<script type=\"application\/ld+json\" class=\"yoast-schema-graph\">{\"@context\":\"https:\\\/\\\/schema.org\",\"@graph\":[{\"@type\":\"WebPage\",\"@id\":\"https:\\\/\\\/letrame.com\\\/catalogo\\\/producto\\\/la-madrugada-del-14-de-julio\\\/\",\"url\":\"https:\\\/\\\/letrame.com\\\/catalogo\\\/producto\\\/la-madrugada-del-14-de-julio\\\/\",\"name\":\"La madrugada del 14 de julio - Catalogo | Letrame Grupo Editorial\",\"isPartOf\":{\"@id\":\"https:\\\/\\\/letrame.com\\\/catalogo\\\/#website\"},\"primaryImageOfPage\":{\"@id\":\"https:\\\/\\\/letrame.com\\\/catalogo\\\/producto\\\/la-madrugada-del-14-de-julio\\\/#primaryimage\"},\"image\":{\"@id\":\"https:\\\/\\\/letrame.com\\\/catalogo\\\/producto\\\/la-madrugada-del-14-de-julio\\\/#primaryimage\"},\"thumbnailUrl\":\"https:\\\/\\\/letrame.com\\\/catalogo\\\/wp-content\\\/uploads\\\/2024\\\/04\\\/Lamadrugadadel14dejulio-scaled-1.jpg\",\"datePublished\":\"2024-04-29T11:54:21+00:00\",\"breadcrumb\":{\"@id\":\"https:\\\/\\\/letrame.com\\\/catalogo\\\/producto\\\/la-madrugada-del-14-de-julio\\\/#breadcrumb\"},\"inLanguage\":\"es\",\"potentialAction\":[{\"@type\":\"ReadAction\",\"target\":[\"https:\\\/\\\/letrame.com\\\/catalogo\\\/producto\\\/la-madrugada-del-14-de-julio\\\/\"]}]},{\"@type\":\"ImageObject\",\"inLanguage\":\"es\",\"@id\":\"https:\\\/\\\/letrame.com\\\/catalogo\\\/producto\\\/la-madrugada-del-14-de-julio\\\/#primaryimage\",\"url\":\"https:\\\/\\\/letrame.com\\\/catalogo\\\/wp-content\\\/uploads\\\/2024\\\/04\\\/Lamadrugadadel14dejulio-scaled-1.jpg\",\"contentUrl\":\"https:\\\/\\\/letrame.com\\\/catalogo\\\/wp-content\\\/uploads\\\/2024\\\/04\\\/Lamadrugadadel14dejulio-scaled-1.jpg\",\"width\":1746,\"height\":2560},{\"@type\":\"BreadcrumbList\",\"@id\":\"https:\\\/\\\/letrame.com\\\/catalogo\\\/producto\\\/la-madrugada-del-14-de-julio\\\/#breadcrumb\",\"itemListElement\":[{\"@type\":\"ListItem\",\"position\":1,\"name\":\"Portada\",\"item\":\"https:\\\/\\\/letrame.com\\\/catalogo\\\/\"},{\"@type\":\"ListItem\",\"position\":2,\"name\":\"Cat\u00e1logo\",\"item\":\"https:\\\/\\\/letrame.com\\\/catalogo\\\/\"},{\"@type\":\"ListItem\",\"position\":3,\"name\":\"La madrugada del 14 de julio\"}]},{\"@type\":\"WebSite\",\"@id\":\"https:\\\/\\\/letrame.com\\\/catalogo\\\/#website\",\"url\":\"https:\\\/\\\/letrame.com\\\/catalogo\\\/\",\"name\":\"Catalogo | Letrame Grupo Editorial\",\"description\":\"\",\"publisher\":{\"@id\":\"https:\\\/\\\/letrame.com\\\/catalogo\\\/#organization\"},\"potentialAction\":[{\"@type\":\"SearchAction\",\"target\":{\"@type\":\"EntryPoint\",\"urlTemplate\":\"https:\\\/\\\/letrame.com\\\/catalogo\\\/?s={search_term_string}\"},\"query-input\":{\"@type\":\"PropertyValueSpecification\",\"valueRequired\":true,\"valueName\":\"search_term_string\"}}],\"inLanguage\":\"es\"},{\"@type\":\"Organization\",\"@id\":\"https:\\\/\\\/letrame.com\\\/catalogo\\\/#organization\",\"name\":\"Catalogo | Letrame Grupo Editorial\",\"url\":\"https:\\\/\\\/letrame.com\\\/catalogo\\\/\",\"logo\":{\"@type\":\"ImageObject\",\"inLanguage\":\"es\",\"@id\":\"https:\\\/\\\/letrame.com\\\/catalogo\\\/#\\\/schema\\\/logo\\\/image\\\/\",\"url\":\"https:\\\/\\\/letrame.com\\\/catalogo\\\/wp-content\\\/uploads\\\/2024\\\/03\\\/logo2.webp\",\"contentUrl\":\"https:\\\/\\\/letrame.com\\\/catalogo\\\/wp-content\\\/uploads\\\/2024\\\/03\\\/logo2.webp\",\"width\":394,\"height\":128,\"caption\":\"Catalogo | Letrame Grupo Editorial\"},\"image\":{\"@id\":\"https:\\\/\\\/letrame.com\\\/catalogo\\\/#\\\/schema\\\/logo\\\/image\\\/\"}}]}<\/script>\n<!-- \/ Yoast SEO plugin. -->","yoast_head_json":{"title":"La madrugada del 14 de julio - Catalogo | Letrame Grupo Editorial","robots":{"index":"index","follow":"follow","max-snippet":"max-snippet:-1","max-image-preview":"max-image-preview:large","max-video-preview":"max-video-preview:-1"},"canonical":"https:\/\/letrame.com\/catalogo\/producto\/la-madrugada-del-14-de-julio\/","og_locale":"es_ES","og_type":"article","og_title":"La madrugada del 14 de julio - Catalogo | Letrame Grupo Editorial","og_description":"ISBN: 978-84-1114-334-9 SINOPSIS Una serie de misteriosas desapariciones en la mansi\u00f3n de los Cloverfield empuja a Beth Warren, una periodista que necesita aprovechar la \u00faltima oportunidad que el destino le ha otorgado, a adentrarse en el peligro que conlleva pasar la noche como la invitada sorpresa tras el inicio de una fuerte tormenta de verano. La cruda realidad que se esconde bajo el caso sin resolver tendr\u00e1 una \u00fanica testigo que estar\u00e1 dispuesta a colaborar con Beth, pero no a cualquier precio. Ambas se ver\u00e1n arrastradas hacia las profundidades ocultas bajo la fachada de la vida p\u00fablica de la familia, una lucha por la supervivencia que terminar\u00e1 provocando el sacrificio del mundo que les rodea.","og_url":"https:\/\/letrame.com\/catalogo\/producto\/la-madrugada-del-14-de-julio\/","og_site_name":"Catalogo | Letrame Grupo Editorial","og_image":[{"width":1746,"height":2560,"url":"https:\/\/letrame.com\/catalogo\/wp-content\/uploads\/2024\/04\/Lamadrugadadel14dejulio-scaled-1.jpg","type":"image\/jpeg"}],"twitter_card":"summary_large_image","twitter_misc":{"Tiempo de lectura":"1 minuto"},"schema":{"@context":"https:\/\/schema.org","@graph":[{"@type":"WebPage","@id":"https:\/\/letrame.com\/catalogo\/producto\/la-madrugada-del-14-de-julio\/","url":"https:\/\/letrame.com\/catalogo\/producto\/la-madrugada-del-14-de-julio\/","name":"La madrugada del 14 de julio - Catalogo | Letrame Grupo Editorial","isPartOf":{"@id":"https:\/\/letrame.com\/catalogo\/#website"},"primaryImageOfPage":{"@id":"https:\/\/letrame.com\/catalogo\/producto\/la-madrugada-del-14-de-julio\/#primaryimage"},"image":{"@id":"https:\/\/letrame.com\/catalogo\/producto\/la-madrugada-del-14-de-julio\/#primaryimage"},"thumbnailUrl":"https:\/\/letrame.com\/catalogo\/wp-content\/uploads\/2024\/04\/Lamadrugadadel14dejulio-scaled-1.jpg","datePublished":"2024-04-29T11:54:21+00:00","breadcrumb":{"@id":"https:\/\/letrame.com\/catalogo\/producto\/la-madrugada-del-14-de-julio\/#breadcrumb"},"inLanguage":"es","potentialAction":[{"@type":"ReadAction","target":["https:\/\/letrame.com\/catalogo\/producto\/la-madrugada-del-14-de-julio\/"]}]},{"@type":"ImageObject","inLanguage":"es","@id":"https:\/\/letrame.com\/catalogo\/producto\/la-madrugada-del-14-de-julio\/#primaryimage","url":"https:\/\/letrame.com\/catalogo\/wp-content\/uploads\/2024\/04\/Lamadrugadadel14dejulio-scaled-1.jpg","contentUrl":"https:\/\/letrame.com\/catalogo\/wp-content\/uploads\/2024\/04\/Lamadrugadadel14dejulio-scaled-1.jpg","width":1746,"height":2560},{"@type":"BreadcrumbList","@id":"https:\/\/letrame.com\/catalogo\/producto\/la-madrugada-del-14-de-julio\/#breadcrumb","itemListElement":[{"@type":"ListItem","position":1,"name":"Portada","item":"https:\/\/letrame.com\/catalogo\/"},{"@type":"ListItem","position":2,"name":"Cat\u00e1logo","item":"https:\/\/letrame.com\/catalogo\/"},{"@type":"ListItem","position":3,"name":"La madrugada del 14 de julio"}]},{"@type":"WebSite","@id":"https:\/\/letrame.com\/catalogo\/#website","url":"https:\/\/letrame.com\/catalogo\/","name":"Catalogo | Letrame Grupo Editorial","description":"","publisher":{"@id":"https:\/\/letrame.com\/catalogo\/#organization"},"potentialAction":[{"@type":"SearchAction","target":{"@type":"EntryPoint","urlTemplate":"https:\/\/letrame.com\/catalogo\/?s={search_term_string}"},"query-input":{"@type":"PropertyValueSpecification","valueRequired":true,"valueName":"search_term_string"}}],"inLanguage":"es"},{"@type":"Organization","@id":"https:\/\/letrame.com\/catalogo\/#organization","name":"Catalogo | Letrame Grupo Editorial","url":"https:\/\/letrame.com\/catalogo\/","logo":{"@type":"ImageObject","inLanguage":"es","@id":"https:\/\/letrame.com\/catalogo\/#\/schema\/logo\/image\/","url":"https:\/\/letrame.com\/catalogo\/wp-content\/uploads\/2024\/03\/logo2.webp","contentUrl":"https:\/\/letrame.com\/catalogo\/wp-content\/uploads\/2024\/03\/logo2.webp","width":394,"height":128,"caption":"Catalogo | Letrame Grupo Editorial"},"image":{"@id":"https:\/\/letrame.com\/catalogo\/#\/schema\/logo\/image\/"}}]}},"_links":{"self":[{"href":"https:\/\/letrame.com\/catalogo\/wp-json\/wp\/v2\/product\/97408","targetHints":{"allow":["GET"]}}],"collection":[{"href":"https:\/\/letrame.com\/catalogo\/wp-json\/wp\/v2\/product"}],"about":[{"href":"https:\/\/letrame.com\/catalogo\/wp-json\/wp\/v2\/types\/product"}],"replies":[{"embeddable":true,"href":"https:\/\/letrame.com\/catalogo\/wp-json\/wp\/v2\/comments?post=97408"}],"acf:post":[{"embeddable":true,"href":"https:\/\/letrame.com\/catalogo\/wp-json\/wp\/v2\/author_book\/75990"}],"wp:featuredmedia":[{"embeddable":true,"href":"https:\/\/letrame.com\/catalogo\/wp-json\/wp\/v2\/media\/97409"}],"wp:attachment":[{"href":"https:\/\/letrame.com\/catalogo\/wp-json\/wp\/v2\/media?parent=97408"}],"wp:term":[{"taxonomy":"libro","embeddable":true,"href":"https:\/\/letrame.com\/catalogo\/wp-json\/wp\/v2\/libro?post=97408"},{"taxonomy":"product_brand","embeddable":true,"href":"https:\/\/letrame.com\/catalogo\/wp-json\/wp\/v2\/product_brand?post=97408"},{"taxonomy":"product_cat","embeddable":true,"href":"https:\/\/letrame.com\/catalogo\/wp-json\/wp\/v2\/product_cat?post=97408"},{"taxonomy":"product_tag","embeddable":true,"href":"https:\/\/letrame.com\/catalogo\/wp-json\/wp\/v2\/product_tag?post=97408"}],"curies":[{"name":"wp","href":"https:\/\/api.w.org\/{rel}","templated":true}]}}