{"id":97363,"date":"2024-04-29T13:45:18","date_gmt":"2024-04-29T11:45:18","guid":{"rendered":"https:\/\/letrame.com\/catalogo\/producto\/el-vuelo-de-paloma\/"},"modified":"2024-08-16T11:13:51","modified_gmt":"2024-08-16T09:13:51","slug":"el-vuelo-de-paloma","status":"publish","type":"product","link":"https:\/\/letrame.com\/catalogo\/producto\/el-vuelo-de-paloma\/","title":{"rendered":"El vuelo de Paloma"},"content":{"rendered":"<div class=\"page\" title=\"Page 6\">\n<div class=\"layoutArea\">\n<div class=\"column\">\n<p><strong>ISBN: 978-84-1114-298-4<\/strong><\/p>\n<\/div>\n<\/div>\n<\/div>\n<p><b>T\u00edtulo<\/b><span style=\"font-weight: 400;\">: El vuelo de Paloma<\/span><span style=\"font-weight: 400;\"><br \/>\n<\/span><b>Fecha<\/b><span style=\"font-weight: 400;\">: 2021<\/span><span style=\"font-weight: 400;\"><br \/>\n<\/span><b>P\u00e1ginas<\/b><span style=\"font-weight: 400;\">: 370<\/span><\/p>\n<p><b>SINOPSIS<\/b><\/p>\n<p>Tras la muerte de Mari Luz, su hija Paloma encuentra un cuaderno escrito por esta. Todo parece indicar que su madre lo dej\u00f3 all\u00ed para que ella lo viera. A medida que avanza en la lectura del cuaderno, Paloma siente que todo su mundo se tambalea.<\/p>\n<p>Lo escrito en esta especie de memorias parece pertenecer a alguien totalmente desconocido para ella. Paralelamente, a trav\u00e9s de ciertas conversaciones, va descubriendo historias que cada vez le presentan una verdad m\u00e1s alejada del que siempre crey\u00f3 su mundo: Un amor secreto, una mujer apasionada y sensual que nada tiene que ver con la mujer comedida que siempre pareci\u00f3 ser, historias que parece que conocen todos excepto sus protagonistas.<\/p>\n<p>\u00bfEra as\u00ed su madre realmente, tan distinta, tan contradictoria? \u00bfQu\u00e9 hac\u00eda aquel vestido verde de seda entre su sobrio vestuario? \u00bfPor qu\u00e9 acab\u00f3 la relaci\u00f3n entre su familia y la de Augusto Fresneda? \u00bfDe qu\u00e9 muri\u00f3 realmente? \u00bfFue realmente una muerte natural? Paloma sabe que no podr\u00e1 abandonar ese mundo ya extra\u00f1o para ella sin resolver estos enigmas.<\/p>\n<p>Es una novela de amor con pinceladas hist\u00f3ricas y algunos enigmas. Una novela compleja que aborda, entre otros, temas como la complejidad de las relaciones humanas, los prejuicios, la tendencia a cerrar los ojos ante lo inc\u00f3modo o inaceptable y c\u00f3mo ciertas decisiones o acontecimientos cambian el resto de nuestras vidas y determinan nuestro destino.<\/p>\n","protected":false},"excerpt":{"rendered":"<p><strong>ISBN: 978-84-1114-298-4<\/strong><\/p>\n<p><b>SINOPSIS<\/b><\/p>\n<p>Tras la muerte de Mari Luz, su hija Paloma encuentra un cuaderno escrito por esta. Todo parece indicar que su madre lo dej\u00f3 all\u00ed para que ella lo viera. A medida que avanza en la lectura del cuaderno, Paloma siente que todo su mundo se tambalea.<\/p>\n<p>Lo escrito en esta especie de memorias parece pertenecer a alguien totalmente desconocido para ella. Paralelamente, a trav\u00e9s de ciertas conversaciones, va descubriendo historias que cada vez le presentan una verdad m\u00e1s alejada del que siempre crey\u00f3 su mundo: Un amor secreto, una mujer apasionada y sensual que nada tiene que ver con la mujer comedida que siempre pareci\u00f3 ser, historias que parece que conocen todos excepto sus protagonistas.<\/p>\n<p>\u00bfEra as\u00ed su madre realmente, tan distinta, tan contradictoria? \u00bfQu\u00e9 hac\u00eda aquel vestido verde de seda entre su sobrio vestuario? \u00bfPor qu\u00e9 acab\u00f3 la relaci\u00f3n entre su familia y la de Augusto Fresneda? \u00bfDe qu\u00e9 muri\u00f3 realmente? \u00bfFue realmente una muerte natural? Paloma sabe que no podr\u00e1 abandonar ese mundo ya extra\u00f1o para ella sin resolver estos enigmas.<\/p>\n<p>Es una novela de amor con pinceladas hist\u00f3ricas y algunos enigmas. Una novela compleja que aborda, entre otros, temas como la complejidad de las relaciones humanas, los prejuicios, la tendencia a cerrar los ojos ante lo inc\u00f3modo o inaceptable y c\u00f3mo ciertas decisiones o acontecimientos cambian el resto de nuestras vidas y determinan nuestro destino.<\/p>\n","protected":false},"featured_media":97364,"comment_status":"closed","ping_status":"closed","template":"","meta":{"_acf_changed":false},"libro":[],"product_brand":[],"product_cat":[16],"product_tag":[],"class_list":{"0":"post-97363","1":"product","2":"type-product","3":"status-publish","4":"has-post-thumbnail","6":"product_cat-novela","8":"first","9":"instock","10":"purchasable","11":"product-type-simple"},"acf":{"autor":[105695],"enlace_de_compra":"https:\/\/amzn.to\/4fF50oK"},"yoast_head":"<!-- This site is optimized with the Yoast SEO plugin v27.4 - https:\/\/yoast.com\/product\/yoast-seo-wordpress\/ -->\n<title>El vuelo de Paloma - Catalogo | Letrame Grupo Editorial<\/title>\n<meta name=\"robots\" content=\"index, follow, max-snippet:-1, max-image-preview:large, max-video-preview:-1\" \/>\n<link rel=\"canonical\" href=\"https:\/\/letrame.com\/catalogo\/producto\/el-vuelo-de-paloma\/\" \/>\n<meta property=\"og:locale\" content=\"es_ES\" \/>\n<meta property=\"og:type\" content=\"article\" \/>\n<meta property=\"og:title\" content=\"El vuelo de Paloma - Catalogo | Letrame Grupo Editorial\" \/>\n<meta property=\"og:description\" content=\"ISBN: 978-84-1114-298-4  SINOPSIS  Tras la muerte de Mari Luz, su hija Paloma encuentra un cuaderno escrito por esta. Todo parece indicar que su madre lo dej\u00f3 all\u00ed para que ella lo viera. A medida que avanza en la lectura del cuaderno, Paloma siente que todo su mundo se tambalea.  Lo escrito en esta especie de memorias parece pertenecer a alguien totalmente desconocido para ella. Paralelamente, a trav\u00e9s de ciertas conversaciones, va descubriendo historias que cada vez le presentan una verdad m\u00e1s alejada del que siempre crey\u00f3 su mundo: Un amor secreto, una mujer apasionada y sensual que nada tiene que ver con la mujer comedida que siempre pareci\u00f3 ser, historias que parece que conocen todos excepto sus protagonistas.  \u00bfEra as\u00ed su madre realmente, tan distinta, tan contradictoria? \u00bfQu\u00e9 hac\u00eda aquel vestido verde de seda entre su sobrio vestuario? \u00bfPor qu\u00e9 acab\u00f3 la relaci\u00f3n entre su familia y la de Augusto Fresneda? \u00bfDe qu\u00e9 muri\u00f3 realmente? \u00bfFue realmente una muerte natural? Paloma sabe que no podr\u00e1 abandonar ese mundo ya extra\u00f1o para ella sin resolver estos enigmas.  Es una novela de amor con pinceladas hist\u00f3ricas y algunos enigmas. Una novela compleja que aborda, entre otros, temas como la complejidad de las relaciones humanas, los prejuicios, la tendencia a cerrar los ojos ante lo inc\u00f3modo o inaceptable y c\u00f3mo ciertas decisiones o acontecimientos cambian el resto de nuestras vidas y determinan nuestro destino.\" \/>\n<meta property=\"og:url\" content=\"https:\/\/letrame.com\/catalogo\/producto\/el-vuelo-de-paloma\/\" \/>\n<meta property=\"og:site_name\" content=\"Catalogo | Letrame Grupo Editorial\" \/>\n<meta property=\"article:modified_time\" content=\"2024-08-16T09:13:51+00:00\" \/>\n<meta property=\"og:image\" content=\"https:\/\/letrame.com\/catalogo\/wp-content\/uploads\/2024\/04\/El-vuelo-de-Paloma-scaled-1.jpeg\" \/>\n\t<meta property=\"og:image:width\" content=\"1746\" \/>\n\t<meta property=\"og:image:height\" content=\"2560\" \/>\n\t<meta property=\"og:image:type\" content=\"image\/jpeg\" \/>\n<meta name=\"twitter:card\" content=\"summary_large_image\" \/>\n<meta name=\"twitter:label1\" content=\"Tiempo de lectura\" \/>\n\t<meta name=\"twitter:data1\" content=\"2 minutos\" \/>\n<script type=\"application\/ld+json\" class=\"yoast-schema-graph\">{\"@context\":\"https:\\\/\\\/schema.org\",\"@graph\":[{\"@type\":\"WebPage\",\"@id\":\"https:\\\/\\\/letrame.com\\\/catalogo\\\/producto\\\/el-vuelo-de-paloma\\\/\",\"url\":\"https:\\\/\\\/letrame.com\\\/catalogo\\\/producto\\\/el-vuelo-de-paloma\\\/\",\"name\":\"El vuelo de Paloma - Catalogo | Letrame Grupo Editorial\",\"isPartOf\":{\"@id\":\"https:\\\/\\\/letrame.com\\\/catalogo\\\/#website\"},\"primaryImageOfPage\":{\"@id\":\"https:\\\/\\\/letrame.com\\\/catalogo\\\/producto\\\/el-vuelo-de-paloma\\\/#primaryimage\"},\"image\":{\"@id\":\"https:\\\/\\\/letrame.com\\\/catalogo\\\/producto\\\/el-vuelo-de-paloma\\\/#primaryimage\"},\"thumbnailUrl\":\"https:\\\/\\\/letrame.com\\\/catalogo\\\/wp-content\\\/uploads\\\/2024\\\/04\\\/El-vuelo-de-Paloma-scaled-1.jpeg\",\"datePublished\":\"2024-04-29T11:45:18+00:00\",\"dateModified\":\"2024-08-16T09:13:51+00:00\",\"breadcrumb\":{\"@id\":\"https:\\\/\\\/letrame.com\\\/catalogo\\\/producto\\\/el-vuelo-de-paloma\\\/#breadcrumb\"},\"inLanguage\":\"es\",\"potentialAction\":[{\"@type\":\"ReadAction\",\"target\":[\"https:\\\/\\\/letrame.com\\\/catalogo\\\/producto\\\/el-vuelo-de-paloma\\\/\"]}]},{\"@type\":\"ImageObject\",\"inLanguage\":\"es\",\"@id\":\"https:\\\/\\\/letrame.com\\\/catalogo\\\/producto\\\/el-vuelo-de-paloma\\\/#primaryimage\",\"url\":\"https:\\\/\\\/letrame.com\\\/catalogo\\\/wp-content\\\/uploads\\\/2024\\\/04\\\/El-vuelo-de-Paloma-scaled-1.jpeg\",\"contentUrl\":\"https:\\\/\\\/letrame.com\\\/catalogo\\\/wp-content\\\/uploads\\\/2024\\\/04\\\/El-vuelo-de-Paloma-scaled-1.jpeg\",\"width\":1746,\"height\":2560},{\"@type\":\"BreadcrumbList\",\"@id\":\"https:\\\/\\\/letrame.com\\\/catalogo\\\/producto\\\/el-vuelo-de-paloma\\\/#breadcrumb\",\"itemListElement\":[{\"@type\":\"ListItem\",\"position\":1,\"name\":\"Portada\",\"item\":\"https:\\\/\\\/letrame.com\\\/catalogo\\\/\"},{\"@type\":\"ListItem\",\"position\":2,\"name\":\"Cat\u00e1logo\",\"item\":\"https:\\\/\\\/letrame.com\\\/catalogo\\\/\"},{\"@type\":\"ListItem\",\"position\":3,\"name\":\"El vuelo de Paloma\"}]},{\"@type\":\"WebSite\",\"@id\":\"https:\\\/\\\/letrame.com\\\/catalogo\\\/#website\",\"url\":\"https:\\\/\\\/letrame.com\\\/catalogo\\\/\",\"name\":\"Catalogo | Letrame Grupo Editorial\",\"description\":\"\",\"publisher\":{\"@id\":\"https:\\\/\\\/letrame.com\\\/catalogo\\\/#organization\"},\"potentialAction\":[{\"@type\":\"SearchAction\",\"target\":{\"@type\":\"EntryPoint\",\"urlTemplate\":\"https:\\\/\\\/letrame.com\\\/catalogo\\\/?s={search_term_string}\"},\"query-input\":{\"@type\":\"PropertyValueSpecification\",\"valueRequired\":true,\"valueName\":\"search_term_string\"}}],\"inLanguage\":\"es\"},{\"@type\":\"Organization\",\"@id\":\"https:\\\/\\\/letrame.com\\\/catalogo\\\/#organization\",\"name\":\"Catalogo | Letrame Grupo Editorial\",\"url\":\"https:\\\/\\\/letrame.com\\\/catalogo\\\/\",\"logo\":{\"@type\":\"ImageObject\",\"inLanguage\":\"es\",\"@id\":\"https:\\\/\\\/letrame.com\\\/catalogo\\\/#\\\/schema\\\/logo\\\/image\\\/\",\"url\":\"https:\\\/\\\/letrame.com\\\/catalogo\\\/wp-content\\\/uploads\\\/2024\\\/03\\\/logo2.webp\",\"contentUrl\":\"https:\\\/\\\/letrame.com\\\/catalogo\\\/wp-content\\\/uploads\\\/2024\\\/03\\\/logo2.webp\",\"width\":394,\"height\":128,\"caption\":\"Catalogo | Letrame Grupo Editorial\"},\"image\":{\"@id\":\"https:\\\/\\\/letrame.com\\\/catalogo\\\/#\\\/schema\\\/logo\\\/image\\\/\"}}]}<\/script>\n<!-- \/ Yoast SEO plugin. -->","yoast_head_json":{"title":"El vuelo de Paloma - Catalogo | Letrame Grupo Editorial","robots":{"index":"index","follow":"follow","max-snippet":"max-snippet:-1","max-image-preview":"max-image-preview:large","max-video-preview":"max-video-preview:-1"},"canonical":"https:\/\/letrame.com\/catalogo\/producto\/el-vuelo-de-paloma\/","og_locale":"es_ES","og_type":"article","og_title":"El vuelo de Paloma - Catalogo | Letrame Grupo Editorial","og_description":"ISBN: 978-84-1114-298-4  SINOPSIS  Tras la muerte de Mari Luz, su hija Paloma encuentra un cuaderno escrito por esta. Todo parece indicar que su madre lo dej\u00f3 all\u00ed para que ella lo viera. A medida que avanza en la lectura del cuaderno, Paloma siente que todo su mundo se tambalea.  Lo escrito en esta especie de memorias parece pertenecer a alguien totalmente desconocido para ella. Paralelamente, a trav\u00e9s de ciertas conversaciones, va descubriendo historias que cada vez le presentan una verdad m\u00e1s alejada del que siempre crey\u00f3 su mundo: Un amor secreto, una mujer apasionada y sensual que nada tiene que ver con la mujer comedida que siempre pareci\u00f3 ser, historias que parece que conocen todos excepto sus protagonistas.  \u00bfEra as\u00ed su madre realmente, tan distinta, tan contradictoria? \u00bfQu\u00e9 hac\u00eda aquel vestido verde de seda entre su sobrio vestuario? \u00bfPor qu\u00e9 acab\u00f3 la relaci\u00f3n entre su familia y la de Augusto Fresneda? \u00bfDe qu\u00e9 muri\u00f3 realmente? \u00bfFue realmente una muerte natural? Paloma sabe que no podr\u00e1 abandonar ese mundo ya extra\u00f1o para ella sin resolver estos enigmas.  Es una novela de amor con pinceladas hist\u00f3ricas y algunos enigmas. Una novela compleja que aborda, entre otros, temas como la complejidad de las relaciones humanas, los prejuicios, la tendencia a cerrar los ojos ante lo inc\u00f3modo o inaceptable y c\u00f3mo ciertas decisiones o acontecimientos cambian el resto de nuestras vidas y determinan nuestro destino.","og_url":"https:\/\/letrame.com\/catalogo\/producto\/el-vuelo-de-paloma\/","og_site_name":"Catalogo | Letrame Grupo Editorial","article_modified_time":"2024-08-16T09:13:51+00:00","og_image":[{"width":1746,"height":2560,"url":"https:\/\/letrame.com\/catalogo\/wp-content\/uploads\/2024\/04\/El-vuelo-de-Paloma-scaled-1.jpeg","type":"image\/jpeg"}],"twitter_card":"summary_large_image","twitter_misc":{"Tiempo de lectura":"2 minutos"},"schema":{"@context":"https:\/\/schema.org","@graph":[{"@type":"WebPage","@id":"https:\/\/letrame.com\/catalogo\/producto\/el-vuelo-de-paloma\/","url":"https:\/\/letrame.com\/catalogo\/producto\/el-vuelo-de-paloma\/","name":"El vuelo de Paloma - Catalogo | Letrame Grupo Editorial","isPartOf":{"@id":"https:\/\/letrame.com\/catalogo\/#website"},"primaryImageOfPage":{"@id":"https:\/\/letrame.com\/catalogo\/producto\/el-vuelo-de-paloma\/#primaryimage"},"image":{"@id":"https:\/\/letrame.com\/catalogo\/producto\/el-vuelo-de-paloma\/#primaryimage"},"thumbnailUrl":"https:\/\/letrame.com\/catalogo\/wp-content\/uploads\/2024\/04\/El-vuelo-de-Paloma-scaled-1.jpeg","datePublished":"2024-04-29T11:45:18+00:00","dateModified":"2024-08-16T09:13:51+00:00","breadcrumb":{"@id":"https:\/\/letrame.com\/catalogo\/producto\/el-vuelo-de-paloma\/#breadcrumb"},"inLanguage":"es","potentialAction":[{"@type":"ReadAction","target":["https:\/\/letrame.com\/catalogo\/producto\/el-vuelo-de-paloma\/"]}]},{"@type":"ImageObject","inLanguage":"es","@id":"https:\/\/letrame.com\/catalogo\/producto\/el-vuelo-de-paloma\/#primaryimage","url":"https:\/\/letrame.com\/catalogo\/wp-content\/uploads\/2024\/04\/El-vuelo-de-Paloma-scaled-1.jpeg","contentUrl":"https:\/\/letrame.com\/catalogo\/wp-content\/uploads\/2024\/04\/El-vuelo-de-Paloma-scaled-1.jpeg","width":1746,"height":2560},{"@type":"BreadcrumbList","@id":"https:\/\/letrame.com\/catalogo\/producto\/el-vuelo-de-paloma\/#breadcrumb","itemListElement":[{"@type":"ListItem","position":1,"name":"Portada","item":"https:\/\/letrame.com\/catalogo\/"},{"@type":"ListItem","position":2,"name":"Cat\u00e1logo","item":"https:\/\/letrame.com\/catalogo\/"},{"@type":"ListItem","position":3,"name":"El vuelo de Paloma"}]},{"@type":"WebSite","@id":"https:\/\/letrame.com\/catalogo\/#website","url":"https:\/\/letrame.com\/catalogo\/","name":"Catalogo | Letrame Grupo Editorial","description":"","publisher":{"@id":"https:\/\/letrame.com\/catalogo\/#organization"},"potentialAction":[{"@type":"SearchAction","target":{"@type":"EntryPoint","urlTemplate":"https:\/\/letrame.com\/catalogo\/?s={search_term_string}"},"query-input":{"@type":"PropertyValueSpecification","valueRequired":true,"valueName":"search_term_string"}}],"inLanguage":"es"},{"@type":"Organization","@id":"https:\/\/letrame.com\/catalogo\/#organization","name":"Catalogo | Letrame Grupo Editorial","url":"https:\/\/letrame.com\/catalogo\/","logo":{"@type":"ImageObject","inLanguage":"es","@id":"https:\/\/letrame.com\/catalogo\/#\/schema\/logo\/image\/","url":"https:\/\/letrame.com\/catalogo\/wp-content\/uploads\/2024\/03\/logo2.webp","contentUrl":"https:\/\/letrame.com\/catalogo\/wp-content\/uploads\/2024\/03\/logo2.webp","width":394,"height":128,"caption":"Catalogo | Letrame Grupo Editorial"},"image":{"@id":"https:\/\/letrame.com\/catalogo\/#\/schema\/logo\/image\/"}}]}},"_links":{"self":[{"href":"https:\/\/letrame.com\/catalogo\/wp-json\/wp\/v2\/product\/97363","targetHints":{"allow":["GET"]}}],"collection":[{"href":"https:\/\/letrame.com\/catalogo\/wp-json\/wp\/v2\/product"}],"about":[{"href":"https:\/\/letrame.com\/catalogo\/wp-json\/wp\/v2\/types\/product"}],"replies":[{"embeddable":true,"href":"https:\/\/letrame.com\/catalogo\/wp-json\/wp\/v2\/comments?post=97363"}],"acf:post":[{"embeddable":true,"href":"https:\/\/letrame.com\/catalogo\/wp-json\/wp\/v2\/author_book\/105695"}],"wp:featuredmedia":[{"embeddable":true,"href":"https:\/\/letrame.com\/catalogo\/wp-json\/wp\/v2\/media\/97364"}],"wp:attachment":[{"href":"https:\/\/letrame.com\/catalogo\/wp-json\/wp\/v2\/media?parent=97363"}],"wp:term":[{"taxonomy":"libro","embeddable":true,"href":"https:\/\/letrame.com\/catalogo\/wp-json\/wp\/v2\/libro?post=97363"},{"taxonomy":"product_brand","embeddable":true,"href":"https:\/\/letrame.com\/catalogo\/wp-json\/wp\/v2\/product_brand?post=97363"},{"taxonomy":"product_cat","embeddable":true,"href":"https:\/\/letrame.com\/catalogo\/wp-json\/wp\/v2\/product_cat?post=97363"},{"taxonomy":"product_tag","embeddable":true,"href":"https:\/\/letrame.com\/catalogo\/wp-json\/wp\/v2\/product_tag?post=97363"}],"curies":[{"name":"wp","href":"https:\/\/api.w.org\/{rel}","templated":true}]}}