{"id":97266,"date":"2024-04-29T13:27:09","date_gmt":"2024-04-29T11:27:09","guid":{"rendered":"https:\/\/letrame.com\/catalogo\/producto\/atrapado-en-la-tormenta\/"},"modified":"2024-04-29T13:27:09","modified_gmt":"2024-04-29T11:27:09","slug":"atrapado-en-la-tormenta","status":"publish","type":"product","link":"https:\/\/letrame.com\/catalogo\/producto\/atrapado-en-la-tormenta\/","title":{"rendered":"Atrapado en la tormenta"},"content":{"rendered":"<div class=\"page\" title=\"Page 6\">\n<div class=\"layoutArea\">\n<div class=\"column\">\n<p><strong>ISBN:<\/strong> 978-84-1114-247-2<\/p>\n<\/div>\n<\/div>\n<\/div>\n<p><b>T\u00edtulo<\/b><span style=\"font-weight: 400;\">: <span data-sheets-value=\"{&quot;1&quot;:2,&quot;2&quot;:&quot;Atrapado en la tormenta&quot;}\" data-sheets-userformat=\"{&quot;2&quot;:579,&quot;3&quot;:{&quot;1&quot;:0},&quot;4&quot;:{&quot;1&quot;:2,&quot;2&quot;:16777215},&quot;9&quot;:1,&quot;12&quot;:0}\">Atrapado en la tormenta<\/span><\/span><span style=\"font-weight: 400;\"><br \/>\n<\/span><b>Fecha<\/b><span style=\"font-weight: 400;\">: 2021<\/span><span style=\"font-weight: 400;\"><br \/>\n<\/span><b>P\u00e1ginas<\/b><span style=\"font-weight: 400;\">: 244<\/span><\/p>\n<p><b>SINOPSIS<\/b><\/p>\n<p>Desde el mismo d\u00eda de su nacimiento (Madagascar, siglo 29) Eknur se siente atra\u00eddo fuertemente por la luz. Una extrema sensibilidad innata le ayuda a percibir en ella sensaciones ocultas a los ojos de los dem\u00e1s. De ah\u00ed que esta sea su refugio, el ancla a la que se agarra en medio de sus dificultades.<\/p>\n<p>Lejos de su padre y en compa\u00f1\u00eda de su supersticiosa madre Tylune y de sus dos hermanos, Endo y M\u00e1rolin, busca amparo en el resplandor del fuego, en el sol, en los rayos\u2026, y en sus imaginarios viajes espaciales, en los que encuentra toda clase de fant\u00e1sticos mundos y agrupaciones lum\u00ednicas. L\u00f3tar, sin embargo, no tardar\u00e1 en aparecer para amargarle la vida.<\/p>\n<p>Despu\u00e9s de una terrible cat\u00e1strofe natural y de un r\u00e1pido discernimiento ingresa en el pintoresco monasterio de Isandel, regido por un sistema matriarcal que acoge a religiosos de las m\u00e1s diversas creencias. All\u00ed, no solo crece en sabidur\u00eda bajo las ense\u00f1anzas de Irina y Ralgal sino que, inmerso en una tormenta emocional, descubrir\u00e1 los m\u00e1s profundos matices del amor.<\/p>\n<p>Por \u00faltimo, por medio de su amigo Yalala, el ermita\u00f1o, conoce los Evangelios de Nuestro Se\u00f1or Jesucristo y, posteriormente, la luz de Jes\u00fas, la que da un sentido definitivo a su vida. Crear\u00e1 una Fundaci\u00f3n de ayuda a hu\u00e9rfanos y necesitados y llegado el d\u00eda de su muerte nos sorprender\u00e1 con un inesperado final que invita a reflexionar sobre la vida y el m\u00e1s all\u00e1.<\/p>\n","protected":false},"excerpt":{"rendered":"<div class=\"page\" title=\"Page 6\">\n<div class=\"layoutArea\">\n<div class=\"column\">\n<p><strong>ISBN: 978-84-1114-247-2<\/strong><\/p>\n<\/div>\n<\/div>\n<\/div>\n<p>Desde el mismo d\u00eda de su nacimiento (Madagascar, siglo 29) Eknur se siente atra\u00eddo fuertemente por la luz. Una extrema sensibilidad innata le ayuda a percibir en ella sensaciones ocultas a los ojos de los dem\u00e1s. De ah\u00ed que esta sea su refugio, el ancla a la que se agarra en medio de sus dificultades.<\/p>\n<p>Lejos de su padre y en compa\u00f1\u00eda de su supersticiosa madre Tylune y de sus dos hermanos, Endo y M\u00e1rolin, busca amparo en el resplandor del fuego, en el sol, en los rayos\u2026, y en sus imaginarios viajes espaciales, en los que encuentra toda clase de fant\u00e1sticos mundos y agrupaciones lum\u00ednicas. L\u00f3tar, sin embargo, no tardar\u00e1 en aparecer para amargarle la vida.<\/p>\n<p>Despu\u00e9s de una terrible cat\u00e1strofe natural y de un r\u00e1pido discernimiento ingresa en el pintoresco monasterio de Isandel, regido por un sistema matriarcal que acoge a religiosos de las m\u00e1s diversas creencias. All\u00ed, no solo crece en sabidur\u00eda bajo las ense\u00f1anzas de Irina y Ralgal sino que, inmerso en una tormenta emocional, descubrir\u00e1 los m\u00e1s profundos matices del amor.<\/p>\n<p>Por \u00faltimo, por medio de su amigo Yalala, el ermita\u00f1o, conoce los Evangelios de Nuestro Se\u00f1or Jesucristo y, posteriormente, la luz de Jes\u00fas, la que da un sentido definitivo a su vida. Crear\u00e1 una Fundaci\u00f3n de ayuda a hu\u00e9rfanos y necesitados y llegado el d\u00eda de su muerte nos sorprender\u00e1 con un inesperado final que invita a reflexionar sobre la vida y el m\u00e1s all\u00e1.<\/p>\n","protected":false},"featured_media":97267,"comment_status":"closed","ping_status":"open","template":"","meta":{"_acf_changed":false},"libro":[],"product_brand":[],"product_cat":[16],"product_tag":[],"class_list":{"0":"post-97266","1":"product","2":"type-product","3":"status-publish","4":"has-post-thumbnail","6":"product_cat-novela","8":"first","9":"instock","10":"purchasable","11":"product-type-simple"},"acf":{"autor":[75869],"enlace_de_compra":""},"yoast_head":"<!-- This site is optimized with the Yoast SEO plugin v27.4 - https:\/\/yoast.com\/product\/yoast-seo-wordpress\/ -->\n<title>Atrapado en la tormenta - Catalogo | Letrame Grupo Editorial<\/title>\n<meta name=\"robots\" content=\"index, follow, max-snippet:-1, max-image-preview:large, max-video-preview:-1\" \/>\n<link rel=\"canonical\" href=\"https:\/\/letrame.com\/catalogo\/producto\/atrapado-en-la-tormenta\/\" \/>\n<meta property=\"og:locale\" content=\"es_ES\" \/>\n<meta property=\"og:type\" content=\"article\" \/>\n<meta property=\"og:title\" content=\"Atrapado en la tormenta - Catalogo | Letrame Grupo Editorial\" \/>\n<meta property=\"og:description\" content=\"ISBN: 978-84-1114-247-2   Desde el mismo d\u00eda de su nacimiento (Madagascar, siglo 29) Eknur se siente atra\u00eddo fuertemente por la luz. Una extrema sensibilidad innata le ayuda a percibir en ella sensaciones ocultas a los ojos de los dem\u00e1s. De ah\u00ed que esta sea su refugio, el ancla a la que se agarra en medio de sus dificultades. Lejos de su padre y en compa\u00f1\u00eda de su supersticiosa madre Tylune y de sus dos hermanos, Endo y M\u00e1rolin, busca amparo en el resplandor del fuego, en el sol, en los rayos\u2026, y en sus imaginarios viajes espaciales, en los que encuentra toda clase de fant\u00e1sticos mundos y agrupaciones lum\u00ednicas. L\u00f3tar, sin embargo, no tardar\u00e1 en aparecer para amargarle la vida. Despu\u00e9s de una terrible cat\u00e1strofe natural y de un r\u00e1pido discernimiento ingresa en el pintoresco monasterio de Isandel, regido por un sistema matriarcal que acoge a religiosos de las m\u00e1s diversas creencias. All\u00ed, no solo crece en sabidur\u00eda bajo las ense\u00f1anzas de Irina y Ralgal sino que, inmerso en una tormenta emocional, descubrir\u00e1 los m\u00e1s profundos matices del amor. Por \u00faltimo, por medio de su amigo Yalala, el ermita\u00f1o, conoce los Evangelios de Nuestro Se\u00f1or Jesucristo y, posteriormente, la luz de Jes\u00fas, la que da un sentido definitivo a su vida. Crear\u00e1 una Fundaci\u00f3n de ayuda a hu\u00e9rfanos y necesitados y llegado el d\u00eda de su muerte nos sorprender\u00e1 con un inesperado final que invita a reflexionar sobre la vida y el m\u00e1s all\u00e1.\" \/>\n<meta property=\"og:url\" content=\"https:\/\/letrame.com\/catalogo\/producto\/atrapado-en-la-tormenta\/\" \/>\n<meta property=\"og:site_name\" content=\"Catalogo | Letrame Grupo Editorial\" \/>\n<meta property=\"og:image\" content=\"https:\/\/letrame.com\/catalogo\/wp-content\/uploads\/2024\/04\/atrapadoenlatormenta-scaled-1.jpeg\" \/>\n\t<meta property=\"og:image:width\" content=\"1746\" \/>\n\t<meta property=\"og:image:height\" content=\"2560\" \/>\n\t<meta property=\"og:image:type\" content=\"image\/jpeg\" \/>\n<meta name=\"twitter:card\" content=\"summary_large_image\" \/>\n<meta name=\"twitter:label1\" content=\"Tiempo de lectura\" \/>\n\t<meta name=\"twitter:data1\" content=\"1 minuto\" \/>\n<script type=\"application\/ld+json\" class=\"yoast-schema-graph\">{\"@context\":\"https:\\\/\\\/schema.org\",\"@graph\":[{\"@type\":\"WebPage\",\"@id\":\"https:\\\/\\\/letrame.com\\\/catalogo\\\/producto\\\/atrapado-en-la-tormenta\\\/\",\"url\":\"https:\\\/\\\/letrame.com\\\/catalogo\\\/producto\\\/atrapado-en-la-tormenta\\\/\",\"name\":\"Atrapado en la tormenta - Catalogo | Letrame Grupo Editorial\",\"isPartOf\":{\"@id\":\"https:\\\/\\\/letrame.com\\\/catalogo\\\/#website\"},\"primaryImageOfPage\":{\"@id\":\"https:\\\/\\\/letrame.com\\\/catalogo\\\/producto\\\/atrapado-en-la-tormenta\\\/#primaryimage\"},\"image\":{\"@id\":\"https:\\\/\\\/letrame.com\\\/catalogo\\\/producto\\\/atrapado-en-la-tormenta\\\/#primaryimage\"},\"thumbnailUrl\":\"https:\\\/\\\/letrame.com\\\/catalogo\\\/wp-content\\\/uploads\\\/2024\\\/04\\\/atrapadoenlatormenta-scaled-1.jpeg\",\"datePublished\":\"2024-04-29T11:27:09+00:00\",\"breadcrumb\":{\"@id\":\"https:\\\/\\\/letrame.com\\\/catalogo\\\/producto\\\/atrapado-en-la-tormenta\\\/#breadcrumb\"},\"inLanguage\":\"es\",\"potentialAction\":[{\"@type\":\"ReadAction\",\"target\":[\"https:\\\/\\\/letrame.com\\\/catalogo\\\/producto\\\/atrapado-en-la-tormenta\\\/\"]}]},{\"@type\":\"ImageObject\",\"inLanguage\":\"es\",\"@id\":\"https:\\\/\\\/letrame.com\\\/catalogo\\\/producto\\\/atrapado-en-la-tormenta\\\/#primaryimage\",\"url\":\"https:\\\/\\\/letrame.com\\\/catalogo\\\/wp-content\\\/uploads\\\/2024\\\/04\\\/atrapadoenlatormenta-scaled-1.jpeg\",\"contentUrl\":\"https:\\\/\\\/letrame.com\\\/catalogo\\\/wp-content\\\/uploads\\\/2024\\\/04\\\/atrapadoenlatormenta-scaled-1.jpeg\",\"width\":1746,\"height\":2560},{\"@type\":\"BreadcrumbList\",\"@id\":\"https:\\\/\\\/letrame.com\\\/catalogo\\\/producto\\\/atrapado-en-la-tormenta\\\/#breadcrumb\",\"itemListElement\":[{\"@type\":\"ListItem\",\"position\":1,\"name\":\"Portada\",\"item\":\"https:\\\/\\\/letrame.com\\\/catalogo\\\/\"},{\"@type\":\"ListItem\",\"position\":2,\"name\":\"Cat\u00e1logo\",\"item\":\"https:\\\/\\\/letrame.com\\\/catalogo\\\/\"},{\"@type\":\"ListItem\",\"position\":3,\"name\":\"Atrapado en la tormenta\"}]},{\"@type\":\"WebSite\",\"@id\":\"https:\\\/\\\/letrame.com\\\/catalogo\\\/#website\",\"url\":\"https:\\\/\\\/letrame.com\\\/catalogo\\\/\",\"name\":\"Catalogo | Letrame Grupo Editorial\",\"description\":\"\",\"publisher\":{\"@id\":\"https:\\\/\\\/letrame.com\\\/catalogo\\\/#organization\"},\"potentialAction\":[{\"@type\":\"SearchAction\",\"target\":{\"@type\":\"EntryPoint\",\"urlTemplate\":\"https:\\\/\\\/letrame.com\\\/catalogo\\\/?s={search_term_string}\"},\"query-input\":{\"@type\":\"PropertyValueSpecification\",\"valueRequired\":true,\"valueName\":\"search_term_string\"}}],\"inLanguage\":\"es\"},{\"@type\":\"Organization\",\"@id\":\"https:\\\/\\\/letrame.com\\\/catalogo\\\/#organization\",\"name\":\"Catalogo | Letrame Grupo Editorial\",\"url\":\"https:\\\/\\\/letrame.com\\\/catalogo\\\/\",\"logo\":{\"@type\":\"ImageObject\",\"inLanguage\":\"es\",\"@id\":\"https:\\\/\\\/letrame.com\\\/catalogo\\\/#\\\/schema\\\/logo\\\/image\\\/\",\"url\":\"https:\\\/\\\/letrame.com\\\/catalogo\\\/wp-content\\\/uploads\\\/2024\\\/03\\\/logo2.webp\",\"contentUrl\":\"https:\\\/\\\/letrame.com\\\/catalogo\\\/wp-content\\\/uploads\\\/2024\\\/03\\\/logo2.webp\",\"width\":394,\"height\":128,\"caption\":\"Catalogo | Letrame Grupo Editorial\"},\"image\":{\"@id\":\"https:\\\/\\\/letrame.com\\\/catalogo\\\/#\\\/schema\\\/logo\\\/image\\\/\"}}]}<\/script>\n<!-- \/ Yoast SEO plugin. -->","yoast_head_json":{"title":"Atrapado en la tormenta - Catalogo | Letrame Grupo Editorial","robots":{"index":"index","follow":"follow","max-snippet":"max-snippet:-1","max-image-preview":"max-image-preview:large","max-video-preview":"max-video-preview:-1"},"canonical":"https:\/\/letrame.com\/catalogo\/producto\/atrapado-en-la-tormenta\/","og_locale":"es_ES","og_type":"article","og_title":"Atrapado en la tormenta - Catalogo | Letrame Grupo Editorial","og_description":"ISBN: 978-84-1114-247-2   Desde el mismo d\u00eda de su nacimiento (Madagascar, siglo 29) Eknur se siente atra\u00eddo fuertemente por la luz. Una extrema sensibilidad innata le ayuda a percibir en ella sensaciones ocultas a los ojos de los dem\u00e1s. De ah\u00ed que esta sea su refugio, el ancla a la que se agarra en medio de sus dificultades. Lejos de su padre y en compa\u00f1\u00eda de su supersticiosa madre Tylune y de sus dos hermanos, Endo y M\u00e1rolin, busca amparo en el resplandor del fuego, en el sol, en los rayos\u2026, y en sus imaginarios viajes espaciales, en los que encuentra toda clase de fant\u00e1sticos mundos y agrupaciones lum\u00ednicas. L\u00f3tar, sin embargo, no tardar\u00e1 en aparecer para amargarle la vida. Despu\u00e9s de una terrible cat\u00e1strofe natural y de un r\u00e1pido discernimiento ingresa en el pintoresco monasterio de Isandel, regido por un sistema matriarcal que acoge a religiosos de las m\u00e1s diversas creencias. All\u00ed, no solo crece en sabidur\u00eda bajo las ense\u00f1anzas de Irina y Ralgal sino que, inmerso en una tormenta emocional, descubrir\u00e1 los m\u00e1s profundos matices del amor. Por \u00faltimo, por medio de su amigo Yalala, el ermita\u00f1o, conoce los Evangelios de Nuestro Se\u00f1or Jesucristo y, posteriormente, la luz de Jes\u00fas, la que da un sentido definitivo a su vida. Crear\u00e1 una Fundaci\u00f3n de ayuda a hu\u00e9rfanos y necesitados y llegado el d\u00eda de su muerte nos sorprender\u00e1 con un inesperado final que invita a reflexionar sobre la vida y el m\u00e1s all\u00e1.","og_url":"https:\/\/letrame.com\/catalogo\/producto\/atrapado-en-la-tormenta\/","og_site_name":"Catalogo | Letrame Grupo Editorial","og_image":[{"width":1746,"height":2560,"url":"https:\/\/letrame.com\/catalogo\/wp-content\/uploads\/2024\/04\/atrapadoenlatormenta-scaled-1.jpeg","type":"image\/jpeg"}],"twitter_card":"summary_large_image","twitter_misc":{"Tiempo de lectura":"1 minuto"},"schema":{"@context":"https:\/\/schema.org","@graph":[{"@type":"WebPage","@id":"https:\/\/letrame.com\/catalogo\/producto\/atrapado-en-la-tormenta\/","url":"https:\/\/letrame.com\/catalogo\/producto\/atrapado-en-la-tormenta\/","name":"Atrapado en la tormenta - Catalogo | Letrame Grupo Editorial","isPartOf":{"@id":"https:\/\/letrame.com\/catalogo\/#website"},"primaryImageOfPage":{"@id":"https:\/\/letrame.com\/catalogo\/producto\/atrapado-en-la-tormenta\/#primaryimage"},"image":{"@id":"https:\/\/letrame.com\/catalogo\/producto\/atrapado-en-la-tormenta\/#primaryimage"},"thumbnailUrl":"https:\/\/letrame.com\/catalogo\/wp-content\/uploads\/2024\/04\/atrapadoenlatormenta-scaled-1.jpeg","datePublished":"2024-04-29T11:27:09+00:00","breadcrumb":{"@id":"https:\/\/letrame.com\/catalogo\/producto\/atrapado-en-la-tormenta\/#breadcrumb"},"inLanguage":"es","potentialAction":[{"@type":"ReadAction","target":["https:\/\/letrame.com\/catalogo\/producto\/atrapado-en-la-tormenta\/"]}]},{"@type":"ImageObject","inLanguage":"es","@id":"https:\/\/letrame.com\/catalogo\/producto\/atrapado-en-la-tormenta\/#primaryimage","url":"https:\/\/letrame.com\/catalogo\/wp-content\/uploads\/2024\/04\/atrapadoenlatormenta-scaled-1.jpeg","contentUrl":"https:\/\/letrame.com\/catalogo\/wp-content\/uploads\/2024\/04\/atrapadoenlatormenta-scaled-1.jpeg","width":1746,"height":2560},{"@type":"BreadcrumbList","@id":"https:\/\/letrame.com\/catalogo\/producto\/atrapado-en-la-tormenta\/#breadcrumb","itemListElement":[{"@type":"ListItem","position":1,"name":"Portada","item":"https:\/\/letrame.com\/catalogo\/"},{"@type":"ListItem","position":2,"name":"Cat\u00e1logo","item":"https:\/\/letrame.com\/catalogo\/"},{"@type":"ListItem","position":3,"name":"Atrapado en la tormenta"}]},{"@type":"WebSite","@id":"https:\/\/letrame.com\/catalogo\/#website","url":"https:\/\/letrame.com\/catalogo\/","name":"Catalogo | Letrame Grupo Editorial","description":"","publisher":{"@id":"https:\/\/letrame.com\/catalogo\/#organization"},"potentialAction":[{"@type":"SearchAction","target":{"@type":"EntryPoint","urlTemplate":"https:\/\/letrame.com\/catalogo\/?s={search_term_string}"},"query-input":{"@type":"PropertyValueSpecification","valueRequired":true,"valueName":"search_term_string"}}],"inLanguage":"es"},{"@type":"Organization","@id":"https:\/\/letrame.com\/catalogo\/#organization","name":"Catalogo | Letrame Grupo Editorial","url":"https:\/\/letrame.com\/catalogo\/","logo":{"@type":"ImageObject","inLanguage":"es","@id":"https:\/\/letrame.com\/catalogo\/#\/schema\/logo\/image\/","url":"https:\/\/letrame.com\/catalogo\/wp-content\/uploads\/2024\/03\/logo2.webp","contentUrl":"https:\/\/letrame.com\/catalogo\/wp-content\/uploads\/2024\/03\/logo2.webp","width":394,"height":128,"caption":"Catalogo | Letrame Grupo Editorial"},"image":{"@id":"https:\/\/letrame.com\/catalogo\/#\/schema\/logo\/image\/"}}]}},"_links":{"self":[{"href":"https:\/\/letrame.com\/catalogo\/wp-json\/wp\/v2\/product\/97266","targetHints":{"allow":["GET"]}}],"collection":[{"href":"https:\/\/letrame.com\/catalogo\/wp-json\/wp\/v2\/product"}],"about":[{"href":"https:\/\/letrame.com\/catalogo\/wp-json\/wp\/v2\/types\/product"}],"replies":[{"embeddable":true,"href":"https:\/\/letrame.com\/catalogo\/wp-json\/wp\/v2\/comments?post=97266"}],"acf:post":[{"embeddable":true,"href":"https:\/\/letrame.com\/catalogo\/wp-json\/wp\/v2\/author_book\/75869"}],"wp:featuredmedia":[{"embeddable":true,"href":"https:\/\/letrame.com\/catalogo\/wp-json\/wp\/v2\/media\/97267"}],"wp:attachment":[{"href":"https:\/\/letrame.com\/catalogo\/wp-json\/wp\/v2\/media?parent=97266"}],"wp:term":[{"taxonomy":"libro","embeddable":true,"href":"https:\/\/letrame.com\/catalogo\/wp-json\/wp\/v2\/libro?post=97266"},{"taxonomy":"product_brand","embeddable":true,"href":"https:\/\/letrame.com\/catalogo\/wp-json\/wp\/v2\/product_brand?post=97266"},{"taxonomy":"product_cat","embeddable":true,"href":"https:\/\/letrame.com\/catalogo\/wp-json\/wp\/v2\/product_cat?post=97266"},{"taxonomy":"product_tag","embeddable":true,"href":"https:\/\/letrame.com\/catalogo\/wp-json\/wp\/v2\/product_tag?post=97266"}],"curies":[{"name":"wp","href":"https:\/\/api.w.org\/{rel}","templated":true}]}}