{"id":97056,"date":"2024-04-29T12:48:38","date_gmt":"2024-04-29T10:48:38","guid":{"rendered":"https:\/\/letrame.com\/catalogo\/producto\/mis-siete-anos-reales\/"},"modified":"2024-05-16T14:53:55","modified_gmt":"2024-05-16T12:53:55","slug":"mis-siete-anos-reales","status":"publish","type":"product","link":"https:\/\/letrame.com\/catalogo\/producto\/mis-siete-anos-reales\/","title":{"rendered":"Mis siete a\u00f1os reales"},"content":{"rendered":"<div class=\"page\" title=\"Page 6\">\n<div class=\"layoutArea\">\n<div class=\"column\">\n<p><strong>ISBN<\/strong>: 978-84-1386-972-8<\/p>\n<\/div>\n<\/div>\n<\/div>\n<p><b>T\u00edtulo<\/b><span style=\"font-weight: 400;\">: Mis siete a\u00f1os reales<\/span><span style=\"font-weight: 400;\"><br \/>\n<\/span><b>Fecha<\/b><span style=\"font-weight: 400;\">: 2021<\/span><span style=\"font-weight: 400;\"><br \/>\n<\/span><b>P\u00e1ginas<\/b><span style=\"font-weight: 400;\">: 230<\/span><\/p>\n<p><b>SINOPSIS<\/b><\/p>\n<p>Mi obra bajo el t\u00edtulo <strong><em>Mis siete a\u00f1os reales<\/em><\/strong> trata de plasmar parte de la cruel y dura realidad a la que me he visto sometida desde mis veinte a\u00f1os hasta mis veintisiete. Esa realidad de la que todos huimos a toda costa y no queremos que nadie sepa por miedo al \u00abqu\u00e9 diran\u00bb.<\/p>\n<p>Siendo mis veinte a\u00f1os el punto m\u00e1s importante y cr\u00edtico, puesto que fue entonces cuando empec\u00e9 a escribir tras m\u00faltiples sucesos que empezaron a arrebatarme, necesitaba sacarlo todo de una manera u otra y encontr\u00e9 la soluci\u00f3n en la escritura.<\/p>\n<p>&nbsp;<\/p>\n<p>A lo largo del libro, dividido por tem\u00e1ticas, trato de recopilar algunas de las experiencias m\u00e1s duras vividas en primera persona del singular: <em>\u00abYO\u00bb, <\/em>y otras m\u00e1s en primera o tercera persona del plural para dar un contexto m\u00e1s general. <em>Para que me sientas, te sientas y nos sintamos. <\/em>No obstante, tambi\u00e9n ver\u00e1s c\u00f3mo en parte del libro, a su vez, hay una mezcla de emociones y sentimientos: amor, desamor, dolor, tristeza, alegr\u00eda, felicidad, superaci\u00f3n&#8230; para as\u00ed acentuar que a lo largo de estos siete a\u00f1os no todo es tan oscuro como nos parece, porque <em>m\u00e1s all\u00e1 de la<\/em> <em>ocuridad est\u00e1 lo que los ojos no saben apreciar.<\/em><\/p>\n<p>Asimismo, tambi\u00e9n encontrar\u00e1s que parte de las hojas que componen mi libro te servir\u00e1n como consejo y ayuda si est\u00e1s pasando por un mal momento.<\/p>\n<p>&nbsp;<\/p>\n<p>En definitiva, el objetivo principal de este libro es que te des cuenta de que no est\u00e1s solo\/a, estar\u00e1s acompa\u00f1ado\/a en cada rinc\u00f3n de este peque\u00f1o yo. Parte de mi vida. Mi libro.<\/p>\n<p>&nbsp;<\/p>\n<p>&nbsp;<\/p>\n<p>&nbsp;<\/p>\n<p>&nbsp;<\/p>\n<p>&nbsp;<\/p>\n<p>&nbsp;<\/p>\n<p>&nbsp;<\/p>\n<p>&nbsp;<\/p>\n<p>&nbsp;<\/p>\n","protected":false},"excerpt":{"rendered":"<div class=\"page\" title=\"Page 6\">\n<div class=\"layoutArea\">\n<div class=\"column\">\n<p><strong>ISBN: 978-84-1386-972-8<\/strong><\/p>\n<p>Mi obra bajo el t\u00edtulo <strong><em>Mis siete a\u00f1os reales<\/em><\/strong> trata de plasmar parte de la cruel y dura realidad a la que me he visto sometida desde mis veinte a\u00f1os hasta mis veintisiete. Esa realidad de la que todos huimos a toda costa y no queremos que nadie sepa por miedo al \u00abqu\u00e9 diran\u00bb.<\/p>\n<p>Siendo mis veinte a\u00f1os el punto m\u00e1s importante y cr\u00edtico, puesto que fue entonces cuando empec\u00e9 a escribir tras m\u00faltiples sucesos que empezaron a arrebatarme, necesitaba sacarlo todo de una manera u otra y encontr\u00e9 la soluci\u00f3n en la escritura.<\/p>\n<p>&nbsp;<\/p>\n<p>A lo largo del libro, dividido por tem\u00e1ticas, trato de recopilar algunas de las experiencias m\u00e1s duras vividas en primera persona del singular: <em>\u00abYO\u00bb, <\/em>y otras m\u00e1s en primera o tercera persona del plural para dar un contexto m\u00e1s general. <em>Para que me sientas, te sientas y nos sintamos. <\/em>No obstante, tambi\u00e9n ver\u00e1s c\u00f3mo en parte del libro, a su vez, hay una mezcla de emociones y sentimientos: amor, desamor, dolor, tristeza, alegr\u00eda, felicidad, superaci\u00f3n&#8230; para as\u00ed acentuar que a lo largo de estos siete a\u00f1os no todo es tan oscuro como nos parece, porque <em>m\u00e1s all\u00e1 de la<\/em> <em>ocuridad est\u00e1 lo que los ojos no saben apreciar.<\/em><\/p>\n<p>Asimismo, tambi\u00e9n encontrar\u00e1s que parte de las hojas que componen mi libro te servir\u00e1n como consejo y ayuda si est\u00e1s pasando por un mal momento.<\/p>\n<p>&nbsp;<\/p>\n<p>En definitiva, el objetivo principal de este libro es que te des cuenta de que no est\u00e1s solo\/a, estar\u00e1s acompa\u00f1ado\/a en cada rinc\u00f3n de este peque\u00f1o yo. Parte de mi vida. Mi libro.<\/p>\n<\/div>\n<\/div>\n<\/div>\n","protected":false},"featured_media":100304,"comment_status":"closed","ping_status":"closed","template":"","meta":{"_acf_changed":false},"libro":[],"product_brand":[],"product_cat":[20,21],"product_tag":[],"class_list":{"0":"post-97056","1":"product","2":"type-product","3":"status-publish","4":"has-post-thumbnail","6":"product_cat-poesia","7":"product_cat-relato","9":"first","10":"instock","11":"purchasable","12":"product-type-simple"},"acf":{"autor":[75694],"enlace_de_compra":"https:\/\/www.amazon.es\/siete-reales-Shaimaa-Bounasri-Bennadi\/dp\/8413869722\/ref=sr_1_1?__mk_es_ES=%C3%85M%C3%85%C5%BD%C3%95%C3%91&amp;dchild=1&amp;keywords=Letrame+S.L.+Mis+siete+a%C3%B1os+reales&amp;qid=1630570700&amp;sr=8-1"},"yoast_head":"<!-- This site is optimized with the Yoast SEO plugin v27.4 - https:\/\/yoast.com\/product\/yoast-seo-wordpress\/ -->\n<title>Mis siete a\u00f1os reales - Catalogo | Letrame Grupo Editorial<\/title>\n<meta name=\"robots\" content=\"index, follow, max-snippet:-1, max-image-preview:large, max-video-preview:-1\" \/>\n<link rel=\"canonical\" href=\"https:\/\/letrame.com\/catalogo\/producto\/mis-siete-anos-reales\/\" \/>\n<meta property=\"og:locale\" content=\"es_ES\" \/>\n<meta property=\"og:type\" content=\"article\" \/>\n<meta property=\"og:title\" content=\"Mis siete a\u00f1os reales - Catalogo | Letrame Grupo Editorial\" \/>\n<meta property=\"og:description\" content=\"ISBN: 978-84-1386-972-8  Mi obra bajo el t\u00edtulo Mis siete a\u00f1os reales trata de plasmar parte de la cruel y dura realidad a la que me he visto sometida desde mis veinte a\u00f1os hasta mis veintisiete. Esa realidad de la que todos huimos a toda costa y no queremos que nadie sepa por miedo al \u00abqu\u00e9 diran\u00bb.  Siendo mis veinte a\u00f1os el punto m\u00e1s importante y cr\u00edtico, puesto que fue entonces cuando empec\u00e9 a escribir tras m\u00faltiples sucesos que empezaron a arrebatarme, necesitaba sacarlo todo de una manera u otra y encontr\u00e9 la soluci\u00f3n en la escritura.  &nbsp;  A lo largo del libro, dividido por tem\u00e1ticas, trato de recopilar algunas de las experiencias m\u00e1s duras vividas en primera persona del singular: \u00abYO\u00bb, y otras m\u00e1s en primera o tercera persona del plural para dar un contexto m\u00e1s general. Para que me sientas, te sientas y nos sintamos. No obstante, tambi\u00e9n ver\u00e1s c\u00f3mo en parte del libro, a su vez, hay una mezcla de emociones y sentimientos: amor, desamor, dolor, tristeza, alegr\u00eda, felicidad, superaci\u00f3n... para as\u00ed acentuar que a lo largo de estos siete a\u00f1os no todo es tan oscuro como nos parece, porque m\u00e1s all\u00e1 de la ocuridad est\u00e1 lo que los ojos no saben apreciar.  Asimismo, tambi\u00e9n encontrar\u00e1s que parte de las hojas que componen mi libro te servir\u00e1n como consejo y ayuda si est\u00e1s pasando por un mal momento.  &nbsp;  En definitiva, el objetivo principal de este libro es que te des cuenta de que no est\u00e1s solo\/a, estar\u00e1s acompa\u00f1ado\/a en cada rinc\u00f3n de este peque\u00f1o yo. Parte de mi vida. Mi libro.\" \/>\n<meta property=\"og:url\" content=\"https:\/\/letrame.com\/catalogo\/producto\/mis-siete-anos-reales\/\" \/>\n<meta property=\"og:site_name\" content=\"Catalogo | Letrame Grupo Editorial\" \/>\n<meta property=\"article:modified_time\" content=\"2024-05-16T12:53:55+00:00\" \/>\n<meta property=\"og:image\" content=\"https:\/\/letrame.com\/catalogo\/wp-content\/uploads\/2024\/04\/Mis-7-anos-reales-scaled-1.webp\" \/>\n\t<meta property=\"og:image:width\" content=\"1746\" \/>\n\t<meta property=\"og:image:height\" content=\"2560\" \/>\n\t<meta property=\"og:image:type\" content=\"image\/webp\" \/>\n<meta name=\"twitter:card\" content=\"summary_large_image\" \/>\n<meta name=\"twitter:label1\" content=\"Tiempo de lectura\" \/>\n\t<meta name=\"twitter:data1\" content=\"2 minutos\" \/>\n<script type=\"application\/ld+json\" class=\"yoast-schema-graph\">{\"@context\":\"https:\\\/\\\/schema.org\",\"@graph\":[{\"@type\":\"WebPage\",\"@id\":\"https:\\\/\\\/letrame.com\\\/catalogo\\\/producto\\\/mis-siete-anos-reales\\\/\",\"url\":\"https:\\\/\\\/letrame.com\\\/catalogo\\\/producto\\\/mis-siete-anos-reales\\\/\",\"name\":\"Mis siete a\u00f1os reales - Catalogo | Letrame Grupo Editorial\",\"isPartOf\":{\"@id\":\"https:\\\/\\\/letrame.com\\\/catalogo\\\/#website\"},\"primaryImageOfPage\":{\"@id\":\"https:\\\/\\\/letrame.com\\\/catalogo\\\/producto\\\/mis-siete-anos-reales\\\/#primaryimage\"},\"image\":{\"@id\":\"https:\\\/\\\/letrame.com\\\/catalogo\\\/producto\\\/mis-siete-anos-reales\\\/#primaryimage\"},\"thumbnailUrl\":\"https:\\\/\\\/letrame.com\\\/catalogo\\\/wp-content\\\/uploads\\\/2024\\\/04\\\/Mis-7-anos-reales-scaled-1.webp\",\"datePublished\":\"2024-04-29T10:48:38+00:00\",\"dateModified\":\"2024-05-16T12:53:55+00:00\",\"breadcrumb\":{\"@id\":\"https:\\\/\\\/letrame.com\\\/catalogo\\\/producto\\\/mis-siete-anos-reales\\\/#breadcrumb\"},\"inLanguage\":\"es\",\"potentialAction\":[{\"@type\":\"ReadAction\",\"target\":[\"https:\\\/\\\/letrame.com\\\/catalogo\\\/producto\\\/mis-siete-anos-reales\\\/\"]}]},{\"@type\":\"ImageObject\",\"inLanguage\":\"es\",\"@id\":\"https:\\\/\\\/letrame.com\\\/catalogo\\\/producto\\\/mis-siete-anos-reales\\\/#primaryimage\",\"url\":\"https:\\\/\\\/letrame.com\\\/catalogo\\\/wp-content\\\/uploads\\\/2024\\\/04\\\/Mis-7-anos-reales-scaled-1.webp\",\"contentUrl\":\"https:\\\/\\\/letrame.com\\\/catalogo\\\/wp-content\\\/uploads\\\/2024\\\/04\\\/Mis-7-anos-reales-scaled-1.webp\",\"width\":1746,\"height\":2560},{\"@type\":\"BreadcrumbList\",\"@id\":\"https:\\\/\\\/letrame.com\\\/catalogo\\\/producto\\\/mis-siete-anos-reales\\\/#breadcrumb\",\"itemListElement\":[{\"@type\":\"ListItem\",\"position\":1,\"name\":\"Portada\",\"item\":\"https:\\\/\\\/letrame.com\\\/catalogo\\\/\"},{\"@type\":\"ListItem\",\"position\":2,\"name\":\"Cat\u00e1logo\",\"item\":\"https:\\\/\\\/letrame.com\\\/catalogo\\\/\"},{\"@type\":\"ListItem\",\"position\":3,\"name\":\"Mis siete a\u00f1os reales\"}]},{\"@type\":\"WebSite\",\"@id\":\"https:\\\/\\\/letrame.com\\\/catalogo\\\/#website\",\"url\":\"https:\\\/\\\/letrame.com\\\/catalogo\\\/\",\"name\":\"Catalogo | Letrame Grupo Editorial\",\"description\":\"\",\"publisher\":{\"@id\":\"https:\\\/\\\/letrame.com\\\/catalogo\\\/#organization\"},\"potentialAction\":[{\"@type\":\"SearchAction\",\"target\":{\"@type\":\"EntryPoint\",\"urlTemplate\":\"https:\\\/\\\/letrame.com\\\/catalogo\\\/?s={search_term_string}\"},\"query-input\":{\"@type\":\"PropertyValueSpecification\",\"valueRequired\":true,\"valueName\":\"search_term_string\"}}],\"inLanguage\":\"es\"},{\"@type\":\"Organization\",\"@id\":\"https:\\\/\\\/letrame.com\\\/catalogo\\\/#organization\",\"name\":\"Catalogo | Letrame Grupo Editorial\",\"url\":\"https:\\\/\\\/letrame.com\\\/catalogo\\\/\",\"logo\":{\"@type\":\"ImageObject\",\"inLanguage\":\"es\",\"@id\":\"https:\\\/\\\/letrame.com\\\/catalogo\\\/#\\\/schema\\\/logo\\\/image\\\/\",\"url\":\"https:\\\/\\\/letrame.com\\\/catalogo\\\/wp-content\\\/uploads\\\/2024\\\/03\\\/logo2.webp\",\"contentUrl\":\"https:\\\/\\\/letrame.com\\\/catalogo\\\/wp-content\\\/uploads\\\/2024\\\/03\\\/logo2.webp\",\"width\":394,\"height\":128,\"caption\":\"Catalogo | Letrame Grupo Editorial\"},\"image\":{\"@id\":\"https:\\\/\\\/letrame.com\\\/catalogo\\\/#\\\/schema\\\/logo\\\/image\\\/\"}}]}<\/script>\n<!-- \/ Yoast SEO plugin. -->","yoast_head_json":{"title":"Mis siete a\u00f1os reales - Catalogo | Letrame Grupo Editorial","robots":{"index":"index","follow":"follow","max-snippet":"max-snippet:-1","max-image-preview":"max-image-preview:large","max-video-preview":"max-video-preview:-1"},"canonical":"https:\/\/letrame.com\/catalogo\/producto\/mis-siete-anos-reales\/","og_locale":"es_ES","og_type":"article","og_title":"Mis siete a\u00f1os reales - Catalogo | Letrame Grupo Editorial","og_description":"ISBN: 978-84-1386-972-8  Mi obra bajo el t\u00edtulo Mis siete a\u00f1os reales trata de plasmar parte de la cruel y dura realidad a la que me he visto sometida desde mis veinte a\u00f1os hasta mis veintisiete. Esa realidad de la que todos huimos a toda costa y no queremos que nadie sepa por miedo al \u00abqu\u00e9 diran\u00bb.  Siendo mis veinte a\u00f1os el punto m\u00e1s importante y cr\u00edtico, puesto que fue entonces cuando empec\u00e9 a escribir tras m\u00faltiples sucesos que empezaron a arrebatarme, necesitaba sacarlo todo de una manera u otra y encontr\u00e9 la soluci\u00f3n en la escritura.  &nbsp;  A lo largo del libro, dividido por tem\u00e1ticas, trato de recopilar algunas de las experiencias m\u00e1s duras vividas en primera persona del singular: \u00abYO\u00bb, y otras m\u00e1s en primera o tercera persona del plural para dar un contexto m\u00e1s general. Para que me sientas, te sientas y nos sintamos. No obstante, tambi\u00e9n ver\u00e1s c\u00f3mo en parte del libro, a su vez, hay una mezcla de emociones y sentimientos: amor, desamor, dolor, tristeza, alegr\u00eda, felicidad, superaci\u00f3n... para as\u00ed acentuar que a lo largo de estos siete a\u00f1os no todo es tan oscuro como nos parece, porque m\u00e1s all\u00e1 de la ocuridad est\u00e1 lo que los ojos no saben apreciar.  Asimismo, tambi\u00e9n encontrar\u00e1s que parte de las hojas que componen mi libro te servir\u00e1n como consejo y ayuda si est\u00e1s pasando por un mal momento.  &nbsp;  En definitiva, el objetivo principal de este libro es que te des cuenta de que no est\u00e1s solo\/a, estar\u00e1s acompa\u00f1ado\/a en cada rinc\u00f3n de este peque\u00f1o yo. Parte de mi vida. Mi libro.","og_url":"https:\/\/letrame.com\/catalogo\/producto\/mis-siete-anos-reales\/","og_site_name":"Catalogo | Letrame Grupo Editorial","article_modified_time":"2024-05-16T12:53:55+00:00","og_image":[{"width":1746,"height":2560,"url":"https:\/\/letrame.com\/catalogo\/wp-content\/uploads\/2024\/04\/Mis-7-anos-reales-scaled-1.webp","type":"image\/webp"}],"twitter_card":"summary_large_image","twitter_misc":{"Tiempo de lectura":"2 minutos"},"schema":{"@context":"https:\/\/schema.org","@graph":[{"@type":"WebPage","@id":"https:\/\/letrame.com\/catalogo\/producto\/mis-siete-anos-reales\/","url":"https:\/\/letrame.com\/catalogo\/producto\/mis-siete-anos-reales\/","name":"Mis siete a\u00f1os reales - Catalogo | Letrame Grupo Editorial","isPartOf":{"@id":"https:\/\/letrame.com\/catalogo\/#website"},"primaryImageOfPage":{"@id":"https:\/\/letrame.com\/catalogo\/producto\/mis-siete-anos-reales\/#primaryimage"},"image":{"@id":"https:\/\/letrame.com\/catalogo\/producto\/mis-siete-anos-reales\/#primaryimage"},"thumbnailUrl":"https:\/\/letrame.com\/catalogo\/wp-content\/uploads\/2024\/04\/Mis-7-anos-reales-scaled-1.webp","datePublished":"2024-04-29T10:48:38+00:00","dateModified":"2024-05-16T12:53:55+00:00","breadcrumb":{"@id":"https:\/\/letrame.com\/catalogo\/producto\/mis-siete-anos-reales\/#breadcrumb"},"inLanguage":"es","potentialAction":[{"@type":"ReadAction","target":["https:\/\/letrame.com\/catalogo\/producto\/mis-siete-anos-reales\/"]}]},{"@type":"ImageObject","inLanguage":"es","@id":"https:\/\/letrame.com\/catalogo\/producto\/mis-siete-anos-reales\/#primaryimage","url":"https:\/\/letrame.com\/catalogo\/wp-content\/uploads\/2024\/04\/Mis-7-anos-reales-scaled-1.webp","contentUrl":"https:\/\/letrame.com\/catalogo\/wp-content\/uploads\/2024\/04\/Mis-7-anos-reales-scaled-1.webp","width":1746,"height":2560},{"@type":"BreadcrumbList","@id":"https:\/\/letrame.com\/catalogo\/producto\/mis-siete-anos-reales\/#breadcrumb","itemListElement":[{"@type":"ListItem","position":1,"name":"Portada","item":"https:\/\/letrame.com\/catalogo\/"},{"@type":"ListItem","position":2,"name":"Cat\u00e1logo","item":"https:\/\/letrame.com\/catalogo\/"},{"@type":"ListItem","position":3,"name":"Mis siete a\u00f1os reales"}]},{"@type":"WebSite","@id":"https:\/\/letrame.com\/catalogo\/#website","url":"https:\/\/letrame.com\/catalogo\/","name":"Catalogo | Letrame Grupo Editorial","description":"","publisher":{"@id":"https:\/\/letrame.com\/catalogo\/#organization"},"potentialAction":[{"@type":"SearchAction","target":{"@type":"EntryPoint","urlTemplate":"https:\/\/letrame.com\/catalogo\/?s={search_term_string}"},"query-input":{"@type":"PropertyValueSpecification","valueRequired":true,"valueName":"search_term_string"}}],"inLanguage":"es"},{"@type":"Organization","@id":"https:\/\/letrame.com\/catalogo\/#organization","name":"Catalogo | Letrame Grupo Editorial","url":"https:\/\/letrame.com\/catalogo\/","logo":{"@type":"ImageObject","inLanguage":"es","@id":"https:\/\/letrame.com\/catalogo\/#\/schema\/logo\/image\/","url":"https:\/\/letrame.com\/catalogo\/wp-content\/uploads\/2024\/03\/logo2.webp","contentUrl":"https:\/\/letrame.com\/catalogo\/wp-content\/uploads\/2024\/03\/logo2.webp","width":394,"height":128,"caption":"Catalogo | Letrame Grupo Editorial"},"image":{"@id":"https:\/\/letrame.com\/catalogo\/#\/schema\/logo\/image\/"}}]}},"_links":{"self":[{"href":"https:\/\/letrame.com\/catalogo\/wp-json\/wp\/v2\/product\/97056","targetHints":{"allow":["GET"]}}],"collection":[{"href":"https:\/\/letrame.com\/catalogo\/wp-json\/wp\/v2\/product"}],"about":[{"href":"https:\/\/letrame.com\/catalogo\/wp-json\/wp\/v2\/types\/product"}],"replies":[{"embeddable":true,"href":"https:\/\/letrame.com\/catalogo\/wp-json\/wp\/v2\/comments?post=97056"}],"acf:post":[{"embeddable":true,"href":"https:\/\/letrame.com\/catalogo\/wp-json\/wp\/v2\/author_book\/75694"}],"wp:featuredmedia":[{"embeddable":true,"href":"https:\/\/letrame.com\/catalogo\/wp-json\/wp\/v2\/media\/100304"}],"wp:attachment":[{"href":"https:\/\/letrame.com\/catalogo\/wp-json\/wp\/v2\/media?parent=97056"}],"wp:term":[{"taxonomy":"libro","embeddable":true,"href":"https:\/\/letrame.com\/catalogo\/wp-json\/wp\/v2\/libro?post=97056"},{"taxonomy":"product_brand","embeddable":true,"href":"https:\/\/letrame.com\/catalogo\/wp-json\/wp\/v2\/product_brand?post=97056"},{"taxonomy":"product_cat","embeddable":true,"href":"https:\/\/letrame.com\/catalogo\/wp-json\/wp\/v2\/product_cat?post=97056"},{"taxonomy":"product_tag","embeddable":true,"href":"https:\/\/letrame.com\/catalogo\/wp-json\/wp\/v2\/product_tag?post=97056"}],"curies":[{"name":"wp","href":"https:\/\/api.w.org\/{rel}","templated":true}]}}