{"id":96837,"date":"2024-04-29T12:04:05","date_gmt":"2024-04-29T10:04:05","guid":{"rendered":"https:\/\/letrame.com\/catalogo\/producto\/la-sombra-de-una-idea\/"},"modified":"2024-04-29T12:04:19","modified_gmt":"2024-04-29T10:04:19","slug":"la-sombra-de-una-idea","status":"publish","type":"product","link":"https:\/\/letrame.com\/catalogo\/producto\/la-sombra-de-una-idea\/","title":{"rendered":"La sombra de una idea"},"content":{"rendered":"<div class=\"page\" title=\"Page 6\">\n<div class=\"layoutArea\">\n<div class=\"column\">\n<p><strong>ISBN: 978-84-1386-597-3<\/strong><\/p>\n<\/div>\n<\/div>\n<\/div>\n<p><b>T\u00edtulo<\/b><span style=\"font-weight: 400;\">: La sombra de una idea<\/span><span style=\"font-weight: 400;\"><br \/>\n<\/span><b>Fecha<\/b><span style=\"font-weight: 400;\">: 2021<\/span><span style=\"font-weight: 400;\"><br \/>\n<\/span><b>P\u00e1ginas<\/b><span style=\"font-weight: 400;\">: 286<\/span><\/p>\n<p><b>SINOPSIS<\/b><\/p>\n<p>En el contexto del enfrentamiento de las superpotencias surgidas de la Segunda Guerra Mundial, el Episcopado mexicano asumi\u00f3 la responsabilidad de crear una estructura propia para actuar en las universidades p\u00fablicas de todo el pa\u00eds, adecuada a las exigencias del momento.<\/p>\n<p>As\u00ed, en 1947 naci\u00f3 la Corporaci\u00f3n de Estudiantes Mexicanos (CEM).<\/p>\n<p><em>La sombra de una idea<\/em> es una reconstrucci\u00f3n hist\u00f3rica en la cual el periodista mexicano <strong>Atilano Gonz\u00e1lez Villa<\/strong> indaga con rigor period\u00edstico en las profundidades de la pol\u00edtica estudiantil del M\u00e9xico de las d\u00e9cadas de los cincuenta y sesenta del siglo XX. Un convulso periodo en el que se tem\u00eda que la chispa de la revoluci\u00f3n cubana saltase desde la isla vecina para instaurar en la Pen\u00ednsula de Yucat\u00e1n un r\u00e9gimen marxista-leninista que separase este territorio del resto de la rep\u00fablica mexicana.<\/p>\n<p>Relata asimismo, con claridad, la estrategia general a trav\u00e9s de la cual la CEM contribuy\u00f3 en mucho a frenar en seco estas aspiraciones marxistas y sent\u00f3 las bases para un ordenado desarrollo acad\u00e9mico en los siguientes a\u00f1os.<\/p>\n<p>Tambi\u00e9n establece con certeras pinceladas las condiciones pol\u00edticas, econ\u00f3micas y sociales de esos a\u00f1os en M\u00e9xico, a trav\u00e9s de los andares de uno de los miembros de la Corporaci\u00f3n, luego convertido en periodista.<\/p>\n<p>La lectura de <em>La sombra de una idea <\/em>resulta a la vez informativa y amena. Combina el inter\u00e9s del reportaje period\u00edstico con el suspense de una novela, con personajes ricos en matices y bien construidos. Y sobre todo, aporta ese punto de vista que tan a menudo se ignora: el de lo que durante a\u00f1os ha permanecido en la sombra, pero cuya propia sombra se proyecta mucho m\u00e1s lejos de lo que pudiera parecer.<\/p>\n","protected":false},"excerpt":{"rendered":"<div class=\"page\" title=\"Page 6\">\n<div class=\"layoutArea\">\n<div class=\"column\">\n<p><strong>ISBN: 978-84-1386-597-3<\/strong><\/p>\n<\/div>\n<\/div>\n<\/div>\n<p><em>La sombra de una idea<\/em> es una reconstrucci\u00f3n hist\u00f3rica en la cual el periodista mexicano <strong>Atilano Gonz\u00e1lez Villa<\/strong> indaga con rigor period\u00edstico en las profundidades de la pol\u00edtica estudiantil del M\u00e9xico de las d\u00e9cadas de los cincuenta y sesenta del siglo XX. Un convulso periodo en el que se tem\u00eda que la chispa de la revoluci\u00f3n cubana saltase desde la isla vecina para instaurar en la Pen\u00ednsula de Yucat\u00e1n un r\u00e9gimen marxista-leninista que separase este territorio del resto de la rep\u00fablica mexicana.<\/p>\n","protected":false},"featured_media":96838,"comment_status":"closed","ping_status":"open","template":"","meta":{"_acf_changed":false},"libro":[],"product_brand":[],"product_cat":[16],"product_tag":[],"class_list":{"0":"post-96837","1":"product","2":"type-product","3":"status-publish","4":"has-post-thumbnail","6":"product_cat-novela","8":"first","9":"instock","10":"product-type-simple"},"acf":{"autor":[75504],"enlace_de_compra":""},"yoast_head":"<!-- This site is optimized with the Yoast SEO plugin v27.4 - https:\/\/yoast.com\/product\/yoast-seo-wordpress\/ -->\n<title>La sombra de una idea - Catalogo | Letrame Grupo Editorial<\/title>\n<meta name=\"robots\" content=\"index, follow, max-snippet:-1, max-image-preview:large, max-video-preview:-1\" \/>\n<link rel=\"canonical\" href=\"https:\/\/letrame.com\/catalogo\/producto\/la-sombra-de-una-idea\/\" \/>\n<meta property=\"og:locale\" content=\"es_ES\" \/>\n<meta property=\"og:type\" content=\"article\" \/>\n<meta property=\"og:title\" content=\"La sombra de una idea - Catalogo | Letrame Grupo Editorial\" \/>\n<meta property=\"og:description\" content=\"ISBN: 978-84-1386-597-3   La sombra de una idea es una reconstrucci\u00f3n hist\u00f3rica en la cual el periodista mexicano Atilano Gonz\u00e1lez Villa indaga con rigor period\u00edstico en las profundidades de la pol\u00edtica estudiantil del M\u00e9xico de las d\u00e9cadas de los cincuenta y sesenta del siglo XX. Un convulso periodo en el que se tem\u00eda que la chispa de la revoluci\u00f3n cubana saltase desde la isla vecina para instaurar en la Pen\u00ednsula de Yucat\u00e1n un r\u00e9gimen marxista-leninista que separase este territorio del resto de la rep\u00fablica mexicana.\" \/>\n<meta property=\"og:url\" content=\"https:\/\/letrame.com\/catalogo\/producto\/la-sombra-de-una-idea\/\" \/>\n<meta property=\"og:site_name\" content=\"Catalogo | Letrame Grupo Editorial\" \/>\n<meta property=\"article:modified_time\" content=\"2024-04-29T10:04:19+00:00\" \/>\n<meta property=\"og:image\" content=\"https:\/\/letrame.com\/catalogo\/wp-content\/uploads\/2024\/04\/LA-sombra-de-una-idea-scaled-1.jpeg\" \/>\n\t<meta property=\"og:image:width\" content=\"1746\" \/>\n\t<meta property=\"og:image:height\" content=\"2560\" \/>\n\t<meta property=\"og:image:type\" content=\"image\/jpeg\" \/>\n<meta name=\"twitter:card\" content=\"summary_large_image\" \/>\n<meta name=\"twitter:label1\" content=\"Tiempo de lectura\" \/>\n\t<meta name=\"twitter:data1\" content=\"2 minutos\" \/>\n<script type=\"application\/ld+json\" class=\"yoast-schema-graph\">{\"@context\":\"https:\\\/\\\/schema.org\",\"@graph\":[{\"@type\":\"WebPage\",\"@id\":\"https:\\\/\\\/letrame.com\\\/catalogo\\\/producto\\\/la-sombra-de-una-idea\\\/\",\"url\":\"https:\\\/\\\/letrame.com\\\/catalogo\\\/producto\\\/la-sombra-de-una-idea\\\/\",\"name\":\"La sombra de una idea - Catalogo | Letrame Grupo Editorial\",\"isPartOf\":{\"@id\":\"https:\\\/\\\/letrame.com\\\/catalogo\\\/#website\"},\"primaryImageOfPage\":{\"@id\":\"https:\\\/\\\/letrame.com\\\/catalogo\\\/producto\\\/la-sombra-de-una-idea\\\/#primaryimage\"},\"image\":{\"@id\":\"https:\\\/\\\/letrame.com\\\/catalogo\\\/producto\\\/la-sombra-de-una-idea\\\/#primaryimage\"},\"thumbnailUrl\":\"https:\\\/\\\/letrame.com\\\/catalogo\\\/wp-content\\\/uploads\\\/2024\\\/04\\\/LA-sombra-de-una-idea-scaled-1.jpeg\",\"datePublished\":\"2024-04-29T10:04:05+00:00\",\"dateModified\":\"2024-04-29T10:04:19+00:00\",\"breadcrumb\":{\"@id\":\"https:\\\/\\\/letrame.com\\\/catalogo\\\/producto\\\/la-sombra-de-una-idea\\\/#breadcrumb\"},\"inLanguage\":\"es\",\"potentialAction\":[{\"@type\":\"ReadAction\",\"target\":[\"https:\\\/\\\/letrame.com\\\/catalogo\\\/producto\\\/la-sombra-de-una-idea\\\/\"]}]},{\"@type\":\"ImageObject\",\"inLanguage\":\"es\",\"@id\":\"https:\\\/\\\/letrame.com\\\/catalogo\\\/producto\\\/la-sombra-de-una-idea\\\/#primaryimage\",\"url\":\"https:\\\/\\\/letrame.com\\\/catalogo\\\/wp-content\\\/uploads\\\/2024\\\/04\\\/LA-sombra-de-una-idea-scaled-1.jpeg\",\"contentUrl\":\"https:\\\/\\\/letrame.com\\\/catalogo\\\/wp-content\\\/uploads\\\/2024\\\/04\\\/LA-sombra-de-una-idea-scaled-1.jpeg\",\"width\":1746,\"height\":2560},{\"@type\":\"BreadcrumbList\",\"@id\":\"https:\\\/\\\/letrame.com\\\/catalogo\\\/producto\\\/la-sombra-de-una-idea\\\/#breadcrumb\",\"itemListElement\":[{\"@type\":\"ListItem\",\"position\":1,\"name\":\"Portada\",\"item\":\"https:\\\/\\\/letrame.com\\\/catalogo\\\/\"},{\"@type\":\"ListItem\",\"position\":2,\"name\":\"Cat\u00e1logo\",\"item\":\"https:\\\/\\\/letrame.com\\\/catalogo\\\/\"},{\"@type\":\"ListItem\",\"position\":3,\"name\":\"La sombra de una idea\"}]},{\"@type\":\"WebSite\",\"@id\":\"https:\\\/\\\/letrame.com\\\/catalogo\\\/#website\",\"url\":\"https:\\\/\\\/letrame.com\\\/catalogo\\\/\",\"name\":\"Catalogo | Letrame Grupo Editorial\",\"description\":\"\",\"publisher\":{\"@id\":\"https:\\\/\\\/letrame.com\\\/catalogo\\\/#organization\"},\"potentialAction\":[{\"@type\":\"SearchAction\",\"target\":{\"@type\":\"EntryPoint\",\"urlTemplate\":\"https:\\\/\\\/letrame.com\\\/catalogo\\\/?s={search_term_string}\"},\"query-input\":{\"@type\":\"PropertyValueSpecification\",\"valueRequired\":true,\"valueName\":\"search_term_string\"}}],\"inLanguage\":\"es\"},{\"@type\":\"Organization\",\"@id\":\"https:\\\/\\\/letrame.com\\\/catalogo\\\/#organization\",\"name\":\"Catalogo | Letrame Grupo Editorial\",\"url\":\"https:\\\/\\\/letrame.com\\\/catalogo\\\/\",\"logo\":{\"@type\":\"ImageObject\",\"inLanguage\":\"es\",\"@id\":\"https:\\\/\\\/letrame.com\\\/catalogo\\\/#\\\/schema\\\/logo\\\/image\\\/\",\"url\":\"https:\\\/\\\/letrame.com\\\/catalogo\\\/wp-content\\\/uploads\\\/2024\\\/03\\\/logo2.webp\",\"contentUrl\":\"https:\\\/\\\/letrame.com\\\/catalogo\\\/wp-content\\\/uploads\\\/2024\\\/03\\\/logo2.webp\",\"width\":394,\"height\":128,\"caption\":\"Catalogo | Letrame Grupo Editorial\"},\"image\":{\"@id\":\"https:\\\/\\\/letrame.com\\\/catalogo\\\/#\\\/schema\\\/logo\\\/image\\\/\"}}]}<\/script>\n<!-- \/ Yoast SEO plugin. -->","yoast_head_json":{"title":"La sombra de una idea - Catalogo | Letrame Grupo Editorial","robots":{"index":"index","follow":"follow","max-snippet":"max-snippet:-1","max-image-preview":"max-image-preview:large","max-video-preview":"max-video-preview:-1"},"canonical":"https:\/\/letrame.com\/catalogo\/producto\/la-sombra-de-una-idea\/","og_locale":"es_ES","og_type":"article","og_title":"La sombra de una idea - Catalogo | Letrame Grupo Editorial","og_description":"ISBN: 978-84-1386-597-3   La sombra de una idea es una reconstrucci\u00f3n hist\u00f3rica en la cual el periodista mexicano Atilano Gonz\u00e1lez Villa indaga con rigor period\u00edstico en las profundidades de la pol\u00edtica estudiantil del M\u00e9xico de las d\u00e9cadas de los cincuenta y sesenta del siglo XX. Un convulso periodo en el que se tem\u00eda que la chispa de la revoluci\u00f3n cubana saltase desde la isla vecina para instaurar en la Pen\u00ednsula de Yucat\u00e1n un r\u00e9gimen marxista-leninista que separase este territorio del resto de la rep\u00fablica mexicana.","og_url":"https:\/\/letrame.com\/catalogo\/producto\/la-sombra-de-una-idea\/","og_site_name":"Catalogo | Letrame Grupo Editorial","article_modified_time":"2024-04-29T10:04:19+00:00","og_image":[{"width":1746,"height":2560,"url":"https:\/\/letrame.com\/catalogo\/wp-content\/uploads\/2024\/04\/LA-sombra-de-una-idea-scaled-1.jpeg","type":"image\/jpeg"}],"twitter_card":"summary_large_image","twitter_misc":{"Tiempo de lectura":"2 minutos"},"schema":{"@context":"https:\/\/schema.org","@graph":[{"@type":"WebPage","@id":"https:\/\/letrame.com\/catalogo\/producto\/la-sombra-de-una-idea\/","url":"https:\/\/letrame.com\/catalogo\/producto\/la-sombra-de-una-idea\/","name":"La sombra de una idea - Catalogo | Letrame Grupo Editorial","isPartOf":{"@id":"https:\/\/letrame.com\/catalogo\/#website"},"primaryImageOfPage":{"@id":"https:\/\/letrame.com\/catalogo\/producto\/la-sombra-de-una-idea\/#primaryimage"},"image":{"@id":"https:\/\/letrame.com\/catalogo\/producto\/la-sombra-de-una-idea\/#primaryimage"},"thumbnailUrl":"https:\/\/letrame.com\/catalogo\/wp-content\/uploads\/2024\/04\/LA-sombra-de-una-idea-scaled-1.jpeg","datePublished":"2024-04-29T10:04:05+00:00","dateModified":"2024-04-29T10:04:19+00:00","breadcrumb":{"@id":"https:\/\/letrame.com\/catalogo\/producto\/la-sombra-de-una-idea\/#breadcrumb"},"inLanguage":"es","potentialAction":[{"@type":"ReadAction","target":["https:\/\/letrame.com\/catalogo\/producto\/la-sombra-de-una-idea\/"]}]},{"@type":"ImageObject","inLanguage":"es","@id":"https:\/\/letrame.com\/catalogo\/producto\/la-sombra-de-una-idea\/#primaryimage","url":"https:\/\/letrame.com\/catalogo\/wp-content\/uploads\/2024\/04\/LA-sombra-de-una-idea-scaled-1.jpeg","contentUrl":"https:\/\/letrame.com\/catalogo\/wp-content\/uploads\/2024\/04\/LA-sombra-de-una-idea-scaled-1.jpeg","width":1746,"height":2560},{"@type":"BreadcrumbList","@id":"https:\/\/letrame.com\/catalogo\/producto\/la-sombra-de-una-idea\/#breadcrumb","itemListElement":[{"@type":"ListItem","position":1,"name":"Portada","item":"https:\/\/letrame.com\/catalogo\/"},{"@type":"ListItem","position":2,"name":"Cat\u00e1logo","item":"https:\/\/letrame.com\/catalogo\/"},{"@type":"ListItem","position":3,"name":"La sombra de una idea"}]},{"@type":"WebSite","@id":"https:\/\/letrame.com\/catalogo\/#website","url":"https:\/\/letrame.com\/catalogo\/","name":"Catalogo | Letrame Grupo Editorial","description":"","publisher":{"@id":"https:\/\/letrame.com\/catalogo\/#organization"},"potentialAction":[{"@type":"SearchAction","target":{"@type":"EntryPoint","urlTemplate":"https:\/\/letrame.com\/catalogo\/?s={search_term_string}"},"query-input":{"@type":"PropertyValueSpecification","valueRequired":true,"valueName":"search_term_string"}}],"inLanguage":"es"},{"@type":"Organization","@id":"https:\/\/letrame.com\/catalogo\/#organization","name":"Catalogo | Letrame Grupo Editorial","url":"https:\/\/letrame.com\/catalogo\/","logo":{"@type":"ImageObject","inLanguage":"es","@id":"https:\/\/letrame.com\/catalogo\/#\/schema\/logo\/image\/","url":"https:\/\/letrame.com\/catalogo\/wp-content\/uploads\/2024\/03\/logo2.webp","contentUrl":"https:\/\/letrame.com\/catalogo\/wp-content\/uploads\/2024\/03\/logo2.webp","width":394,"height":128,"caption":"Catalogo | Letrame Grupo Editorial"},"image":{"@id":"https:\/\/letrame.com\/catalogo\/#\/schema\/logo\/image\/"}}]}},"_links":{"self":[{"href":"https:\/\/letrame.com\/catalogo\/wp-json\/wp\/v2\/product\/96837","targetHints":{"allow":["GET"]}}],"collection":[{"href":"https:\/\/letrame.com\/catalogo\/wp-json\/wp\/v2\/product"}],"about":[{"href":"https:\/\/letrame.com\/catalogo\/wp-json\/wp\/v2\/types\/product"}],"replies":[{"embeddable":true,"href":"https:\/\/letrame.com\/catalogo\/wp-json\/wp\/v2\/comments?post=96837"}],"acf:post":[{"embeddable":true,"href":"https:\/\/letrame.com\/catalogo\/wp-json\/wp\/v2\/author_book\/75504"}],"wp:featuredmedia":[{"embeddable":true,"href":"https:\/\/letrame.com\/catalogo\/wp-json\/wp\/v2\/media\/96838"}],"wp:attachment":[{"href":"https:\/\/letrame.com\/catalogo\/wp-json\/wp\/v2\/media?parent=96837"}],"wp:term":[{"taxonomy":"libro","embeddable":true,"href":"https:\/\/letrame.com\/catalogo\/wp-json\/wp\/v2\/libro?post=96837"},{"taxonomy":"product_brand","embeddable":true,"href":"https:\/\/letrame.com\/catalogo\/wp-json\/wp\/v2\/product_brand?post=96837"},{"taxonomy":"product_cat","embeddable":true,"href":"https:\/\/letrame.com\/catalogo\/wp-json\/wp\/v2\/product_cat?post=96837"},{"taxonomy":"product_tag","embeddable":true,"href":"https:\/\/letrame.com\/catalogo\/wp-json\/wp\/v2\/product_tag?post=96837"}],"curies":[{"name":"wp","href":"https:\/\/api.w.org\/{rel}","templated":true}]}}