{"id":96829,"date":"2024-04-29T12:01:34","date_gmt":"2024-04-29T10:01:34","guid":{"rendered":"https:\/\/letrame.com\/catalogo\/producto\/el-fin-de-la-sociedad-medieval-y-la-peste-negra\/"},"modified":"2024-04-29T12:02:28","modified_gmt":"2024-04-29T10:02:28","slug":"el-fin-de-la-sociedad-medieval-y-la-peste-negra","status":"publish","type":"product","link":"https:\/\/letrame.com\/catalogo\/producto\/el-fin-de-la-sociedad-medieval-y-la-peste-negra\/","title":{"rendered":"El fin de la sociedad medieval y la peste negra"},"content":{"rendered":"<div class=\"page\" title=\"Page 2\">\n<div class=\"layoutArea\">\n<div class=\"column\">\n<p><strong>ISBN<\/strong>: 978-84-1386-702-1<\/p>\n<\/div>\n<\/div>\n<\/div>\n<p><b>T\u00edtulo<\/b><span style=\"font-weight: 400;\">: El fin de la sociedad medieval y la peste negra<\/span><span style=\"font-weight: 400;\"><br \/>\n<\/span><b>Fecha<\/b><span style=\"font-weight: 400;\">: 2021<\/span><span style=\"font-weight: 400;\"><br \/>\n<\/span><b>P\u00e1ginas<\/b><span style=\"font-weight: 400;\">: 182<\/span><\/p>\n<p><b>SINOPSIS<\/b><\/p>\n<p>En este libro sobre la Peste Negra el autor nos lleva a una dimensi\u00f3n diferente que nos permite entender, desde esta tragedia, la explicaci\u00f3n del fin de la sociedad medieval y el quiebre de una forma de concebir el mundo.<\/p>\n<p>La formaci\u00f3n econ\u00f3mica del autor le permite acercarse desde otra perspectiva a la \u201cLarga Duraci\u00f3n\u201d y ver con nuevas luces como las instituciones y pilares que sosten\u00edan el medioevo jer\u00e1rquico y trascendente, caen tras el azote de este flagelo. La muerte masiva y la incertidumbre minan las antiguas confianzas en los se\u00f1ores feudales y en la Iglesia, generando el paso a nuevas instituciones que se gestar\u00e1n desde las cenizas de Europa.<\/p>\n<p>&nbsp;<\/p>\n<p>La peste negra diezm\u00f3 a un tercio de la poblaci\u00f3n europea, por lo que tras ella vendr\u00e1 un periodo de auge econ\u00f3mico y bienestar. Menos personas tendr\u00e1n que dividirse los bienes y la certeza de la muerte pronta los llevar\u00e1 a abrazar nuevos lujos y excentricidades. El siglo xv emerge en su esplendor de las cenizas pestilentes del siglo anterior. Mucho se ha dicho que el siglo xiv es un siglo de cambios, que en \u00e9l aparecen los g\u00e9rmenes fide\u00edstas que provocar\u00e1n la Reforma.<\/p>\n<p>&nbsp;<\/p>\n<p>Hendrik Van Nievelt nos muestra una dimensi\u00f3n menos tratada por los historiadores, La Peste Negra como quiebre y fin de la sociedad medieval. Este es un extraordinario y clarificador libro.<\/p>\n<p style=\"text-align: center;\"><strong>Magdalena Merbilh\u00e1a R. Directora Red Cultural<\/strong><\/p>\n","protected":false},"excerpt":{"rendered":"<p><strong>ISBN: 978-84-1386-702-1<\/strong><\/p>\n<p>La peste negra diezm\u00f3 a un tercio de la poblaci\u00f3n europea, por lo que tras ella vendr\u00e1 un periodo de auge econ\u00f3mico y bienestar. Menos personas tendr\u00e1n que dividirse los bienes y la certeza de la muerte pronta los llevar\u00e1 a abrazar nuevos lujos y excentricidades. El siglo xv emerge en su esplendor de las cenizas pestilentes del siglo anterior. Mucho se ha dicho que el siglo xiv es un siglo de cambios, que en \u00e9l aparecen los g\u00e9rmenes fide\u00edstas que provocar\u00e1n la Reforma.<\/p>\n<p>Hendrik Van Nievelt nos muestra una dimensi\u00f3n menos tratada por los historiadores, La Peste Negra como quiebre y fin de la sociedad medieval. Este es un extraordinario y clarificador libro.<\/p>\n","protected":false},"featured_media":96830,"comment_status":"closed","ping_status":"open","template":"","meta":{"_acf_changed":false},"libro":[],"product_brand":[],"product_cat":[22,23],"product_tag":[],"class_list":{"0":"post-96829","1":"product","2":"type-product","3":"status-publish","4":"has-post-thumbnail","6":"product_cat-docencia","7":"product_cat-ensayos","9":"first","10":"instock","11":"purchasable","12":"product-type-simple"},"acf":{"autor":[75498],"enlace_de_compra":""},"yoast_head":"<!-- This site is optimized with the Yoast SEO plugin v27.4 - https:\/\/yoast.com\/product\/yoast-seo-wordpress\/ -->\n<title>El fin de la sociedad medieval y la peste negra - Catalogo | Letrame Grupo Editorial<\/title>\n<meta name=\"robots\" content=\"index, follow, max-snippet:-1, max-image-preview:large, max-video-preview:-1\" \/>\n<link rel=\"canonical\" href=\"https:\/\/letrame.com\/catalogo\/producto\/el-fin-de-la-sociedad-medieval-y-la-peste-negra\/\" \/>\n<meta property=\"og:locale\" content=\"es_ES\" \/>\n<meta property=\"og:type\" content=\"article\" \/>\n<meta property=\"og:title\" content=\"El fin de la sociedad medieval y la peste negra - Catalogo | Letrame Grupo Editorial\" \/>\n<meta property=\"og:description\" content=\"ISBN: 978-84-1386-702-1 La peste negra diezm\u00f3 a un tercio de la poblaci\u00f3n europea, por lo que tras ella vendr\u00e1 un periodo de auge econ\u00f3mico y bienestar. Menos personas tendr\u00e1n que dividirse los bienes y la certeza de la muerte pronta los llevar\u00e1 a abrazar nuevos lujos y excentricidades. El siglo xv emerge en su esplendor de las cenizas pestilentes del siglo anterior. Mucho se ha dicho que el siglo xiv es un siglo de cambios, que en \u00e9l aparecen los g\u00e9rmenes fide\u00edstas que provocar\u00e1n la Reforma. Hendrik Van Nievelt nos muestra una dimensi\u00f3n menos tratada por los historiadores, La Peste Negra como quiebre y fin de la sociedad medieval. Este es un extraordinario y clarificador libro.\" \/>\n<meta property=\"og:url\" content=\"https:\/\/letrame.com\/catalogo\/producto\/el-fin-de-la-sociedad-medieval-y-la-peste-negra\/\" \/>\n<meta property=\"og:site_name\" content=\"Catalogo | Letrame Grupo Editorial\" \/>\n<meta property=\"article:modified_time\" content=\"2024-04-29T10:02:28+00:00\" \/>\n<meta property=\"og:image\" content=\"https:\/\/letrame.com\/catalogo\/wp-content\/uploads\/2024\/04\/El-fin-de-la-sociedad-medieval-y-la-peste-negra-scaled-1.jpeg\" \/>\n\t<meta property=\"og:image:width\" content=\"1670\" \/>\n\t<meta property=\"og:image:height\" content=\"2560\" \/>\n\t<meta property=\"og:image:type\" content=\"image\/jpeg\" \/>\n<meta name=\"twitter:card\" content=\"summary_large_image\" \/>\n<meta name=\"twitter:label1\" content=\"Tiempo de lectura\" \/>\n\t<meta name=\"twitter:data1\" content=\"1 minuto\" \/>\n<script type=\"application\/ld+json\" class=\"yoast-schema-graph\">{\"@context\":\"https:\\\/\\\/schema.org\",\"@graph\":[{\"@type\":\"WebPage\",\"@id\":\"https:\\\/\\\/letrame.com\\\/catalogo\\\/producto\\\/el-fin-de-la-sociedad-medieval-y-la-peste-negra\\\/\",\"url\":\"https:\\\/\\\/letrame.com\\\/catalogo\\\/producto\\\/el-fin-de-la-sociedad-medieval-y-la-peste-negra\\\/\",\"name\":\"El fin de la sociedad medieval y la peste negra - Catalogo | Letrame Grupo Editorial\",\"isPartOf\":{\"@id\":\"https:\\\/\\\/letrame.com\\\/catalogo\\\/#website\"},\"primaryImageOfPage\":{\"@id\":\"https:\\\/\\\/letrame.com\\\/catalogo\\\/producto\\\/el-fin-de-la-sociedad-medieval-y-la-peste-negra\\\/#primaryimage\"},\"image\":{\"@id\":\"https:\\\/\\\/letrame.com\\\/catalogo\\\/producto\\\/el-fin-de-la-sociedad-medieval-y-la-peste-negra\\\/#primaryimage\"},\"thumbnailUrl\":\"https:\\\/\\\/letrame.com\\\/catalogo\\\/wp-content\\\/uploads\\\/2024\\\/04\\\/El-fin-de-la-sociedad-medieval-y-la-peste-negra-scaled-1.jpeg\",\"datePublished\":\"2024-04-29T10:01:34+00:00\",\"dateModified\":\"2024-04-29T10:02:28+00:00\",\"breadcrumb\":{\"@id\":\"https:\\\/\\\/letrame.com\\\/catalogo\\\/producto\\\/el-fin-de-la-sociedad-medieval-y-la-peste-negra\\\/#breadcrumb\"},\"inLanguage\":\"es\",\"potentialAction\":[{\"@type\":\"ReadAction\",\"target\":[\"https:\\\/\\\/letrame.com\\\/catalogo\\\/producto\\\/el-fin-de-la-sociedad-medieval-y-la-peste-negra\\\/\"]}]},{\"@type\":\"ImageObject\",\"inLanguage\":\"es\",\"@id\":\"https:\\\/\\\/letrame.com\\\/catalogo\\\/producto\\\/el-fin-de-la-sociedad-medieval-y-la-peste-negra\\\/#primaryimage\",\"url\":\"https:\\\/\\\/letrame.com\\\/catalogo\\\/wp-content\\\/uploads\\\/2024\\\/04\\\/El-fin-de-la-sociedad-medieval-y-la-peste-negra-scaled-1.jpeg\",\"contentUrl\":\"https:\\\/\\\/letrame.com\\\/catalogo\\\/wp-content\\\/uploads\\\/2024\\\/04\\\/El-fin-de-la-sociedad-medieval-y-la-peste-negra-scaled-1.jpeg\",\"width\":1670,\"height\":2560},{\"@type\":\"BreadcrumbList\",\"@id\":\"https:\\\/\\\/letrame.com\\\/catalogo\\\/producto\\\/el-fin-de-la-sociedad-medieval-y-la-peste-negra\\\/#breadcrumb\",\"itemListElement\":[{\"@type\":\"ListItem\",\"position\":1,\"name\":\"Portada\",\"item\":\"https:\\\/\\\/letrame.com\\\/catalogo\\\/\"},{\"@type\":\"ListItem\",\"position\":2,\"name\":\"Cat\u00e1logo\",\"item\":\"https:\\\/\\\/letrame.com\\\/catalogo\\\/\"},{\"@type\":\"ListItem\",\"position\":3,\"name\":\"El fin de la sociedad medieval y la peste negra\"}]},{\"@type\":\"WebSite\",\"@id\":\"https:\\\/\\\/letrame.com\\\/catalogo\\\/#website\",\"url\":\"https:\\\/\\\/letrame.com\\\/catalogo\\\/\",\"name\":\"Catalogo | Letrame Grupo Editorial\",\"description\":\"\",\"publisher\":{\"@id\":\"https:\\\/\\\/letrame.com\\\/catalogo\\\/#organization\"},\"potentialAction\":[{\"@type\":\"SearchAction\",\"target\":{\"@type\":\"EntryPoint\",\"urlTemplate\":\"https:\\\/\\\/letrame.com\\\/catalogo\\\/?s={search_term_string}\"},\"query-input\":{\"@type\":\"PropertyValueSpecification\",\"valueRequired\":true,\"valueName\":\"search_term_string\"}}],\"inLanguage\":\"es\"},{\"@type\":\"Organization\",\"@id\":\"https:\\\/\\\/letrame.com\\\/catalogo\\\/#organization\",\"name\":\"Catalogo | Letrame Grupo Editorial\",\"url\":\"https:\\\/\\\/letrame.com\\\/catalogo\\\/\",\"logo\":{\"@type\":\"ImageObject\",\"inLanguage\":\"es\",\"@id\":\"https:\\\/\\\/letrame.com\\\/catalogo\\\/#\\\/schema\\\/logo\\\/image\\\/\",\"url\":\"https:\\\/\\\/letrame.com\\\/catalogo\\\/wp-content\\\/uploads\\\/2024\\\/03\\\/logo2.webp\",\"contentUrl\":\"https:\\\/\\\/letrame.com\\\/catalogo\\\/wp-content\\\/uploads\\\/2024\\\/03\\\/logo2.webp\",\"width\":394,\"height\":128,\"caption\":\"Catalogo | Letrame Grupo Editorial\"},\"image\":{\"@id\":\"https:\\\/\\\/letrame.com\\\/catalogo\\\/#\\\/schema\\\/logo\\\/image\\\/\"}}]}<\/script>\n<!-- \/ Yoast SEO plugin. -->","yoast_head_json":{"title":"El fin de la sociedad medieval y la peste negra - Catalogo | Letrame Grupo Editorial","robots":{"index":"index","follow":"follow","max-snippet":"max-snippet:-1","max-image-preview":"max-image-preview:large","max-video-preview":"max-video-preview:-1"},"canonical":"https:\/\/letrame.com\/catalogo\/producto\/el-fin-de-la-sociedad-medieval-y-la-peste-negra\/","og_locale":"es_ES","og_type":"article","og_title":"El fin de la sociedad medieval y la peste negra - Catalogo | Letrame Grupo Editorial","og_description":"ISBN: 978-84-1386-702-1 La peste negra diezm\u00f3 a un tercio de la poblaci\u00f3n europea, por lo que tras ella vendr\u00e1 un periodo de auge econ\u00f3mico y bienestar. Menos personas tendr\u00e1n que dividirse los bienes y la certeza de la muerte pronta los llevar\u00e1 a abrazar nuevos lujos y excentricidades. El siglo xv emerge en su esplendor de las cenizas pestilentes del siglo anterior. Mucho se ha dicho que el siglo xiv es un siglo de cambios, que en \u00e9l aparecen los g\u00e9rmenes fide\u00edstas que provocar\u00e1n la Reforma. Hendrik Van Nievelt nos muestra una dimensi\u00f3n menos tratada por los historiadores, La Peste Negra como quiebre y fin de la sociedad medieval. Este es un extraordinario y clarificador libro.","og_url":"https:\/\/letrame.com\/catalogo\/producto\/el-fin-de-la-sociedad-medieval-y-la-peste-negra\/","og_site_name":"Catalogo | Letrame Grupo Editorial","article_modified_time":"2024-04-29T10:02:28+00:00","og_image":[{"width":1670,"height":2560,"url":"https:\/\/letrame.com\/catalogo\/wp-content\/uploads\/2024\/04\/El-fin-de-la-sociedad-medieval-y-la-peste-negra-scaled-1.jpeg","type":"image\/jpeg"}],"twitter_card":"summary_large_image","twitter_misc":{"Tiempo de lectura":"1 minuto"},"schema":{"@context":"https:\/\/schema.org","@graph":[{"@type":"WebPage","@id":"https:\/\/letrame.com\/catalogo\/producto\/el-fin-de-la-sociedad-medieval-y-la-peste-negra\/","url":"https:\/\/letrame.com\/catalogo\/producto\/el-fin-de-la-sociedad-medieval-y-la-peste-negra\/","name":"El fin de la sociedad medieval y la peste negra - Catalogo | Letrame Grupo Editorial","isPartOf":{"@id":"https:\/\/letrame.com\/catalogo\/#website"},"primaryImageOfPage":{"@id":"https:\/\/letrame.com\/catalogo\/producto\/el-fin-de-la-sociedad-medieval-y-la-peste-negra\/#primaryimage"},"image":{"@id":"https:\/\/letrame.com\/catalogo\/producto\/el-fin-de-la-sociedad-medieval-y-la-peste-negra\/#primaryimage"},"thumbnailUrl":"https:\/\/letrame.com\/catalogo\/wp-content\/uploads\/2024\/04\/El-fin-de-la-sociedad-medieval-y-la-peste-negra-scaled-1.jpeg","datePublished":"2024-04-29T10:01:34+00:00","dateModified":"2024-04-29T10:02:28+00:00","breadcrumb":{"@id":"https:\/\/letrame.com\/catalogo\/producto\/el-fin-de-la-sociedad-medieval-y-la-peste-negra\/#breadcrumb"},"inLanguage":"es","potentialAction":[{"@type":"ReadAction","target":["https:\/\/letrame.com\/catalogo\/producto\/el-fin-de-la-sociedad-medieval-y-la-peste-negra\/"]}]},{"@type":"ImageObject","inLanguage":"es","@id":"https:\/\/letrame.com\/catalogo\/producto\/el-fin-de-la-sociedad-medieval-y-la-peste-negra\/#primaryimage","url":"https:\/\/letrame.com\/catalogo\/wp-content\/uploads\/2024\/04\/El-fin-de-la-sociedad-medieval-y-la-peste-negra-scaled-1.jpeg","contentUrl":"https:\/\/letrame.com\/catalogo\/wp-content\/uploads\/2024\/04\/El-fin-de-la-sociedad-medieval-y-la-peste-negra-scaled-1.jpeg","width":1670,"height":2560},{"@type":"BreadcrumbList","@id":"https:\/\/letrame.com\/catalogo\/producto\/el-fin-de-la-sociedad-medieval-y-la-peste-negra\/#breadcrumb","itemListElement":[{"@type":"ListItem","position":1,"name":"Portada","item":"https:\/\/letrame.com\/catalogo\/"},{"@type":"ListItem","position":2,"name":"Cat\u00e1logo","item":"https:\/\/letrame.com\/catalogo\/"},{"@type":"ListItem","position":3,"name":"El fin de la sociedad medieval y la peste negra"}]},{"@type":"WebSite","@id":"https:\/\/letrame.com\/catalogo\/#website","url":"https:\/\/letrame.com\/catalogo\/","name":"Catalogo | Letrame Grupo Editorial","description":"","publisher":{"@id":"https:\/\/letrame.com\/catalogo\/#organization"},"potentialAction":[{"@type":"SearchAction","target":{"@type":"EntryPoint","urlTemplate":"https:\/\/letrame.com\/catalogo\/?s={search_term_string}"},"query-input":{"@type":"PropertyValueSpecification","valueRequired":true,"valueName":"search_term_string"}}],"inLanguage":"es"},{"@type":"Organization","@id":"https:\/\/letrame.com\/catalogo\/#organization","name":"Catalogo | Letrame Grupo Editorial","url":"https:\/\/letrame.com\/catalogo\/","logo":{"@type":"ImageObject","inLanguage":"es","@id":"https:\/\/letrame.com\/catalogo\/#\/schema\/logo\/image\/","url":"https:\/\/letrame.com\/catalogo\/wp-content\/uploads\/2024\/03\/logo2.webp","contentUrl":"https:\/\/letrame.com\/catalogo\/wp-content\/uploads\/2024\/03\/logo2.webp","width":394,"height":128,"caption":"Catalogo | Letrame Grupo Editorial"},"image":{"@id":"https:\/\/letrame.com\/catalogo\/#\/schema\/logo\/image\/"}}]}},"_links":{"self":[{"href":"https:\/\/letrame.com\/catalogo\/wp-json\/wp\/v2\/product\/96829","targetHints":{"allow":["GET"]}}],"collection":[{"href":"https:\/\/letrame.com\/catalogo\/wp-json\/wp\/v2\/product"}],"about":[{"href":"https:\/\/letrame.com\/catalogo\/wp-json\/wp\/v2\/types\/product"}],"replies":[{"embeddable":true,"href":"https:\/\/letrame.com\/catalogo\/wp-json\/wp\/v2\/comments?post=96829"}],"acf:post":[{"embeddable":true,"href":"https:\/\/letrame.com\/catalogo\/wp-json\/wp\/v2\/author_book\/75498"}],"wp:featuredmedia":[{"embeddable":true,"href":"https:\/\/letrame.com\/catalogo\/wp-json\/wp\/v2\/media\/96830"}],"wp:attachment":[{"href":"https:\/\/letrame.com\/catalogo\/wp-json\/wp\/v2\/media?parent=96829"}],"wp:term":[{"taxonomy":"libro","embeddable":true,"href":"https:\/\/letrame.com\/catalogo\/wp-json\/wp\/v2\/libro?post=96829"},{"taxonomy":"product_brand","embeddable":true,"href":"https:\/\/letrame.com\/catalogo\/wp-json\/wp\/v2\/product_brand?post=96829"},{"taxonomy":"product_cat","embeddable":true,"href":"https:\/\/letrame.com\/catalogo\/wp-json\/wp\/v2\/product_cat?post=96829"},{"taxonomy":"product_tag","embeddable":true,"href":"https:\/\/letrame.com\/catalogo\/wp-json\/wp\/v2\/product_tag?post=96829"}],"curies":[{"name":"wp","href":"https:\/\/api.w.org\/{rel}","templated":true}]}}