{"id":96426,"date":"2024-04-29T10:42:38","date_gmt":"2024-04-29T08:42:38","guid":{"rendered":"https:\/\/letrame.com\/catalogo\/producto\/romanza-de-los-naranjos-en-flor\/"},"modified":"2024-04-29T10:42:59","modified_gmt":"2024-04-29T08:42:59","slug":"romanza-de-los-naranjos-en-flor","status":"publish","type":"product","link":"https:\/\/letrame.com\/catalogo\/producto\/romanza-de-los-naranjos-en-flor\/","title":{"rendered":"Romanza de los naranjos en flor"},"content":{"rendered":"<div class=\"page\" title=\"Page 6\">\n<div class=\"layoutArea\">\n<div class=\"column\">\n<p><strong>ISBN<\/strong>: 978-84-1386-299-6<\/p>\n<\/div>\n<\/div>\n<\/div>\n<p><b>T\u00edtulo<\/b><span style=\"font-weight: 400;\">: <span data-sheets-value=\"{&quot;1&quot;:2,&quot;2&quot;:&quot;Romanza de los naranjos en flor&quot;}\" data-sheets-userformat=\"{&quot;2&quot;:579,&quot;3&quot;:{&quot;1&quot;:0},&quot;4&quot;:{&quot;1&quot;:2,&quot;2&quot;:14281427},&quot;9&quot;:1,&quot;12&quot;:0}\">Romanza de los naranjos en flor<\/span><\/span><span style=\"font-weight: 400;\"><br \/>\n<\/span><b>Fecha<\/b><span style=\"font-weight: 400;\">: 2021<\/span><span style=\"font-weight: 400;\"><br \/>\n<\/span><b>P\u00e1ginas<\/b><span style=\"font-weight: 400;\">: 400<\/span><\/p>\n<p><b>SINOPSIS<\/b><\/p>\n<p><em>Romanza de los naranjos en flor <\/em>transcurre durante la Guerra Civil espa\u00f1ola. Es una combinaci\u00f3n de novela hist\u00f3rica y novela de intriga. Posee una estructura compleja, con diversas voces narrativas, con saltos en el tiempo hacia adelante y hacia atr\u00e1s, e incluye, adem\u00e1s de la narraci\u00f3n y los di\u00e1logos,\u00a0 entradas en un cuaderno a modo de diario, cartas, \u00a0informes y noticias period\u00edsticas.<\/p>\n<p>Cuenta la historia de dos personajes, Alfonso Castro Weiss, falangista coru\u00f1\u00e9s, abogado e hijo de republicano nacido en Ferrol, y Miguel Artimes Llana, violinista ovetense afiliado a la C.N.T. Ambas vidas transcurren paralelamente, sin que exista ning\u00fan v\u00ednculo entre ellos, hasta que, en un momento dado de la trama, acaban por confluir en el campo de concentraci\u00f3n del Monasterio de Oia (Pontevedra): Alfonso, como inspector de la ICCP (Inspecci\u00f3n de Campos de Concentraci\u00f3n de Prisioneros) y Miguel, como recluso.<\/p>\n<p>La obra es el testimonio de una tragedia colectiva en la Espa\u00f1a que sufri\u00f3 la sublevaci\u00f3n militar del 36, la guerra y la represi\u00f3n. Adem\u00e1s de describir la dureza de las condiciones carcelarias, en la novela tambi\u00e9n hay espacio para el amor, la m\u00fasica, la solidaridad, el humor y la amistad entre personas de bandos enfrentados.<\/p>\n","protected":false},"excerpt":{"rendered":"<div class=\"page\" title=\"Page 6\">\n<div class=\"layoutArea\">\n<div class=\"column\">\n<p><strong>ISBN: 978-84-1386-299-6<\/strong><\/p>\n<\/div>\n<\/div>\n<\/div>\n<p><em>Romanza de los naranjos en flor <\/em>transcurre durante la Guerra Civil espa\u00f1ola. Es una combinaci\u00f3n de novela hist\u00f3rica y novela de intriga. Posee una estructura compleja, con diversas voces narrativas, con saltos en el tiempo hacia adelante y hacia atr\u00e1s, e incluye, adem\u00e1s de la narraci\u00f3n y los di\u00e1logos,\u00a0 entradas en un cuaderno a modo de diario, cartas, \u00a0informes y noticias period\u00edsticas.<\/p>\n<p>Cuenta la historia de dos personajes, Alfonso Castro Weiss, falangista coru\u00f1\u00e9s, abogado e hijo de republicano nacido en Ferrol, y Miguel Artimes Llana, violinista ovetense afiliado a la C.N.T. Ambas vidas transcurren paralelamente, sin que exista ning\u00fan v\u00ednculo entre ellos, hasta que, en un momento dado de la trama, acaban por confluir en el campo de concentraci\u00f3n del Monasterio de Oia (Pontevedra): Alfonso, como inspector de la ICCP (Inspecci\u00f3n de Campos de Concentraci\u00f3n de Prisioneros) y Miguel, como recluso.<\/p>\n","protected":false},"featured_media":96427,"comment_status":"closed","ping_status":"open","template":"","meta":{"_acf_changed":false},"libro":[],"product_brand":[],"product_cat":[16],"product_tag":[],"class_list":{"0":"post-96426","1":"product","2":"type-product","3":"status-publish","4":"has-post-thumbnail","6":"product_cat-novela","8":"first","9":"instock","10":"purchasable","11":"product-type-simple"},"acf":{"autor":[75091],"enlace_de_compra":"https:\/\/www.paypal.com\/cgi-bin\/webscr?cmd=_s-xclick&amp;hosted_button_id=YNT5FVMPMPL98"},"yoast_head":"<!-- This site is optimized with the Yoast SEO plugin v27.4 - https:\/\/yoast.com\/product\/yoast-seo-wordpress\/ -->\n<title>Romanza de los naranjos en flor - Catalogo | Letrame Grupo Editorial<\/title>\n<meta name=\"robots\" content=\"index, follow, max-snippet:-1, max-image-preview:large, max-video-preview:-1\" \/>\n<link rel=\"canonical\" href=\"https:\/\/letrame.com\/catalogo\/producto\/romanza-de-los-naranjos-en-flor\/\" \/>\n<meta property=\"og:locale\" content=\"es_ES\" \/>\n<meta property=\"og:type\" content=\"article\" \/>\n<meta property=\"og:title\" content=\"Romanza de los naranjos en flor - Catalogo | Letrame Grupo Editorial\" \/>\n<meta property=\"og:description\" content=\"ISBN: 978-84-1386-299-6   Romanza de los naranjos en flor transcurre durante la Guerra Civil espa\u00f1ola. Es una combinaci\u00f3n de novela hist\u00f3rica y novela de intriga. Posee una estructura compleja, con diversas voces narrativas, con saltos en el tiempo hacia adelante y hacia atr\u00e1s, e incluye, adem\u00e1s de la narraci\u00f3n y los di\u00e1logos,\u00a0 entradas en un cuaderno a modo de diario, cartas, \u00a0informes y noticias period\u00edsticas. Cuenta la historia de dos personajes, Alfonso Castro Weiss, falangista coru\u00f1\u00e9s, abogado e hijo de republicano nacido en Ferrol, y Miguel Artimes Llana, violinista ovetense afiliado a la C.N.T. Ambas vidas transcurren paralelamente, sin que exista ning\u00fan v\u00ednculo entre ellos, hasta que, en un momento dado de la trama, acaban por confluir en el campo de concentraci\u00f3n del Monasterio de Oia (Pontevedra): Alfonso, como inspector de la ICCP (Inspecci\u00f3n de Campos de Concentraci\u00f3n de Prisioneros) y Miguel, como recluso.\" \/>\n<meta property=\"og:url\" content=\"https:\/\/letrame.com\/catalogo\/producto\/romanza-de-los-naranjos-en-flor\/\" \/>\n<meta property=\"og:site_name\" content=\"Catalogo | Letrame Grupo Editorial\" \/>\n<meta property=\"article:modified_time\" content=\"2024-04-29T08:42:59+00:00\" \/>\n<meta property=\"og:image\" content=\"https:\/\/letrame.com\/catalogo\/wp-content\/uploads\/2024\/04\/Romanza-de-los-naranjos-scaled-1.jpg\" \/>\n\t<meta property=\"og:image:width\" content=\"1746\" \/>\n\t<meta property=\"og:image:height\" content=\"2560\" \/>\n\t<meta property=\"og:image:type\" content=\"image\/jpeg\" \/>\n<meta name=\"twitter:card\" content=\"summary_large_image\" \/>\n<meta name=\"twitter:label1\" content=\"Tiempo de lectura\" \/>\n\t<meta name=\"twitter:data1\" content=\"1 minuto\" \/>\n<script type=\"application\/ld+json\" class=\"yoast-schema-graph\">{\"@context\":\"https:\\\/\\\/schema.org\",\"@graph\":[{\"@type\":\"WebPage\",\"@id\":\"https:\\\/\\\/letrame.com\\\/catalogo\\\/producto\\\/romanza-de-los-naranjos-en-flor\\\/\",\"url\":\"https:\\\/\\\/letrame.com\\\/catalogo\\\/producto\\\/romanza-de-los-naranjos-en-flor\\\/\",\"name\":\"Romanza de los naranjos en flor - Catalogo | Letrame Grupo Editorial\",\"isPartOf\":{\"@id\":\"https:\\\/\\\/letrame.com\\\/catalogo\\\/#website\"},\"primaryImageOfPage\":{\"@id\":\"https:\\\/\\\/letrame.com\\\/catalogo\\\/producto\\\/romanza-de-los-naranjos-en-flor\\\/#primaryimage\"},\"image\":{\"@id\":\"https:\\\/\\\/letrame.com\\\/catalogo\\\/producto\\\/romanza-de-los-naranjos-en-flor\\\/#primaryimage\"},\"thumbnailUrl\":\"https:\\\/\\\/letrame.com\\\/catalogo\\\/wp-content\\\/uploads\\\/2024\\\/04\\\/Romanza-de-los-naranjos-scaled-1.jpg\",\"datePublished\":\"2024-04-29T08:42:38+00:00\",\"dateModified\":\"2024-04-29T08:42:59+00:00\",\"breadcrumb\":{\"@id\":\"https:\\\/\\\/letrame.com\\\/catalogo\\\/producto\\\/romanza-de-los-naranjos-en-flor\\\/#breadcrumb\"},\"inLanguage\":\"es\",\"potentialAction\":[{\"@type\":\"ReadAction\",\"target\":[\"https:\\\/\\\/letrame.com\\\/catalogo\\\/producto\\\/romanza-de-los-naranjos-en-flor\\\/\"]}]},{\"@type\":\"ImageObject\",\"inLanguage\":\"es\",\"@id\":\"https:\\\/\\\/letrame.com\\\/catalogo\\\/producto\\\/romanza-de-los-naranjos-en-flor\\\/#primaryimage\",\"url\":\"https:\\\/\\\/letrame.com\\\/catalogo\\\/wp-content\\\/uploads\\\/2024\\\/04\\\/Romanza-de-los-naranjos-scaled-1.jpg\",\"contentUrl\":\"https:\\\/\\\/letrame.com\\\/catalogo\\\/wp-content\\\/uploads\\\/2024\\\/04\\\/Romanza-de-los-naranjos-scaled-1.jpg\",\"width\":1746,\"height\":2560},{\"@type\":\"BreadcrumbList\",\"@id\":\"https:\\\/\\\/letrame.com\\\/catalogo\\\/producto\\\/romanza-de-los-naranjos-en-flor\\\/#breadcrumb\",\"itemListElement\":[{\"@type\":\"ListItem\",\"position\":1,\"name\":\"Portada\",\"item\":\"https:\\\/\\\/letrame.com\\\/catalogo\\\/\"},{\"@type\":\"ListItem\",\"position\":2,\"name\":\"Cat\u00e1logo\",\"item\":\"https:\\\/\\\/letrame.com\\\/catalogo\\\/\"},{\"@type\":\"ListItem\",\"position\":3,\"name\":\"Romanza de los naranjos en flor\"}]},{\"@type\":\"WebSite\",\"@id\":\"https:\\\/\\\/letrame.com\\\/catalogo\\\/#website\",\"url\":\"https:\\\/\\\/letrame.com\\\/catalogo\\\/\",\"name\":\"Catalogo | Letrame Grupo Editorial\",\"description\":\"\",\"publisher\":{\"@id\":\"https:\\\/\\\/letrame.com\\\/catalogo\\\/#organization\"},\"potentialAction\":[{\"@type\":\"SearchAction\",\"target\":{\"@type\":\"EntryPoint\",\"urlTemplate\":\"https:\\\/\\\/letrame.com\\\/catalogo\\\/?s={search_term_string}\"},\"query-input\":{\"@type\":\"PropertyValueSpecification\",\"valueRequired\":true,\"valueName\":\"search_term_string\"}}],\"inLanguage\":\"es\"},{\"@type\":\"Organization\",\"@id\":\"https:\\\/\\\/letrame.com\\\/catalogo\\\/#organization\",\"name\":\"Catalogo | Letrame Grupo Editorial\",\"url\":\"https:\\\/\\\/letrame.com\\\/catalogo\\\/\",\"logo\":{\"@type\":\"ImageObject\",\"inLanguage\":\"es\",\"@id\":\"https:\\\/\\\/letrame.com\\\/catalogo\\\/#\\\/schema\\\/logo\\\/image\\\/\",\"url\":\"https:\\\/\\\/letrame.com\\\/catalogo\\\/wp-content\\\/uploads\\\/2024\\\/03\\\/logo2.webp\",\"contentUrl\":\"https:\\\/\\\/letrame.com\\\/catalogo\\\/wp-content\\\/uploads\\\/2024\\\/03\\\/logo2.webp\",\"width\":394,\"height\":128,\"caption\":\"Catalogo | Letrame Grupo Editorial\"},\"image\":{\"@id\":\"https:\\\/\\\/letrame.com\\\/catalogo\\\/#\\\/schema\\\/logo\\\/image\\\/\"}}]}<\/script>\n<!-- \/ Yoast SEO plugin. -->","yoast_head_json":{"title":"Romanza de los naranjos en flor - Catalogo | Letrame Grupo Editorial","robots":{"index":"index","follow":"follow","max-snippet":"max-snippet:-1","max-image-preview":"max-image-preview:large","max-video-preview":"max-video-preview:-1"},"canonical":"https:\/\/letrame.com\/catalogo\/producto\/romanza-de-los-naranjos-en-flor\/","og_locale":"es_ES","og_type":"article","og_title":"Romanza de los naranjos en flor - Catalogo | Letrame Grupo Editorial","og_description":"ISBN: 978-84-1386-299-6   Romanza de los naranjos en flor transcurre durante la Guerra Civil espa\u00f1ola. Es una combinaci\u00f3n de novela hist\u00f3rica y novela de intriga. Posee una estructura compleja, con diversas voces narrativas, con saltos en el tiempo hacia adelante y hacia atr\u00e1s, e incluye, adem\u00e1s de la narraci\u00f3n y los di\u00e1logos,\u00a0 entradas en un cuaderno a modo de diario, cartas, \u00a0informes y noticias period\u00edsticas. Cuenta la historia de dos personajes, Alfonso Castro Weiss, falangista coru\u00f1\u00e9s, abogado e hijo de republicano nacido en Ferrol, y Miguel Artimes Llana, violinista ovetense afiliado a la C.N.T. Ambas vidas transcurren paralelamente, sin que exista ning\u00fan v\u00ednculo entre ellos, hasta que, en un momento dado de la trama, acaban por confluir en el campo de concentraci\u00f3n del Monasterio de Oia (Pontevedra): Alfonso, como inspector de la ICCP (Inspecci\u00f3n de Campos de Concentraci\u00f3n de Prisioneros) y Miguel, como recluso.","og_url":"https:\/\/letrame.com\/catalogo\/producto\/romanza-de-los-naranjos-en-flor\/","og_site_name":"Catalogo | Letrame Grupo Editorial","article_modified_time":"2024-04-29T08:42:59+00:00","og_image":[{"width":1746,"height":2560,"url":"https:\/\/letrame.com\/catalogo\/wp-content\/uploads\/2024\/04\/Romanza-de-los-naranjos-scaled-1.jpg","type":"image\/jpeg"}],"twitter_card":"summary_large_image","twitter_misc":{"Tiempo de lectura":"1 minuto"},"schema":{"@context":"https:\/\/schema.org","@graph":[{"@type":"WebPage","@id":"https:\/\/letrame.com\/catalogo\/producto\/romanza-de-los-naranjos-en-flor\/","url":"https:\/\/letrame.com\/catalogo\/producto\/romanza-de-los-naranjos-en-flor\/","name":"Romanza de los naranjos en flor - Catalogo | Letrame Grupo Editorial","isPartOf":{"@id":"https:\/\/letrame.com\/catalogo\/#website"},"primaryImageOfPage":{"@id":"https:\/\/letrame.com\/catalogo\/producto\/romanza-de-los-naranjos-en-flor\/#primaryimage"},"image":{"@id":"https:\/\/letrame.com\/catalogo\/producto\/romanza-de-los-naranjos-en-flor\/#primaryimage"},"thumbnailUrl":"https:\/\/letrame.com\/catalogo\/wp-content\/uploads\/2024\/04\/Romanza-de-los-naranjos-scaled-1.jpg","datePublished":"2024-04-29T08:42:38+00:00","dateModified":"2024-04-29T08:42:59+00:00","breadcrumb":{"@id":"https:\/\/letrame.com\/catalogo\/producto\/romanza-de-los-naranjos-en-flor\/#breadcrumb"},"inLanguage":"es","potentialAction":[{"@type":"ReadAction","target":["https:\/\/letrame.com\/catalogo\/producto\/romanza-de-los-naranjos-en-flor\/"]}]},{"@type":"ImageObject","inLanguage":"es","@id":"https:\/\/letrame.com\/catalogo\/producto\/romanza-de-los-naranjos-en-flor\/#primaryimage","url":"https:\/\/letrame.com\/catalogo\/wp-content\/uploads\/2024\/04\/Romanza-de-los-naranjos-scaled-1.jpg","contentUrl":"https:\/\/letrame.com\/catalogo\/wp-content\/uploads\/2024\/04\/Romanza-de-los-naranjos-scaled-1.jpg","width":1746,"height":2560},{"@type":"BreadcrumbList","@id":"https:\/\/letrame.com\/catalogo\/producto\/romanza-de-los-naranjos-en-flor\/#breadcrumb","itemListElement":[{"@type":"ListItem","position":1,"name":"Portada","item":"https:\/\/letrame.com\/catalogo\/"},{"@type":"ListItem","position":2,"name":"Cat\u00e1logo","item":"https:\/\/letrame.com\/catalogo\/"},{"@type":"ListItem","position":3,"name":"Romanza de los naranjos en flor"}]},{"@type":"WebSite","@id":"https:\/\/letrame.com\/catalogo\/#website","url":"https:\/\/letrame.com\/catalogo\/","name":"Catalogo | Letrame Grupo Editorial","description":"","publisher":{"@id":"https:\/\/letrame.com\/catalogo\/#organization"},"potentialAction":[{"@type":"SearchAction","target":{"@type":"EntryPoint","urlTemplate":"https:\/\/letrame.com\/catalogo\/?s={search_term_string}"},"query-input":{"@type":"PropertyValueSpecification","valueRequired":true,"valueName":"search_term_string"}}],"inLanguage":"es"},{"@type":"Organization","@id":"https:\/\/letrame.com\/catalogo\/#organization","name":"Catalogo | Letrame Grupo Editorial","url":"https:\/\/letrame.com\/catalogo\/","logo":{"@type":"ImageObject","inLanguage":"es","@id":"https:\/\/letrame.com\/catalogo\/#\/schema\/logo\/image\/","url":"https:\/\/letrame.com\/catalogo\/wp-content\/uploads\/2024\/03\/logo2.webp","contentUrl":"https:\/\/letrame.com\/catalogo\/wp-content\/uploads\/2024\/03\/logo2.webp","width":394,"height":128,"caption":"Catalogo | Letrame Grupo Editorial"},"image":{"@id":"https:\/\/letrame.com\/catalogo\/#\/schema\/logo\/image\/"}}]}},"_links":{"self":[{"href":"https:\/\/letrame.com\/catalogo\/wp-json\/wp\/v2\/product\/96426","targetHints":{"allow":["GET"]}}],"collection":[{"href":"https:\/\/letrame.com\/catalogo\/wp-json\/wp\/v2\/product"}],"about":[{"href":"https:\/\/letrame.com\/catalogo\/wp-json\/wp\/v2\/types\/product"}],"replies":[{"embeddable":true,"href":"https:\/\/letrame.com\/catalogo\/wp-json\/wp\/v2\/comments?post=96426"}],"acf:post":[{"embeddable":true,"href":"https:\/\/letrame.com\/catalogo\/wp-json\/wp\/v2\/author_book\/75091"}],"wp:featuredmedia":[{"embeddable":true,"href":"https:\/\/letrame.com\/catalogo\/wp-json\/wp\/v2\/media\/96427"}],"wp:attachment":[{"href":"https:\/\/letrame.com\/catalogo\/wp-json\/wp\/v2\/media?parent=96426"}],"wp:term":[{"taxonomy":"libro","embeddable":true,"href":"https:\/\/letrame.com\/catalogo\/wp-json\/wp\/v2\/libro?post=96426"},{"taxonomy":"product_brand","embeddable":true,"href":"https:\/\/letrame.com\/catalogo\/wp-json\/wp\/v2\/product_brand?post=96426"},{"taxonomy":"product_cat","embeddable":true,"href":"https:\/\/letrame.com\/catalogo\/wp-json\/wp\/v2\/product_cat?post=96426"},{"taxonomy":"product_tag","embeddable":true,"href":"https:\/\/letrame.com\/catalogo\/wp-json\/wp\/v2\/product_tag?post=96426"}],"curies":[{"name":"wp","href":"https:\/\/api.w.org\/{rel}","templated":true}]}}