{"id":96292,"date":"2024-04-29T10:24:16","date_gmt":"2024-04-29T08:24:16","guid":{"rendered":"https:\/\/letrame.com\/catalogo\/producto\/el-ciclo-de-andros\/"},"modified":"2024-04-29T10:24:32","modified_gmt":"2024-04-29T08:24:32","slug":"el-ciclo-de-andros","status":"publish","type":"product","link":"https:\/\/letrame.com\/catalogo\/producto\/el-ciclo-de-andros\/","title":{"rendered":"El ciclo de Andros"},"content":{"rendered":"<p><b>ISBN<\/b><span style=\"font-weight: 400;\">: <\/span>978-84-1386-208-8<\/p>\n<p><b>T\u00edtulo<\/b><span style=\"font-weight: 400;\">: <span data-sheets-value=\"{&quot;1&quot;:2,&quot;2&quot;:&quot;El ciclo de andros&quot;}\" data-sheets-userformat=\"{&quot;2&quot;:579,&quot;3&quot;:{&quot;1&quot;:0},&quot;4&quot;:{&quot;1&quot;:2,&quot;2&quot;:14281427},&quot;9&quot;:1,&quot;12&quot;:0}\">El ciclo de Andros<\/span><\/span><span style=\"font-weight: 400;\"><br \/>\n<\/span><b>Fecha<\/b><span style=\"font-weight: 400;\">: 2021<\/span><span style=\"font-weight: 400;\"><br \/>\n<\/span><b>P\u00e1ginas<\/b><span style=\"font-weight: 400;\">: 346<\/span><\/p>\n<p><b>SINOPSIS<\/b><\/p>\n<p>\u00bfQu\u00e9 ocurre con los hombres en el siglo XXI?, \u00bfPor qu\u00e9 se hace tan dif\u00edcil clarificar en qu\u00e9 consiste una masculinidad sana, que se muestre acorde a los cambios sociales que se han producido en el \u00faltimo siglo?, \u00bfPor qu\u00e9 el hombre se muestra temeroso o evitativo ante la paternidad o ante el compromiso?<\/p>\n<p>En\u00a0<em>El ciclo de Andros: masculinidad, paternidad y psicoterapia<\/em>, se analizan los conceptos de masculinidad y de paternidad, as\u00ed como su interconexi\u00f3n.\u00a0Ante la progresiva deconstrucci\u00f3n identitaria de lo masculino y la deserci\u00f3n de la paternidad en los varones, dos s\u00edntomas interrelacionados presentes en la cultura y sociedad contempor\u00e1nea, se propone la recuperaci\u00f3n de los mecanismos y elementos necesarios para una reactivaci\u00f3n y dignificaci\u00f3n de lo masculino, tanto en su faceta identitaria de g\u00e9nero como en aquellos aspectos que contribuyen a facilitar el ejercicio de la funci\u00f3n paterna.\u00a0Parte de estos mecanismos est\u00e1n ya presentes en los rituales de transici\u00f3n e iniciaci\u00f3n de diferentes culturas, as\u00ed como en las fuentes mitol\u00f3gicas, en las religiones y en la \u00e9pica literaria desde la antig\u00fcedad.<\/p>\n<p>Se establece, finalmente, una propuesta para trasladar este an\u00e1lisis a la intervenci\u00f3n psicoterap\u00e9utica en los diferentes formatos: individual, pareja y familia, redefiniendo la psicoterapia como un espacio ritual, de los pocos disponibles en la actualidad, donde facilitar los procesos de transici\u00f3n y desarrollo personal para la construcci\u00f3n en los hombres de una identidad de g\u00e9nero m\u00e1s adecuada y diferenciada.<\/p>\n<p>La segunda parte del libro, bajo el t\u00edtulo\u00a0<em>Psicoterapia de la edad madura<\/em>, propone un acercamiento a la psicoterapia de las personas adultas (mayores de 50 a\u00f1os), destacando aquellas caracter\u00edsticas m\u00e1s sobresalientes de este momento vital as\u00ed como las consideraciones imprescindibles para una intervenci\u00f3n psicoterap\u00e9utica eficaz en este rango etario\u00bb.<\/p>\n<p>&nbsp;<\/p>\n","protected":false},"excerpt":{"rendered":"<p><strong>ISBN: 978-84-1386-208-8<\/strong><\/p>\n<p>En\u00a0<em>El ciclo de Andros: masculinidad, paternidad y psicoterapia<\/em>, se analizan los conceptos de masculinidad y de paternidad, as\u00ed como su interconexi\u00f3n.\u00a0Ante la progresiva deconstrucci\u00f3n identitaria de lo masculino y la deserci\u00f3n de la paternidad en los varones, dos s\u00edntomas interrelacionados presentes en la cultura y sociedad contempor\u00e1nea, se propone la recuperaci\u00f3n de los mecanismos y elementos necesarios para una reactivaci\u00f3n y dignificaci\u00f3n de lo masculino, tanto en su faceta identitaria de g\u00e9nero como en aquellos aspectos que contribuyen a facilitar el ejercicio de la funci\u00f3n paterna.\u00a0Parte de estos mecanismos est\u00e1n ya presentes en los rituales de transici\u00f3n e iniciaci\u00f3n de diferentes culturas, as\u00ed como en las fuentes mitol\u00f3gicas, en las religiones y en la \u00e9pica literaria desde la antig\u00fcedad.<\/p>\n","protected":false},"featured_media":96293,"comment_status":"closed","ping_status":"open","template":"","meta":{"_acf_changed":false},"libro":[],"product_brand":[],"product_cat":[23,16],"product_tag":[],"class_list":{"0":"post-96292","1":"product","2":"type-product","3":"status-publish","4":"has-post-thumbnail","6":"product_cat-ensayos","7":"product_cat-novela","9":"first","10":"instock","11":"purchasable","12":"product-type-simple"},"acf":{"autor":[72855],"enlace_de_compra":"https:\/\/www.amazon.es\/ciclo-Andros-masculinidad-paternidad-psicoterapia\/dp\/8413862086\/ref=sr_1_1?__mk_es_ES=%C3%85M%C3%85%C5%BD%C3%95%C3%91&amp;crid=TMVX812RGAY&amp;dchild=1&amp;keywords=el+ciclo+de+andros&amp;qid=1613038052&amp;sprefix=el+ciclo+de+andr%2Caps%2C169&amp;sr=8-1"},"yoast_head":"<!-- This site is optimized with the Yoast SEO plugin v27.4 - https:\/\/yoast.com\/product\/yoast-seo-wordpress\/ -->\n<title>El ciclo de Andros - Catalogo | Letrame Grupo Editorial<\/title>\n<meta name=\"robots\" content=\"index, follow, max-snippet:-1, max-image-preview:large, max-video-preview:-1\" \/>\n<link rel=\"canonical\" href=\"https:\/\/letrame.com\/catalogo\/producto\/el-ciclo-de-andros\/\" \/>\n<meta property=\"og:locale\" content=\"es_ES\" \/>\n<meta property=\"og:type\" content=\"article\" \/>\n<meta property=\"og:title\" content=\"El ciclo de Andros - Catalogo | Letrame Grupo Editorial\" \/>\n<meta property=\"og:description\" content=\"ISBN: 978-84-1386-208-8 En\u00a0El ciclo de Andros: masculinidad, paternidad y psicoterapia, se analizan los conceptos de masculinidad y de paternidad, as\u00ed como su interconexi\u00f3n.\u00a0Ante la progresiva deconstrucci\u00f3n identitaria de lo masculino y la deserci\u00f3n de la paternidad en los varones, dos s\u00edntomas interrelacionados presentes en la cultura y sociedad contempor\u00e1nea, se propone la recuperaci\u00f3n de los mecanismos y elementos necesarios para una reactivaci\u00f3n y dignificaci\u00f3n de lo masculino, tanto en su faceta identitaria de g\u00e9nero como en aquellos aspectos que contribuyen a facilitar el ejercicio de la funci\u00f3n paterna.\u00a0Parte de estos mecanismos est\u00e1n ya presentes en los rituales de transici\u00f3n e iniciaci\u00f3n de diferentes culturas, as\u00ed como en las fuentes mitol\u00f3gicas, en las religiones y en la \u00e9pica literaria desde la antig\u00fcedad.\" \/>\n<meta property=\"og:url\" content=\"https:\/\/letrame.com\/catalogo\/producto\/el-ciclo-de-andros\/\" \/>\n<meta property=\"og:site_name\" content=\"Catalogo | Letrame Grupo Editorial\" \/>\n<meta property=\"article:modified_time\" content=\"2024-04-29T08:24:32+00:00\" \/>\n<meta property=\"og:image\" content=\"https:\/\/letrame.com\/catalogo\/wp-content\/uploads\/2024\/04\/El-ciclo-de-Andros.jpg\" \/>\n\t<meta property=\"og:image:width\" content=\"623\" \/>\n\t<meta property=\"og:image:height\" content=\"878\" \/>\n\t<meta property=\"og:image:type\" content=\"image\/jpeg\" \/>\n<meta name=\"twitter:card\" content=\"summary_large_image\" \/>\n<meta name=\"twitter:label1\" content=\"Tiempo de lectura\" \/>\n\t<meta name=\"twitter:data1\" content=\"2 minutos\" \/>\n<script type=\"application\/ld+json\" class=\"yoast-schema-graph\">{\"@context\":\"https:\\\/\\\/schema.org\",\"@graph\":[{\"@type\":\"WebPage\",\"@id\":\"https:\\\/\\\/letrame.com\\\/catalogo\\\/producto\\\/el-ciclo-de-andros\\\/\",\"url\":\"https:\\\/\\\/letrame.com\\\/catalogo\\\/producto\\\/el-ciclo-de-andros\\\/\",\"name\":\"El ciclo de Andros - Catalogo | Letrame Grupo Editorial\",\"isPartOf\":{\"@id\":\"https:\\\/\\\/letrame.com\\\/catalogo\\\/#website\"},\"primaryImageOfPage\":{\"@id\":\"https:\\\/\\\/letrame.com\\\/catalogo\\\/producto\\\/el-ciclo-de-andros\\\/#primaryimage\"},\"image\":{\"@id\":\"https:\\\/\\\/letrame.com\\\/catalogo\\\/producto\\\/el-ciclo-de-andros\\\/#primaryimage\"},\"thumbnailUrl\":\"https:\\\/\\\/letrame.com\\\/catalogo\\\/wp-content\\\/uploads\\\/2024\\\/04\\\/El-ciclo-de-Andros.jpg\",\"datePublished\":\"2024-04-29T08:24:16+00:00\",\"dateModified\":\"2024-04-29T08:24:32+00:00\",\"breadcrumb\":{\"@id\":\"https:\\\/\\\/letrame.com\\\/catalogo\\\/producto\\\/el-ciclo-de-andros\\\/#breadcrumb\"},\"inLanguage\":\"es\",\"potentialAction\":[{\"@type\":\"ReadAction\",\"target\":[\"https:\\\/\\\/letrame.com\\\/catalogo\\\/producto\\\/el-ciclo-de-andros\\\/\"]}]},{\"@type\":\"ImageObject\",\"inLanguage\":\"es\",\"@id\":\"https:\\\/\\\/letrame.com\\\/catalogo\\\/producto\\\/el-ciclo-de-andros\\\/#primaryimage\",\"url\":\"https:\\\/\\\/letrame.com\\\/catalogo\\\/wp-content\\\/uploads\\\/2024\\\/04\\\/El-ciclo-de-Andros.jpg\",\"contentUrl\":\"https:\\\/\\\/letrame.com\\\/catalogo\\\/wp-content\\\/uploads\\\/2024\\\/04\\\/El-ciclo-de-Andros.jpg\",\"width\":623,\"height\":878},{\"@type\":\"BreadcrumbList\",\"@id\":\"https:\\\/\\\/letrame.com\\\/catalogo\\\/producto\\\/el-ciclo-de-andros\\\/#breadcrumb\",\"itemListElement\":[{\"@type\":\"ListItem\",\"position\":1,\"name\":\"Portada\",\"item\":\"https:\\\/\\\/letrame.com\\\/catalogo\\\/\"},{\"@type\":\"ListItem\",\"position\":2,\"name\":\"Cat\u00e1logo\",\"item\":\"https:\\\/\\\/letrame.com\\\/catalogo\\\/\"},{\"@type\":\"ListItem\",\"position\":3,\"name\":\"El ciclo de Andros\"}]},{\"@type\":\"WebSite\",\"@id\":\"https:\\\/\\\/letrame.com\\\/catalogo\\\/#website\",\"url\":\"https:\\\/\\\/letrame.com\\\/catalogo\\\/\",\"name\":\"Catalogo | Letrame Grupo Editorial\",\"description\":\"\",\"publisher\":{\"@id\":\"https:\\\/\\\/letrame.com\\\/catalogo\\\/#organization\"},\"potentialAction\":[{\"@type\":\"SearchAction\",\"target\":{\"@type\":\"EntryPoint\",\"urlTemplate\":\"https:\\\/\\\/letrame.com\\\/catalogo\\\/?s={search_term_string}\"},\"query-input\":{\"@type\":\"PropertyValueSpecification\",\"valueRequired\":true,\"valueName\":\"search_term_string\"}}],\"inLanguage\":\"es\"},{\"@type\":\"Organization\",\"@id\":\"https:\\\/\\\/letrame.com\\\/catalogo\\\/#organization\",\"name\":\"Catalogo | Letrame Grupo Editorial\",\"url\":\"https:\\\/\\\/letrame.com\\\/catalogo\\\/\",\"logo\":{\"@type\":\"ImageObject\",\"inLanguage\":\"es\",\"@id\":\"https:\\\/\\\/letrame.com\\\/catalogo\\\/#\\\/schema\\\/logo\\\/image\\\/\",\"url\":\"https:\\\/\\\/letrame.com\\\/catalogo\\\/wp-content\\\/uploads\\\/2024\\\/03\\\/logo2.webp\",\"contentUrl\":\"https:\\\/\\\/letrame.com\\\/catalogo\\\/wp-content\\\/uploads\\\/2024\\\/03\\\/logo2.webp\",\"width\":394,\"height\":128,\"caption\":\"Catalogo | Letrame Grupo Editorial\"},\"image\":{\"@id\":\"https:\\\/\\\/letrame.com\\\/catalogo\\\/#\\\/schema\\\/logo\\\/image\\\/\"}}]}<\/script>\n<!-- \/ Yoast SEO plugin. -->","yoast_head_json":{"title":"El ciclo de Andros - Catalogo | Letrame Grupo Editorial","robots":{"index":"index","follow":"follow","max-snippet":"max-snippet:-1","max-image-preview":"max-image-preview:large","max-video-preview":"max-video-preview:-1"},"canonical":"https:\/\/letrame.com\/catalogo\/producto\/el-ciclo-de-andros\/","og_locale":"es_ES","og_type":"article","og_title":"El ciclo de Andros - Catalogo | Letrame Grupo Editorial","og_description":"ISBN: 978-84-1386-208-8 En\u00a0El ciclo de Andros: masculinidad, paternidad y psicoterapia, se analizan los conceptos de masculinidad y de paternidad, as\u00ed como su interconexi\u00f3n.\u00a0Ante la progresiva deconstrucci\u00f3n identitaria de lo masculino y la deserci\u00f3n de la paternidad en los varones, dos s\u00edntomas interrelacionados presentes en la cultura y sociedad contempor\u00e1nea, se propone la recuperaci\u00f3n de los mecanismos y elementos necesarios para una reactivaci\u00f3n y dignificaci\u00f3n de lo masculino, tanto en su faceta identitaria de g\u00e9nero como en aquellos aspectos que contribuyen a facilitar el ejercicio de la funci\u00f3n paterna.\u00a0Parte de estos mecanismos est\u00e1n ya presentes en los rituales de transici\u00f3n e iniciaci\u00f3n de diferentes culturas, as\u00ed como en las fuentes mitol\u00f3gicas, en las religiones y en la \u00e9pica literaria desde la antig\u00fcedad.","og_url":"https:\/\/letrame.com\/catalogo\/producto\/el-ciclo-de-andros\/","og_site_name":"Catalogo | Letrame Grupo Editorial","article_modified_time":"2024-04-29T08:24:32+00:00","og_image":[{"width":623,"height":878,"url":"https:\/\/letrame.com\/catalogo\/wp-content\/uploads\/2024\/04\/El-ciclo-de-Andros.jpg","type":"image\/jpeg"}],"twitter_card":"summary_large_image","twitter_misc":{"Tiempo de lectura":"2 minutos"},"schema":{"@context":"https:\/\/schema.org","@graph":[{"@type":"WebPage","@id":"https:\/\/letrame.com\/catalogo\/producto\/el-ciclo-de-andros\/","url":"https:\/\/letrame.com\/catalogo\/producto\/el-ciclo-de-andros\/","name":"El ciclo de Andros - Catalogo | Letrame Grupo Editorial","isPartOf":{"@id":"https:\/\/letrame.com\/catalogo\/#website"},"primaryImageOfPage":{"@id":"https:\/\/letrame.com\/catalogo\/producto\/el-ciclo-de-andros\/#primaryimage"},"image":{"@id":"https:\/\/letrame.com\/catalogo\/producto\/el-ciclo-de-andros\/#primaryimage"},"thumbnailUrl":"https:\/\/letrame.com\/catalogo\/wp-content\/uploads\/2024\/04\/El-ciclo-de-Andros.jpg","datePublished":"2024-04-29T08:24:16+00:00","dateModified":"2024-04-29T08:24:32+00:00","breadcrumb":{"@id":"https:\/\/letrame.com\/catalogo\/producto\/el-ciclo-de-andros\/#breadcrumb"},"inLanguage":"es","potentialAction":[{"@type":"ReadAction","target":["https:\/\/letrame.com\/catalogo\/producto\/el-ciclo-de-andros\/"]}]},{"@type":"ImageObject","inLanguage":"es","@id":"https:\/\/letrame.com\/catalogo\/producto\/el-ciclo-de-andros\/#primaryimage","url":"https:\/\/letrame.com\/catalogo\/wp-content\/uploads\/2024\/04\/El-ciclo-de-Andros.jpg","contentUrl":"https:\/\/letrame.com\/catalogo\/wp-content\/uploads\/2024\/04\/El-ciclo-de-Andros.jpg","width":623,"height":878},{"@type":"BreadcrumbList","@id":"https:\/\/letrame.com\/catalogo\/producto\/el-ciclo-de-andros\/#breadcrumb","itemListElement":[{"@type":"ListItem","position":1,"name":"Portada","item":"https:\/\/letrame.com\/catalogo\/"},{"@type":"ListItem","position":2,"name":"Cat\u00e1logo","item":"https:\/\/letrame.com\/catalogo\/"},{"@type":"ListItem","position":3,"name":"El ciclo de Andros"}]},{"@type":"WebSite","@id":"https:\/\/letrame.com\/catalogo\/#website","url":"https:\/\/letrame.com\/catalogo\/","name":"Catalogo | Letrame Grupo Editorial","description":"","publisher":{"@id":"https:\/\/letrame.com\/catalogo\/#organization"},"potentialAction":[{"@type":"SearchAction","target":{"@type":"EntryPoint","urlTemplate":"https:\/\/letrame.com\/catalogo\/?s={search_term_string}"},"query-input":{"@type":"PropertyValueSpecification","valueRequired":true,"valueName":"search_term_string"}}],"inLanguage":"es"},{"@type":"Organization","@id":"https:\/\/letrame.com\/catalogo\/#organization","name":"Catalogo | Letrame Grupo Editorial","url":"https:\/\/letrame.com\/catalogo\/","logo":{"@type":"ImageObject","inLanguage":"es","@id":"https:\/\/letrame.com\/catalogo\/#\/schema\/logo\/image\/","url":"https:\/\/letrame.com\/catalogo\/wp-content\/uploads\/2024\/03\/logo2.webp","contentUrl":"https:\/\/letrame.com\/catalogo\/wp-content\/uploads\/2024\/03\/logo2.webp","width":394,"height":128,"caption":"Catalogo | Letrame Grupo Editorial"},"image":{"@id":"https:\/\/letrame.com\/catalogo\/#\/schema\/logo\/image\/"}}]}},"_links":{"self":[{"href":"https:\/\/letrame.com\/catalogo\/wp-json\/wp\/v2\/product\/96292","targetHints":{"allow":["GET"]}}],"collection":[{"href":"https:\/\/letrame.com\/catalogo\/wp-json\/wp\/v2\/product"}],"about":[{"href":"https:\/\/letrame.com\/catalogo\/wp-json\/wp\/v2\/types\/product"}],"replies":[{"embeddable":true,"href":"https:\/\/letrame.com\/catalogo\/wp-json\/wp\/v2\/comments?post=96292"}],"acf:post":[{"embeddable":true,"href":"https:\/\/letrame.com\/catalogo\/wp-json\/wp\/v2\/author_book\/72855"}],"wp:featuredmedia":[{"embeddable":true,"href":"https:\/\/letrame.com\/catalogo\/wp-json\/wp\/v2\/media\/96293"}],"wp:attachment":[{"href":"https:\/\/letrame.com\/catalogo\/wp-json\/wp\/v2\/media?parent=96292"}],"wp:term":[{"taxonomy":"libro","embeddable":true,"href":"https:\/\/letrame.com\/catalogo\/wp-json\/wp\/v2\/libro?post=96292"},{"taxonomy":"product_brand","embeddable":true,"href":"https:\/\/letrame.com\/catalogo\/wp-json\/wp\/v2\/product_brand?post=96292"},{"taxonomy":"product_cat","embeddable":true,"href":"https:\/\/letrame.com\/catalogo\/wp-json\/wp\/v2\/product_cat?post=96292"},{"taxonomy":"product_tag","embeddable":true,"href":"https:\/\/letrame.com\/catalogo\/wp-json\/wp\/v2\/product_tag?post=96292"}],"curies":[{"name":"wp","href":"https:\/\/api.w.org\/{rel}","templated":true}]}}