{"id":96144,"date":"2024-04-29T10:05:17","date_gmt":"2024-04-29T08:05:17","guid":{"rendered":"https:\/\/letrame.com\/catalogo\/producto\/la-calma-despues-de-mi-tormenta\/"},"modified":"2024-04-29T10:05:45","modified_gmt":"2024-04-29T08:05:45","slug":"la-calma-despues-de-mi-tormenta","status":"publish","type":"product","link":"https:\/\/letrame.com\/catalogo\/producto\/la-calma-despues-de-mi-tormenta\/","title":{"rendered":"La calma despu\u00e9s de mi tormenta"},"content":{"rendered":"\n<p><strong>ISBN<\/strong>:\u00a0978-8418585517<\/p>\n\n\n\n<p><strong>T\u00edtulo<\/strong>: La calma despu\u00e9s de mi tormenta<br \/><strong>Fecha<\/strong>: 2020<br \/><strong>P\u00e1ginas<\/strong>:\u00a0152<\/p>\n\n\n\n<p><strong>SINOPSIS<\/strong><\/p>\n\n\n\n<p>Las primeras letras de este libro tienen algo m\u00e1s de diez a\u00f1os.<\/p>\n\n\n\n<p>Me encontraba inmerso en un cuadro de ansiedad generalizada y escribir lo que sent\u00eda era la \u00fanica manera de sentirme libre. Por desgracia, ese amago de libertad duraba lo que el l\u00e1piz entre mis dedos. Con el paso del tiempo, contrario a lo que yo esperaba, nada mejor\u00f3. Las crisis de ansiedad no remit\u00edan, y lo que es peor, comenc\u00e9 a experimentar ataques de p\u00e1nico. Por suerte, de cuando en cuando, escrib\u00eda.<\/p>\n\n\n\n<p>La mayor parte de este poemario se escribi\u00f3 durante el verano de 2019, despu\u00e9s de una larga depresi\u00f3n que supuso un encierro de seis meses. Afortunadamente, fueron varios los profesionales que me ayudaron a que muy poco a poco pudiera remontar el vuelo. Con ello, un aluvi\u00f3n de sentimientos me atropellaron y comenc\u00e9 a contar mi historia. La historia de c\u00f3mo el amor por la vida, por los dem\u00e1s y la necesidad de ayudar a todo aquel que haya pasado, o est\u00e9 pasando, por un momento similar no cometa los errores que hicieron que yo hipotecara mi juventud.<\/p>\n\n\n\n<p>Todo ello se convirti\u00f3 en lo que ahora llamo La calma despu\u00e9s de mi tormenta.<\/p>\n\n\n\n<p>Desde entonces todo fueron buenas noticias. \u00abNo hay mal que por bien no venga\u00bb, dicen. Comenc\u00e9 a disfrutar de todo aquello que antes me parec\u00eda mundano e insustancial, \u00ablos peque\u00f1os detalles\u00bb que les llaman.<\/p>\n\n\n\n<p>Me encontr\u00e9 con personas maravillosas que ahora son mi familia, pero, sobre todo, comenc\u00e9 a conocerme y a quererme tal y como soy, tal cual, de la A a la Z. @javi.guillamon Javi Guillam\u00f3n.<\/p>\n","protected":false},"excerpt":{"rendered":"<p><strong>ISBN:\u00a0978-8418585517<\/strong><\/p>\n<p><!-- wp:paragraph --><\/p>\n<p>Las primeras letras de este libro tienen algo m\u00e1s de diez a\u00f1os.<\/p>\n<p><!-- \/wp:paragraph --><\/p>\n<p><!-- wp:paragraph --><\/p>\n<p>Me encontraba inmerso en un cuadro de ansiedad generalizada y escribir lo que sent\u00eda era la \u00fanica manera de sentirme libre. Por desgracia, ese amago de libertad duraba lo que el l\u00e1piz entre mis dedos. Con el paso del tiempo, contrario a lo que yo esperaba, nada mejor\u00f3. Las crisis de ansiedad no remit\u00edan, y lo que es peor, comenc\u00e9 a experimentar ataques de p\u00e1nico. Por suerte, de cuando en cuando, escrib\u00eda.<\/p>\n<p><!-- \/wp:paragraph --><\/p>\n","protected":false},"featured_media":96145,"comment_status":"closed","ping_status":"open","template":"","meta":{"_acf_changed":false},"libro":[],"product_brand":[],"product_cat":[20],"product_tag":[],"class_list":{"0":"post-96144","1":"product","2":"type-product","3":"status-publish","4":"has-post-thumbnail","6":"product_cat-poesia","8":"first","9":"instock","10":"purchasable","11":"product-type-simple"},"acf":{"autor":[74841],"enlace_de_compra":"https:\/\/www.amazon.es\/calma-despu%C3%A9s-mi-tormenta\/dp\/841858551X\/ref=sr_1_1?__mk_es_ES=%C3%85M%C3%85%C5%BD%C3%95%C3%91&amp;dchild=1&amp;keywords=La+calma+despu%C3%A9s+de+mi+tormenta&amp;qid=1609847475&amp;sr=8-1"},"yoast_head":"<!-- This site is optimized with the Yoast SEO plugin v27.4 - https:\/\/yoast.com\/product\/yoast-seo-wordpress\/ -->\n<title>La calma despu\u00e9s de mi tormenta - Catalogo | Letrame Grupo Editorial<\/title>\n<meta name=\"robots\" content=\"index, follow, max-snippet:-1, max-image-preview:large, max-video-preview:-1\" \/>\n<link rel=\"canonical\" href=\"https:\/\/letrame.com\/catalogo\/producto\/la-calma-despues-de-mi-tormenta\/\" \/>\n<meta property=\"og:locale\" content=\"es_ES\" \/>\n<meta property=\"og:type\" content=\"article\" \/>\n<meta property=\"og:title\" content=\"La calma despu\u00e9s de mi tormenta - Catalogo | Letrame Grupo Editorial\" \/>\n<meta property=\"og:description\" content=\"ISBN:\u00a0978-8418585517 Las primeras letras de este libro tienen algo m\u00e1s de diez a\u00f1os.  Me encontraba inmerso en un cuadro de ansiedad generalizada y escribir lo que sent\u00eda era la \u00fanica manera de sentirme libre. Por desgracia, ese amago de libertad duraba lo que el l\u00e1piz entre mis dedos. Con el paso del tiempo, contrario a lo que yo esperaba, nada mejor\u00f3. Las crisis de ansiedad no remit\u00edan, y lo que es peor, comenc\u00e9 a experimentar ataques de p\u00e1nico. Por suerte, de cuando en cuando, escrib\u00eda.\" \/>\n<meta property=\"og:url\" content=\"https:\/\/letrame.com\/catalogo\/producto\/la-calma-despues-de-mi-tormenta\/\" \/>\n<meta property=\"og:site_name\" content=\"Catalogo | Letrame Grupo Editorial\" \/>\n<meta property=\"article:modified_time\" content=\"2024-04-29T08:05:45+00:00\" \/>\n<meta property=\"og:image\" content=\"https:\/\/letrame.com\/catalogo\/wp-content\/uploads\/2024\/04\/La-calma-despues-de-mi-tormenta.jpg\" \/>\n\t<meta property=\"og:image:width\" content=\"1535\" \/>\n\t<meta property=\"og:image:height\" content=\"2126\" \/>\n\t<meta property=\"og:image:type\" content=\"image\/jpeg\" \/>\n<meta name=\"twitter:card\" content=\"summary_large_image\" \/>\n<meta name=\"twitter:label1\" content=\"Tiempo de lectura\" \/>\n\t<meta name=\"twitter:data1\" content=\"1 minuto\" \/>\n<script type=\"application\/ld+json\" class=\"yoast-schema-graph\">{\"@context\":\"https:\\\/\\\/schema.org\",\"@graph\":[{\"@type\":\"WebPage\",\"@id\":\"https:\\\/\\\/letrame.com\\\/catalogo\\\/producto\\\/la-calma-despues-de-mi-tormenta\\\/\",\"url\":\"https:\\\/\\\/letrame.com\\\/catalogo\\\/producto\\\/la-calma-despues-de-mi-tormenta\\\/\",\"name\":\"La calma despu\u00e9s de mi tormenta - Catalogo | Letrame Grupo Editorial\",\"isPartOf\":{\"@id\":\"https:\\\/\\\/letrame.com\\\/catalogo\\\/#website\"},\"primaryImageOfPage\":{\"@id\":\"https:\\\/\\\/letrame.com\\\/catalogo\\\/producto\\\/la-calma-despues-de-mi-tormenta\\\/#primaryimage\"},\"image\":{\"@id\":\"https:\\\/\\\/letrame.com\\\/catalogo\\\/producto\\\/la-calma-despues-de-mi-tormenta\\\/#primaryimage\"},\"thumbnailUrl\":\"https:\\\/\\\/letrame.com\\\/catalogo\\\/wp-content\\\/uploads\\\/2024\\\/04\\\/La-calma-despues-de-mi-tormenta.jpg\",\"datePublished\":\"2024-04-29T08:05:17+00:00\",\"dateModified\":\"2024-04-29T08:05:45+00:00\",\"breadcrumb\":{\"@id\":\"https:\\\/\\\/letrame.com\\\/catalogo\\\/producto\\\/la-calma-despues-de-mi-tormenta\\\/#breadcrumb\"},\"inLanguage\":\"es\",\"potentialAction\":[{\"@type\":\"ReadAction\",\"target\":[\"https:\\\/\\\/letrame.com\\\/catalogo\\\/producto\\\/la-calma-despues-de-mi-tormenta\\\/\"]}]},{\"@type\":\"ImageObject\",\"inLanguage\":\"es\",\"@id\":\"https:\\\/\\\/letrame.com\\\/catalogo\\\/producto\\\/la-calma-despues-de-mi-tormenta\\\/#primaryimage\",\"url\":\"https:\\\/\\\/letrame.com\\\/catalogo\\\/wp-content\\\/uploads\\\/2024\\\/04\\\/La-calma-despues-de-mi-tormenta.jpg\",\"contentUrl\":\"https:\\\/\\\/letrame.com\\\/catalogo\\\/wp-content\\\/uploads\\\/2024\\\/04\\\/La-calma-despues-de-mi-tormenta.jpg\",\"width\":1535,\"height\":2126},{\"@type\":\"BreadcrumbList\",\"@id\":\"https:\\\/\\\/letrame.com\\\/catalogo\\\/producto\\\/la-calma-despues-de-mi-tormenta\\\/#breadcrumb\",\"itemListElement\":[{\"@type\":\"ListItem\",\"position\":1,\"name\":\"Portada\",\"item\":\"https:\\\/\\\/letrame.com\\\/catalogo\\\/\"},{\"@type\":\"ListItem\",\"position\":2,\"name\":\"Cat\u00e1logo\",\"item\":\"https:\\\/\\\/letrame.com\\\/catalogo\\\/\"},{\"@type\":\"ListItem\",\"position\":3,\"name\":\"La calma despu\u00e9s de mi tormenta\"}]},{\"@type\":\"WebSite\",\"@id\":\"https:\\\/\\\/letrame.com\\\/catalogo\\\/#website\",\"url\":\"https:\\\/\\\/letrame.com\\\/catalogo\\\/\",\"name\":\"Catalogo | Letrame Grupo Editorial\",\"description\":\"\",\"publisher\":{\"@id\":\"https:\\\/\\\/letrame.com\\\/catalogo\\\/#organization\"},\"potentialAction\":[{\"@type\":\"SearchAction\",\"target\":{\"@type\":\"EntryPoint\",\"urlTemplate\":\"https:\\\/\\\/letrame.com\\\/catalogo\\\/?s={search_term_string}\"},\"query-input\":{\"@type\":\"PropertyValueSpecification\",\"valueRequired\":true,\"valueName\":\"search_term_string\"}}],\"inLanguage\":\"es\"},{\"@type\":\"Organization\",\"@id\":\"https:\\\/\\\/letrame.com\\\/catalogo\\\/#organization\",\"name\":\"Catalogo | Letrame Grupo Editorial\",\"url\":\"https:\\\/\\\/letrame.com\\\/catalogo\\\/\",\"logo\":{\"@type\":\"ImageObject\",\"inLanguage\":\"es\",\"@id\":\"https:\\\/\\\/letrame.com\\\/catalogo\\\/#\\\/schema\\\/logo\\\/image\\\/\",\"url\":\"https:\\\/\\\/letrame.com\\\/catalogo\\\/wp-content\\\/uploads\\\/2024\\\/03\\\/logo2.webp\",\"contentUrl\":\"https:\\\/\\\/letrame.com\\\/catalogo\\\/wp-content\\\/uploads\\\/2024\\\/03\\\/logo2.webp\",\"width\":394,\"height\":128,\"caption\":\"Catalogo | Letrame Grupo Editorial\"},\"image\":{\"@id\":\"https:\\\/\\\/letrame.com\\\/catalogo\\\/#\\\/schema\\\/logo\\\/image\\\/\"}}]}<\/script>\n<!-- \/ Yoast SEO plugin. -->","yoast_head_json":{"title":"La calma despu\u00e9s de mi tormenta - Catalogo | Letrame Grupo Editorial","robots":{"index":"index","follow":"follow","max-snippet":"max-snippet:-1","max-image-preview":"max-image-preview:large","max-video-preview":"max-video-preview:-1"},"canonical":"https:\/\/letrame.com\/catalogo\/producto\/la-calma-despues-de-mi-tormenta\/","og_locale":"es_ES","og_type":"article","og_title":"La calma despu\u00e9s de mi tormenta - Catalogo | Letrame Grupo Editorial","og_description":"ISBN:\u00a0978-8418585517 Las primeras letras de este libro tienen algo m\u00e1s de diez a\u00f1os.  Me encontraba inmerso en un cuadro de ansiedad generalizada y escribir lo que sent\u00eda era la \u00fanica manera de sentirme libre. Por desgracia, ese amago de libertad duraba lo que el l\u00e1piz entre mis dedos. Con el paso del tiempo, contrario a lo que yo esperaba, nada mejor\u00f3. Las crisis de ansiedad no remit\u00edan, y lo que es peor, comenc\u00e9 a experimentar ataques de p\u00e1nico. Por suerte, de cuando en cuando, escrib\u00eda.","og_url":"https:\/\/letrame.com\/catalogo\/producto\/la-calma-despues-de-mi-tormenta\/","og_site_name":"Catalogo | Letrame Grupo Editorial","article_modified_time":"2024-04-29T08:05:45+00:00","og_image":[{"width":1535,"height":2126,"url":"https:\/\/letrame.com\/catalogo\/wp-content\/uploads\/2024\/04\/La-calma-despues-de-mi-tormenta.jpg","type":"image\/jpeg"}],"twitter_card":"summary_large_image","twitter_misc":{"Tiempo de lectura":"1 minuto"},"schema":{"@context":"https:\/\/schema.org","@graph":[{"@type":"WebPage","@id":"https:\/\/letrame.com\/catalogo\/producto\/la-calma-despues-de-mi-tormenta\/","url":"https:\/\/letrame.com\/catalogo\/producto\/la-calma-despues-de-mi-tormenta\/","name":"La calma despu\u00e9s de mi tormenta - Catalogo | Letrame Grupo Editorial","isPartOf":{"@id":"https:\/\/letrame.com\/catalogo\/#website"},"primaryImageOfPage":{"@id":"https:\/\/letrame.com\/catalogo\/producto\/la-calma-despues-de-mi-tormenta\/#primaryimage"},"image":{"@id":"https:\/\/letrame.com\/catalogo\/producto\/la-calma-despues-de-mi-tormenta\/#primaryimage"},"thumbnailUrl":"https:\/\/letrame.com\/catalogo\/wp-content\/uploads\/2024\/04\/La-calma-despues-de-mi-tormenta.jpg","datePublished":"2024-04-29T08:05:17+00:00","dateModified":"2024-04-29T08:05:45+00:00","breadcrumb":{"@id":"https:\/\/letrame.com\/catalogo\/producto\/la-calma-despues-de-mi-tormenta\/#breadcrumb"},"inLanguage":"es","potentialAction":[{"@type":"ReadAction","target":["https:\/\/letrame.com\/catalogo\/producto\/la-calma-despues-de-mi-tormenta\/"]}]},{"@type":"ImageObject","inLanguage":"es","@id":"https:\/\/letrame.com\/catalogo\/producto\/la-calma-despues-de-mi-tormenta\/#primaryimage","url":"https:\/\/letrame.com\/catalogo\/wp-content\/uploads\/2024\/04\/La-calma-despues-de-mi-tormenta.jpg","contentUrl":"https:\/\/letrame.com\/catalogo\/wp-content\/uploads\/2024\/04\/La-calma-despues-de-mi-tormenta.jpg","width":1535,"height":2126},{"@type":"BreadcrumbList","@id":"https:\/\/letrame.com\/catalogo\/producto\/la-calma-despues-de-mi-tormenta\/#breadcrumb","itemListElement":[{"@type":"ListItem","position":1,"name":"Portada","item":"https:\/\/letrame.com\/catalogo\/"},{"@type":"ListItem","position":2,"name":"Cat\u00e1logo","item":"https:\/\/letrame.com\/catalogo\/"},{"@type":"ListItem","position":3,"name":"La calma despu\u00e9s de mi tormenta"}]},{"@type":"WebSite","@id":"https:\/\/letrame.com\/catalogo\/#website","url":"https:\/\/letrame.com\/catalogo\/","name":"Catalogo | Letrame Grupo Editorial","description":"","publisher":{"@id":"https:\/\/letrame.com\/catalogo\/#organization"},"potentialAction":[{"@type":"SearchAction","target":{"@type":"EntryPoint","urlTemplate":"https:\/\/letrame.com\/catalogo\/?s={search_term_string}"},"query-input":{"@type":"PropertyValueSpecification","valueRequired":true,"valueName":"search_term_string"}}],"inLanguage":"es"},{"@type":"Organization","@id":"https:\/\/letrame.com\/catalogo\/#organization","name":"Catalogo | Letrame Grupo Editorial","url":"https:\/\/letrame.com\/catalogo\/","logo":{"@type":"ImageObject","inLanguage":"es","@id":"https:\/\/letrame.com\/catalogo\/#\/schema\/logo\/image\/","url":"https:\/\/letrame.com\/catalogo\/wp-content\/uploads\/2024\/03\/logo2.webp","contentUrl":"https:\/\/letrame.com\/catalogo\/wp-content\/uploads\/2024\/03\/logo2.webp","width":394,"height":128,"caption":"Catalogo | Letrame Grupo Editorial"},"image":{"@id":"https:\/\/letrame.com\/catalogo\/#\/schema\/logo\/image\/"}}]}},"_links":{"self":[{"href":"https:\/\/letrame.com\/catalogo\/wp-json\/wp\/v2\/product\/96144","targetHints":{"allow":["GET"]}}],"collection":[{"href":"https:\/\/letrame.com\/catalogo\/wp-json\/wp\/v2\/product"}],"about":[{"href":"https:\/\/letrame.com\/catalogo\/wp-json\/wp\/v2\/types\/product"}],"replies":[{"embeddable":true,"href":"https:\/\/letrame.com\/catalogo\/wp-json\/wp\/v2\/comments?post=96144"}],"acf:post":[{"embeddable":true,"href":"https:\/\/letrame.com\/catalogo\/wp-json\/wp\/v2\/author_book\/74841"}],"wp:featuredmedia":[{"embeddable":true,"href":"https:\/\/letrame.com\/catalogo\/wp-json\/wp\/v2\/media\/96145"}],"wp:attachment":[{"href":"https:\/\/letrame.com\/catalogo\/wp-json\/wp\/v2\/media?parent=96144"}],"wp:term":[{"taxonomy":"libro","embeddable":true,"href":"https:\/\/letrame.com\/catalogo\/wp-json\/wp\/v2\/libro?post=96144"},{"taxonomy":"product_brand","embeddable":true,"href":"https:\/\/letrame.com\/catalogo\/wp-json\/wp\/v2\/product_brand?post=96144"},{"taxonomy":"product_cat","embeddable":true,"href":"https:\/\/letrame.com\/catalogo\/wp-json\/wp\/v2\/product_cat?post=96144"},{"taxonomy":"product_tag","embeddable":true,"href":"https:\/\/letrame.com\/catalogo\/wp-json\/wp\/v2\/product_tag?post=96144"}],"curies":[{"name":"wp","href":"https:\/\/api.w.org\/{rel}","templated":true}]}}